{"id":2534,"date":"2023-07-18T09:22:21","date_gmt":"2023-07-18T12:22:21","guid":{"rendered":"https:\/\/www3.unicentro.br\/vestibular\/?page_id=2534"},"modified":"2023-07-18T09:41:07","modified_gmt":"2023-07-18T12:41:07","slug":"cotas-raciais","status":"publish","type":"page","link":"https:\/\/www3.unicentro.br\/vestibular\/unicentro\/cotas-raciais\/","title":{"rendered":"Cotas Raciais"},"content":{"rendered":"<div class=\"wpb-content-wrapper\"><p>[vc_row][vc_column][vc_column_text]Os candidatos interessados \u00e0s vagas do Sistema de Cotas Raciais devem atender aos seguintes requisitos:<\/p>\n<ol style=\"list-style-type: upper-roman\">\n<li>preencher a informa\u00e7\u00e3o de que pertence ao grupo racial negro;<\/li>\n<li>ter cursado integralmente o ensino m\u00e9dio em institui\u00e7\u00f5es p\u00fablicas de ensino ou tenham obtido certificado de conclus\u00e3o com base no resultado do Exame Nacional do Ensino M\u00e9dio, Enem, ou do Exame Nacional de Certifica\u00e7\u00e3o de Compet\u00eancias de Jovens e Adultos, Encceja, ou de exames de certifica\u00e7\u00e3o de compet\u00eancia ou de avalia\u00e7\u00e3o de jovens e adultos realizados pelos sistemas p\u00fablicos de ensino;<\/li>\n<li>n\u00e3o possuir curso superior;<\/li>\n<li>n\u00e3o estar cursando curso superior;<\/li>\n<li>n\u00e3o estar com matr\u00edcula trancada em curso superior.<\/li>\n<\/ol>\n<p>Considera-se negro o candidato que assim se declare e que possua cor de pele preta ou parda e outros tra\u00e7os fenot\u00edpicos que o identifiquem como pertencente ao grupo racial negro.<\/p>\n<p>A ascend\u00eancia negra n\u00e3o ser\u00e1 fator a ser considerado na condi\u00e7\u00e3o de ser negro.<\/p>\n<p>Os candidatos interessados na reserva de vagas a negros oriundos de escola p\u00fablica devem fazer a sua op\u00e7\u00e3o e declarar que possuem pele de cor preta ou parda, no ato de inscri\u00e7\u00e3o dos processos seletivos.<\/p>\n<p>Os inscritos no Vestibular, que optarem pela reserva de vagas a negros oriundos de escola p\u00fablica, concorrem \u00e0s vagas reservadas para esse sistema, \u00e0s vagas reservadas para o Sistema de Cotas Sociais e \u00e0s vagas de disputa universal, sendo a convoca\u00e7\u00e3o feita na seguinte ordem:<\/p>\n<ol style=\"list-style-type: upper-roman\">\n<li>candidatos que obtiverem o melhor desempenho na lista geral do processo seletivo, at\u00e9 o limite de vagas previstas para a concorr\u00eancia geral;<\/li>\n<li>candidatos que obtiverem o melhor desempenho dentre os que optaram pelo Sistema de Cotas Sociais, at\u00e9 o limite 20%, exceto os convocados no inciso I;<\/li>\n<li>candidatos que obtiverem o melhor desempenho dentre os que optaram pela reserva de vagas a negros oriundos de escola p\u00fablica, at\u00e9 o limite de vagas estabelecidas em edital espec\u00edfico, exceto os convocados nos incisos I e II.<\/li>\n<\/ol>\n<p>Os classificados para as vagas reservadas a candidatos autodeclarados negros, oriundos de escola p\u00fablica, ofertadas no Vestibular, ter\u00e3o a condi\u00e7\u00e3o racial de pessoa negra confirmada, ou n\u00e3o, por meio de assinatura de autodeclara\u00e7\u00e3o e procedimento de heteroidentifica\u00e7\u00e3o, realizado pela Comiss\u00e3o designada para esse fim, na etapa que antecede o processo de matr\u00edculas.<\/p>\n<p>A confirma\u00e7\u00e3o da autodeclara\u00e7\u00e3o pela comiss\u00e3o de heteroidentifica\u00e7\u00e3o \u00e9 condi\u00e7\u00e3o obrigat\u00f3ria para ocupa\u00e7\u00e3o de vaga reservada a candidatos negros oriundos de institui\u00e7\u00f5es p\u00fablicas de ensino.<\/p>\n<p>Em caso de n\u00e3o confirma\u00e7\u00e3o da autodeclara\u00e7\u00e3o pela banca de heteroidentifica\u00e7\u00e3o, o candidato \u00e9 impedido de realizar matr\u00edcula se convocado para ocupar vaga reservada a autodeclarados negros oriundos de escola p\u00fablica, sendo desclassificado do processo seletivo.<\/p>\n<p>O candidato classificado para vaga reservada a negros oriundos de escola p\u00fablica, em caso de convoca\u00e7\u00e3o para preencher vaga da concorr\u00eancia geral ou do Sistema de Cotas Sociais, deve atender aos crit\u00e9rios estabelecidos para a respectiva categoria, independente do resultado da banca de heteroidentifica\u00e7\u00e3o.<\/p>\n<p>Os candidatos que tiverem a condi\u00e7\u00e3o racial de pessoa negra confirmada pela banca de heteroidentifica\u00e7\u00e3o, quando convocados para ocupar vaga reservada a negros oriundos de escola p\u00fablica, devem comprovar a conclus\u00e3o do ensino m\u00e9dio em institui\u00e7\u00f5es ou sistemas p\u00fablicos de ensino.[\/vc_column_text][vc_btn title=&#8221;MODELO DE AUTODECLARA\u00c7\u00c3O<br \/>\nNEGROS (PRETOS E PARDOS)ORIUNDOS DE ESCOLA P\u00daBLICA&#8221; style=&#8221;flat&#8221; shape=&#8221;square&#8221; align=&#8221;center&#8221; link=&#8221;url:https%3A%2F%2Fwww3.unicentro.br%2Fvestibular%2Fwp-content%2Fuploads%2Fsites%2F30%2F2023%2F07%2FMODELO_DE_AUTODECLARA_O_NEGROS_ORIUNDOS_DE_ESCOLA_P_BLICA_64b53b9f53617.pdf&#8221; el_class=&#8221;botao-padrao&#8221;][\/vc_column][\/vc_row]<\/p>\n<\/div>","protected":false},"excerpt":{"rendered":"<p>[vc_row][vc_column][vc_column_text]Os candidatos interessados \u00e0s vagas do Sistema de Cotas Raciais devem atender aos seguintes requisitos: preencher a informa\u00e7\u00e3o de que pertence ao grupo racial negro; ter cursado integralmente o ensino m\u00e9dio em institui\u00e7\u00f5es p\u00fablicas de ensino ou tenham obtido certificado de conclus\u00e3o com base no resultado do Exame Nacional do Ensino M\u00e9dio, Enem, ou do [&hellip;]<\/p>\n","protected":false},"author":3,"featured_media":0,"parent":27,"menu_order":0,"comment_status":"closed","ping_status":"closed","template":"","meta":{"_exactmetrics_skip_tracking":false,"_exactmetrics_sitenote_active":false,"_exactmetrics_sitenote_note":"","_exactmetrics_sitenote_category":0,"footnotes":"","_links_to":"","_links_to_target":""},"class_list":["post-2534","page","type-page","status-publish","hentry"],"publishpress_future_action":{"enabled":false,"date":"2026-05-07 08:54:39","action":"change-status","newStatus":"draft","terms":[],"taxonomy":"","extraData":[]},"publishpress_future_workflow_manual_trigger":{"enabledWorkflows":[]},"_links":{"self":[{"href":"https:\/\/www3.unicentro.br\/vestibular\/wp-json\/wp\/v2\/pages\/2534","targetHints":{"allow":["GET"]}}],"collection":[{"href":"https:\/\/www3.unicentro.br\/vestibular\/wp-json\/wp\/v2\/pages"}],"about":[{"href":"https:\/\/www3.unicentro.br\/vestibular\/wp-json\/wp\/v2\/types\/page"}],"author":[{"embeddable":true,"href":"https:\/\/www3.unicentro.br\/vestibular\/wp-json\/wp\/v2\/users\/3"}],"replies":[{"embeddable":true,"href":"https:\/\/www3.unicentro.br\/vestibular\/wp-json\/wp\/v2\/comments?post=2534"}],"version-history":[{"count":0,"href":"https:\/\/www3.unicentro.br\/vestibular\/wp-json\/wp\/v2\/pages\/2534\/revisions"}],"up":[{"embeddable":true,"href":"https:\/\/www3.unicentro.br\/vestibular\/wp-json\/wp\/v2\/pages\/27"}],"wp:attachment":[{"href":"https:\/\/www3.unicentro.br\/vestibular\/wp-json\/wp\/v2\/media?parent=2534"}],"curies":[{"name":"wp","href":"https:\/\/api.w.org\/{rel}","templated":true}]}}