{"id":2206,"date":"2022-09-02T16:21:28","date_gmt":"2022-09-02T19:21:28","guid":{"rendered":"https:\/\/www3.unicentro.br\/vestibular\/?page_id=2206"},"modified":"2023-09-01T14:35:50","modified_gmt":"2023-09-01T17:35:50","slug":"locais-de-prova","status":"publish","type":"page","link":"https:\/\/www3.unicentro.br\/vestibular\/pac\/locais-de-prova\/","title":{"rendered":"Locais de Prova"},"content":{"rendered":"<div class=\"wpb-content-wrapper\"><p>[vc_row][vc_column][vc_message message_box_color=&#8221;danger&#8221; icon_fontawesome=&#8221;fas fa-exclamation-triangle&#8221;]<\/p>\n<p style=\"text-align: center\"><a href=\"https:\/\/www3.unicentro.br\/vestibular\/wp-content\/uploads\/sites\/30\/2023\/09\/Ensalamento_atualizado_PAC_2023_64f2197f4a55c.pdf\"><strong>CONSULTE AQUI O ENSALAMENTO DO PAC<\/strong><\/a><\/p>\n<p>[\/vc_message][vc_column_text]<\/p>\n<p align=\"center\"><span style=\"color: #000000\"><span style=\"font-family: Arial, sans-serif\"><span style=\"font-size: small\"><b>ATEN\u00c7\u00c3O! <\/b><\/span><\/span><\/span><\/p>\n<p align=\"center\"><span style=\"color: #000000\"><span style=\"font-family: Arial, sans-serif\"><span style=\"font-size: small\"><b>S\u00e3o 16 locais de provas do PAC.\u00a0<\/b> <\/span><\/span><\/span><span style=\"color: #000000\"><span style=\"font-family: Arial, sans-serif\"><span style=\"font-size: small\">Verifique, com anteced\u00eancia, para evitar transtornos no dia das provas.<\/span><\/span><\/span><\/p>\n<p align=\"center\"><span style=\"color: #000000\"><span style=\"font-family: Arial, sans-serif\"><span style=\"font-size: small\">Abertura dos locais de provas \u2013<\/span><\/span><\/span><b><strong><span style=\"color: #000000\"><span style=\"font-family: Arial, sans-serif\"><span style=\"font-size: small\"> \u00e0s 13 horas<\/span><\/span><\/span><\/strong><span style=\"color: #000000\"><span style=\"font-family: Arial, sans-serif\"><span style=\"font-size: small\"><br \/>\n<\/span><\/span><\/span><\/b><span style=\"color: #000000\"><span style=\"font-family: Arial, sans-serif\"><span style=\"font-size: small\">Fechamento \u2013<\/span><\/span><\/span><b><strong><span style=\"color: #000000\"><span style=\"font-family: Arial, sans-serif\"><span style=\"font-size: small\"> \u00e0s 14 horas<\/span><\/span><\/span><\/strong><\/b><\/p>\n<p align=\"center\"><span style=\"color: #000000\"><span style=\"font-family: Arial, sans-serif\"><span style=\"font-size: small\">Dura\u00e7\u00e3o das provas \u2013<b> das 14h10 \u00e0s 18h10<\/b><\/span><\/span><\/span><\/p>\n<p>[\/vc_column_text][vc_message message_box_color=&#8221;danger&#8221; icon_fontawesome=&#8221;fas fa-exclamation-triangle&#8221;]<\/p>\n<p align=\"center\"><span style=\"color: #ff0000\"><span style=\"font-family: Arial, sans-serif\"><span style=\"font-size: small\"><b>Em hip\u00f3tese alguma ser\u00e1 permitida a entrada em sala de provas sem o documento oficial de identifica\u00e7\u00e3o, que contenha foto.<\/b><\/span><\/span><\/span><\/p>\n<p>[\/vc_message][vc_column_text]<\/p>\n<p style=\"padding-left: 40px\"><strong>Para fins de identifica\u00e7\u00e3o, ser\u00e3o aceitos, preferencialmente, documentos impressos.<\/strong><\/p>\n<p style=\"padding-left: 40px\"><strong>Documentos digitais (e-T\u00edtulo, CNH digital e RG digital) s\u00f3 ser\u00e3o aceitos se apresentados nos respectivos aplicativos governamentais, com usu\u00e1rio e senha, mediante comprova\u00e7\u00e3o \u00e0 coordena\u00e7\u00e3o do processo seletivo.<\/strong><\/p>\n<p style=\"padding-left: 40px\">O documento oficial de identifica\u00e7\u00e3o deve estar sempre \u00e0 m\u00e3o para que o fiscal possa verificar as suas informa\u00e7\u00f5es.<\/p>\n<p>[\/vc_column_text][vc_separator][vc_column_text]<\/p>\n<p align=\"center\"><span style=\"color: #000000\"><strong><span style=\"font-family: Arial, sans-serif\">LOCAIS DE PROVAS<\/span><\/strong><\/span><\/p>\n<table width=\"100%\" cellspacing=\"0\" cellpadding=\"4\">\n<tbody>\n<tr style=\"background-color: #ffd000\">\n<td style=\"background: #dddddd\" colspan=\"2\" bgcolor=\"#dddddd\" width=\"100%\" height=\"17\">\n<p align=\"center\"><span style=\"color: #000000\"><span style=\"font-family: Arial, sans-serif\"><span style=\"font-size: small\"><b>EM GUARAPUAVA<\/b><\/span><\/span><\/span><\/p>\n<\/td>\n<\/tr>\n<tr>\n<td width=\"65%\" height=\"70\">\n<p align=\"center\"><span style=\"color: #000000\"><span style=\"font-family: Arial, sans-serif\"><span style=\"font-size: small\">CAMPUS UNIVERSIT\u00c1RIO SANTA CRUZ<\/span><\/span><\/span><\/p>\n<p align=\"center\"><span style=\"color: #000000\"><span style=\"font-family: Arial, sans-serif\"><span style=\"font-size: small\">Rua Salvatore Renna, 875 \u2013 Santa Cruz<\/span><\/span><\/span><\/p>\n<\/td>\n<td width=\"35%\">\n<p align=\"center\"><span style=\"color: #000000\"><span style=\"font-family: Arial, sans-serif\"><span style=\"font-size: small\"><b>PAC I e <\/b><\/span><\/span><\/span><\/p>\n<p align=\"center\"><span style=\"color: #000000\"><span style=\"font-family: Arial, sans-serif\"><span style=\"font-size: small\"><b>e candidatos que solicitaram <\/b><\/span><\/span><\/span><\/p>\n<p align=\"center\"><span style=\"color: #000000\"><span style=\"font-family: Arial, sans-serif\"><span style=\"font-size: small\"><b>atendimento diferenciado<\/b><\/span><\/span><\/span><\/p>\n<\/td>\n<\/tr>\n<tr>\n<td width=\"65%\" height=\"59\">\n<p align=\"center\"><span style=\"color: #000000\"><span style=\"font-family: Arial, sans-serif\"><span style=\"font-size: small\">CAMPUS UNIVERSIT\u00c1RIO CEDETEG<\/span><\/span><\/span><\/p>\n<p align=\"center\"><span style=\"color: #000000\"><span style=\"font-family: Arial, sans-serif\"><span style=\"font-size: small\">Alameda \u00c9lio Antonio Dalla Vecchia, 838 \u2013 Vila Carli<\/span><\/span><\/span><\/p>\n<\/td>\n<td width=\"35%\">\n<p align=\"center\"><span style=\"color: #000000\"><span style=\"font-family: Arial, sans-serif\"><span style=\"font-size: small\"><b>PAC II e<\/b><\/span><\/span><\/span><\/p>\n<p align=\"center\"><span style=\"color: #000000\"><span style=\"font-family: Arial, sans-serif\"><span style=\"font-size: small\"><b>PAC III<\/b><\/span><\/span><\/span><\/p>\n<\/td>\n<\/tr>\n<\/tbody>\n<\/table>\n<p>&nbsp;<\/p>\n<table width=\"100%\" cellspacing=\"0\" cellpadding=\"4\">\n<tbody>\n<tr>\n<td style=\"background: #dddddd\" colspan=\"2\" bgcolor=\"#dddddd\" width=\"100%\" height=\"16\">\n<p align=\"center\"><span style=\"color: #000000\"><span style=\"font-family: Arial, sans-serif\"><span style=\"font-size: small\"><b>EM IRATI<\/b><\/span><\/span><\/span><\/p>\n<\/td>\n<\/tr>\n<tr>\n<td width=\"65%\" height=\"99\">\n<p align=\"center\"><span style=\"color: #000000\"><span style=\"font-family: Arial, sans-serif\"><span style=\"font-size: small\">CAMPUS UNIVERSIT\u00c1RIO DE IRATI<\/span><\/span><\/span><\/p>\n<p align=\"center\"><span style=\"color: #000000\"><span style=\"font-family: Arial, sans-serif\"><span style=\"font-size: small\">Rua Prof\u00aa Maria Roza Zanon de Almeida <\/span><\/span><\/span><\/p>\n<p align=\"center\"><span style=\"color: #000000\"><span style=\"font-family: Arial, sans-serif\"><span style=\"font-size: small\">Bairro Eng. Gutierrez<\/span><\/span><\/span><\/p>\n<\/td>\n<td width=\"35%\">\n<p align=\"center\"><span style=\"color: #000000\"><span style=\"font-family: Arial, sans-serif\"><span style=\"font-size: small\"><b>PAC I<\/b><\/span><\/span><\/span><\/p>\n<p align=\"center\"><span style=\"color: #000000\"><span style=\"font-family: Arial, sans-serif\"><span style=\"font-size: small\"><b>PAC II e <\/b><\/span><\/span><\/span><\/p>\n<p align=\"center\"><span style=\"color: #000000\"><span style=\"font-family: Arial, sans-serif\"><span style=\"font-size: small\"><b>e candidatos que solicitaram <\/b><\/span><\/span><\/span><\/p>\n<p align=\"center\"><span style=\"color: #000000\"><span style=\"font-family: Arial, sans-serif\"><span style=\"font-size: small\"><b>atendimento diferenciado<\/b><\/span><\/span><\/span><\/p>\n<\/td>\n<\/tr>\n<tr>\n<td width=\"65%\" height=\"91\">\n<p align=\"center\"><span style=\"font-family: Arial, sans-serif\"><span style=\"font-size: small\">FACULDADE S\u00c3O VICENTE<\/span><\/span><\/p>\n<p align=\"center\"><span style=\"font-family: Arial, sans-serif\"><span style=\"font-size: small\">Rua 24 de Maio, 538<\/span><\/span><\/p>\n<\/td>\n<td width=\"35%\">\n<p align=\"center\"><span style=\"color: #000000\"><span style=\"font-family: Arial, sans-serif\"><span style=\"font-size: small\"><b>PAC III<\/b><\/span><\/span><\/span><\/p>\n<\/td>\n<\/tr>\n<\/tbody>\n<\/table>\n<p>&nbsp;<\/p>\n<table width=\"100%\" cellspacing=\"0\" cellpadding=\"4\">\n<tbody>\n<tr>\n<td style=\"background: #dddddd\" colspan=\"2\" bgcolor=\"#dddddd\" width=\"100%\" height=\"15\">\n<p align=\"center\"><span style=\"color: #000000\"><span style=\"font-family: Arial, sans-serif\"><span style=\"font-size: small\"><b>EM CHOPINZINHO<\/b><\/span><\/span><\/span><\/p>\n<\/td>\n<\/tr>\n<tr>\n<td width=\"65%\" height=\"76\">\n<p align=\"center\"><span style=\"font-family: Arial, sans-serif\"><span style=\"font-size: small\">Escola M. de Excel\u00eancia\/ C\u00e2mpus A. de Chopinzinho<\/span><\/span><\/p>\n<p align=\"center\"><span style=\"font-family: Arial, sans-serif\"><span style=\"font-size: small\">Rua Frei Everaldo, 93 &#8211; Centro<\/span><\/span><\/p>\n<\/td>\n<td width=\"35%\">\n<p align=\"center\"><span style=\"color: #000000\"><span style=\"font-family: Arial, sans-serif\"><span style=\"font-size: small\"><b>PAC I<\/b><\/span><\/span><\/span><\/p>\n<p align=\"center\"><span style=\"color: #000000\"><span style=\"font-family: Arial, sans-serif\"><span style=\"font-size: small\"><b>PAC II<\/b><\/span><\/span><\/span><\/p>\n<p align=\"center\"><span style=\"color: #000000\"><span style=\"font-family: Arial, sans-serif\"><span style=\"font-size: small\"><b>PAC III<\/b><\/span><\/span><\/span><\/p>\n<\/td>\n<\/tr>\n<\/tbody>\n<\/table>\n<table width=\"100%\" cellspacing=\"0\" cellpadding=\"4\">\n<tbody>\n<tr>\n<td style=\"background: #dddddd\" colspan=\"2\" bgcolor=\"#dddddd\" width=\"100%\" height=\"19\">\n<p align=\"center\"><span style=\"color: #000000\"><span style=\"font-family: Arial, sans-serif\"><span style=\"font-size: small\"><b>EM CORONEL VIVIDA<\/b><\/span><\/span><\/span><\/p>\n<\/td>\n<\/tr>\n<tr>\n<td width=\"65%\" height=\"78\">\n<p align=\"center\"><span style=\"font-family: Arial, sans-serif\"><span style=\"font-size: small\">Col\u00e9gio Estadual Arnaldo Busato<\/span><\/span><\/p>\n<p align=\"center\"><span style=\"font-family: Arial, sans-serif\"><span style=\"font-size: small\">Rua Rosa St\u00e9dile, 520<\/span><\/span><\/p>\n<\/td>\n<td width=\"35%\">\n<p align=\"center\"><span style=\"color: #000000\"><span style=\"font-family: Arial, sans-serif\"><span style=\"font-size: small\"><b>PAC I<\/b><\/span><\/span><\/span><\/p>\n<p align=\"center\"><span style=\"color: #000000\"><span style=\"font-family: Arial, sans-serif\"><span style=\"font-size: small\"><b>PAC II<\/b><\/span><\/span><\/span><\/p>\n<p align=\"center\"><span style=\"color: #000000\"><span style=\"font-family: Arial, sans-serif\"><span style=\"font-size: small\"><b>PAC III<\/b><\/span><\/span><\/span><\/p>\n<\/td>\n<\/tr>\n<\/tbody>\n<\/table>\n<p>&nbsp;<\/p>\n<table width=\"100%\" cellspacing=\"0\" cellpadding=\"4\">\n<tbody>\n<tr>\n<td style=\"background: #dddddd\" colspan=\"2\" bgcolor=\"#dddddd\" width=\"100%\" height=\"18\">\n<p align=\"center\"><span style=\"color: #000000\"><span style=\"font-family: Arial, sans-serif\"><span style=\"font-size: small\"><b>EM LARANJEIRAS DO SUL<\/b><\/span><\/span><\/span><\/p>\n<\/td>\n<\/tr>\n<tr>\n<td width=\"65%\" height=\"63\">\n<p align=\"center\"><span style=\"font-family: Arial, sans-serif\"><span style=\"font-size: small\">Escola M. Padre Gerson Galvino<\/span><\/span><\/p>\n<p align=\"center\"><span style=\"font-family: Arial, sans-serif\"><span style=\"font-size: small\">Rua Sete de Setembro, 1710 \u2013 Centro<\/span><\/span><\/p>\n<\/td>\n<td width=\"35%\">\n<p align=\"center\"><span style=\"color: #000000\"><span style=\"font-family: Arial, sans-serif\"><span style=\"font-size: small\"><b>PAC III<\/b><\/span><\/span><\/span><\/p>\n<\/td>\n<\/tr>\n<\/tbody>\n<\/table>\n<p>&nbsp;<\/p>\n<table width=\"100%\" cellspacing=\"0\" cellpadding=\"4\">\n<tbody>\n<tr>\n<td style=\"background: #dddddd\" colspan=\"2\" bgcolor=\"#dddddd\" width=\"100%\" height=\"55\">\n<p align=\"center\"><span style=\"color: #000000\"><span style=\"font-family: Arial, sans-serif\"><span style=\"font-size: small\"><b>EM PITANGA<\/b><\/span><\/span><\/span><\/p>\n<p align=\"center\"><span style=\"color: #000000\"><span style=\"font-family: Arial, sans-serif\"><span style=\"font-size: small\">O ensalamento foi feito, considerando a etapa do PAC e, em seguida, <\/span><\/span><\/span><\/p>\n<p align=\"center\"><span style=\"color: #000000\"><span style=\"font-family: Arial, sans-serif\"><span style=\"font-size: small\">a ordem alfab\u00e9tica do nome dos inscritos<\/span><\/span><\/span><\/p>\n<\/td>\n<\/tr>\n<tr>\n<td width=\"65%\" height=\"69\">\n<p align=\"center\"><span style=\"font-family: Arial, sans-serif\"><span style=\"font-size: small\">Escola M. Santa Regina<\/span><\/span><\/p>\n<p align=\"center\"><span style=\"font-family: Arial, sans-serif\"><span style=\"font-size: small\">Rua Wanderley Jo\u00e3o Vieira Cleve, 531<\/span><\/span><\/p>\n<p align=\"center\"><span style=\"font-family: Arial, sans-serif\"><span style=\"font-size: small\">Conjunto Res. Sta. Regina <\/span><\/span><\/p>\n<\/td>\n<td width=\"35%\">\n<p align=\"center\"><span style=\"color: #000000\"><span style=\"font-family: Arial, sans-serif\"><span style=\"font-size: small\"><b>PAC I<\/b><\/span><\/span><\/span><\/p>\n<\/td>\n<\/tr>\n<tr>\n<td width=\"65%\" height=\"69\">\n<p align=\"center\"><span style=\"font-family: Arial, sans-serif\"><span style=\"font-size: small\">Escola M. Afonsina Mendes Sebrenski<\/span><\/span><\/p>\n<p align=\"center\"><span style=\"font-family: Arial, sans-serif\"><span style=\"font-size: small\">Rua Anita Garibaldi, 141 &#8211; Vila Maria do Carmo<\/span><\/span><\/p>\n<\/td>\n<td width=\"35%\">\n<p align=\"center\"><span style=\"color: #000000\"><span style=\"font-family: Arial, sans-serif\"><span style=\"font-size: small\"><b>PAC I<\/b><\/span><\/span><\/span><\/p>\n<\/td>\n<\/tr>\n<tr>\n<td width=\"65%\" height=\"99\">\n<p align=\"center\"><span style=\"color: #000000\"><span style=\"font-family: Arial, sans-serif\"><span style=\"font-size: small\">E. M. DR. IVAN FERREIRA DO AMARAL<\/span><\/span><\/span><\/p>\n<p align=\"center\"><span style=\"color: #000000\"><span style=\"font-family: Arial, sans-serif\"><span style=\"font-size: small\">Rua Osvaldo Aranha, 251 \u2013 Bairro Pitanguinha<\/span><\/span><\/span><\/p>\n<\/td>\n<td width=\"35%\">\n<p align=\"center\"><span style=\"color: #000000\"><span style=\"font-family: Arial, sans-serif\"><span style=\"font-size: small\"><b>PAC I<\/b><\/span><\/span><\/span><\/p>\n<p align=\"center\"><span style=\"color: #000000\"><span style=\"font-family: Arial, sans-serif\"><span style=\"font-size: small\"><b>PAC III <\/b><\/span><\/span><\/span><\/p>\n<p align=\"center\"><span style=\"color: #000000\"><span style=\"font-family: Arial, sans-serif\"><span style=\"font-size: small\"><b>e candidatos que solicitaram <\/b><\/span><\/span><\/span><\/p>\n<p align=\"center\"><span style=\"color: #000000\"><span style=\"font-family: Arial, sans-serif\"><span style=\"font-size: small\"><b>atendimento diferenciado<\/b><\/span><\/span><\/span><\/p>\n<\/td>\n<\/tr>\n<tr>\n<td width=\"65%\" height=\"56\">\n<p align=\"center\"><span style=\"font-family: Arial, sans-serif\"><span style=\"font-size: small\">Escola Municipal Jos\u00e9 Bittencourt<\/span><\/span><\/p>\n<p align=\"center\"><span style=\"font-family: Arial, sans-serif\"><span style=\"font-size: small\">Rua Conselheiro Zacarias, 1181<\/span><\/span><\/p>\n<\/td>\n<td width=\"35%\">\n<p align=\"center\"><span style=\"color: #000000\"><span style=\"font-family: Arial, sans-serif\"><span style=\"font-size: small\"><b>PAC II<\/b><\/span><\/span><\/span><\/p>\n<\/td>\n<\/tr>\n<tr>\n<td width=\"65%\" height=\"55\">\n<p align=\"center\"><span style=\"font-family: Arial, sans-serif\"><span style=\"font-size: small\">Escola M. Vice Pref. Euclides Gomes da Silva<\/span><\/span><\/p>\n<p align=\"center\"><span style=\"font-family: Arial, sans-serif\"><span style=\"font-size: small\">Rua Manoel Estevan de Camargo, S\/N <\/span><\/span><\/p>\n<\/td>\n<td width=\"35%\">\n<p align=\"center\"><span style=\"color: #000000\"><span style=\"font-family: Arial, sans-serif\"><span style=\"font-size: small\"><b>PAC II<\/b><\/span><\/span><\/span><\/p>\n<\/td>\n<\/tr>\n<\/tbody>\n<\/table>\n<table width=\"100%\" cellspacing=\"0\" cellpadding=\"4\">\n<tbody>\n<tr>\n<td style=\"background: #dddddd\" colspan=\"2\" bgcolor=\"#dddddd\" width=\"100%\" height=\"50\">\n<p align=\"center\"><span style=\"color: #000000\"><span style=\"font-family: Arial, sans-serif\"><span style=\"font-size: small\"><b>EM PRUDENT\u00d3POLIS<\/b><\/span><\/span><\/span><\/p>\n<p align=\"center\"><span style=\"color: #000000\"><span style=\"font-family: Arial, sans-serif\"><span style=\"font-size: small\">O ensalamento foi feito, considerando a etapa do PAC e, em seguida, <\/span><\/span><\/span><\/p>\n<p align=\"center\"><span style=\"color: #000000\"><span style=\"font-family: Arial, sans-serif\"><span style=\"font-size: small\">a ordem alfab\u00e9tica do nome dos inscritos<\/span><\/span><\/span><\/p>\n<\/td>\n<\/tr>\n<tr>\n<td width=\"65%\" height=\"73\">\n<p align=\"center\"><span style=\"font-family: Arial, sans-serif\"><span style=\"font-size: small\">Escola Municipal Favo de Mel<\/span><\/span><\/p>\n<p align=\"center\"><span style=\"font-family: Arial, sans-serif\"><span style=\"font-size: small\">Rua Silvas do Brasil S\/N &#8211; Vila Beraldo<\/span><\/span><\/p>\n<\/td>\n<td width=\"35%\">\n<p align=\"center\"><span style=\"font-family: Arial, sans-serif\"><span style=\"font-size: small\"><b>PAC I<\/b><\/span><\/span><\/p>\n<\/td>\n<\/tr>\n<tr>\n<td width=\"65%\" height=\"73\">\n<p align=\"center\"><span style=\"font-family: Arial, sans-serif\"><span style=\"font-size: small\">Col\u00e9gio Municipal Severo Agibert<\/span><\/span><\/p>\n<p align=\"center\"><span style=\"font-family: Arial, sans-serif\"><span style=\"font-size: small\">Av. Visconde de Guarapuava, 162 &#8211; Centro<\/span><\/span><\/p>\n<\/td>\n<td width=\"35%\">\n<p align=\"center\"><span style=\"font-family: Arial, sans-serif\"><span style=\"font-size: small\"><b>PAC I<\/b><\/span><\/span><\/p>\n<\/td>\n<\/tr>\n<tr>\n<td width=\"65%\" height=\"92\">\n<p align=\"center\"><span style=\"font-family: Arial, sans-serif\"><span style=\"font-size: small\">Campus Avan\u00e7ado de Prudent\u00f3polis<\/span><\/span><\/p>\n<p align=\"center\"><span style=\"font-family: Arial, sans-serif\"><span style=\"font-size: small\">Rua C\u00e2ndido de Abreu, 1636 &#8211; Centro. <\/span><\/span><\/p>\n<p align=\"center\"><span style=\"font-family: Arial, sans-serif\"><span style=\"font-size: small\">A entrada dos candidatos ser\u00e1 pela <\/span><\/span><\/p>\n<p align=\"center\"><span style=\"font-family: Arial, sans-serif\"><span style=\"font-size: small\">Rua Prudente de Morais.<\/span><\/span><\/p>\n<\/td>\n<td width=\"35%\">\n<p align=\"center\"><span style=\"font-family: Arial, sans-serif\"><span style=\"font-size: small\"><b>PAC I<\/b><\/span><\/span><\/p>\n<p align=\"center\"><span style=\"font-family: Arial, sans-serif\"><span style=\"font-size: small\"><b>PAC III<\/b><\/span><\/span><\/p>\n<p align=\"center\"><span style=\"color: #000000\"><span style=\"font-family: Arial, sans-serif\"><span style=\"font-size: small\"><b>e candidatos que solicitaram <\/b><\/span><\/span><\/span><\/p>\n<p align=\"center\"><span style=\"color: #000000\"><span style=\"font-family: Arial, sans-serif\"><span style=\"font-size: small\"><b>atendimento diferenciado<\/b><\/span><\/span><\/span><\/p>\n<\/td>\n<\/tr>\n<tr>\n<td width=\"65%\" height=\"72\">\n<p align=\"center\"><span style=\"font-family: Arial, sans-serif\"><span style=\"font-size: small\">Col. Municipal Clotilde dos Santos Gomes<\/span><\/span><\/p>\n<p align=\"center\"><span style=\"font-family: Arial, sans-serif\"><span style=\"font-size: small\">Av. S\u00e3o Jo\u00e3o, S\/N &#8211; Barro Preto <\/span><\/span><\/p>\n<\/td>\n<td width=\"35%\">\n<p align=\"center\"><span style=\"font-family: Arial, sans-serif\"><span style=\"font-size: small\"><b>PAC II<\/b><\/span><\/span><\/p>\n<\/td>\n<\/tr>\n<\/tbody>\n<\/table>\n<p>[\/vc_column_text][\/vc_column][\/vc_row][vc_row][vc_column][\/vc_column][\/vc_row][vc_row][vc_column][\/vc_column][\/vc_row]<\/p>\n<\/div>","protected":false},"excerpt":{"rendered":"<p>[vc_row][vc_column][vc_message message_box_color=&#8221;danger&#8221; icon_fontawesome=&#8221;fas fa-exclamation-triangle&#8221;] CONSULTE AQUI O ENSALAMENTO DO PAC [\/vc_message][vc_column_text] ATEN\u00c7\u00c3O! S\u00e3o 16 locais de provas do PAC.\u00a0 Verifique, com anteced\u00eancia, para evitar transtornos no dia das provas. Abertura dos locais de provas \u2013 \u00e0s 13 horas Fechamento \u2013 \u00e0s 14 horas Dura\u00e7\u00e3o das provas \u2013 das 14h10 \u00e0s 18h10 [\/vc_column_text][vc_message message_box_color=&#8221;danger&#8221; icon_fontawesome=&#8221;fas fa-exclamation-triangle&#8221;] [&hellip;]<\/p>\n","protected":false},"author":3,"featured_media":0,"parent":1408,"menu_order":0,"comment_status":"closed","ping_status":"closed","template":"","meta":{"_exactmetrics_skip_tracking":false,"_exactmetrics_sitenote_active":false,"_exactmetrics_sitenote_note":"","_exactmetrics_sitenote_category":0,"footnotes":"","_links_to":"","_links_to_target":""},"class_list":["post-2206","page","type-page","status-publish","hentry"],"publishpress_future_action":{"enabled":false,"date":"2026-05-06 19:30:00","action":"change-status","newStatus":"draft","terms":[],"taxonomy":"","extraData":[]},"publishpress_future_workflow_manual_trigger":{"enabledWorkflows":[]},"_links":{"self":[{"href":"https:\/\/www3.unicentro.br\/vestibular\/wp-json\/wp\/v2\/pages\/2206","targetHints":{"allow":["GET"]}}],"collection":[{"href":"https:\/\/www3.unicentro.br\/vestibular\/wp-json\/wp\/v2\/pages"}],"about":[{"href":"https:\/\/www3.unicentro.br\/vestibular\/wp-json\/wp\/v2\/types\/page"}],"author":[{"embeddable":true,"href":"https:\/\/www3.unicentro.br\/vestibular\/wp-json\/wp\/v2\/users\/3"}],"replies":[{"embeddable":true,"href":"https:\/\/www3.unicentro.br\/vestibular\/wp-json\/wp\/v2\/comments?post=2206"}],"version-history":[{"count":1,"href":"https:\/\/www3.unicentro.br\/vestibular\/wp-json\/wp\/v2\/pages\/2206\/revisions"}],"predecessor-version":[{"id":2617,"href":"https:\/\/www3.unicentro.br\/vestibular\/wp-json\/wp\/v2\/pages\/2206\/revisions\/2617"}],"up":[{"embeddable":true,"href":"https:\/\/www3.unicentro.br\/vestibular\/wp-json\/wp\/v2\/pages\/1408"}],"wp:attachment":[{"href":"https:\/\/www3.unicentro.br\/vestibular\/wp-json\/wp\/v2\/media?parent=2206"}],"curies":[{"name":"wp","href":"https:\/\/api.w.org\/{rel}","templated":true}]}}