{"id":311,"date":"2023-05-05T16:56:19","date_gmt":"2023-05-05T19:56:19","guid":{"rendered":"https:\/\/www3.unicentro.br\/sbcg\/?page_id=311"},"modified":"2023-07-30T13:10:41","modified_gmt":"2023-07-30T16:10:41","slug":"trabalhos-aprovados","status":"publish","type":"page","link":"https:\/\/www3.unicentro.br\/sbcg\/trabalhos-aprovados\/","title":{"rendered":"Trabalhos Aprovados"},"content":{"rendered":"<p style=\"text-align: center\"><strong>Trabalhos Aprovados no XV Simp\u00f3sio Brasileiro de Climatologia Geogr\u00e1fica<\/strong><\/p>\n<p style=\"text-align: justify\">A Lista Completa dos Trabalhos Aprovados no XV SBCG, por Eixo Tem\u00e1tico, pode ser conferida <span style=\"color: #0000ff\"><a style=\"color: #0000ff\" href=\"https:\/\/drive.google.com\/file\/d\/1gEM5zoooyu5J0fizkygY04gbGq0Ll7nc\/view?usp=sharing\">Clicando Aqui<\/a><\/span> (ou logo abaixo) a partir das tabelas contendo o t\u00edtulo e o(s) respectivo(s) autor(es). Na rela\u00e7\u00e3o, encontra-se o dia, o per\u00edodo e sala da apresenta\u00e7\u00e3o oral dos trabalhos. Caso encontre alguma inconsist\u00eancia, t\u00edtulo incorreto ou falta de algum coautor, entre imediatamente em contato com a Comiss\u00e3o Organizadora do XV SBCG atrav\u00e9s do e-mail ou diretamente na secretaria do Evento durante o credenciamento.<\/p>\n<p style=\"text-align: justify\">Link: <a href=\"https:\/\/drive.google.com\/file\/d\/1gEM5zoooyu5J0fizkygY04gbGq0Ll7nc\/view?usp=sharing\">https:\/\/drive.google.com\/file\/d\/1gEM5zoooyu5J0fizkygY04gbGq0Ll7nc\/view?usp=sharing<\/a><\/p>\n<p style=\"text-align: justify\">As informa\u00e7\u00f5es sobre as apresenta\u00e7\u00f5es orais podem ser conferidas no menu <span style=\"color: #0000ff\"><a style=\"color: #0000ff\" href=\"https:\/\/www3.unicentro.br\/sbcg\/orientacoes-gerais\/\">Orienta\u00e7\u00f5es Gerais<\/a><\/span>, sendo poss\u00edvel baixar o modelo <span style=\"color: #0000ff\"><a style=\"color: #0000ff\" href=\"https:\/\/drive.google.com\/file\/d\/1vcsvfLyL6kJKoLx5WwbuFLEU3XUNPRkn\/view?usp=sharing\">Templete<\/a><\/span> em <a href=\"https:\/\/docs.google.com\/presentation\/d\/1vLYxqX6qyDIxvuM4-Sf_wCEp7SxgKRNJ\/\">powerpoint<\/a> (.ppt) e demais detalhes do evento.<\/p>\n<blockquote>\n<p style=\"text-align: justify\"><em><strong>Obs<\/strong>: A Lista Final dos Trabalhos Aprovados faz parte da Programa\u00e7\u00e3o Completa do XV SBCG.<\/em><\/p>\n<\/blockquote>\n<p>&nbsp;<\/p>\n<p style=\"text-align: justify\">Considerando todas as quest\u00f5es acima, segue logo abaixo a <strong>Lista dos Trabalhos Aprovados <\/strong>para as <strong>Comunica\u00e7\u00f5es Cient\u00edficas<\/strong> do XV SBCG:<\/p>\n<blockquote>\n<p style=\"text-align: justify\"><em>Corrigida pela \u00faltima vez em 30\/07\/2023, \u00e0s 13:00hrs.<\/em><\/p>\n<\/blockquote>\n<p><strong>\u00a0<\/strong><\/p>\n<pre><strong>EIXO 1 \u2013 VARIABILIDADE CLIM\u00c1TICA E EVENTOS EXTREMOS<\/strong>\r\n\r\n<strong>01 DE AGOSTO DE 2023- TER\u00c7A-FEIRA DAS 13H30MIN \u00c0S 17H30MIN<\/strong>\r\n\r\n<strong>SALA 1<\/strong>\r\n\r\nCOORDENADOR: FRANCISCO JABLINSKI CASTELHANO\r\n\r\nAVALIADOR: VICTOR DA ASSUN\u00c7\u00c3O BORSATO<\/pre>\n<table style=\"width: 96.9982%;height: 2655px\" width=\"691\">\n<tbody>\n<tr style=\"height: 72px\">\n<td style=\"width: 5.81395%;height: 72px\" width=\"48\"><\/td>\n<td style=\"width: 60.1853%;text-align: center;height: 72px\" width=\"416\"><span style=\"font-size: 10pt\"><strong>T\u00cdTULO DO TRABALHO<\/strong><\/span><\/td>\n<td style=\"width: 33.2918%;text-align: center;height: 72px\" width=\"227\"><span style=\"font-size: 10pt\"><strong>AUTORES<\/strong><\/span><\/td>\n<\/tr>\n<tr style=\"height: 120px\">\n<td style=\"width: 5.81395%;height: 120px\" width=\"48\"><span style=\"font-size: 8pt\"><strong>1<\/strong><\/span><\/td>\n<td style=\"width: 60.1853%;height: 120px\" width=\"416\">\n<p style=\"text-align: justify\"><span style=\"font-size: 8pt\">A INFLU\u00caNCIA DO FEN\u00d4MENO ENOS NOS EXTREMOS DE PRECIPITA\u00c7\u00c3O PLUVIAL EM MANAUS-AM<\/span><\/p>\n<\/td>\n<td style=\"text-align: justify;width: 33.2918%;height: 120px\" width=\"227\"><span style=\"font-size: 8pt\">LIDIA BARBOSA CARDOSO DE PAULA;<\/span><\/p>\n<p><span style=\"font-size: 8pt\">NATACHA C\u00cdNTIA REGINA ALEIXO<\/span><\/td>\n<\/tr>\n<tr style=\"text-align: justify\">\n<td style=\"width: 5.81395%;height: 159px\" width=\"48\"><span style=\"font-size: 8pt\"><strong>2<\/strong><\/span><\/td>\n<td style=\"width: 60.1853%;height: 159px\" width=\"416\"><span style=\"font-size: 8pt\">FEI\u00c7\u00d5ES ARENOSAS DA AMAZ\u00d4NIA: ESTRUTURA DA PAISAGEM E PERSPECTIVAS PARA OS ESTUDOS PALEOCLIM\u00c1TICOS<\/span><\/td>\n<td style=\"width: 33.2918%;height: 159px\" width=\"227\"><span style=\"font-size: 8pt\">IVAMAURO AILTON DE SOUSA SILVA;<\/span><\/p>\n<p><span style=\"font-size: 8pt\">GEFFERSON DE CASTRO ALMEIDA;<\/span><\/p>\n<p><span style=\"font-size: 8pt\">MARIA SUZETE SOUSA FEITOSA<\/span><\/td>\n<\/tr>\n<tr style=\"text-align: justify\">\n<td style=\"width: 5.81395%;height: 168px\" width=\"48\"><span style=\"font-size: 8pt\"><strong>3<\/strong><\/span><\/td>\n<td style=\"width: 60.1853%;height: 168px\" width=\"416\"><span style=\"font-size: 8pt\">\u00cdNDICES DE CONCENTRA\u00c7\u00c3O DA CHUVA DE CAPINZAL, SANTA CATARINA.<\/span><\/td>\n<td style=\"width: 33.2918%;height: 168px\" width=\"227\"><span style=\"font-size: 8pt\">\u00c1LVARO JOS\u00c9 BACK;<\/span><\/p>\n<p><span style=\"font-size: 8pt\">BEATRIZ BACK;<\/span><\/p>\n<p><span style=\"font-size: 8pt\">LU\u00cdSA BACK<\/span><\/td>\n<\/tr>\n<tr style=\"text-align: justify\">\n<td style=\"width: 5.81395%;height: 168px\" width=\"48\"><span style=\"font-size: 8pt\"><strong>4<\/strong><\/span><\/td>\n<td style=\"width: 60.1853%;height: 168px\" width=\"416\"><span style=\"font-size: 8pt\">AN\u00c1LISE EXPLORAT\u00d3RIA DA SAZONALIDADE DAS CHUVAS EM NATAL, RIO GRANDE DO NORTE, NORDESTE DO BRASIL.<\/span><\/td>\n<td style=\"width: 33.2918%;height: 168px\" width=\"227\"><span style=\"font-size: 8pt\">DAYVID CARLOS DE MEDEIROS;<\/span><\/p>\n<p><span style=\"font-size: 8pt\">J\u00daLIO C\u00c9SAR FREIRE DE FARIAS;<\/span><\/p>\n<p><span style=\"font-size: 8pt\">FRANCISCO JABLINSKI CASTELHANO<\/span><\/td>\n<\/tr>\n<tr style=\"text-align: justify\">\n<td style=\"width: 5.81395%;height: 120px\" width=\"48\"><span style=\"font-size: 8pt\"><strong>5<\/strong><\/span><\/td>\n<td style=\"width: 60.1853%;height: 120px\" width=\"416\"><span style=\"font-size: 8pt\">COMPARA\u00c7\u00c3O DOS DADOS OBSERVADOS COM O DESEMPENHO DE DADOS DE GRADE NA AN\u00c1LISE DOS EXTREMOS DE PRECIPITA\u00c7\u00c3O EM LONDRINA (PR).<\/span><\/td>\n<td style=\"width: 33.2918%;height: 120px\" width=\"227\"><span style=\"font-size: 8pt\">BRUNO TERTULIANO DA SILVA<\/span><\/td>\n<\/tr>\n<tr style=\"text-align: justify\">\n<td style=\"width: 5.81395%;height: 120px\" width=\"48\"><span style=\"font-size: 8pt\"><strong>6<\/strong><\/span><\/td>\n<td style=\"width: 60.1853%;height: 120px\" width=\"416\"><span style=\"font-size: 8pt\">CHUVAS EXTREMAS NA SERRA DO MAR PARANAENSE: AN\u00c1LISE E REPERCUSS\u00c3O DO EVENTO EXTREMO OCORRIDO EM NOVEMBRO DE 2022<\/span><\/td>\n<td style=\"width: 33.2918%;height: 120px\" width=\"227\"><span style=\"font-size: 8pt\">BRAIEN HENRIQUE GONCALVES;<\/span><\/p>\n<p><span style=\"font-size: 8pt\">PEDRO AUGUSTO BREDA FONT\u00c3O<\/span><\/td>\n<\/tr>\n<tr style=\"text-align: justify\">\n<td style=\"width: 5.81395%;height: 192px\" width=\"48\"><span style=\"font-size: 8pt\"><strong>7<\/strong><\/span><\/td>\n<td style=\"width: 60.1853%;height: 192px\" width=\"416\"><span style=\"font-size: 8pt\">PRODU\u00c7\u00c3O E PRODUTIVIDADE DE CAF\u00c9 NO ESTADO DO PARAN\u00c1 E\u00a0 RELA\u00c7\u00c3O COM A PRECIPITA\u00c7\u00c3O E TEMPERATURA DO AR, SOB GEADAS E\u00a0 EM PER\u00cdODOS DE EL NI\u00d1O E LA NI\u00d1A<\/span><\/td>\n<td style=\"width: 33.2918%;height: 192px\" width=\"227\"><span style=\"font-size: 8pt\">MARCO AUR\u00c9LIO DE MELLO MACHADO;<\/span><\/p>\n<p><span style=\"font-size: 8pt\">GLEICIANE PONTIAKI FLORIANO;<\/span><\/p>\n<p><span style=\"font-size: 8pt\">CAMILA BERTOLETTI CARPENEDO<\/span><\/td>\n<\/tr>\n<tr style=\"text-align: justify\">\n<td style=\"width: 5.81395%;height: 120px\" width=\"48\"><span style=\"font-size: 8pt\"><strong>8<\/strong><\/span><\/td>\n<td style=\"width: 60.1853%;height: 120px\" width=\"416\"><span style=\"font-size: 8pt\">OS CLIMAS DO SUL DO BRASIL \u2013 MASSAS DE AR E A G\u00caNESE DAS\u00a0 CHUVAS NAS ESTA\u00c7\u00d5ES DO VER\u00c3O DE 2021\/22 E 2022\/23<\/span><\/td>\n<td style=\"width: 33.2918%;height: 120px\" width=\"227\"><span style=\"font-size: 8pt\">VICTOR DA ASSUN\u00c7\u00c3O BORSATO;<\/span><\/p>\n<p><span style=\"font-size: 8pt\">NAIR GLORIA MASSOQUI<\/span><\/td>\n<\/tr>\n<tr style=\"text-align: justify\">\n<td style=\"width: 5.81395%;height: 168px\" width=\"48\"><span style=\"font-size: 8pt\"><strong>9<\/strong><\/span><\/td>\n<td style=\"width: 60.1853%;height: 168px\" width=\"416\"><span style=\"font-size: 8pt\">RELATIONSHIP BETWEEN THE PLUVIOMETRIC INDEX OF SOUTHERN BRAZIL AND THE INDICES OF THE TROPICAL PACIFIC AND ATLANTIC TROPICAL OCEANS<\/span><\/td>\n<td style=\"width: 33.2918%;height: 168px\" width=\"227\"><span style=\"font-size: 8pt\">BEATRIZ SIQUEIRA;<\/span><\/p>\n<p><span style=\"font-size: 8pt\">JONAS TEIXEIRA NERY;<\/span><\/p>\n<p><span style=\"font-size: 8pt\">ANA CL\u00c1UDIA CARFAN<\/span><\/td>\n<\/tr>\n<tr style=\"text-align: justify\">\n<td style=\"width: 5.81395%;height: 144px\" width=\"48\"><span style=\"font-size: 8pt\"><strong>10<\/strong><\/span><\/td>\n<td style=\"width: 60.1853%;height: 144px\" width=\"416\"><span style=\"font-size: 8pt\">DIN\u00c2MICA CLIM\u00c1TICA E INTERA\u00c7\u00d5ES ENTRE O FEN\u00d4MENO ENOS \u2013 OSCILA\u00c7\u00c3O SUL \u2013 LA NI\u00d1A NA PRODUTIVIDADE DE CULTURA DE FEIJ\u00c3O E MANDIOCA EM VALENTE-BA, ENTRE (1999-2019)<\/span><\/td>\n<td style=\"width: 33.2918%;height: 144px\" width=\"227\"><span style=\"font-size: 8pt\">LUCAS BASTOS DA SILVA CAVALCANTE;<\/span><\/p>\n<p><span style=\"font-size: 8pt\">J\u00c9MISON MATTOS DOS SANTOS<\/span><\/td>\n<\/tr>\n<tr style=\"text-align: justify\">\n<td style=\"width: 5.81395%;height: 240px\" width=\"48\"><span style=\"font-size: 8pt\"><strong>11<\/strong><\/span><\/td>\n<td style=\"width: 60.1853%;height: 240px\" width=\"416\"><span style=\"font-size: 8pt\">TEMPERATURA DO AR NO PER\u00cdODO HIST\u00d3RICO E EM CEN\u00c1RIOS FUTUROS DE MUDAN\u00c7AS CLIM\u00c1TICAS NO ESTADO DO PARAN\u00c1<\/span><\/td>\n<td style=\"width: 33.2918%;height: 240px\" width=\"227\"><span style=\"font-size: 8pt\">GUILHERME HENRIQUE GOBI;<\/span><\/p>\n<p><span style=\"font-size: 8pt\">FABIANA TIEMY YAMANOUCHI;<\/span><\/p>\n<p><span style=\"font-size: 8pt\">CAMILA BERTOLETTI CARPENEDO;<\/span><\/p>\n<p><span style=\"font-size: 8pt\">MARCO AUR\u00c9LIO DE MELLO MACHADO<\/span><\/td>\n<\/tr>\n<tr style=\"text-align: justify\">\n<td style=\"width: 5.81395%;height: 216px\" width=\"48\"><span style=\"font-size: 8pt\"><strong>12<\/strong><\/span><\/td>\n<td style=\"width: 60.1853%;height: 216px\" width=\"416\"><span style=\"font-size: 8pt\">AN\u00c1LISE DA VARIABILIDADE CLIM\u00c1TICA ESPA\u00c7O-TEMPORAL NO NORDESTE DO BRASIL: COMPARA\u00c7\u00c3O ENTRE 1961-1990 E 1981-2010<\/span><\/td>\n<td style=\"width: 33.2918%;height: 216px\" width=\"227\"><span style=\"font-size: 8pt\">AL\u00cdBIA DEYSI GUEDES DA SILVA;<\/span><\/p>\n<p><span style=\"font-size: 8pt\">MARCELO ALVES DE SOUZA<\/span><\/p>\n<p><span style=\"font-size: 8pt\">VIN\u00cdCIUS DA SILVA HIP\u00d3LITO;<\/span><\/p>\n<p><span style=\"font-size: 8pt\">REBECCA LUNA LUCENA<\/span><\/td>\n<\/tr>\n<tr style=\"text-align: justify\">\n<td style=\"width: 5.81395%;height: 120px\" width=\"48\"><span style=\"font-size: 8pt\"><strong>13<\/strong><\/span><\/td>\n<td style=\"width: 60.1853%;height: 120px\" width=\"416\"><span style=\"font-size: 8pt\">PROPOSTA DE METODOLOGIA ESTAT\u00cdSTICA AUTORAL PARA DEFINI\u00c7\u00c3O E CATEGORIZA\u00c7\u00c3O DE EVENTOS EXTREMOS DI\u00c1RIOS DE PRECIPITA\u00c7\u00c3O<\/span><\/td>\n<td style=\"width: 33.2918%;height: 120px\" width=\"227\"><span style=\"font-size: 8pt\">JANDER BARBOSA MONTEIRO;<\/span><\/p>\n<p><span style=\"font-size: 8pt\">MARIA ELISA ZANELLA<\/span><\/td>\n<\/tr>\n<tr style=\"text-align: justify\">\n<td style=\"width: 5.81395%;height: 168px\" width=\"48\"><span style=\"font-size: 8pt\"><strong>14<\/strong><\/span><\/td>\n<td style=\"width: 60.1853%;height: 168px\" width=\"416\"><span style=\"font-size: 8pt\">\u00cdNDICES DE AGRESSIVIDADE E EROSIVIDADE DE CHUVAS APLICADOS AOS DADOS DE PRECIPITA\u00c7\u00c3O MENSAL DE CAPINZAL, SANTA CATARINA.<\/span><\/td>\n<td style=\"width: 33.2918%;height: 168px\" width=\"227\"><span style=\"font-size: 8pt\">ALVARO JOS\u00c9 BACK;<\/span><\/p>\n<p><span style=\"font-size: 8pt\">BEATRIZ BACK;<\/span><\/p>\n<p><span style=\"font-size: 8pt\">LU\u00cdSA BACK<\/span><\/td>\n<\/tr>\n<tr style=\"text-align: justify\">\n<td style=\"width: 5.81395%;height: 96px\" width=\"48\"><span style=\"font-size: 8pt\"><strong>15<\/strong><\/span><\/td>\n<td style=\"width: 60.1853%;height: 96px\" width=\"416\"><span style=\"font-size: 8pt\">AN\u00c1LISE DA VARIABILIDADE CLIM\u00c1TICA EM NATAL, RIO GRANDE DO NORTE ATRAV\u00c9S DE T\u00c9CNICAS DE MACHINE LEARNING<\/span><\/td>\n<td style=\"width: 33.2918%;height: 96px\" width=\"227\"><span style=\"font-size: 8pt\">FRANCISCO JABLINSKI CASTELHANO<\/span><\/td>\n<\/tr>\n<tr style=\"text-align: justify\">\n<td style=\"width: 5.81395%;height: 96px\" width=\"48\"><span style=\"font-size: 8pt\"><strong>16<\/strong><\/span><\/td>\n<td style=\"width: 60.1853%;height: 96px\" width=\"416\"><span style=\"font-size: 8pt\">A DIN\u00c2MICA DAS MASSAS DE AR NO SUL DO BRASIL \u2013 O ESTUDO DE CASO<\/span><\/td>\n<td style=\"width: 33.2918%;height: 96px\" width=\"227\"><span style=\"font-size: 8pt\">VICTOR DA ASSUN\u00c7\u00c3O BORSATO<\/span><\/td>\n<\/tr>\n<tr style=\"height: 168px\">\n<td style=\"text-align: justify;width: 5.81395%;height: 168px\" width=\"48\"><span style=\"font-size: 8pt\"><strong>17<\/strong><\/span><\/td>\n<td style=\"text-align: justify;width: 60.1853%;height: 168px\" width=\"416\"><span style=\"font-size: 8pt\">CARACTERIZA\u00c7\u00c3O ESPA\u00c7O-TEMPORAL DE EVENTOS PLUVIOM\u00c9TRICOS EXTREMOS EM ANGRA DOS REIS<\/span><\/td>\n<td style=\"width: 33.2918%;height: 168px\" width=\"227\">\n<p style=\"text-align: justify\"><span style=\"font-size: 8pt\">VINICIUS COSTA DE MATTOS;<\/span><\/p>\n<p style=\"text-align: justify\"><span style=\"font-size: 8pt\">TELMA MENDES DA SILVA<\/span><\/p>\n<p style=\"text-align: justify\">\n<\/td>\n<\/tr>\n<\/tbody>\n<\/table>\n<p>&nbsp;<\/p>\n<p><strong>\u00a0<\/strong><\/p>\n<pre><strong>EIXO 1 \u2013 VARIABILIDADE CLIM\u00c1TICA E EVENTOS EXTREMOS<\/strong>\r\n\r\n<strong>01 DE AGOSTO DE 2023- TER\u00c7A-FEIRA DAS 13H30MIN \u00c0S 17H30MIN<\/strong>\r\n\r\n<strong>SALA 2<\/strong>\r\n\r\nCOORDENADOR: C\u00c1SSIA DE CASTRO MARTINS FERREIRA\r\n\r\nAVALIADOR: FABIO DE OLIVEIRA SANCHES<\/pre>\n<table style=\"width: 96.9952%\" width=\"678\">\n<tbody>\n<tr>\n<td style=\"width: 5.28634%\" width=\"46\"><\/td>\n<td style=\"text-align: center;width: 59.9119%\" width=\"406\"><span style=\"font-size: 10pt\"><strong>T\u00cdTULO DO TRABALHO<\/strong><\/span><\/td>\n<td style=\"text-align: center;width: 34.2163%\" width=\"225\"><span style=\"font-size: 10pt\"><strong>AUTORES<\/strong><\/span><\/td>\n<\/tr>\n<tr>\n<td style=\"width: 5.28634%\" width=\"46\"><span style=\"font-size: 8pt\"><strong>1<\/strong><\/span><\/td>\n<td style=\"width: 59.9119%\" width=\"406\">\n<p style=\"text-align: justify\"><span style=\"font-size: 8pt\">UMA BIBLIOMETRIA DA PRODU\u00c7\u00c3O CLIMATOL\u00d3GICA BRASILEIRA ENTRE 1980 E 2020<\/span><\/p>\n<\/td>\n<td style=\"width: 34.2163%;text-align: justify\" width=\"225\"><span style=\"font-size: 8pt\">LINAMARA ROBERTA RIBEIRO;<\/span><\/p>\n<p><span style=\"font-size: 8pt\">ALLAN CARLOS DE ANDRADE;<\/span><\/p>\n<p><span style=\"font-size: 8pt\">BRUNO C\u00c9SAR SANTOS;<\/span><\/p>\n<p><span style=\"font-size: 8pt\">PAULO HENRIQUE DE SOUZA<\/span><\/td>\n<\/tr>\n<tr style=\"text-align: justify\">\n<td style=\"width: 5.28634%\" width=\"46\"><span style=\"font-size: 8pt\"><strong>2<\/strong><\/span><\/td>\n<td style=\"width: 59.9119%\" width=\"406\"><span style=\"font-size: 8pt\">AS IMPLICA\u00c7\u00d5ES DAS MUDAN\u00c7AS CLIM\u00c1TICAS NA GEOPOL\u00cdTICA DA ENERGIA<\/span><\/td>\n<td style=\"width: 34.2163%\" width=\"225\"><span style=\"font-size: 8pt\">GABRIEL MATICOLLI;<\/span><\/p>\n<p><span style=\"font-size: 8pt\">MARTINA VICTORIA KLEIN; NAT\u00c1LIA CHUDZIK BAUER; LEONARDO BRUSTOLON<\/span><\/td>\n<\/tr>\n<tr style=\"text-align: justify\">\n<td style=\"width: 5.28634%\" width=\"46\"><span style=\"font-size: 8pt\"><strong>3<\/strong><\/span><\/td>\n<td style=\"width: 59.9119%\" width=\"406\"><span style=\"font-size: 8pt\">AVALIA\u00c7\u00c3O DE TEND\u00caNCIAS NAS S\u00c9RIES DE PRECIPITA\u00c7\u00c3O DE CAPINZAL, SANTA CATARINA<\/span><\/td>\n<td style=\"width: 34.2163%\" width=\"225\"><span style=\"font-size: 8pt\">\u00c1LVARO JOS\u00c9 BACK;<\/span><\/p>\n<p><span style=\"font-size: 8pt\">BEATRIZ BACK;<\/span><\/p>\n<p><span style=\"font-size: 8pt\">LU\u00cdSA BACK<\/span><\/td>\n<\/tr>\n<tr style=\"text-align: justify\">\n<td style=\"width: 5.28634%\" width=\"46\"><span style=\"font-size: 8pt\"><strong>4<\/strong><\/span><\/td>\n<td style=\"width: 59.9119%\" width=\"406\"><span style=\"font-size: 8pt\">AQUECIMENTO GLOBAL: O IMPACTO DAS MUDAN\u00c7AS CLIM\u00c1TICAS ANTROPOG\u00caNICAS NO NORDESTE BRASILEIRO<\/span><\/td>\n<td style=\"width: 34.2163%\" width=\"225\"><span style=\"font-size: 8pt\">ANDRESSA GON\u00c7ALVES DE SOUZA;<\/span><\/p>\n<p><span style=\"font-size: 8pt\">\u00c9RICA LIMA DE OLIVEIRA;<\/span><\/p>\n<p><span style=\"font-size: 8pt\">CAROLINA DIAS DA CRUZ;<\/span><\/p>\n<p><span style=\"font-size: 8pt\">\u00c1LVARO HENRIQUE NERY SANTOS<\/span><\/td>\n<\/tr>\n<tr style=\"text-align: justify\">\n<td style=\"width: 5.28634%\" width=\"46\"><span style=\"font-size: 8pt\"><strong>5<\/strong><\/span><\/td>\n<td style=\"width: 59.9119%\" width=\"406\"><span style=\"font-size: 8pt\">CLASSIFICA\u00c7\u00c3O DE ANOS-PADR\u00c3O NA REGI\u00c3O METROPOLITANA DE CURITIBA ATRAV\u00c9S DA F\u00d3RMULA DE STURGES<\/span><\/td>\n<td style=\"width: 34.2163%\" width=\"225\"><span style=\"font-size: 8pt\">PAULO SERGIO CAIKOSKI;<\/span><\/p>\n<p><span style=\"font-size: 8pt\">PEDRO AUGUSTO BREDA FONT\u00c3O<\/span><\/td>\n<\/tr>\n<tr style=\"text-align: justify\">\n<td style=\"width: 5.28634%\" width=\"46\"><span style=\"font-size: 8pt\"><strong>6<\/strong><\/span><\/td>\n<td style=\"width: 59.9119%\" width=\"406\"><span style=\"font-size: 8pt\">OS EFEITOS DO EL NI\u00d1O E LA NI\u00d1A NA VAZ\u00c3O DO RIO JI-PARAN\u00c1 NA CIDADE DE JI-PARAN\u00c1 (ROND\u00d4NIA)<\/span><\/td>\n<td style=\"width: 34.2163%\" width=\"225\"><span style=\"font-size: 8pt\">FERNANDO CARDOSO; DORISVALDER NUNES<\/span><\/td>\n<\/tr>\n<tr style=\"text-align: justify\">\n<td style=\"width: 5.28634%\" width=\"46\"><span style=\"font-size: 8pt\"><strong>7<\/strong><\/span><\/td>\n<td style=\"width: 59.9119%\" width=\"406\"><span style=\"font-size: 8pt\">AN\u00c1LISE DO LEVANTAMENTO HIST\u00d3RICO DOS REGISTROS DE EVENTOS PLUVIAIS E SEUS IMPACTOS, NO MUNIC\u00cdPIO DE VI\u00c7OSA-MG ENTRE 1968 E 2022.<\/span><\/td>\n<td style=\"width: 34.2163%\" width=\"225\"><span style=\"font-size: 8pt\">ALINE SZVAR\u00c7A MAGALH\u00c3ES;<\/span><\/p>\n<p><span style=\"font-size: 8pt\">EDSON SOARES FIALHO;<\/span><\/p>\n<p><span style=\"font-size: 8pt\">NIKOLAS GUSTAVO DE OLIVEIRA SOARES DIAS<\/span><\/td>\n<\/tr>\n<tr style=\"text-align: justify\">\n<td style=\"width: 5.28634%\" width=\"46\"><span style=\"font-size: 8pt\"><strong>8<\/strong><\/span><\/td>\n<td style=\"width: 59.9119%\" width=\"406\"><span style=\"font-size: 8pt\">AN\u00c1LISE R\u00cdTMICA DAS EXCEPCIONALIDADES DA PRECIPITA\u00c7\u00c3O NA CIDADE DE CAMPO GRANDE<\/span><\/td>\n<td style=\"width: 34.2163%\" width=\"225\"><span style=\"font-size: 8pt\">LUSIANNE DE AZAMOR TORRES;<\/span><\/p>\n<p><span style=\"font-size: 8pt\">GISLENE FIGUEIREDO ORTIZ PORANGABA<\/span><\/td>\n<\/tr>\n<tr style=\"text-align: justify\">\n<td style=\"width: 5.28634%\" width=\"46\"><span style=\"font-size: 8pt\"><strong>9<\/strong><\/span><\/td>\n<td style=\"width: 59.9119%\" width=\"406\"><span style=\"font-size: 8pt\">EVENTOS EXTREMOS DE TEMPERATURA M\u00cdNIMA EM MANAUS E COARI &#8211; AMAZONAS<\/span><\/td>\n<td style=\"width: 34.2163%\" width=\"225\"><span style=\"font-size: 8pt\">CAMILA DE ARA\u00daJO VIEIRA;<\/span><\/p>\n<p><span style=\"font-size: 8pt\">NATACHA C\u00cdNTIA REGINA ALEIXO<\/span><\/td>\n<\/tr>\n<tr style=\"text-align: justify\">\n<td style=\"width: 5.28634%\" width=\"46\"><span style=\"font-size: 8pt\"><strong>10<\/strong><\/span><\/td>\n<td style=\"width: 59.9119%\" width=\"406\"><span style=\"font-size: 8pt\">AN\u00c1LISE PLUVIOM\u00c9TRICA DO MUNIC\u00cdPIO DE GUAXUP\u00c9-MG, COMPREENDIDA EM UMA S\u00c9RIE HIST\u00d3RICA DE 110 ANOS<\/span><\/td>\n<td style=\"width: 34.2163%\" width=\"225\"><span style=\"font-size: 8pt\">MATHEUS LIMA DE ANDRADE;<\/span><\/p>\n<p><span style=\"font-size: 8pt\">PAULO HENRIQUE DE SOUSA;<\/span><\/p>\n<p><span style=\"font-size: 8pt\">BRUNO CESAR DOS SANTOS;<\/span><\/p>\n<p><span style=\"font-size: 8pt\">FREDERICO F\u00c1BIO MAUAD<\/span><\/td>\n<\/tr>\n<tr style=\"text-align: justify\">\n<td style=\"width: 5.28634%\" width=\"46\"><span style=\"font-size: 8pt\"><strong>11<\/strong><\/span><\/td>\n<td style=\"width: 59.9119%\" width=\"406\"><span style=\"font-size: 8pt\">MATA ATL\u00c2NTICA: IMPACTOS CLIM\u00c1TICOS DAS A\u00c7\u00d5ES ANTR\u00d3PICAS AO LONGO DOS S\u00c9CULOS<\/span><\/td>\n<td style=\"width: 34.2163%\" width=\"225\"><span style=\"font-size: 8pt\">ANDRESSA GON\u00c7ALVES DE SOUZA;<\/span><\/p>\n<p><span style=\"font-size: 8pt\">\u00c9RICA LIMA DE OLIVEIRA;<\/span><\/p>\n<p><span style=\"font-size: 8pt\">ROS\u00c2NGELA LEAL SANTOS;<\/span><\/p>\n<p><span style=\"font-size: 8pt\">\u00c1LVARO HENRIQUE NERY SANTOS<\/span><\/td>\n<\/tr>\n<tr style=\"text-align: justify\">\n<td style=\"width: 5.28634%\" width=\"46\"><span style=\"font-size: 8pt\"><strong>12<\/strong><\/span><\/td>\n<td style=\"width: 59.9119%\" width=\"406\"><span style=\"font-size: 8pt\">O IN\u00cdCIO E O FINAL DA ESTA\u00c7\u00c3O CHUVOSA NO ENTORNO DO RESERVAT\u00d3RIO CHAP\u00c9U D\u2019UVAS, MG<\/span><\/td>\n<td style=\"width: 34.2163%\" width=\"225\"><span style=\"font-size: 8pt\">FABIO SANCHES;<\/span><\/p>\n<p><span style=\"font-size: 8pt\">C\u00c1SSIA DE CASTRO; MARTINS FERREIRA;<\/span><\/p>\n<p><span style=\"font-size: 8pt\">YAN CARLOS GOMES VIANA;<\/span><\/p>\n<p><span style=\"font-size: 8pt\">THIAGO ALVES OLIVEIRA<\/span><\/td>\n<\/tr>\n<tr style=\"text-align: justify\">\n<td style=\"width: 5.28634%\" width=\"46\"><span style=\"font-size: 8pt\"><strong>13<\/strong><\/span><\/td>\n<td style=\"width: 59.9119%\" width=\"406\"><span style=\"font-size: 8pt\">ESTIMATIVA DE UMIDADE RELATIVA DO AR MENSAL NO ENTORNO DO RESERVAT\u00d3RIO CHAP\u00c9U D\u2019UVAS (MG) E AN\u00c1LISE DE TEND\u00caNCIA.<\/span><\/td>\n<td style=\"width: 34.2163%\" width=\"225\"><span style=\"font-size: 8pt\">MATHEUS KELMER SILVA BARBOSA;<\/span><\/p>\n<p><span style=\"font-size: 8pt\">FABIO SANCHES;<\/span><\/p>\n<p><span style=\"font-size: 8pt\">C\u00c1SSIA DE CASTRO MARTINS FERREIRA;<\/span><\/p>\n<p><span style=\"font-size: 8pt\">VIN\u00cdCIUS MACHADO ROCHA<\/span><\/td>\n<\/tr>\n<tr style=\"text-align: justify\">\n<td style=\"width: 5.28634%\" width=\"46\"><span style=\"font-size: 8pt\"><strong>14<\/strong><\/span><\/td>\n<td style=\"width: 59.9119%\" width=\"406\"><span style=\"font-size: 8pt\">VARIABILIDADE DA PRECIPITA\u00c7\u00c3O NO MUNIC\u00cdPIO DE TAU\u00c1 \u2013 CE<\/span><\/td>\n<td style=\"width: 34.2163%\" width=\"225\"><span style=\"font-size: 8pt\">JULIANA MARIA OLIVEIRA SILVA;<\/span><\/p>\n<p><span style=\"font-size: 8pt\">VINICIUS FERREIRA LUNA;<\/span><\/p>\n<p><span style=\"font-size: 8pt\">JOS\u00c9 LIDEMBERG DE SOUSA LOPES<\/span><\/td>\n<\/tr>\n<tr style=\"text-align: justify\">\n<td style=\"width: 5.28634%\" width=\"46\"><span style=\"font-size: 8pt\"><strong>15<\/strong><\/span><\/td>\n<td style=\"width: 59.9119%\" width=\"406\"><span style=\"font-size: 8pt\">QUEIMADAS NO ESTADO DO AMAZONAS: UM ESTUDO ESPA\u00c7O-TEMPORAL NA REGI\u00c3O<\/span><\/td>\n<td style=\"width: 34.2163%\" width=\"225\"><span style=\"font-size: 8pt\">GABRIEL VINICIUS BARROS LIMA;<\/span><\/p>\n<p><span style=\"font-size: 8pt\">VALDIR SOARES DE ANDRADE FILHO;<\/span><\/p>\n<p><span style=\"font-size: 8pt\">FILIPE DE ARAUJO OLIVEIRA<\/span><\/td>\n<\/tr>\n<tr style=\"text-align: justify\">\n<td style=\"width: 5.28634%\" width=\"46\"><span style=\"font-size: 8pt\"><strong>16<\/strong><\/span><\/td>\n<td style=\"width: 59.9119%\" width=\"406\"><span style=\"font-size: 8pt\">DISTRIBUI\u00c7\u00c3O ESPA\u00c7O-TEMPORAL DAS CHUVAS NO MUNIC\u00cdPIO DE S\u00c3O LU\u00cdS DO MARANH\u00c3O NO ANO DE 2022<\/span><\/td>\n<td style=\"width: 34.2163%\" width=\"225\"><span style=\"font-size: 8pt\">JUAREZ MOTA PINHEIRO<\/span><\/p>\n<p><span style=\"font-size: 8pt\">FABIO HENRIQUE FRAN\u00c7A;<\/span><\/p>\n<p><span style=\"font-size: 8pt\">WILLANE DA SILVA RODRIGUES<\/span><\/td>\n<\/tr>\n<tr>\n<td style=\"width: 5.28634%;text-align: justify\" width=\"46\"><span style=\"font-size: 8pt\"><strong>17<\/strong><\/span><\/td>\n<td style=\"width: 59.9119%;text-align: justify\" width=\"406\"><span style=\"font-size: 8pt\">VARIABILIDADE CLIM\u00c1TICA ASSOCIADA \u00c0 PRECIPITA\u00c7\u00c3O NUMA CAPITAL DO NORDESTE DO BRASIL<\/span><\/td>\n<td style=\"width: 34.2163%\" width=\"225\">\n<p style=\"text-align: justify\"><span style=\"font-size: 8pt\">JAILTON DE JESUS COSTA;<\/span><\/p>\n<p style=\"text-align: justify\"><span style=\"font-size: 8pt\">FRANCISCO DE ASSIS MENDON\u00c7A<\/span><\/p>\n<\/td>\n<\/tr>\n<\/tbody>\n<\/table>\n<p>&nbsp;<\/p>\n<p><strong>\u00a0<\/strong><\/p>\n<pre><strong>EIXO 1 \u2013 VARIABILIDADE CLIM\u00c1TICA E EVENTOS EXTREMOS<\/strong>\r\n\r\n<strong>02 DE AGOSTO DE 2023-\u00a0 QUARTA-FEIRA DAS 13H30MIN \u00c0S 17H30MIN<\/strong>\r\n\r\n<strong>SALA 1<\/strong>\r\n\r\nCOORDENADOR: LEILA LIMBERGER\r\n\r\nAVALIADOR: C\u00cdNTIA MINAKI<\/pre>\n<table style=\"width: 97.4244%\" width=\"690\">\n<tbody>\n<tr>\n<td style=\"width: 5.6686%\" width=\"47\"><strong>\u00a0<\/strong><\/td>\n<td style=\"width: 60.6105%;text-align: center\" width=\"416\"><span style=\"font-size: 10pt\"><strong>T\u00cdTULO DO TRABALHO <\/strong><\/span><\/td>\n<td style=\"width: 33.2841%;text-align: center\" width=\"227\"><span style=\"font-size: 10pt\"><strong>AUTORES<\/strong><\/span><\/td>\n<\/tr>\n<tr>\n<td style=\"width: 5.6686%\" width=\"47\"><span style=\"font-size: 8pt\"><strong>1<\/strong><\/span><\/td>\n<td style=\"width: 60.6105%\" width=\"416\">\n<p style=\"text-align: justify\"><span style=\"font-size: 8pt\">AUMENTO DA TEMPERATURA M\u00c9DIA NA REGI\u00c3O CENTRO NORTE DE MATO GROSSO, ENTRE 2003 E 2020.<\/span><\/p>\n<\/td>\n<td style=\"width: 33.2841%;text-align: justify\" width=\"227\"><span style=\"font-size: 8pt\">ADALBERTO ALVES PEREIRA;<\/span><\/p>\n<p><span style=\"font-size: 8pt\">ANDERSON ALEX SANDRO DOMINGOS DE ALMEIDA;<\/span><\/p>\n<p><span style=\"font-size: 8pt\">MARIA EDUARDA MENIN DE OLIVEIRA;<\/span><\/p>\n<p><span style=\"font-size: 8pt\">GABRIEL MARTENS BARBOSA<\/span><\/td>\n<\/tr>\n<tr style=\"text-align: justify\">\n<td style=\"width: 5.6686%\" width=\"47\"><span style=\"font-size: 8pt\"><strong>2<\/strong><\/span><\/td>\n<td style=\"width: 60.6105%\" width=\"416\"><span style=\"font-size: 8pt\">A \u201cSECA\u201d NO OESTE\/SUDOESTE DO PARAN\u00c1 E SUA RELA\u00c7\u00c3O COM ANOMALIAS DE TEMPERATURA DA SUPERF\u00cdCIE DOS MARES (TSM)<\/span><\/td>\n<td style=\"width: 33.2841%\" width=\"227\"><span style=\"font-size: 8pt\">ANG\u00c9LICA MAIARA PIVATTO SCHMOELLER;<\/span><\/p>\n<p><span style=\"font-size: 8pt\">LEILA LIMBERGER<\/span><\/td>\n<\/tr>\n<tr style=\"text-align: justify\">\n<td style=\"width: 5.6686%\" width=\"47\"><span style=\"font-size: 8pt\"><strong>3<\/strong><\/span><\/td>\n<td style=\"width: 60.6105%\" width=\"416\"><span style=\"font-size: 8pt\">PROBABILIDADE DE DIAS PARADOS EM OBRAS DE ENGENHARIA EM FUN\u00c7\u00c3O DAS CHUVAS DA REGI\u00c3O DE CAPINZAL, SANTA CATARINA<\/span><\/td>\n<td style=\"width: 33.2841%\" width=\"227\"><span style=\"font-size: 8pt\">ALVARO JOS\u00c9 BACK;<\/span><\/p>\n<p><span style=\"font-size: 8pt\">BEATRIZ BACK;<\/span><\/p>\n<p><span style=\"font-size: 8pt\">LU\u00cdSA BACK<\/span><\/td>\n<\/tr>\n<tr style=\"text-align: justify\">\n<td style=\"width: 5.6686%\" width=\"47\"><span style=\"font-size: 8pt\"><strong>4<\/strong><\/span><\/td>\n<td style=\"width: 60.6105%\" width=\"416\"><span style=\"font-size: 8pt\">AN\u00c1LISE DE VARI\u00c2NCIA DE PRECIPITA\u00c7\u00c3O MENSAL DAS TR\u00caS SUB-BACIAS DO RIO PARNA\u00cdBA<\/span><\/td>\n<td style=\"width: 33.2841%\" width=\"227\"><span style=\"font-size: 8pt\">ALINE DO VALE FIGUEIREDO BARBOSA;<\/span><\/p>\n<p><span style=\"font-size: 8pt\">JO\u00c3O LUIZ SANTANA BRAZIL;<\/span><\/p>\n<p><span style=\"font-size: 8pt\">RENATA BARBOSA MONTEIRO MACHADO<\/span><\/td>\n<\/tr>\n<tr style=\"text-align: justify\">\n<td style=\"width: 5.6686%\" width=\"47\"><span style=\"font-size: 8pt\"><strong>5<\/strong><\/span><\/td>\n<td style=\"width: 60.6105%\" width=\"416\"><span style=\"font-size: 8pt\">IMPACTOS CAUSADOS PELOS CAMINHOS TEMPOR\u00c1RIOS NO CULTIVO DO TABACO<\/span><\/td>\n<td style=\"width: 33.2841%\" width=\"227\"><span style=\"font-size: 8pt\">JOSE LUCAS KOCHANSKI<\/span><\/p>\n<p><span style=\"font-size: 8pt\">VALDEMIR ANTONELI;<\/span><\/p>\n<p><span style=\"font-size: 8pt\">JEFERSON ESLEI MAZUR<\/span><\/td>\n<\/tr>\n<tr style=\"text-align: justify\">\n<td style=\"width: 5.6686%\" width=\"47\"><span style=\"font-size: 8pt\"><strong>6<\/strong><\/span><\/td>\n<td style=\"width: 60.6105%\" width=\"416\"><span style=\"font-size: 8pt\">G\u00caNESE CLIMATOL\u00d3GICA E RISCOS H\u00cdBRIDOS DEFLAGRADOS PELOS EXTREMOS DE CHUVA OCORRIDOS NA PR\u00c9-ESTA\u00c7\u00c3O CHUVOSA NO LITORAL LESTE DO NORDESTE<\/span><\/td>\n<td style=\"width: 33.2841%\" width=\"227\"><span style=\"font-size: 8pt\">RAFAELA MELISSA ANDRADE FERREIRA;<\/span><\/p>\n<p><span style=\"font-size: 8pt\">TAMIRES GABRYELE DE LIMA MENDES;<\/span><\/p>\n<p><span style=\"font-size: 8pt\">ARIADNE FERNANDA FERRAZ VIEIRA;<\/span><\/p>\n<p><span style=\"font-size: 8pt\">PEDRO AUGUSTO BREDA FONT\u00c3O<\/span><\/td>\n<\/tr>\n<tr style=\"text-align: justify\">\n<td style=\"width: 5.6686%\" width=\"47\"><span style=\"font-size: 8pt\"><strong>7<\/strong><\/span><\/td>\n<td style=\"width: 60.6105%\" width=\"416\"><span style=\"font-size: 8pt\">VARIABILIDADE ESPACIAL DA PRECIPITA\u00c7\u00c3O NAS BACIAS HIDROGR\u00c1FICAS DOS RIOS POMBA E MURIA\u00c9-MG\/RJ: INVESTIGA\u00c7\u00c3O VIA T\u00c9CNICA DE AGRUPAMENTO<\/span><\/td>\n<td style=\"width: 33.2841%\" width=\"227\"><span style=\"font-size: 8pt\">THIAGO ALVES DE OLIVEIRA;<\/span><\/p>\n<p><span style=\"font-size: 8pt\">PAULO MIGUEL DE BODAS TERASSI;<\/span><\/p>\n<p><span style=\"font-size: 8pt\">EMERSON GALVANI<\/span><\/td>\n<\/tr>\n<tr style=\"text-align: justify\">\n<td style=\"width: 5.6686%\" width=\"47\"><span style=\"font-size: 8pt\"><strong>8<\/strong><\/span><\/td>\n<td style=\"width: 60.6105%\" width=\"416\"><span style=\"font-size: 8pt\">AVALIA\u00c7\u00c3O DE DISTRIBUI\u00c7\u00d5ES DE PROBABILIDADE PARA CHUVAS MAXIMAS DI\u00c1RIAS DE CAPINZAL, SANTA CATARINA<\/span><\/td>\n<td style=\"width: 33.2841%\" width=\"227\"><span style=\"font-size: 8pt\">ALVARO JOS\u00c9 BACK;<\/span><\/p>\n<p><span style=\"font-size: 8pt\">BEATRIZ BACK;<\/span><\/p>\n<p><span style=\"font-size: 8pt\">LU\u00cdSA BACK<\/span><\/td>\n<\/tr>\n<tr style=\"text-align: justify\">\n<td style=\"width: 5.6686%\" width=\"47\"><span style=\"font-size: 8pt\"><strong>9<\/strong><\/span><\/td>\n<td style=\"width: 60.6105%\" width=\"416\"><span style=\"font-size: 8pt\">\u00cdNDICE DE ANOMALIA DE CHUVA (IAC) PARA A AN\u00c1LISE DAS PRECIPITA\u00c7\u00d5ES DE ILH\u00c9US-BA ENTRE OS ANOS DE 2000-2021<\/span><\/td>\n<td style=\"width: 33.2841%\" width=\"227\"><span style=\"font-size: 8pt\">\u00c9RICA DE JESUS DANTAS;<\/span><\/p>\n<p><span style=\"font-size: 8pt\">LUCAS BASTOS DA SILVA CAVALCANTE;<\/span><\/p>\n<p><span style=\"font-size: 8pt\">LUCIANA VIT\u00d3RIA FERNANDES SILVA; RAISSA RIBEIRO COSTA<\/span><\/td>\n<\/tr>\n<tr style=\"text-align: justify\">\n<td style=\"width: 5.6686%\" width=\"47\"><span style=\"font-size: 8pt\"><strong>10<\/strong><\/span><\/td>\n<td style=\"width: 60.6105%\" width=\"416\"><span style=\"font-size: 8pt\">CLIMATOLOGIA DAS GEADAS EM MARING\u00c1-PR E TEND\u00caNCIAS PARA A TEMPERATURA M\u00cdNIMA DO AR<\/span><\/td>\n<td style=\"width: 33.2841%\" width=\"227\"><span style=\"font-size: 8pt\">C\u00cdNTIA MINAKI<\/span><\/td>\n<\/tr>\n<tr style=\"text-align: justify\">\n<td style=\"width: 5.6686%\" width=\"47\"><span style=\"font-size: 8pt\"><strong>11<\/strong><\/span><\/td>\n<td style=\"width: 60.6105%\" width=\"416\"><span style=\"font-size: 8pt\">COMPARA\u00c7\u00c3O DE M\u00c9TODOS DE INTERPOLA\u00c7\u00c3O PARA DISTRIBUI\u00c7\u00c3O MENSAL DE CHUVAS NA REGI\u00c3O SUDOESTE DE MATO GROSSO, BRASIL<\/span><\/td>\n<td style=\"width: 33.2841%\" width=\"227\"><span style=\"font-size: 8pt\">ADILSON RIBEIRO DE ARA\u00daJO;<\/span><\/p>\n<p><span style=\"font-size: 8pt\">RODRIGO MARCIEL SOARES DUTRA;<\/span><\/p>\n<p><span style=\"font-size: 8pt\">JULIANA RAMALHO BARROS<\/span><\/td>\n<\/tr>\n<tr style=\"text-align: justify\">\n<td style=\"width: 5.6686%\" width=\"47\"><span style=\"font-size: 8pt\"><strong>12<\/strong><\/span><\/td>\n<td style=\"width: 60.6105%\" width=\"416\"><span style=\"font-size: 8pt\">OS IMPACTOS DAS ALTERA\u00c7\u00d5ES CLIM\u00c1TICAS NO CONSUMO DE ENERGIA EL\u00c9TRICA<\/span><\/td>\n<td style=\"width: 33.2841%\" width=\"227\"><span style=\"font-size: 8pt\">GABRIEL SILVA MATICOLLI<\/span><\/td>\n<\/tr>\n<tr style=\"text-align: justify\">\n<td style=\"width: 5.6686%\" width=\"47\"><span style=\"font-size: 8pt\"><strong>13<\/strong><\/span><\/td>\n<td style=\"width: 60.6105%\" width=\"416\"><span style=\"font-size: 8pt\">A SECA COMO FEN\u00d4MENO GEOGR\u00c1FICO: AN\u00c1LISE DA RELA\u00c7\u00c3O ENTRE A SECA E PRODUTIVIDADE DE UVA E MANGA EM JUAZEIRO (BA) E PETROLINA\u00a0 (PE) PARA OS ANOS DE 2000-2020<\/span><\/td>\n<td style=\"width: 33.2841%\" width=\"227\"><span style=\"font-size: 8pt\">RAYZA EMANUELLA JESUS DE SOUSA;<\/span><\/p>\n<p><span style=\"font-size: 8pt\">NUBIA BERAY ARMOND<\/span><\/td>\n<\/tr>\n<tr style=\"text-align: justify\">\n<td style=\"width: 5.6686%\" width=\"47\"><span style=\"font-size: 8pt\"><strong>14<\/strong><\/span><\/td>\n<td style=\"width: 60.6105%\" width=\"416\"><span style=\"font-size: 8pt\">CONCENTRA\u00c7\u00c3O DI\u00c1RIA DE CHUVAS NA \u00c1REA DE PLANEJAMENTO 4 DA CIDADE DO RIO DE JANEIRO (RJ)<\/span><\/td>\n<td style=\"width: 33.2841%\" width=\"227\"><span style=\"font-size: 8pt\">VIN\u00cdCIUS GON\u00c7ALVES DE FRAN\u00c7A BERTHO<\/span><\/td>\n<\/tr>\n<tr style=\"text-align: justify\">\n<td style=\"width: 5.6686%\" width=\"47\"><span style=\"font-size: 8pt\"><strong>15<\/strong><\/span><\/td>\n<td style=\"width: 60.6105%\" width=\"416\"><span style=\"font-size: 8pt\">D\u00c9BITO DE CARBONO: PERDA DE ESTOQUE E EMISS\u00d5ES DE CO2 EM TERRAS IND\u00cdGENAS DECLARADAS DA AMAZ\u00d4NIA LEGAL<\/span><\/td>\n<td style=\"width: 33.2841%\" width=\"227\"><span style=\"font-size: 8pt\">JORDANA GABRIELA FERNANDES<\/span><\/td>\n<\/tr>\n<tr>\n<td style=\"width: 5.6686%;text-align: justify\" width=\"47\"><span style=\"font-size: 8pt\"><strong>16<\/strong><\/span><\/td>\n<td style=\"width: 60.6105%;text-align: justify\" width=\"416\"><span style=\"font-size: 8pt\">INFLU\u00caNCIA DA ZCAS NA VARIABILIDADE CLIM\u00c1TICA DA REGI\u00c3O AMAZ\u00d4NICA<\/span><\/td>\n<td style=\"width: 33.2841%\" width=\"227\">\n<p style=\"text-align: justify\"><span style=\"font-size: 8pt\">ALDANI BRAZ CARVALHO;<\/span><\/p>\n<p style=\"text-align: justify\"><span style=\"font-size: 8pt\">JO\u00c3O PAULO ASSIS GOBO;<\/span><\/p>\n<p style=\"text-align: justify\"><span style=\"font-size: 8pt\">FRANCISCO IVAM CASTRO DO NASCIMENTO<\/span><\/p>\n<\/td>\n<\/tr>\n<\/tbody>\n<\/table>\n<p>&nbsp;<\/p>\n<p><strong>\u00a0<\/strong><\/p>\n<pre><strong>EIXO 1 \u2013 VARIABILIDADE CLIM\u00c1TICA E EVENTOS EXTREMOS<\/strong>\r\n\r\n<strong>02 DE AGOSTO DE 2023- QUARTA-FEIRA DAS 13H30MIN \u00c0S 17H30MIN<\/strong>\r\n\r\n<strong>SALA 2<\/strong>\r\n\r\nCOORDENADOR: WILSON FLAVIO FELTRIM ROSEGHINI\r\n\r\nAVALIADOR: GABRIELA GOUDARD<\/pre>\n<table style=\"width: 99.1501%\" width=\"709\">\n<tbody>\n<tr>\n<td style=\"width: 5.21335%\" width=\"47\"><span style=\"font-size: 8pt\"><strong>\u00a0<\/strong><\/span><\/td>\n<td style=\"text-align: center;width: 60.5131%\" width=\"420\"><span style=\"font-size: 10pt\"><strong>T\u00cdTULO DOS TRABALHOS <\/strong><\/span><\/td>\n<td style=\"text-align: center;width: 32.1579%\" width=\"242\"><span style=\"font-size: 10pt\"><strong>AUTORES<\/strong><\/span><\/td>\n<\/tr>\n<tr>\n<td style=\"width: 5.21335%\" width=\"47\"><span style=\"font-size: 8pt\"><strong>1<\/strong><\/span><\/td>\n<td style=\"width: 60.5131%\" width=\"420\">\n<p style=\"text-align: justify\"><span style=\"font-size: 8pt\">AN\u00c1LISE DA TEMPERATURA SUPERFICIAL DO MUNIC\u00cdPIO DO RIO DE JANEIRO COM AUX\u00cdLIO DOS \u00cdNDICES NDVI E NDBI PARA O PER\u00cdODO DE 2014 A 2021<\/span><\/p>\n<\/td>\n<td style=\"text-align: justify;width: 32.1579%\" width=\"242\"><span style=\"font-size: 8pt\">LUCAS HONORIO GOMES FERREIRA;<\/span><\/p>\n<p><span style=\"font-size: 8pt\">LUISA PILAR MARQUES MARTINS;<\/span><\/p>\n<p><span style=\"font-size: 8pt\">SERGIO LINS DE CARVALHO<\/span><\/td>\n<\/tr>\n<tr style=\"text-align: justify\">\n<td style=\"width: 5.21335%\" width=\"47\"><span style=\"font-size: 8pt\"><strong>2<\/strong><\/span><\/td>\n<td style=\"width: 60.5131%\" width=\"420\"><span style=\"font-size: 8pt\">AVALIA\u00c7\u00c3O DE DISTRIBUI\u00c7\u00d5ES DE PROBABILIDADE PARA CHUVAS MENSAIS DE CAPINZAL, SANTA CATARINA<\/span><\/td>\n<td style=\"width: 32.1579%\" width=\"242\"><span style=\"font-size: 8pt\">\u00c1LVARO JOS\u00c9 BACK;<\/span><\/p>\n<p><span style=\"font-size: 8pt\">BEATRIZ BACK;<\/span><\/p>\n<p><span style=\"font-size: 8pt\">LU\u00cdSA BACK<\/span><\/td>\n<\/tr>\n<tr style=\"text-align: justify\">\n<td style=\"width: 5.21335%\" width=\"47\"><span style=\"font-size: 8pt\"><strong>3<\/strong><\/span><\/td>\n<td style=\"width: 60.5131%\" width=\"420\"><span style=\"font-size: 8pt\">AN\u00c1LISE DO EFEITO OROGR\u00c1FICO NA DISTRIBUI\u00c7\u00c3O ESPA\u00c7O-TEMPORAL DAS CHUVAS NA REGI\u00c3O CENTRAL DO ESTADO DE S\u00c3O PAULO<\/span><\/td>\n<td style=\"width: 32.1579%\" width=\"242\"><span style=\"font-size: 8pt\">BRUNO C\u00c9SAR DOS SANTOS;\u00a0<\/span><\/p>\n<p><span style=\"font-size: 8pt\">GUSTAVO ZEN FIGUEREIDO;<\/span><\/p>\n<p><span style=\"font-size: 8pt\">TALYSON DE MELO BOLLELI;<\/span><\/p>\n<p><span style=\"font-size: 8pt\">ALLAN CARLOS DE ANDRADE<\/span><\/td>\n<\/tr>\n<tr style=\"text-align: justify\">\n<td style=\"width: 5.21335%\" width=\"47\"><span style=\"font-size: 8pt\"><strong>4<\/strong><\/span><\/td>\n<td style=\"width: 60.5131%\" width=\"420\"><span style=\"font-size: 8pt\">PADR\u00c3O PLUVIOM\u00c9TRICO DO MUNIC\u00cdPIO DE CURITIBA, PR: OCORR\u00caNCIA, FREQU\u00caNCIA E DISTRIBUI\u00c7\u00c3O DOS EVENTOS HIDROMETEOROL\u00d3GICOS EXTREMOS<\/span><\/td>\n<td style=\"width: 32.1579%\" width=\"242\"><span style=\"font-size: 8pt\">ANNE DE NONOHAY DA SILVA;<\/span><\/p>\n<p><span style=\"font-size: 8pt\">GUILHERME GONZATTO;\u00a0 WILSON FLAVIO FELTRIM ROSEGHINI<\/span><\/td>\n<\/tr>\n<tr style=\"text-align: justify\">\n<td style=\"width: 5.21335%\" width=\"47\"><span style=\"font-size: 8pt\"><strong>5<\/strong><\/span><\/td>\n<td style=\"width: 60.5131%\" width=\"420\"><span style=\"font-size: 8pt\">DESERTIFICA\u00c7\u00c3O E CAATINGA: OS EFEITOS DAS MUDAN\u00c7AS CLIM\u00c1TICAS PARA OS IMPASSES SOCIOAMBIENTAIS NA BACIA DO RIO SALITRE-BA<\/span><\/td>\n<td style=\"width: 32.1579%\" width=\"242\"><span style=\"font-size: 8pt\">\u00c9RICA LIMA DE OLIVEIRA;<\/span><\/p>\n<p><span style=\"font-size: 8pt\">ROSANGELA LEAL SANTOS<\/span><\/p>\n<p><span style=\"font-size: 8pt\">KELLY CRISTINA RIBEIRO MARQUES CARDOSO;<\/span><\/p>\n<p><span style=\"font-size: 8pt\">ANDRESSA GON\u00c7ALVES DE SOUZA<\/span><\/td>\n<\/tr>\n<tr style=\"text-align: justify\">\n<td style=\"width: 5.21335%\" width=\"47\"><span style=\"font-size: 8pt\"><strong>6<\/strong><\/span><\/td>\n<td style=\"width: 60.5131%\" width=\"420\"><span style=\"font-size: 8pt\">AN\u00c1LISE ESTAT\u00cdSTICA DOS EVENTOS PLUVIOM\u00c9TRICOS EXTREMOS NO MUNIC\u00cdPIO DE CABO DE SANTO AGOSTINHO &#8211; PE<\/span><\/td>\n<td style=\"width: 32.1579%\" width=\"242\"><span style=\"font-size: 8pt\">MARIA CLARA DE LIMA SANTOS;<\/span><\/p>\n<p><span style=\"font-size: 8pt\">CRISTIANA COUTINHO DUARTE;<\/span><\/p>\n<p><span style=\"font-size: 8pt\">RANYERE SILVA NOBREGA<\/span><\/td>\n<\/tr>\n<tr style=\"text-align: justify\">\n<td style=\"width: 5.21335%\" width=\"47\"><span style=\"font-size: 8pt\"><strong>7<\/strong><\/span><\/td>\n<td style=\"width: 60.5131%\" width=\"420\"><span style=\"font-size: 8pt\">AS CIRCULA\u00c7\u00d5ES ATMOSF\u00c9RICAS E OS EFEITOS DO\u00a0 EL NI\u00d1O-OSCILA\u00c7\u00c3O SUL (ENOS) NA PRODUTIVIDADE DO MILHO E FEIJ\u00c3O EM FEIRA DE SANTANA-BA ENTRE 1980 A 2019<\/span><\/td>\n<td style=\"width: 32.1579%\" width=\"242\"><span style=\"font-size: 8pt\">ALISSON ESTRELA COSTA;<\/span><\/p>\n<p><span style=\"font-size: 8pt\">J\u00c9MISSON MATTOS DOS SANTOS<\/span><\/td>\n<\/tr>\n<tr style=\"text-align: justify\">\n<td style=\"width: 5.21335%\" width=\"47\"><span style=\"font-size: 8pt\"><strong>8<\/strong><\/span><\/td>\n<td style=\"width: 60.5131%\" width=\"420\"><span style=\"font-size: 8pt\">AN\u00c1LISE DA VARIA\u00c7\u00c3O TEMPORAL DO DISCOMFORT INDEX NA CIDADE DE JO\u00c3O PESSOA\/PB, 2008 A 2020<\/span><\/td>\n<td style=\"width: 32.1579%\" width=\"242\"><span style=\"font-size: 8pt\">BHREENDA MAYHARA DA SILVA SANTOS;<\/span><\/p>\n<p><span style=\"font-size: 8pt\">MARCELO DE OLIVEIRA MOURA<\/span><\/td>\n<\/tr>\n<tr style=\"text-align: justify\">\n<td style=\"width: 5.21335%\" width=\"47\"><span style=\"font-size: 8pt\"><strong>9<\/strong><\/span><\/td>\n<td style=\"width: 60.5131%\" width=\"420\"><span style=\"font-size: 8pt\">AN\u00c1LISE DA VARIABILIDADE PLUVIOM\u00c9TRICA NA CIDADE DE RIO CLARO\/SP ENTRE OS ANOS DE 1994 A 2022.<\/span><\/td>\n<td style=\"width: 32.1579%\" width=\"242\"><span style=\"font-size: 8pt\">RAFAELA DE LOUREN\u00c7O ULMAN;<\/span><\/p>\n<p><span style=\"font-size: 8pt\">TATIANA DE LOURDES CAMPESE;<\/span><\/p>\n<p><span style=\"font-size: 8pt\">KARIME PECHUTTI FANTE;<\/span><\/td>\n<\/tr>\n<tr style=\"text-align: justify\">\n<td style=\"width: 5.21335%\" width=\"47\"><span style=\"font-size: 8pt\"><strong>10<\/strong><\/span><\/td>\n<td style=\"width: 60.5131%\" width=\"420\"><span style=\"font-size: 8pt\">A IMPORT\u00c2NCIA DA AN\u00c1LISE DE DIFERENTES TIPOLOGIAS DO EL NI\u00d1O-OSCILA\u00c7\u00c3O SUL NOS ESTUDOS DE VARIABILIDADE CLIM\u00c1TICA REGIONAL<\/span><\/td>\n<td style=\"width: 32.1579%\" width=\"242\"><span style=\"font-size: 8pt\">GABRIELA GOUDARD;<\/span><\/p>\n<p><span style=\"font-size: 8pt\">LEILA LIMBERGER;<\/span><\/p>\n<p><span style=\"font-size: 8pt\">FRANCISCO DE ASSIS MENDON\u00c7A;<\/span><\/td>\n<\/tr>\n<tr style=\"text-align: justify\">\n<td style=\"width: 5.21335%\" width=\"47\"><span style=\"font-size: 8pt\"><strong>11<\/strong><\/span><\/td>\n<td style=\"width: 60.5131%\" width=\"420\"><span style=\"font-size: 8pt\">AN\u00c1LISE DA VARIABILIDADE DAS TEMPERATURAS M\u00c9DIAS, M\u00c1XIMAS E M\u00cdNIMAS NA CIDADE DE RIO CLARO\/SP, AO LONGO DA S\u00c9RIE DE 1994 A 2022.<\/span><\/td>\n<td style=\"width: 32.1579%\" width=\"242\"><span style=\"font-size: 8pt\">TATIANA DE LOURDES CAMPESE;<\/span><\/p>\n<p><span style=\"font-size: 8pt\">RAFAELA DE LOUREN\u00c7O ULMAN;<\/span><\/p>\n<p><span style=\"font-size: 8pt\">KARIME PECHUTTI FANTE<\/span><\/td>\n<\/tr>\n<tr style=\"text-align: justify\">\n<td style=\"width: 5.21335%\" width=\"47\"><span style=\"font-size: 8pt\"><strong>12<\/strong><\/span><\/td>\n<td style=\"width: 60.5131%\" width=\"420\"><span style=\"font-size: 8pt\">VARIABILIDADE DA PRECIPITA\u00c7\u00c3O PLUVIOM\u00c9TRICA NA \u00c1REA URBANA DE BALNE\u00c1RIO CAMBORI\u00da\/SC DURANTE A PRIMAVERA DE 2021.<\/span><\/td>\n<td style=\"width: 32.1579%\" width=\"242\"><span style=\"font-size: 8pt\">TARC\u00cdSIO OLIVEIRA DA COSTA;<\/span><\/p>\n<p><span style=\"font-size: 8pt\">CASSIO ARTHUR WOLLMANN<\/span><\/td>\n<\/tr>\n<tr style=\"text-align: justify\">\n<td style=\"width: 5.21335%\" width=\"47\"><span style=\"font-size: 8pt\"><strong>13<\/strong><\/span><\/td>\n<td style=\"width: 60.5131%\" width=\"420\"><span style=\"font-size: 8pt\">EVENTOS EXTREMOS DE PRECIPITA\u00c7\u00c3O NA UHE DE BATALHA: UM ESTUDO DE ANOS PADR\u00c3O<\/span><\/td>\n<td style=\"width: 32.1579%\" width=\"242\"><span style=\"font-size: 8pt\">KAREN MYLLENE LIMA DE OLIVEIRA;<\/span><\/p>\n<p><span style=\"font-size: 8pt\">GISLAINE CRISTINA LUIZ<\/span><\/td>\n<\/tr>\n<tr style=\"text-align: justify\">\n<td style=\"width: 5.21335%\" width=\"47\"><span style=\"font-size: 8pt\"><strong>14<\/strong><\/span><\/td>\n<td style=\"width: 60.5131%\" width=\"420\"><span style=\"font-size: 8pt\">A CONSTRU\u00c7\u00c3O DA PROBLEM\u00c1TICA EM TORNO DAS ENCHENTES EM BLUMENAU-SC E SUA RELA\u00c7\u00c3O COM A PRODU\u00c7\u00c3O DO ESPA\u00c7O URBANO LOCAL<\/span><\/td>\n<td style=\"width: 32.1579%\" width=\"242\"><span style=\"font-size: 8pt\">PEDRO FELIPE EMERENCIANO<\/span><\/td>\n<\/tr>\n<tr style=\"text-align: justify\">\n<td style=\"width: 5.21335%\" width=\"47\"><span style=\"font-size: 8pt\"><strong>15<\/strong><\/span><\/td>\n<td style=\"width: 60.5131%\" width=\"420\"><span style=\"font-size: 8pt\">AS CHUVAS DA BACIA DO RIO CUBAT\u00c3O DO SUL (SC) E ENTORNO: IDENTIFICANDO EPIS\u00d3DIOS DE ESTIAGEM<\/span><\/td>\n<td style=\"width: 32.1579%\" width=\"242\"><span style=\"font-size: 8pt\">KAREN ANDRESSA RAMOS;<\/span><\/p>\n<p><span style=\"font-size: 8pt\">JO\u00c3O AFONSO ZAVATTINI<\/span><\/td>\n<\/tr>\n<tr>\n<td style=\"text-align: justify;width: 5.21335%\" width=\"47\"><span style=\"font-size: 8pt\"><strong>16<\/strong><\/span><\/td>\n<td style=\"text-align: justify;width: 60.5131%\" width=\"420\"><span style=\"font-size: 8pt\">TEND\u00caNCIAS E DESCONTINUIDADES DE CHUVAS M\u00c1XIMAS ANUAIS EM BACIAS HIDROGR\u00c1FICAS DO LESTE DO ESTADO DO PARAN\u00c1<\/span><\/td>\n<td style=\"width: 32.1579%\" width=\"242\">\n<p style=\"text-align: justify\"><span style=\"font-size: 8pt\">PAULO MIGUEL DE BODAS TERASSI;<\/span><\/p>\n<p style=\"text-align: justify\"><span style=\"font-size: 8pt\">EMERSON GALVANI;<\/span><\/p>\n<p style=\"text-align: justify\"><span style=\"font-size: 8pt\">ANTONIO CARLOS DA SILVA OSCAR J\u00daNIOR;<\/span><\/p>\n<p style=\"text-align: justify\"><span style=\"font-size: 8pt\">JAKELINE BARATTO<\/span><\/p>\n<\/td>\n<\/tr>\n<\/tbody>\n<\/table>\n<p>&nbsp;<\/p>\n<p>&nbsp;<\/p>\n<pre><strong>EIXO 1 \u2013 VARIABILIDADE CLIM\u00c1TICA E EVENTOS EXTREMOS<\/strong>\r\n\r\n<strong>03 DE AGOSTO DE 2023- QUINTA - FEIRA DAS 08H30MIN \u00c0S 12H30MIN<\/strong>\r\n\r\n<strong>SALA 1<\/strong>\r\n\r\nCOORDENADOR: BRUNO HENRIQUE COSTA TOLEDO\r\n\r\nAVALIADOR: CHARLEI APARECIDO DA SILVA<\/pre>\n<table style=\"width: 96.7062%\" width=\"680\">\n<tbody>\n<tr>\n<td style=\"width: 5.99845%\" width=\"57\"><span style=\"font-size: 8pt\"><strong>\u00a0<\/strong><\/span><\/td>\n<td style=\"text-align: center;width: 62.429%\" width=\"416\"><span style=\"font-size: 10pt\"><strong>T\u00cdTULO DO TRABALHO<\/strong><\/span><\/td>\n<td style=\"text-align: center;width: 30.9858%\" width=\"208\"><span style=\"font-size: 10pt\"><strong>AUTORES<\/strong><\/span><\/td>\n<\/tr>\n<tr>\n<td style=\"width: 5.99845%\" width=\"57\"><span style=\"font-size: 8pt\"><strong>1<\/strong><\/span><\/td>\n<td style=\"width: 62.429%\" width=\"416\">\n<p style=\"text-align: justify\"><span style=\"font-size: 8pt\">AN\u00c1LISE ESPACIAL DA PRECIPITA\u00c7\u00c3O NO MUNIC\u00cdPIO DE APARECIDA DE GOI\u00c2NIA &#8211; GO:\u00a0 IDENTIFICANDO EVENTOS CLIM\u00c1TICOS EXTREMOS<\/span><\/p>\n<\/td>\n<td style=\"text-align: justify;width: 30.9858%\" width=\"208\"><span style=\"font-size: 8pt\">ANA CRISTINA ARA\u00daJO FOLI;<\/span><\/p>\n<p><span style=\"font-size: 8pt\">KARLA GABRIELLE MOREIRA DE SOUZA<\/span><\/p>\n<p><span style=\"font-size: 8pt\">GISLAINE CRISTINA LUIZ<\/span><\/td>\n<\/tr>\n<tr style=\"text-align: justify\">\n<td style=\"width: 5.99845%\" width=\"57\"><span style=\"font-size: 8pt\"><strong>2<\/strong><\/span><\/td>\n<td style=\"width: 62.429%\" width=\"416\"><span style=\"font-size: 8pt\">ASSOCIA\u00c7\u00c3O ENTRE ANOMALIAS DE TEMPERATURA DA SUPERF\u00cdCIE DO MAR (TSM) E M\u00c1XIMO VALOR MENSAL DE CHUVA DI\u00c1RIA NA \u00c1REA DE ABRANG\u00caNCIA DO LAGO DE ITAIPU<\/span><\/td>\n<td style=\"width: 30.9858%\" width=\"208\"><span style=\"font-size: 8pt\">LARISSA CANOSSA SCHULZ;<\/span><\/p>\n<p><span style=\"font-size: 8pt\">LEILA LIMBERGER;<\/span><\/p>\n<p><span style=\"font-size: 8pt\">LUIZ FERNANDO LOZOVE;<\/span><\/p>\n<p><span style=\"font-size: 8pt\">FABIANA BEZERRA MANGILI<\/span><\/td>\n<\/tr>\n<tr style=\"text-align: justify\">\n<td style=\"width: 5.99845%\" width=\"57\"><span style=\"font-size: 8pt\"><strong>3<\/strong><\/span><\/td>\n<td style=\"width: 62.429%\" width=\"416\"><span style=\"font-size: 8pt\">MUDAN\u00c7AS CLIM\u00c1TICAS E GOVERNAN\u00c7A: UMA LEITURA SOBRE A CONJUNTURA BRASILEIRA NO QUADRI\u00caNIO 2019-2022<\/span><\/td>\n<td style=\"width: 30.9858%\" width=\"208\"><span style=\"font-size: 8pt\">HEVERTON SCHNEIDER;<\/span><\/p>\n<p><span style=\"font-size: 8pt\">CHARLEI APARECIDO DA SILVA<\/span><\/td>\n<\/tr>\n<tr style=\"text-align: justify\">\n<td style=\"width: 5.99845%\" width=\"57\"><span style=\"font-size: 8pt\"><strong>4<\/strong><\/span><\/td>\n<td style=\"width: 62.429%\" width=\"416\"><span style=\"font-size: 8pt\">AN\u00c1LISE DA PRECIPITA\u00c7\u00c3O NOS MUNIC\u00cdPIOS DE MONTEIRO E S\u00c3O JO\u00c3O DO CARIRI NO ESTADO DA PARA\u00cdBA ENTRE O PER\u00cdODO DE 1980 A 2019<\/span><\/td>\n<td style=\"width: 30.9858%\" width=\"208\"><span style=\"font-size: 8pt\">MARIA DO SOCORRO SILVA SALVADOR;<\/span><\/p>\n<p><span style=\"font-size: 8pt\">DAISY BESERRA LUCENA;<\/span><\/p>\n<p><span style=\"font-size: 8pt\">BARTOLOMEU ISRAEL SOUZA<\/span><\/td>\n<\/tr>\n<tr style=\"text-align: justify\">\n<td style=\"width: 5.99845%\" width=\"57\"><span style=\"font-size: 8pt\"><strong>6<\/strong><\/span><\/td>\n<td style=\"width: 62.429%\" width=\"416\"><span style=\"font-size: 8pt\">AN\u00c1LISE DOS TIPOS DE TEMPO EM PONTA NEGRA, MARIC\u00c1- RJ (ENTRE NOVEMBRO DE 2021 E OUTUBRO DE 2022)<\/span><\/td>\n<td style=\"width: 30.9858%\" width=\"208\"><span style=\"font-size: 8pt\">JULIA MOREIRA CORDEIRO TAVARES<\/span><\/td>\n<\/tr>\n<tr style=\"text-align: justify\">\n<td style=\"width: 5.99845%\" width=\"57\"><span style=\"font-size: 8pt\"><strong>7<\/strong><\/span><\/td>\n<td style=\"width: 62.429%\" width=\"416\"><span style=\"font-size: 8pt\">AN\u00c1LISE DAS ONDAS DE CALOR EM TR\u00caS LAGOAS\/MS<\/span><\/td>\n<td style=\"width: 30.9858%\" width=\"208\"><span style=\"font-size: 8pt\">HYAN MARCOS PEREIRA BELINI;<\/span><\/p>\n<p><span style=\"font-size: 8pt\">GISLENE FIGUEIREDO ORTIZ PORANGABA<\/span><\/td>\n<\/tr>\n<tr style=\"text-align: justify\">\n<td style=\"width: 5.99845%\" width=\"57\"><span style=\"font-size: 8pt\"><strong>8<\/strong><\/span><\/td>\n<td style=\"width: 62.429%\" width=\"416\"><span style=\"font-size: 8pt\">AN\u00c1LISE DA EVOLU\u00c7\u00c3O NO USO E OCUPA\u00c7\u00c3O DO SOLO E DA EROSIVIDADE COM \u00caNFASE NOS ANOS EXTREMOS NA REGI\u00c3O CENTRAL DO ESTADO DE S\u00c3O PAULO<\/span><\/td>\n<td style=\"width: 30.9858%\" width=\"208\"><span style=\"font-size: 8pt\">TALYSON DE MELO BOLLELI;<\/span><\/p>\n<p><span style=\"font-size: 8pt\">BRUNO C\u00c9SAR DOS SANTOS;<\/span><\/p>\n<p><span style=\"font-size: 8pt\">RAFAEL GRECCO SANCHES;<\/span><\/p>\n<p><span style=\"font-size: 8pt\">FREDERICO FABIO MAUAD<\/span><\/td>\n<\/tr>\n<tr style=\"text-align: justify\">\n<td style=\"width: 5.99845%\" width=\"57\"><span style=\"font-size: 8pt\"><strong>9<\/strong><\/span><\/td>\n<td style=\"width: 62.429%\" width=\"416\"><span style=\"font-size: 8pt\">ESTIMA\u00c7\u00c3O DA TEMPERATURA M\u00cdNIMA DO AR PARA A REGI\u00c3O DE VARGINHA<\/span><\/td>\n<td style=\"width: 30.9858%\" width=\"208\"><span style=\"font-size: 8pt\">ALLAN CARLOS DE ANDRADE;<\/span><\/p>\n<p><span style=\"font-size: 8pt\">EMERSON GALVANI;<\/span><\/p>\n<p><span style=\"font-size: 8pt\">BRUNO C\u00c9SAR DOS SANTOS;<\/span><\/p>\n<p><span style=\"font-size: 8pt\">PAULO HENRIQUE DE SOUZA<\/span><\/td>\n<\/tr>\n<tr style=\"text-align: justify\">\n<td style=\"width: 5.99845%\" width=\"57\"><span style=\"font-size: 8pt\"><strong>10<\/strong><\/span><\/td>\n<td style=\"width: 62.429%\" width=\"416\"><span style=\"font-size: 8pt\">TEND\u00caNCIAS E VARIABILIDADE ANUAL DE PRECIPITA\u00c7\u00c3O EM NATAL, NORDESTE DO BRASIL<\/span><\/td>\n<td style=\"width: 30.9858%\" width=\"208\"><span style=\"font-size: 8pt\">J\u00daLIO C\u00c9SAR FREIRE DE FARIAS;<\/span><\/p>\n<p><span style=\"font-size: 8pt\">DAYVID CARLOS DE MEDEIROS;<\/span><\/p>\n<p><span style=\"font-size: 8pt\">FRANCISCO JABLINSKI CASTELHANO<\/span><\/td>\n<\/tr>\n<tr style=\"text-align: justify\">\n<td style=\"width: 5.99845%\" width=\"57\"><span style=\"font-size: 8pt\"><strong>11<\/strong><\/span><\/td>\n<td style=\"width: 62.429%\" width=\"416\"><span style=\"font-size: 8pt\">AN\u00c1LISE R\u00cdTMICA E COMPARA\u00c7\u00c3O DE DADOS METEOROL\u00d3GICOS DO MUNIC\u00cdPIO DE IGUAPE \u2013 SP, BRASIL.<\/span><\/td>\n<td style=\"width: 30.9858%\" width=\"208\"><span style=\"font-size: 8pt\">ALEXANDRE FONSECA PRADO;<\/span><\/p>\n<p><span style=\"font-size: 8pt\">GISLENE FIGUEIREDO ORTIZ PORANGABA<\/span><\/td>\n<\/tr>\n<tr style=\"text-align: justify\">\n<td style=\"width: 5.99845%\" width=\"57\"><span style=\"font-size: 8pt\"><strong>12<\/strong><\/span><\/td>\n<td style=\"width: 62.429%\" width=\"416\"><span style=\"font-size: 8pt\">ELEI\u00c7\u00c3O DE ANOS-PADR\u00c3O PARA O MUNIC\u00cdPIO DE ABAETETUBA-PA, A PARTIR DE DADOS PROVENIENTES DO CHIRPS V2.0<\/span><\/td>\n<td style=\"width: 30.9858%\" width=\"208\"><span style=\"font-size: 8pt\">STHEFANI GABRIELLE DE CARVALHO BASTOS;<\/span><\/p>\n<p><span style=\"font-size: 8pt\">GISELLE DE C\u00c1SSIA CARDOSO MARINHO;<\/span><\/p>\n<p><span style=\"font-size: 8pt\">LUCAS PEREIRA SOARES<\/span><\/td>\n<\/tr>\n<tr style=\"text-align: justify\">\n<td style=\"width: 5.99845%\" width=\"57\"><span style=\"font-size: 8pt\"><strong>13<\/strong><\/span><\/td>\n<td style=\"width: 62.429%\" width=\"416\"><span style=\"font-size: 8pt\">ONDA DE FRIO EM GOVERNADOR VALADARES, MG: MAIO DE 2022<\/span><\/td>\n<td style=\"width: 30.9858%\" width=\"208\"><span style=\"font-size: 8pt\">ARTHUR GOMES RODRIGUES MARINHO;<\/span><\/p>\n<p><span style=\"font-size: 8pt\">AUGUSTO DOS ANJOS SIQUEIRA;<\/span><\/p>\n<p><span style=\"font-size: 8pt\">DANIELA MARTINS CUNHA<\/span><\/td>\n<\/tr>\n<tr style=\"text-align: justify\">\n<td style=\"width: 5.99845%\" width=\"57\"><span style=\"font-size: 8pt\"><strong>14<\/strong><\/span><\/td>\n<td style=\"width: 62.429%\" width=\"416\"><span style=\"font-size: 8pt\">AN\u00c1LISE DA VARIA\u00c7\u00c3O MENSAL DAS CHUVAS CONSIDERANDO\u00a0 A NORMAL CLIMATOL\u00d3GICA 1991-2020: GOI\u00c2NIA-GO,\u00a0 SETEMBRO\/2021 A FEVEREIRO\/2022<\/span><\/td>\n<td style=\"width: 30.9858%\" width=\"208\">&nbsp;<\/p>\n<p><span style=\"font-size: 8pt\">GABRIEL FERREIRA SANTOS;<\/span><\/p>\n<p><span style=\"font-size: 8pt\">ANA CRISTINA ARA\u00daJO FOLI;<\/span><\/p>\n<p><span style=\"font-size: 8pt\">GISLAINE CRISTINA LUIZ<\/span><\/td>\n<\/tr>\n<tr style=\"text-align: justify\">\n<td style=\"width: 5.99845%\" width=\"57\"><span style=\"font-size: 8pt\"><strong>15<\/strong><\/span><\/td>\n<td style=\"width: 62.429%\" width=\"416\"><span style=\"font-size: 8pt\">VARIABILIDADE DE TEMPERATURA NO MUNIC\u00cdPIO DE POXOR\u00c9U \u2013 MT<\/span><\/td>\n<td style=\"width: 30.9858%\" width=\"208\"><span style=\"font-size: 8pt\">GIOVANNA LET\u00cdCIA DA SILVA MARCELINO;<\/span><\/p>\n<p><span style=\"font-size: 8pt\">JOS\u00c9 CARLOS UGEDA J\u00daNIOR;<\/span><\/p>\n<p><span style=\"font-size: 8pt\">\u00a0VAGNER PAZ MENGUE; DERLAN DA CRUZ FIGUEIREDO<\/span><\/td>\n<\/tr>\n<tr>\n<td style=\"text-align: justify;width: 5.99845%\" width=\"57\"><span style=\"font-size: 8pt\"><strong>16<\/strong><\/span><\/td>\n<td style=\"text-align: justify;width: 62.429%\" width=\"416\"><span style=\"font-size: 8pt\">EL NI\u00d1O E OS EFEITOS DA VARIABILIDADE PLUVIOM\u00c9TRICA SOBRE A PRODUTIVIDADE AGR\u00cdCOLA DO FEIJ\u00c3O EM MONTE SANTO \u2013 BAHIA ENTRE OS ANOS DE 2000 A 2020<\/span><\/td>\n<td style=\"width: 30.9858%\" width=\"208\">\n<p style=\"text-align: justify\"><span style=\"font-size: 8pt\">RAISSA RIBEIRO COSTA;<\/span><\/p>\n<p style=\"text-align: justify\"><span style=\"font-size: 8pt\">J\u00c9MISON MATTOS DOS SANTOS<\/span><\/p>\n<\/td>\n<\/tr>\n<\/tbody>\n<\/table>\n<p>&nbsp;<\/p>\n<p><strong>\u00a0<\/strong><\/p>\n<pre><strong>EIXO 2 \u2013 CLIMA E SA\u00daDE HUMANA<\/strong>\r\n\r\n<strong>01 DE AGOSTO DE 2023- TER\u00c7A-FEIRA DAS 14H \u00c0S 17H<\/strong>\r\n\r\n<strong>SALA 3<\/strong>\r\n\r\nCOORDENADOR: GLAUCO NONOSE NEGR\u00c3O\r\n\r\nAVALIADOR: NATACHA C\u00cdNTIA REGINA ALEIXO<\/pre>\n<table style=\"width: 96.2858%;height: 2688px\" width=\"691\">\n<tbody>\n<tr style=\"height: 72px\">\n<td style=\"width: 5.23256%;height: 72px\" width=\"39\"><\/td>\n<td style=\"text-align: center;width: 60.6105%;height: 72px\" width=\"416\"><span style=\"font-size: 8pt\"><strong>T\u00cdTULO DO TRABALHO<\/strong><\/span><\/td>\n<td style=\"text-align: center;width: 32.5486%;height: 72px\" width=\"236\"><span style=\"font-size: 8pt\"><strong>AUTORES<\/strong><\/span><\/td>\n<\/tr>\n<tr style=\"height: 168px\">\n<td style=\"width: 5.23256%;height: 168px\" width=\"39\"><span style=\"font-size: 8pt\"><strong>1<\/strong><\/span><\/td>\n<td style=\"width: 60.6105%;height: 168px\" width=\"416\">\n<p style=\"text-align: justify\"><span style=\"font-size: 8pt\">SAZONALIDADE E DOEN\u00c7AS DO APARELHO RESPIRAT\u00d3RIO EM BALNE\u00c1RIO CAMBORI\u00da\/SC<\/span><\/p>\n<\/td>\n<td style=\"text-align: justify;width: 32.5486%;height: 168px\" width=\"236\"><span style=\"font-size: 8pt\">GABRIELE KOBS RIBEIRO;<\/span><\/p>\n<p><span style=\"font-size: 8pt\">IAGO TURBA COSTA;<\/span><\/p>\n<p><span style=\"font-size: 8pt\">C\u00c1SSIO ARTHUR WOLLMANN<\/span><\/td>\n<\/tr>\n<tr style=\"text-align: justify\">\n<td style=\"width: 5.23256%;height: 120px\" width=\"39\"><span style=\"font-size: 8pt\"><strong>2<\/strong><\/span><\/td>\n<td style=\"width: 60.6105%;height: 120px\" width=\"416\"><span style=\"font-size: 8pt\">AN\u00c1LISE DOS \u00cdNDICES DE CALOR EM PARACATU-MG<\/span><\/td>\n<td style=\"width: 32.5486%;height: 120px\" width=\"236\"><span style=\"font-size: 8pt\">ARLEI TEODORO DE QUEIROZ;<\/span><\/p>\n<p><span style=\"font-size: 8pt\">GUSTAVO RABELO TAVARES<\/span><\/td>\n<\/tr>\n<tr style=\"text-align: justify\">\n<td style=\"width: 5.23256%;height: 120px\" width=\"39\"><span style=\"font-size: 8pt\"><strong>3<\/strong><\/span><\/td>\n<td style=\"width: 60.6105%;height: 120px\" width=\"416\"><span style=\"font-size: 8pt\">DOEN\u00c7AS CARDIORRESPIRAT\u00d3RIAS E EVENTOS EXTREMOS DE TEMPERATURA DO AR EM MANAUS\/AM<\/span><\/td>\n<td style=\"width: 32.5486%;height: 120px\" width=\"236\"><span style=\"font-size: 8pt\">BEATRIZ DA SILVA LIMA;<\/span><\/p>\n<p><span style=\"font-size: 8pt\">NATACHA C\u00cdNTIA REGINA ALEIXO<\/span><\/td>\n<\/tr>\n<tr style=\"text-align: justify\">\n<td style=\"width: 5.23256%;height: 120px\" width=\"39\"><span style=\"font-size: 8pt\"><strong>4<\/strong><\/span><\/td>\n<td style=\"width: 60.6105%;height: 120px\" width=\"416\"><span style=\"font-size: 8pt\">RIO DE JANEIRO E O CASO DA DENGUE: UMA AN\u00c1LISE GEOESPACIAL<\/span><\/td>\n<td style=\"width: 32.5486%;height: 120px\" width=\"236\"><span style=\"font-size: 8pt\">ERIC PONTES DA LUZ;<\/span><\/p>\n<p><span style=\"font-size: 8pt\">SERGIO LINS DE CARVALHO<\/span><\/td>\n<\/tr>\n<tr style=\"text-align: justify\">\n<td style=\"width: 5.23256%;height: 168px\" width=\"39\"><span style=\"font-size: 8pt\"><strong>5<\/strong><\/span><\/td>\n<td style=\"width: 60.6105%;height: 168px\" width=\"416\"><span style=\"font-size: 8pt\">AN\u00c1LISE DO CONFORTO T\u00c9RMICO DE RESID\u00caNCIAS NA FAVELA JARDIM COLOMBO &#8211; SP A PARTIR DO \u00cdNDICE TE<\/span><\/td>\n<td style=\"width: 32.5486%;height: 168px\" width=\"236\"><span style=\"font-size: 8pt\">CAROLINE FREIRE DOS SANTOS;<\/span><\/p>\n<p><span style=\"font-size: 8pt\">EMERSON GALVANI;<\/span><\/p>\n<p><span style=\"font-size: 8pt\">JO\u00c3O PAULO ASSIS GOBO<\/span><\/td>\n<\/tr>\n<tr style=\"text-align: justify\">\n<td style=\"width: 5.23256%;height: 264px\" width=\"39\"><span style=\"font-size: 8pt\"><strong>6<\/strong><\/span><\/td>\n<td style=\"width: 60.6105%;height: 264px\" width=\"416\"><span style=\"font-size: 8pt\">SENSA\u00c7\u00c3O T\u00c9RMICA E BEM ESTAR NO MUNIC\u00cdPIO DE LAGOA NOVA, SERRA DE SANTANA\/RIO GRANDE DO NORTE<\/span><\/td>\n<td style=\"width: 32.5486%;height: 264px\" width=\"236\"><span style=\"font-size: 8pt\">ANTONIEL JONES DOS SANTOS MARCOLINO;<\/span><\/p>\n<p><span style=\"font-size: 8pt\">RAILA MARIZ FARIA;<\/span><\/p>\n<p><span style=\"font-size: 8pt\">SUZINETE ARA\u00daJO DE AZEV\u00caDO N\u00d3BREGA;<\/span><\/p>\n<p><span style=\"font-size: 8pt\">REBECCA LUNA LUCENA<\/span><\/td>\n<\/tr>\n<tr style=\"text-align: justify\">\n<td style=\"width: 5.23256%;height: 264px\" width=\"39\"><span style=\"font-size: 8pt\"><strong>7<\/strong><\/span><\/td>\n<td style=\"width: 60.6105%;height: 264px\" width=\"416\"><span style=\"font-size: 8pt\">ONDAS DE CALOR E DE FRIO E SUA RELA\u00c7\u00c3O COM OS \u00d3BITOS POR MORBIDADES RESPIRAT\u00d3RIAS E CIRCULAT\u00d3RIAS NO MUNIC\u00cdPIO DO RIO DE JANEIRO &#8211; RJ<\/span><\/td>\n<td style=\"width: 32.5486%;height: 264px\" width=\"236\"><span style=\"font-size: 8pt\">JULIANA VILARDO MENDES;<\/span><\/p>\n<p><span style=\"font-size: 8pt\">N\u00daBIA BERAY ARMOND;<\/span><\/p>\n<p><span style=\"font-size: 8pt\">LUDMILLA DA SILVA VIANA JACOBSON;<\/span><\/p>\n<p><span style=\"font-size: 8pt\">LEONARDO CA\u00c7ADINI BIZERRA DA SILVA<\/span><\/td>\n<\/tr>\n<tr style=\"text-align: justify\">\n<td style=\"width: 5.23256%;height: 144px\" width=\"39\"><span style=\"font-size: 8pt\"><strong>8<\/strong><\/span><\/td>\n<td style=\"width: 60.6105%;height: 144px\" width=\"416\"><span style=\"font-size: 8pt\">AN\u00c1LISE SOBRE OS \u00cdNDICES DE CONFORTO T\u00c9RMICO HUMANO MAIS UTILIZADOS NO SEMI\u00c1RIDO BRASILEIRO<\/span><\/td>\n<td style=\"width: 32.5486%;height: 144px\" width=\"236\"><span style=\"font-size: 8pt\">FL\u00c1VIA INGRID BEZERRA PAIVA GOMES;<\/span><\/p>\n<p><span style=\"font-size: 8pt\">MARIA ELISA ZANELLA<\/span><\/td>\n<\/tr>\n<tr style=\"text-align: justify\">\n<td style=\"width: 5.23256%;height: 120px\" width=\"39\"><span style=\"font-size: 8pt\"><strong>9<\/strong><\/span><\/td>\n<td style=\"width: 60.6105%;height: 120px\" width=\"416\"><span style=\"font-size: 8pt\">CLIMA E SA\u00daDE: ANALISE DA RELA\u00c7AO ENTRE A PLUVIOSIDADE E TUBERCULOSE NA CIDADE DE MANAUS -AM<\/span><\/td>\n<td style=\"width: 32.5486%;height: 120px\" width=\"236\"><span style=\"font-size: 8pt\">RAYANE BRITO DE ALMEIDA;<\/span><\/p>\n<p><span style=\"font-size: 8pt\">REBECA TEIXEIRA DANTAS<\/span><\/td>\n<\/tr>\n<tr style=\"text-align: justify\">\n<td style=\"width: 5.23256%;height: 192px\" width=\"39\"><span style=\"font-size: 8pt\"><strong>10<\/strong><\/span><\/td>\n<td style=\"width: 60.6105%;height: 192px\" width=\"416\"><span style=\"font-size: 8pt\">AN\u00c1LISE DO MATERIAL PARTICULADO FINO (PM2.5) EM CIDADES AMAZ\u00d4NICAS: ESTUDO DE CASO EM MANAUS E ITACOATIARA &#8211; AMAZONAS<\/span><\/td>\n<td style=\"width: 32.5486%;height: 192px\" width=\"236\"><span style=\"font-size: 8pt\">LARISSA KRISTYNE CAMPOS DOS SANTOS;<\/span><\/p>\n<p><span style=\"font-size: 8pt\">LUCIOMAR DA SILVA ALMEIDA FILHO;<\/span><\/p>\n<p><span style=\"font-size: 8pt\">NATACHA C\u00cdNTIA REGINA ALEIXO<\/span><\/td>\n<\/tr>\n<tr style=\"text-align: justify\">\n<td style=\"width: 5.23256%;height: 96px\" width=\"39\"><span style=\"font-size: 8pt\"><strong>11<\/strong><\/span><\/td>\n<td style=\"width: 60.6105%;height: 96px\" width=\"416\"><span style=\"font-size: 8pt\">A CORRELA\u00c7\u00c3O ENTRE OS CASOS DE COVID-19\/SARS-COV-2 E OS ELEMENTOS CLIM\u00c1TICOS EM FORTALEZA\/CE.<\/span><\/td>\n<td style=\"width: 32.5486%;height: 96px\" width=\"236\"><span style=\"font-size: 8pt\">REBECCA NOGUEIRA LOPES<\/span><\/td>\n<\/tr>\n<tr style=\"text-align: justify\">\n<td style=\"width: 5.23256%;height: 96px\" width=\"39\"><span style=\"font-size: 8pt\"><strong>12<\/strong><\/span><\/td>\n<td style=\"width: 60.6105%;height: 96px\" width=\"416\"><span style=\"font-size: 8pt\">O SISTEMA CLIMA URBANO (SCU) APLICADO \u00c0 SA\u00daDE HUMANA EM MANAUS &#8211; AM<\/span><\/td>\n<td style=\"width: 32.5486%;height: 96px\" width=\"236\"><span style=\"font-size: 8pt\">RENATO FERREIRA DE SOUZA<\/span><\/td>\n<\/tr>\n<tr style=\"text-align: justify\">\n<td style=\"width: 5.23256%;height: 120px\" width=\"39\"><span style=\"font-size: 8pt\"><strong>13<\/strong><\/span><\/td>\n<td style=\"width: 60.6105%;height: 120px\" width=\"416\"><span style=\"font-size: 8pt\">RITMO HIDROCLIM\u00c1TICO, INUNDA\u00c7\u00d5ES URBANAS E MORBIDADE POR DIARREIAS AGUDAS EM MANAUS, AMAZONAS, BRASIL.<\/span><\/td>\n<td style=\"width: 32.5486%;height: 120px\" width=\"236\"><span style=\"font-size: 8pt\">MARCELA BELEZA DE CASTRO;<\/span><\/p>\n<p><span style=\"font-size: 8pt\">RAYANE BRITO DE ALMEIDA<\/span><\/td>\n<\/tr>\n<tr style=\"text-align: justify\">\n<td style=\"width: 5.23256%;height: 168px\" width=\"39\"><span style=\"font-size: 8pt\"><strong>14<\/strong><\/span><\/td>\n<td style=\"width: 60.6105%;height: 168px\" width=\"416\"><span style=\"font-size: 8pt\">SAZONALIDADE, DOEN\u00c7AS CARD\u00cdACAS E PRIVA\u00c7\u00c3O SOCIAL EM SANTA MARIA<\/span><\/td>\n<td style=\"width: 32.5486%;height: 168px\" width=\"236\"><span style=\"font-size: 8pt\">IAGO TURBA COSTA;<\/span><\/p>\n<p><span style=\"font-size: 8pt\">CASSIO ARTHUR WOLLMANN;<\/span><\/p>\n<p><span style=\"font-size: 8pt\">MAUR\u00cdCIO RIZZATTI<\/span><\/td>\n<\/tr>\n<tr style=\"text-align: justify\">\n<td style=\"width: 5.23256%;height: 168px\" width=\"39\"><span style=\"font-size: 8pt\"><strong>15<\/strong><\/span><\/td>\n<td style=\"width: 60.6105%;height: 168px\" width=\"416\"><span style=\"font-size: 8pt\">AVALIA\u00c7\u00c3O DE QUALIDADE DO AR EM DOIS ESTABELECIMENTOS COMERCIAIS COM O USO DE UM MICROCONTROLADOR ESP32<\/span><\/td>\n<td style=\"width: 32.5486%;height: 168px\" width=\"236\"><span style=\"font-size: 8pt\">ANDR\u00c9 LUIZ DE SOUZA CELARINO;<\/span><\/p>\n<p><span style=\"font-size: 8pt\">THIAGO GIEBMEYER<\/span><\/p>\n<p><span style=\"font-size: 8pt\">ODAIR MOREIRA DE SOUZA<\/span><\/td>\n<\/tr>\n<tr style=\"text-align: justify\">\n<td style=\"width: 5.23256%;height: 144px\" width=\"39\"><span style=\"font-size: 8pt\"><strong>16<\/strong><\/span><\/td>\n<td style=\"width: 60.6105%;height: 144px\" width=\"416\"><span style=\"font-size: 8pt\">CLIMA E MORBIDADE: SAZONALIDADE E INTERNA\u00c7\u00d5ES POR ASMA E PNEUMONIA EM CRIAN\u00c7AS E IDOSOS NO MUNIC\u00cdPIO DE CAMPINAS -SP<\/span><\/td>\n<td style=\"width: 32.5486%;height: 144px\" width=\"236\"><span style=\"font-size: 8pt\">ALLYNE ELLEN FERREIRA DE ARAUJO;<\/span><\/p>\n<p><span style=\"font-size: 8pt\">ALINE PASCOALINO<\/span><\/td>\n<\/tr>\n<tr style=\"height: 144px\">\n<td style=\"text-align: justify;width: 5.23256%;height: 144px\" width=\"39\"><span style=\"font-size: 8pt\"><strong>17<\/strong><\/span><\/td>\n<td style=\"text-align: justify;width: 60.6105%;height: 144px\" width=\"416\"><span style=\"font-size: 8pt\">O MATERIAL PARTICULADO: UMA BREVE CONTEXTUALIZA\u00c7\u00c3O SOBRE ESTE POLUENTE, SUAS IMPLICA\u00c7\u00d5ES AMBIENTAIS E O PAPEL DOS ELEMENTOS DO CLIMA NA INTERA\u00c7\u00c3O FONTES E RECEPTORES<\/span><\/td>\n<td style=\"width: 32.5486%;height: 144px\" width=\"236\">\n<p style=\"text-align: justify\"><span style=\"font-size: 8pt\">V\u00cdCTOR C\u00c9SAR DE SOUZA LIMA;<\/span><\/p>\n<p style=\"text-align: justify\"><span style=\"font-size: 8pt\">C\u00c1SSIA DE CASTRO MARTINS FERREIRA<\/span><\/p>\n<\/td>\n<\/tr>\n<\/tbody>\n<\/table>\n<p>&nbsp;<\/p>\n<p><strong>\u00a0<\/strong><\/p>\n<pre><strong>EIXO 3 \u2013 CLIMA URBANO E GERENCIAMENTO DE RISCOS<\/strong>\r\n\r\n<strong>01 DE AGOSTO DE 2023- TER\u00c7A-FEIRA DAS 13H30MIN \u00c0S 17H30MIN<\/strong>\r\n\r\n<strong>SALA 4<\/strong>\r\n\r\nCOORDENADOR: ELAIZ APARECIDA MENSCH BUFFON;\r\n\r\nAVALIADOR: NUBIA BERAY ARMOND<\/pre>\n<table style=\"width: 97.1526%\" width=\"699\">\n<tbody>\n<tr>\n<td style=\"width: 5.41311%\" width=\"57\"><strong>\u00a0<\/strong><\/td>\n<td style=\"text-align: center;width: 55.2707%\" width=\"364\"><span style=\"font-size: 10pt\"><strong>T\u00edtulo do trabalho<\/strong><\/span><\/td>\n<td style=\"text-align: center;width: 35.9114%\" width=\"278\"><span style=\"font-size: 10pt\"><strong>Autores<\/strong><\/span><\/td>\n<\/tr>\n<tr>\n<td style=\"width: 5.41311%\" width=\"57\"><span style=\"font-size: 8pt\"><strong>1<\/strong><\/span><\/td>\n<td style=\"width: 55.2707%\" width=\"364\">\n<p style=\"text-align: justify\"><span style=\"font-size: 8pt\">AN\u00c1LISE INTEGRADA DAS \u00c1REAS DE PRESERVA\u00c7\u00c3O PERMANENTE DE RIOS COM O RISCO DE INUNDA\u00c7\u00c3O: APLICA\u00c7\u00c3O NA SUB-BACIA DO RIO ATUBA, PARAN\u00c1-BRASIL<\/span><\/p>\n<\/td>\n<td style=\"text-align: justify;width: 35.9114%\" width=\"278\"><span style=\"font-size: 8pt\">ELAIZ APARECIDA MENSCH BUFFON;<\/span><\/p>\n<p><span style=\"font-size: 8pt\">AMANDA MACHADO DE ALMEIDA<\/span><\/td>\n<\/tr>\n<tr style=\"text-align: justify\">\n<td style=\"width: 5.41311%\" width=\"57\"><span style=\"font-size: 8pt\"><strong>2<\/strong><\/span><\/td>\n<td style=\"width: 55.2707%\" width=\"364\"><span style=\"font-size: 8pt\">AN\u00c1LISE DOS SUBSISTEMAS DO CLIMA URBANO NO BAIRRO DA V\u00c1RZEA EM RECIFE-PE<\/span><\/td>\n<td style=\"width: 35.9114%\" width=\"278\"><span style=\"font-size: 8pt\">TAMIRES GABRYELE DE LIMA MENDES;<\/span><\/p>\n<p><span style=\"font-size: 8pt\">RAFAELA MELISSA ANDRADE FERREIRA;<\/span><\/p>\n<p><span style=\"font-size: 8pt\">PABLO WESLEY ALVES DE OLIVEIRA;<\/span><\/p>\n<p><span style=\"font-size: 8pt\">CRISTIANA COUTINHO DUARTE<\/span><\/td>\n<\/tr>\n<tr style=\"text-align: justify\">\n<td style=\"width: 5.41311%\" width=\"57\"><span style=\"font-size: 8pt\"><strong>3<\/strong><\/span><\/td>\n<td style=\"width: 55.2707%\" width=\"364\"><span style=\"font-size: 8pt\">MODELAGEM DAS TEMPERATURAS DO AR DO CAMPUS UNIVERSIT\u00c1RIO DA UNIVERSIDADE ESTADUAL DE FEIRA DE SANTANA-BA (UEFS)<\/span><\/td>\n<td style=\"width: 35.9114%\" width=\"278\"><span style=\"font-size: 8pt\">TAYSE LIMA DE BRITO GUIMAR\u00c3ES<\/span><\/td>\n<\/tr>\n<tr style=\"text-align: justify\">\n<td style=\"width: 5.41311%\" width=\"57\"><span style=\"font-size: 8pt\"><strong>4<\/strong><\/span><\/td>\n<td style=\"width: 55.2707%\" width=\"364\"><span style=\"font-size: 8pt\">EVENTOS CLIM\u00c1TICOS DE TEMPERATURA DO AR EM PRESIDENTE PRUDENTE &#8211; SP<\/span><\/td>\n<td style=\"width: 35.9114%\" width=\"278\"><span style=\"font-size: 8pt\">GUSTAVO HENRIQUE PEREIRA DA SILVA;<\/span><\/p>\n<p><span style=\"font-size: 8pt\">MARGARETE CRISTIANE DE COSTA TRINDADE AMORIM;<\/span><\/p>\n<p><span style=\"font-size: 8pt\">VINCENT DUBREUIL<\/span><\/td>\n<\/tr>\n<tr style=\"text-align: justify\">\n<td style=\"width: 5.41311%\" width=\"57\"><span style=\"font-size: 8pt\"><strong>5<\/strong><\/span><\/td>\n<td style=\"width: 55.2707%\" width=\"364\"><span style=\"font-size: 8pt\">A IMPORT\u00c2NCIA DA ARBORIZA\u00c7\u00c3O E SUA INFLU\u00caNCIA NA TEMPERATURA: ESTUDO REALIZADO NO IFMG, CAMPUS GOVERNADOR VALADARES EM 2022<\/span><\/td>\n<td style=\"width: 35.9114%\" width=\"278\"><span style=\"font-size: 8pt\">TAIN\u00c1 CAROLINE DE SOUZA CARMO;<\/span><\/p>\n<p><span style=\"font-size: 8pt\">LET\u00cdCIA LACERDA ANDRADE DORNELAS; DANIELA MARTINS CUNHA<\/span><\/td>\n<\/tr>\n<tr style=\"text-align: justify\">\n<td style=\"width: 5.41311%\" width=\"57\"><span style=\"font-size: 8pt\"><strong>6<\/strong><\/span><\/td>\n<td style=\"width: 55.2707%\" width=\"364\"><span style=\"font-size: 8pt\">ESTUDOS PRELIMINARES DE INDICADORES DE VULNERABILIDADE ASSOCIADOS \u00c0 VARIA\u00c7\u00d5ES DE TEMPERATURAS EM AMBIENTES INTERNOS EM HABITA\u00c7\u00d5ES NO BAIRRO DA TIJUCA &#8211; RIO DE JANEIRO<\/span><\/td>\n<td style=\"width: 35.9114%\" width=\"278\"><span style=\"font-size: 8pt\">PATRICK DO NASCIMENTO DA SILVA;<\/span><\/p>\n<p><span style=\"font-size: 8pt\">ANA BEATRIZ CASTRO DOS SANTOS;<\/span><\/p>\n<p><span style=\"font-size: 8pt\">HIGOR LOPES BARCELOS;<\/span><\/p>\n<p><span style=\"font-size: 8pt\">NUBIA BERAY ARMOND<\/span><\/td>\n<\/tr>\n<tr style=\"text-align: justify\">\n<td style=\"width: 5.41311%\" width=\"57\"><span style=\"font-size: 8pt\"><strong>7<\/strong><\/span><\/td>\n<td style=\"width: 55.2707%\" width=\"364\"><span style=\"font-size: 8pt\">CARACTERIZA\u00c7\u00c3O DE RISCO A EVENTOS HIDROL\u00d3GICOS CR\u00cdTICOS EM BACIAS URBANAS DA CIDADE DE FORTALEZA \u2013 CE BASEADOS EM INVESTIMENTOS NO PLANEJAMENTO URBANO MUNICIPAL<\/span><\/td>\n<td style=\"width: 35.9114%\" width=\"278\"><span style=\"font-size: 8pt\">LUIS FELIPE SANTOS MOURA<\/span><\/td>\n<\/tr>\n<tr style=\"text-align: justify\">\n<td style=\"width: 5.41311%\" width=\"57\"><span style=\"font-size: 8pt\"><strong>8<\/strong><\/span><\/td>\n<td style=\"width: 55.2707%\" width=\"364\"><span style=\"font-size: 8pt\">IDENTIFICA\u00c7\u00c3O DE ESTADOS DE TEMPO ATMOSF\u00c9RICOS EMPREGANDO AN\u00c1LISE DE AGRUPAMENTOS PARA O ESTUDO DO CLIMA URBANO<\/span><\/td>\n<td style=\"width: 35.9114%\" width=\"278\"><span style=\"font-size: 8pt\">FRANCISCO RESENDE DE ALBUQUERQUE;<\/span><\/p>\n<p><span style=\"font-size: 8pt\">EDUARDO RODRIGUES VIANA DE LIMA;<\/span><\/p>\n<p><span style=\"font-size: 8pt\">JOEL SILVA DOS SANTOS<\/span><\/td>\n<\/tr>\n<tr style=\"text-align: justify\">\n<td style=\"width: 5.41311%\" width=\"57\"><span style=\"font-size: 8pt\"><strong>9<\/strong><\/span><\/td>\n<td style=\"width: 55.2707%\" width=\"364\"><span style=\"font-size: 8pt\">AN\u00c1LISE T\u00c9RMICA DA REGI\u00c3O CIDADE ALTA E SUAS VARIA\u00c7\u00d5ES: A INFLU\u00caNCIA DAS VARI\u00c1VEIS ANTR\u00d3PICAS E AMBIENTAIS NO CLIMA LOCAL<\/span><\/td>\n<td style=\"width: 35.9114%\" width=\"278\"><span style=\"font-size: 8pt\">GLAUCIA DUR\u00c3ES SCHEFFER;<\/span><\/p>\n<p><span style=\"font-size: 8pt\">ANA CAROLINA LENZ DE ASSIS;<\/span><\/p>\n<p><span style=\"font-size: 8pt\">YAN CARLOS GOMES VIANNA3 C\u00c1SSIA DE CASTRO MARTINS FERREIRA<\/span><\/td>\n<\/tr>\n<tr style=\"text-align: justify\">\n<td style=\"width: 5.41311%\" width=\"57\"><span style=\"font-size: 8pt\"><strong>10<\/strong><\/span><\/td>\n<td style=\"width: 55.2707%\" width=\"364\"><span style=\"font-size: 8pt\">AN\u00c1LISE DA VARIA\u00c7\u00c3O DA TEMPERATURA E UMIDADE DO AR NO CENTRO HIST\u00d3RICO DE S\u00c3O LU\u00cdS E SEUS \u00cdNDICES DE CONFORTO T\u00c9RMICO (ICT)<\/span><\/td>\n<td style=\"width: 35.9114%\" width=\"278\"><span style=\"font-size: 8pt\">AMANDA MOUR\u00c3O DA SILVA;<\/span><\/p>\n<p><span style=\"font-size: 8pt\">ARTUR DE ARA\u00daJO VIANA;<\/span><\/p>\n<p><span style=\"font-size: 8pt\">SHAFIRA EMYLLE SANTOS SOARES<\/span><\/td>\n<\/tr>\n<tr style=\"text-align: justify\">\n<td style=\"width: 5.41311%\" width=\"57\"><span style=\"font-size: 8pt\"><strong>11<\/strong><\/span><\/td>\n<td style=\"width: 55.2707%\" width=\"364\"><span style=\"font-size: 8pt\">PREFER\u00caNCIA T\u00c9RMICA E AVALIA\u00c7\u00c3O DE CONFORTO EM AMBIENTE EXTERNO EM PER\u00cdODO DE BAIXA TEMPERATURA NA CIDADE UNIVERSIT\u00c1RIA DE DOURADOS (MS)<\/span><\/td>\n<td style=\"width: 35.9114%\" width=\"278\"><span style=\"font-size: 8pt\">PRISCILA MOREIRA SANTOS;<\/span><\/p>\n<p><span style=\"font-size: 8pt\">CHARLEI APARECIDO DA SILVA<\/span><\/td>\n<\/tr>\n<tr style=\"text-align: justify\">\n<td style=\"width: 5.41311%\" width=\"57\"><span style=\"font-size: 8pt\"><strong>12<\/strong><\/span><\/td>\n<td style=\"width: 55.2707%\" width=\"364\"><span style=\"font-size: 8pt\">O BALAN\u00c7O DE SUMIDOURO DE CARBONO E CONDI\u00c7\u00d5ES METEOROL\u00d3GICAS NA CIDADE DO RIO DE JANEIRO\/BRASIL<\/span><\/td>\n<td style=\"width: 35.9114%\" width=\"278\"><span style=\"font-size: 8pt\">JULIANA RODRIGUES PAIM;<\/span><\/p>\n<p><span style=\"font-size: 8pt\">MAX ANJOS;<\/span><\/p>\n<p><span style=\"font-size: 8pt\">ANDREWS JOS\u00c9 DE LUCENA<\/span><\/td>\n<\/tr>\n<tr style=\"text-align: justify\">\n<td style=\"width: 5.41311%\" width=\"57\"><span style=\"font-size: 8pt\"><strong>13<\/strong><\/span><\/td>\n<td style=\"width: 55.2707%\" width=\"364\"><span style=\"font-size: 8pt\">VARIA\u00c7\u00c3O T\u00c9RMICA DO AR NA CIDADE DE ITAJUB\u00c1\/MG EM UM EPIS\u00d3DIO CLIM\u00c1TICO DE INVERNO: PRIMEIROS EXPERIMENTOS<\/span><\/td>\n<td style=\"width: 35.9114%\" width=\"278\"><span style=\"font-size: 8pt\">RAFAEL RODRIGUES FERREIRA;<\/span><\/p>\n<p><span style=\"font-size: 8pt\">ALINE PASCOALINO<\/span><\/td>\n<\/tr>\n<tr style=\"text-align: justify\">\n<td style=\"width: 5.41311%\" width=\"57\"><span style=\"font-size: 8pt\"><strong>14<\/strong><\/span><\/td>\n<td style=\"width: 55.2707%\" width=\"364\"><span style=\"font-size: 8pt\">AVALIA\u00c7\u00c3O DE EVENTO PLUVIAL E EPIS\u00d3DIO DE INUNDA\u00c7\u00c3O NA SUB-BACIA DO RIO ATUBA &#8211; CURITIBA E RMC\/PR<\/span><\/td>\n<td style=\"width: 35.9114%\" width=\"278\"><span style=\"font-size: 8pt\">AMANDA MACHADO DE ALMEIDA<\/span><\/p>\n<p><span style=\"font-size: 8pt\">REBEKA APARECIDA ALMEIDA DOS SANTOS<\/span><\/p>\n<p><span style=\"font-size: 8pt\">ELAIZ APARECIDA MENSCH BUFFON;<\/span><\/td>\n<\/tr>\n<tr style=\"text-align: justify\">\n<td style=\"width: 5.41311%\" width=\"57\"><span style=\"font-size: 8pt\"><strong>15<\/strong><\/span><\/td>\n<td style=\"width: 55.2707%\" width=\"364\"><span style=\"font-size: 8pt\">CLIMA URBANO, RA\u00c7A E VULNERABILIDADE NO MUNIC\u00cdPIO DO RIO DE JANEIRO \u2013 RJ.<\/span><\/td>\n<td style=\"width: 35.9114%\" width=\"278\"><span style=\"font-size: 8pt\">ANA BEATRIZ CASTRO;<\/span><\/p>\n<p><span style=\"font-size: 8pt\">PATRICK NASCIMENTO;<\/span><\/p>\n<p><span style=\"font-size: 8pt\">HIGOR LOPES BARCELOS;<\/span><\/p>\n<p><span style=\"font-size: 8pt\">N\u00daBIA BERAY ARMOND<\/span><\/td>\n<\/tr>\n<tr>\n<td style=\"text-align: justify;width: 5.41311%\" width=\"57\"><span style=\"font-size: 8pt\"><strong>16<\/strong><\/span><\/td>\n<td style=\"text-align: justify;width: 55.2707%\" width=\"364\"><span style=\"font-size: 8pt\">TEMPO ATMOSF\u00c9RICO, CLIMA E ENTREGADORES POR APLICATIVO: UMA AN\u00c1LISE BIBLIOGR\u00c1FICA<\/span><\/td>\n<td style=\"width: 35.9114%\" width=\"278\">\n<p style=\"text-align: justify\"><span style=\"font-size: 8pt\">SOFIA SIQUEIRA LIMA<\/span><\/p>\n<\/td>\n<\/tr>\n<\/tbody>\n<\/table>\n<p>&nbsp;<\/p>\n<p><strong>\u00a0<\/strong><\/p>\n<pre><strong>EIXO 3 \u2013 CLIMA URBANO E GERENCIAMENTO DE RISCOS<\/strong>\r\n\r\n<strong>02 DE AGOSTO DE 2023- QUARTA-FEIRA DAS 13H30MIN \u00c0S 17H30MIN<\/strong>\r\n\r\n<strong>SALA 3<\/strong>\r\n\r\nCOORDENADOR: RENAN VAL\u00c9RIO EDUVIRGEM\r\n\r\nAVALIADOR: JO\u00c3O PAULO ASSIS GOBO<\/pre>\n<table style=\"width: 98.0105%\" width=\"709\">\n<tbody>\n<tr>\n<td style=\"width: 5.35966%\" width=\"47\"><\/td>\n<td style=\"text-align: center;width: 56.9731%\" width=\"416\"><span style=\"font-size: 10pt\"><strong>T\u00cdTULO DO TRABALHO<\/strong><\/span><\/td>\n<td style=\"text-align: center;width: 34.5693%\" width=\"246\"><span style=\"font-size: 10pt\"><strong>AUTORES<\/strong><\/span><\/td>\n<\/tr>\n<tr>\n<td style=\"width: 5.35966%\" width=\"47\"><span style=\"font-size: 8pt\"><strong>1<\/strong><\/span><\/td>\n<td style=\"width: 56.9731%\" width=\"416\">\n<p style=\"text-align: justify\"><span style=\"font-size: 8pt\">AN\u00c1LISE EPIS\u00d3DICA DA ESTRUTURA VERTICAL DA ATMOSFERA URBANA NO CANYON DA AVENIDA RIO BRANCO (RIO DE JANEIRO)<\/span><\/p>\n<\/td>\n<td style=\"text-align: justify;width: 34.5693%\" width=\"246\"><span style=\"font-size: 8pt\">ANTONIO CARLOS DA SILVA OSCAR J\u00daNIOR;<\/span><\/p>\n<p><span style=\"font-size: 8pt\">LIDIANE DE OLIVEIRA LEMOS;<\/span><\/p>\n<p><span style=\"font-size: 8pt\">VICTOR HUGO DOS SANTOS LAGE<\/span><\/td>\n<\/tr>\n<tr style=\"text-align: justify\">\n<td style=\"width: 5.35966%\" width=\"47\"><span style=\"font-size: 8pt\"><strong>2<\/strong><\/span><\/td>\n<td style=\"width: 56.9731%\" width=\"416\"><span style=\"font-size: 8pt\">CLIMA URBANO E POPULA\u00c7\u00c3O EM SITUA\u00c7\u00c3O DE RUA: CONTRIBUI\u00c7\u00d5ES A PARTIR DE TRABALHOS DE CAMPO NO RIO DE JANEIRO &#8211; RJ<\/span><\/td>\n<td style=\"width: 34.5693%\" width=\"246\"><span style=\"font-size: 8pt\">GIOVANA TEODORA DE JESUS FALEIRO<\/span><\/td>\n<\/tr>\n<tr style=\"text-align: justify\">\n<td style=\"width: 5.35966%\" width=\"47\"><span style=\"font-size: 8pt\"><strong>3<\/strong><\/span><\/td>\n<td style=\"width: 56.9731%\" width=\"416\"><span style=\"font-size: 8pt\">AN\u00c1LISE EPIS\u00d3DICA DE OUTONO DA TEMPERATURA DO AR EM ERECHIM<\/span><\/td>\n<td style=\"width: 34.5693%\" width=\"246\"><span style=\"font-size: 8pt\">EDUARDA REGINA AGNOLIN<\/span><\/p>\n<p><span style=\"font-size: 8pt\">PEDRO MURARA<\/span><\/td>\n<\/tr>\n<tr style=\"text-align: justify\">\n<td style=\"width: 5.35966%\" width=\"47\"><span style=\"font-size: 8pt\"><strong>4<\/strong><\/span><\/td>\n<td style=\"width: 56.9731%\" width=\"416\"><span style=\"font-size: 8pt\">FRAGILIDADE CLIM\u00c1TICA DA BACIA HIDROGR\u00c1FICA DO RIO PIRACURUCA<\/span><\/td>\n<td style=\"width: 34.5693%\" width=\"246\"><span style=\"font-size: 8pt\">FRANC\u00cdLIO DE AMORIM DOS SANTOS<\/span><\/td>\n<\/tr>\n<tr style=\"text-align: justify\">\n<td style=\"width: 5.35966%\" width=\"47\"><span style=\"font-size: 8pt\"><strong>5<\/strong><\/span><\/td>\n<td style=\"width: 56.9731%\" width=\"416\"><span style=\"font-size: 8pt\">DIFEREN\u00c7AS ESPACIAIS NA TEMPERATURA DE SUPERF\u00cdCIE E CONFORTO T\u00c9RMICO NO PER\u00cdMETRO URBANO DE RIO BRANCO-ACRE<\/span><\/td>\n<td style=\"width: 34.5693%\" width=\"246\"><span style=\"font-size: 8pt\">FRANCISCO IVAM CASTRO DO NASCIMENTO;<\/span><\/p>\n<p><span style=\"font-size: 8pt\">ALDANI BRAZ CARVALHO; JO\u00c3O PAULO ASSIS GOBO<\/span><\/td>\n<\/tr>\n<tr style=\"text-align: justify\">\n<td style=\"width: 5.35966%\" width=\"47\"><span style=\"font-size: 8pt\"><strong>6<\/strong><\/span><\/td>\n<td style=\"width: 56.9731%\" width=\"416\"><span style=\"font-size: 8pt\">MEM\u00d3RIAS DOS DESASTRES AMBIENTAIS NA \u00c1REA DE RISCO \u201cRIO GRANJEIRO\u201d EM CRATO, NO CEAR\u00c1<\/span><\/td>\n<td style=\"width: 34.5693%\" width=\"246\"><span style=\"font-size: 8pt\">ANT\u00d4NIA CARLOS DA SILVA;<\/span><\/p>\n<p><span style=\"font-size: 8pt\">MARCELO DE OLIVEIRA MOURA<\/span><\/td>\n<\/tr>\n<tr style=\"text-align: justify\">\n<td style=\"width: 5.35966%\" width=\"47\"><span style=\"font-size: 8pt\"><strong>7<\/strong><\/span><\/td>\n<td style=\"width: 56.9731%\" width=\"416\"><span style=\"font-size: 8pt\">A FLORESTA URBANA DA JAGUARANA E SUA INFLU\u00caNCIA NO CLIMA DO BAIRRO DE MARANGUAPE II \u2013 PAULISTA\/PE<\/span><\/td>\n<td style=\"width: 34.5693%\" width=\"246\"><span style=\"font-size: 8pt\">RENDERSON FERREIRA DE LIMA;<\/span><\/p>\n<p><span style=\"font-size: 8pt\">TAMIRES GABRYELE DE LIMA MENDES;<\/span><\/p>\n<p><span style=\"font-size: 8pt\">RAFAELA MELISSA ANDRADE FERREIRA;<\/span><\/p>\n<p><span style=\"font-size: 8pt\">CRISTIANA COUTINHO DUARTE<\/span><\/td>\n<\/tr>\n<tr style=\"text-align: justify\">\n<td style=\"width: 5.35966%\" width=\"47\"><span style=\"font-size: 8pt\"><strong>8<\/strong><\/span><\/td>\n<td style=\"width: 56.9731%\" width=\"416\"><span style=\"font-size: 8pt\">EFEITO DA ARBORIZA\u00c7\u00c3O NA TEMPERATURA DO AR E NO FATOR DE VIS\u00c3O DO C\u00c9U NO BAIRRO DO IMIRIM, NA ZONA NORTE DE S\u00c3O PAULO (SP)<\/span><\/td>\n<td style=\"width: 34.5693%\" width=\"246\"><span style=\"font-size: 8pt\">ANA LUIZA THOMAZ DA SILVA;<\/span><\/p>\n<p><span style=\"font-size: 8pt\">MARIA ELISA SIQUEIRA SILVA<\/span><\/td>\n<\/tr>\n<tr style=\"text-align: justify\">\n<td style=\"width: 5.35966%\" width=\"47\"><span style=\"font-size: 8pt\"><strong>9<\/strong><\/span><\/td>\n<td style=\"width: 56.9731%\" width=\"416\"><span style=\"font-size: 8pt\">AVALIA\u00c7\u00c3O POTENCIAL DO USO DA TECNOLOGIA ARDUINO PARA A COLETA DE DADOS METEOROL\u00d3GICOS<\/span><\/td>\n<td style=\"width: 34.5693%\" width=\"246\"><span style=\"font-size: 8pt\">GIOVANNI REGAZZO<\/span><\/td>\n<\/tr>\n<tr style=\"text-align: justify\">\n<td style=\"width: 5.35966%\" width=\"47\"><span style=\"font-size: 8pt\"><strong>10<\/strong><\/span><\/td>\n<td style=\"width: 56.9731%\" width=\"416\"><span style=\"font-size: 8pt\">APLICA\u00c7\u00c3O DA METODOLOGIA UCMAP VISANDO O MAPEAMENTO T\u00c9RMICO URBANO E A IDENTIFICA\u00c7\u00c3O DE ILHAS DE CALOR NA CIDADE DE SOBRAL, CEAR\u00c1<\/span><\/td>\n<td style=\"width: 34.5693%\" width=\"246\"><span style=\"font-size: 8pt\">FRANCISCA MAIRLA GOMES BRASILEIRO;<\/span><\/p>\n<p><span style=\"font-size: 8pt\">LIDIA GOMES DE CASTRO; MARIA ELISA ZANELLA<\/span><\/td>\n<\/tr>\n<tr style=\"text-align: justify\">\n<td style=\"width: 5.35966%\" width=\"47\"><span style=\"font-size: 8pt\"><strong>11<\/strong><\/span><\/td>\n<td style=\"width: 56.9731%\" width=\"416\"><span style=\"font-size: 8pt\">VARIA\u00c7\u00c3O DA TEMPERATURA DE SUPERF\u00cdCIE NA ORLA CENTRAL DE BALNE\u00c1RIO CAMBORI\u00da \u2013 SC: UMA PERSPECTIVA P\u00d3S ENGORDAMENTO ARTIFICIAL<\/span><\/td>\n<td style=\"width: 34.5693%\" width=\"246\"><span style=\"font-size: 8pt\">OT\u00c1VIO BAUMHARDT;<\/span><\/p>\n<p><span style=\"font-size: 8pt\">GISIELI KRAMER;<\/span><\/p>\n<p><span style=\"font-size: 8pt\">VANESSA OLIVEIRA BORGES;<\/span><\/p>\n<p><span style=\"font-size: 8pt\">C\u00c1SSIO ARTHUR WOLLMANN<\/span><\/td>\n<\/tr>\n<tr style=\"text-align: justify\">\n<td style=\"width: 5.35966%\" width=\"47\"><span style=\"font-size: 8pt\"><strong>12<\/strong><\/span><\/td>\n<td style=\"width: 56.9731%\" width=\"416\"><span style=\"font-size: 8pt\">AN\u00c1LISE DE VARI\u00c1VEIS METEOROL\u00d3GICAS NOS LOTES EXTERNOS DA FAVELA TITO SILVA, JO\u00c3O PESSOA\/PB: EXPERIMENTO EM PER\u00cdODO CHUVOSO E \u00daMIDO<\/span><\/td>\n<td style=\"width: 34.5693%\" width=\"246\"><span style=\"font-size: 8pt\">ANDERSON VITOR LOPES DIAS;<\/span><\/p>\n<p><span style=\"font-size: 8pt\">MARCELO DE OLIVEIRA MOURA;<\/span><\/p>\n<p><span style=\"font-size: 8pt\">PABLO WESLEY ALVES DE OLIVEIRA;<\/span><\/p>\n<p><span style=\"font-size: 8pt\">BHREENDA\u00a0 MAYHARA DA SILVA SANTOS<\/span><\/td>\n<\/tr>\n<tr style=\"text-align: justify\">\n<td style=\"width: 5.35966%\" width=\"47\"><span style=\"font-size: 8pt\"><strong>13<\/strong><\/span><\/td>\n<td style=\"width: 56.9731%\" width=\"416\"><span style=\"font-size: 8pt\">INUNDA\u00c7\u00d5ES URBANAS: AN\u00c1LISE DOS IMPACTOS EM S\u00c3O GON\u00c7ALO (RJ) ENTRE OS ANOS DE 2005 E 2018.<\/span><\/td>\n<td style=\"width: 34.5693%\" width=\"246\"><span style=\"font-size: 8pt\">CARLOS AUGUSTO ABREU T\u00d3RNIO;<\/span><\/p>\n<p><span style=\"font-size: 8pt\">MARIA LUIZA F\u00c9LIX MARQUES KEDE<\/span><\/td>\n<\/tr>\n<tr style=\"text-align: justify\">\n<td style=\"width: 5.35966%\" width=\"47\"><span style=\"font-size: 8pt\"><strong>14<\/strong><\/span><\/td>\n<td style=\"width: 56.9731%\" width=\"416\"><span style=\"font-size: 8pt\">O PADR\u00c3O CONSTRUTIVO E SEU EFEITO NA DIN\u00c2MICAS CLIM\u00c1TICA INTRA-URBANA NO BAIRRO DE CAMPO GRANDE \u2013 RIO DE JANEIRO (RJ)<\/span><\/td>\n<td style=\"width: 34.5693%\" width=\"246\"><span style=\"font-size: 8pt\">HIGOR LOPES BARCELOS;<\/span><\/p>\n<p><span style=\"font-size: 8pt\">NUBIA BERAY ARMOND;<\/span><\/p>\n<p><span style=\"font-size: 8pt\">ANA BEATRIZ CASTRO;<\/span><\/p>\n<p><span style=\"font-size: 8pt\">PATRICK NASCIMENTO<\/span><\/td>\n<\/tr>\n<tr style=\"text-align: justify\">\n<td style=\"width: 5.35966%\" width=\"47\"><span style=\"font-size: 8pt\"><strong>15<\/strong><\/span><\/td>\n<td style=\"width: 56.9731%\" width=\"416\"><span style=\"font-size: 8pt\">ILHAS DE CALOR SUPERFICIAIS EM PRESIDENTE PRUDENTE (SP) E SUA RELA\u00c7\u00c3O COM OS ELEMENTOS CLIM\u00c1TICOS E ADENSAMENTO VEGETATIVO<\/span><\/td>\n<td style=\"width: 34.5693%\" width=\"246\"><span style=\"font-size: 8pt\">WILLIAM MIYAKAVA;<\/span><\/p>\n<p><span style=\"font-size: 8pt\">MARGARETE CRISTIANE DE COSTA TRINDADE AMORIM<\/span><\/td>\n<\/tr>\n<tr style=\"text-align: justify\">\n<td style=\"width: 5.35966%\" width=\"47\"><span style=\"font-size: 8pt\"><strong>16<\/strong><\/span><\/td>\n<td style=\"width: 56.9731%\" width=\"416\"><span style=\"font-size: 8pt\">UMA AN\u00c1LISE DA RELA\u00c7\u00c3O ENTRE AS ZONAS CLIM\u00c1TICAS URBANAS E A TEMPERATURA DE SUPERF\u00cdCIE: UM ESTUDO DE CASO NA CIDADE DE VI\u00c7OSA-MG.<\/span><\/td>\n<td style=\"width: 34.5693%\" width=\"246\"><span style=\"font-size: 8pt\">MARCELA CRISTINE DE ASSIS MACEDO;<\/span><\/p>\n<p><span style=\"font-size: 8pt\">NORTON C\u00c9SAR DA SILVA ALMEIDA;<\/span><\/p>\n<p><span style=\"font-size: 8pt\">EDSON SOARES FIALHO<\/span><\/td>\n<\/tr>\n<tr>\n<td style=\"text-align: justify;width: 5.35966%\" width=\"47\"><span style=\"font-size: 8pt\"><strong>17<\/strong><\/span><\/td>\n<td style=\"text-align: justify;width: 56.9731%\" width=\"416\"><span style=\"font-size: 8pt\">CONSIDERA\u00c7\u00d5ES SOBRE A TEMPERATURA DE SUPERF\u00cdCIE DO BAIRRO JORD\u00c3O DE GUARAPUAVA, PARAN\u00c1<\/span><\/td>\n<td style=\"width: 34.5693%\" width=\"246\">\n<p style=\"text-align: justify\"><span style=\"font-size: 8pt\">VAGNER ALEXANDRE RIBEIRO ANTONIO;<\/span><\/p>\n<p style=\"text-align: justify\"><span style=\"font-size: 8pt\">GLAUCO NONOSE NEGR\u00c3O;<\/span><\/p>\n<p style=\"text-align: justify\"><span style=\"font-size: 8pt\">RENAN VAL\u00c9RIO EDUVIRGEM<\/span><\/p>\n<\/td>\n<\/tr>\n<\/tbody>\n<\/table>\n<p>&nbsp;<\/p>\n<p><strong>\u00a0<\/strong><\/p>\n<pre><strong>EIXO 3 \u2013 CLIMA URBANO E GERENCIAMENTO DE RISCOS<\/strong>\r\n\r\n<strong>03 DE AGOSTO DE 2023 - QUINTA-FEIRA DAS 08H30MIN \u00c0S 12H30MIN<\/strong>\r\n\r\n<strong>SALA 2<\/strong>\r\n\r\nCOORDENADOR: LEANDRO REDIN VESTENA\r\n\r\nAVALIADOR: GISLENE FIGUEIREDO ORTIZ PORANGABA<\/pre>\n<table style=\"width: 97.4244%\" width=\"690\">\n<tbody>\n<tr>\n<td style=\"width: 5.23256%\" width=\"47\"><\/td>\n<td style=\"text-align: center;width: 61.1919%\" width=\"416\"><span style=\"font-size: 10pt\"><strong>T\u00cdTULO DO TRABALHO<\/strong><\/span><\/td>\n<td style=\"text-align: center;width: 33.1387%\" width=\"227\"><span style=\"font-size: 10pt\"><strong>AUTORES<\/strong><\/span><\/td>\n<\/tr>\n<tr>\n<td style=\"width: 5.23256%\" width=\"47\"><span style=\"font-size: 8pt\"><strong>1<\/strong><\/span><\/td>\n<td style=\"width: 61.1919%\" width=\"416\">\n<p style=\"text-align: justify\"><span style=\"font-size: 8pt\">EVENTOS EXTREMOS DE CHUVA E OCORR\u00caNCIAS DE INUNDA\u00c7\u00c3O NA SEDE URBANA DO MUNIC\u00cdPIO DE GANDU, BAHIA, ENTRE 1989 E 2018<\/span><\/p>\n<\/td>\n<td style=\"text-align: justify;width: 33.1387%\" width=\"227\"><span style=\"font-size: 8pt\">SAMUEL DE AMARAL MACEDO;<\/span><\/p>\n<p><span style=\"font-size: 8pt\">VINICIUS FERREIRA LUNA<\/span><\/td>\n<\/tr>\n<tr style=\"text-align: justify\">\n<td style=\"width: 5.23256%\" width=\"47\"><span style=\"font-size: 8pt\"><strong>2<\/strong><\/span><\/td>\n<td style=\"width: 61.1919%\" width=\"416\"><span style=\"font-size: 8pt\">PRODU\u00c7\u00c3O SOCIAL DO (DES) CONFORTO T\u00c9RMICO NA CIDADE DE VI\u00c7OSA-MG: UMA CONTRIBUI\u00c7\u00c3O PARA GEST\u00c3O DE CIDADES SUSTENT\u00c1VEIS E INTELIGENTES<\/span><\/td>\n<td style=\"width: 33.1387%\" width=\"227\"><span style=\"font-size: 8pt\">PEDRO VITOR LANA GON\u00c7ALVES;<\/span><\/p>\n<p><span style=\"font-size: 8pt\">EDSON SOARES FIALHO<\/span><\/td>\n<\/tr>\n<tr style=\"text-align: justify\">\n<td style=\"width: 5.23256%\" width=\"47\"><span style=\"font-size: 8pt\"><strong>3<\/strong><\/span><\/td>\n<td style=\"width: 61.1919%\" width=\"416\"><span style=\"font-size: 8pt\">CRISE CLIM\u00c1TICA, IMPACTO CLIM\u00c1TICO E REPRODU\u00c7\u00c3O DO ESPA\u00c7O URBANO<\/span><\/td>\n<td style=\"width: 33.1387%\" width=\"227\"><span style=\"font-size: 8pt\">LEANDRO GOIS DOS SANTOS;<\/span><\/p>\n<p><span style=\"font-size: 8pt\">PAULO CESAR ZANGALLI JUNIOR<\/span><\/td>\n<\/tr>\n<tr style=\"text-align: justify\">\n<td style=\"width: 5.23256%\" width=\"47\"><span style=\"font-size: 8pt\"><strong>4<\/strong><\/span><\/td>\n<td style=\"width: 61.1919%\" width=\"416\"><span style=\"font-size: 8pt\">DISTRIBUI\u00c7\u00c3O DOS ESTUDOS SOBRE CLIMA URBANO E ILHA DE CALOR EM CIDADES M\u00c9DIAS E PEQUENAS, NO BRASIL, 2000-2019, A PARTIR DE UMA BREVE REVIS\u00c3O<\/span><\/td>\n<td style=\"width: 33.1387%\" width=\"227\"><span style=\"font-size: 8pt\">JEFFERSON DE JESUS OLIVEIRA;<\/span><\/p>\n<p><span style=\"font-size: 8pt\">EDELCI NUNES DA SILVA<\/span><\/td>\n<\/tr>\n<tr style=\"text-align: justify\">\n<td style=\"width: 5.23256%\" width=\"47\"><span style=\"font-size: 8pt\"><strong>5<\/strong><\/span><\/td>\n<td style=\"width: 61.1919%\" width=\"416\"><span style=\"font-size: 8pt\">UM ESTUDO SOBRE A TEMPERATURA DO AR NA \u00c1REA CENTRAL DE JUIZ DE FORA (MG)<\/span><\/td>\n<td style=\"width: 33.1387%\" width=\"227\"><span style=\"font-size: 8pt\">KARLA CARVALHO DE ALMEIDA;<\/span><\/p>\n<p><span style=\"font-size: 8pt\">FABIO DE OLIVEIRA SANCHES;<\/span><\/p>\n<p><span style=\"font-size: 8pt\">C\u00c1SSIA DE CASTRO MARTINS FERREIRA;<\/span><\/p>\n<p><span style=\"font-size: 8pt\">YAN CARLOS GOMES VIANNA;<\/span><\/p>\n<p><span style=\"font-size: 8pt\">GLAUCIA DUR\u00c3ES SCHEFFER;<\/span><\/p>\n<p><span style=\"font-size: 8pt\">JHULIE CORR\u00caA CASALI<\/span><\/td>\n<\/tr>\n<tr style=\"text-align: justify\">\n<td style=\"width: 5.23256%\" width=\"47\"><span style=\"font-size: 8pt\"><strong>6<\/strong><\/span><\/td>\n<td style=\"width: 61.1919%\" width=\"416\"><span style=\"font-size: 8pt\">COVID-19 E SEUS IMPACTOS NA QUALIDADE DO AR NO ESTADO DE S\u00c3O PAULO<\/span><\/td>\n<td style=\"width: 33.1387%\" width=\"227\"><span style=\"font-size: 8pt\">FRANCISCO IVAM CASTRO DO NASCIMENTO<\/span><\/p>\n<p><span style=\"font-size: 8pt\">BRUNA CRISTINE DA SILVA FERNANDES;<\/span><\/p>\n<p><span style=\"font-size: 8pt\">DEBORA SOUZA ALVIM<\/span><\/td>\n<\/tr>\n<tr style=\"text-align: justify\">\n<td style=\"width: 5.23256%\" width=\"47\"><span style=\"font-size: 8pt\"><strong>7<\/strong><\/span><\/td>\n<td style=\"width: 61.1919%\" width=\"416\"><span style=\"font-size: 8pt\">AN\u00c1LISE DAS IMPLICA\u00c7\u00d5ES NA TEMPERATURA DE SUPERF\u00cdCIE DE CIDADES PEQUENAS NA AMAZ\u00d4NIA: EXEMPLO DE ELDORADO DOS CARAJ\u00c1S-PA.<\/span><\/td>\n<td style=\"width: 33.1387%\" width=\"227\"><span style=\"font-size: 8pt\">LUCAS NASCIMENTO DE ALMEIDA;<\/span><\/p>\n<p><span style=\"font-size: 8pt\">ABRA\u00c3O LEVI DOS SANTOS MASCARENHAS; MARIA RITA VIDAL;<\/span><\/p>\n<p><span style=\"font-size: 8pt\">PAULA PORTO BANDEIRA DOS SANTOS<\/span><\/td>\n<\/tr>\n<tr style=\"text-align: justify\">\n<td style=\"width: 5.23256%\" width=\"47\"><span style=\"font-size: 8pt\"><strong>8<\/strong><\/span><\/td>\n<td style=\"width: 61.1919%\" width=\"416\"><span style=\"font-size: 8pt\">A PRESS\u00c3O PARCIAL DO VAPOR D\u2019\u00c1GUA NA ATMOSF\u00c9RA COMO VARI\u00c1VEL PARA ANALISAR A PRESEN\u00c7A E DIN\u00c2MICA DAS HIGROM\u00c9TRICAS URBANAS EM TR\u00caS LAGOAS &#8211; MS<\/span><\/td>\n<td style=\"width: 33.1387%\" width=\"227\"><span style=\"font-size: 8pt\">MAURO HENRIQUE SOARES DA SILVA;<\/span><\/p>\n<p><span style=\"font-size: 8pt\">HERV\u00c9 QUENOL;<\/span><\/p>\n<p><span style=\"font-size: 8pt\">GISLENE FIGUEIREDO ORTIZ PORANGABA<\/span><\/td>\n<\/tr>\n<tr style=\"text-align: justify\">\n<td style=\"width: 5.23256%\" width=\"47\"><span style=\"font-size: 8pt\"><strong>9<\/strong><\/span><\/td>\n<td style=\"width: 61.1919%\" width=\"416\"><span style=\"font-size: 8pt\">INFLU\u00caNCIA DAS \u00c1REAS VERDES E CORPOS D\u2019\u00c1GUA NO CLIMA URBANO DA CIDADE DE GUARAPUAVA, PARAN\u00c1<\/span><\/td>\n<td style=\"width: 33.1387%\" width=\"227\"><span style=\"font-size: 8pt\">NATHAN ULIAN DE SOUZA;<\/span><\/p>\n<p><span style=\"font-size: 8pt\">FABIULA EURICH MACHADO;<\/span><\/p>\n<p><span style=\"font-size: 8pt\">LEANDRO REDIN VESTENA<\/span><\/td>\n<\/tr>\n<tr style=\"text-align: justify\">\n<td style=\"width: 5.23256%\" width=\"47\"><span style=\"font-size: 8pt\"><strong>10<\/strong><\/span><\/td>\n<td style=\"width: 61.1919%\" width=\"416\"><span style=\"font-size: 8pt\">BRISAS FRESCAS E CALORES URBANOS: INVESTIGANDO A RELA\u00c7\u00c3O ENTRE VENTOS E A ILHA DE CALOR EM FLORIAN\u00d3POLIS-SC<\/span><\/td>\n<td style=\"width: 33.1387%\" width=\"227\"><span style=\"font-size: 8pt\">GEISA SILVEIRA DA ROCHA;<\/span><\/p>\n<p><span style=\"font-size: 8pt\">VINCENT DUBREUIL;<\/span><\/p>\n<p><span style=\"font-size: 8pt\">FRANCISCO DE ASSIS MENDON\u00c7A;<\/span><\/td>\n<\/tr>\n<tr style=\"text-align: justify\">\n<td style=\"width: 5.23256%\" width=\"47\"><span style=\"font-size: 8pt\"><strong>11<\/strong><\/span><\/td>\n<td style=\"width: 61.1919%\" width=\"416\"><span style=\"font-size: 8pt\">AN\u00c1LISE DA RELA\u00c7\u00c3O ENTRE TEMPERATURA DE SUPERF\u00cdCIE E \u00cdNDICE DE VEGETA\u00c7\u00c3O NA ESTA\u00c7\u00c3O SECA EM EMBU DAS ARTES (SP)<\/span><\/td>\n<td style=\"width: 33.1387%\" width=\"227\"><span style=\"font-size: 8pt\">MONIQUE COCCO TEIXEIRA<\/span><\/td>\n<\/tr>\n<tr style=\"text-align: justify\">\n<td style=\"width: 5.23256%\" width=\"47\"><span style=\"font-size: 8pt\"><strong>12<\/strong><\/span><\/td>\n<td style=\"width: 61.1919%\" width=\"416\"><span style=\"font-size: 8pt\">IDENTIFICA\u00c7\u00c3O DA FORMA\u00c7\u00c3O DE ILHAS DE CALOR NA CIDADE DE FRANCISCO BELTR\u00c3O, PARAN\u00c1, BRASIL.<\/span><\/td>\n<td style=\"width: 33.1387%\" width=\"227\"><span style=\"font-size: 8pt\">FERNANDO C\u00c9SAR MANOSSO<\/span><\/td>\n<\/tr>\n<tr style=\"text-align: justify\">\n<td style=\"width: 5.23256%\" width=\"47\"><span style=\"font-size: 8pt\"><strong>13<\/strong><\/span><\/td>\n<td style=\"width: 61.1919%\" width=\"416\"><span style=\"font-size: 8pt\">ESTUDO E CARACTERIZA\u00c7\u00c3O DO CONFORTO T\u00c9RMICO PARA O MUNIC\u00cdPIO DE VI\u00c7OSA-MG, DE 1985-2022 ATRAV\u00c9S DE IMAGENS DE SAT\u00c9LITE.<\/span><\/td>\n<td style=\"width: 33.1387%\" width=\"227\"><span style=\"font-size: 8pt\">DIOGO ANTONIO DA SILVA;<\/span><\/p>\n<p><span style=\"font-size: 8pt\">EDSON SOARES FIALHO<\/span><\/td>\n<\/tr>\n<tr style=\"text-align: justify\">\n<td style=\"width: 5.23256%\" width=\"47\"><span style=\"font-size: 8pt\"><strong>14<\/strong><\/span><\/td>\n<td style=\"width: 61.1919%\" width=\"416\"><span style=\"font-size: 8pt\">ASPECTOS INTRODUT\u00d3RIOS SOBRE O CLIMA URBANO DE NIL\u00d3POLIS (RJ)<\/span><\/td>\n<td style=\"width: 33.1387%\" width=\"227\"><span style=\"font-size: 8pt\">RAPHAEL PILATTI MARQUES DE LIMA;<\/span><\/p>\n<p><span style=\"font-size: 8pt\">KAREN NICOLAY DE OLIVEIRA<\/span><\/td>\n<\/tr>\n<tr style=\"text-align: justify\">\n<td style=\"width: 5.23256%\" width=\"47\"><span style=\"font-size: 8pt\"><strong>15<\/strong><\/span><\/td>\n<td style=\"width: 61.1919%\" width=\"416\"><span style=\"font-size: 8pt\">CLIMA URBANO: INVESTIGA\u00c7\u00c3O DO CAMPO T\u00c9RMICO EM PORTO VELHO\/RO, EPIS\u00d3DIO INVERNO AUSTRAL EM 2018.<\/span><\/td>\n<td style=\"width: 33.1387%\" width=\"227\"><span style=\"font-size: 8pt\">GRAZIELA TOSINI TEJAS;<\/span><\/p>\n<p><span style=\"font-size: 8pt\">CAIO ISMAEL DE JESUS LASMAR;<\/span><\/p>\n<p><span style=\"font-size: 8pt\">REGINALDO MARTINS DA SILVA DE SOUZA;<\/span><\/p>\n<p><span style=\"font-size: 8pt\">DORISVALDER DIAS NUNES<\/span><\/td>\n<\/tr>\n<tr style=\"text-align: justify\">\n<td style=\"width: 5.23256%\" width=\"47\"><span style=\"font-size: 8pt\"><strong>16<\/strong><\/span><\/td>\n<td style=\"width: 61.1919%\" width=\"416\"><span style=\"font-size: 8pt\">FREQU\u00caNCIA E INTENSIDADE DA ILHA DE CALOR URBANA EM TR\u00caS LAGOAS (MS)<\/span><\/p>\n<p>&nbsp;<\/td>\n<td style=\"width: 33.1387%\" width=\"227\"><span style=\"font-size: 8pt\">GISLENE FIGUEIREDO ORTIZ PORANGABA<\/span><\/td>\n<\/tr>\n<tr>\n<td style=\"text-align: justify;width: 5.23256%\" width=\"47\"><span style=\"font-size: 8pt\"><strong>17<\/strong><\/span><\/td>\n<td style=\"text-align: justify;width: 61.1919%\" width=\"416\"><span style=\"font-size: 8pt\">AN\u00c1LISE DAS TEMPERATURAS SUPERFICIAIS (LST) E DO \u00cdNDICE DE VEGETA\u00c7\u00c3O POR DIFEREN\u00c7A NORMALIZADA (NDVI) EM PRESIDENTE EPIT\u00c1CIO\/SP<\/span><\/td>\n<td style=\"width: 33.1387%\" width=\"227\">\n<p style=\"text-align: justify\"><span style=\"font-size: 8pt\">MARCOS VIN\u00cdCIUS DE SOUZA;<\/span><\/p>\n<p style=\"text-align: justify\"><span style=\"font-size: 8pt\">EDSON LU\u00cdS PIROLI;<\/span><\/p>\n<p style=\"text-align: justify\"><span style=\"font-size: 8pt\">JO\u00c3O OSVALDO RODRIGUES NUNES<\/span><\/p>\n<\/td>\n<\/tr>\n<\/tbody>\n<\/table>\n<p>&nbsp;<\/p>\n<p><strong>\u00a0<\/strong><\/p>\n<pre><strong>EIXO 3 \u2013 CLIMA URBANO E GERENCIAMENTO DE RISCOS<\/strong>\r\n\r\n<strong>03 DE AGOSTO DE 2023 - QUINTA-FEIRA DAS 08H30MIN \u00c0S 12H30MIN<\/strong>\r\n\r\n<strong>SALA 3<\/strong>\r\n\r\nCOORDENADOR: LINDBERG NASCIMENTO J\u00daNIOR\r\n\r\nAVALIADOR: MARGARETE CRISTIANE DE COSTA TRINDADE AMORIM<\/pre>\n<table style=\"width: 97.7093%\" width=\"690\">\n<tbody>\n<tr>\n<td style=\"width: 5.37791%\" width=\"38\"><span style=\"font-size: 8pt\"><strong>\u00a0<\/strong><\/span><\/td>\n<td style=\"text-align: center;width: 60.0291%\" width=\"416\"><span style=\"font-size: 10pt\"><strong>T\u00cdTULO DO TRABALHO<\/strong><\/span><\/td>\n<td style=\"text-align: center;width: 34.4477%\" width=\"236\"><span style=\"font-size: 10pt\"><strong>AUTORES<\/strong><\/span><\/td>\n<\/tr>\n<tr>\n<td style=\"width: 5.37791%\" width=\"38\"><span style=\"font-size: 8pt\"><strong>1<\/strong><\/span><\/td>\n<td style=\"width: 60.0291%\" width=\"416\">\n<p style=\"text-align: justify\"><span style=\"font-size: 8pt\">DIMENS\u00c3O F\u00cdSICA E SOCIAL NA G\u00caNESE DO CLIMA URBANO DE PRESIDENTE PRUDENTE-SP<\/span><\/p>\n<\/td>\n<td style=\"text-align: justify;width: 34.4477%\" width=\"236\"><span style=\"font-size: 8pt\">ALINE PEREIRA LIMA;<\/span><\/p>\n<p><span style=\"font-size: 8pt\">JO\u00c3O LIMA SANT&#8217;ANNA NETO<\/span><\/td>\n<\/tr>\n<tr style=\"text-align: justify\">\n<td style=\"width: 5.37791%\" width=\"38\"><span style=\"font-size: 8pt\"><strong>2<\/strong><\/span><\/td>\n<td style=\"width: 60.0291%\" width=\"416\"><span style=\"font-size: 8pt\">A ONDA DE CALOR NA PRIMAVERA DO ANO 2020 E AS ILHAS DE CALOR URBANAS:\u00a0 REPERCUSS\u00d5ES DO EVENTO EXTREMO EM PRESIDENTE PRUDENTE, S\u00c3O PAULO, BRASIL<\/span><\/td>\n<td style=\"width: 34.4477%\" width=\"236\"><span style=\"font-size: 8pt\">DANIELLE CARDOZO FRASCA TEIXEIRA;<\/span><\/p>\n<p><span style=\"font-size: 8pt\">MARGARETE CRISTIANE DE COSTA TRINDADE AMORIM<\/span><\/td>\n<\/tr>\n<tr style=\"text-align: justify\">\n<td style=\"width: 5.37791%\" width=\"38\"><span style=\"font-size: 8pt\"><strong>3<\/strong><\/span><\/td>\n<td style=\"width: 60.0291%\" width=\"416\"><span style=\"font-size: 8pt\">A VARIA\u00c7\u00c3O ESPACIAL E HOR\u00c1RIA DAS DIFEREN\u00c7AS T\u00c9RMICAS ENTRE O AMBIENTE CONSTRU\u00cdDO E O AMBIENTE COM VEGETA\u00c7\u00c3O ARB\u00d3REA EM SINOP-MT<\/span><\/td>\n<td style=\"width: 34.4477%\" width=\"236\"><span style=\"font-size: 8pt\">LUIS FLAVIO DE ARAUJO;<\/span><\/p>\n<p><span style=\"font-size: 8pt\">MARGARETE CRISTIANE DE COSTA TRINDADE AMORIM;<\/span><\/p>\n<p><span style=\"font-size: 8pt\">VINCENT DUBREUIL<\/span><\/td>\n<\/tr>\n<tr style=\"text-align: justify\">\n<td style=\"width: 5.37791%\" width=\"38\"><span style=\"font-size: 8pt\"><strong>4<\/strong><\/span><\/td>\n<td style=\"width: 60.0291%\" width=\"416\"><span style=\"font-size: 8pt\">ESTUDO DA VARIA\u00c7\u00c3O DA TEMPERATURA DA SUPERF\u00cdCIE A PARTIR DAS FORMAS E FUN\u00c7\u00d5ES URBANAS EM MANAUS &#8211; AMAZONAS<\/span><\/td>\n<td style=\"width: 34.4477%\" width=\"236\"><span style=\"font-size: 8pt\">RAYANE BRITO DE ALMEIDA;<\/span><\/p>\n<p><span style=\"font-size: 8pt\">MARCELA BELEZA DE CASTRO<\/span><\/td>\n<\/tr>\n<tr style=\"text-align: justify\">\n<td style=\"width: 5.37791%\" width=\"38\"><span style=\"font-size: 8pt\"><strong>5<\/strong><\/span><\/td>\n<td style=\"width: 60.0291%\" width=\"416\"><span style=\"font-size: 8pt\">CONFORTO T\u00c9RMICO E TRABALHO: O CASO DO CAL\u00c7AD\u00c3O DE PRESIDENTE\u00a0 PRUDENTE &#8211; SP.<\/span><\/td>\n<td style=\"width: 34.4477%\" width=\"236\"><span style=\"font-size: 8pt\">GIOVANNA APARECIDA SOUZA ANGELI<\/span><\/td>\n<\/tr>\n<tr style=\"text-align: justify\">\n<td style=\"width: 5.37791%\" width=\"38\"><span style=\"font-size: 8pt\"><strong>6<\/strong><\/span><\/td>\n<td style=\"width: 60.0291%\" width=\"416\"><span style=\"font-size: 8pt\">AN\u00c1LISE DA TEMPERATURA DE SUPERF\u00cdCIE TERRESTRE EM CURI\u00daVA-PR NO PER\u00cdODO ENTRE ABRIL DE 2013 E ABRIL DE 2022<\/span><\/td>\n<td style=\"width: 34.4477%\" width=\"236\"><span style=\"font-size: 8pt\">J\u00c9SSICA MARCONDES DE MEDEIROS;<\/span><\/p>\n<p><span style=\"font-size: 8pt\">GILSON CAMPOS FERREIRA DA CRUZ<\/span><\/td>\n<\/tr>\n<tr style=\"text-align: justify\">\n<td style=\"width: 5.37791%\" width=\"38\"><span style=\"font-size: 8pt\"><strong>7<\/strong><\/span><\/td>\n<td style=\"width: 60.0291%\" width=\"416\"><span style=\"font-size: 8pt\">MENSURA\u00c7\u00d5ES M\u00d3VEIS NO MEIO URBANO UTILIZANDO A BICICLETA: UMA REVIS\u00c3O SISTEM\u00c1TICA<\/span><\/td>\n<td style=\"width: 34.4477%\" width=\"236\"><span style=\"font-size: 8pt\">LUANA WRITZL;<\/span><\/p>\n<p><span style=\"font-size: 8pt\">CASSIO ARTHUR WOLLMANN<\/span><\/td>\n<\/tr>\n<tr style=\"text-align: justify\">\n<td style=\"width: 5.37791%\" width=\"38\"><span style=\"font-size: 8pt\"><strong>8<\/strong><\/span><\/td>\n<td style=\"width: 60.0291%\" width=\"416\"><span style=\"font-size: 8pt\">CAMPO T\u00c9RMICO SUPERFICIAL: UM ESTUDO COMPARATIVO SAZONAL (VER\u00c3O E INVERNO) DO ANO DE 2018 PARA O MUNIC\u00cdPIO DE VICOSA-MG<\/span><\/td>\n<td style=\"width: 34.4477%\" width=\"236\"><span style=\"font-size: 8pt\">LARISSA GALV\u00c3O FONTES DOS SANTOS;<\/span><\/p>\n<p><span style=\"font-size: 8pt\">EDSON SOARES FIALHO<\/span><\/td>\n<\/tr>\n<tr style=\"text-align: justify\">\n<td style=\"width: 5.37791%\" width=\"38\"><span style=\"font-size: 8pt\"><strong>9<\/strong><\/span><\/td>\n<td style=\"width: 60.0291%\" width=\"416\"><span style=\"font-size: 8pt\">MATERIAL PARTICULADO EM SUSPENS\u00c3O NA ATMOSFERA EM DIFERENTES ZONAS CLIM\u00c1TICAS LOCAIS DE BALNE\u00c1RIO CAMBORI\u00da\/SC DURANTE O VER\u00c3O 2021\/2022<\/span><\/td>\n<td style=\"width: 34.4477%\" width=\"236\"><span style=\"font-size: 8pt\">AMANDA COMASSETTO IENSSE;<\/span><\/p>\n<p><span style=\"font-size: 8pt\">ALINE NUNES DA SILVA; CASSIO ARTHUR WOLLMANN;<\/span><\/p>\n<p><span style=\"font-size: 8pt\">VANESSA OLIVEIRA BORGES<\/span><\/td>\n<\/tr>\n<tr style=\"text-align: justify\">\n<td style=\"width: 5.37791%\" width=\"38\"><span style=\"font-size: 8pt\"><strong>10<\/strong><\/span><\/td>\n<td style=\"width: 60.0291%\" width=\"416\"><span style=\"font-size: 8pt\">EXPANS\u00c3O DA URBANIZA\u00c7\u00c3O E A INFLU\u00caNCIA NA TEMPERATURA DO AR DO OESTE METROPOLITANO: ESTUDO DE CASO NO BAIRRO FAZENDA CAXIAS \u2013 SEROP\u00c9DICA \u2013 RJ<\/span><\/td>\n<td style=\"width: 34.4477%\" width=\"236\"><span style=\"font-size: 8pt\">MAYARA DE SOUZA LOPES;<\/span><\/p>\n<p><span style=\"font-size: 8pt\">HEITOR SOARES DE FARIAS<\/span><\/td>\n<\/tr>\n<tr style=\"text-align: justify\">\n<td style=\"width: 5.37791%\" width=\"38\"><span style=\"font-size: 8pt\"><strong>11<\/strong><\/span><\/td>\n<td style=\"width: 60.0291%\" width=\"416\"><span style=\"font-size: 8pt\">AN\u00c1LISE T\u00c9RMICA EM CIDADES AMAZ\u00d4NICAS BRASILEIRAS: ESTUDO REALIZADO NA CIDADE DE RONDON DO PAR\u00c1 \u2013 PA<\/span><\/td>\n<td style=\"width: 34.4477%\" width=\"236\"><span style=\"font-size: 8pt\">MATHEUS MARTINS MIRANDA;<\/span><\/p>\n<p><span style=\"font-size: 8pt\">ABRA\u00c3O LEVI DOS SANTOS MASCARENHAS;<\/span><\/p>\n<p><span style=\"font-size: 8pt\">MARIA RITA VIDAL;<\/span><\/p>\n<p><span style=\"font-size: 8pt\">LUCAS NASCIMENTO DE ALMEIDA<\/span><\/td>\n<\/tr>\n<tr style=\"text-align: justify\">\n<td style=\"width: 5.37791%\" width=\"38\"><span style=\"font-size: 8pt\"><strong>12<\/strong><\/span><\/td>\n<td style=\"width: 60.0291%\" width=\"416\"><span style=\"font-size: 8pt\">CLIMA URBANO DO RECIFE &#8211; PE: LEVANTAMENTO PRELIMINAR DA LITERATURA<\/span><\/td>\n<td style=\"width: 34.4477%\" width=\"236\"><span style=\"font-size: 8pt\">PABLO WESLEY ALVES DE OLIVEIRA;<\/span><\/p>\n<p><span style=\"font-size: 8pt\">ANDERSON VITOR LOPES DIAS;<\/span><\/p>\n<p><span style=\"font-size: 8pt\">TAMIRES GABRYELE DE LIMA MENDES;<\/span><\/p>\n<p><span style=\"font-size: 8pt\">MARCELO DE OLIVEIRA MOURA<\/span><\/td>\n<\/tr>\n<tr style=\"text-align: justify\">\n<td style=\"width: 5.37791%\" width=\"38\"><span style=\"font-size: 8pt\"><strong>13<\/strong><\/span><\/td>\n<td style=\"width: 60.0291%\" width=\"416\"><span style=\"font-size: 8pt\">CLIMA URBANO: O COMPORTAMENTO TEMPERATURA DE SUPERF\u00cdCIE TERRESTRE NA ZONA URBANA E RURAL DE UMA CIDADE DE PEQUENO PORTE<\/span><\/td>\n<td style=\"width: 34.4477%\" width=\"236\"><span style=\"font-size: 8pt\">GILSON CAMPOS FERREIRA DA CRUZ;<\/span><\/p>\n<p><span style=\"font-size: 8pt\">FABIANA ALMEIDA MORESCO;<\/span><\/p>\n<p><span style=\"font-size: 8pt\">KAUAN MATEUS KUBASKI<\/span><\/td>\n<\/tr>\n<tr style=\"text-align: justify\">\n<td style=\"width: 5.37791%\" width=\"38\"><span style=\"font-size: 8pt\"><strong>14<\/strong><\/span><\/td>\n<td style=\"width: 60.0291%\" width=\"416\"><span style=\"font-size: 8pt\">BREVE AN\u00c1LISE DE POLUENTES NO AR DA CIDADE DE NATAL\/RN<\/span><\/td>\n<td style=\"width: 34.4477%\" width=\"236\"><span style=\"font-size: 8pt\">ANT\u00d4NIO CAMPOS NETO;<\/span><\/p>\n<p><span style=\"font-size: 8pt\">FRANCISCO JABLINSKI CASTELHANO<\/span><\/td>\n<\/tr>\n<tr style=\"text-align: justify\">\n<td style=\"width: 5.37791%\" width=\"38\"><span style=\"font-size: 8pt\"><strong>15<\/strong><\/span><\/td>\n<td style=\"width: 60.0291%\" width=\"416\"><span style=\"font-size: 8pt\">AVALIA\u00c7\u00c3O DE EVENTO PLUVIAL E EPIS\u00d3DIO DE INUNDA\u00c7\u00c3O NA SUB-BACIA DO RIO ATUBA &#8211; CURITIBA E RMC\/PR<\/span><\/td>\n<td style=\"width: 34.4477%\" width=\"236\"><span style=\"font-size: 8pt\">AMANDA MACHADO DE ALMEIDA;<\/span><\/p>\n<p><span style=\"font-size: 8pt\">REBEKA APARECIDA ALMEIDA DOS SANTOS;<\/span><\/p>\n<p><span style=\"font-size: 8pt\">ELAIZ APARECIDA MENSCH BUFFON<\/span><\/td>\n<\/tr>\n<tr style=\"text-align: justify\">\n<td style=\"width: 5.37791%\" width=\"38\"><span style=\"font-size: 8pt\"><strong>16<\/strong><\/span><\/td>\n<td style=\"width: 60.0291%\" width=\"416\"><span style=\"font-size: 8pt\">CLIMATOLOGIA DO MUNIC\u00cdPIO DE UB\u00c1, MINAS GERAIS.<\/span><\/td>\n<td style=\"width: 34.4477%\" width=\"236\"><span style=\"font-size: 8pt\">LARISSA CARLA SOUZA PAIVA;<\/span><\/p>\n<p><span style=\"font-size: 8pt\">C\u00c1SSIA DE CASTRO MARTINS FERREIRA<\/span><\/td>\n<\/tr>\n<tr>\n<td style=\"text-align: justify;width: 5.37791%\" width=\"38\"><span style=\"font-size: 8pt\"><strong>17<\/strong><\/span><\/td>\n<td style=\"text-align: justify;width: 60.0291%\" width=\"416\"><span style=\"font-size: 8pt\">A INFLU\u00caNCIA DA MARITIMIDADE NA TEMPERATURA E UMIDADE DO AR E SUA RELA\u00c7\u00c3O COM O CONFORTO T\u00c9RMICO HUMANO NO BAIRRO S\u00c3O FRANCISCO &#8211; S\u00c3O LUIS \u2013 MA<\/span><\/td>\n<td style=\"width: 34.4477%\" width=\"236\">\n<p style=\"text-align: justify\"><span style=\"font-size: 8pt\">SHAFIRA EMYLLE SANTOS SOARES;<\/span><\/p>\n<p style=\"text-align: justify\"><span style=\"font-size: 8pt\">AMANDA MOUR\u00c3O DA SILVA;<\/span><\/p>\n<p style=\"text-align: justify\"><span style=\"font-size: 8pt\">SUZETE CRUZ CARVALHO<\/span><\/p>\n<\/td>\n<\/tr>\n<\/tbody>\n<\/table>\n<p>&nbsp;<\/p>\n<p><strong>\u00a0<\/strong><\/p>\n<pre><strong>EIXO 4 \u2013 ENSINO DE CLIMATOLOGIA<\/strong>\r\n\r\n<strong>02 DE AGOSTO DE 2023- QUATA-FEIRA DAS 13H30MIN \u00c0S 17H30MIN<\/strong>\r\n\r\n<strong>SALA 4<\/strong>\r\n\r\nCOORDENADOR: PEDRO AUGUSTO BREDA FONT\u00c3O\r\n\r\nAVALIADOR: EDSON SOARES FIALHO<\/pre>\n<table style=\"width: 97.1337%\" width=\"680\">\n<tbody>\n<tr>\n<td style=\"width: 5.72687%\" width=\"47\"><\/td>\n<td style=\"text-align: center;width: 61.8209%\" width=\"416\"><span style=\"font-size: 10pt\"><strong>T\u00cdTULO DO TRABALHO<\/strong><\/span><\/td>\n<td style=\"text-align: center;width: 32.3054%\" width=\"217\"><span style=\"font-size: 10pt\"><strong>AUTORES<\/strong><\/span><\/td>\n<\/tr>\n<tr>\n<td style=\"width: 5.72687%\" width=\"47\"><span style=\"font-size: 8pt\"><strong>1<\/strong><\/span><\/td>\n<td style=\"width: 61.8209%\" width=\"416\">\n<p style=\"text-align: justify\"><span style=\"font-size: 8pt\">O ENSINO DA SECA ATRAV\u00c9S DA LITERATURA: APROXIMA\u00c7\u00d5ES INICIAIS COM ALUNOS DO ENSINO M\u00c9DIO NO MUNIC\u00cdPIO DE AFOGADOS DA INGAZEIRA\/PE<\/span><\/p>\n<\/td>\n<td style=\"text-align: justify;width: 32.3054%\" width=\"217\"><span style=\"font-size: 8pt\">MARIA CAMILA SIQUEIRA SANTOS SILVA;<\/span><\/p>\n<p><span style=\"font-size: 8pt\">MARCELO DE OLIVEIRA MOURA<\/span><\/td>\n<\/tr>\n<tr style=\"text-align: justify\">\n<td style=\"width: 5.72687%\" width=\"47\"><span style=\"font-size: 8pt\"><strong>2<\/strong><\/span><\/td>\n<td style=\"width: 61.8209%\" width=\"416\"><span style=\"font-size: 8pt\">JOGO BAFO DAS NUVENS: UMA PROPOSTA METODOL\u00d3GICA DE APRENDIZAGEM SOBRE O CLIMA NO ENSINO FUNDAMENTAL<\/span><\/td>\n<td style=\"width: 32.3054%\" width=\"217\"><span style=\"font-size: 8pt\">J\u00daNIA SILVA BELFORT MATTOS;<\/span><\/p>\n<p><span style=\"font-size: 8pt\">GIOVANNA LET\u00cdCIA DA SILVA MARCELINO<\/span><\/td>\n<\/tr>\n<tr style=\"text-align: justify\">\n<td style=\"width: 5.72687%\" width=\"47\"><span style=\"font-size: 8pt\"><strong>3<\/strong><\/span><\/td>\n<td style=\"width: 61.8209%\" width=\"416\"><span style=\"font-size: 8pt\">CARTILHA SOBRE DESASTRES NATURAIS<\/span><\/td>\n<td style=\"width: 32.3054%\" width=\"217\"><span style=\"font-size: 8pt\">ELYEL SOUZA DA CRUZ;<\/span><\/p>\n<p><span style=\"font-size: 8pt\">MARINA S\u00d3RIA CASTELLANO;<\/span><\/td>\n<\/tr>\n<tr style=\"text-align: justify\">\n<td style=\"width: 5.72687%\" width=\"47\"><span style=\"font-size: 8pt\"><strong>4<\/strong><\/span><\/td>\n<td style=\"width: 61.8209%\" width=\"416\"><span style=\"font-size: 8pt\">VULNERABILIDADE SOCIAL EM CLEVEL\u00c2NDIA, PARAN\u00c1-BRASIL: PROPOSTA DE UM OBSERVAT\u00d3RIO SOCIOAMBIENTAL NA FACULDADE DE EDUCA\u00c7\u00c3O E MEIO AMBIENTE<\/span><\/td>\n<td style=\"width: 32.3054%\" width=\"217\"><span style=\"font-size: 8pt\">ELAIZ APARECIDA MENSCH BUFFON<\/span><\/p>\n<p><span style=\"font-size: 8pt\">ELENICE DE F\u00c1TIMA ZOCKE<\/span><\/td>\n<\/tr>\n<tr style=\"text-align: justify\">\n<td style=\"width: 5.72687%\" width=\"47\"><span style=\"font-size: 8pt\"><strong>5<\/strong><\/span><\/td>\n<td style=\"width: 61.8209%\" width=\"416\"><span style=\"font-size: 8pt\">PROJETO NIMBUS: AS VISITAS NA ESTA\u00c7\u00c3O METEOROL\u00d3GICA DE CURITIBA NO TRI\u00caNIO DE 2020 A 2022<\/span><\/td>\n<td style=\"width: 32.3054%\" width=\"217\"><span style=\"font-size: 8pt\">PEDRO AUGUSTO BREDA FONT\u00c3O;<\/span><\/p>\n<p><span style=\"font-size: 8pt\">MARIA EDUARDA RIVABEM<\/span><\/p>\n<p><span style=\"font-size: 8pt\">NAT\u00c1LIA CHUDZIK BAUER<\/span><\/p>\n<p><span style=\"font-size: 8pt\">BRAIEN HENRIQUE GON\u00c7ALVES<\/span><\/td>\n<\/tr>\n<tr style=\"text-align: justify\">\n<td style=\"width: 5.72687%\" width=\"47\"><span style=\"font-size: 8pt\"><strong>6<\/strong><\/span><\/td>\n<td style=\"width: 61.8209%\" width=\"416\"><span style=\"font-size: 8pt\">O ENSINO DE GEOGRAFIA E OS OBJETOS DE CONHECIMENTO QUE ENVOLVEM O CLIMA: PROBLEMATIZA\u00c7\u00c3O E QUEST\u00d5ES DE PESQUISA NO ESTADO DO TOCANTINS.<\/span><\/td>\n<td style=\"width: 32.3054%\" width=\"217\"><span style=\"font-size: 8pt\">BRENO FERREIRA DA SILVA;<\/span><\/p>\n<p><span style=\"font-size: 8pt\">LUCAS BARBOSA E SOUZA<\/span><\/td>\n<\/tr>\n<tr style=\"text-align: justify\">\n<td style=\"width: 5.72687%\" width=\"47\"><span style=\"font-size: 8pt\"><strong>7<\/strong><\/span><\/td>\n<td style=\"width: 61.8209%\" width=\"416\"><span style=\"font-size: 8pt\">MEM\u00d3RIAS NAS AULAS DE CLIMATOLOGIA GEOGR\u00c1FICA: ESTRAT\u00c9GIA DE INTEGRA\u00c7\u00c3O EM CURSO DE FORMA\u00c7\u00c3O DE PROFESSORES<\/span><\/td>\n<td style=\"width: 32.3054%\" width=\"217\"><span style=\"font-size: 8pt\">VALDIRENE DREHMER;<\/span><\/p>\n<p><span style=\"font-size: 8pt\">ERIKA COLLISCHONN<\/span><\/td>\n<\/tr>\n<tr style=\"text-align: justify\">\n<td style=\"width: 5.72687%\" width=\"47\"><span style=\"font-size: 8pt\"><strong>8<\/strong><\/span><\/td>\n<td style=\"width: 61.8209%\" width=\"416\"><span style=\"font-size: 8pt\">ENSINAR CLIMATOLOGIA: UMA AN\u00c1LISE DA CLIMATOLOGIA PRESENTE NOS LIVROS DID\u00c1TICOS<\/span><\/td>\n<td style=\"width: 32.3054%\" width=\"217\"><span style=\"font-size: 8pt\">CRISTIANE CARDOSO;<\/span><\/p>\n<p><span style=\"font-size: 8pt\">MICHELE SOUZA DA SILVA<\/span><\/td>\n<\/tr>\n<tr style=\"text-align: justify\">\n<td style=\"width: 5.72687%\" width=\"47\"><span style=\"font-size: 8pt\"><strong>9<\/strong><\/span><\/td>\n<td style=\"width: 61.8209%\" width=\"416\"><span style=\"font-size: 8pt\">A IMPORT\u00c2NCIA DO ENSINO DA ASTRONOMIA PARA A COMPREENS\u00c3O DA CLIMATOLOGIA NA GEOGRAFIA: UM ESTUDO DE REVIS\u00c3O<\/span><\/td>\n<td style=\"width: 32.3054%\" width=\"217\"><span style=\"font-size: 8pt\">AYLA DA COSTA GOMES;<\/span><\/p>\n<p><span style=\"font-size: 8pt\">VALDIR SOARES ANDRADE FILHO<\/span><\/td>\n<\/tr>\n<tr style=\"text-align: justify\">\n<td style=\"width: 5.72687%\" width=\"47\"><span style=\"font-size: 8pt\"><strong>10<\/strong><\/span><\/td>\n<td style=\"width: 61.8209%\" width=\"416\"><span style=\"font-size: 8pt\">TEM\u00c1TICAS DO CLIMA PARA O NOVO ENSINO M\u00c9DIO EM ESCOLAS CATARINENSES: CONTRIBUI\u00c7\u00d5ES AO ENSINO DE CLIMATOLOGIA.<\/span><\/td>\n<td style=\"width: 32.3054%\" width=\"217\"><span style=\"font-size: 8pt\">ANDR\u00c9 VAGNER PERON DE MORAIS<\/span><\/p>\n<p><span style=\"font-size: 8pt\">ROSEMY DA SILVA NASCIMENTO<\/span><\/td>\n<\/tr>\n<tr style=\"text-align: justify\">\n<td style=\"width: 5.72687%\" width=\"47\"><span style=\"font-size: 8pt\"><strong>11<\/strong><\/span><\/td>\n<td style=\"width: 61.8209%\" width=\"416\"><span style=\"font-size: 8pt\">A MONITORIA COMO EXPERI\u00caNCIA INICIAL \u00c0 DOC\u00caNCIA NO ENSINO DE CLIMATOLOGIA<\/span><\/td>\n<td style=\"width: 32.3054%\" width=\"217\"><span style=\"font-size: 8pt\">\u00cdCARO GUEDES DA SILVA;<\/span><\/p>\n<p><span style=\"font-size: 8pt\">MARIA FL\u00c1VIA DANTAS CRUZ;<\/span><br \/>\n<span style=\"font-size: 8pt\">TIAGO IAN DOS SANTOS ARA\u00daJO;<\/span><br \/>\n<span style=\"font-size: 8pt\">REBECCA LUNA LUCENA<\/span><\/td>\n<\/tr>\n<tr style=\"text-align: justify\">\n<td style=\"width: 5.72687%\" width=\"47\"><span style=\"font-size: 8pt\"><strong>12<\/strong><\/span><\/td>\n<td style=\"width: 61.8209%\" width=\"416\"><span style=\"font-size: 8pt\">EDUCA\u00c7\u00c3O PARA REDU\u00c7\u00c3O DE RISCOS DE DESASTRES (ERRD): PR\u00c1TICAS EDUCATIVAS PARA UMA CULTURA DE PREVEN\u00c7\u00c3O DE DESASTRES AMBIENTAIS NA ESCOLA 18 DE MAIO EM CRATO, NO CEAR\u00c1<\/span><\/td>\n<td style=\"width: 32.3054%\" width=\"217\"><span style=\"font-size: 8pt\">ANT\u00d4NIA CARLOS DA SILVA;<\/span><\/p>\n<p><span style=\"font-size: 8pt\">ANTONIO MARCOS GOMES DA SILVA;\u00a0 BRUNA TAVARES NUNES NICOLAU;<\/span><\/p>\n<p><span style=\"font-size: 8pt\">\u00c1LLISON SILVA DO NASCIMENTO<\/span><\/td>\n<\/tr>\n<tr style=\"text-align: justify\">\n<td style=\"width: 5.72687%\" width=\"47\"><span style=\"font-size: 8pt\"><strong>13<\/strong><\/span><\/td>\n<td style=\"width: 61.8209%\" width=\"416\"><span style=\"font-size: 8pt\">O ENSINO DE CLIMATOLOGIA EM SUAS M\u00daLTIPLAS LINGUAGENS.<\/span><\/td>\n<td style=\"width: 32.3054%\" width=\"217\"><span style=\"font-size: 8pt\">EDSON SOARES FIALHO<\/span><\/td>\n<\/tr>\n<tr style=\"text-align: justify\">\n<td style=\"width: 5.72687%\" width=\"47\"><span style=\"font-size: 8pt\"><strong>14<\/strong><\/span><\/td>\n<td style=\"width: 61.8209%\" width=\"416\"><span style=\"font-size: 8pt\">ELABORA\u00c7\u00c3O DE PAIN\u00c9IS CLIMATOL\u00d3GICOS COMO FERRAMENTA POTENCIALIZADORA DA APRENDIZAGEM NO ENSINO DE GEOGRAFIA<\/span><\/td>\n<td style=\"width: 32.3054%\" width=\"217\"><span style=\"font-size: 8pt\">MARIA SUZETE SOUSA FEITOSA;<\/span><\/p>\n<p><span style=\"font-size: 8pt\">JO\u00c3O CARLOS DOS SANTOS CARDOSO;<\/span><\/p>\n<p><span style=\"font-size: 8pt\">IVAMAURO AILTON DE SOUSA SILVA<\/span><\/td>\n<\/tr>\n<tr>\n<td style=\"text-align: justify;width: 5.72687%\" width=\"47\"><span style=\"font-size: 8pt\"><strong>15<\/strong><\/span><\/td>\n<td style=\"text-align: justify;width: 61.8209%\" width=\"416\"><span style=\"font-size: 8pt\">ARTE COMO ATO EDUCATIVO: REFLEX\u00c3O SOBRE A CRISE CLIM\u00c1TICA<\/span><\/td>\n<td style=\"width: 32.3054%\" width=\"217\">\n<p style=\"text-align: justify\"><span style=\"font-size: 8pt\">GEORGE PEREIRA REIS;<\/span><\/p>\n<p style=\"text-align: justify\"><span style=\"font-size: 8pt\">K\u00c1TIA VIANA CAVALCANTE;\u00a0<\/span><\/p>\n<p style=\"text-align: justify\"><span style=\"font-size: 8pt\">GISELANE DOS SANTOS CAMPOS;<\/span><\/p>\n<p style=\"text-align: justify\"><span style=\"font-size: 8pt\">JO\u00c3O CL\u00c1UDIO ALCANTARA DOS SANTOS<\/span><\/p>\n<\/td>\n<\/tr>\n<\/tbody>\n<\/table>\n<p>&nbsp;<\/p>\n<p>&nbsp;<\/p>\n<pre><strong>EIXO 5 \u2013 CLIMATOLOGIA REGIONAL: OS SUBTR\u00d3PICOS, SUAS INTERA\u00c7\u00d5ES E PERSPECTIVAS<\/strong>\r\n\r\n<strong>03 DE AGOSTO DE 2023- QUINTA-FEIRA DAS 08H30MIN \u00c0S 12H30MIN<\/strong>\r\n\r\n<strong>SALA 4<\/strong>\r\n\r\nCOORDENADOR: CLAUDIANE DA COSTA\r\n\r\nAVALIADOR: ERIKA COLLISCHONN<\/pre>\n<table style=\"width: 97.1394%\" width=\"690\">\n<tbody>\n<tr>\n<td style=\"width: 5.52283%\" width=\"38\"><\/td>\n<td style=\"text-align: center;width: 60.1749%\" width=\"418\"><span style=\"font-size: 10pt\"><strong>T\u00cdTULO DO TRABALHO<\/strong><\/span><\/td>\n<td style=\"text-align: center;width: 33.5733%\" width=\"234\"><span style=\"font-size: 10pt\"><strong>AUTORES<\/strong><\/span><\/td>\n<\/tr>\n<tr>\n<td style=\"width: 5.52283%\" width=\"38\"><span style=\"font-size: 8pt\"><strong>1<\/strong><\/span><\/td>\n<td style=\"width: 60.1749%\" width=\"418\">\n<p style=\"text-align: justify\"><span style=\"font-size: 8pt\">AN\u00c1LISE DA TEND\u00caNCIA DA PRECIPITA\u00c7\u00c3O NA ESTA\u00c7\u00c3O CHUVOSA DA POR\u00c7\u00c3O MATO-GROSSENSE DA BACIA HIDROGR\u00c1FICA PARAGUAI 3 ENTRE OS ANOS DE 1972 E 2021<\/span><\/p>\n<\/td>\n<td style=\"text-align: justify;width: 33.5733%\" width=\"234\"><span style=\"font-size: 8pt\">MITCHEL DRUZ HIERA;<\/span><\/p>\n<p><span style=\"font-size: 8pt\">SARA CAROLYNE GOMES RAMOS;<\/span><\/p>\n<p><span style=\"font-size: 8pt\">PAULO DE SOUZA FERREIRA<\/span><\/td>\n<\/tr>\n<tr style=\"text-align: justify\">\n<td style=\"width: 5.52283%\" width=\"38\"><span style=\"font-size: 8pt\"><strong>2<\/strong><\/span><\/td>\n<td style=\"width: 60.1749%\" width=\"418\"><span style=\"font-size: 8pt\">DISTRIBUI\u00c7\u00c3O DA PRECIPITA\u00c7\u00c3O M\u00c9DIA ATUAL E FUTURA PARA O MUNIC\u00cdPIO DE S\u00c3O LOUREN\u00c7O DO SUL<\/span><\/td>\n<td style=\"width: 33.5733%\" width=\"234\"><span style=\"font-size: 8pt\">VIN\u00cdCIUS BARTZ SCHWANZ;<\/span><\/p>\n<p><span style=\"font-size: 8pt\">ERIKA COLLISCHONN; VITOR EMANUEL SILVA DE OLIVEIRA<\/span><\/td>\n<\/tr>\n<tr style=\"text-align: justify\">\n<td style=\"width: 5.52283%\" width=\"38\"><span style=\"font-size: 8pt\"><strong>3<\/strong><\/span><\/td>\n<td style=\"width: 60.1749%\" width=\"418\"><span style=\"font-size: 8pt\">VARIABILIDADE ESPACIAL E TEMPORAL DAS CHUVAS NA REGI\u00c3O CENTRO-SUL DO ESTADO DO MATO GROSSO DO SUL, PER\u00cdODO 1980 A 2019<\/span><\/td>\n<td style=\"width: 33.5733%\" width=\"234\"><span style=\"font-size: 8pt\">LORRANE BARBOSA ALVES;<\/span><\/p>\n<p><span style=\"font-size: 8pt\">CHARLEI APARECIDO DA SILVA<\/span><\/td>\n<\/tr>\n<tr style=\"text-align: justify\">\n<td style=\"width: 5.52283%\" width=\"38\"><span style=\"font-size: 8pt\"><strong>4<\/strong><\/span><\/td>\n<td style=\"width: 60.1749%\" width=\"418\"><span style=\"font-size: 8pt\">VALIDA\u00c7\u00c3O DE DADOS DE PRECIPITA\u00c7\u00c3O PLUVIAL E TEMPERATURA DO AR DO CLIMATE PREDICTION CENTER (CPC) PARA LONDRINA &#8211; PR<\/span><\/td>\n<td style=\"width: 33.5733%\" width=\"234\"><span style=\"font-size: 8pt\">CHRISTIAN NEWTON TRAMONTIN;<\/span><\/p>\n<p><span style=\"font-size: 8pt\">CAMILA BERTOLETTI CARPENEDO<\/span><\/td>\n<\/tr>\n<tr style=\"text-align: justify\">\n<td style=\"width: 5.52283%\" width=\"38\"><span style=\"font-size: 8pt\"><strong>5<\/strong><\/span><\/td>\n<td style=\"width: 60.1749%\" width=\"418\"><span style=\"font-size: 8pt\">AN\u00c1LISE DOS PAR METROS DE VAZ\u00c3O E PRECIPITA\u00c7\u00c3O NA BACIA HIDROGR\u00c1FICA DO RIO PRETO-PARAIBUNA \u2013 MG\/RJ, UM ESTUDO \u00c0 PARTIR DE S\u00c9RIES HIST\u00d3RICAS<\/span><\/td>\n<td style=\"width: 33.5733%\" width=\"234\"><span style=\"font-size: 8pt\">JOS\u00c9 OLIVEIRA DE ALMEIDA NETO;<\/span><\/p>\n<p><span style=\"font-size: 8pt\">DAIANE EVANGELISTA DE OLIVEIRA<\/span><\/td>\n<\/tr>\n<tr style=\"text-align: justify\">\n<td style=\"width: 5.52283%\" width=\"38\"><span style=\"font-size: 8pt\"><strong>6<\/strong><\/span><\/td>\n<td style=\"width: 60.1749%\" width=\"418\"><span style=\"font-size: 8pt\">CONFIGURA\u00c7\u00c3O ESPACIAL DE CONSTRU\u00c7\u00c3O DO PARQUE DONA LINDU E SUA RELA\u00c7\u00c3O COM FATORES HIST\u00d3RICOS E CONFLITOS<\/span><\/td>\n<td style=\"width: 33.5733%\" width=\"234\"><span style=\"font-size: 8pt\">T\u00c2NELLY NERIAH SANTOS;<\/span><\/p>\n<p><span style=\"font-size: 8pt\">TAMIRES GABRYELE DE LIMA MENDES;<\/span><\/p>\n<p><span style=\"font-size: 8pt\">RAFAELA MELISSA ANDRADE FERREIRA;<\/span><\/p>\n<p><span style=\"font-size: 8pt\">RANY\u00c9RE SILVA N\u00d3BREGA<\/span><\/td>\n<\/tr>\n<tr style=\"text-align: justify\">\n<td style=\"width: 5.52283%\" width=\"38\"><span style=\"font-size: 8pt\"><strong>7<\/strong><\/span><\/td>\n<td style=\"width: 60.1749%\" width=\"418\"><span style=\"font-size: 8pt\">\u00cdNDICES CLIM\u00c1TICOS E TEND\u00caNCIAS DE PRECIPITA\u00c7\u00c3O NO ESTADO DE GOI\u00c1S E DISTRITO FEDERAL<\/span><\/td>\n<td style=\"width: 33.5733%\" width=\"234\"><span style=\"font-size: 8pt\">GUSTAVO ZEN DE FIGUEIREDO NEVES;<\/span><\/p>\n<p><span style=\"font-size: 8pt\">BRUNO C\u00c9SAR DOS SANTOS;<\/span><\/p>\n<p><span style=\"font-size: 8pt\">RAFAEL GRECCO SANCHES<\/span><\/p>\n<p><span style=\"font-size: 8pt\">DIEGO NARCISO BUARQUE PEREIRA;<\/span><\/td>\n<\/tr>\n<tr style=\"text-align: justify\">\n<td style=\"width: 5.52283%\" width=\"38\"><span style=\"font-size: 8pt\"><strong>8<\/strong><\/span><\/td>\n<td style=\"width: 60.1749%\" width=\"418\"><span style=\"font-size: 8pt\">ESTIAGEM NO RIO GRANDE DO SUL DE 2017 A 2022 \u2013 ENTRE \u00cdNDICES E REGISTROS DE DANOS<\/span><\/td>\n<td style=\"width: 33.5733%\" width=\"234\"><span style=\"font-size: 8pt\">ERIKA COLLISCHONN;<\/span><\/p>\n<p><span style=\"font-size: 8pt\">ROBERTA MANKE VELLAR;<\/span><\/p>\n<p><span style=\"font-size: 8pt\">HILMAR FRANZ J\u00daNIOR<\/span><\/td>\n<\/tr>\n<tr style=\"text-align: justify\">\n<td style=\"width: 5.52283%\" width=\"38\"><span style=\"font-size: 8pt\"><strong>9<\/strong><\/span><\/td>\n<td style=\"width: 60.1749%\" width=\"418\"><span style=\"font-size: 8pt\">O COMPORTAMENTO DAS CHUVAS NO MUNIC\u00cdPIO DE CAPIN\u00d3POLIS (MG) E O CULTIVO DA SOJA<\/span><\/td>\n<td style=\"width: 33.5733%\" width=\"234\"><span style=\"font-size: 8pt\">VIVIANE ALVES DE MEDEIROS LIMA;<\/span><\/p>\n<p><span style=\"font-size: 8pt\">RILDO APARECIDO COSTA<\/span><\/td>\n<\/tr>\n<tr style=\"text-align: justify\">\n<td style=\"width: 5.52283%\" width=\"38\"><span style=\"font-size: 8pt\"><strong>10<\/strong><\/span><\/td>\n<td style=\"width: 60.1749%\" width=\"418\"><span style=\"font-size: 8pt\">CINTUR\u00d5ES T\u00c9RMICOS DE MONTANHA E AS SUPERF\u00cdCIES DE CIMEIRA DA SERRA DA MANTIQUEIRA<\/span><\/td>\n<td style=\"width: 33.5733%\" width=\"234\"><span style=\"font-size: 8pt\">GABRIEL GORGA CARDOSO;<\/span><\/p>\n<p><span style=\"font-size: 8pt\">ERIKA COLLISCHONN<\/span><\/td>\n<\/tr>\n<tr style=\"text-align: justify\">\n<td style=\"width: 5.52283%\" width=\"38\"><span style=\"font-size: 8pt\"><strong>11<\/strong><\/span><\/td>\n<td style=\"width: 60.1749%\" width=\"418\"><span style=\"font-size: 8pt\">AS CHUVAS EM SANTA CATARINA: A QUALIDADE DA REDE DISPON\u00cdVEL<\/span><\/td>\n<td style=\"width: 33.5733%\" width=\"234\"><span style=\"font-size: 8pt\">EDUARDA REBELATTO BRANDALISE;<\/span><\/p>\n<p><span style=\"font-size: 8pt\">JO\u00c3O AFONSO ZAVATTINI; PEDRO MURARA<\/span><\/td>\n<\/tr>\n<tr style=\"text-align: justify\">\n<td style=\"width: 5.52283%\" width=\"38\"><span style=\"font-size: 8pt\"><strong>12<\/strong><\/span><\/td>\n<td style=\"width: 60.1749%\" width=\"418\"><span style=\"font-size: 8pt\">EVENTOS PLUVIOM\u00c9TRICOS EXTREMOS NO CURSO DO M\u00c9DIO IGUA\u00c7U: \u00cdNDICES E FREQU\u00caNCIAS<\/span><\/td>\n<td style=\"width: 33.5733%\" width=\"234\"><span style=\"font-size: 8pt\">CLAUDIANE DA COSTA;<\/span><\/p>\n<p><span style=\"font-size: 8pt\">APARECIDO RIBEIRO DE ANDRADE<\/span><\/td>\n<\/tr>\n<tr style=\"text-align: justify\">\n<td style=\"width: 5.52283%\" width=\"38\"><span style=\"font-size: 8pt\"><strong>13<\/strong><\/span><\/td>\n<td style=\"width: 60.1749%\" width=\"418\"><span style=\"font-size: 8pt\">AVALIA\u00c7\u00c3O DA PROPOSTA DE CLASSIFICA\u00c7\u00c3O CLIM\u00c1TICA DE K\u00d6PPEN NO ESTADO DO PARAN\u00c1<\/span><\/td>\n<td style=\"width: 33.5733%\" width=\"234\"><span style=\"font-size: 8pt\">MARIA EDUARDA RIVABEM<\/span><\/td>\n<\/tr>\n<tr style=\"text-align: justify\">\n<td style=\"width: 5.52283%\" width=\"38\"><span style=\"font-size: 8pt\"><strong>14<\/strong><\/span><\/td>\n<td style=\"width: 60.1749%\" width=\"418\"><span style=\"font-size: 8pt\">UTILIZA\u00c7\u00c3O DE EQUIPAMENTOS DE BAIXO CUSTO PARA MONITORAMENTO CLIM\u00c1TICO URBANO<\/span><\/td>\n<td style=\"width: 33.5733%\" width=\"234\"><span style=\"font-size: 8pt\">FRANCIELLE DE SIQUEIRA CASTRO; PAULO CEZAR MENDES;<\/span><\/p>\n<p><span style=\"font-size: 8pt\">RILDO APARECIDO COSTA;<\/span><\/p>\n<p><span style=\"font-size: 8pt\">RAFAEL JEREMIAS DE SANTANA<\/span><\/td>\n<\/tr>\n<tr style=\"text-align: justify\">\n<td style=\"width: 5.52283%\" width=\"38\"><span style=\"font-size: 8pt\"><strong>15<\/strong><\/span><\/td>\n<td style=\"width: 60.1749%\" width=\"418\"><span style=\"font-size: 8pt\">CORRELA\u00c7\u00d5ES ENTRE A PRECIPITA\u00c7\u00c3O PLUVIAL E O NDVI NO MANGUEZAL DO SISTEMA COSTEIRO DE CANAN\u00c9IA-IGUAPE<\/span><\/td>\n<td style=\"width: 33.5733%\" width=\"234\"><span style=\"font-size: 8pt\">JAKELINE BARATTO;<\/span><\/p>\n<p><span style=\"font-size: 8pt\">N\u00c1DIA GILMA BESSERA DE LIMA; PAULO MIGUEL DE BODAS TERASSI; EMERSON GALVANI<\/span><\/td>\n<\/tr>\n<tr style=\"text-align: justify\">\n<td style=\"width: 5.52283%\" width=\"38\"><span style=\"font-size: 8pt\"><strong>16<\/strong><\/span><\/td>\n<td style=\"width: 60.1749%\" width=\"418\"><span style=\"font-size: 8pt\">ENSAIO SOBRE A CLASSIFICA\u00c7\u00c3O CLIM\u00c1TICA GLOBAL DE NOVAIS<\/span><\/td>\n<td style=\"width: 33.5733%\" width=\"234\"><span style=\"font-size: 8pt\">GIULIANO TOSTES NOVAIS;<\/span><\/p>\n<p><span style=\"font-size: 8pt\">LILIAN ALINE MACHADO<\/span><\/td>\n<\/tr>\n<tr>\n<td style=\"text-align: justify;width: 5.52283%\" width=\"38\"><span style=\"font-size: 8pt\"><strong>17<\/strong><\/span><\/td>\n<td style=\"text-align: justify;width: 60.1749%\" width=\"418\"><span style=\"font-size: 8pt\">AN\u00c1LISE DA TEND\u00caNCIA DA PRECIPITA\u00c7\u00c3O NA POR\u00c7\u00c3O MATOGROSSENSE DA BACIA HIDROGR\u00c1FICA PARAGUAI 3<\/span><\/td>\n<td style=\"width: 33.5733%\" width=\"234\">\n<p style=\"text-align: justify\"><span style=\"font-size: 8pt\">MITCHEL DRUZ HIERA<\/span><\/p>\n<p style=\"text-align: justify\"><span style=\"font-size: 8pt\">JEPHERSON CORREA SALES;<\/span><\/p>\n<p style=\"text-align: justify\"><span style=\"font-size: 8pt\">JOS\u00c9 LEONARDO DA CONCEI\u00c7\u00c3O CARLOS<\/span><\/p>\n<\/td>\n<\/tr>\n<\/tbody>\n<\/table>\n<p>&nbsp;<\/p>\n<p style=\"text-align: justify\">Caso prefira acessar os arquivos individuais contendo os trabalhos de cada eixo, seguem os links:<\/p>\n<ul>\n<li style=\"text-align: justify\"><span style=\"font-size: 10pt\"><strong>EIXO 1<\/strong>: <a href=\"https:\/\/drive.google.com\/file\/d\/1V-Rq-WJ1mjWbEwjdRSocv724SGlpk1w2\/view\">https:\/\/drive.google.com\/file\/d\/1V-Rq-WJ1mjWbEwjdRSocv724SGlpk1w2\/view<\/a><\/span><\/li>\n<li style=\"text-align: justify\"><span style=\"font-size: 10pt\"><strong>EIXO 2<\/strong>: <a href=\"https:\/\/drive.google.com\/file\/d\/1bCbY8bKNBIT07bMGxdo1lsOL4JufsGrz\/view\">https:\/\/drive.google.com\/file\/d\/1bCbY8bKNBIT07bMGxdo1lsOL4JufsGrz\/view<\/a><\/span><\/li>\n<li style=\"text-align: justify\"><span style=\"font-size: 10pt\"><strong>EIXO 3<\/strong>: <a href=\"https:\/\/drive.google.com\/file\/d\/1kouczjofZwmZKS1Ss5tmxc9-mRQMD-nW\/view\">https:\/\/drive.google.com\/file\/d\/1kouczjofZwmZKS1Ss5tmxc9-mRQMD-nW\/view<\/a><\/span><\/li>\n<li style=\"text-align: justify\"><span style=\"font-size: 10pt\"><strong>EIXO 4<\/strong>: <a href=\"https:\/\/drive.google.com\/file\/d\/12tlPvPJPxDqO21C-fiJLvc1dzeZqYSEH\/view\">https:\/\/drive.google.com\/file\/d\/12tlPvPJPxDqO21C-fiJLvc1dzeZqYSEH\/view<\/a><\/span><\/li>\n<li style=\"text-align: justify\"><span style=\"font-size: 10pt\"><strong>EIXO 5<\/strong>: <a href=\"https:\/\/drive.google.com\/file\/d\/1mnr8c95fyVCqLrR0Hm52NDI1oLIF9Wzu\/view\">https:\/\/drive.google.com\/file\/d\/1mnr8c95fyVCqLrR0Hm52NDI1oLIF9Wzu\/view<\/a><\/span><\/li>\n<\/ul>\n<p><strong>\u00a0<\/strong><\/p>\n","protected":false},"excerpt":{"rendered":"<p>Trabalhos Aprovados no XV Simp\u00f3sio Brasileiro de Climatologia Geogr\u00e1fica A Lista Completa dos Trabalhos Aprovados no XV SBCG, por Eixo Tem\u00e1tico, pode ser conferida Clicando&#8230;<\/p>\n<div class=\"more-link-wrapper\"><a class=\"more-link\" href=\"https:\/\/www3.unicentro.br\/sbcg\/trabalhos-aprovados\/\">Read more<span class=\"screen-reader-text\">Trabalhos Aprovados<\/span><\/a><\/div>\n","protected":false},"author":491,"featured_media":0,"parent":0,"menu_order":0,"comment_status":"closed","ping_status":"closed","template":"","meta":{"_exactmetrics_skip_tracking":false,"_exactmetrics_sitenote_active":false,"_exactmetrics_sitenote_note":"","_exactmetrics_sitenote_category":0,"footnotes":"","_links_to":"","_links_to_target":""},"class_list":["post-311","page","type-page","status-publish","hentry","entry"],"_links":{"self":[{"href":"https:\/\/www3.unicentro.br\/sbcg\/wp-json\/wp\/v2\/pages\/311","targetHints":{"allow":["GET"]}}],"collection":[{"href":"https:\/\/www3.unicentro.br\/sbcg\/wp-json\/wp\/v2\/pages"}],"about":[{"href":"https:\/\/www3.unicentro.br\/sbcg\/wp-json\/wp\/v2\/types\/page"}],"author":[{"embeddable":true,"href":"https:\/\/www3.unicentro.br\/sbcg\/wp-json\/wp\/v2\/users\/491"}],"replies":[{"embeddable":true,"href":"https:\/\/www3.unicentro.br\/sbcg\/wp-json\/wp\/v2\/comments?post=311"}],"version-history":[{"count":0,"href":"https:\/\/www3.unicentro.br\/sbcg\/wp-json\/wp\/v2\/pages\/311\/revisions"}],"wp:attachment":[{"href":"https:\/\/www3.unicentro.br\/sbcg\/wp-json\/wp\/v2\/media?parent=311"}],"curies":[{"name":"wp","href":"https:\/\/api.w.org\/{rel}","templated":true}]}}