{"id":1236,"date":"2026-08-27T11:49:34","date_gmt":"2026-08-27T14:49:34","guid":{"rendered":"https:\/\/www3.unicentro.br\/progesp\/?page_id=1236"},"modified":"2026-08-27T11:49:34","modified_gmt":"2026-08-27T14:49:34","slug":"licenca-em-horas-para-acompanhar-familiar-em-terapias","status":"publish","type":"page","link":"https:\/\/www3.unicentro.br\/progesp\/diretoria-de-pessoal\/procedimentos\/licenca-em-horas-para-acompanhar-familiar-em-terapias\/","title":{"rendered":"Licen\u00e7a em horas para acompanhar familiar em terapias"},"content":{"rendered":"<p>Casos que n\u00e3o s\u00e3o abrangidos pelo Decreto 3003\/2015 &#8211; Redu\u00e7\u00e3o de Carga Hor\u00e1ria<\/p>\n<p>Esta modalidade de licen\u00e7a s\u00f3 poder\u00e1 ser concedida a um \u00fanico servidor para acompanhar o familiar.<\/p>\n<p>O per\u00edodo de afastamento em horas ser\u00e1 analisado e definido pela DPM conforme a necessidade comprovada.<\/p>\n<p>A modalidade poder\u00e1 ser concedida:<\/p>\n<ul>\n<li>Por no m\u00e1ximo 3 (tr\u00eas) vezes por semana mesmo que com terapias diversas concomitantes, excepcionalmente at\u00e9 5 (cinco) vezes por semana em caso de P\u00f3s-Operat\u00f3rio recente (comprovadamente) por at\u00e9 60 dias.<\/li>\n<li>Pelo limite total de 365 (trezentos e sessenta e cinco) dias, num per\u00edodo de 5 (cinco) anos.<\/li>\n<\/ul>\n<p>DOCUMENTOS NECESS\u00c1RIOS:<\/p>\n<p>\u2013 Atestado do seu m\u00e9dico deve conter:<\/p>\n<ul>\n<li>Nome completo do servidor;<\/li>\n<li>Nome completo do familiar;<\/li>\n<li>Grau de parentesco;<\/li>\n<li>Idade do familiar;<\/li>\n<li>CID espec\u00edfico da patologia do familiar, e<\/li>\n<li>Indica\u00e7\u00e3o da terapia, a necessidade do acompanhante (nome do servidor) e o tempo necess\u00e1rio (n\u00ba de sess\u00f5es) para realiza\u00e7\u00e3o das mesmas;<\/li>\n<\/ul>\n<p>\u2013 e <a href=\"https:\/\/drive.google.com\/file\/d\/1iP_q3bVQjJk9G9xc-weJxKtPiStV4Gn1\/view\">formul\u00e1rio espec\u00edfico obrigat\u00f3rio<\/a>.<\/p>\n<p>A Declara\u00e7\u00e3o poder\u00e1 ser emitido pelo profissional prestador do servi\u00e7o com a devida identifica\u00e7\u00e3o e assinatura ou pela cl\u00ednica com a devida identifica\u00e7\u00e3o, nome, cargo e assinatura do emissor onde realiza as terapias, constando os dias da semana e hor\u00e1rios da realiza\u00e7\u00e3o das terapias e o nome do acompanhante (servidor) do familiar.<\/p>\n<p><strong>\u00a0<\/strong><\/p>\n<p><strong><u>A SUBMISS\u00c3O DEVE OCORRER NO PRAZO M\u00c1XIMO DE TR\u00caS DIAS A CONTAR DA EMISS\u00c3O DO ATESTADO<\/u><\/strong><\/p>\n<p>1. Acesse o site: <a href=\"https:\/\/www.administracao.pr.gov.br\/SAS\/Formulario\/Pericia-Medica-Online\">https:\/\/www.administracao.pr.gov.br\/SAS\/Formulario\/Pericia-Medica-Online<\/a><br \/>\n2. Preencha o FORMUL\u00c1RIO DE REQUERIMENTO;<br \/>\n3. Marque a op\u00e7\u00e3o TERMO DE RESPONSABILIDADE \u2013 DECLARA\u00c7\u00c3O;<br \/>\n4. Clique em escolher arquivos e anexe formul\u00e1rio ou atestado\/exames. O atestado deve possuir CID. Se o RG for de outro Estado, anexe c\u00f3pia do RG tamb\u00e9m.<br \/>\n5. Certifique-se de estar tudo correto e clique em ENVIAR;<br \/>\n6. Encaminhe para o e-mail dirp@unicentro.br a resposta autom\u00e1tica enviada em seu e-mail, para que possamos consultar a resposta do Departamento de Per\u00edcia M\u00e9dica.<\/p>\n<p>As submiss\u00f5es realizadas on-line estar\u00e3o sujeitas \u00e0 convoca\u00e7\u00e3o para comparecimento presencial, em momento considerado oportuno pela Divis\u00e3o de Per\u00edcia M\u00e9dica.<\/p>\n<ul>\n<li>Servidor em cargo de comiss\u00e3o ter\u00e1 direito a esta modalidade de licen\u00e7a com vencimentos integrais por somente 15 dias no intervalo de 60 (sessenta dias); A crit\u00e9rio da equipe m\u00e9dica da DPM, mediante atestado e declara\u00e7\u00e3o das terapias, poder-se-\u00e1 conceder licen\u00e7a administrativamente, n\u00e3o isentando de verifica\u00e7\u00e3o futura do acompanhamento ao familiar;<\/li>\n<li><strong>Servidores em Regime Especial de Processo Seletivo Simplificado (PSS) n\u00e3o tem previs\u00e3o legal para a referida modalidade de licen\u00e7a;<\/strong><\/li>\n<\/ul>\n<p>A Equipe T\u00e9cnica desta DPM poder\u00e1 entrar em contato nos casos de afastamento prolongado, ou para dirimir d\u00favidas desta modalidade de licen\u00e7a; Considerando tratar-se de cuidados permanente durante o per\u00edodo desta modalidade de licen\u00e7a, poder\u00e1 ser efetuada visita no domic\u00edlio ou cl\u00ednica sem pr\u00e9vio agendamento;<strong>\u00a0<\/strong><\/p>\n<p>Clique <a href=\"https:\/\/drive.google.com\/file\/d\/1Gzbk1HccgLvihoqQ9vehwpQ5xDNIJiMp\/view\">aqui<\/a> para mais informa\u00e7\u00f5es<\/p>\n","protected":false},"excerpt":{"rendered":"<p>Casos que n\u00e3o s\u00e3o abrangidos pelo Decreto 3003\/2015 &#8211; Redu\u00e7\u00e3o de Carga Hor\u00e1ria Esta modalidade de licen\u00e7a s\u00f3 poder\u00e1 ser concedida a um \u00fanico servidor para acompanhar o familiar. O per\u00edodo de afastamento em horas ser\u00e1 analisado e definido pela DPM conforme a necessidade comprovada. A modalidade poder\u00e1 ser concedida: Por no m\u00e1ximo 3 (tr\u00eas) [&hellip;]<\/p>\n","protected":false},"author":3,"featured_media":0,"parent":1216,"menu_order":0,"comment_status":"closed","ping_status":"closed","template":"","meta":{"_exactmetrics_skip_tracking":false,"footnotes":"","_links_to":"","_links_to_target":""},"class_list":["post-1236","page","type-page","status-publish","hentry"],"_links":{"self":[{"href":"https:\/\/www3.unicentro.br\/progesp\/wp-json\/wp\/v2\/pages\/1236","targetHints":{"allow":["GET"]}}],"collection":[{"href":"https:\/\/www3.unicentro.br\/progesp\/wp-json\/wp\/v2\/pages"}],"about":[{"href":"https:\/\/www3.unicentro.br\/progesp\/wp-json\/wp\/v2\/types\/page"}],"author":[{"embeddable":true,"href":"https:\/\/www3.unicentro.br\/progesp\/wp-json\/wp\/v2\/users\/3"}],"replies":[{"embeddable":true,"href":"https:\/\/www3.unicentro.br\/progesp\/wp-json\/wp\/v2\/comments?post=1236"}],"version-history":[{"count":1,"href":"https:\/\/www3.unicentro.br\/progesp\/wp-json\/wp\/v2\/pages\/1236\/revisions"}],"predecessor-version":[{"id":1237,"href":"https:\/\/www3.unicentro.br\/progesp\/wp-json\/wp\/v2\/pages\/1236\/revisions\/1237"}],"up":[{"embeddable":true,"href":"https:\/\/www3.unicentro.br\/progesp\/wp-json\/wp\/v2\/pages\/1216"}],"wp:attachment":[{"href":"https:\/\/www3.unicentro.br\/progesp\/wp-json\/wp\/v2\/media?parent=1236"}],"curies":[{"name":"wp","href":"https:\/\/api.w.org\/{rel}","templated":true}]}}