{"id":41,"date":"2021-04-26T16:25:39","date_gmt":"2021-04-26T19:25:39","guid":{"rendered":"https:\/\/www3.unicentro.br\/ppgdc\/?page_id=41"},"modified":"2026-04-17T11:03:00","modified_gmt":"2026-04-17T14:03:00","slug":"corpo-discente","status":"publish","type":"page","link":"https:\/\/www3.unicentro.br\/ppgdc\/o-programa\/corpo-discente\/","title":{"rendered":"Corpo Discente\/Graduate Students"},"content":{"rendered":"<div class=\"wpb-content-wrapper\"><p>[vc_row][vc_column][vc_column_text]O PPPGDC iniciou a primeira turma de mestrado em abril de 2013 e a primeira turma de doutorado em abril de 2019.<\/p>\n<p>O ingresso de discentes regulares e especiais \u00e9 feito por meio de editais, seguindo o calend\u00e1rio letivo.<\/p>\n<p>Discentes regulares do PPGDC podem concorrer a bolsas e aux\u00edlios, regidos por editais.<\/p>\n<p>[\/vc_column_text][vc_separator color=&#8221;black&#8221;][\/vc_column][\/vc_row][vc_row][vc_column width=&#8221;1\/2&#8243;][vc_cta h2=&#8221;TURMAS DE MESTRADO&#8221; txt_align=&#8221;center&#8221; color=&#8221;white&#8221; css=&#8221;.vc_custom_1776434165429{background-color: #9E0000 !important;}&#8221;][\/vc_cta][vc_tta_accordion shape=&#8221;square&#8221; color=&#8221;juicy-pink&#8221; active_section=&#8221;0&#8243; collapsible_all=&#8221;true&#8221;][vc_tta_section title=&#8221;Turma 2026 Mestrado&#8221; tab_id=&#8221;1776432831823-500889e9-a959&#8243;][vc_column_text css=&#8221;&#8221;]ALINE MARIA DLUGOSZ<\/p>\n<p>ALISSON RENAN SCHEIDT<\/p>\n<p>ALLINE CAROLINA MANOSSO<\/p>\n<p>BRUNA LINDEMBERG FORTES DE MORAIS DIOGO<\/p>\n<p>DEBORA KARINA CORREIA<\/p>\n<p>ELISENE JESUS DE RAMOS<\/p>\n<p>ELIZA LEITE PEREIRA<\/p>\n<p>ELLEN MAYARA VIEIRA<\/p>\n<p>HEFFERSON HENRIQUE DA FONSECA<\/p>\n<p>JO\u00c3O RICARDO MASCARELLO<\/p>\n<p>LAIS MACIEL WEBER<\/p>\n<p>LARISSA NASCIMENTO SPRENGER<\/p>\n<p>LAURA BEATRIZ BORA<\/p>\n<p>LETICIA CASTILHO<\/p>\n<p>LUCAS GALV\u00c3O DA SILVA<\/p>\n<p>LUCIMARA DE F\u00c1TIMA QUINTILIANO FERREIRA<\/p>\n<p>RAFAEL FISCHER REICHERT<\/p>\n<p>REGEANE POLAKOSKI<\/p>\n<p>SIMONE MIRANDA GALICIOLI<\/p>\n<p>TALITA VIEIRA DOS SANTOS KLOSOWSKI<\/p>\n<p>TAMARA KARVAT<\/p>\n<p>VINICIUS RAFAEL MENIN<\/p>\n<p>VIVIANE APARECIDA DE ALMEIDA KALVA[\/vc_column_text][\/vc_tta_section][vc_tta_section title=&#8221;Turma 2025 Mestrado&#8221; tab_id=&#8221;1776433232586-416fbcd8-bd71&#8243;][vc_column_text css=&#8221;&#8221;][\/vc_column_text][\/vc_tta_section][vc_tta_section title=&#8221;Turma 2024 Mestrado&#8221; tab_id=&#8221;1776433201547-1313557a-aa7f&#8221;][vc_column_text css=&#8221;&#8221;]AGLAILTON DE OLIVEIRA MAGALH\u00c3ES <a href=\"https:\/\/lattes.cnpq.br\/1226169979816883\">(Lattes)\u00a0<\/a><\/p>\n<p>AMANDA CAROLINA GOMES <a href=\"http:\/\/lattes.cnpq.br\/4536605729957154\">(Lattes)<\/a><\/p>\n<p>ANNA FL\u00c1VIA DE FREITAS LOIOLA <a href=\"http:\/\/lattes.cnpq.br\/7023849473344361\">(Lattes)\u00a0<\/a><\/p>\n<p>ASAF SILAS NUNES <a href=\"http:\/\/lattes.cnpq.br\/8400070184243274\">(Lattes)<\/a><\/p>\n<p>BRUNA EDUARDA FIORENTIN <a href=\"http:\/\/lattes.cnpq.br\/1043847921851630\">(Lattes)<\/a><\/p>\n<p>\u00c9LCIO WSZOLEK <a href=\"http:\/\/lattes.cnpq.br\/8495813390032786\">(Lattes)<\/a><\/p>\n<p>EMANUELE CRISTINA GUEBA BUDNIK <a href=\"http:\/\/lattes.cnpq.br\/5945119841422922\">(Lattes)<\/a><\/p>\n<p>EVERLY MALTACA PYPCAK <a href=\"http:\/\/lattes.cnpq.br\/5072788984415035\">(Lattes)<\/a><\/p>\n<p>GREGORI HENRIQUE VOTTRI TROMBETTA <a href=\"http:\/\/lattes.cnpq.br\/9045302622962053\">(Lattes)<\/a><\/p>\n<p>INAJARA GABRIEL MENDES <a href=\"http:\/\/lattes.cnpq.br\/4156442779034736\">(Lattes)<\/a><\/p>\n<p>JAMILE MA-YA XIANG YU <a href=\"http:\/\/lattes.cnpq.br\/2118279944867907\">(Lattes)<\/a><\/p>\n<p>KEILA FARIA <a href=\"http:\/\/lattes.cnpq.br\/3213125538015111\">(Lattes)<\/a><\/p>\n<p>LUANA DOMBROSKI <a href=\"http:\/\/lattes.cnpq.br\/2658647004215990\">(Lattes)<\/a><\/p>\n<p>LUANE KAFCKA SANZOVO <a href=\"http:\/\/lattes.cnpq.br\/0909783322472145\">(Lattes)<\/a><\/p>\n<p>MARIA EDUARDA LIMA DE PAULA <a href=\"http:\/\/lattes.cnpq.br\/4196901589777595\">(Lattes)<\/a><\/p>\n<p>MARIA EDUARDA VIANTE <a href=\"http:\/\/lattes.cnpq.br\/4476715241323975\">(Lattes)<\/a><\/p>\n<p>N\u00c1JILA CRISTINA CAMARGO <a href=\"http:\/\/lattes.cnpq.br\/9603192865458318\">(Lattes)<\/a><\/p>\n<p>PEDRO FELIPE SCHINEMANN <a href=\"http:\/\/lattes.cnpq.br\/7228230145613534\">(Lattes)<\/a><\/p>\n<p>SAMANTA RAUE MASSUGA <a href=\"http:\/\/lattes.cnpq.br\/1381216908345849\">(Lattes)<\/a><\/p>\n<p>THAYS CHRISTINA DE BRITO <a href=\"http:\/\/lattes.cnpq.br\/5028883776808497\">(Lattes)<\/a>[\/vc_column_text][\/vc_tta_section][vc_tta_section title=&#8221;Turma 2023 Mestrado&#8221; tab_id=&#8221;1776432831901-73eeee26-49ac&#8221;][vc_column_text css=&#8221;&#8221;]ALESSANDRA SERATTO <a href=\"http:\/\/lattes.cnpq.br\/4816719902227088\">(Lattes)<\/a><\/p>\n<p>EMANUELLY BICHOFF DA LUZ <a href=\"http:\/\/lattes.cnpq.br\/0113863123359508\">(Lattes)\u00a0<\/a><\/p>\n<p>ISABELA SOCHODOLAK\u00a0 <a href=\"http:\/\/lattes.cnpq.br\/7071446205919704\">(Lattes)\u00a0<\/a><\/p>\n<p>JULIANA LIMA VALERIO <a href=\"http:\/\/lattes.cnpq.br\/2424320228863639\">(Lattes)<\/a><\/p>\n<p>LUARA ROBERTA PACHECO STECINSKI\u00a0 <a href=\"http:\/\/lattes.cnpq.br\/9266892916657754\">(Lattes)<\/a><\/p>\n<p>REGINALDO MARTINS CORDEIRO <a href=\"http:\/\/lattes.cnpq.br\/9090437872851359\">(Lattes)<\/a><\/p>\n<p>SARAH DIB DOMINGUES SILVA\u00a0 <a href=\"http:\/\/lattes.cnpq.br\/3924557561078709\">(Lattes)<\/a>[\/vc_column_text][\/vc_tta_section][vc_tta_section title=&#8221;Turma 2022 Mestrado&#8221; tab_id=&#8221;1776432831996-70ababc4-8501&#8243;][vc_column_text css=&#8221;&#8221;]ANALU APARECIDA DMUCHARSKI <a href=\"http:\/\/lattes.cnpq.br\/4825253587223273\">(Lattes)<\/a><\/p>\n<p>ANDR\u00c9 ROBERTO DA SILVA ZAMPIERI (Lattes)<\/p>\n<p>EMANUELI MAZUR IAN\u00d3SKI NEULS (Lattes)<\/p>\n<p>FABIANA KOUPAK <a href=\"http:\/\/lattes.cnpq.br\/8485647469142112\">(Lattes)<\/a><\/p>\n<p>KARLA DANIELE VARELA KAMINSKI <a href=\"http:\/\/lattes.cnpq.br\/5389336277688368\">(Lattes)<\/a><\/p>\n<p>LUANA DO NASCIMENTO SCHAVAREM <a href=\"http:\/\/lattes.cnpq.br\/5315415696364963\">(Lattes)<\/a><\/p>\n<p>MARIANA LOBREGATI BARRETO <a href=\"http:\/\/lattes.cnpq.br\/1694695302211218\">(Lattes)<\/a><\/p>\n<p>MARIANA TAIS PADUKI DE ALMEIDA <a href=\"http:\/\/lattes.cnpq.br\/2723352254432372\">(Lattes)<\/a><\/p>\n<p>SIDIANE DE MOURA MAROCHIO <a href=\"http:\/\/lattes.cnpq.br\/9403003323405718\">(Lattes)<\/a><\/p>\n<p>VERONICA NAZARKEVICZ <a href=\"http:\/\/lattes.cnpq.br\/2658011518227976\">(Lattes)<\/a>[\/vc_column_text][\/vc_tta_section][vc_tta_section title=&#8221;Turma 2021 Mestrado&#8221; tab_id=&#8221;1776432832252-5efdca8b-bed9&#8243;][vc_column_text css=&#8221;&#8221;]Alexandre Dias Fran\u00e7a (Lattes)<\/p>\n<p>Alexandre Westephal Losso <span style=\"color: #0000ff\"><a style=\"color: #0000ff\" href=\"http:\/\/lattes.cnpq.br\/6175222863152176\">(Lattes)<\/a><\/span><\/p>\n<p>Amanda Breda <span style=\"color: #0000ff\"><a style=\"color: #0000ff\" href=\"http:\/\/lattes.cnpq.br\/5268785586445847\">(Lattes)<\/a><\/span><\/p>\n<p>Celina Campos da Silva <span style=\"color: #0000ff\"><a style=\"color: #0000ff\" href=\"http:\/\/lattes.cnpq.br\/8176251626397519\">(Lattes)<\/a><\/span><\/p>\n<p>Eduardo Jos\u00e9 Ramalho Stroparo (Lattes)<\/p>\n<p>Fabiane Kravutschke Bogdanovicz <span style=\"color: #0000ff\"><a style=\"color: #0000ff\" href=\"http:\/\/lattes.cnpq.br\/5946317930048810\">(Lattes)<\/a><\/span><\/p>\n<p>Gabriela Saciloto Cramer <span style=\"color: #0000ff\"><a style=\"color: #0000ff\" href=\"http:\/\/lattes.cnpq.br\/2073001535170701\">(Lattes)<\/a><\/span><\/p>\n<p>Gisleia Aparecida Ferreira <span style=\"color: #0000ff\"><a style=\"color: #0000ff\" href=\"http:\/\/lattes.cnpq.br\/2059823023957379\">(Lattes)<\/a><\/span><\/p>\n<p>Gl\u00e1ucia Miranda (Lattes)<\/p>\n<p>Inai\u00ea Caroline Brugnolo Rosa (Lattes)<\/p>\n<p>Katielli Carina Almeida Marcon <span style=\"color: #0000ff\"><a style=\"color: #0000ff\" href=\"http:\/\/lattes.cnpq.br\/8991684152487828\">(Lattes)<\/a><\/span><\/p>\n<p>Luana da Silva Castilho <span style=\"color: #0000ff\"><a style=\"color: #0000ff\" href=\"http:\/\/lattes.cnpq.br\/4796588016918208\">(Lattes)<\/a><\/span><\/p>\n<p>Marina Baptista de Oliveira <span style=\"color: #0000ff\"><a style=\"color: #0000ff\" href=\"http:\/\/lattes.cnpq.br\/3739406086099796\">(Lattes)<\/a><\/span><\/p>\n<p>Michele da Matta <span style=\"color: #0000ff\"><a style=\"color: #0000ff\" href=\"http:\/\/lattes.cnpq.br\/2810473663854106\">(Lattes)<\/a><\/span><\/p>\n<p>Mirian Silva Adorno <span style=\"color: #0000ff\"><a style=\"color: #0000ff\" href=\"http:\/\/lattes.cnpq.br\/0733201640678050\">(Lattes)<\/a><\/span><\/p>\n<p>Paulo Cesar Jankowski <span style=\"color: #0000ff\"><a style=\"color: #0000ff\" href=\"http:\/\/lattes.cnpq.br\/6294331210383034\">(Lattes)<\/a><\/span><\/p>\n<p>Tatiane Prestes Gueths <span style=\"color: #0000ff\"><a style=\"color: #0000ff\" href=\"http:\/\/lattes.cnpq.br\/8176498545456372\">(Lattes)<\/a><\/span><\/p>\n<p>Thamires Aparecida Bojko <span style=\"color: #0000ff\"><a style=\"color: #0000ff\" href=\"http:\/\/lattes.cnpq.br\/8870259386055594\">(Lattes)<\/a><\/span>[\/vc_column_text][\/vc_tta_section][vc_tta_section title=&#8221;Turma 2020 Mestrado&#8221; tab_id=&#8221;1776432832338-101f0e85-5539&#8243;][vc_column_text css=&#8221;&#8221;]FERNANDA CRISSI <span style=\"color: #0000ff\"><a style=\"color: #0000ff\" href=\"http:\/\/lattes.cnpq.br\/0741756410003932\">(Lattes)<\/a><\/span><\/p>\n<p>GABRIEL AUGUSTO SARDETO <span style=\"color: #0000ff\"><a style=\"color: #0000ff\" href=\"http:\/\/lattes.cnpq.br\/7643828061120455\">(Lattes)<\/a><\/span><\/p>\n<p>GABRIELA PASQUAL <span style=\"color: #0000ff\"><a style=\"color: #0000ff\" href=\"http:\/\/lattes.cnpq.br\/7726507170757586\">(Lattes)<\/a><\/span><\/p>\n<p>GUSTAVO BIANCHINI PORF\u00cdRIO (Lattes)<\/p>\n<p>JESSYKA LOPES RICKLI <span style=\"color: #0000ff\"><a style=\"color: #0000ff\" href=\"http:\/\/lattes.cnpq.br\/7563475638982562\">(Lattes)<\/a><\/span><\/p>\n<p>JULIANA DE LARA CASTAGNOLI <span style=\"color: #0000ff\"><a style=\"color: #0000ff\" href=\"http:\/\/lattes.cnpq.br\/6091846848961295\">(Lattes)<\/a><\/span><\/p>\n<p>MARIA ESTER SCHREINER BERBETZ <span style=\"color: #0000ff\"><a style=\"color: #0000ff\" href=\"http:\/\/lattes.cnpq.br\/2396567533142785\">(Lattes)<\/a><\/span><\/p>\n<p>NATACH WYSOCKI K\u00dcSTER (Lattes)<\/p>\n<p>NELI CHVAITCHUK <span style=\"color: #0000ff\"><a style=\"color: #0000ff\" href=\"http:\/\/lattes.cnpq.br\/4396149151487499\">(Lattes)<\/a><\/span><\/p>\n<p>PAULA REGINA JENSEN <span style=\"color: #0000ff\"><a style=\"color: #0000ff\" href=\"http:\/\/lattes.cnpq.br\/3811605727942979\">(Lattes)<\/a><\/span><\/p>\n<p>RODRIGO DE PAULA FEIJ\u00d3 (Lattes)<\/p>\n<p>SANDRA BERNASKI <span style=\"color: #0000ff\"><a style=\"color: #0000ff\" href=\"http:\/\/lattes.cnpq.br\/4329659766837537\">(Lattes)<\/a><\/span><\/p>\n<p>TATIANE PASTERNAK TEIXEIRA <span style=\"color: #0000ff\"><a style=\"color: #0000ff\" href=\"http:\/\/lattes.cnpq.br\/0690080244299610\">(Lattes)<\/a><\/span>[\/vc_column_text][vc_column_text]Nome 1[\/vc_column_text][\/vc_tta_section][vc_tta_section title=&#8221;Turma 2019 Mestrado&#8221; tab_id=&#8221;1776432832481-6d8bf229-6778&#8243;][vc_column_text css=&#8221;&#8221;]ALISANE DA SILVA <span style=\"color: #0000ff\"><a style=\"color: #0000ff\" href=\"http:\/\/lattes.cnpq.br\/1757910978901484\">(Lattes)<\/a><\/span><\/p>\n<p>ANA PAULA HU\u00c7ALO (Lattes)<\/p>\n<p>ANALINE BADOTTI BATISTA <span style=\"color: #0000ff\"><a style=\"color: #0000ff\" href=\"http:\/\/lattes.cnpq.br\/9155199961864782\">(Lattes)<\/a><\/span><\/p>\n<p>BRUNA MARIA ROSSIGNOLLI <span style=\"color: #0000ff\"><a style=\"color: #0000ff\" href=\"http:\/\/lattes.cnpq.br\/2707751324783710\">(Lattes)<\/a><\/span><\/p>\n<p>CAMILA DA LUZ ELTCHECHEM <span style=\"color: #0000ff\"><a style=\"color: #0000ff\" href=\"http:\/\/lattes.cnpq.br\/2031633708301724\">(Lattes)<\/a><\/span><\/p>\n<p>DANIELLE SORAYA DA SILVA FIGUEIREDO (Lattes)<\/p>\n<p>DANYELLE BLANSKI ZIMMER <span style=\"color: #0000ff\"><a style=\"color: #0000ff\" href=\"http:\/\/lattes.cnpq.br\/9149478465013568\">(Lattes)<\/a><\/span><\/p>\n<p>EL\u00c3INE NOVAK LACOMSKI CUNHA (Lattes)<\/p>\n<p>FABIO ANTONIO MATUCHESKI ZARPELON <span style=\"color: #0000ff\"><a style=\"color: #0000ff\" href=\"http:\/\/lattes.cnpq.br\/0473176216421112\"><span style=\"color: #0000ff\">(Lattes)<\/span><\/a><\/span><\/p>\n<p>FERNANDO STORA <span style=\"color: #0000ff\"><a style=\"color: #0000ff\" href=\"http:\/\/lattes.cnpq.br\/6104109604916872\">(Lattes)<\/a><\/span><\/p>\n<p>FRANCIELI APARECIDA ZAKSESKI <span style=\"color: #0000ff\"><a style=\"color: #0000ff\" href=\"http:\/\/lattes.cnpq.br\/5655869370999173\">(Lattes)<\/a><\/span><\/p>\n<p>GABRIEL RIBEIRO CORDEIRO <span style=\"color: #0000ff\"><a style=\"color: #0000ff\" href=\"http:\/\/lattes.cnpq.br\/0530069494574929\">(Lattes)<\/a><\/span><\/p>\n<p>IARA RODRIGUES VIEIRA <span style=\"color: #0000ff\"><a style=\"color: #0000ff\" href=\"http:\/\/lattes.cnpq.br\/1106520076243861\">(Lattes)<\/a><\/span><\/p>\n<p>JAQUELINE FELIX DE SOUSA <span style=\"color: #0000ff\"><a style=\"color: #0000ff\" href=\"http:\/\/lattes.cnpq.br\/5274811603623217\">(Lattes)<\/a><\/span><\/p>\n<p>JOCIELI MAJEWSKI <span style=\"color: #0000ff\"><a style=\"color: #0000ff\" href=\"http:\/\/lattes.cnpq.br\/1853831874786643\">(Lattes)<\/a><\/span><\/p>\n<p>JOICE CASAGRANDE PIOVEZANI (Lattes)<\/p>\n<p>JULIANA MARQUES SANTOS OLIVEIRA <span style=\"color: #0000ff\"><a style=\"color: #0000ff\" href=\"http:\/\/lattes.cnpq.br\/7521337047152247\"><span style=\"color: #0000ff\">(Lattes)<\/span><\/a><\/span><\/p>\n<p>KARINE APARECIDA DE LIMA <span style=\"color: #0000ff\"><a style=\"color: #0000ff\" href=\"http:\/\/lattes.cnpq.br\/6470680195980621\"><span style=\"color: #0000ff\">(Lattes)<\/span><\/a><\/span><\/p>\n<p>LUCIANE SILVA FRANCO<span style=\"color: #0000ff\"> <a style=\"color: #0000ff\" href=\"http:\/\/lattes.cnpq.br\/2946077125585948\">(Lattes)<\/a><\/span><\/p>\n<p>MA\u00c9LY TEREZINHA MENDES (Lattes)<\/p>\n<p>MARINA JOICE KEIL <span style=\"color: #0000ff\"><a style=\"color: #0000ff\" href=\"http:\/\/lattes.cnpq.br\/2841329294454058\"><span style=\"color: #0000ff\">(Lattes)<\/span><\/a><\/span><\/p>\n<p>MAYRA LOPES DE OLIVEIRA <span style=\"color: #0000ff\"><a style=\"color: #0000ff\" href=\"http:\/\/lattes.cnpq.br\/0355769248014879\">(Lattes)<\/a><\/span><\/p>\n<p>PATRICIA DO CARMO JELE <span style=\"color: #0000ff\"><a style=\"color: #0000ff\" href=\"http:\/\/lattes.cnpq.br\/3050958915693090\">(Lattes)<\/a><\/span><\/p>\n<p>PAULO CESAR MARCONDES <span style=\"color: #0000ff\"><a style=\"color: #0000ff\" href=\"http:\/\/lattes.cnpq.br\/4788605226049995\">(Lattes)<\/a><\/span><\/p>\n<p>RODRIGO BOBATO <span style=\"color: #0000ff\"><a style=\"color: #0000ff\" href=\"http:\/\/lattes.cnpq.br\/2856255231173985\">(Lattes)<\/a><\/span><\/p>\n<p>SAMILY DOS SANTOS SILVA <span style=\"color: #0000ff\"><a style=\"color: #0000ff\" href=\"http:\/\/lattes.cnpq.br\/2499827914577817\">(Lattes)<\/a><\/span><\/p>\n<p>SIMONE CIUNEK CORR\u00caA (Lattes)<\/p>\n<p>SIMONE SOARES (Lattes)<\/p>\n<p>STEPHANIE CRISTIN OTTO <span style=\"color: #0000ff\"><a style=\"color: #0000ff\" href=\"http:\/\/lattes.cnpq.br\/1956189214847346\">(Lattes)<\/a><\/span><\/p>\n<p>TA\u00cdS CARLI D&#8217;AVILA (Lattes)<\/p>\n<p>WILLIDIANE TESSARI <span style=\"color: #0000ff\"><a style=\"color: #0000ff\" href=\"http:\/\/lattes.cnpq.br\/7174842832690171\">(Lattes)<\/a><\/span>[\/vc_column_text][vc_column_text]Nome 1[\/vc_column_text][\/vc_tta_section][vc_tta_section title=&#8221;Turma 2018 Mestrado&#8221; tab_id=&#8221;1776432832092-18fffca1-6b0b&#8221;][vc_column_text css=&#8221;&#8221;]ABR\u00c3O JOS\u00c9 MELHEM JUNIOR (Lattes)<\/p>\n<p>ADRIELE MALHERBI BORTOLUZZI <span style=\"color: #0000ff\"><a style=\"color: #0000ff\" href=\"http:\/\/lattes.cnpq.br\/6816490574287047\">(Lattes)<\/a><\/span><\/p>\n<p>ANDRIELI ALVES DA CRUZ SANTIN <a href=\"http:\/\/lattes.cnpq.br\/1425904199102830\"><span style=\"color: #0000ff\">(Lattes)<\/span><\/a><\/p>\n<p>ANE CAROLINA CHIMANSKI <span style=\"color: #0000ff\"><a style=\"color: #0000ff\" href=\"http:\/\/lattes.cnpq.br\/9141909138376065\">(Lattes)<\/a><\/span><\/p>\n<p>CIBELI APARECIDA TOZZI PEREIRA <span style=\"color: #0000ff\"><a style=\"color: #0000ff\" href=\"http:\/\/lattes.cnpq.br\/3434176642366836\">(Lattes)<\/a><\/span><\/p>\n<p>DENISE DE OLIVEIRA (Lattes)<\/p>\n<p>DILCEN\u00c9IA BARBOSA (Lattes)<\/p>\n<p>ELIS CAMILA VOLOCHATI (Lattes)<\/p>\n<p>F\u00c1BIO JOS\u00c9 DE JESUS (Lattes)<\/p>\n<p>FLAVIA MASSUGA <span style=\"color: #0000ff\"><a style=\"color: #0000ff\" href=\"http:\/\/lattes.cnpq.br\/0985578089719837\">(Lattes)<\/a><\/span><\/p>\n<p>FRANCIELLY DE SOUZA CAMPOS <span style=\"color: #0000ff\"><a style=\"color: #0000ff\" href=\"http:\/\/lattes.cnpq.br\/0380353864093811\">(Lattes)<\/a><\/span><\/p>\n<p>JAQUELINE MACHADO SOARES <span style=\"color: #0000ff\"><a style=\"color: #0000ff\" href=\"http:\/\/lattes.cnpq.br\/6152550809902240\">(Lattes)<\/a><\/span><\/p>\n<p>JAQUELINE PORTELLA BUASKI (Lattes)<\/p>\n<p>KARYNNE APARECIDA KUGLER <a href=\"http:\/\/lattes.cnpq.br\/5357382204046047\"><span style=\"color: #0000ff\">(Lattes)<\/span><\/a><\/p>\n<p>LUCIVALDO JOS\u00c9 CASTELLANI (Lattes)<\/p>\n<p>MARCIANE CONTI ZORNITA <span style=\"color: #0000ff\"><a style=\"color: #0000ff\" href=\"http:\/\/lattes.cnpq.br\/0744844649251181\">(Lattes)<\/a><\/span><\/p>\n<p>MARIANA NUNES CANDIDO <span style=\"color: #0000ff\"><a style=\"color: #0000ff\" href=\"http:\/\/lattes.cnpq.br\/1471950997972105\">(Lattes)<\/a><\/span><\/p>\n<p>MARIANA PEREIRA (Lattes)<\/p>\n<p>M\u00c1RIO ANDR\u00c9 CAMARGO TORRES (Lattes)<\/p>\n<p>MARIO HENRIQUE DE MATTOS <span style=\"color: #0000ff\"><a style=\"color: #0000ff\" href=\"http:\/\/lattes.cnpq.br\/7011052113176375\">(Lattes)<\/a><\/span><\/p>\n<p>MARJORIE RABEL CORSO <span style=\"color: #0000ff\"><a style=\"color: #0000ff\" href=\"http:\/\/lattes.cnpq.br\/7595437563304566\">(Lattes)<\/a><\/span><\/p>\n<p>MELISSA YUKA OUTI <span style=\"color: #0000ff\"><a style=\"color: #0000ff\" href=\"http:\/\/lattes.cnpq.br\/3310650393155259\">(Lattes)<\/a><\/span><\/p>\n<p>MICHELE TEIXEIRA (Lattes)<\/p>\n<p>NEI AD\u00c3O RIBEIRO DE FREITAS (Lattes)<\/p>\n<p>PAULA MARIA PANKIW <span style=\"color: #0000ff\"><a style=\"color: #0000ff\" href=\"http:\/\/lattes.cnpq.br\/7830246721809924\">(Lattes)<\/a><\/span><\/p>\n<p>PAULO CESAR MAURINA <span style=\"color: #0000ff\"><a style=\"color: #0000ff\" href=\"http:\/\/lattes.cnpq.br\/2063950098037651\">(Lattes)<\/a><\/span><\/p>\n<p>SAULO ROBERTO KOROCOSKI <span style=\"color: #0000ff\"><a style=\"color: #0000ff\" href=\"http:\/\/lattes.cnpq.br\/3611126241569999\">(Lattes)<\/a><\/span><\/p>\n<p>SOLANGE CRISTINA COSTA COTLINSKY <span style=\"color: #0000ff\"><a style=\"color: #0000ff\" href=\"http:\/\/lattes.cnpq.br\/4806568632686107\">(Lattes)<\/a><\/span><\/p>\n<p>TAMARA BOROX GUIMAR\u00c3ES (Lattes)<\/p>\n<p>VIVIANE ELOISA BINI <span style=\"color: #0000ff\"><a style=\"color: #0000ff\" href=\"http:\/\/lattes.cnpq.br\/4273294216980443\">(Lattes)<\/a><\/span><\/p>\n<p>WILLIAN NATHANAEL CARTELLI DE PAULA <span style=\"color: #0000ff\"><a style=\"color: #0000ff\" href=\"http:\/\/lattes.cnpq.br\/7874807265137085\">(Lattes)<\/a><\/span>[\/vc_column_text][vc_column_text]Nome 1[\/vc_column_text][\/vc_tta_section][vc_tta_section title=&#8221;Turma 2017 Mestrado&#8221; tab_id=&#8221;1776432832637-131addf6-fb4b&#8221;][vc_column_text css=&#8221;&#8221;]FL\u00c1VIA TEIXEIRA (Lattes)<\/p>\n<p>GISELLE PRISCILA SCHEIDT M. GARTNER (Lattes)<\/p>\n<p>GRAZIELA NUNES (Lattes)<\/p>\n<p>IONE RODRIGUES CORREIA <span style=\"color: #0000ff\"><a style=\"color: #0000ff\" href=\"http:\/\/lattes.cnpq.br\/9967682832472782\">(Lattes)<\/a><\/span><\/p>\n<p>JANAINA SAKOWICZ <span style=\"color: #0000ff\"><a style=\"color: #0000ff\" href=\"http:\/\/lattes.cnpq.br\/4790881163024638\">(Lattes)<\/a><\/span><\/p>\n<p>JOCIANE DE LIMA TEIXEIRA <span style=\"color: #0000ff\"><a style=\"color: #0000ff\" href=\"http:\/\/lattes.cnpq.br\/3901032309200356\">(Lattes)<\/a><\/span><\/p>\n<p>JUCELLY SHEILA CHAVES <span style=\"color: #0000ff\"><a style=\"color: #0000ff\" href=\"http:\/\/lattes.cnpq.br\/0023214219239170\">(Lattes)<\/a><\/span><\/p>\n<p>KENNIA LAURA SONCINI DE CASTRO <span style=\"color: #0000ff\"><a style=\"color: #0000ff\" href=\"http:\/\/lattes.cnpq.br\/5332232619285498\">(Lattes)<\/a><\/span><\/p>\n<p>LARISSA BUHRER DANGUY KARAM (Lattes)<\/p>\n<p>LAURIANA F. M. D. R. DE OLIVEIRA (Lattes)<\/p>\n<p>LEANDRO SMOUTER <span style=\"color: #0000ff\"><a style=\"color: #0000ff\" href=\"http:\/\/lattes.cnpq.br\/6345742901283190\">(Lattes)<\/a><\/span><\/p>\n<p>LETICIA MENDES <span style=\"color: #0000ff\"><a style=\"color: #0000ff\" href=\"http:\/\/lattes.cnpq.br\/4174861101037928\">(Lattes)<\/a><\/span><\/p>\n<p>MARCELA DE F\u00c1TIMA KLOSTER (Lattes)<\/p>\n<p>MARCOS CIESLAK <span style=\"color: #0000ff\"><a style=\"color: #0000ff\" href=\"http:\/\/lattes.cnpq.br\/4829083431456290\">(Lattes)<\/a><\/span><\/p>\n<p>PRICILA REGINA SIKORA <span style=\"color: #0000ff\"><a style=\"color: #0000ff\" href=\"http:\/\/lattes.cnpq.br\/9021631379421750\">(Lattes)<\/a><\/span><\/p>\n<p>PRISCILA CROVADOR DAVEBIDA <span style=\"color: #0000ff\"><a style=\"color: #0000ff\" href=\"http:\/\/lattes.cnpq.br\/3407828367342355\">(Lattes)<\/a><\/span><\/p>\n<p>REGEANE VAZ GUEDES <span style=\"color: #0000ff\"><a style=\"color: #0000ff\" href=\"http:\/\/lattes.cnpq.br\/7676810900804808\">(Lattes)<\/a><\/span><\/p>\n<p>RH\u00d3GER LIPOVIESKI (Lattes)<\/p>\n<p>ROSIANE MIKUSKA <span style=\"color: #0000ff\"><a style=\"color: #0000ff\" href=\"http:\/\/lattes.cnpq.br\/6349820016937873\">(Lattes)<\/a><\/span><\/p>\n<p>SYNDEL SOUZA STEFANES (Lattes)<\/p>\n<p>VALERIA APARECIDA MONTEIRO <span style=\"color: #0000ff\"><a style=\"color: #0000ff\" href=\"http:\/\/lattes.cnpq.br\/4816719902227088\">(Lattes)<\/a><\/span><\/p>\n<p>VANDERL\u00c9IA SCHINEMANN (Lattes)[\/vc_column_text][vc_column_text]Nome 1[\/vc_column_text][\/vc_tta_section][vc_tta_section title=&#8221;Turma 2016 Mestrado&#8221; tab_id=&#8221;1776432832813-b15ddc16-8e65&#8243;][vc_column_text css=&#8221;&#8221;]Raphaella Rosa Horst Massuqueto <span style=\"color: #0000ff\"><a style=\"color: #0000ff\" href=\"http:\/\/lattes.cnpq.br\/7407510541000752\">(Lattes)<\/a><\/span><\/p>\n<p>Rodrigo de Assis Bayer <span style=\"color: #0000ff\"><a style=\"color: #0000ff\" href=\"http:\/\/lattes.cnpq.br\/7772597062892210\">(Lattes)<\/a><\/span><\/p>\n<p>Robercil Viante <span style=\"color: #0000ff\"><a style=\"color: #0000ff\" href=\"http:\/\/lattes.cnpq.br\/9302701381071679\">(Lattes)<\/a><\/span><\/p>\n<p>Simone Mader Dall\u00b4Agnol <span style=\"color: #0000ff\"><a style=\"color: #0000ff\" href=\"http:\/\/lattes.cnpq.br\/4026317964553128\">(Lattes)<\/a><\/span><\/p>\n<p>Solange Ferreira Batista <span style=\"color: #0000ff\"><a style=\"color: #0000ff\" href=\"http:\/\/lattes.cnpq.br\/8502327711888277\">(Lattes)<\/a><\/span><\/p>\n<p>Suzane Cristina Santos <span style=\"color: #0000ff\"><a style=\"color: #0000ff\" href=\"http:\/\/lattes.cnpq.br\/1515494445966252\">(Lattes)<\/a><\/span><\/p>\n<p>Tatiane da Silva Vieira <span style=\"color: #0000ff\"><a style=\"color: #0000ff\" href=\"http:\/\/lattes.cnpq.br\/4060309823963814\">(Lattes)<\/a><\/span><\/p>\n<p>Thailine Ellen Chimin Woicolesco <span style=\"color: #0000ff\"><a style=\"color: #0000ff\" href=\"http:\/\/lattes.cnpq.br\/8435441668464991\">(Lattes)<\/a><\/span><\/p>\n<p>Thalyta Forquim Buco <span style=\"color: #0000ff\"><a style=\"color: #0000ff\" href=\"http:\/\/lattes.cnpq.br\/5841130606069454\">(Lattes)<\/a><\/span>[\/vc_column_text][vc_column_text]Nome 1<\/p>\n<p>Nome 2[\/vc_column_text][\/vc_tta_section][vc_tta_section title=&#8221;Turma 2015 Mestrado&#8221; tab_id=&#8221;1776432832993-46deb63d-c0a2&#8243;][vc_column_text css=&#8221;&#8221;]Altair Justus Neto <span style=\"color: #0000ff\"><a style=\"color: #0000ff\" href=\"http:\/\/lattes.cnpq.br\/6154644095145844\">(Lattes)<\/a><\/span><\/p>\n<p>Edin\u00e9ia Lopes (Lattes)<\/p>\n<p>Edson Luis Kuzma (Lattes)<\/p>\n<p>Flavia Soares dos Santos <span style=\"color: #0000ff\"><a style=\"color: #0000ff\" href=\"http:\/\/lattes.cnpq.br\/9069060816193903\">(Lattes)<\/a><\/span><\/p>\n<p>Francieli Maria Barella <span style=\"color: #0000ff\"><a style=\"color: #0000ff\" href=\"http:\/\/lattes.cnpq.br\/9153761352268848\">(Lattes)<\/a><\/span><\/p>\n<p>Gisele Roessler <span style=\"color: #0000ff\"><a style=\"color: #0000ff\" href=\"http:\/\/lattes.cnpq.br\/3255475102500113\">(Lattes)<\/a><\/span><\/p>\n<p>Isabela Vinharski Scheidt <span style=\"color: #0000ff\"><a style=\"color: #0000ff\" href=\"http:\/\/lattes.cnpq.br\/4034025438974650\">(Lattes)<\/a><\/span><\/p>\n<p>Luciana Belinski <span style=\"color: #0000ff\"><a style=\"color: #0000ff\" href=\"http:\/\/lattes.cnpq.br\/7195403591074324\">(Lattes)<\/a><\/span><\/p>\n<p>Luiz Augusto Klosowski <span style=\"color: #0000ff\"><a style=\"color: #0000ff\" href=\"http:\/\/lattes.cnpq.br\/4013288528802302\">(Lattes)<\/a><\/span><\/p>\n<p>Maricleia Aparecida Leite Novak (Lattes)<\/p>\n<p>Regiane N\u00f3s (Lattes)<\/p>\n<p>Silvana Przybyzeski <span style=\"color: #0000ff\"><a style=\"color: #0000ff\" href=\"http:\/\/lattes.cnpq.br\/1827153591423966\">(Lattes)<\/a><\/span><\/p>\n<p>Suelen Cristina Borsoi <span style=\"color: #0000ff\"><a style=\"color: #0000ff\" href=\"http:\/\/lattes.cnpq.br\/6925355979364069\">(Lattes)<\/a><\/span><\/p>\n<p>Suzelaine Taize Stadler <span style=\"color: #0000ff\"><a style=\"color: #0000ff\" href=\"http:\/\/lattes.cnpq.br\/6626369513030190\">(Lattes)<\/a><\/span>[\/vc_column_text][\/vc_tta_section][vc_tta_section title=&#8221;Turma 2014 Mestrado&#8221; tab_id=&#8221;1776432833107-e01e574d-775a&#8221;][vc_column_text css=&#8221;&#8221;]Adriane Aparecida da Silva <span style=\"color: #0000ff\"><a style=\"color: #0000ff\" href=\"http:\/\/lattes.cnpq.br\/5424189412003623\">(Lattes)<\/a><\/span><\/p>\n<p>Alessandra Colesel <span style=\"color: #0000ff\"><a style=\"color: #0000ff\" href=\"http:\/\/lattes.cnpq.br\/7260226429587147\">(Lattes)<\/a><\/span><\/p>\n<p>Ana Bela dos Santos <span style=\"color: #0000ff\"><a style=\"color: #0000ff\" href=\"http:\/\/lattes.cnpq.br\/7850442291856649\">(Lattes)<\/a><\/span><\/p>\n<p>Audineia Martins Xavier <span style=\"color: #0000ff\"><a style=\"color: #0000ff\" href=\"http:\/\/lattes.cnpq.br\/5165955653150293\">(Lattes)<\/a><\/span><\/p>\n<p>Daiane Cristine Dorigoni <span style=\"color: #0000ff\"><a style=\"color: #0000ff\" href=\"http:\/\/lattes.cnpq.br\/4012941999598778\">(Lattes)<\/a><\/span><\/p>\n<p>Debora Rickli Fiuza <span style=\"color: #0000ff\"><a style=\"color: #0000ff\" href=\"http:\/\/lattes.cnpq.br\/2840615570637095\">(Lattes)<\/a><\/span><\/p>\n<p>Denis Cezar Musial <span style=\"color: #0000ff\"><a style=\"color: #0000ff\" href=\"http:\/\/lattes.cnpq.br\/5550602617622580\">(Lattes)<\/a><\/span><\/p>\n<p>Denize Aparecida Teixeira <span style=\"color: #0000ff\"><a style=\"color: #0000ff\" href=\"http:\/\/lattes.cnpq.br\/8103628727646756\">(Lattes)<\/a><\/span><\/p>\n<p>Ecinoely Francine P. Gapinski (Lattes)<\/p>\n<p>Edmarilson Rodrigues Pinto (Lattes)<\/p>\n<p>Emanoele Tensisni (Lattes)<\/p>\n<p>Eva Cristiana de Oliveira <span style=\"color: #0000ff\"><a style=\"color: #0000ff\" href=\"http:\/\/lattes.cnpq.br\/6156167491251561\">(Lattes)<\/a><\/span><\/p>\n<p>Gabriel Batista Kruger <span style=\"color: #0000ff\"><a style=\"color: #0000ff\" href=\"http:\/\/lattes.cnpq.br\/2236503811698253\">(Lattes)<\/a><\/span><\/p>\n<p>Gabriele Alves de Paula <span style=\"color: #0000ff\"><a style=\"color: #0000ff\" href=\"http:\/\/lattes.cnpq.br\/2297510290984242\">(Lattes)<\/a><\/span><\/p>\n<p>Gislaine de F\u00e1tima de Oliveira (Lattes)<\/p>\n<p>Jessica Tais Bresan <span style=\"color: #0000ff\"><a style=\"color: #0000ff\" href=\"http:\/\/lattes.cnpq.br\/9987917986346561\">(Lattes)<\/a><\/span><\/p>\n<p>Jociane da Rosa Marques Amaral <span style=\"color: #0000ff\"><a style=\"color: #0000ff\" href=\"http:\/\/lattes.cnpq.br\/6846190647008401\">(Lattes)<\/a><\/span><\/p>\n<p>Katiuscia de Oliveira F. Gabriel (Lattes)<\/p>\n<p>Leandro Coelho Lemos <span style=\"color: #0000ff\"><a style=\"color: #0000ff\" href=\"http:\/\/lattes.cnpq.br\/7199719676943581\">(Lattes)<\/a><\/span><\/p>\n<p>Lorena Cristina Menon <span style=\"color: #0000ff\"><a style=\"color: #0000ff\" href=\"http:\/\/lattes.cnpq.br\/2264059518578235\">(Lattes)<\/a><\/span><\/p>\n<p>Luana Bernardi (Lattes)<\/p>\n<p>Luana Tain\u00e1 Mesquita Costa (Lattes)<\/p>\n<p>Luzyanna Rocha Tavares<span style=\"color: #0000ff\"> <a style=\"color: #0000ff\" href=\"http:\/\/lattes.cnpq.br\/8390305704430969\">(Lattes)<\/a><\/span><\/p>\n<p>Marli Kuasoski (Lattes)<\/p>\n<p>Mauricila de Campos Fran\u00e7a (Lattes)<\/p>\n<p>Patricia Denkewicz (Lattes)<\/p>\n<p>Roberta Polak <span style=\"color: #0000ff\"><a style=\"color: #0000ff\" href=\"http:\/\/lattes.cnpq.br\/6503861065362182\">(Lattes)<\/a><\/span><\/p>\n<p>Roger Alexis Solis Campos <span style=\"color: #0000ff\"><a style=\"color: #0000ff\" href=\"http:\/\/lattes.cnpq.br\/1446942498029192\">(Lattes)<\/a><\/span><\/p>\n<p>Rosane Andrade Torquato <span style=\"color: #0000ff\"><a style=\"color: #0000ff\" href=\"http:\/\/lattes.cnpq.br\/3441521775094123\">(Lattes)<\/a><\/span><\/p>\n<p>Sirlei Terezinha Gadomski <span style=\"color: #0000ff\"><a style=\"color: #0000ff\" href=\"http:\/\/lattes.cnpq.br\/2290718163005958\">(Lattes)<\/a><\/span><\/p>\n<p>Vanessa Alberton <a href=\"http:\/\/lattes.cnpq.br\/0553381496936453\"><span style=\"color: #0000ff\">(Lattes)<\/span><\/a>[\/vc_column_text][\/vc_tta_section][vc_tta_section title=&#8221;Turma 2013 Mestrado&#8221; tab_id=&#8221;1776432833209-c7b2c2d5-09d7&#8243;][vc_column_text css=&#8221;&#8221;]Cristiane de Melo Aggio (Lattes)<\/p>\n<p>Diulia Gomes Klossowski <span style=\"color: #0000ff\"><a style=\"color: #0000ff\" href=\"http:\/\/lattes.cnpq.br\/0759165038324678\">(Lattes)<\/a><\/span><\/p>\n<p>Eliton Eduardo Candido <span style=\"color: #0000ff\"><a style=\"color: #0000ff\" href=\"http:\/\/lattes.cnpq.br\/7490337183805138\">(Lattes)<\/a><\/span><\/p>\n<p>Juliana Gorski Antunes <span style=\"color: #0000ff\"><a style=\"color: #0000ff\" href=\"http:\/\/lattes.cnpq.br\/6830035316167593\">(Lattes)<\/a><\/span><\/p>\n<p>Jussara de Bortoli <span style=\"color: #0000ff\"><a style=\"color: #0000ff\" href=\"http:\/\/lattes.cnpq.br\/8179288213908879\">(Lattes)<\/a><\/span><\/p>\n<p>Karlla Cassol (Lattes)<\/p>\n<p>Keyla Cristina Pereira Prado <span style=\"color: #0000ff\"><a style=\"color: #0000ff\" href=\"http:\/\/lattes.cnpq.br\/7033572696971379\">(Lattes)<\/a><\/span><\/p>\n<p>Leandro Jose Michelon <span style=\"color: #0000ff\"><a style=\"color: #0000ff\" href=\"http:\/\/lattes.cnpq.br\/8400351434842295\">(Lattes)<\/a><\/span><\/p>\n<p>Luana de Oliveira (Lattes)<\/p>\n<p>Luciane Vanessa Mendes Horst (Lattes)<\/p>\n<p>Marcel Diogo De Deus <span style=\"color: #0000ff\"><a style=\"color: #0000ff\" href=\"http:\/\/lattes.cnpq.br\/3646743648096895\">(Lattes)<\/a><\/span><\/p>\n<p>Marcia Adriana Schuller <span style=\"color: #0000ff\"><a style=\"color: #0000ff\" href=\"http:\/\/lattes.cnpq.br\/2390525701586812\">(Lattes)<\/a><\/span><\/p>\n<p>Marcia Ansolin <span style=\"color: #0000ff\"><a style=\"color: #0000ff\" href=\"http:\/\/lattes.cnpq.br\/2925997053314731\">(Lattes)<\/a><\/span><\/p>\n<p>Maura Aparecida de Paula Santos <span style=\"color: #0000ff\"><a style=\"color: #0000ff\" href=\"http:\/\/lattes.cnpq.br\/3957483463403388\">(Lattes)<\/a><\/span><\/p>\n<p>Nandra Martins Soares <span style=\"color: #0000ff\"><a style=\"color: #0000ff\" href=\"http:\/\/lattes.cnpq.br\/0174521916062523\">(Lattes)<\/a><\/span><\/p>\n<p>Patr\u00edcia Chiconatto (Lattes)<\/p>\n<p>Paulo Sergio Bonato <span style=\"color: #0000ff\"><a style=\"color: #0000ff\" href=\"http:\/\/lattes.cnpq.br\/3198384245373736\">(Lattes)<\/a><\/span><\/p>\n<p>Priscila Molinari Mello <span style=\"color: #0000ff\"><a style=\"color: #0000ff\" href=\"http:\/\/lattes.cnpq.br\/0334691714798495\">(Lattes)<\/a><\/span><\/p>\n<p>Rafael Bozzo Ferrareze (Lattes)<\/p>\n<p>Renata Maria de Carvalho Schimitz <span style=\"color: #0000ff\"><a style=\"color: #0000ff\" href=\"http:\/\/lattes.cnpq.br\/6556272808169579\">(Lattes)<\/a><\/span><\/p>\n<p>Ricardo Luis Barby <span style=\"color: #0000ff\"><a style=\"color: #0000ff\" href=\"http:\/\/lattes.cnpq.br\/3376219134530586\">(Lattes)<\/a><\/span><\/p>\n<p>Rodrigo Alves F\u00e1varo (Lattes)<\/p>\n<p>Samarah Perszel de Freitas (Lattes)<\/p>\n<p>Sheila Regina Zwaretck <span style=\"color: #0000ff\"><a style=\"color: #0000ff\" href=\"http:\/\/lattes.cnpq.br\/2895628946629945\">(Lattes)<\/a><\/span><\/p>\n<p>Silvana dos Santos Moreira (Lattes)<\/p>\n<p>Silvana Maria Sasso <span style=\"color: #0000ff\"><a style=\"color: #0000ff\" href=\"http:\/\/lattes.cnpq.br\/2058625308610648\">(Lattes)<\/a><\/span><\/p>\n<p>Tarcila Kuhn Alves de Paula <span style=\"color: #0000ff\"><a style=\"color: #0000ff\" href=\"http:\/\/lattes.cnpq.br\/3470880853763705\">(Lattes)<\/a><\/span><\/p>\n<p>Thalita Rafaela Neves <span style=\"color: #0000ff\"><a style=\"color: #0000ff\" href=\"http:\/\/lattes.cnpq.br\/5415705919153481\">(Lattes)<\/a><\/span><\/p>\n<p>Vanessa Cristina de Godoi <span style=\"color: #0000ff\"><a style=\"color: #0000ff\" href=\"http:\/\/lattes.cnpq.br\/0485980474824425\">(Lattes)<\/a><\/span><\/p>\n<p>Vania Schmitt (Lattes)<\/p>\n<p>Vrideiana Lucia Stachowski Kuss (Lattes)[\/vc_column_text][\/vc_tta_section][\/vc_tta_accordion][\/vc_column][vc_column width=&#8221;1\/2&#8243;][vc_cta h2=&#8221;TURMAS DE DOUTORADO&#8221; txt_align=&#8221;center&#8221; color=&#8221;white&#8221; css=&#8221;.vc_custom_1776433653748{background-color: #9E0000 !important;}&#8221;][\/vc_cta][vc_tta_accordion color=&#8221;juicy-pink&#8221; active_section=&#8221;0&#8243; collapsible_all=&#8221;true&#8221;][vc_tta_section title=&#8221;Turma 2026 Doutorado&#8221; tab_id=&#8221;1721304322420-aecbc67c-1e5e&#8221;][vc_column_text css=&#8221;&#8221;]AMANDA CAROLINA<\/p>\n<p>AMANDA RAZERA<\/p>\n<p>BRUNA EDUARDA FIORENTIN<\/p>\n<p>CARLA MALAVAZI DARIVA<\/p>\n<p>CHARLES DUR\u00c3ES SOARES DE OLIVEIRA<\/p>\n<p>ELAINE SILVA RAMOS<\/p>\n<p>ELIETI FATIMA DE GOVEIA<\/p>\n<p>EMANUELI MAZUR IAN\u00d3SKI NEULS<\/p>\n<p>\u00c9VERTON LEDO DA ROCHA<\/p>\n<p>JA\u00cdNE SCHNEIDER<\/p>\n<p>JO\u00c3O PAULO CAPELLA NASCIMENTO<\/p>\n<p>JULIO CEZAR WINKLER<\/p>\n<p>KARLO MESSA VETTORAZZI<\/p>\n<p>LEANDRO CESAR MOREIRA SANTOS<\/p>\n<p>MAIZA KARINE BARCIA<\/p>\n<p>MONICA DA SILVA TAVARES[\/vc_column_text][\/vc_tta_section][vc_tta_section title=&#8221;Turma 2025 Doutorado&#8221; tab_id=&#8221;1776433812376-d27ffb82-062a&#8221;][vc_column_text css=&#8221;&#8221;][\/vc_column_text][\/vc_tta_section][vc_tta_section title=&#8221;Turma 2024 Doutorado&#8221; tab_id=&#8221;1776433795190-bf66d80b-2d73&#8243;][vc_column_text css=&#8221;&#8221;]CARINE SUDER FERNANDES <a href=\"http:\/\/lattes.cnpq.br\/9742426408080918\">(Lattes)<\/a><\/p>\n<p>C\u00c9LIA KOZAK <a href=\"http:\/\/lattes.cnpq.br\/5893749898519696\">(Lattes)<\/a><\/p>\n<p>JULIANO DE MACEDO <a href=\"https:\/\/lattes.cnpq.br\/1167626365011096\">(Lattes)<\/a><\/p>\n<p>LEANDRO JOSE MICHELON <a href=\"http:\/\/lattes.cnpq.br\/8400351434842295\">(Lattes)<\/a><\/p>\n<p>N\u00cdVIAN CRISTINA ROMAN ROSS <a href=\"https:\/\/lattes.cnpq.br\/3499797942838808\">(Lattes)<\/a><\/p>\n<p>PAOLA DAMO COMEL <a href=\"http:\/\/lattes.cnpq.br\/6518546961188792\">(Lattes)<\/a><\/p>\n<p>VALERIA APARECIDA MONTEIRO <a href=\"http:\/\/lattes.cnpq.br\/4816719902227088\">(Lattes)<\/a>[\/vc_column_text][\/vc_tta_section][vc_tta_section title=&#8221;Turma 2023 Doutorado&#8221; tab_id=&#8221;1721304318381-e3da7830-5ca1&#8243;][vc_column_text css=&#8221;&#8221;]DHENYFFER BRUNA ALMEIDA PEREZ <a href=\"http:\/\/lattes.cnpq.br\/3519187759767355\">(Lattes)<\/a><\/p>\n<p>ETIENE RABEL CORSO\u00a0 <a href=\"http:\/\/lattes.cnpq.br\/7118617920156211\">(Lattes)<\/a><\/p>\n<p>JULIANA DE LARA CASTAGNOLI\u00a0 <a href=\"https:\/\/lattes.cnpq.br\/6091846848961295\">(Lattes)<\/a><\/p>\n<p>MAYCON LUIZ TCHMOLO\u00a0 <a href=\"http:\/\/lattes.cnpq.br\/5978650135981957\">(Lattes)<\/a><\/p>\n<p>PAULO CESAR MARCONDES <a href=\"http:\/\/lattes.cnpq.br\/4788605226049995\">(Lattes)<\/a><\/p>\n<p>SOLANGE APARECIDA DE OLIVEIRA COLLARES <a href=\"http:\/\/lattes.cnpq.br\/9637078058782125\">(Lattes)<\/a><\/p>\n<p>DAYANNE MARCIANE GON\u00c7ALVES SZCZEPANIK (Lattes)<\/p>\n<p>ANDERSON TEIXEIRA RENZCHERCHEN (Lattes)<\/p>\n<p>JOSIANE RODRIGUES DOS SANTOS <a href=\"http:\/\/lattes.cnpq.br\/7186132296680623\">(Lattes)<\/a><\/p>\n<p>VANESSA CRISTINA NOVAK <a href=\"http:\/\/lattes.cnpq.br\/5251213330814392\">(Lattes)<\/a>[\/vc_column_text][\/vc_tta_section][vc_tta_section title=&#8221;Turma 2022 Doutorado&#8221; tab_id=&#8221;1721304017492-ff99d11f-10f1&#8243;][vc_column_text css=&#8221;&#8221;]ADRIANE DE F\u00c1TIMA MACHADO ( Lattes )<\/p>\n<p>ALVARO JOSE ARGEMIRO DA SILVA <a href=\"http:\/\/lattes.cnpq.br\/9187990668394270\">( Lattes )<\/a><\/p>\n<p>ANA PAULA DE OLIVEIRA ( Lattes )<\/p>\n<p>CAMILA DA LUZ ELTCHECHEM <a href=\"http:\/\/lattes.cnpq.br\/2031633708301724\">( Lattes )<\/a><\/p>\n<p>CARLOS ALBERTO DE OLIVEIRA ( Lattes )<\/p>\n<p>CARLOS LOPATIUK ( Lattes )<\/p>\n<p>DANIELLE SORAYA DA SILVA FIGUEIREDO ( Lattes )<\/p>\n<p>GELSON MENON <a href=\"http:\/\/lattes.cnpq.br\/9918254290767553\">( Lattes )<\/a><\/p>\n<p>GUSTAVO BIANCHINI PORF\u00cdRIO ( Lattes )<\/p>\n<p>IONE RODRIGUES CORREIA <a href=\"http:\/\/lattes.cnpq.br\/9967682832472782\">( Lattes )<\/a><\/p>\n<p>JAQUELINE MACHADO SOARES <a href=\"http:\/\/lattes.cnpq.br\/6152550809902240\">( Lattes )<\/a><\/p>\n<p>JESSIKA MEHRET FIUSA <a href=\"http:\/\/lattes.cnpq.br\/1359688094892956\">( Lattes )<\/a><\/p>\n<p>JOICE CASAGRANDE PIOVEZANI ( Lattes )<\/p>\n<p>KARINE APARECIDA DE LIMA <a href=\"http:\/\/lattes.cnpq.br\/6470680195980621\">( Lattes )<\/a><\/p>\n<p>LUCIVALDO JOS\u00c9 CASTELLANI ( Lattes )<\/p>\n<p>MARCELO DE FARIAS TEIXEIRA <a href=\"http:\/\/lattes.cnpq.br\/0362970042350074\">( Lattes )<\/a><\/p>\n<p>MARI\u00c2NGELA GOBATTO ( Lattes )<\/p>\n<p>RAULI GROSS JUNIOR ( Lattes )<\/p>\n<p>THIAGO SPIRI FERREIRA <a href=\"http:\/\/lattes.cnpq.br\/7878869637585869\">( Lattes )<\/a><\/p>\n<p>VANESSA CRISTINA DE GODOI NOVINSKI ( Lattes )<\/p>\n<p>WILLIDIANE TESSARI <a href=\"http:\/\/lattes.cnpq.br\/7174842832690171\">( Lattes )<\/a><\/p>\n<p>REINALDO KNOREK ( Lattes )<\/p>\n<p>FERNANDA VIERO DIAS PUTINI <a href=\"http:\/\/lattes.cnpq.br\/4816403159475056\">( Lattes )<\/a><\/p>\n<p>PRISCILA MEIER DE ANDRADE TRIBECK ( Lattes )[\/vc_column_text][\/vc_tta_section][vc_tta_section title=&#8221;Turma 2021 Doutorado&#8221; tab_id=&#8221;1642261491091-516b40dd-688e&#8221;][vc_column_text css=&#8221;&#8221;]Abr\u00e3o Jos\u00e9 Melhem Junior (Lattes)<\/p>\n<p>Albimara Hey <span style=\"color: #0000ff\"><a style=\"color: #0000ff\" href=\"http:\/\/lattes.cnpq.br\/2773404281755759\">(Lattes)<\/a><\/span><\/p>\n<p>Alderenik Antonio de Oliveira <span style=\"color: #0000ff\"><a style=\"color: #0000ff\" href=\"http:\/\/lattes.cnpq.br\/9385489117983924\">(Lattes)<\/a><\/span><\/p>\n<p>Alisane da Silva <span style=\"color: #0000ff\"><a style=\"color: #0000ff\" href=\"http:\/\/lattes.cnpq.br\/1757910978901484\">(Lattes)<\/a><\/span><\/p>\n<p>Amanda Padilha Pieta <span style=\"color: #0000ff\"><a style=\"color: #0000ff\" href=\"http:\/\/lattes.cnpq.br\/5922694327312731\">(Lattes)<\/a><\/span><\/p>\n<p>Ana Carolina Velozo <span style=\"color: #0000ff\"><a style=\"color: #0000ff\" href=\"http:\/\/lattes.cnpq.br\/3999086621208885\">(Lattes)<\/a><\/span><\/p>\n<p>\u00c2ngelo Altair de Oliveira (Lattes)<\/p>\n<p>Angelo Antonio Delponte <span style=\"color: #0000ff\"><a style=\"color: #0000ff\" href=\"http:\/\/lattes.cnpq.br\/6672311236341489\">(Lattes)<\/a><\/span><\/p>\n<p>Camila da Silva (Lattes)<\/p>\n<p>F\u00e1bio Antonio Matucheski Zarpelon (Lattes)<\/p>\n<p>F\u00e1bio Horst (Lattes)<\/p>\n<p>Fabiola Ferreira de Souza <span style=\"color: #0000ff\"><a style=\"color: #0000ff\" href=\"http:\/\/lattes.cnpq.br\/4724368556931706\">(Lattes)<\/a><\/span><\/p>\n<p>Flavia Massuga <span style=\"color: #0000ff\"><a style=\"color: #0000ff\" href=\"http:\/\/lattes.cnpq.br\/0985578089719837\">(Lattes)<\/a><\/span><\/p>\n<p>Francielly de Souza Campos <span style=\"color: #0000ff\"><a style=\"color: #0000ff\" href=\"http:\/\/lattes.cnpq.br\/0380353864093811\">(Lattes)<\/a><\/span><\/p>\n<p>Gabriel Ribeiro Cordeiro <span style=\"color: #0000ff\"><a style=\"color: #0000ff\" href=\"http:\/\/lattes.cnpq.br\/0530069494574929\">(Lattes)<\/a><\/span><\/p>\n<p>Gilmar Batista Mazurek <span style=\"color: #0000ff\"><a style=\"color: #0000ff\" href=\"http:\/\/lattes.cnpq.br\/4174254807390792\">(Lattes)<\/a><\/span><\/p>\n<p>Jaqueline Portella Buaski (Lattes)<\/p>\n<p>Karina Worm Beckmann <span style=\"color: #0000ff\"><a style=\"color: #0000ff\" href=\"http:\/\/lattes.cnpq.br\/3387031462766330\">(Lattes)<\/a><\/span><\/p>\n<p>Marcia Aparecida Zampier <span style=\"color: #0000ff\"><a style=\"color: #0000ff\" href=\"http:\/\/lattes.cnpq.br\/5563544320474251\">(Lattes)<\/a><\/span><\/p>\n<p>Marcos Aur\u00e9lio Larson (Lattes)<\/p>\n<p>Marcos Tadeu Grzelczak <span style=\"color: #0000ff\"><a style=\"color: #0000ff\" href=\"http:\/\/lattes.cnpq.br\/5980826126529315\">(Lattes)<\/a><\/span><\/p>\n<p>Rita de Cassia Bueno Lopes Calciolari (Lattes)<\/p>\n<p>Rozeli Aparecida Menon <span style=\"color: #0000ff\"><a style=\"color: #0000ff\" href=\"http:\/\/lattes.cnpq.br\/7351101522288607\">(Lattes)<\/a><\/span><\/p>\n<p>Simone Soares (Lattes)[\/vc_column_text][\/vc_tta_section][vc_tta_section title=&#8221;Turma 2020 Doutorado&#8221; tab_id=&#8221;1642261427580-1a50c921-9ac3&#8243;][vc_column_text css=&#8221;&#8221;]ANA AM\u00c9LIA NERONE (Lattes)<br \/>\nANGELA DUBIELA JULIK <span style=\"color: #0000ff\"><a style=\"color: #0000ff\" href=\"http:\/\/lattes.cnpq.br\/6871512766056174\">(Lattes)<\/a><\/span><br \/>\nANTONIO CARLOS FRANCO (Lattes)<br \/>\nCINTIA DA CONCEI\u00c7\u00c3O COSTA (Lattes)<br \/>\nCLEBER TRINDADE BARBOSA <span style=\"color: #0000ff\"><a style=\"color: #0000ff\" href=\"http:\/\/lattes.cnpq.br\/9632894840381544\">(Lattes)<\/a><\/span><br \/>\nCLEOMARA GONSALVES GONEM <span style=\"color: #0000ff\"><a style=\"color: #0000ff\" href=\"http:\/\/lattes.cnpq.br\/1205556808302308\">(Lattes)<\/a><\/span><br \/>\nDEBORA RICKLI FIUZA <span style=\"color: #0000ff\"><a style=\"color: #0000ff\" href=\"http:\/\/lattes.cnpq.br\/2840615570637095\">(Lattes)<\/a><\/span><br \/>\nDENIS CEZAR MUSIAL <span style=\"color: #0000ff\"><a style=\"color: #0000ff\" href=\"http:\/\/lattes.cnpq.br\/5550602617622580\">(Lattes)<\/a><\/span><br \/>\nFABIO RICARDO LEDESMA <span style=\"color: #0000ff\"><a style=\"color: #0000ff\" href=\"http:\/\/lattes.cnpq.br\/0937769444066373\">(Lattes)<\/a><\/span><br \/>\nJEFERSON LOZECKYI (Lattes)<br \/>\nJORGE WILLIAM PEDROSO SILVEIRA <span style=\"color: #0000ff\"><a style=\"color: #0000ff\" href=\"http:\/\/lattes.cnpq.br\/4955773231719469\">(Lattes)<\/a><\/span><br \/>\nJULIA MARIA MILANESE BUFFARA <span style=\"color: #0000ff\"><a style=\"color: #0000ff\" href=\"http:\/\/lattes.cnpq.br\/6754139486444339\">(Lattes)<\/a><\/span><br \/>\nLARYSSA DE COL DALAZOANA BAIER <span style=\"color: #0000ff\"><a style=\"color: #0000ff\" href=\"http:\/\/lattes.cnpq.br\/3887396163176594\">(Lattes)<\/a><\/span><br \/>\nLOIDE ANDR\u00c9A SALACHE (Lattes)<br \/>\nMEIRIELLY FURMANN (Lattes)<br \/>\nPATRICIA CHICONATTO <span style=\"color: #0000ff\"><a style=\"color: #0000ff\" href=\"http:\/\/lattes.cnpq.br\/3220095484131565\">(Lattes)<\/a><\/span><br \/>\nSANDRA MARA MATNEI <span style=\"color: #0000ff\"><a style=\"color: #0000ff\" href=\"http:\/\/lattes.cnpq.br\/5089122400510261\">(Lattes)<\/a><\/span><br \/>\nSILVIA MARA DE SOUZA HALICK <span style=\"color: #0000ff\"><a style=\"color: #0000ff\" href=\"http:\/\/lattes.cnpq.br\/9469603972450082\">(Lattes)<\/a><\/span><br \/>\nSYNDEL SOUZA STEFANES <span style=\"color: #0000ff\"><a style=\"color: #0000ff\" href=\"http:\/\/lattes.cnpq.br\/3626691713386647\">(Lattes)<\/a><\/span><br \/>\nVANDERL\u00c9IA SCHINEMANN (Lattes)[\/vc_column_text][\/vc_tta_section][vc_tta_section title=&#8221;Turma 2019 Doutorado&#8221; tab_id=&#8221;1642261358913-076aac9e-eab9&#8243;][vc_column_text]<a href=\"http:\/\/lattes.cnpq.br\/1251061801244221\"><span style=\"color: #ff0000\">Emalline Ang\u00e9lica de Paula Santos<\/span><\/a><br \/>\nProjeto: &#8220;<span data-sheets-value=\"{&quot;1&quot;:2,&quot;2&quot;:&quot;A METODOLOGIA DA PLANIFICA\u00c7\u00c3O DA ATEN\u00c7\u00c3O \u00c0 SA\u00daDE ENQUANTO INSTRUMENTO DE GEST\u00c3O PARA CONSOLIDA\u00c7\u00c3O DAS REDES DE ATEN\u00c7\u00c3O \u00c0 SA\u00daDE (RAS): A EXPERI\u00caNCIA DA 4\u00aa REGI\u00c3O DE SA\u00daDE DO PARAN\u00c1 &quot;}\" data-sheets-userformat=\"{&quot;2&quot;:513,&quot;3&quot;:{&quot;1&quot;:0},&quot;12&quot;:0}\">A metodologia da planifica\u00e7\u00e3o da aten\u00e7\u00e3o \u00e0 sa\u00fade como instrumento de gest\u00e3o para consolida\u00e7\u00e3o das Redes de Aten\u00e7\u00e3o \u00e0 Sa\u00fade (RAS): a experi\u00eancia da 4a. Regi\u00e3o de Sa\u00fade do Paran\u00e1&#8221; (Bolsista CAPES)<br \/>\nOrientador: Prof. Dr. Gustavo Zambenedetti<\/span><\/p>\n<p><span style=\"color: #ff0000\"><a style=\"color: #ff0000\" href=\"http:\/\/lattes.cnpq.br\/2873018020034907\">Karla Nadal<\/a><\/span><br \/>\nProjeto: &#8220;Ordenamento territorial da \u00e1rea de abrang\u00eancia do Rio Barreiro: uma medida orientativa ao desenvolvimento comunit\u00e1rio local&#8221;<br \/>\nOrientador: Prof. Dr. Ronaldo Ferreira Maganhoto<\/p>\n<p><a href=\"http:\/\/lattes.cnpq.br\/7942227959907952\"><span style=\"color: #ff0000\">Mariane Amaral<\/span><\/a><br \/>\nProjeto: &#8220;<span data-sheets-value=\"{&quot;1&quot;:2,&quot;2&quot;:&quot;Experi\u00eancias de mulheres migrantes no acesso \u00e0 servi\u00e7os de sa\u00fade no Brasil&quot;}\" data-sheets-userformat=\"{&quot;2&quot;:513,&quot;3&quot;:{&quot;1&quot;:0},&quot;12&quot;:0}\">Experi\u00eancias de mulheres migrantes no acesso \u00e0 servi\u00e7os de sa\u00fade no Brasil&#8221;<br \/>\nOrientadora: Profa. Dra. Cristiana Magni<\/span><\/p>\n<p><span style=\"color: #ff0000\"><a style=\"color: #ff0000\" href=\"http:\/\/lattes.cnpq.br\/4243331301403766\">Marli Kuasoski<\/a><\/span><br \/>\nProjeto: &#8220;<span data-sheets-value=\"{&quot;1&quot;:2,&quot;2&quot;:&quot;Transi\u00e7\u00e3o para a sustentabilidade: um enfoque para o desperd\u00edcio de alimentos no Brasil&quot;}\" data-sheets-userformat=\"{&quot;2&quot;:12865,&quot;3&quot;:{&quot;1&quot;:0},&quot;9&quot;:1,&quot;12&quot;:0,&quot;15&quot;:&quot;\\&quot;Times New Roman\\&quot;, \\&quot;serif\\&quot;&quot;,&quot;16&quot;:12}\">Transi\u00e7\u00e3o para a sustentabilidade: um enfoque para o desperd\u00edcio de alimentos no Brasil&#8221; (Bolsista CAPES)<br \/>\nOrientador: Prof. Dr. S\u00e9rgio Luis dias Doliveira<\/span><\/p>\n<p><span style=\"color: #ff0000\"><a style=\"color: #ff0000\" href=\"http:\/\/lattes.cnpq.br\/4521876548757371\">Marta Nichele do Amaral<\/a><\/span><br \/>\nProjeto: &#8220;Em busca de uma nutri\u00e7\u00e3o ambientalmente orientada: dilemas e alternativas alimentares \u00e0 Grande Acelera\u00e7\u00e3o no sul do Brasil&#8221; (Bolsista CAPES)<br \/>\nOrientador: Prof. Dr. Jo Klanovicz<\/p>\n<p><a href=\"http:\/\/lattes.cnpq.br\/7293477655334540\"><span style=\"color: #ff0000\">Roseli de Oliveira Machado<\/span><\/a><br \/>\nProjeto: &#8220;Sistema estadual de ensino superior no Paran\u00e1: rela\u00e7\u00f5es de g\u00eanero <span data-sheets-value=\"{&quot;1&quot;:2,&quot;2&quot;:&quot;SISTEMA ESTADUAL DE ENSINO SUPERIOR NO PARAN\u00c1 - RELA\u00c7\u00d5ES DE G\u00caNERO E O FEN\u00d4MENO DO \u201cTETO DE VIDRO\u201d&quot;}\" data-sheets-userformat=\"{&quot;2&quot;:513,&quot;3&quot;:{&quot;1&quot;:0},&quot;12&quot;:0}\">e o fen\u00f4meno do &#8216;teto de vidro'&#8221;<br \/>\nOrientadora: Profa. Dra. Luciana Rosar Fornazari Klanovicz<\/span>[\/vc_column_text][\/vc_tta_section][\/vc_tta_accordion][\/vc_column][\/vc_row]<\/p>\n<\/div>","protected":false},"excerpt":{"rendered":"<p>[vc_row][vc_column][vc_column_text]O PPPGDC iniciou a primeira turma de mestrado em abril de 2013 e a primeira turma de doutorado em abril de 2019. O ingresso de discentes regulares e especiais \u00e9 feito por meio de editais, seguindo o calend\u00e1rio letivo. Discentes regulares do PPGDC podem concorrer a bolsas e aux\u00edlios, regidos por editais. [\/vc_column_text][vc_separator color=&#8221;black&#8221;][\/vc_column][\/vc_row][vc_row][vc_column width=&#8221;1\/2&#8243;][vc_cta [&hellip;]<\/p>\n","protected":false},"author":3,"featured_media":0,"parent":20,"menu_order":0,"comment_status":"closed","ping_status":"closed","template":"","meta":{"_exactmetrics_skip_tracking":false,"_exactmetrics_sitenote_active":false,"_exactmetrics_sitenote_note":"","_exactmetrics_sitenote_category":0,"footnotes":"","_links_to":"","_links_to_target":""},"class_list":["post-41","page","type-page","status-publish","hentry"],"_links":{"self":[{"href":"https:\/\/www3.unicentro.br\/ppgdc\/wp-json\/wp\/v2\/pages\/41","targetHints":{"allow":["GET"]}}],"collection":[{"href":"https:\/\/www3.unicentro.br\/ppgdc\/wp-json\/wp\/v2\/pages"}],"about":[{"href":"https:\/\/www3.unicentro.br\/ppgdc\/wp-json\/wp\/v2\/types\/page"}],"author":[{"embeddable":true,"href":"https:\/\/www3.unicentro.br\/ppgdc\/wp-json\/wp\/v2\/users\/3"}],"replies":[{"embeddable":true,"href":"https:\/\/www3.unicentro.br\/ppgdc\/wp-json\/wp\/v2\/comments?post=41"}],"version-history":[{"count":6,"href":"https:\/\/www3.unicentro.br\/ppgdc\/wp-json\/wp\/v2\/pages\/41\/revisions"}],"predecessor-version":[{"id":3981,"href":"https:\/\/www3.unicentro.br\/ppgdc\/wp-json\/wp\/v2\/pages\/41\/revisions\/3981"}],"up":[{"embeddable":true,"href":"https:\/\/www3.unicentro.br\/ppgdc\/wp-json\/wp\/v2\/pages\/20"}],"wp:attachment":[{"href":"https:\/\/www3.unicentro.br\/ppgdc\/wp-json\/wp\/v2\/media?parent=41"}],"curies":[{"name":"wp","href":"https:\/\/api.w.org\/{rel}","templated":true}]}}