{"id":51,"date":"2025-03-19T20:12:39","date_gmt":"2025-03-19T23:12:39","guid":{"rendered":"https:\/\/www3.unicentro.br\/ppgadm\/?page_id=51"},"modified":"2025-11-25T14:28:25","modified_gmt":"2025-11-25T17:28:25","slug":"dissertacoes-mestrado","status":"publish","type":"page","link":"https:\/\/www3.unicentro.br\/ppgadm\/dissertacoes-mestrado\/","title":{"rendered":"TCCs Mestrado"},"content":{"rendered":"<div class=\"wpb-content-wrapper\"><p>[vc_row][vc_column][vc_tta_accordion style=&#8221;flat&#8221; shape=&#8221;square&#8221; color=&#8221;peacoc&#8221; spacing=&#8221;1&#8243; active_section=&#8221;50&#8243; no_fill=&#8221;true&#8221; collapsible_all=&#8221;true&#8221;][vc_tta_section title=&#8221;2016&#8243; tab_id=&#8221;1495471915836-34feb19a-94b6&#8243;][vc_column_text css=&#8221;&#8221;]<\/p>\n<table width=\"100%\">\n<thead>\n<tr>\n<td style=\"text-align: center\"><strong>AUTOR(A)<\/strong><\/td>\n<td style=\"text-align: center\"><strong>T\u00cdTULO<\/strong><\/td>\n<td style=\"text-align: center\"><strong>ORIENTADOR(A)<\/strong><\/td>\n<td style=\"text-align: center\"><strong>DATA DA DEFESA<\/strong><\/td>\n<td style=\"text-align: center\"><strong>DISSERTA\u00c7\u00c3O<\/strong><\/td>\n<\/tr>\n<\/thead>\n<colgroup>\n<col style=\"width: 30%\" \/>\n<col style=\"width: 30%\" \/>\n<col style=\"width: 20%\" \/>\n<col style=\"width: 20%\" \/> <\/colgroup>\n<tbody>\n<tr>\n<td style=\"text-align: center\">Caroline Monteiro<\/td>\n<td style=\"text-align: center\">O PROCESSO DE COMUNICA\u00c7\u00c3O ORGANIZACIONAL INTERNA: um estudo na associa\u00e7\u00e3o comercial e empresarial de Guarapuava\/PR<\/td>\n<td style=\"text-align: center\">Profa. Dra. Juliane Sachser Angnes<\/td>\n<td style=\"text-align: center\">21\/03\/2016<\/td>\n<td style=\"text-align: center\">[<a href=\"https:\/\/tede.unicentro.br\/jspui\/handle\/jspui\/603\" target=\"_blank\" rel=\"noopener\">pdf<\/a>]<\/td>\n<\/tr>\n<tr>\n<td style=\"text-align: center\">Gylmar Teixeira<\/td>\n<td style=\"text-align: center\">COMPET\u00caNCIAS PARA SUSTENTABILIDADE: an\u00e1lise em institui\u00e7\u00e3o financeira no Paran\u00e1<\/td>\n<td style=\"text-align: center\">Prof. Dr. Silvio Roberto Stefano<\/td>\n<td style=\"text-align: center\">22\/03\/2016<\/td>\n<td style=\"text-align: center\">[<a href=\"https:\/\/tede.unicentro.br\/jspui\/handle\/jspui\/607\" target=\"_blank\" rel=\"noopener\">pdf<\/a>]<\/td>\n<\/tr>\n<tr>\n<td style=\"text-align: center\">Katiane Crotti<\/td>\n<td style=\"text-align: center\">ESTRAT\u00c9GIAS DE ECOINOVA\u00c7\u00c3O NA IMPLANTA\u00c7\u00c3O DA ISO 14001: estudo de caso em uma ind\u00fastria de papel e sua cadeia de suprimentos<\/td>\n<td style=\"text-align: center\">Profa. Dra. Marlete Beatriz Ma\u00e7aneiro<\/td>\n<td style=\"text-align: center\">28\/03\/2016<\/td>\n<td style=\"text-align: center\">[<a href=\"https:\/\/tede.unicentro.br\/jspui\/handle\/jspui\/613\" target=\"_blank\" rel=\"noopener\">pdf<\/a>]<\/td>\n<\/tr>\n<tr>\n<td style=\"text-align: center\">Marcia Cristiane Gruba<\/td>\n<td style=\"text-align: center\">COMPETITIVIDADE E SUSTENTABILIDADE AMBIENTAL EM PROPRIEDADES RURAIS: o Programa Agr\u00e1ria de Certifica\u00e7\u00e3o Rural<\/td>\n<td style=\"text-align: center\">Prof. Dr. Fernando Franco Netto<\/td>\n<td style=\"text-align: center\">04\/04\/2016<\/td>\n<td style=\"text-align: center\">[<a href=\"https:\/\/tede.unicentro.br\/jspui\/handle\/jspui\/615\" target=\"_blank\" rel=\"noopener\">pdf<\/a>]<\/td>\n<\/tr>\n<tr>\n<td style=\"text-align: center\">Andr\u00e9 Rezende Petterson<\/td>\n<td style=\"text-align: center\">REDES DE COOPERA\u00c7\u00c3O INTERORGANIZACIONAL E O PAPEL DAS ENTIDADES DE APOIO: estudo de caso da feira do produtor de Guarapuava<\/td>\n<td style=\"text-align: center\">Prof. Dr. Marcos de Castro<\/td>\n<td style=\"text-align: center\">05\/04\/2016<\/td>\n<td style=\"text-align: center\">[<a href=\"https:\/\/tede.unicentro.br\/jspui\/handle\/jspui\/611\" target=\"_blank\" rel=\"noopener\">pdf<\/a>]<\/td>\n<\/tr>\n<tr>\n<td style=\"text-align: center\">Josiani Aparecida Karpinski<\/td>\n<td style=\"text-align: center\">A SATISFA\u00c7\u00c3O E A PERCEP\u00c7\u00c3O DE VALOR: um estudo de caso com os servidores p\u00fablicos do munic\u00edpio de Cand\u00f3i-PR<\/td>\n<td style=\"text-align: center\">Profa. Dra. Juliane Sachser Angnes (Orient.) e Prof. Dr. Silvio Roberto Stefano (Coorient.)<\/td>\n<td style=\"text-align: center\">07\/04\/2016<\/td>\n<td style=\"text-align: center\">[<a href=\"https:\/\/tede.unicentro.br\/jspui\/handle\/jspui\/612\" target=\"_blank\" rel=\"noopener\">pdf<\/a>]<\/td>\n<\/tr>\n<tr>\n<td style=\"text-align: center\">J\u00e9ssica de Castro<\/td>\n<td style=\"text-align: center\">ESTRAT\u00c9GIA DE CONCESS\u00c3O DE CR\u00c9DITO E SEU IMPACTO NO N\u00cdVEL DE <em>DEFAULT<\/em>: o caso de uma ind\u00fastria do ramo de papel e celulose<\/td>\n<td style=\"text-align: center\">Prof. Dr. Jo\u00e3o Francisco Morozini<\/td>\n<td style=\"text-align: center\">08\/04\/2016<\/td>\n<td style=\"text-align: center\">[<a href=\"https:\/\/tede.unicentro.br\/jspui\/handle\/jspui\/609\" target=\"_blank\" rel=\"noopener\">pdf<\/a>]<\/td>\n<\/tr>\n<tr>\n<td style=\"text-align: center\">Jonat\u00e3 da Silva Mariani<\/td>\n<td style=\"text-align: center\">O COMPORTAMENTO INTRAEMPREENDEDOR E O DESEMPENHO HUMANO EM SERVI\u00c7OS EDUCACIONAIS<\/td>\n<td style=\"text-align: center\">Profa. Dra. Zoraide da Fonseca Costa<\/td>\n<td style=\"text-align: center\">08\/04\/2016<\/td>\n<td style=\"text-align: center\">[<a href=\"https:\/\/tede.unicentro.br\/jspui\/handle\/jspui\/610\" target=\"_blank\" rel=\"noopener\">pdf<\/a>]<\/td>\n<\/tr>\n<tr>\n<td style=\"text-align: center\">Pedro Paulo Papi<\/td>\n<td style=\"text-align: center\">COMPORTAMENTO DO CONSUMIDOR DE PRODUTOS TECNOL\u00d3GICOS: an\u00e1lise dos universit\u00e1rios de Guarapuava &#8211; PR<\/td>\n<td style=\"text-align: center\">Profa. Dra. Zoraide da Fonseca Costa<\/td>\n<td style=\"text-align: center\">08\/04\/2016<\/td>\n<td style=\"text-align: center\">[<a href=\"https:\/\/tede.unicentro.br\/jspui\/handle\/jspui\/620\" target=\"_blank\" rel=\"noopener\">pdf<\/a>]<\/td>\n<\/tr>\n<tr>\n<td style=\"text-align: center\">M\u00e1rio Luis Brunetti<\/td>\n<td style=\"text-align: center\">A QUALIDADE DE VIDA NO TRABALHO DO MOTORISTA E AS RELA\u00c7\u00d5ES DE TRABALHO SOB A PERSPECTIVA DA REGULAMENTA\u00c7\u00c3O DA PROFISS\u00c3O: um estudo em uma empresa transportadora de combust\u00edveis<\/td>\n<td style=\"text-align: center\">Prof. Dr. Erivelton Fontana de Laat<\/td>\n<td style=\"text-align: center\">11\/04\/2016<\/td>\n<td style=\"text-align: center\">[<a href=\"https:\/\/tede.unicentro.br\/jspui\/handle\/jspui\/616\" target=\"_blank\" rel=\"noopener\">pdf<\/a>]<\/td>\n<\/tr>\n<tr>\n<td style=\"text-align: center\">Cl\u00e9ber da Silva Amado<\/td>\n<td style=\"text-align: center\">O CONTROLE INTERNO NA ADMINISTRA\u00c7\u00c3O P\u00daBLICA: estudo de caso na prefeitura municipal de Pinh\u00e3o, estado do Paran\u00e1<\/td>\n<td style=\"text-align: center\">Prof. Dr. Fernando Franco Netto<\/td>\n<td style=\"text-align: center\">13\/04\/2016<\/td>\n<td style=\"text-align: center\">[<a href=\"https:\/\/tede.unicentro.br\/jspui\/handle\/jspui\/604\" target=\"_blank\" rel=\"noopener\">pdf<\/a>]<\/td>\n<\/tr>\n<tr>\n<td style=\"text-align: center\">Neirisl\u00e9ia Francisconi del Mouro<\/td>\n<td style=\"text-align: center\">CULTURA ORGANIZACIONAL, GEST\u00c3O POR COMPET\u00caNCIAS E AVALIA\u00c7\u00c3O DE DESEMPENHO COM BASE NA MERITOCRACIA: um estudo em uma cooperativa agroindustrial do Paran\u00e1<\/td>\n<td style=\"text-align: center\">Prof. Dr. Luiz Fernando Lara (Orient.) e Prof. Dr. Silvio Roberto Stefano (Coorient.)<\/td>\n<td style=\"text-align: center\">06\/05\/2016<\/td>\n<td style=\"text-align: center\">[<a href=\"https:\/\/tede.unicentro.br\/jspui\/handle\/jspui\/618\" target=\"_blank\" rel=\"noopener\">pdf<\/a>]<\/td>\n<\/tr>\n<tr>\n<td style=\"text-align: center\">Mois\u00e9s Alexandre Lustosa da Silva<\/td>\n<td style=\"text-align: center\">A INTER-RELA\u00c7\u00c3O ENTRE <em>HARDINESS<\/em> E QUALIDADE DE VIDA NO TRABALHO: um estudo com profissionais que atuam na \u00e1rea de Tecnologia da Informa\u00e7\u00e3o das Universidades Estaduais do Paran\u00e1<\/td>\n<td style=\"text-align: center\">Prof. Dr. Erivelton Fontana de Laat<\/td>\n<td style=\"text-align: center\">09\/05\/2016<\/td>\n<td style=\"text-align: center\">[<a href=\"https:\/\/tede.unicentro.br\/jspui\/handle\/jspui\/617\" target=\"_blank\" rel=\"noopener\">pdf<\/a>]<\/td>\n<\/tr>\n<tr>\n<td style=\"text-align: center\">Giuliana Martinelli Pacheco<\/td>\n<td style=\"text-align: center\">LA\u00c7OS RELACIONAIS COMO POTENCIALIZADORES DE INOVA\u00c7\u00c3O EM REDES DE FRANQUIA: o caso Mormaii<\/td>\n<td style=\"text-align: center\">Profa. Dra. Marlete Beatriz Ma\u00e7aneiro<\/td>\n<td style=\"text-align: center\">18\/05\/2016<\/td>\n<td style=\"text-align: center\">[<a href=\"https:\/\/tede.unicentro.br\/jspui\/handle\/jspui\/606\" target=\"_blank\" rel=\"noopener\">pdf<\/a>]<\/td>\n<\/tr>\n<tr>\n<td style=\"text-align: center\">Leandro Rafael de Abreu<\/td>\n<td style=\"text-align: center\">EXPERI\u00caNCIAS SOBRE O PROCESSO DE COOPERA\u00c7\u00c3O UNIVERSIDADE-EMPRESA: estudo de caso no interior do Paran\u00e1<\/td>\n<td style=\"text-align: center\">Prof. Dr. Marcos Roberto K\u00fchl<\/td>\n<td style=\"text-align: center\">18\/05\/2016<\/td>\n<td style=\"text-align: center\">[<a href=\"https:\/\/tede.unicentro.br\/jspui\/handle\/jspui\/614\" target=\"_blank\" rel=\"noopener\">pdf<\/a>]<\/td>\n<\/tr>\n<tr>\n<td style=\"text-align: center\">Ivo Ricardo Hey<\/td>\n<td style=\"text-align: center\">A ESTRAT\u00c9GIA DA GEST\u00c3O FINANCEIRA E O CICLO PRODUTIVO DAS COMMODITIES AGR\u00cdCOLAS<\/td>\n<td style=\"text-align: center\">Prof. Dr. Jo\u00e3o Francisco Morozini<\/td>\n<td style=\"text-align: center\">03\/06\/2016<\/td>\n<td style=\"text-align: center\">[<a href=\"https:\/\/tede.unicentro.br\/jspui\/handle\/jspui\/608\" target=\"_blank\" rel=\"noopener\">pdf<\/a>]<\/td>\n<\/tr>\n<tr>\n<td style=\"text-align: center\">Patr\u00edcia Inez da Silva Machado<\/td>\n<td style=\"text-align: center\">FATORES CAUSADORES DE ESTRESSE: um estudo descritivo com os oficiais de justi\u00e7a avaliadores federais<\/td>\n<td style=\"text-align: center\">Prof. Dr. Silvio Roberto Stefano<\/td>\n<td style=\"text-align: center\">11\/06\/2016<\/td>\n<td style=\"text-align: center\">[<a href=\"https:\/\/tede.unicentro.br\/jspui\/handle\/jspui\/619\" target=\"_blank\" rel=\"noopener\">pdf<\/a>]<\/td>\n<\/tr>\n<tr>\n<td style=\"text-align: center\">Felipe Silveira Azevedo<\/td>\n<td style=\"text-align: center\">TANGIBILIDADE DOS RESULTADOS DAS PESQUISAS PROVENIENTES DE PROCESSOS DE TRANSFER\u00caNCIA DE TECNOLOGIA ENTRE UNIVERSIDADE-EMPRESA<\/td>\n<td style=\"text-align: center\">Prof. Dr. Marcos Roberto K\u00fchl<\/td>\n<td style=\"text-align: center\">15\/06\/2016<\/td>\n<td style=\"text-align: center\">[<a href=\"https:\/\/tede.unicentro.br\/jspui\/handle\/jspui\/605\" target=\"_blank\" rel=\"noopener\">pdf<\/a>]<\/td>\n<\/tr>\n<tr>\n<td style=\"text-align: center\">Carla Marlana Rocha<\/td>\n<td style=\"text-align: center\">A INFLU\u00caNCIA COGNITIVA DO TOMADOR DE DECIS\u00c3O NO PROCESSAMENTO DE INFORMA\u00c7\u00d5ES SOB A \u00d3TICA DA RACIONALIDADE LIMITADA<\/td>\n<td style=\"text-align: center\">Profa. Dra. Juliane Sachser Angnes<\/td>\n<td style=\"text-align: center\">21\/12\/2016<\/td>\n<td style=\"text-align: center\">[<a href=\"https:\/\/tede.unicentro.br\/jspui\/handle\/jspui\/602\" target=\"_blank\" rel=\"noopener\">pdf<\/a>]<\/td>\n<\/tr>\n<\/tbody>\n<\/table>\n<p>[\/vc_column_text][\/vc_tta_section][vc_tta_section title=&#8221;2017&#8243; tab_id=&#8221;1495471915857-7bcb1613-01d2&#8243;][vc_column_text css=&#8221;&#8221;]<\/p>\n<table>\n<thead>\n<tr>\n<td style=\"text-align: center\"><strong>AUTOR(A)<\/strong><\/td>\n<td style=\"text-align: center\"><strong>T\u00cdTULO<\/strong><\/td>\n<td style=\"text-align: center\"><strong>ORIENTADOR(A)<\/strong><\/td>\n<td style=\"text-align: center\"><strong>DATA DA DEFESA<\/strong><\/td>\n<td style=\"text-align: center\"><strong>DISSERTA\u00c7\u00c3O<\/strong><\/td>\n<\/tr>\n<\/thead>\n<colgroup>\n<col style=\"width: 30%\" \/>\n<col style=\"width: 30%\" \/>\n<col style=\"width: 20%\" \/>\n<col style=\"width: 20%\" \/> <\/colgroup>\n<tbody>\n<tr>\n<td style=\"text-align: center\">Nadiessa Cappellari<\/td>\n<td style=\"text-align: center\">A INSTITUCIONALIZA\u00c7\u00c3O DA SUSTENTABILIDADE ORGANIZACIONAL NA ITAIPU BINACIONAL<\/td>\n<td style=\"text-align: center\">Prof. Dr. Silvio Roberto Stefano (Orient.) e Prof. Dr. Marcos de Castro (Coorient.)<\/td>\n<td style=\"text-align: center\">09\/02\/2017<\/td>\n<td style=\"text-align: center\">[<a href=\"https:\/\/tede.unicentro.br\/jspui\/handle\/jspui\/818\" target=\"_blank\" rel=\"noopener\">pdf<\/a>]<\/td>\n<\/tr>\n<tr>\n<td style=\"text-align: center\">Alinne Marcondes Pavelski da Silva<\/td>\n<td style=\"text-align: center\">\n<p class=\"western\" align=\"CENTER\">INOVA\u00c7\u00c3O NA EDUCA\u00c7\u00c3O P\u00daBLICA: a ado\u00e7\u00e3o de tecnologias da informa\u00e7\u00e3o e comunica\u00e7\u00e3o pelos docentes nas escolas estaduais de Guarapuava<\/p>\n<\/td>\n<td style=\"text-align: center\">Profa. Dra. Zoraide da Fonseca Costa<\/td>\n<td style=\"text-align: center\">20\/03\/2017<\/td>\n<td style=\"text-align: center\">[<a href=\"https:\/\/tede.unicentro.br\/jspui\/handle\/jspui\/812\" target=\"_blank\" rel=\"noopener\">pdf<\/a>]<\/td>\n<\/tr>\n<tr>\n<td style=\"text-align: center\">Rosiane Dalacosta<\/td>\n<td style=\"text-align: center\">A CAPACITA\u00c7\u00c3O COMO ESTRAT\u00c9GIA PARA O DESENVOLVIMENTO DAS CAPACIDADES DIN\u00c2MICAS EM COOPERATIVAS DE CR\u00c9DITO<\/td>\n<td style=\"text-align: center\">Prof. Dr. Jo\u00e3o Francisco Morozini<\/td>\n<td style=\"text-align: center\">20\/03\/2017<\/td>\n<td style=\"text-align: center\">[<a href=\"https:\/\/tede.unicentro.br\/jspui\/handle\/jspui\/1417\" target=\"_blank\" rel=\"noopener\">pdf<\/a>]<\/td>\n<\/tr>\n<tr>\n<td style=\"text-align: center\">Thatiany Simone Catczu<\/td>\n<td style=\"text-align: center\">GEST\u00c3O DO CAPITAL HUMANO COMO FOMENTO AO PROCESSO DE INOVA\u00c7\u00c3O: o caso de uma cooperativa agroindustrial<\/td>\n<td style=\"text-align: center\">Profa. Dra. Marlete Beatriz Ma\u00e7aneiro<\/td>\n<td style=\"text-align: center\">22\/03\/2017<\/td>\n<td style=\"text-align: center\">[<a href=\"https:\/\/tede.unicentro.br\/jspui\/handle\/jspui\/1418\" target=\"_blank\" rel=\"noopener\">pdf<\/a>]<\/td>\n<\/tr>\n<tr>\n<td style=\"text-align: center\">Marize Helena da Rosa Vendler<\/td>\n<td style=\"text-align: center\">ELEMENTOS DA CULTURA DE INOVA\u00c7\u00c3O QUE FAVORECEM A ADO\u00c7\u00c3O DE PR\u00c1TICAS DE ECOINOVA\u00c7\u00c3O: an\u00e1lise de empresas industriais do setor da constru\u00e7\u00e3o<\/td>\n<td style=\"text-align: center\">Profa. Dra. Marlete Beatriz Ma\u00e7aneiro<\/td>\n<td style=\"text-align: center\">23\/03\/2017<\/td>\n<td style=\"text-align: center\">[<a href=\"https:\/\/tede.unicentro.br\/jspui\/handle\/jspui\/1416\" target=\"_blank\" rel=\"noopener\">pdf<\/a>]<\/td>\n<\/tr>\n<tr>\n<td style=\"text-align: center\">Cesar Mauricio Kulak<\/td>\n<td style=\"text-align: center\">PR\u00c1TICAS DE SUSTENTABILIDADE E SUA INSTITUCIONALIZA\u00c7\u00c3O NA ORGANIZA\u00c7\u00c3O: o caso da empresa Polijuta Embalagens<\/td>\n<td style=\"text-align: center\">Prof. Dr. Silvio Roberto Stefano<\/td>\n<td style=\"text-align: center\">28\/03\/2017<\/td>\n<td style=\"text-align: center\">[<a href=\"https:\/\/tede.unicentro.br\/jspui\/handle\/jspui\/1415\" target=\"_blank\" rel=\"noopener\">pdf<\/a>]<\/td>\n<\/tr>\n<tr>\n<td style=\"text-align: center\">Daniele Huzek Lentsck<\/td>\n<td style=\"text-align: center\">N\u00cdVEL DE EXPOSI\u00c7\u00c3O E ESTRAT\u00c9GIAS DE PROTE\u00c7\u00c3O A RISCOS DE MERCADO E DE OPERA\u00c7\u00c3O NAS ATIVIDADES AGR\u00cdCOLAS<\/td>\n<td style=\"text-align: center\">Prof. Dr. L\u00e9o Raifur<\/td>\n<td style=\"text-align: center\">28\/03\/2017<\/td>\n<td style=\"text-align: center\">[<a href=\"https:\/\/tede.unicentro.br\/jspui\/handle\/jspui\/821\" target=\"_blank\" rel=\"noopener\">pdf<\/a>]<\/td>\n<\/tr>\n<tr>\n<td style=\"text-align: center\">Merylisa Furlan<\/td>\n<td style=\"text-align: center\">CAPACIDADES DIN\u00c2MICAS COMO DIFERENCIAL ESTRAT\u00c9GICO PARA A SUSTENTABILIDADE: o caso de uma cooperativa agroindustrial<\/td>\n<td style=\"text-align: center\">Prof. Dr. Jo\u00e3o Francisco Morozini<\/td>\n<td style=\"text-align: center\">05\/04\/2017<\/td>\n<td style=\"text-align: center\">[<a href=\"https:\/\/tede.unicentro.br\/jspui\/handle\/jspui\/817\" target=\"_blank\" rel=\"noopener\">pdf<\/a>]<\/td>\n<\/tr>\n<tr>\n<td style=\"text-align: center\">Nivaldo Orlan Kasczuk<\/td>\n<td style=\"text-align: center\">OPERACIONALIZA\u00c7\u00c3O DO TECNICENTRO: um estudo comparativo com outros parques nacionais<\/td>\n<td style=\"text-align: center\">Prof. Dr. Marcos Roberto K\u00fchl<\/td>\n<td style=\"text-align: center\">20\/04\/2017<\/td>\n<td style=\"text-align: center\">[<a href=\"https:\/\/tede.unicentro.br\/jspui\/handle\/jspui\/819\" target=\"_blank\" rel=\"noopener\">pdf<\/a>]<\/td>\n<\/tr>\n<tr>\n<td style=\"text-align: center\">Luciana Bortoncello Lorenzetti Andrade<\/td>\n<td style=\"text-align: center\">\n<p class=\"western\" align=\"CENTER\">QUALIDADE DE VIDA NO TRABALHO E O COMPROMETIMENTO COM A CARREIRA: a percep\u00e7\u00e3o dos diretores de escolas da rede p\u00fablica estadual do Paran\u00e1<\/p>\n<\/td>\n<td style=\"text-align: center\">Prof. Dr. Erivelton Fontana de Laat (Orient.) e Prof. Dr. Silvio Roberto Stefano (Coorient.)<\/td>\n<td style=\"text-align: center\">02\/05\/2017<\/td>\n<td style=\"text-align: center\">[<a href=\"https:\/\/tede.unicentro.br\/jspui\/handle\/jspui\/816\" target=\"_blank\" rel=\"noopener\">pdf<\/a>]<\/td>\n<\/tr>\n<tr>\n<td style=\"text-align: center\">Claiton Alorenus Baggio<\/td>\n<td style=\"text-align: center\">AN\u00c1LISE DOS ELEMENTOS DETERMINANTES NA APROPRIA\u00c7\u00c3O DE VALOR NAS INOVA\u00c7\u00d5ES DA AGRICULTURA FAMILIAR NA CIDADE DE GUARAPUAVA &#8211; PR<\/td>\n<td style=\"text-align: center\">Prof. Dr. Marcos Roberto K\u00fchl<\/td>\n<td style=\"text-align: center\">04\/05\/2017<\/td>\n<td style=\"text-align: center\">[<a href=\"https:\/\/tede.unicentro.br\/jspui\/handle\/jspui\/813\" target=\"_blank\" rel=\"noopener\">pdf<\/a>]<\/td>\n<\/tr>\n<tr>\n<td style=\"text-align: center\">Rafael Martinos Back<\/td>\n<td style=\"text-align: center\">COMPORTAMENTO ESTRAT\u00c9GICO DAS MICRO E PEQUENAS EMPRESAS E A RELA\u00c7\u00c3O COM A SOBREVIV\u00caNCIA ORGANIZACIONAL<\/td>\n<td style=\"text-align: center\">Prof. Dr. Marcos de Castro<\/td>\n<td style=\"text-align: center\">08\/05\/2017<\/td>\n<td style=\"text-align: center\">[<a href=\"https:\/\/tede.unicentro.br\/jspui\/handle\/jspui\/820\" target=\"_blank\" rel=\"noopener\">pdf<\/a>]<\/td>\n<\/tr>\n<tr>\n<td style=\"text-align: center\">Eduardo Christ<\/td>\n<td style=\"text-align: center\">REDES DE COOPERA\u00c7\u00c3O, DA FORMA\u00c7\u00c3O AOS RESULTADOS: um estudo das organiza\u00e7\u00f5es do Programa Empreender<\/td>\n<td style=\"text-align: center\">Prof. Dr. Marcos de Castro<\/td>\n<td style=\"text-align: center\">25\/05\/2017<\/td>\n<td style=\"text-align: center\">[<a href=\"https:\/\/tede.unicentro.br\/jspui\/handle\/jspui\/814\" target=\"_blank\" rel=\"noopener\">pdf<\/a>]<\/td>\n<\/tr>\n<tr>\n<td style=\"text-align: center\">Giliard Resmini<\/td>\n<td style=\"text-align: center\">GOVERNAN\u00c7A P\u00daBLICA E A APLICABILIDADE DO ESTUDO 13 DO IFAC NA ESFERA MUNICIPAL: um estudo sob o enfoque da teoria da ag\u00eancia e da teoria institucional<\/td>\n<td style=\"text-align: center\">Prof. Dr. Luiz Fernando Lara<\/td>\n<td style=\"text-align: center\">07\/06\/2017<\/td>\n<td style=\"text-align: center\">[<a href=\"https:\/\/tede.unicentro.br\/jspui\/handle\/jspui\/815\" target=\"_blank\" rel=\"noopener\">pdf<\/a>]<\/td>\n<\/tr>\n<\/tbody>\n<\/table>\n<p>[\/vc_column_text][\/vc_tta_section][vc_tta_section title=&#8221;2018&#8243; tab_id=&#8221;1525805428461-52b90a39-9e5b&#8221;][vc_column_text css=&#8221;&#8221;]<\/p>\n<table style=\"width: 99.3977%;height: 3016px\">\n<thead>\n<tr style=\"height: 24px\">\n<td style=\"text-align: center;width: 23.5944%;height: 24px\"><strong>AUTOR(A)<\/strong><\/td>\n<td style=\"text-align: center;width: 27.1084%;height: 24px\"><strong>T\u00cdTULO<\/strong><\/td>\n<td style=\"text-align: center;width: 18.3735%;height: 24px\"><strong>ORIENTADOR(A)<\/strong><\/td>\n<td style=\"text-align: center;width: 16.5663%;height: 24px\"><strong>DATA DA DEFESA<\/strong><\/td>\n<td style=\"text-align: center;width: 12.9518%;height: 24px\"><strong>DISSERTA\u00c7\u00c3O<\/strong><\/td>\n<\/tr>\n<\/thead>\n<colgroup>\n<col style=\"width: 30%\" \/>\n<col style=\"width: 30%\" \/>\n<col style=\"width: 20%\" \/>\n<col style=\"width: 20%\" \/> <\/colgroup>\n<tbody>\n<tr style=\"height: 120px\">\n<td style=\"text-align: center;width: 23.5944%;height: 120px\">Kelen Cristina de Lara Siqueira<\/td>\n<td style=\"text-align: center;width: 27.1084%;height: 120px\">AS REPRESENTA\u00c7\u00d5ES SOCIAIS DE MULHERES EM CARGOS DE LIDERAN\u00c7A SOBRE SUAS CARREIRAS EM COOPERATIVAS AGROINDUSTRIAIS<\/td>\n<td style=\"text-align: center;width: 18.3735%;height: 120px\">Prof.\u00aa Dr.\u00aa Juliane Sachser Angnes<\/td>\n<td style=\"text-align: center;width: 16.5663%;height: 120px\">13\/03\/2018<\/td>\n<td style=\"text-align: center;width: 12.9518%;height: 120px\">[<a href=\"https:\/\/tede.unicentro.br\/jspui\/handle\/jspui\/1420\" target=\"_blank\" rel=\"noopener\">pdf<\/a>]<\/td>\n<\/tr>\n<tr style=\"height: 248px\">\n<td style=\"text-align: center;width: 23.5944%;height: 248px\">Marcia Sierdovski<\/td>\n<td style=\"text-align: center;width: 27.1084%;height: 248px\">\n<p class=\"western\" align=\"CENTER\">GEST\u00c3O DA SA\u00daDE E SEGURAN\u00c7A, QUALIDADE DE VIDA NO TRABALHO E GEST\u00c3O DA DIVERSIDADE COMO ELEMENTOS DO PILAR SOCIAL DA SUSTENTABILIDADE ORGANIZACIONAL: um estudo sobre as pr\u00e1ticas nas 150 melhores empresas para se trabalhar no Brasil<\/p>\n<\/td>\n<td style=\"text-align: center;width: 18.3735%;height: 248px\">Prof. Dr. Silvio Roberto Stefano (Orient.) e Prof.\u00aa Dr.\u00aa Sandra Mara de Andrade (Cooerient.)<\/td>\n<td style=\"text-align: center;width: 16.5663%;height: 248px\">22\/03\/2018<\/td>\n<td style=\"text-align: center;width: 12.9518%;height: 248px\">[<a href=\"https:\/\/tede.unicentro.br\/jspui\/handle\/jspui\/1439\" target=\"_blank\" rel=\"noopener\">pdf<\/a>]<\/td>\n<\/tr>\n<tr style=\"height: 152px\">\n<td style=\"text-align: center;width: 23.5944%;height: 152px\">J\u00e9ssica Martins da Silva<\/td>\n<td style=\"text-align: center;width: 27.1084%;height: 152px\">\n<p class=\"western\" align=\"CENTER\">O BANCO NA PALMA DA M\u00c3O &#8211; A INSTITUCIONALIZA\u00c7\u00c3O DO USO DO<em> MOBILE BANKING<\/em>: estudo em uma ag\u00eancia banc\u00e1ria de Guarapuava\/PR<\/p>\n<\/td>\n<td style=\"text-align: center;width: 18.3735%;height: 152px\">Prof.\u00aa Dr.\u00aa Zoraide da Fonseca Costa<\/td>\n<td style=\"text-align: center;width: 16.5663%;height: 152px\">22\/03\/2018<\/td>\n<td style=\"text-align: center;width: 12.9518%;height: 152px\">[<a href=\"https:\/\/tede.unicentro.br\/jspui\/handle\/jspui\/1419\" target=\"_blank\" rel=\"noopener\">pdf<\/a>]<\/td>\n<\/tr>\n<tr style=\"height: 104px\">\n<td style=\"text-align: center;width: 23.5944%;height: 104px\">Rosmeiri Aparecida Ribeiro Ferras<\/td>\n<td style=\"text-align: center;width: 27.1084%;height: 104px\">\n<p class=\"western\" align=\"CENTER\">CAPACIDADE DE INOVA\u00c7\u00c3O DAS CERVEJARIAS ARTESANAIS DO SUL DO BRASIL<\/p>\n<\/td>\n<td style=\"text-align: center;width: 18.3735%;height: 104px\">Prof. Dr. Jo\u00e3o Francisco Morozini<\/td>\n<td style=\"text-align: center;width: 16.5663%;height: 104px\">28\/03\/2018<\/td>\n<td style=\"text-align: center;width: 12.9518%;height: 104px\">[<a href=\"https:\/\/tede.unicentro.br\/jspui\/handle\/jspui\/1424\" target=\"_blank\" rel=\"noopener\">pdf<\/a>]<\/td>\n<\/tr>\n<tr style=\"height: 128px\">\n<td style=\"text-align: center;width: 23.5944%;height: 128px\">Luciane Fontana Matoso Silva<\/td>\n<td style=\"text-align: center;width: 27.1084%;height: 128px\">\n<p class=\"western\" align=\"CENTER\">RELA\u00c7\u00d5ES DO PROCESSO DE COOPERA\u00c7\u00c3O UNIVERSIDADE-EMPRESA: um estudo de caso no interior do Paran\u00e1<\/p>\n<\/td>\n<td style=\"text-align: center;width: 18.3735%;height: 128px\">Prof. Dr. Marcos Roberto K\u00fchl<\/td>\n<td style=\"text-align: center;width: 16.5663%;height: 128px\">06\/04\/2018<\/td>\n<td style=\"text-align: center;width: 12.9518%;height: 128px\">[<a href=\"https:\/\/tede.unicentro.br\/jspui\/handle\/jspui\/1422\" target=\"_blank\" rel=\"noopener\">pdf<\/a>]<\/td>\n<\/tr>\n<tr style=\"height: 176px\">\n<td style=\"text-align: center;width: 23.5944%;height: 176px\">Marco Aur\u00e9lio Scartezini Soares de Meirelles<\/td>\n<td style=\"text-align: center;width: 27.1084%;height: 176px\">\n<p class=\"western\" align=\"CENTER\">N\u00cdVEL DE INSTITUCIONALIZA\u00c7\u00c3O E IMPACTO DA GEST\u00c3O FINANCEIRA NO<br \/>\nDESEMPENHO DAS MICRO E PEQUENAS EMPRESAS<\/td>\n<td style=\"text-align: center;width: 18.3735%;height: 176px\">Prof. Dr. L\u00e9o Raifur<\/td>\n<td style=\"text-align: center;width: 16.5663%;height: 176px\">13\/04\/2018<\/td>\n<td style=\"text-align: center;width: 12.9518%;height: 176px\">[<a href=\"https:\/\/tede.unicentro.br\/jspui\/handle\/jspui\/1423\" target=\"_blank\" rel=\"noopener\">pdf<\/a>]<\/td>\n<\/tr>\n<tr style=\"height: 128px\">\n<td style=\"text-align: center;width: 23.5944%;height: 128px\">Alfredo Mosael Kloster<\/td>\n<td style=\"text-align: center;width: 27.1084%;height: 128px\">\n<p class=\"western\" align=\"CENTER\">O PLANO TRIENAL DE INVESTIMENTOS E O IMPACTO NO TRANSPORTE FERROVI\u00c1RIO DE CARGAS<\/p>\n<\/td>\n<td style=\"text-align: center;width: 18.3735%;height: 128px\">Prof. Dr. Fernando Franco Netto<\/td>\n<td style=\"text-align: center;width: 16.5663%;height: 128px\">16\/04\/2018<\/td>\n<td style=\"text-align: center;width: 12.9518%;height: 128px\">[<a href=\"https:\/\/tede.unicentro.br\/jspui\/handle\/jspui\/907\" target=\"_blank\" rel=\"noopener\">pdf<\/a>]<\/td>\n<\/tr>\n<tr style=\"height: 152px\">\n<td style=\"text-align: center;width: 23.5944%;height: 152px\">Agenor Felipe Krysa<\/td>\n<td style=\"text-align: center;width: 27.1084%;height: 152px\">\n<p class=\"western\" align=\"CENTER\">TRANSFER\u00caNCIA DE CONHECIMENTO EM REDES INTERORGANIZACIONAIS: estudo de caso APOMEL \u2013 Associa\u00e7\u00e3o dos Produtores de Mel de Ortigueira<\/p>\n<\/td>\n<td style=\"text-align: center;width: 18.3735%;height: 152px\">Prof. Dr. Marcos de Castro<\/td>\n<td style=\"text-align: center;width: 16.5663%;height: 152px\">17\/04\/2018<\/td>\n<td style=\"text-align: center;width: 12.9518%;height: 152px\">[<a href=\"https:\/\/tede.unicentro.br\/jspui\/handle\/jspui\/906\" target=\"_blank\" rel=\"noopener\">pdf<\/a>]<\/td>\n<\/tr>\n<tr style=\"height: 176px\">\n<td style=\"text-align: center;width: 23.5944%;height: 176px\">Vanessa Souza de Ramos<\/td>\n<td style=\"text-align: center;width: 27.1084%;height: 176px\">\n<p class=\"western\" align=\"CENTER\">AS RELA\u00c7\u00d5ES DE COOPERA\u00c7\u00c3O INTERORGANIZACIONAL E O<br \/>\nDESENVOLVIMENTO DE VANTAGEM COMPETITIVA MEDIANTE A CAPACIDADE<br \/>\nABSORTIVA<\/td>\n<td style=\"text-align: center;width: 18.3735%;height: 176px\">Prof. Dr. Jo\u00e3o Francisco Morozini<\/td>\n<td style=\"text-align: center;width: 16.5663%;height: 176px\">04\/05\/2018<\/td>\n<td style=\"text-align: center;width: 12.9518%;height: 176px\">[<a href=\"https:\/\/tede.unicentro.br\/jspui\/handle\/jspui\/913\" target=\"_blank\" rel=\"noopener\">pdf<\/a>]<\/td>\n<\/tr>\n<tr style=\"height: 152px\">\n<td style=\"text-align: center;width: 23.5944%;height: 152px\">Walter Galvan<\/td>\n<td style=\"text-align: center;width: 27.1084%;height: 152px\">\n<p class=\"western\" align=\"CENTER\">POL\u00cdTICAS P\u00daBLICAS DE INCENTIVOS E FINANCIAMENTOS PARA PESQUISA E INOVA\u00c7\u00c3O NA AGRICULTURA EM FUNDA\u00c7\u00d5ES DE PESQUISAS<\/p>\n<\/td>\n<td style=\"text-align: center;width: 18.3735%;height: 152px\">Prof.\u00aa Dr.\u00aa Zoraide da Fonseca Costa<\/td>\n<td style=\"text-align: center;width: 16.5663%;height: 152px\">04\/05\/2018<\/td>\n<td style=\"text-align: center;width: 12.9518%;height: 152px\">[<a href=\"https:\/\/tede.unicentro.br\/jspui\/handle\/jspui\/914\" target=\"_blank\" rel=\"noopener\">pdf<\/a>]<\/td>\n<\/tr>\n<tr style=\"height: 152px\">\n<td style=\"text-align: center;width: 23.5944%;height: 152px\">Josiane Rodrigues dos Santos<\/td>\n<td style=\"text-align: center;width: 27.1084%;height: 152px\">\n<p class=\"western\" align=\"CENTER\">COMPET\u00caNCIAS INDIVIDUAIS NO AMBIENTE ORGANIZACIONAL NA VIS\u00c3O BASEADA EM RECURSOS (V.B.R.) DE UMA COOPERATIVA DE CR\u00c9DITO<\/p>\n<\/td>\n<td style=\"text-align: center;width: 18.3735%;height: 152px\">Prof. Dr. S\u00edlvio Roberto Stefano<\/td>\n<td style=\"text-align: center;width: 16.5663%;height: 152px\">17\/05\/2018<\/td>\n<td style=\"text-align: center;width: 12.9518%;height: 152px\">[<a href=\"https:\/\/tede.unicentro.br\/jspui\/handle\/jspui\/912\" target=\"_blank\" rel=\"noopener\">pdf<\/a>]<\/td>\n<\/tr>\n<tr style=\"height: 272px\">\n<td style=\"text-align: center;width: 23.5944%;height: 272px\">Sandro Rolak<\/td>\n<td style=\"text-align: center;width: 27.1084%;height: 272px\">\n<p class=\"western\" align=\"CENTER\">UMA AN\u00c1LISE DO DESENVOLVIMENTO DA REDE DE COOPERA\u00c7\u00c3O INTERORGANIZACIONAL DO ARRANJO PRODUTIVO LOCAL (APL) DE CONFEC\u00c7\u00d5ES DE MARING\u00c1 E CIANORTE NO ESTADO DO PARAN\u00c1 POR MEIO DA ABORDAGEM DE CICLO DE VIDA<\/p>\n<\/td>\n<td style=\"text-align: center;width: 18.3735%;height: 272px\">Prof. Dr. Marcos de Castro<\/td>\n<td style=\"text-align: center;width: 16.5663%;height: 272px\">25\/05\/2018<\/td>\n<td style=\"text-align: center;width: 12.9518%;height: 272px\">[<a href=\"https:\/\/tede.unicentro.br\/jspui\/handle\/jspui\/911\" target=\"_blank\" rel=\"noopener\">pdf<\/a>]<\/td>\n<\/tr>\n<tr style=\"height: 168px\">\n<td style=\"text-align: center;width: 23.5944%;height: 168px\">Lincoln de Almeida Junior<\/td>\n<td class=\"metadataFieldValue\" style=\"width: 27.1084%;height: 168px\">INOVA\u00c7\u00c3O NA OFERTA DO VAREJO DE PRODUTOS ORG\u00c2NICOS COM BASE NO COMPORTAMENTO DO CONSUMIDOR: UM ESTUDO DE CASO DO MERCADO MUNICIPAL DE CURITIBA-PR 2018<\/td>\n<td style=\"text-align: center;width: 18.3735%;height: 168px\">Prof.\u00aa Dr.\u00aa Marlete Beatriz Ma\u00e7aneiro<\/td>\n<td style=\"text-align: center;width: 16.5663%;height: 168px\">28\/05\/2018<\/td>\n<td style=\"text-align: center;width: 12.9518%;height: 168px\">[<a href=\"https:\/\/tede.unicentro.br\/jspui\/handle\/jspui\/1421\" target=\"_blank\" rel=\"noopener\">pdf<\/a>]<\/td>\n<\/tr>\n<tr style=\"height: 232px\">\n<td style=\"text-align: center;width: 23.5944%;height: 232px\">Fernando Morozini<\/td>\n<td id=\"label.dc.creator\" class=\"metadataFieldLabel\" style=\"width: 27.1084%;height: 232px\">RELA\u00c7\u00c3O DOS ASPECTOS DA CAPACIDADE DIN\u00c2MICA COM AS PR\u00c1TICAS DE INOVA\u00c7\u00c3O INSTITUCIONALIZADAS EM UMA CIA DE PAPEL E CELULOSE<\/td>\n<td style=\"text-align: center;width: 18.3735%;height: 232px\">\n<p align=\"CENTER\">Prof. Dr. Marcos Roberto K\u00fchl<\/p>\n<\/td>\n<td style=\"text-align: center;width: 16.5663%;height: 232px\">13\/06\/2018<\/td>\n<td style=\"text-align: center;width: 12.9518%;height: 232px\">[<a href=\"https:\/\/tede.unicentro.br\/jspui\/handle\/jspui\/908\" target=\"_blank\" rel=\"noopener\">pdf<\/a>]<\/td>\n<\/tr>\n<tr style=\"height: 176px\">\n<td style=\"text-align: center;width: 23.5944%;height: 176px\">M\u00e1rcio Raifur<\/td>\n<td style=\"text-align: center;width: 27.1084%;height: 176px\">\n<p class=\"western\" align=\"CENTER\">SISTEMA INTEGRADO DE GEST\u00c3O EM UM PROCESSO DE PRODU\u00c7\u00c3O CONT\u00cdNUA: DIFICULDADES NA IMPLANTA\u00c7\u00c3O DO M\u00d3DULO DE MANUFATURA EM UMA IND\u00daSTRIA DE PAPEL<\/p>\n<\/td>\n<td style=\"text-align: center;width: 18.3735%;height: 176px\">\n<p align=\"CENTER\">Prof. Dr. Sandro Rautenberg<\/p>\n<\/td>\n<td style=\"text-align: center;width: 16.5663%;height: 176px\">14\/06\/2018<\/td>\n<td style=\"text-align: center;width: 12.9518%;height: 176px\">[<a href=\"https:\/\/tede.unicentro.br\/jspui\/handle\/jspui\/910\" target=\"_blank\" rel=\"noopener\">pdf<\/a>]<\/td>\n<\/tr>\n<tr style=\"height: 152px\">\n<td style=\"text-align: center;width: 23.5944%;height: 152px\">Luiz Andr\u00e9 Amaral<\/td>\n<td style=\"text-align: center;width: 27.1084%;height: 152px\">\n<p class=\"western\" align=\"CENTER\">COMPET\u00caNCIAS INDIVIDUAIS: UM ESTUDO DA PR\u00c1TICA PROFISSIONAL DE SERVIDORES P\u00daBLICOS DO MUNIC\u00cdPIO DE CAND\u00d3I (PR)<\/p>\n<\/td>\n<td style=\"text-align: center;width: 18.3735%;height: 152px\">\n<p align=\"CENTER\">Prof. Dr. Luiz Fernando Lara<\/p>\n<\/td>\n<td style=\"text-align: center;width: 16.5663%;height: 152px\">29\/06\/2018<\/td>\n<td style=\"text-align: center;width: 12.9518%;height: 152px\">[<a href=\"https:\/\/tede.unicentro.br\/jspui\/handle\/jspui\/909\" target=\"_blank\" rel=\"noopener\">pdf<\/a>]<\/td>\n<\/tr>\n<tr style=\"height: 176px\">\n<td style=\"text-align: center;width: 23.5944%;height: 176px\">Caroline Coradassi Almeida Santos<\/td>\n<td style=\"text-align: center;width: 27.1084%;height: 176px\">\n<p class=\"western\" align=\"CENTER\">A INSTITUCIONALIZA\u00c7\u00c3O DOS PROCESSOS DE LOG\u00cdSTICA REVERSA NO CAMPO DA ASSOCIA\u00c7\u00c3O DOS DISTRIBUIDORES DE DEFENSIVOS DO CENTRO SUL<\/p>\n<\/td>\n<td style=\"text-align: center;width: 18.3735%;height: 176px\">\n<p align=\"CENTER\">Prof. Dr. Marcos de Castro<\/p>\n<\/td>\n<td style=\"text-align: center;width: 16.5663%;height: 176px\">29\/11\/2018<\/td>\n<td style=\"text-align: center;width: 12.9518%;height: 176px\">[<a href=\"https:\/\/tede.unicentro.br\/jspui\/handle\/jspui\/1169\" target=\"_blank\" rel=\"noopener\">pdf<\/a>]<\/td>\n<\/tr>\n<tr style=\"height: 128px\">\n<td style=\"text-align: center;width: 23.5944%;height: 128px\">Ana Carolina Velozo<\/td>\n<td style=\"text-align: center;width: 27.1084%;height: 128px\">\n<p class=\"western\" align=\"CENTER\">SUSTENTABILIDADE ORGANIZACIONAL E ECOINOVA\u00c7\u00c3O NA PRODU\u00c7\u00c3O DE F\u00d3SFOROS ECOL\u00d3GICOS<\/p>\n<\/td>\n<td style=\"text-align: center;width: 18.3735%;height: 128px\">Prof.\u00aa Dr.\u00aa Zoraide da Fonseca Costa<br \/>\n<abbr title=\"Professora\"><\/abbr><\/td>\n<td style=\"text-align: center;width: 16.5663%;height: 128px\">10\/12\/2018<\/td>\n<td style=\"text-align: center;width: 12.9518%;height: 128px\">[<a href=\"https:\/\/tede.unicentro.br\/jspui\/handle\/jspui\/1167\" target=\"_blank\" rel=\"noopener\">pdf<\/a>]<\/td>\n<\/tr>\n<\/tbody>\n<\/table>\n<p>[\/vc_column_text][\/vc_tta_section][vc_tta_section title=&#8221;2019&#8243; tab_id=&#8221;1562186485631-dfbfd1f4-ad8b&#8221;][vc_row_inner][vc_column_inner][vc_column_text css=&#8221;&#8221;]<\/p>\n<table style=\"width: 100.37%\">\n<tbody>\n<tr>\n<td style=\"text-align: center;width: 27.3167%\">AUTOR(A)<\/td>\n<td style=\"text-align: center;width: 27.8462%\">T\u00cdTULO<\/td>\n<td style=\"text-align: center;width: 18.7973%\">ORIENTADOR(A)<\/td>\n<td style=\"text-align: center;width: 18.5552%\">DATA DA DEFESA<\/td>\n<td style=\"text-align: center;width: 54.8375%\">DISSERTA\u00c7\u00c3O<\/td>\n<\/tr>\n<tr>\n<td style=\"text-align: center;width: 27.3167%\"><span style=\"font-family: arial, helvetica, sans-serif;font-size: 10pt\">Su\u00e9len Pontes Machado<\/span><\/td>\n<td style=\"text-align: center;width: 27.8462%\"><span style=\"font-size: 10pt;font-family: arial, helvetica, sans-serif\">COMPET\u00caNCIAS INDIVIDUAIS E CAPACIDADE DE ABSOR\u00c7\u00c3O DE EMPREENDEDORES: A PROMO\u00c7\u00c3O DA INOVA\u00c7\u00c3O E TECNOLOGIA DE MICRO E PEQUENAS EMPRESAS INCUBADAS <\/span><\/td>\n<td style=\"text-align: center;width: 18.7973%\">Profa. Dra. Marlete Beatriz Ma\u00e7aneiro<\/td>\n<td style=\"text-align: center;width: 18.5552%\">24\/04\/2019<\/td>\n<td style=\"text-align: center;width: 54.8375%\"><a href=\"https:\/\/tede.unicentro.br\/jspui\/handle\/jspui\/1172\" target=\"_blank\" rel=\"noopener\">[PDF]<\/a><\/td>\n<\/tr>\n<tr>\n<td style=\"text-align: center;width: 27.3167%\"><span style=\"font-family: arial, helvetica, sans-serif;font-size: 10pt\">Adriane de F\u00e1tima Machado<\/span><\/td>\n<td style=\"text-align: center;width: 27.8462%\"><span style=\"font-size: 10pt;font-family: arial, helvetica, sans-serif\">GERA\u00c7\u00c3O DE INOVA\u00c7\u00c3O NA AGRICULTURA FAMILIAR POR MEIO DO CONHECIMENTO<\/span><\/td>\n<td style=\"text-align: center;width: 18.7973%\">Prof. Dr. Jo\u00e3o Francisco Morozini<\/td>\n<td style=\"text-align: center;width: 18.5552%\">06\/05\/2019<\/td>\n<td style=\"text-align: center;width: 54.8375%\"><a href=\"https:\/\/tede.unicentro.br\/jspui\/handle\/jspui\/1166\" target=\"_blank\" rel=\"noopener\">[PDF]<\/a><\/td>\n<\/tr>\n<tr>\n<td style=\"text-align: center;width: 27.3167%\"><span style=\"font-family: arial, helvetica, sans-serif;font-size: 10pt\">Adriana Terezinha Lorenzetti Merigo<\/span><\/td>\n<td style=\"text-align: center;width: 27.8462%\"><span style=\"font-size: 10pt;font-family: arial, helvetica, sans-serif\">CAPACIDADE ABSORTIVA NA ADMINISTRA\u00c7\u00c3O P\u00daBLICA PARA INOVA\u00c7\u00c3O DE ROTINAS E PROCESSOS<\/span><\/td>\n<td style=\"text-align: center;width: 18.7973%\"><span style=\"font-family: arial, helvetica, sans-serif;font-size: 10pt\">Prof. Dr. Jo\u00e3o Francisco Morozini<\/span><\/td>\n<td style=\"text-align: center;width: 18.5552%\"><span style=\"font-family: arial, helvetica, sans-serif;font-size: 10pt\">28\/05\/2019<\/span><\/td>\n<td style=\"text-align: center;width: 54.8375%\"><span style=\"font-family: arial, helvetica, sans-serif;font-size: 10pt\"><a href=\"https:\/\/tede.unicentro.br\/jspui\/handle\/jspui\/1165\" target=\"_blank\" rel=\"noopener\">[PDF]<\/a><\/span><\/td>\n<\/tr>\n<tr>\n<td style=\"text-align: center;width: 27.3167%\"><span style=\"font-family: arial, helvetica, sans-serif;font-size: 10pt\">Fernanda Almeida da Silva Rosa<\/span><\/td>\n<td style=\"text-align: center;width: 27.8462%\"><span style=\"font-size: 10pt;font-family: arial, helvetica, sans-serif\">POL\u00cdTICAS P\u00daBLICAS DE EMPREGO E RENDA NO PARAN\u00c1 E SUA EFETIVIDADE<\/span><\/td>\n<td style=\"text-align: center;width: 18.7973%\"><span style=\"font-family: arial, helvetica, sans-serif;font-size: 10pt\">Prof. Dr. Silvio R. Stefano \/ Prof. Dr. Luiz F. Lara<\/span><\/td>\n<td style=\"text-align: center;width: 18.5552%\"><span style=\"font-family: arial, helvetica, sans-serif;font-size: 10pt\">28\/05\/2019<\/span><\/td>\n<td style=\"text-align: center;width: 54.8375%\"><span style=\"font-family: arial, helvetica, sans-serif;font-size: 10pt\"><a href=\"https:\/\/tede.unicentro.br\/jspui\/handle\/jspui\/1170\" target=\"_blank\" rel=\"noopener\">[PDF]<\/a><\/span><\/td>\n<\/tr>\n<tr>\n<td style=\"text-align: center;width: 27.3167%\"><span style=\"font-family: arial, helvetica, sans-serif;font-size: 10pt\">Ana Maria Kotzko<\/span><\/td>\n<td style=\"text-align: center;width: 27.8462%\"><span style=\"font-size: 10pt;font-family: arial, helvetica, sans-serif\">COOPERA\u00c7\u00c3O ENTRE AGENTES P\u00daBLICOS E PRIVADOS PARA DESENVOLVIMENTO DE INOVA\u00c7\u00c3O NO TURISMO SUSTENT\u00c1VEL: UM ESTUDO NO MUNIC\u00cdPIO DE PRUDENT\u00d3POLIS-PR <\/span><\/td>\n<td style=\"text-align: center;width: 18.7973%\"><span style=\"font-family: arial, helvetica, sans-serif;font-size: 10pt\">Prof. Dr. Marcos Roberto Kuhl<\/span><\/td>\n<td style=\"text-align: center;width: 18.5552%\"><span style=\"font-family: arial, helvetica, sans-serif;font-size: 10pt\">29\/05\/2019<\/span><\/td>\n<td style=\"text-align: center;width: 54.8375%\"><span style=\"font-family: arial, helvetica, sans-serif;font-size: 10pt\"><a href=\"https:\/\/tede.unicentro.br\/jspui\/handle\/jspui\/1168\" target=\"_blank\" rel=\"noopener\">[PDF]<\/a><\/span><\/td>\n<\/tr>\n<tr>\n<td style=\"text-align: center;width: 27.3167%\"><span style=\"font-family: arial, helvetica, sans-serif;font-size: 10pt\">Rozeli Aparecida Menon<\/span><\/td>\n<td style=\"text-align: center;width: 27.8462%\"><span style=\"font-size: 10pt;font-family: arial, helvetica, sans-serif\">ESTRAT\u00c9GIAS PSICOSSOCIAIS DE RESIST\u00caNCIA DAS LIDERAN\u00c7AS IND\u00cdGENAS AV\u00c1-GUARANI DA REGI\u00c3O OESTE DO PARAN\u00c1: UMA PERSPECTIVA N\u00c3O-GERENCIALISTA NA \u00c1REA DE ADMINISTRA\u00c7\u00c3O<\/span><\/td>\n<td style=\"text-align: center;width: 18.7973%\"><span style=\"font-family: arial, helvetica, sans-serif;font-size: 10pt\">Profa. Dra. Juliane Sachser Angnes<\/span><\/td>\n<td style=\"text-align: center;width: 18.5552%\"><span style=\"font-family: arial, helvetica, sans-serif;font-size: 10pt\">10\/06\/2019<\/span><\/td>\n<td style=\"text-align: center;width: 54.8375%\"><span style=\"font-family: arial, helvetica, sans-serif;font-size: 10pt\"><a href=\"https:\/\/tede.unicentro.br\/jspui\/handle\/jspui\/1175\" target=\"_blank\" rel=\"noopener\">[PDF]<\/a><\/span><\/td>\n<\/tr>\n<tr>\n<td style=\"text-align: center;width: 27.3167%\"><span style=\"font-family: arial, helvetica, sans-serif;font-size: 10pt\">Luciane Jos\u00e9 da Luz Zaias<\/span><\/td>\n<td style=\"text-align: center;width: 27.8462%\"><span style=\"font-size: 10pt;font-family: arial, helvetica, sans-serif\">CONTRIBUI\u00c7\u00d5ES DA GEST\u00c3O ESTRAT\u00c9GICA DE PESSOAS PARA A SUSTENTABILIDADE ORGANIZACIONAL EM UMA IND\u00daSTRIA DE PAPEL DO ESTADO DO PARAN\u00c1<\/span><\/td>\n<td style=\"text-align: center;width: 18.7973%\"><span style=\"font-family: arial, helvetica, sans-serif;font-size: 10pt\">Profa. Dra. Sandra Mara de Andrade<\/span><\/td>\n<td style=\"text-align: center;width: 18.5552%\"><span style=\"font-family: arial, helvetica, sans-serif;font-size: 10pt\">12\/06\/2019<\/span><\/td>\n<td style=\"text-align: center;width: 54.8375%\"><span style=\"font-family: arial, helvetica, sans-serif;font-size: 10pt\"><a href=\"https:\/\/tede.unicentro.br\/jspui\/handle\/jspui\/1171\" target=\"_blank\" rel=\"noopener\">[PDF]<\/a><\/span><\/td>\n<\/tr>\n<tr>\n<td style=\"text-align: center;width: 27.3167%\"><span style=\"font-family: arial, helvetica, sans-serif;font-size: 10pt\">Terezinha Bernadete Pinto Oliari<\/span><\/td>\n<td style=\"text-align: center;width: 27.8462%\"><span style=\"font-size: 10pt;font-family: arial, helvetica, sans-serif\">MODELO DE GEST\u00c3O DE PESSOAS ALINHADO AOS PILARES DA SUSTENTABILIDADE ORGANIZACIONAL: UM ESTUDO NAS IND\u00daSTRIAS DE PAPEL E CELULOSE<\/span><\/td>\n<td style=\"text-align: center;width: 18.7973%\"><span style=\"font-family: arial, helvetica, sans-serif;font-size: 10pt\">Profa. Dra. Sandra Mara de Andrade<\/span><\/td>\n<td style=\"text-align: center;width: 18.5552%\"><span style=\"font-family: arial, helvetica, sans-serif;font-size: 10pt\">13\/06\/2019<\/span><\/td>\n<td style=\"text-align: center;width: 54.8375%\"><span style=\"font-family: arial, helvetica, sans-serif;font-size: 10pt\"><a href=\"https:\/\/tede.unicentro.br\/jspui\/handle\/jspui\/1174\" target=\"_blank\" rel=\"noopener\">[PDF]<\/a><\/span><\/td>\n<\/tr>\n<tr>\n<td style=\"text-align: center;width: 27.3167%\"><span style=\"font-family: arial, helvetica, sans-serif;font-size: 10pt\">Anderson Luiz Wittmann<\/span><\/td>\n<td style=\"text-align: center;width: 27.8462%\"><span style=\"font-size: 10pt;font-family: arial, helvetica, sans-serif\">INOVA\u00c7\u00c3O ABERTA NA IND\u00daSTRIA DE PAPEL: UM ESTUDO MULTICASOS<\/span><\/td>\n<td style=\"text-align: center;width: 18.7973%\"><span style=\"font-family: arial, helvetica, sans-serif;font-size: 10pt\">Profa. Dra. Marlete Beatriz Ma\u00e7aneiro<\/span><\/td>\n<td style=\"text-align: center;width: 18.5552%\"><span style=\"font-family: arial, helvetica, sans-serif;font-size: 10pt\">17\/06\/2019<\/span><\/td>\n<td style=\"text-align: center;width: 54.8375%\"><span style=\"font-family: arial, helvetica, sans-serif;font-size: 10pt\"><a href=\"https:\/\/tede.unicentro.br\/jspui\/handle\/jspui\/1194\" target=\"_blank\" rel=\"noopener\">[PDF]<\/a><\/span><\/td>\n<\/tr>\n<tr>\n<td style=\"text-align: center;width: 27.3167%\"><span style=\"font-family: arial, helvetica, sans-serif;font-size: 10pt\">Sandro Castilho<\/span><\/td>\n<td style=\"text-align: center;width: 27.8462%\"><span style=\"font-size: 10pt;font-family: arial, helvetica, sans-serif\">VIS\u00c3O BASEADA EM RECURSOS: AN\u00c1LISE COMPARATIVA ENTRE EMPRESAS FRANQUEADAS E N\u00c3O FRANQUEADAS DO SETOR DE SERVI\u00c7OS DE ALIMENTA\u00c7\u00c3O<\/span><\/td>\n<td style=\"text-align: center;width: 18.7973%\"><span style=\"font-family: arial, helvetica, sans-serif;font-size: 10pt\">Prof. Dr. Leo Raifur<\/span><\/td>\n<td style=\"text-align: center;width: 18.5552%\"><span style=\"font-family: arial, helvetica, sans-serif;font-size: 10pt\">26\/06\/2019<\/span><\/td>\n<td style=\"text-align: center;width: 54.8375%\"><span style=\"font-family: arial, helvetica, sans-serif;font-size: 10pt\"><a href=\"https:\/\/tede.unicentro.br\/jspui\/handle\/jspui\/1197\" target=\"_blank\" rel=\"noopener\">[PDF]<\/a><\/span><\/td>\n<\/tr>\n<tr>\n<td style=\"text-align: center;width: 27.3167%\"><span style=\"font-family: arial, helvetica, sans-serif;font-size: 10pt\">Carla Santos<\/span><\/td>\n<td style=\"text-align: center;width: 27.8462%\"><span style=\"font-size: 10pt;font-family: arial, helvetica, sans-serif\">AS MULHERES NA IND\u00daSTRIA: ESTUDO DAS REPRESENTA\u00c7\u00d5ES SOCIAIS E ESTRAT\u00c9GIA COMO PR\u00c1TICA SOCIAL<\/span><\/td>\n<td style=\"text-align: center;width: 18.7973%\"><span style=\"font-family: arial, helvetica, sans-serif;font-size: 10pt\">Profa. Dra. Juliane Sachser Angnes<\/span><\/td>\n<td style=\"text-align: center;width: 18.5552%\"><span style=\"font-family: arial, helvetica, sans-serif;font-size: 10pt\">27\/06\/2019<\/span><\/td>\n<td style=\"text-align: center;width: 54.8375%\"><span style=\"font-family: arial, helvetica, sans-serif;font-size: 10pt\"><a href=\"https:\/\/tede.unicentro.br\/jspui\/handle\/jspui\/1195\" target=\"_blank\" rel=\"noopener\">[PDF]<\/a><\/span><\/td>\n<\/tr>\n<tr>\n<td style=\"text-align: center;width: 27.3167%\"><span style=\"font-family: arial, helvetica, sans-serif;font-size: 10pt\">Tatiane Aparecida Penteado<\/span><\/td>\n<td style=\"text-align: center;width: 27.8462%\"><span style=\"font-size: 10pt;font-family: arial, helvetica, sans-serif\">ESTRAT\u00c9GIAS E PR\u00c1TICAS DE GEST\u00c3O, ORIENTADAS \u00c0 SUSTENTABILIDADE ORGANIZACIONAL: um estudo de caso em uma cooperativa de cr\u00e9dito<\/span><\/td>\n<td style=\"text-align: center;width: 18.7973%\"><span style=\"font-family: arial, helvetica, sans-serif;font-size: 10pt\">Profa. Dra. Zoraide F. Costa \/ Prof. Dr. Silvio R. Stefano<\/span><\/td>\n<td style=\"text-align: center;width: 18.5552%\"><span style=\"font-family: arial, helvetica, sans-serif;font-size: 10pt\">18\/09\/2019<\/span><\/td>\n<td style=\"text-align: center;width: 54.8375%\"><span style=\"font-family: arial, helvetica, sans-serif;font-size: 10pt\"><a href=\"https:\/\/tede.unicentro.br\/jspui\/handle\/jspui\/1232\" target=\"_blank\" rel=\"noopener\">[PDF]<\/a><\/span><\/td>\n<\/tr>\n<tr>\n<td style=\"text-align: center;width: 27.3167%\"><span style=\"font-family: arial, helvetica, sans-serif;font-size: 10pt\">M\u00f4nica Cristina Antoniucci de Lima Motta<\/span><\/td>\n<td style=\"text-align: center;width: 27.8462%\"><span style=\"font-size: 10pt;font-family: arial, helvetica, sans-serif\">PR\u00c1TICAS RACIONAIS E\/OU COMPORTAMENTAIS NAS DECIS\u00d5ES DE INVESTIMENTO DE LONGO PRAZO NAS COOPERATIVAS AGROPECU\u00c1RIAS DO PARAN\u00c1<\/span><\/td>\n<td style=\"text-align: center;width: 18.7973%\"><span style=\"font-family: arial, helvetica, sans-serif;font-size: 10pt\">Prof. Dr. Leo Raifur<\/span><\/td>\n<td style=\"text-align: center;width: 18.5552%\"><span style=\"font-family: arial, helvetica, sans-serif;font-size: 10pt\">27\/09\/2019<\/span><\/td>\n<td style=\"text-align: center;width: 54.8375%\"><span style=\"font-family: arial, helvetica, sans-serif;font-size: 10pt\"><a href=\"https:\/\/tede.unicentro.br\/jspui\/handle\/jspui\/1196\" target=\"_blank\" rel=\"noopener\">[PDF]<\/a><\/span><\/td>\n<\/tr>\n<tr>\n<td style=\"text-align: center;width: 27.3167%\"><span style=\"font-family: arial, helvetica, sans-serif;font-size: 10pt\">Vitor Saldanha Ter\u00eancio<\/span><\/td>\n<td style=\"text-align: center;width: 27.8462%\"><span style=\"font-size: 10pt;font-family: arial, helvetica, sans-serif\">PERFIL E PERCEP\u00c7\u00c3O DA AGREGA\u00c7\u00c3O DE VALOR NA ATIVIDADE DE PRODU\u00c7\u00c3O DE LEITE DO MUNIC\u00cdPIO DE MANGUEIRINHA\/PR<\/span><\/td>\n<td style=\"text-align: center;width: 18.7973%\"><span style=\"font-family: arial, helvetica, sans-serif;font-size: 10pt\">Prof. Dr. Leo Raifur<\/span><\/td>\n<td style=\"text-align: center;width: 18.5552%\"><span style=\"font-family: arial, helvetica, sans-serif;font-size: 10pt\">30\/10\/2019<\/span><\/td>\n<td style=\"text-align: center;width: 54.8375%\"><span style=\"font-family: arial, helvetica, sans-serif;font-size: 10pt\"><a href=\"https:\/\/tede.unicentro.br\/jspui\/handle\/jspui\/1425\" target=\"_blank\" rel=\"noopener\">[PDF]<\/a><\/span><\/td>\n<\/tr>\n<\/tbody>\n<\/table>\n<p>[\/vc_column_text][\/vc_column_inner][\/vc_row_inner][\/vc_tta_section][vc_tta_section title=&#8221;2020&#8243; tab_id=&#8221;1613051768609-c600c278-8d8f&#8221;][vc_row_inner][vc_column_inner][vc_column_text css=&#8221;&#8221;]<\/p>\n<table style=\"width: 100.052%;height: 337px\">\n<tbody>\n<tr style=\"height: 24px\">\n<td style=\"text-align: center;height: 24px;width: 27.0154%\">AUTOR(A)<\/td>\n<td style=\"text-align: center;height: 24px;width: 28.3705%\">T\u00cdTULO<\/td>\n<td style=\"text-align: center;height: 24px;width: 18.422%\">ORIENTADOR(A)<\/td>\n<td style=\"text-align: center;height: 24px;width: 18.6117%\">DATA DA DEFESA<\/td>\n<td style=\"text-align: center;height: 24px;width: 29.6578%\">DISSERTA\u00c7\u00c3O<\/td>\n<\/tr>\n<tr style=\"height: 24px\">\n<td style=\"text-align: center;height: 24px;width: 27.0154%\">Aracelis Cristiane de Avelar<\/td>\n<td style=\"text-align: center;height: 24px;width: 28.3705%\">APRENDIZAGEM ORGANIZACIONAL E COMPET\u00caNCIAS<br \/>\nGERENCIAIS NAS UNIDADES FRANQUEADAS DO SETOR DE<br \/>\nCAL\u00c7ADOS<\/td>\n<td style=\"text-align: center;height: 24px;width: 18.422%\">Prof. Dr. Silvio Roberto Stefano<\/td>\n<td style=\"text-align: center;height: 24px;width: 18.6117%\">05\/05\/2020<\/td>\n<td style=\"text-align: center;height: 24px;width: 29.6578%\"><a href=\"https:\/\/tede.unicentro.br\/jspui\/handle\/jspui\/1395\" target=\"_blank\" rel=\"noopener\">[PDF]<\/a><\/td>\n<\/tr>\n<tr style=\"height: 25px\">\n<td style=\"text-align: center;height: 25px;width: 27.0154%\">Milena Rocha Machado<\/td>\n<td style=\"text-align: center;height: 25px;width: 28.3705%\">COLABORA\u00c7\u00c3O PARA INOVA\u00c7\u00c3O E SUSTENTABILIDADE NAS IND\u00daSTRIAS DE TRANSFORMA\u00c7\u00c3O DO PARAN\u00c1<\/td>\n<td style=\"text-align: center;height: 25px;width: 18.422%\">Prof. Dr. Marcos Roberto Kuhl<\/td>\n<td style=\"text-align: center;height: 25px;width: 18.6117%\">12\/05\/2020<\/td>\n<td style=\"text-align: center;height: 25px;width: 29.6578%\"><a href=\"https:\/\/tede.unicentro.br\/jspui\/handle\/jspui\/1400\" target=\"_blank\" rel=\"noopener\">[PDF]<\/a><\/td>\n<\/tr>\n<tr style=\"height: 24px\">\n<td style=\"text-align: center;height: 24px;width: 27.0154%\">Gislaine Maier Antoneli<\/td>\n<td style=\"text-align: center;height: 24px;width: 28.3705%\">DETERMINANTES E RESULTADOS DA INOVA\u00c7\u00c3O EM EMPRESAS DE CER\u00c2MICA VERMELHA DE PRUDENT\u00d3POLIS<\/td>\n<td style=\"text-align: center;height: 24px;width: 18.422%\">Profa. Dra. Zoraide da Fonseca Costa<\/td>\n<td style=\"text-align: center;height: 24px;width: 18.6117%\">13\/05\/2020<\/td>\n<td style=\"text-align: center;height: 24px;width: 29.6578%\"><a href=\"https:\/\/tede.unicentro.br\/jspui\/handle\/jspui\/1398\" target=\"_blank\" rel=\"noopener\">[PDF]<\/a><\/td>\n<\/tr>\n<tr style=\"height: 24px\">\n<td style=\"text-align: center;height: 24px;width: 27.0154%\">Geison Rolf Rezende<\/td>\n<td style=\"text-align: center;height: 24px;width: 28.3705%\">INOVA\u00c7\u00c3O EM ARRANJO PRODUTIVO LOCAL: UMA VIS\u00c3O SOB A \u00d3TICA COLABORATIVA<\/td>\n<td style=\"text-align: center;height: 24px;width: 18.422%\">Prof. Dr. Marcos Roberto Kuhl<\/td>\n<td style=\"text-align: center;height: 24px;width: 18.6117%\">14\/05\/2020<\/td>\n<td style=\"text-align: center;height: 24px;width: 29.6578%\"><a href=\"https:\/\/tede.unicentro.br\/jspui\/handle\/jspui\/1397\" target=\"_blank\" rel=\"noopener\">[PDF]<\/a><\/td>\n<\/tr>\n<tr style=\"height: 24px\">\n<td style=\"text-align: center;height: 24px;width: 27.0154%\">S\u00edlvia Let\u00edcia Trevisan<\/td>\n<td style=\"text-align: center;height: 24px;width: 28.3705%\">O PROCESSO EMPREENDEDOR A PARTIR DA TEORIA EFFECTUATION: Estudo de caso sobre a funda\u00e7\u00e3o e o desenvolvimento do Grupo ABCD<\/td>\n<td style=\"text-align: center;height: 24px;width: 18.422%\">Prof. Dr. Marcos de Castro<\/td>\n<td style=\"text-align: center;height: 24px;width: 18.6117%\">22\/05\/2020<\/td>\n<td style=\"text-align: center;height: 24px;width: 29.6578%\"><a href=\"https:\/\/tede.unicentro.br\/jspui\/handle\/jspui\/1438\" target=\"_blank\" rel=\"noopener\">[PDF]<\/a><\/td>\n<\/tr>\n<tr style=\"height: 24px\">\n<td style=\"text-align: center;height: 24px;width: 27.0154%\">Elenice Passarelli<\/td>\n<td style=\"text-align: center;height: 24px;width: 28.3705%\">ECONOMIA COMPARTILHADA E OS MODELOS TRADICIONAIS DE HOSPEDAGEM E TRANSPORTE: um estudo das plataformas Airbnb e Uber em Curitiba Pr sob a perspectiva da Teoria dos Custos de Transa\u00e7\u00e3o<\/td>\n<td style=\"text-align: center;height: 24px;width: 18.422%\">Prof. Dr. Marcos de Castro<\/td>\n<td style=\"text-align: center;height: 24px;width: 18.6117%\">26\/05\/2020<\/td>\n<td style=\"text-align: center;height: 24px;width: 29.6578%\"><a href=\"https:\/\/tede.unicentro.br\/jspui\/handle\/jspui\/1396\" target=\"_blank\" rel=\"noopener\">[PDF]<\/a><\/td>\n<\/tr>\n<tr style=\"height: 24px\">\n<td style=\"text-align: center;height: 24px;width: 27.0154%\">Sebasti\u00e3o Sergio Prestes de Lima<\/td>\n<td style=\"text-align: center;height: 24px;width: 28.3705%\">FATORES DETERMINANTES DO USO DE TECNOLOGIAS PELA TERCEIRA IDADE<\/td>\n<td style=\"text-align: center;height: 24px;width: 18.422%\">Profa. Dra. Zoraide da Fonseca Costa<\/td>\n<td style=\"text-align: center;height: 24px;width: 18.6117%\">15\/09\/2020<\/td>\n<td style=\"text-align: center;height: 24px;width: 29.6578%\"><a href=\"https:\/\/tede.unicentro.br\/jspui\/handle\/jspui\/1436\" target=\"_blank\" rel=\"noopener\">[PDF]<\/a><\/td>\n<\/tr>\n<tr style=\"height: 24px\">\n<td style=\"text-align: center;height: 24px;width: 27.0154%\">Roberto Vasil Zastavny<\/td>\n<td style=\"text-align: center;height: 24px;width: 28.3705%\">INSTITUTIONAL WORK DOS ATORES SOCIAIS NA AGRICULTURA DE PRECIS\u00c3O NA REGI\u00c3O DE GUARAPUAVA NO PARAN\u00c1<\/td>\n<td style=\"text-align: center;height: 24px;width: 18.422%\">Prof. Dr. Luciano F. Lima \/ Prof. Dr. Marcos de Castro<\/td>\n<td style=\"text-align: center;height: 24px;width: 18.6117%\">29\/06\/2020<\/td>\n<td style=\"text-align: center;height: 24px;width: 29.6578%\"><a href=\"https:\/\/tede.unicentro.br\/jspui\/handle\/jspui\/1401\" target=\"_blank\" rel=\"noopener\">[PDF]<\/a><\/td>\n<\/tr>\n<tr style=\"height: 24px\">\n<td style=\"text-align: center;height: 24px;width: 27.0154%\">Lucas Batista de Souza<\/td>\n<td style=\"text-align: center;height: 24px;width: 28.3705%\">A RELA\u00c7\u00c3O ENTRE A CAPACIDADE DE ABSOR\u00c7\u00c3O E INOVA\u00c7\u00c3O ABERTA: Um estudo de caso no setor tur\u00edstico do munic\u00edpio de Prudent\u00f3polis \u2013 PR<\/td>\n<td style=\"text-align: center;height: 24px;width: 18.422%\">Profa. Dra. Marlete Beatriz Ma\u00e7aneiro<\/td>\n<td style=\"text-align: center;height: 24px;width: 18.6117%\">02\/07\/2020<\/td>\n<td style=\"text-align: center;height: 24px;width: 29.6578%\"><a href=\"https:\/\/tede.unicentro.br\/jspui\/handle\/jspui\/1399\" target=\"_blank\" rel=\"noopener\">[PDF]<\/a><\/td>\n<\/tr>\n<tr style=\"height: 48px\">\n<td style=\"text-align: center;height: 48px;width: 27.0154%\">Tiago Lucchese<\/td>\n<td style=\"text-align: center;height: 48px;width: 28.3705%\">COMUNIDADE VIRTUAL DE PR\u00c1TICA COMO INSTRUMENTO DE GEST\u00c3O DE CONHECIMENTO PARA INOVA\u00c7\u00c3O NO SEGMENTO DE FRANQUIAS DE ENSINO<\/td>\n<td style=\"text-align: center;height: 48px;width: 18.422%\">Prof. Dr. Sandro Rautenberg \/ Profa. Dra. Zoraide F. Costa<\/td>\n<td style=\"text-align: center;height: 48px;width: 18.6117%\">24\/09\/2020<\/td>\n<td style=\"text-align: center;height: 48px;width: 29.6578%\"><a href=\"https:\/\/tede.unicentro.br\/jspui\/handle\/jspui\/1437\" target=\"_blank\" rel=\"noopener\">[PDF]<\/a><\/td>\n<\/tr>\n<tr style=\"height: 48px\">\n<td style=\"text-align: center;height: 48px;width: 27.0154%\">Deborah Stocco Machado Baldissera<\/td>\n<td style=\"text-align: center;height: 48px;width: 28.3705%\">INSTITUCIONALIZA\u00c7\u00c3O DE INOVA\u00c7\u00d5ES ORGANIZACIONAIS EM UMA EMPRESA DE SANEAMENTO<\/td>\n<td style=\"text-align: center;height: 48px;width: 18.422%\">Prof. Dr. Jo\u00e3o Francisco Morozini<\/td>\n<td style=\"text-align: center;height: 48px;width: 18.6117%\">21\/10\/2020<\/td>\n<td style=\"text-align: center;height: 48px;width: 29.6578%\"><a href=\"https:\/\/tede.unicentro.br\/jspui\/handle\/jspui\/1394\" target=\"_blank\" rel=\"noopener\">[PDF]<\/a><\/td>\n<\/tr>\n<\/tbody>\n<\/table>\n<p>[\/vc_column_text][\/vc_column_inner][\/vc_row_inner][\/vc_tta_section][vc_tta_section title=&#8221;2021&#8243; tab_id=&#8221;1632850876984-2b78248b-6a9e&#8221;][vc_row_inner][vc_column_inner][vc_column_text css=&#8221;&#8221;]<\/p>\n<table style=\"height: 910px;width: 99.8798%\">\n<tbody>\n<tr style=\"height: 24px\">\n<td style=\"height: 24px;width: 27.1465%;text-align: center\">AUTOR(A)<\/td>\n<td style=\"height: 24px;width: 28.3883%;text-align: center\">T\u00cdTULO<\/td>\n<td style=\"height: 24px;width: 18.3133%;text-align: center\">ORIENTADOR(A)<\/td>\n<td style=\"height: 24px;width: 18.7532%;text-align: center\">DATA DA DEFESA<\/td>\n<td style=\"height: 24px;width: 29.2667%;text-align: center\">DISSERTA\u00c7\u00c3O<\/td>\n<\/tr>\n<tr style=\"height: 24px\">\n<td style=\"height: 24px;width: 27.1465%;text-align: center\"><span style=\"color: #333333\">Rodrigo dos Santos<\/span><\/td>\n<td style=\"height: 24px;width: 28.3883%;text-align: center\"><span style=\"color: #333333\">P\u00d3S-EVENTO NAS CERIM\u00d4NIAS DE COLA\u00c7\u00c3O DE GRAU DO CAMPUS SANTA CRUZ DA UNICENTRO: CONTRIBUI\u00c7\u00d5ES NECESS\u00c1RIAS<\/span><\/td>\n<td style=\"width: 18.3133%;height: 24px;text-align: center\" align=\"justify\" height=\"18\"><span style=\"color: #333333\">Prof\u00aa. Dra. Juliane Sachser Angnes<\/span><\/td>\n<td style=\"height: 24px;width: 18.7532%;text-align: center\"><span style=\"color: #333333\">27\/04\/2021<\/span><\/td>\n<td style=\"height: 24px;width: 29.2667%;text-align: center\"><span style=\"color: #333333\"><a style=\"color: #333333\" href=\"https:\/\/tede.unicentro.br\/jspui\/handle\/jspui\/1694\" target=\"_blank\" rel=\"noopener\">[PDF]<\/a><\/span><\/td>\n<\/tr>\n<tr style=\"height: 24px\">\n<td style=\"width: 27.1465%;text-align: center;height: 24px\">Joceliane Antunes Araujo Camargo<\/td>\n<td style=\"width: 28.3883%;text-align: center;height: 24px\">INOVA\u00c7\u00d5ES EM SERVI\u00c7OS PRESTADOS POR INSTITUI\u00c7\u00d5ES DE ENSINO<br \/>\nSUPERIOR, FRENTE \u00c0S CONDI\u00c7\u00d5ES IMPOSTAS PELO COVID-19<\/td>\n<td style=\"width: 18.3133%;text-align: center;height: 24px\"><span style=\"color: #333333\"><span style=\"font-family: arial, helvetica, sans-serif;font-size: 10pt\">Prof. Dr. Marcos Roberto K\u00fchl<\/span><\/span><\/td>\n<td style=\"width: 18.7532%;text-align: center;height: 24px\"><span style=\"color: #333333\">20\/12\/2021<\/span><\/td>\n<td style=\"width: 29.2667%;text-align: center;height: 24px\"><span style=\"color: #333333\"><a style=\"color: #333333\" href=\"https:\/\/tede.unicentro.br\/jspui\/handle\/jspui\/1843\" target=\"_blank\" rel=\"noopener\">[PDF]<\/a><\/span><\/td>\n<\/tr>\n<tr style=\"height: 24px\">\n<td style=\"width: 27.1465%;text-align: center;height: 24px\"><span style=\"color: #333333\">Sergio Dias Cezar<\/span><\/td>\n<td style=\"width: 28.3883%;text-align: center;height: 24px\"><span style=\"color: #333333\">QUALIDADE DE VIDA NO TRABALHO E SEUS DESAFIOS : A PERCEP\u00c7\u00c3O DE ENFERMEIROS SOBRE A INFLU\u00caNCIA DA PANDEMIA NO AMBIENTE PROFISSIONAL<\/span><\/td>\n<td style=\"width: 18.3133%;text-align: center;height: 24px\"><span style=\"color: #333333\"><span style=\"font-family: arial, helvetica, sans-serif;font-size: 10pt\">Prof. Dr. S\u00edlvio Roberto Stefano<\/span><\/span><\/td>\n<td style=\"width: 18.7532%;text-align: center;height: 24px\"><span style=\"color: #333333\">15\/04\/2021<\/span><\/td>\n<td style=\"width: 29.2667%;text-align: center;height: 24px\"><span style=\"color: #333333\"><a style=\"color: #333333\" href=\"https:\/\/tede.unicentro.br\/jspui\/handle\/jspui\/2001\" target=\"_blank\" rel=\"noopener\">[PDF]<\/a><\/span><\/td>\n<\/tr>\n<tr style=\"height: 25px\">\n<td style=\"height: 25px;width: 27.1465%;text-align: center\"><span style=\"color: #333333\">Pedro Henrique Ferst de R\u00e9<\/span><\/td>\n<td style=\"height: 25px;width: 28.3883%;text-align: center\"><span style=\"color: #333333;font-family: arial, helvetica, sans-serif;font-size: 10pt\">MODELAGEM DE UM OBSERVAT\u00d3RIO DE INFORMA\u00c7\u00d5ES SOCIOECON\u00d4MICAS NO MUNIC\u00cdPIO DE GUARAPUAVA-PR \u2013 OCT&amp;IG<\/span><\/td>\n<td style=\"width: 18.3133%;height: 25px;text-align: center\" align=\"left\" height=\"18\"><span style=\"color: #333333;font-family: arial, helvetica, sans-serif;font-size: 10pt\">Prof\u00aa. Dra. Zoraide da Fonseca Costa<\/span><\/td>\n<td style=\"height: 25px;width: 18.7532%;text-align: center\"><span style=\"color: #333333;font-family: arial, helvetica, sans-serif;font-size: 10pt\">21\/05\/2021<\/span><\/td>\n<td style=\"height: 25px;width: 29.2667%;text-align: center\"><span style=\"color: #333333;font-family: arial, helvetica, sans-serif;font-size: 10pt\"><a style=\"color: #333333\" href=\"https:\/\/tede.unicentro.br\/jspui\/handle\/jspui\/1685\" target=\"_blank\" rel=\"noopener\">[PDF]<\/a><\/span><\/td>\n<\/tr>\n<tr style=\"height: 24px\">\n<td style=\"height: 24px;width: 27.1465%;text-align: center\"><span style=\"font-family: arial, helvetica, sans-serif;font-size: 10pt\">Daniela Elisabeth Milling<\/span><\/td>\n<td style=\"height: 24px;width: 28.3883%;text-align: center\"><span style=\"font-family: arial, helvetica, sans-serif;font-size: 10pt\">COOPERA\u00c7\u00c3O INTERORGANIZACIONAL NO ROTEIRO TUR\u00cdSTICO CAMINHO DE S\u00c3O FRANCISCO DA ESPERAN\u00c7A<\/span><\/td>\n<td style=\"width: 18.3133%;height: 24px;text-align: center\" align=\"justify\" height=\"17\"><span style=\"font-family: arial, helvetica, sans-serif;font-size: 10pt\">Prof. Dr. Marcos de Castro<\/span><\/td>\n<td style=\"height: 24px;width: 18.7532%;text-align: center\"><span style=\"font-family: arial, helvetica, sans-serif;font-size: 10pt\">23\/06\/2021<\/span><\/td>\n<td style=\"height: 24px;width: 29.2667%;text-align: center\"><span style=\"font-family: arial, helvetica, sans-serif;font-size: 10pt\"><a href=\"https:\/\/tede.unicentro.br\/jspui\/handle\/jspui\/1736\" target=\"_blank\" rel=\"noopener\">[PDF]<\/a><\/span><\/td>\n<\/tr>\n<tr style=\"height: 24px\">\n<td style=\"height: 24px;width: 27.1465%;text-align: center\"><span style=\"font-family: arial, helvetica, sans-serif;font-size: 10pt\">Cleverson Bayer Moreira<\/span><\/td>\n<td style=\"height: 24px;width: 28.3883%;text-align: center\"><span style=\"font-family: arial, helvetica, sans-serif;font-size: 10pt\">PROCESSO DE INSTITUICIONALIZA\u00c7\u00c3O: UM ESTUDO DA LEI GERAL DA MICRO E PEQUENA EMPRESA<\/span><\/td>\n<td style=\"width: 18.3133%;height: 24px;text-align: center\" align=\"justify\" height=\"17\"><span style=\"font-family: arial, helvetica, sans-serif;font-size: 10pt\">Prof\u00aa Dra. Juliane Sachser Angnes<\/span><\/td>\n<td style=\"height: 24px;width: 18.7532%;text-align: center\"><span style=\"font-family: arial, helvetica, sans-serif;font-size: 10pt\">25\/06\/2021<\/span><\/td>\n<td style=\"height: 24px;width: 29.2667%;text-align: center\"><span style=\"color: #333333;font-family: arial, helvetica, sans-serif;font-size: 10pt\"><a style=\"color: #333333\" href=\"https:\/\/tede.unicentro.br\/jspui\/handle\/jspui\/1769\" target=\"_blank\" rel=\"noopener\">[PDF]<\/a><\/span><\/td>\n<\/tr>\n<tr style=\"height: 68px\">\n<td style=\"width: 27.1465%;height: 68px;text-align: center\" align=\"center\" valign=\"middle\" height=\"68\"><span style=\"font-family: arial, helvetica, sans-serif;font-size: 10pt\">Marcelo Fernando Viante<\/span><\/td>\n<td style=\"height: 68px;width: 28.3883%;text-align: center\"><span style=\"font-family: arial, helvetica, sans-serif;font-size: 10pt\">CIDADES SUSTENT\u00c1VEIS: UM ESTUDO SOBRE A CIDADE DE GUARAPUAVA-PR<\/span><\/td>\n<td style=\"height: 68px;width: 18.3133%;text-align: center\"><span style=\"font-family: arial, helvetica, sans-serif;font-size: 10pt\">Prof. Dr. S\u00edlvio Roberto Stefano<\/span><\/td>\n<td style=\"height: 68px;width: 18.7532%;text-align: center\"><span style=\"font-family: arial, helvetica, sans-serif;font-size: 10pt\">30\/06\/2021<\/span><\/td>\n<td style=\"height: 68px;width: 29.2667%;text-align: center\"><span style=\"font-family: arial, helvetica, sans-serif;font-size: 10pt\"><a href=\"https:\/\/tede.unicentro.br\/jspui\/handle\/jspui\/1723\" target=\"_blank\" rel=\"noopener\"><span style=\"color: #333333\">[PDF]<\/span><\/a><\/span><\/td>\n<\/tr>\n<tr style=\"height: 24px\">\n<td style=\"height: 24px;width: 27.1465%;text-align: center\"><span style=\"color: #333333;font-family: arial, helvetica, sans-serif;font-size: 10pt\">Genival Jardel Trajano Teixeira<\/span><\/td>\n<td style=\"height: 24px;width: 28.3883%;text-align: center\"><span style=\"color: #333333;font-family: arial, helvetica, sans-serif;font-size: 10pt\">ISOMORFISMO INSTITUCIONAL E INTERNACIONALIZA\u00c7\u00c3O: UM ESTUDO NA UNIVERSIDADE ESTADUAL DO CENTRO-OESTE<\/span><\/td>\n<td style=\"width: 18.3133%;height: 24px;text-align: center\" align=\"justify\" height=\"17\"><span style=\"color: #333333;font-family: arial, helvetica, sans-serif;font-size: 10pt\">Prof\u00aa. Dra. Juliane Sachser Angnes<\/span><\/td>\n<td style=\"height: 24px;width: 18.7532%;text-align: center\"><span style=\"color: #333333;font-family: arial, helvetica, sans-serif;font-size: 10pt\">12\/07\/2021<\/span><\/td>\n<td style=\"height: 24px;width: 29.2667%;text-align: center\"><span style=\"color: #333333;font-family: arial, helvetica, sans-serif;font-size: 10pt\"><a style=\"color: #333333\" href=\"https:\/\/tede.unicentro.br\/jspui\/handle\/jspui\/1693\" target=\"_blank\" rel=\"noopener\">[PDF]<\/a><\/span><\/td>\n<\/tr>\n<tr style=\"height: 24px\">\n<td style=\"height: 24px;width: 27.1465%;text-align: center\"><span style=\"color: #333333;font-family: arial, helvetica, sans-serif;font-size: 10pt\">Simone de Lara<\/span><\/td>\n<td style=\"height: 24px;width: 28.3883%;text-align: center\"><span style=\"font-family: arial, helvetica, sans-serif;font-size: 10pt\">POL\u00cdTICAS P\u00daBLICAS PARA MULHERES: UM ESTUDO DE CASO NA CIDADE DE GUARAPUAVA &#8211; PR<\/span><\/td>\n<td style=\"width: 18.3133%;height: 24px;text-align: center\" align=\"justify\" height=\"17\"><span style=\"color: #333333;font-family: arial, helvetica, sans-serif;font-size: 10pt\">Prof\u00aa. Dra. Juliane Sachser Angnes<\/span><\/td>\n<td style=\"height: 24px;width: 18.7532%;text-align: center\"><span style=\"color: #333333;font-family: arial, helvetica, sans-serif;font-size: 10pt\">14\/07\/2021<\/span><\/td>\n<td style=\"height: 24px;width: 29.2667%;text-align: center\"><span style=\"color: #333333;font-family: arial, helvetica, sans-serif;font-size: 10pt\"><a style=\"color: #333333\" href=\"https:\/\/tede.unicentro.br\/jspui\/handle\/jspui\/1713\" target=\"_blank\" rel=\"noopener\">[PDF]<\/a><\/span><\/td>\n<\/tr>\n<tr style=\"height: 24px\">\n<td style=\"height: 24px;width: 27.1465%;text-align: center\"><span style=\"font-family: arial, helvetica, sans-serif;font-size: 10pt\">Aline Moreira<\/span><\/td>\n<td style=\"height: 24px;width: 28.3883%;text-align: center\"><span style=\"font-family: arial, helvetica, sans-serif;font-size: 10pt\">REDES SOCIAIS DIGITAIS COMO ELEMENTO DE INOVA\u00c7\u00c3O PARA A COMERCIALIZA\u00c7\u00c3O DE PRODUTOS NA \u00c1REA COSM\u00c9TICA<\/span><\/td>\n<td style=\"height: 24px;width: 18.3133%;text-align: center\"><span style=\"font-family: arial, helvetica, sans-serif;font-size: 10pt\">Prof\u00aa. Dra. Marlete Beatriz Ma\u00e7aneiro<\/span><\/td>\n<td style=\"height: 24px;width: 18.7532%;text-align: center\"><span style=\"font-family: arial, helvetica, sans-serif;font-size: 10pt\">15\/07\/2021<\/span><\/td>\n<td style=\"height: 24px;width: 29.2667%;text-align: center\"><span style=\"font-family: arial, helvetica, sans-serif;font-size: 10pt\"><a href=\"https:\/\/tede.unicentro.br\/jspui\/handle\/jspui\/1697\" target=\"_blank\" rel=\"noopener\"><span style=\"color: #333333\">[PDF]<\/span><\/a><\/span><\/td>\n<\/tr>\n<tr style=\"height: 24px\">\n<td style=\"height: 24px;width: 27.1465%;text-align: center\"><span style=\"font-family: arial, helvetica, sans-serif;font-size: 10pt\">Larice Carolina Toledo<\/span><\/td>\n<td style=\"height: 24px;width: 28.3883%;text-align: center\"><span style=\"font-family: arial, helvetica, sans-serif;font-size: 10pt\">QUALIDADE DE VIDA NO TRABALHO: PERCEP\u00c7\u00c3O DE SERVIDORES P\u00daBLICOS MUNICIPAIS COM DEFICI\u00caNCIA<\/span><\/td>\n<td style=\"height: 24px;width: 18.3133%;text-align: center\"><span style=\"font-family: arial, helvetica, sans-serif;font-size: 10pt\">Prof\u00aa. Dra. Sandra Mara de Andrade<\/span><\/td>\n<td style=\"height: 24px;width: 18.7532%;text-align: center\"><span style=\"font-family: arial, helvetica, sans-serif;font-size: 10pt\">13\/08\/2021<\/span><\/td>\n<td style=\"height: 24px;width: 29.2667%;text-align: center\"><span style=\"color: #333333;font-family: arial, helvetica, sans-serif;font-size: 10pt\">[<a href=\"https:\/\/tede.unicentro.br\/jspui\/handle\/jspui\/1722\" target=\"_blank\" rel=\"noopener\">PDF<\/a>]<\/span><\/td>\n<\/tr>\n<tr style=\"height: 24px\">\n<td style=\"height: 24px;width: 27.1465%;text-align: center\"><span style=\"font-family: arial, helvetica, sans-serif;font-size: 10pt\">Fernanda Alves Ferreira<\/span><\/td>\n<td style=\"height: 24px;width: 28.3883%;text-align: center\"><span style=\"font-family: arial, helvetica, sans-serif;font-size: 10pt\">OS SERVI\u00c7OS INTERNET BANKING E A SUA UTILIDADE NO RELACIONAMENTO ENTRE CLIENTES E INSTITU\u00c7\u00c3O FINANCEIRA<\/span><\/td>\n<td style=\"width: 18.3133%;height: 24px;text-align: center\" align=\"justify\" height=\"17\"><span style=\"font-family: arial, helvetica, sans-serif;font-size: 10pt\">Prof\u00aa. Dra. Zoraide da Fonseca Costa<\/span><\/td>\n<td style=\"height: 24px;width: 18.7532%;text-align: center\"><span style=\"font-family: arial, helvetica, sans-serif;font-size: 10pt\">16\/08\/2021<\/span><\/td>\n<td style=\"height: 24px;width: 29.2667%;text-align: center\"><span style=\"font-family: arial, helvetica, sans-serif;font-size: 10pt\"><a href=\"https:\/\/tede.unicentro.br\/jspui\/handle\/jspui\/1833\" target=\"_blank\" rel=\"noopener\">[PDF]<\/a><\/span><\/td>\n<\/tr>\n<tr style=\"height: 48px\">\n<td style=\"height: 49px;width: 27.1465%;text-align: center\"><span style=\"font-family: arial, helvetica, sans-serif;font-size: 10pt\">Cibele Mantovanni<\/span><\/td>\n<td style=\"height: 49px;width: 28.3883%;text-align: center\"><span style=\"font-family: arial, helvetica, sans-serif;font-size: 10pt\">INTERA\u00c7\u00c3O UNIVERSIDADE-EMPRESA: UM ESTUDO DO ECOSSISTEMA DA MICRORREGI\u00c3O DE CAMPO MOUR\u00c3O<\/span><\/td>\n<td style=\"height: 49px;width: 18.3133%;text-align: center\"><span style=\"font-family: arial, helvetica, sans-serif;font-size: 10pt\">Prof. Dr. Marcos Roberto K\u00fchl<\/span><\/td>\n<td style=\"height: 49px;width: 18.7532%;text-align: center\"><span style=\"font-family: arial, helvetica, sans-serif;font-size: 10pt\">22\/09\/2021<\/span><\/td>\n<td style=\"height: 49px;width: 29.2667%;text-align: center\"><span style=\"font-family: arial, helvetica, sans-serif;font-size: 10pt\"><a href=\"https:\/\/tede.unicentro.br\/jspui\/handle\/jspui\/1770\" target=\"_blank\" rel=\"noopener\"><span style=\"color: #333333\">[PDF]<\/span><\/a><\/span><\/td>\n<\/tr>\n<tr style=\"height: 96px\">\n<td style=\"width: 27.1465%;text-align: center;height: 96px\"><span style=\"font-family: arial, helvetica, sans-serif;font-size: 10pt\">Elizandra Petriu Gasparelo<\/span><\/td>\n<td style=\"width: 28.3883%;text-align: center;height: 96px\"><span style=\"font-family: arial, helvetica, sans-serif;font-size: 10pt\">MUDAN\u00c7AS NO SISTEMA CRESOL: RESPOSTAS ESTRAT\u00c9GICAS E STAKEHOLDERS<\/span><\/td>\n<td style=\"width: 18.3133%;text-align: center;height: 96px\"><span style=\"font-family: arial, helvetica, sans-serif;font-size: 10pt\">Prof. Dr. Luciano Ferreira de Lima<\/span><\/td>\n<td style=\"width: 18.7532%;text-align: center;height: 96px\"><span style=\"font-family: arial, helvetica, sans-serif;font-size: 10pt\">29\/10\/2021<\/span><\/td>\n<td style=\"width: 29.2667%;text-align: center;height: 96px\"><span style=\"font-family: arial, helvetica, sans-serif;font-size: 10pt\"><a href=\"https:\/\/tede.unicentro.br\/jspui\/handle\/jspui\/1826\" target=\"_blank\" rel=\"noopener\"><span style=\"color: #333333\">[PDF]<\/span><\/a><\/span><\/td>\n<\/tr>\n<tr style=\"height: 192px\">\n<td style=\"width: 27.1465%;text-align: center;height: 192px\"><span style=\"font-family: arial, helvetica, sans-serif;font-size: 10pt\">Roberto Carlos dos Santos<\/span><\/td>\n<td style=\"width: 28.3883%;text-align: center;height: 192px\"><span style=\"font-family: arial, helvetica, sans-serif;font-size: 10pt\">ADO\u00c7\u00c3O DAS FERRAMENTAS DE LEAN MANUFACTURING: UM ESTUDO DE CASO NA REDU\u00c7\u00c3O DE RETRABALHOS E PERDAS EM UMA EMPRESA PAPELEIRA<\/span><\/td>\n<td style=\"width: 18.3133%;text-align: center;height: 192px\"><span style=\"font-family: arial, helvetica, sans-serif;font-size: 10pt\">Prof. Dr. Sandro Rautenberg<\/span><\/td>\n<td style=\"width: 18.7532%;text-align: center;height: 192px\"><span style=\"font-family: arial, helvetica, sans-serif;font-size: 10pt\">08\/11\/2021<\/span><\/td>\n<td style=\"width: 29.2667%;text-align: center;height: 192px\"><span style=\"font-family: arial, helvetica, sans-serif;font-size: 10pt\"><a href=\"https:\/\/tede.unicentro.br\/jspui\/handle\/jspui\/1875\" target=\"_blank\" rel=\"noopener\"><span style=\"color: #333333\">[PDF]<\/span><\/a><\/span><\/td>\n<\/tr>\n<tr style=\"height: 216px\">\n<td style=\"width: 27.1465%;text-align: center;height: 216px\"><span style=\"font-family: arial, helvetica, sans-serif;font-size: 10pt\">Dinnia Eyleen Torres De Oliveira<\/span><\/td>\n<td style=\"width: 28.3883%;text-align: center;height: 216px\"><span style=\"font-family: arial, helvetica, sans-serif;font-size: 10pt\">A EDUCA\u00c7\u00c3O E O DESENVOLVIMENTO: UMA AN\u00c1LISE DA EDUCA\u00c7\u00c3O B\u00c1SICA NA CIDADE DE TEL\u00caMACO BORBA-PR SOB A PERSPECTIVA DO DESENVOLVIMENTO DAS LIBERDADES<\/span><\/td>\n<td style=\"width: 18.3133%;text-align: center;height: 216px\"><span style=\"font-family: arial, helvetica, sans-serif;font-size: 10pt\">Prof. Dr. Sandro Rautenberg<\/span><\/td>\n<td style=\"width: 18.7532%;text-align: center;height: 216px\"><span style=\"font-family: arial, helvetica, sans-serif;font-size: 10pt\">11\/11\/2021<\/span><\/td>\n<td style=\"width: 29.2667%;text-align: center;height: 216px\"><span style=\"font-family: arial, helvetica, sans-serif;font-size: 10pt\"><a href=\"https:\/\/tede.unicentro.br\/jspui\/handle\/jspui\/1830\" target=\"_blank\" rel=\"noopener\"><span style=\"color: #333333\">[PDF]<\/span><\/a><\/span><\/td>\n<\/tr>\n<\/tbody>\n<\/table>\n<p>[\/vc_column_text][\/vc_column_inner][\/vc_row_inner][\/vc_tta_section][vc_tta_section title=&#8221;2022&#8243; tab_id=&#8221;1652894080679-d4f72bd8-8369&#8243;][vc_column_text css=&#8221;&#8221;]<\/p>\n<table style=\"height: 358px;width: 99.8798%\">\n<tbody>\n<tr style=\"height: 24px\">\n<td style=\"height: 24px;width: 27.1465%;text-align: center\"><span style=\"color: #333333;font-family: arial, helvetica, sans-serif;font-size: 10pt\">AUTOR(A)<\/span><\/td>\n<td style=\"height: 24px;width: 28.2846%;text-align: center\"><span style=\"color: #333333;font-family: arial, helvetica, sans-serif;font-size: 10pt\">T\u00cdTULO<\/span><\/td>\n<td style=\"height: 24px;width: 18.8175%;text-align: center\"><span style=\"color: #333333;font-family: arial, helvetica, sans-serif;font-size: 10pt\">ORIENTADOR(A)<\/span><\/td>\n<td style=\"height: 24px;width: 18.3526%;text-align: center\"><span style=\"color: #333333;font-family: arial, helvetica, sans-serif;font-size: 10pt\">DATA DA DEFESA<\/span><\/td>\n<td style=\"height: 24px;width: 29.2667%;text-align: center\"><span style=\"color: #333333;font-family: arial, helvetica, sans-serif;font-size: 10pt\">DISSERTA\u00c7\u00c3O<\/span><\/td>\n<\/tr>\n<tr style=\"height: 24px\">\n<td style=\"height: 24px;width: 27.1465%;text-align: center\"><span style=\"color: #333333;font-family: arial, helvetica, sans-serif;font-size: 10pt\">Jucilene Nazar\u00e9<\/span><\/td>\n<td style=\"height: 24px;width: 28.2846%;text-align: center\"><span style=\"color: #333333;font-family: arial, helvetica, sans-serif;font-size: 10pt\">IMPLANTA\u00c7\u00c3O DE TELEMETRIA VEICULAR PARA GEST\u00c3O NO REGISTRO E CONTROLE DE JORNADA DE\u00a0 TRABALHO DE MOTORISTAS PROFISSIONAIS<\/span><\/td>\n<td style=\"width: 18.8175%;height: 24px;text-align: center\" align=\"justify\" height=\"18\"><span style=\"color: #333333;font-family: arial, helvetica, sans-serif;font-size: 10pt\">Prof. Dr. Jo\u00e3o Francisco Morozini<\/span><\/td>\n<td style=\"height: 24px;width: 18.3526%;text-align: center\"><span style=\"color: #333333;font-family: arial, helvetica, sans-serif;font-size: 10pt\">24\/03\/2022<\/span><\/td>\n<td style=\"height: 24px;width: 29.2667%;text-align: center\"><span style=\"color: #333333;font-family: arial, helvetica, sans-serif;font-size: 10pt\">[<a style=\"color: #333333\" href=\"https:\/\/tede.unicentro.br\/jspui\/handle\/jspui\/1908\" target=\"_blank\" rel=\"noopener\">PDF<\/a>]<\/span><\/td>\n<\/tr>\n<tr style=\"height: 25px\">\n<td style=\"height: 25px;width: 27.1465%;text-align: center\"><span style=\"color: #333333;font-family: arial, helvetica, sans-serif;font-size: 10pt\">Jaquiline Mirian Alves Carvalho<\/span><\/td>\n<td style=\"height: 25px;width: 28.2846%;text-align: center\"><span style=\"color: #333333;font-family: arial, helvetica, sans-serif;font-size: 10pt\">A IMPORT\u00c2NCIA DO INSTITUTO FEDERAL DE EDUCA\u00c7\u00c3O, CI\u00caNCIA E TECNOLOGIA DO PARAN\u00c1 (IFPR) &#8211; CAMPUS IVAIPOR\u00c3 NA FORMA\u00c7\u00c3O DO CAPITAL HUMANO PARA O DESENVOLVIMENTO LOCAL E REGIONAL<\/span><\/td>\n<td style=\"width: 18.8175%;height: 25px;text-align: center\" align=\"left\" height=\"18\"><span style=\"color: #333333;font-family: arial, helvetica, sans-serif;font-size: 10pt\">Prof. Dr. Luiz Fernando Lara<\/span><\/td>\n<td style=\"height: 25px;width: 18.3526%;text-align: center\"><span style=\"color: #333333;font-family: arial, helvetica, sans-serif;font-size: 10pt\">03\/05\/2022<\/span><\/td>\n<td style=\"height: 25px;width: 29.2667%;text-align: center\"><span style=\"color: #333333;font-family: arial, helvetica, sans-serif;font-size: 10pt\">[<a style=\"color: #333333\" href=\"https:\/\/tede.unicentro.br\/jspui\/handle\/jspui\/1926\" target=\"_blank\" rel=\"noopener\">PDF<\/a>]<\/span><\/td>\n<\/tr>\n<tr style=\"height: 24px\">\n<td style=\"height: 24px;width: 27.1465%;text-align: center\"><span style=\"color: #333333;font-family: arial, helvetica, sans-serif;font-size: 10pt\">Lucil\u00e9ia Galdino Moreno<\/span><\/td>\n<td style=\"height: 24px;width: 28.2846%;text-align: center\"><span style=\"color: #333333;font-family: arial, helvetica, sans-serif;font-size: 10pt\">GEST\u00c3O DA INOVA\u00c7\u00c3O EM SERVI\u00c7OS DE EST\u00c9TICA E EMAGRECIMENTO: ESTUDO DE UMA EMPRESA NO MUNIC\u00cdPIO DE GUARAPUAVA-PR<\/span><\/td>\n<td style=\"width: 18.8175%;height: 24px;text-align: center\" align=\"justify\" height=\"17\"><span style=\"color: #333333;font-family: arial, helvetica, sans-serif;font-size: 10pt\">Prof.\u00aa Dra. Zoraide da Fonseca Costa<\/span><\/td>\n<td style=\"height: 24px;width: 18.3526%;text-align: center\"><span style=\"color: #333333;font-family: arial, helvetica, sans-serif;font-size: 10pt\">27\/06\/2022<\/span><\/td>\n<td style=\"height: 24px;width: 29.2667%;text-align: center\"><span style=\"color: #333333;font-family: arial, helvetica, sans-serif;font-size: 10pt\">[<a style=\"color: #333333\" href=\"https:\/\/tede.unicentro.br\/jspui\/handle\/jspui\/1947\" target=\"_blank\" rel=\"noopener\">PDF<\/a>]<\/span><\/td>\n<\/tr>\n<tr style=\"height: 24px\">\n<td style=\"height: 24px;width: 27.1465%;text-align: center\"><span style=\"font-family: arial, helvetica, sans-serif;font-size: 10pt;color: #333333\">Erika Regina Tomen das Neves<\/span><\/td>\n<td style=\"height: 24px;width: 28.2846%;text-align: center\"><span style=\"font-family: arial, helvetica, sans-serif;font-size: 10pt;color: #333333\">AN\u00c1LISE DO RELAT\u00d3RIO DE SUSTENTABILIDADE DA COOPERATIVA DE CR\u00c9DITO SICREDI, COM \u00caNFASE NAS PR\u00c1TICAS SUSTENT\u00c1VEIS DA REGIONAL PLANALTO DAS \u00c1GUAS- PR\/SP<\/span><\/td>\n<td style=\"width: 18.8175%;height: 24px;text-align: center\" align=\"justify\" height=\"17\"><span style=\"font-family: arial, helvetica, sans-serif;font-size: 10pt;color: #333333\">Prof. Dr. Marcos Roberto Kuhl<\/span><\/td>\n<td style=\"height: 24px;width: 18.3526%;text-align: center\"><span style=\"font-family: arial, helvetica, sans-serif;font-size: 10pt;color: #333333\">14\/07\/2022<\/span><\/td>\n<td style=\"height: 24px;width: 29.2667%;text-align: center\"><span style=\"color: #333333;font-family: arial, helvetica, sans-serif;font-size: 10pt\">[<a style=\"color: #333333\" href=\"https:\/\/tede.unicentro.br\/jspui\/handle\/jspui\/1949\" target=\"_blank\" rel=\"noopener\">PDF<\/a>]<\/span><\/td>\n<\/tr>\n<tr style=\"height: 68px\">\n<td style=\"width: 27.1465%;height: 68px;text-align: center\" align=\"center\" valign=\"middle\" height=\"68\"><span style=\"font-family: arial, helvetica, sans-serif;font-size: 10pt;color: #333333\">Andr\u00e9 Felipe Martins Xavier<\/span><\/td>\n<td style=\"height: 68px;width: 28.2846%;text-align: center\">\n<p align=\"center\"><span style=\"font-family: arial, helvetica, sans-serif;font-size: 10pt;color: #333333\">PROPOSTA DE MODELO DE DIAGN\u00d3STICO DE EST\u00c1GIO DE MATURIDADE APLICADO NAS STARTUPS SITUADAS NA INCUBADORA TECNOL\u00d3GICA DE GUARAPUAVA (INTEG)<\/span><\/p>\n<\/td>\n<td style=\"height: 68px;width: 18.8175%;text-align: center\"><span style=\"color: #333333;font-family: arial, helvetica, sans-serif;font-size: 10pt\">Prof.\u00aa Dra. Zoraide da Fonseca Costa<\/span><\/td>\n<td style=\"height: 68px;width: 18.3526%;text-align: center\"><span style=\"font-family: arial, helvetica, sans-serif;font-size: 10pt;color: #333333\">22\/08\/2022<\/span><\/td>\n<td style=\"height: 68px;width: 29.2667%;text-align: center\"><span style=\"color: #333333;font-family: arial, helvetica, sans-serif;font-size: 10pt\">[<a style=\"color: #333333\" href=\"https:\/\/tede.unicentro.br\/jspui\/handle\/jspui\/2014\" target=\"_blank\" rel=\"noopener\">PDF<\/a>]<\/span><\/td>\n<\/tr>\n<tr style=\"height: 24px\">\n<td style=\"height: 24px;width: 27.1465%;text-align: center\"><span style=\"font-family: arial, helvetica, sans-serif;font-size: 10pt;color: #333333\">Andrei Marcel Muraro<\/span><\/td>\n<td style=\"height: 24px;width: 28.2846%;text-align: center\">\n<p align=\"center\"><span style=\"font-family: arial, helvetica, sans-serif;font-size: 10pt;color: #333333\">ESTRAT\u00c9GIAS DE LONGO PRAZO PARA PROMO\u00c7\u00c3O DO EQUIL\u00cdBRIO FINANCEIRO E ATUARIAL DE REGIMES PR\u00d3PRIOS DE PREVID\u00caNCIA SOCIAL<\/span><\/p>\n<\/td>\n<td style=\"width: 18.8175%;height: 24px;text-align: center\" align=\"justify\" height=\"17\"><span style=\"font-family: arial, helvetica, sans-serif;font-size: 10pt;color: #333333\">Prof. Dr. L\u00e9o Raifur<\/span><\/td>\n<td style=\"height: 24px;width: 18.3526%;text-align: center\"><span style=\"font-family: arial, helvetica, sans-serif;font-size: 10pt;color: #333333\">26\/09\/2022<\/span><\/td>\n<td style=\"height: 24px;width: 29.2667%;text-align: center\"><span style=\"color: #333333;font-family: arial, helvetica, sans-serif;font-size: 10pt\">[<a style=\"color: #333333\" href=\"https:\/\/tede.unicentro.br\/jspui\/handle\/jspui\/1996\" target=\"_blank\" rel=\"noopener\">PDF<\/a>]<\/span><\/td>\n<\/tr>\n<tr>\n<td style=\"width: 27.1465%;text-align: center\"><span style=\"font-family: arial, helvetica, sans-serif;font-size: 10pt;color: #333333\">Aldo Siatkowski<\/span><\/td>\n<td style=\"width: 28.2846%;text-align: center\">\n<p align=\"center\"><span style=\"font-family: arial, helvetica, sans-serif;font-size: 10pt;color: #333333\">RESPOSTAS ESTRAT\u00c9GICAS NA GEST\u00c3O DE RISCOS NA AGRICULTURA: UM ESTUDO NO N\u00daCLEO REGIONAL DE PRODU\u00c7\u00c3O DE SOJA DE IRATI<\/span><\/p>\n<\/td>\n<td style=\"width: 18.8175%;text-align: center\"><span style=\"font-family: arial, helvetica, sans-serif;font-size: 10pt;color: #333333\">Prof Dr. Marcos de Castro<\/span><\/td>\n<td style=\"width: 18.3526%;text-align: center\"><span style=\"font-family: arial, helvetica, sans-serif;font-size: 10pt;color: #333333\">20\/10\/2022<\/span><\/td>\n<td style=\"width: 29.2667%;text-align: center\"><span style=\"color: #333333;font-family: arial, helvetica, sans-serif;font-size: 10pt\">[<a href=\"https:\/\/tede.unicentro.br\/jspui\/handle\/jspui\/1987\" target=\"_blank\" rel=\"noopener\">PDF<\/a>]<\/span><\/td>\n<\/tr>\n<tr>\n<td style=\"width: 27.1465%;text-align: center\"><span style=\"font-family: arial, helvetica, sans-serif;font-size: 10pt;color: #333333\">Jeisiane Andresa Penteado<\/span><\/td>\n<td style=\"width: 28.2846%;text-align: center\">\n<p align=\"center\"><span style=\"font-family: arial, helvetica, sans-serif;font-size: 10pt;color: #333333\">OS OBJETIVOS DO DESENVOLVIMENTO SUSTENT\u00c1VEL &#8211; UM ESTUDO DE CASO NA EMPRESA FM PNEUS LTDA. \u00c0 LUZ DA TEORIA DOS STAKEHOLDERS<\/span><\/p>\n<\/td>\n<td style=\"width: 18.8175%;text-align: center\"><span style=\"font-family: arial, helvetica, sans-serif;font-size: 10pt;color: #333333\">Prof. Dr. Silvio Roberto Stefani<\/span><\/td>\n<td style=\"width: 18.3526%;text-align: center\"><span style=\"font-family: arial, helvetica, sans-serif;font-size: 10pt;color: #333333\">20\/10\/2022<\/span><\/td>\n<td style=\"width: 29.2667%;text-align: center\"><span style=\"color: #333333;font-family: arial, helvetica, sans-serif;font-size: 10pt\">[<a href=\"https:\/\/tede.unicentro.br\/jspui\/handle\/jspui\/1997\" target=\"_blank\" rel=\"noopener\">PDF<\/a>]<\/span><\/td>\n<\/tr>\n<tr>\n<td style=\"width: 27.1465%;text-align: center\"><span style=\"font-family: arial, helvetica, sans-serif;font-size: 10pt;color: #333333\">Franciele Zenzelhuk<\/span><\/td>\n<td style=\"width: 28.2846%;text-align: center\">\n<p align=\"center\"><span style=\"font-family: arial, helvetica, sans-serif;font-size: 10pt;color: #333333\">OS IMPACTOS DA PANDEMIA DA COVID-19 NAS ESTRAT\u00c9GIAS DE MARKETING DE VAREJO DE MICROS E PEQUENAS EMPRESAS DO SETOR DE ALIMENTA\u00c7\u00c3O DO MUNIC\u00cdPIO DE GUARAPUAVA<\/span><\/p>\n<\/td>\n<td style=\"width: 18.8175%;text-align: center\"><span style=\"font-family: arial, helvetica, sans-serif;font-size: 10pt;color: #333333\">Prof. Dr. Luiz Fernando Lara<\/span><\/td>\n<td style=\"width: 18.3526%;text-align: center\"><span style=\"font-family: arial, helvetica, sans-serif;font-size: 10pt;color: #333333\">28\/10\/2022<\/span><\/td>\n<td style=\"width: 29.2667%;text-align: center\"><span style=\"color: #333333;font-family: arial, helvetica, sans-serif;font-size: 10pt\">[<a href=\"https:\/\/tede.unicentro.br\/jspui\/handle\/jspui\/2012\" target=\"_blank\" rel=\"noopener\">PDF<\/a>]<\/span><\/td>\n<\/tr>\n<tr>\n<td style=\"width: 27.1465%;text-align: center\"><span style=\"font-family: arial, helvetica, sans-serif;font-size: 10pt;color: #333333\">Patr\u00edcia Souza dos Santos Latchuk<\/span><\/td>\n<td style=\"width: 28.2846%;text-align: center\">\n<p align=\"center\"><span style=\"font-family: arial, helvetica, sans-serif;font-size: 10pt;color: #333333\">APOIO ESTUDANTIL NA PR\u00c1TICA &#8211; ROTINA ORGANIZACIONAL E DESAFIOS DO COTIDIANO<\/span><\/p>\n<\/td>\n<td style=\"width: 18.8175%;text-align: center\"><span style=\"font-family: arial, helvetica, sans-serif;font-size: 10pt;color: #333333\">Prof.\u00aa Dra. Sandra Mara de Andrade<\/span><\/td>\n<td style=\"width: 18.3526%;text-align: center\"><span style=\"font-family: arial, helvetica, sans-serif;font-size: 10pt;color: #333333\">03\/11\/2022<\/span><\/td>\n<td style=\"width: 29.2667%;text-align: center\"><span style=\"color: #333333;font-family: arial, helvetica, sans-serif;font-size: 10pt\">[<a style=\"color: #333333\" href=\"https:\/\/tede.unicentro.br\/jspui\/handle\/jspui\/2030\" target=\"_blank\" rel=\"noopener\">PDF<\/a>]<\/span><\/td>\n<\/tr>\n<tr>\n<td style=\"width: 27.1465%;text-align: center\"><span style=\"font-family: arial, helvetica, sans-serif;font-size: 10pt;color: #333333\">Adriane Luci Ferreira Rovea<\/span><\/td>\n<td class=\"metadataFieldValue\" style=\"width: 28.2846%\">INTRAEMPREENDEDORISMO E CULTURA DA INOVA\u00c7\u00c3O: UMA RELA\u00c7\u00c3O DE INTERDEPEND\u00caNCIA<\/td>\n<td style=\"width: 18.8175%;text-align: center\"><span style=\"font-family: arial, helvetica, sans-serif;font-size: 10pt;color: #333333\">Prof. Dr. Jo\u00e3o Francisco Morozini<\/span><\/td>\n<td style=\"width: 18.3526%;text-align: center\"><span style=\"font-family: arial, helvetica, sans-serif;font-size: 10pt;color: #333333\">04\/11\/2022<\/span><\/td>\n<td style=\"width: 29.2667%;text-align: center\"><span style=\"color: #333333;font-family: arial, helvetica, sans-serif;font-size: 10pt\">[<a style=\"color: #333333\" href=\"https:\/\/tede.unicentro.br\/jspui\/handle\/jspui\/2037\" target=\"_blank\" rel=\"noopener\">PDF<\/a>]<\/span><\/td>\n<\/tr>\n<tr style=\"height: 24px\">\n<td style=\"height: 24px;width: 27.1465%;text-align: center\"><span style=\"font-family: arial, helvetica, sans-serif;font-size: 10pt;color: #333333\">Sandra Cardoso<\/span><\/td>\n<td id=\"label.dc.title.alternative\" class=\"metadataFieldLabel\" style=\"width: 28.2846%\">UM ESTUDO DOS ASPECTOS DA CAPACIDADE DE ADAPTA\u00c7\u00c3O EM UM<br \/>\nGRUPO EMPRESARIAL COM A IMPLANTA\u00c7\u00c3O DA CENTRAL DE SERVI\u00c7OS<br \/>\nCOMPARTILHADOS<\/td>\n<td style=\"width: 18.8175%;height: 24px;text-align: center\" align=\"justify\" height=\"17\"><span style=\"font-family: arial, helvetica, sans-serif;font-size: 10pt;color: #333333\">Prof. Dr. Marcos Roberto K\u00fchl<\/span><\/td>\n<td style=\"height: 24px;width: 18.3526%;text-align: center\"><span style=\"font-family: arial, helvetica, sans-serif;font-size: 10pt;color: #333333\">08\/11\/2022<\/span><\/td>\n<td style=\"height: 24px;width: 29.2667%;text-align: center\"><span style=\"color: #333333;font-family: arial, helvetica, sans-serif;font-size: 10pt\">[<a style=\"color: #333333\" href=\"https:\/\/tede.unicentro.br\/jspui\/handle\/jspui\/2445\" target=\"_blank\" rel=\"noopener\">PDF<\/a>]<\/span><\/td>\n<\/tr>\n<\/tbody>\n<\/table>\n<p>[\/vc_column_text][\/vc_tta_section][vc_tta_section title=&#8221;2023&#8243; tab_id=&#8221;1713545333535-3185d0fa-c080&#8243;][vc_column_text css=&#8221;&#8221;]<\/p>\n<table style=\"width: 100%;height: 285px\">\n<tbody>\n<tr style=\"height: 24px\">\n<td style=\"height: 24px;width: 27.0891%;text-align: center\"><span style=\"color: #333333;font-family: arial, helvetica, sans-serif;font-size: 10pt\">AUTOR(A)<\/span><\/td>\n<td style=\"height: 24px;width: 28.342%;text-align: center\"><span style=\"color: #333333;font-family: arial, helvetica, sans-serif;font-size: 10pt\">T\u00cdTULO<\/span><\/td>\n<td style=\"height: 24px;width: 18.8175%;text-align: center\"><span style=\"color: #333333;font-family: arial, helvetica, sans-serif;font-size: 10pt\">ORIENTADOR(A)<\/span><\/td>\n<td style=\"height: 24px;width: 18.3526%;text-align: center\"><span style=\"color: #333333;font-family: arial, helvetica, sans-serif;font-size: 10pt\">DATA DA DEFESA<\/span><\/td>\n<td style=\"height: 24px;width: 29.2667%;text-align: center\"><span style=\"color: #333333;font-family: arial, helvetica, sans-serif;font-size: 10pt\">DISSERTA\u00c7\u00c3O<\/span><\/td>\n<\/tr>\n<tr style=\"height: 24px\">\n<td style=\"height: 24px;width: 27.0891%;text-align: center\">Geovana Aparecida Pires Chagas<\/td>\n<td style=\"height: 24px;width: 28.342%;text-align: center\">IMPLEMENTA\u00c7\u00c3O DO SETOR DE CONTROLADORIA EM UMA IND\u00daSTRIA DE ISOLAMENTOS<\/td>\n<td style=\"width: 18.8175%;height: 24px;text-align: center\" align=\"justify\" height=\"18\">Prof. Dr. Jo\u00e3o Francisco Morozini<\/td>\n<td style=\"height: 24px;width: 18.3526%;text-align: center\">11\/04\/2023<\/td>\n<td style=\"height: 24px;width: 29.2667%;text-align: center\"><span style=\"color: #333333;font-family: arial, helvetica, sans-serif;font-size: 10pt\">[<a style=\"color: #333333\" href=\"https:\/\/tede.unicentro.br\/jspui\/handle\/jspui\/2113\" target=\"_blank\" rel=\"noopener\">PDF<\/a>]<\/span><\/td>\n<\/tr>\n<tr style=\"height: 25px\">\n<td style=\"height: 25px;width: 27.0891%;text-align: center\">Eleane Aparecida de Matos Araujo<\/td>\n<td style=\"height: 25px;width: 28.342%;text-align: center\">OS HAITIANOS NO ENSINO SUPERIOR DO BRASIL: A TRAJET\u00d3RIA DE ACESSO, PERMAN\u00caNCIA E INTEGRALIZA\u00c7\u00c3O CURRICULAR NA UNIVERSIDADE FEDERAL DA FRONTEIRA SUL (UFFS) &#8211; CAMPUS LARANJEIRAS DO SUL-PR<\/td>\n<td style=\"width: 18.8175%;height: 25px;text-align: center\" align=\"left\" height=\"18\">Prof.\u00aa Dra. Juliane Sachser Angnes<\/td>\n<td style=\"height: 25px;width: 18.3526%;text-align: center\">26\/06\/2023<\/td>\n<td style=\"height: 25px;width: 29.2667%;text-align: center\"><span style=\"color: #333333;font-family: arial, helvetica, sans-serif;font-size: 10pt\">[<a style=\"color: #333333\" href=\"https:\/\/tede.unicentro.br\/jspui\/handle\/jspui\/2090\" target=\"_blank\" rel=\"noopener\">PDF<\/a>]<\/span><\/td>\n<\/tr>\n<tr style=\"height: 24px\">\n<td style=\"height: 24px;width: 27.0891%;text-align: center\">Marinaldo Jos\u00e9 Rattes<\/td>\n<td style=\"height: 24px;width: 28.342%;text-align: center\">LA\u00c7OS FAMILIARES E INTEGRA\u00c7\u00c3O COMUNIT\u00c1RIA DOS PRESOS NA PENITENCI\u00c1RIA INDUSTRIAL DE GUARAPUAVA: UMA PROPOSTA DE PLANO DE A\u00c7\u00c3O<\/td>\n<td style=\"width: 18.8175%;height: 24px;text-align: center\" align=\"justify\" height=\"17\">Prof.\u00aa Dra. Juliane Sachser Angnes<\/td>\n<td style=\"height: 24px;width: 18.3526%;text-align: center\"><span style=\"font-family: arial, helvetica, sans-serif;font-size: 10pt\">22\/08\/2023<\/span><\/td>\n<td style=\"height: 24px;width: 29.2667%;text-align: center\"><span style=\"color: #333333;font-family: arial, helvetica, sans-serif;font-size: 10pt\">[<a style=\"color: #333333\" href=\"https:\/\/tede.unicentro.br\/jspui\/handle\/jspui\/2115\" target=\"_blank\" rel=\"noopener\">PDF<\/a>]<\/span><\/td>\n<\/tr>\n<tr style=\"height: 24px\">\n<td style=\"height: 24px;width: 27.0891%;text-align: center\"><span style=\"font-family: arial, helvetica, sans-serif;font-size: 10pt\">Cristian Pedroso<\/span><\/td>\n<td style=\"height: 24px;width: 28.342%;text-align: center\"><span style=\"font-family: arial, helvetica, sans-serif;font-size: 10pt\">MANUAL PR\u00c1TICO PARA GEST\u00c3O DE PATRIM\u00d4NIO M\u00d3VEL DA UNIVERSIDADE ESTADUAL DO CENTRO-OESTE<\/span><\/td>\n<td style=\"width: 18.8175%;height: 24px;text-align: center\" align=\"justify\" height=\"17\"><span style=\"font-family: arial, helvetica, sans-serif;font-size: 10pt\">Prof. Dr. Luiz Fernando Lara<\/span><\/td>\n<td style=\"height: 24px;width: 18.3526%;text-align: center\"><span style=\"font-family: arial, helvetica, sans-serif;font-size: 10pt\">29\/08\/2023<\/span><\/td>\n<td style=\"height: 24px;width: 29.2667%;text-align: center\"><span style=\"color: #333333;font-family: arial, helvetica, sans-serif;font-size: 10pt\">[<a style=\"color: #333333\" href=\"https:\/\/tede.unicentro.br\/jspui\/handle\/jspui\/2121\" target=\"_blank\" rel=\"noopener\">PDF<\/a>]<\/span><\/td>\n<\/tr>\n<tr style=\"height: 24px\">\n<td style=\"height: 24px;width: 27.0891%;text-align: center\"><span style=\"font-family: arial, helvetica, sans-serif;font-size: 10pt\">Kamille Machado dos Santos<\/span><\/td>\n<td style=\"height: 24px;width: 28.342%;text-align: center\"><span style=\"font-family: arial, helvetica, sans-serif;font-size: 10pt\">AN\u00c1LISE DO PROCESSO DE INSTITUCIONALIZA\u00c7\u00c3O DO TELETRABALHO NA UNIVERSIDADE FEDERAL DA FRONTEIRA SUL (UFFS) CAMPUS LARANJEIRAS DO SUL<\/span><\/td>\n<td style=\"width: 18.8175%;height: 24px;text-align: center\" align=\"justify\" height=\"17\"><span style=\"font-family: arial, helvetica, sans-serif;font-size: 10pt\">Prof.\u00aa Dra. Zoraide da Fonseca Costa<\/span><\/td>\n<td style=\"height: 24px;width: 18.3526%;text-align: center\"><span style=\"font-family: arial, helvetica, sans-serif;font-size: 10pt\">21\/09\/2023<\/span><\/td>\n<td style=\"height: 24px;width: 29.2667%;text-align: center\"><span style=\"color: #333333;font-family: arial, helvetica, sans-serif;font-size: 10pt\">[<a style=\"color: #333333\" href=\"https:\/\/tede.unicentro.br\/jspui\/handle\/jspui\/2118\" target=\"_blank\" rel=\"noopener\">PDF<\/a>]<\/span><\/td>\n<\/tr>\n<tr style=\"height: 68px\">\n<td style=\"width: 27.0891%;height: 68px;text-align: center\" align=\"center\" valign=\"middle\" height=\"68\"><span style=\"font-family: arial, helvetica, sans-serif;font-size: 10pt\">Anderson Cardoso<\/span><\/td>\n<td style=\"height: 68px;width: 28.342%;text-align: center\"><span style=\"font-family: arial, helvetica, sans-serif;font-size: 10pt\">ESTRAT\u00c9GIAS DE SUSTENTABILIDADE E OS 17 OBJETIVOS DE DESENVOLVIMENTO SUSTENT\u00c1VEL: ESTUDO DE CASO EM UMA IND\u00daSTRIA DE FIOS E CABOS<\/span><\/td>\n<td style=\"height: 68px;width: 18.8175%;text-align: center\"><span style=\"font-family: arial, helvetica, sans-serif;font-size: 10pt\">Prof. Dr. Silvio Roberto Stefani<\/span><\/td>\n<td style=\"height: 68px;width: 18.3526%;text-align: center\"><span style=\"font-family: arial, helvetica, sans-serif;font-size: 10pt\">06\/10\/2023<\/span><\/td>\n<td style=\"height: 68px;width: 29.2667%;text-align: center\"><span style=\"color: #333333;font-family: arial, helvetica, sans-serif;font-size: 10pt\">[<a style=\"color: #333333\" href=\"https:\/\/tede.unicentro.br\/jspui\/handle\/jspui\/2198\" target=\"_blank\" rel=\"noopener\">PDF<\/a>]<\/span><\/td>\n<\/tr>\n<tr style=\"height: 24px\">\n<td style=\"width: 27.0891%;text-align: center;height: 24px\"><span style=\"font-family: arial, helvetica, sans-serif;font-size: 10pt\">Jessica Cristiane Andrade de Paula<\/span><\/td>\n<td style=\"width: 28.342%;text-align: center;height: 24px\"><span style=\"font-family: arial, helvetica, sans-serif;font-size: 10pt\">REPRESENTATIVIDADE FEMININA NAS UNIVERSIDADES P\u00daBLICAS PARANAENSES: O OLHAR DAS MULHERES GESTORAS<\/span><\/td>\n<td style=\"width: 18.8175%;text-align: center;height: 24px\"><span style=\"font-family: arial, helvetica, sans-serif;font-size: 10pt\">Prof. Dr. Luiz Fernando Lara<\/span><\/td>\n<td style=\"width: 18.3526%;text-align: center;height: 24px\"><span style=\"font-family: arial, helvetica, sans-serif;font-size: 10pt\">20\/10\/2023<\/span><\/td>\n<td style=\"width: 29.2667%;text-align: center;height: 24px\"><span style=\"color: #333333;font-family: arial, helvetica, sans-serif;font-size: 10pt\">[<a style=\"color: #333333\" href=\"https:\/\/tede.unicentro.br\/jspui\/handle\/jspui\/2132\" target=\"_blank\" rel=\"noopener\">PDF<\/a>]<\/span><\/td>\n<\/tr>\n<tr style=\"height: 24px\">\n<td style=\"width: 27.0891%;text-align: center;height: 24px\"><span style=\"font-family: arial, helvetica, sans-serif;font-size: 10pt\">Joel da Silva Luiz Filho<\/span><\/td>\n<td style=\"width: 28.342%;text-align: center;height: 24px\"><span style=\"font-family: arial, helvetica, sans-serif;font-size: 10pt\">OS OBJETIVOS DO DESENVOLVIMENTO SUSTENT\u00c1VEL NA \u00d3TICA DA ABORDAGEM DA ESTRAT\u00c9GIA COMO PR\u00c1TICA SOCIAL: UM ESTUDO NO CORPO DE BOMBEIROS MILITAR DO PARAN\u00c1<\/span><\/td>\n<td style=\"width: 18.8175%;text-align: center;height: 24px\"><span style=\"font-family: arial, helvetica, sans-serif;font-size: 10pt\">Prof. Dr. Marcos de Castro<\/span><\/td>\n<td style=\"width: 18.3526%;text-align: center;height: 24px\"><span style=\"font-family: arial, helvetica, sans-serif;font-size: 10pt\">13\/11\/2023<\/span><\/td>\n<td style=\"width: 29.2667%;text-align: center;height: 24px\"><span style=\"color: #333333;font-family: arial, helvetica, sans-serif;font-size: 10pt\">[<a style=\"color: #333333\" href=\"https:\/\/tede.unicentro.br\/jspui\/handle\/jspui\/2133\" target=\"_blank\" rel=\"noopener\">PDF<\/a>]<\/span><\/td>\n<\/tr>\n<tr style=\"height: 24px\">\n<td style=\"width: 27.0891%;text-align: center;height: 24px\"><span style=\"font-family: arial, helvetica, sans-serif;font-size: 10pt\">Paulino Francisco Lorenzo Junior<\/span><\/td>\n<td style=\"width: 28.342%;text-align: center;height: 24px\"><span style=\"font-family: arial, helvetica, sans-serif;font-size: 10pt\">MODELO DE ORGANIZA\u00c7\u00c3O EM REDE EM ECOSSISTEMA DE INOVA\u00c7\u00c3O: RELATO T\u00c9CNICO A PARTIR DO CASO DO VALE DO GENOMA<\/span><\/td>\n<td style=\"width: 18.8175%;text-align: center;height: 24px\"><span style=\"font-family: arial, helvetica, sans-serif;font-size: 10pt\">Prof. Dr. Marcos de Castro<\/span><\/td>\n<td style=\"width: 18.3526%;text-align: center;height: 24px\"><span style=\"font-family: arial, helvetica, sans-serif;font-size: 10pt\">29\/11\/2023<\/span><\/td>\n<td style=\"width: 29.2667%;text-align: center;height: 24px\"><span style=\"color: #333333;font-family: arial, helvetica, sans-serif;font-size: 10pt\">[<a style=\"color: #333333\" href=\"https:\/\/tede.unicentro.br\/jspui\/handle\/jspui\/2155\" target=\"_blank\" rel=\"noopener\">PDF<\/a>]<\/span><\/td>\n<\/tr>\n<\/tbody>\n<\/table>\n<p>[\/vc_column_text][vc_column_text]Eu sou um bloco de texto. Clique no bot\u00e3o Editar (L\u00e1pis) para alterar o conte\u00fado deste elemento.[\/vc_column_text][vc_row_inner][vc_column_inner][\/vc_column_inner][\/vc_row_inner][\/vc_tta_section][vc_tta_section title=&#8221;2024&#8243; tab_id=&#8221;1729619538396-e6236360-023b&#8221;][vc_column_text css=&#8221;&#8221;]<\/p>\n<table style=\"width: 100%;height: 1028px\">\n<tbody>\n<tr style=\"height: 24px\">\n<td style=\"height: 24px;width: 27.0891%;text-align: center\"><span style=\"color: #333333;font-family: arial, helvetica, sans-serif;font-size: 10pt\">AUTOR(A)<\/span><\/td>\n<td style=\"height: 24px;width: 28.2523%;text-align: center\"><span style=\"color: #333333;font-family: arial, helvetica, sans-serif;font-size: 10pt\">T\u00cdTULO<\/span><\/td>\n<td style=\"height: 24px;width: 18.9072%;text-align: center\"><span style=\"color: #333333;font-family: arial, helvetica, sans-serif;font-size: 10pt\">ORIENTADOR(A)<\/span><\/td>\n<td style=\"height: 24px;width: 18.3526%;text-align: center\"><span style=\"color: #333333;font-family: arial, helvetica, sans-serif;font-size: 10pt\">DATA DA DEFESA<\/span><\/td>\n<td style=\"height: 24px;width: 29.2667%;text-align: center\"><span style=\"color: #333333;font-family: arial, helvetica, sans-serif;font-size: 10pt\">DISSERTA\u00c7\u00c3O<\/span><\/td>\n<\/tr>\n<tr style=\"height: 24px\">\n<td style=\"height: 24px;width: 27.0891%;text-align: center\">Eloisa Maria Morguete Martins<\/td>\n<td style=\"height: 24px;width: 28.2523%;text-align: center\">INOVA\u00c7\u00c3O PARA LINHA DE ENSAQUE DE ERVA MATE, UM ESTUDO NA INDUSTRIA ERVATEIRA<\/td>\n<td style=\"width: 18.9072%;height: 24px;text-align: center\" align=\"justify\" height=\"18\">Prof. Dr. Cl\u00e1udio Luiz Chiusoli<\/td>\n<td style=\"height: 24px;width: 18.3526%;text-align: center\">12\/03\/2024<\/td>\n<td style=\"height: 24px;width: 29.2667%;text-align: center\"><span style=\"color: #333333;font-family: arial, helvetica, sans-serif;font-size: 10pt\">[<a href=\"https:\/\/tede.unicentro.br\/jspui\/handle\/jspui\/2221\" target=\"_blank\" rel=\"noopener\">PDF<\/a>]<\/span><\/td>\n<\/tr>\n<tr>\n<td style=\"width: 27.0891%;text-align: center\">Carolina Silva Spliethoff<\/td>\n<td style=\"width: 28.2523%;text-align: center\">CONTRATO PSICOL\u00d3GICO: A PERCEP\u00c7\u00c3O DE JOVENS APRENDIZES ATUANTES NAS ORGANIZA\u00c7\u00d5ES DE GUARAPUAVA<\/td>\n<td style=\"width: 18.9072%;text-align: center\">Prof.\u00aa Dra. Sandra Mara de Andrade<\/td>\n<td style=\"width: 18.3526%;text-align: center\">29\/10\/2024<\/td>\n<td style=\"width: 29.2667%;text-align: center\"><span style=\"color: #333333;font-family: arial, helvetica, sans-serif;font-size: 10pt\">[<a href=\"https:\/\/tede.unicentro.br\/jspui\/handle\/jspui\/2424\" target=\"_blank\" rel=\"noopener\">PDF<\/a>]<\/span><\/td>\n<\/tr>\n<tr style=\"height: 25px\">\n<td style=\"height: 25px;width: 27.0891%;text-align: center\">Pedro Gon\u00e7alves Diniz Fernandes<\/td>\n<td style=\"height: 25px;width: 28.2523%;text-align: center\">PROPOSI\u00c7\u00d5ES INOVADORAS PARA MITIGAR OS RISCOS DECORRENTES DAS FUGAS AUTOMOTIVAS NAS RODOVIAS BRASILEIRAS<\/td>\n<td style=\"width: 18.9072%;height: 25px;text-align: center\" align=\"left\" height=\"18\">Prof. Dr. Jo\u00e3o Francisco Morozini<\/td>\n<td style=\"height: 25px;width: 18.3526%;text-align: center\">20\/03\/2024<\/td>\n<td style=\"height: 25px;width: 29.2667%;text-align: center\"><span style=\"color: #333333;font-family: arial, helvetica, sans-serif;font-size: 10pt\">[<a style=\"color: #333333\" href=\"https:\/\/tede.unicentro.br\/jspui\/handle\/jspui\/2251\" target=\"_blank\" rel=\"noopener\">PDF<\/a>]<\/span><\/td>\n<\/tr>\n<tr style=\"height: 24px\">\n<td style=\"height: 24px;width: 27.0891%;text-align: center\">Andressa Carla Mudryk<\/td>\n<td style=\"height: 24px;width: 28.2523%;text-align: center\">CONTRIBUI\u00c7\u00c3O DA INSTITUCIONALIZA\u00c7\u00c3O DAS PR\u00c1TICAS DA ENGENHARIA SIMULT\u00c2NEA NO DESENVOLVIMENTO DE PROCESSOS PRODUTIVOS: UM ESTUDO EM UMA IND\u00daSTRIA DO PARAN\u00c1<\/td>\n<td style=\"width: 18.9072%;height: 24px;text-align: center\" align=\"justify\" height=\"17\">Prof. Dr. Marcos Roberto K\u00fchl<\/td>\n<td style=\"height: 24px;width: 18.3526%;text-align: center\">24\/06\/2024<\/td>\n<td style=\"height: 24px;width: 29.2667%;text-align: center\"><span style=\"color: #333333;font-family: arial, helvetica, sans-serif;font-size: 10pt\">[<a style=\"color: #333333\" href=\"https:\/\/tede.unicentro.br\/jspui\/handle\/jspui\/2356\" target=\"_blank\" rel=\"noopener\">PDF<\/a>]<\/span><\/td>\n<\/tr>\n<tr style=\"height: 68px\">\n<td style=\"width: 27.0891%;height: 68px;text-align: center\" align=\"center\" valign=\"middle\" height=\"68\">Jocelete Repczuk Padilha da Rosa<\/td>\n<td style=\"height: 68px;width: 28.2523%;text-align: center\">AN\u00c1LISE DA RELA\u00c7\u00c3O ENTRE ESTRESSE OCUPACIONAL E A QUALIDADE DO SERVI\u00c7O CONT\u00c1BIL: UMA PERSPECTIVA DO PROFISSIONAL DA CONTABILIDADE<\/td>\n<td style=\"height: 68px;width: 18.9072%;text-align: center\">Prof.\u00aa Dra. Sandra Mara de Andrade<\/td>\n<td style=\"height: 68px;width: 18.3526%;text-align: center\">22\/07\/2024<\/td>\n<td style=\"width: 29.2667%;text-align: center;height: 68px\"><span style=\"color: #333333;font-family: arial, helvetica, sans-serif;font-size: 10pt\">[<a style=\"color: #333333\" href=\"https:\/\/tede.unicentro.br\/jspui\/handle\/jspui\/2373\" target=\"_blank\" rel=\"noopener\">PDF<\/a>]\u00a0<\/span><\/td>\n<\/tr>\n<tr style=\"height: 24px\">\n<td style=\"height: 24px;width: 27.0891%;text-align: center\">Ana Caroline dos Santos Bini<\/td>\n<td style=\"height: 24px;width: 28.2523%;text-align: center\">UMA AN\u00c1LISE DAS ESTRAT\u00c9GIAS DE RELACIONAMENTO COM CLIENTES E O COMPORTAMENTO ESTRAT\u00c9GICO DE GESTORES EM EMPRESAS DO SEGMENTO DE BELEZA DURANTE E AP\u00d3S A PANDEMIA<\/td>\n<td style=\"width: 18.9072%;height: 24px;text-align: center\" align=\"justify\" height=\"17\">Prof. Dr. Luiz Fernando Lara<\/td>\n<td style=\"height: 24px;width: 18.3526%;text-align: center\">02\/08\/2024<\/td>\n<td style=\"height: 24px;width: 29.2667%;text-align: center\"><span style=\"color: #333333;font-family: arial, helvetica, sans-serif;font-size: 10pt\">[<a style=\"color: #333333\" href=\"https:\/\/tede.unicentro.br\/jspui\/handle\/jspui\/2381\" target=\"_blank\" rel=\"noopener\">PDF<\/a>]<\/span><\/td>\n<\/tr>\n<tr style=\"height: 24px\">\n<td style=\"height: 24px;width: 27.0891%;text-align: center\">Daniele da Silva Neumann<\/td>\n<td style=\"height: 24px;width: 28.2523%;text-align: center\">DESAFIOS DA GEST\u00c3O NA IMPLEMENTA\u00c7\u00c3O DO CURSO T\u00c9CNICO EM ADMINISTRA\u00c7\u00c3O MEDIADO POR TECNOLOGIAS INTEGRADO AO NOVO ENSINO M\u00c9DIO<\/td>\n<td style=\"width: 18.9072%;height: 24px;text-align: center\" align=\"justify\" height=\"17\">Prof.\u00aa Dra. Sandra Mara de Andrade<\/td>\n<td style=\"height: 24px;width: 18.3526%;text-align: center\">02\/08\/2024<\/td>\n<td style=\"height: 24px;width: 29.2667%;text-align: center\"><span style=\"color: #333333;font-family: arial, helvetica, sans-serif;font-size: 10pt\">[<a style=\"color: #333333\" href=\"https:\/\/tede.unicentro.br\/jspui\/handle\/jspui\/2372\" target=\"_blank\" rel=\"noopener\">PDF<\/a>]<\/span><\/td>\n<\/tr>\n<tr style=\"height: 24px\">\n<td style=\"width: 27.0891%;text-align: center;height: 24px\">Adriane de F\u00e1tima Lunardi<\/td>\n<td style=\"width: 28.2523%;text-align: center;height: 24px\">PROPOSTA DE UM MODELO DE GEST\u00c3O ELETR\u00d4NICA DE EQUIPAMENTOS DE PROTE\u00c7\u00c3O INDIVIDUAL EM UMA EMPRESA DE SANEAMENTO<\/td>\n<td style=\"width: 18.9072%;text-align: center;height: 24px\">Prof. Dr. Jo\u00e3o Francisco Morozini<\/td>\n<td style=\"width: 18.3526%;text-align: center;height: 24px\">02\/08\/2024<\/td>\n<td style=\"width: 29.2667%;text-align: center;height: 24px\"><span style=\"color: #333333;font-family: arial, helvetica, sans-serif;font-size: 10pt\">[<a style=\"color: #333333\" href=\"https:\/\/tede.unicentro.br\/jspui\/handle\/jspui\/2421\" target=\"_blank\" rel=\"noopener\">PDF<\/a>]<\/span><\/td>\n<\/tr>\n<tr style=\"height: 24px\">\n<td style=\"width: 27.0891%;text-align: center;height: 24px\">Simone Kucznir Renzcherchen<\/td>\n<td style=\"width: 28.2523%;text-align: center;height: 24px\">AGRICULTURA 4.0: UM ESTUDO DA MUDAN\u00c7A TECNOL\u00d3GICA NA PRODU\u00c7\u00c3O DE SOJA EM PROPRIEDADES RURAIS EM IRATI-PR<\/td>\n<td style=\"width: 18.9072%;text-align: center;height: 24px\">Prof.\u00aa Dra. Jos\u00e9lia Elvira Teixeira<\/td>\n<td style=\"width: 18.3526%;text-align: center;height: 24px\">22\/08\/2024<\/td>\n<td style=\"width: 29.2667%;text-align: center;height: 24px\"><span style=\"color: #333333;font-family: arial, helvetica, sans-serif;font-size: 10pt\">[<a style=\"color: #333333\" href=\"https:\/\/tede.unicentro.br\/jspui\/handle\/jspui\/2392\" target=\"_blank\" rel=\"noopener\">PDF<\/a>]<\/span><\/td>\n<\/tr>\n<tr style=\"height: 24px\">\n<td style=\"width: 27.0891%;text-align: center;height: 24px\">Renan Rafael Marcon<\/td>\n<td style=\"width: 28.2523%;text-align: center;height: 24px\">GOVERNAN\u00c7A E INSTITUCIONALIZA\u00c7\u00c3O DA ESTRAT\u00c9GIA NACIONAL DE TIC NO TJ-PR<\/td>\n<td style=\"width: 18.9072%;text-align: center;height: 24px\">Prof. Dr. Luciano Ferreira de Lima<\/td>\n<td style=\"width: 18.3526%;text-align: center;height: 24px\">06\/09\/2024<\/td>\n<td style=\"width: 29.2667%;text-align: center;height: 24px\"><span style=\"color: #333333;font-family: arial, helvetica, sans-serif;font-size: 10pt\">[<a style=\"color: #333333\" href=\"https:\/\/tede.unicentro.br\/jspui\/handle\/jspui\/2377\" target=\"_blank\" rel=\"noopener\">PDF<\/a>]<\/span><\/td>\n<\/tr>\n<tr style=\"height: 24px\">\n<td style=\"width: 27.0891%;text-align: center;height: 24px\">Marcio Jasom Pereira<\/td>\n<td style=\"width: 28.2523%;text-align: center;height: 24px\">DETERMINISMO DO AMBIENTE EM PER\u00cdODO PAND\u00caMICO: AN\u00c1LISE POR MEIO DA TEORIA ECOL\u00d3GICA<br \/>\nORGANIZACIONAL EM UMA POPULA\u00c7\u00c3O DE MICRO E PEQUENAS EMPRESAS\u201d<\/td>\n<td style=\"width: 18.9072%;text-align: center;height: 24px\">Prof. Dr. Marcos de Castro<\/td>\n<td style=\"width: 18.3526%;text-align: center;height: 24px\">16\/09\/2024<\/td>\n<td style=\"width: 29.2667%;text-align: center;height: 24px\"><span style=\"color: #333333;font-family: arial, helvetica, sans-serif;font-size: 10pt\">[<a style=\"color: #333333\" href=\"https:\/\/tede.unicentro.br\/jspui\/handle\/jspui\/2393\" target=\"_blank\" rel=\"noopener\">PDF<\/a>]<\/span><\/td>\n<\/tr>\n<tr style=\"height: 23px\">\n<td style=\"width: 27.0891%;text-align: center;height: 23px\">Fabiana Forekevicz de Castro<\/td>\n<td style=\"width: 28.2523%;text-align: center;height: 23px\">LIDERAN\u00c7A NA GEST\u00c3O: A PERCEP\u00c7\u00c3O DE MULHERES NO SETOR P\u00daBLICO<\/td>\n<td style=\"width: 18.9072%;text-align: center;height: 23px\">Prof.\u00aa Dra. Juliane Sachser Angnes<\/td>\n<td style=\"width: 18.3526%;text-align: center;height: 23px\">20\/09\/2024<\/td>\n<td style=\"width: 29.2667%;text-align: center;height: 23px\"><span style=\"color: #333333;font-family: arial, helvetica, sans-serif;font-size: 10pt\">[<a style=\"color: #333333\" href=\"https:\/\/tede.unicentro.br\/jspui\/handle\/jspui\/2398\" target=\"_blank\" rel=\"noopener\">PDF<\/a>]<\/span><\/td>\n<\/tr>\n<tr style=\"height: 24px\">\n<td style=\"width: 27.0891%;text-align: center;height: 24px\">Eduarda de Morais Halma<\/td>\n<td style=\"width: 28.2523%;text-align: center;height: 24px\">O ADVENTO DA NOVA LEI DE LICITA\u00c7\u00d5ES NO CONTEXTO DA ESTRAT\u00c9GIA COMO PR\u00c1TICA: CONSTRU\u00c7\u00c3O DE UMA INTERVEN\u00c7\u00c3O INOVADORA A PARTIR DA EXPERI\u00caNCIA DO MUNIC\u00cdPIO DE TURVO-PR<\/td>\n<td style=\"width: 18.9072%;text-align: center;height: 24px\">Prof. Dr. Marcos de Castro<\/td>\n<td style=\"width: 18.3526%;text-align: center;height: 24px\">23\/09\/2024<\/td>\n<td style=\"width: 29.2667%;text-align: center;height: 24px\"><span style=\"color: #333333;font-family: arial, helvetica, sans-serif;font-size: 10pt\">[<a style=\"color: #333333\" href=\"https:\/\/tede.unicentro.br\/jspui\/handle\/jspui\/2394\" target=\"_blank\" rel=\"noopener\">PDF<\/a>]<\/span><\/td>\n<\/tr>\n<tr style=\"height: 24px\">\n<td style=\"width: 27.0891%;text-align: center;height: 24px\">Caroline Neves Pimentel<\/td>\n<td style=\"width: 28.2523%;text-align: center;height: 24px\">GEST\u00c3O DA UNIDADE HOSPITALAR ONCOL\u00d3GICA EM GUARAPUAVA-PR: AN\u00c1LISE DO PROCESSO DE IMPLEMENTA\u00c7\u00c3O DE INOVA\u00c7\u00c3O<\/td>\n<td style=\"width: 18.9072%;text-align: center;height: 24px\">Prof. Dr. Marcos Roberto K\u00fchl<\/td>\n<td style=\"width: 18.3526%;text-align: center;height: 24px\">23\/09\/2024<\/td>\n<td style=\"width: 29.2667%;text-align: center;height: 24px\"><span style=\"color: #333333;font-family: arial, helvetica, sans-serif;font-size: 10pt\">[<a style=\"color: #333333\" href=\"https:\/\/tede.unicentro.br\/jspui\/handle\/jspui\/2413\" target=\"_blank\" rel=\"noopener\">PDF<\/a>]<\/span><\/td>\n<\/tr>\n<tr style=\"height: 120px\">\n<td style=\"width: 27.0891%;text-align: center;height: 120px\">Maressa Pontes da Costa<\/td>\n<td style=\"width: 28.2523%;text-align: center;height: 120px\">CONFORMIDADE DA LEI GERAL DE PROTE\u00c7\u00c3O DE DADOS PESSOAIS (LGPD): UMA AN\u00c1LISE DOS DETERMINANTES JUNTO AOS PROFISSIONAIS DE CONTABILIDADE<\/td>\n<td style=\"width: 18.9072%;text-align: center;height: 120px\">Prof.\u00aa Dra. Stella Maris Lima Alto\u00e9 Suave<\/td>\n<td style=\"width: 18.3526%;text-align: center;height: 120px\">23\/09\/2024<\/td>\n<td style=\"width: 29.2667%;text-align: center;height: 120px\"><span style=\"color: #333333;font-family: arial, helvetica, sans-serif;font-size: 10pt\">[<a style=\"color: #333333\" href=\"https:\/\/tede.unicentro.br\/jspui\/handle\/jspui\/2399\" target=\"_blank\" rel=\"noopener\">PDF<\/a>]<\/span><\/td>\n<\/tr>\n<tr style=\"height: 24px\">\n<td style=\"width: 27.0891%;text-align: center;height: 24px\">Hugo Rodrigo Garcia Carvalho<\/td>\n<td style=\"width: 28.2523%;text-align: center;height: 24px\">PLANO DE IMPLANTA\u00c7\u00c3O DE UMA POL\u00cdTICA P\u00daBLICA DE ESPORTE PARA O EXECUTIVO MUNICIPAL<\/td>\n<td style=\"width: 18.9072%;text-align: center;height: 24px\">Prof.\u00aa Dra. Zoraide da Fonseca Costa<\/td>\n<td style=\"width: 18.3526%;text-align: center;height: 24px\">24\/09\/2024<\/td>\n<td style=\"width: 29.2667%;text-align: center;height: 24px\"><span style=\"color: #333333;font-family: arial, helvetica, sans-serif;font-size: 10pt\">[<a style=\"color: #333333\" href=\"https:\/\/tede.unicentro.br\/jspui\/handle\/jspui\/2395\" target=\"_blank\" rel=\"noopener\">PDF<\/a>]<\/span><\/td>\n<\/tr>\n<tr style=\"height: 120px\">\n<td style=\"width: 27.0891%;text-align: center;height: 120px\">Rhuanna Eloise dos Santos Paganotto<\/td>\n<td style=\"width: 28.2523%;text-align: center;height: 120px\">PROCESSO DE INOVA\u00c7\u00c3O EM CONDOM\u00cdNIOS RESIDENCIAIS: BARREIRAS E FACILITADORES NA IMPLANTA\u00c7\u00c3O DE NOVAS TECNOLOGIAS<\/td>\n<td style=\"width: 18.9072%;text-align: center;height: 120px\">Prof. Dr. Marcos Roberto K\u00fchl<\/td>\n<td style=\"width: 18.3526%;text-align: center;height: 120px\">24\/09\/2024<\/td>\n<td style=\"width: 29.2667%;text-align: center;height: 120px\"><span style=\"color: #333333;font-family: arial, helvetica, sans-serif;font-size: 10pt\">[<a style=\"color: #333333\" href=\"https:\/\/tede.unicentro.br\/jspui\/handle\/jspui\/2397\" target=\"_blank\" rel=\"noopener\">PDF<\/a>]<\/span><\/td>\n<\/tr>\n<tr style=\"height: 120px\">\n<td style=\"width: 27.0891%;text-align: center;height: 120px\">Luana da Luz Cardoso Noga<\/td>\n<td style=\"width: 28.2523%;text-align: center;height: 120px\">ALTERNATIVAS EM TECNOLOGIA ASSISTIVA PARA TRADU\u00c7\u00c3O DO PAR<br \/>\nLINGU\u00cdSTICO PORTUGU\u00caS \u2013 LIBRAS EM UMA UNIVERSIDADE ESTADUAL<\/td>\n<td style=\"width: 18.9072%;text-align: center;height: 120px\">Prof.\u00aa Dra. Zoraide da Fonseca Costa<\/td>\n<td style=\"width: 18.3526%;text-align: center;height: 120px\">27\/09\/2024<\/td>\n<td style=\"width: 29.2667%;text-align: center;height: 120px\">[<a href=\"https:\/\/tede.unicentro.br\/jspui\/handle\/jspui\/2382\" target=\"_blank\" rel=\"noopener\">PDF<\/a>]<\/td>\n<\/tr>\n<tr style=\"height: 144px\">\n<td style=\"width: 27.0891%;text-align: center;height: 144px\">Angelo Ricardo Tesseroli<\/td>\n<td style=\"width: 28.2523%;text-align: center;height: 144px\">GEST\u00c3O<br \/>\nDE PROCESSOS JUDICIAIS PARA O ENFRENTAMENTO DA JUDICIALIZA\u00c7\u00c3O MASSIFICADA DE CONFLITOS: ABORDAGEM DOS STAKEHOLDERS<\/td>\n<td style=\"width: 18.9072%;text-align: center;height: 144px\">Prof. Dr. Luciano Ferreira de Lima<\/td>\n<td style=\"width: 18.3526%;text-align: center;height: 144px\">27\/09\/2024<\/td>\n<td style=\"width: 29.2667%;text-align: center;height: 144px\">[<a href=\"https:\/\/tede.unicentro.br\/jspui\/handle\/jspui\/2400\" target=\"_blank\" rel=\"noopener\">PDF<\/a>]<\/td>\n<\/tr>\n<tr style=\"height: 24px\">\n<td style=\"width: 27.0891%;text-align: center;height: 24px\">Tha\u00eds Helena Gon\u00e7alves Linhares Dalla Vecchia<\/td>\n<td style=\"width: 28.2523%;text-align: center;height: 24px\">INOVA\u00c7\u00c3O SUSTENT\u00c1VEL: GEST\u00c3O DE RES\u00cdDUOS S\u00d3LIDOS NO<br \/>\nAMBIENTE HOSPITALAR<\/td>\n<td style=\"width: 18.9072%;text-align: center;height: 24px\">Prof. Dr. S\u00e9rgio Lu\u00eds Dias Doliveira<\/td>\n<td style=\"width: 18.3526%;text-align: center;height: 24px\">30\/09\/2024<\/td>\n<td style=\"width: 29.2667%;text-align: center;height: 24px\">[<a href=\"https:\/\/tede.unicentro.br\/jspui\/handle\/jspui\/2423\" target=\"_blank\" rel=\"noopener\">PDF<\/a>]<\/td>\n<\/tr>\n<tr style=\"height: 24px\">\n<td style=\"width: 27.0891%;text-align: center;height: 24px\">Jakson Aquiles Busnello<\/td>\n<td style=\"width: 28.2523%;text-align: center;height: 24px\">A QUALIDADE DE VIDA NO TRABALHO DE MULHERES MILITARES ESTADUAIS NA POL\u00cdCIA MILITAR DO PARAN\u00c1<\/td>\n<td style=\"width: 18.9072%;text-align: center;height: 24px\">Prof.\u00aa Dra. Sandra Mara de Andrade<\/td>\n<td style=\"width: 18.3526%;text-align: center;height: 24px\">30\/09\/2024<\/td>\n<td style=\"width: 29.2667%;text-align: center;height: 24px\">[<a href=\"https:\/\/tede.unicentro.br\/jspui\/handle\/jspui\/2406\" target=\"_blank\" rel=\"noopener\">PDF<\/a>]<\/td>\n<\/tr>\n<tr style=\"height: 24px\">\n<td style=\"width: 27.0891%;text-align: center;height: 24px\">Chaiane Prestes dos Santos Basbosa<\/td>\n<td style=\"width: 28.2523%;text-align: center;height: 24px\">COMPET\u00caNCIAS PARA OS OBJETIVOS DE DESENVOLVIMENTO<br \/>\nSUSTENT\u00c1VEL, NA PERSPECTIVA DOS DOCENTES DOS CURSOS DE ADMINISTRA\u00c7\u00c3O EM INSTITUI\u00c7\u00d5ES DE ENSINO SUPERIOR DE GUARAPUAVA-PR<\/td>\n<td style=\"width: 18.9072%;text-align: center;height: 24px\">Prof. Dr. Silvio Roberto Stefani<\/td>\n<td style=\"width: 18.3526%;text-align: center;height: 24px\">02\/10\/2024<\/td>\n<td style=\"width: 29.2667%;text-align: center;height: 24px\">[<a href=\"https:\/\/tede.unicentro.br\/jspui\/handle\/jspui\/2412\" target=\"_blank\" rel=\"noopener\">PDF<\/a>]<\/td>\n<\/tr>\n<tr style=\"height: 24px\">\n<td style=\"width: 27.0891%;text-align: center;height: 24px\">Janete Aparecida de Oliveira Soares<\/td>\n<td style=\"width: 28.2523%;text-align: center;height: 24px\">PLANEJAMENTO ESTRAT\u00c9GICO MUNICIPAL TENDO POR BASE A NT 17\/22 TCE\/PR-PROGOV E O BALANCED SCORECARD<\/td>\n<td style=\"width: 18.9072%;text-align: center;height: 24px\">Prof. Dr. L\u00e9o Raifur<\/td>\n<td style=\"width: 18.3526%;text-align: center;height: 24px\">22\/10\/2024<\/td>\n<td style=\"width: 29.2667%;text-align: center;height: 24px\">[<a href=\"https:\/\/tede.unicentro.br\/jspui\/handle\/jspui\/2422\" target=\"_blank\" rel=\"noopener\">PDF<\/a>]<\/td>\n<\/tr>\n<tr style=\"height: 24px\">\n<td style=\"width: 27.0891%;text-align: center;height: 24px\">H\u00e9rida G\u00f3es Mernick<\/td>\n<td style=\"width: 28.2523%;text-align: center;height: 24px\">INOVA\u00c7\u00c3O E TRANSFORMA\u00c7\u00c3O DIGITAL: O PROCESSO DE INSTITUCIONALIZA\u00c7\u00c3O DO PROTOCOLO DIGITAL EM UMA INSTITUI\u00c7\u00c3O DE ENSINO SUPERIOR P\u00daBLICA\u201d<\/td>\n<td style=\"width: 18.9072%;text-align: center;height: 24px\">Prof.\u00aa Dra. Stella Maris Lima Alto\u00e9 Suave<\/td>\n<td style=\"width: 18.3526%;text-align: center;height: 24px\">28\/10\/2024<\/td>\n<td style=\"width: 29.2667%;text-align: center;height: 24px\">[<a href=\"https:\/\/tede.unicentro.br\/jspui\/handle\/jspui\/2420\" target=\"_blank\" rel=\"noopener\">PDF<\/a>]<\/td>\n<\/tr>\n<\/tbody>\n<\/table>\n<p>[\/vc_column_text][\/vc_tta_section][vc_tta_section title=&#8221;2025&#8243; tab_id=&#8221;1759790055328-6e5a286f-f3ab&#8221;][vc_column_text css=&#8221;&#8221;]<\/p>\n<table style=\"width: 96.6064%; height: 948px;\">\n<tbody>\n<tr style=\"height: 24px;\">\n<td style=\"height: 24px; width: 27.0891%; text-align: center;\"><span style=\"color: #333333; font-family: arial, helvetica, sans-serif; font-size: 10pt;\">AUTOR(A)<\/span><\/td>\n<td style=\"height: 24px; width: 28.2523%; text-align: center;\"><span style=\"color: #333333; font-family: arial, helvetica, sans-serif; font-size: 10pt;\">T\u00cdTULO<\/span><\/td>\n<td style=\"height: 24px; width: 20.1762%; text-align: center;\"><span style=\"color: #333333; font-family: arial, helvetica, sans-serif; font-size: 10pt;\">ORIENTADOR(A)<\/span><\/td>\n<td style=\"height: 24px; width: 17.0836%; text-align: center;\"><span style=\"color: #333333; font-family: arial, helvetica, sans-serif; font-size: 10pt;\">DATA DA DEFESA<\/span><\/td>\n<td style=\"height: 24px; width: 29.2667%; text-align: center;\"><span style=\"color: #333333; font-family: arial, helvetica, sans-serif; font-size: 10pt;\">DISSERTA\u00c7\u00c3O<\/span><\/td>\n<\/tr>\n<tr style=\"height: 144px;\">\n<td style=\"width: 27.0891%; text-align: center; height: 144px;\">\n<pre><span style=\"font-family: arial, helvetica, sans-serif; font-size: 10pt;\">Ana Rita Haffermam De Siqueira<\/span><\/pre>\n<p><span style=\"font-family: arial, helvetica, sans-serif; font-size: 10pt;\"><span data-olk-copy-source=\"MessageBody\">&nbsp;<\/span><\/span><\/td>\n<td style=\"width: 28.2523%; text-align: center; height: 144px;\"><span class=\"fontstyle0\" style=\"font-family: arial, helvetica, sans-serif; font-size: 10pt;\"><span class=\"fontstyle0\" style=\"font-family: arial, helvetica, sans-serif; font-size: 10pt;\"><span class=\"fontstyle0\" style=\"font-family: arial, helvetica, sans-serif; font-size: 10pt;\"><span class=\"fontstyle0\"> ENTRE A NORMA E A <\/span><\/span><\/span><\/span><span class=\"fontstyle0\" style=\"font-family: arial, helvetica, sans-serif; font-size: 10pt;\"><span class=\"fontstyle0\" style=\"font-family: arial, helvetica, sans-serif; font-size: 10pt;\"><span class=\"fontstyle0\" style=\"font-family: arial, helvetica, sans-serif; font-size: 10pt;\"><span class=\"fontstyle0\">PR\u00c1TICA: A EQUIDADE SALARIAL DE G\u00caNERO EM UMA ORGANIZA\u00c7\u00c3O&nbsp; <\/span><\/span><\/span><\/span><span class=\"fontstyle0\" style=\"font-family: arial, helvetica, sans-serif; font-size: 10pt;\"><span class=\"fontstyle0\" style=\"font-family: arial, helvetica, sans-serif; font-size: 10pt;\"><span class=\"fontstyle0\">AGROINDUSTRIAL \u00c0 LUZ DA LEI N\u00ba 14.611\/2023<\/span><\/span><\/span><\/p>\n<p>&nbsp;<\/td>\n<td style=\"width: 20.1762%; text-align: center; height: 144px;\"><span style=\"font-family: arial, helvetica, sans-serif; font-size: 10pt;\"> Prof. Dr. <span class=\"fontstyle0\">Luiz Fernando Lara<\/span><br \/>\n<\/span><\/td>\n<td style=\"width: 17.0836%; text-align: center; height: 144px;\"><span style=\"font-family: arial, helvetica, sans-serif; font-size: 10pt;\"><span data-olk-copy-source=\"MessageBody\">12\/09\/2025<\/span><\/span><\/td>\n<td style=\"width: 29.2667%; text-align: center; height: 144px;\"><span style=\"color: #333333; font-family: arial, helvetica, sans-serif; font-size: 10pt;\">[<a href=\"https:\/\/biblioteca.sophia.com.br\/terminalri\/9566\/acervo\/detalhe\/157888?guid=1763586662651&amp;returnUrl=%2fterminalri%2f9566%2fresultado%2flistar%3fguid%3d1763586662651%26quantidadePaginas%3d1%26codigoRegistro%3d157888%23157888&amp;i=1\" target=\"_blank\" rel=\"noopener\">PDF<\/a>]<\/span><\/td>\n<\/tr>\n<tr style=\"height: 72px;\">\n<td style=\"width: 27.0891%; text-align: center; height: 72px;\"><span style=\"font-family: arial, helvetica, sans-serif; font-size: 10pt;\"><span data-olk-copy-source=\"MessageBody\"> Benevenuto Demarco Junior<\/span><\/span><\/td>\n<td style=\"width: 28.2523%; text-align: center; height: 72px;\"><span class=\"fontstyle0\" style=\"font-family: arial, helvetica, sans-serif; font-size: 10pt;\"><span class=\"fontstyle0\" style=\"font-family: arial, helvetica, sans-serif; font-size: 10pt;\"> <span class=\"fontstyle0\">PROPOSI\u00c7\u00c3O DE MODELO ESTRAT\u00c9GICO DE GEST\u00c3O DE COMPRAS DE <\/span><\/span><\/span><span class=\"fontstyle0\" style=\"font-family: arial, helvetica, sans-serif; font-size: 10pt;\"><span class=\"fontstyle0\" style=\"font-family: arial, helvetica, sans-serif; font-size: 10pt;\"><span class=\"fontstyle0\">MATERIAIS E CONTRATA\u00c7\u00c3O DE SERVI\u00c7OS PARA UMA MULTINACIONAL DE&nbsp; <\/span><\/span><\/span><span class=\"fontstyle0\" style=\"font-family: arial, helvetica, sans-serif; font-size: 10pt;\"><span class=\"fontstyle0\">GEN\u00c9TICA SU\u00cdNA<\/span><br \/>\n<\/span><\/td>\n<td style=\"width: 20.1762%; text-align: center; height: 72px;\"><span style=\"font-family: arial, helvetica, sans-serif; font-size: 10pt;\"> Prof. Dr. <span class=\"fontstyle0\">Mauricio Jo\u00e3o Atamanczuk<\/span><br \/>\n<\/span><\/td>\n<td style=\"width: 17.0836%; text-align: center; height: 72px;\"><span style=\"font-family: arial, helvetica, sans-serif; font-size: 10pt;\"><span data-olk-copy-source=\"MessageBody\">21\/08\/2025<\/span><\/span><\/td>\n<td style=\"width: 29.2667%; text-align: center; height: 72px;\"><span style=\"color: #333333; font-family: arial, helvetica, sans-serif; font-size: 10pt;\"> [<a href=\"https:\/\/biblioteca.sophia.com.br\/terminalri\/9566\/acervo\/detalhe\/157474?guid=1761047492399&amp;returnUrl=%2fterminalri%2f9566%2fresultado%2flistar%3fguid%3d1761047492399%26quantidadePaginas%3d1%26codigoRegistro%3d157474%23157474&amp;i=1\" target=\"_blank\" rel=\"noopener\">PDF<\/a>]<\/span><\/td>\n<\/tr>\n<tr style=\"height: 24px;\">\n<td style=\"height: 24px; width: 27.0891%; text-align: center;\"><span style=\"font-family: arial, helvetica, sans-serif; font-size: 10pt;\">Carlos Filipe Cosentino Gomes<\/span><\/td>\n<td style=\"height: 24px; width: 28.2523%; text-align: center;\"><span class=\"fontstyle0\" style=\"font-family: arial, helvetica, sans-serif; font-size: 10pt;\"> UNIVERSIDADES E PARQUES TECNOL\u00d3GICOS NA H\u00c9LICE QU\u00c1DRUPLA: A PARCERIA ENTRE UNICENTRO E CILLA TECH PARK <\/span><\/td>\n<td style=\"width: 20.1762%; height: 24px; text-align: center;\" align=\"justify\" height=\"18\"><span style=\"font-family: arial, helvetica, sans-serif; font-size: 10pt;\">Prof. Dr. S\u00e9rgio Luis Dias Doliveira<\/span><\/td>\n<td style=\"height: 24px; width: 17.0836%; text-align: center;\"><span style=\"font-family: arial, helvetica, sans-serif; font-size: 10pt;\">27\/06\/2025<\/span><\/td>\n<td style=\"height: 24px; width: 29.2667%; text-align: center;\"><span style=\"color: #333333; font-family: arial, helvetica, sans-serif; font-size: 10pt;\">[<a href=\"https:\/\/biblioteca.sophia.com.br\/terminalri\/9566\/acervo\/detalhe\/157052?guid=1759793837103&amp;returnUrl=%2fterminalri%2f9566%2fresultado%2flistar%3fguid%3d1759793837103%26quantidadePaginas%3d1%26codigoRegistro%3d157052%23157052&amp;i=1\" target=\"_blank\" rel=\"noopener\">PDF<\/a>]<\/span><\/td>\n<\/tr>\n<tr style=\"height: 48px;\">\n<td style=\"width: 27.0891%; text-align: center; height: 48px;\"><span style=\"font-family: arial, helvetica, sans-serif; font-size: 10pt;\">Carine Grosko Guedes<\/span><\/td>\n<td style=\"width: 28.2523%; text-align: center; height: 48px;\"><span class=\"fontstyle0\" style=\"font-family: arial, helvetica, sans-serif; font-size: 10pt;\">INOVA\u00c7\u00c3O DIGITAL NO PARAN\u00c1: IMPACTO DA FORMA\u00c7\u00c3O EM TECNOLOGIAS COMPUTACIONAIS NA EMPREGABILIDADE<\/span><\/td>\n<td style=\"width: 20.1762%; text-align: center; height: 48px;\"><span style=\"font-family: arial, helvetica, sans-serif; font-size: 10pt;\">Prof. Dr. Marcos Roberto K\u00fchl<\/span><\/td>\n<td style=\"width: 17.0836%; text-align: center; height: 48px;\"><span style=\"font-family: arial, helvetica, sans-serif; font-size: 10pt;\">16\/07\/2025<\/span><\/td>\n<td style=\"width: 29.2667%; text-align: center; height: 48px;\"><span style=\"color: #333333; font-family: arial, helvetica, sans-serif; font-size: 10pt;\">[<a href=\"https:\/\/biblioteca.sophia.com.br\/terminalri\/9566\/acervo\/detalhe\/157287?guid=1759779520174&amp;returnUrl=%2fterminalri%2f9566%2fresultado%2flistar%3fguid%3d1759779520174%26quantidadePaginas%3d1%26codigoRegistro%3d157287%23157287&amp;i=1\" target=\"_blank\" rel=\"noopener\">PDF<\/a>]<\/span><\/td>\n<\/tr>\n<tr style=\"height: 48px;\">\n<td style=\"width: 27.0891%; text-align: center; height: 48px;\"><span style=\"font-family: arial, helvetica, sans-serif; font-size: 10pt;\">Fernando Jose&nbsp; Krause Rodrigues<br \/>\n<\/span><\/td>\n<td style=\"width: 28.2523%; text-align: center; height: 48px;\"><span class=\"fontstyle0\" style=\"font-family: arial, helvetica, sans-serif; font-size: 10pt;\"> A GEST\u00c3O DOS RES\u00cdDUOS S\u00d3LIDOS URBANOS E SUAS IMPLICA\u00c7\u00d5ES NO MUNIC\u00cdPIO DE RESERVA \u2013 PR <\/span><\/td>\n<td style=\"width: 20.1762%; text-align: center; height: 48px;\"><span style=\"font-family: arial, helvetica, sans-serif; font-size: 10pt;\">Prof. Dr. Cl\u00e1udio Luiz Chiusoli<\/span><\/td>\n<td style=\"width: 17.0836%; text-align: center; height: 48px;\"><span style=\"font-family: arial, helvetica, sans-serif; font-size: 10pt;\">08\/07\/2025<\/span><\/td>\n<td style=\"width: 29.2667%; text-align: center; height: 48px;\"><span style=\"color: #333333; font-family: arial, helvetica, sans-serif; font-size: 10pt;\">[<a href=\"https:\/\/biblioteca.sophia.com.br\/terminalri\/9566\/acervo\/detalhe\/157279?guid=1759772475069&amp;returnUrl=%2fterminalri%2f9566%2fresultado%2flistar%3fguid%3d1759772475069%26quantidadePaginas%3d1%26codigoRegistro%3d157279%23157279&amp;i=1\" target=\"_blank\" rel=\"noopener\">PDF<\/a>]<\/span><\/td>\n<\/tr>\n<tr style=\"height: 72px;\">\n<td style=\"width: 27.0891%; text-align: center; height: 72px;\"><span style=\"font-family: arial, helvetica, sans-serif; font-size: 10pt;\">Flaviane Camargo Foga\u00e7a Ribas<\/span><\/td>\n<td style=\"width: 28.2523%; text-align: center; height: 72px;\"><span class=\"fontstyle0\" style=\"font-family: arial, helvetica, sans-serif; font-size: 10pt;\"><span class=\"fontstyle0\" style=\"font-family: arial, helvetica, sans-serif; font-size: 10pt;\"> <span class=\"fontstyle0\">PROPOSTA DE IMPLEMENTA\u00c7\u00c3O DE UM SISTEMA INTEGRADO DE GEST\u00c3O <\/span><\/span><\/span><span class=\"fontstyle0\" style=\"font-family: arial, helvetica, sans-serif; font-size: 10pt;\"><span class=\"fontstyle0\">EM UMA CEREALISTA ESPECIALIZADA EM FEIJ\u00c3O<\/span><br \/>\n<\/span><\/td>\n<td style=\"width: 20.1762%; text-align: center; height: 72px;\"><span style=\"font-family: arial, helvetica, sans-serif; font-size: 10pt;\"> Prof.\u00aa Dra. <span class=\"fontstyle0\">Sandra Mara de Andrade<\/span><br \/>\n<\/span><\/td>\n<td style=\"width: 17.0836%; text-align: center; height: 72px;\"><span style=\"font-family: arial, helvetica, sans-serif; font-size: 10pt;\">27\/08\/2025<\/span><\/td>\n<td style=\"width: 29.2667%; text-align: center; height: 72px;\"><span style=\"color: #333333; font-family: arial, helvetica, sans-serif; font-size: 10pt;\">[<a href=\"https:\/\/biblioteca.sophia.com.br\/terminalri\/9566\/acervo\/detalhe\/157310?guid=1759924557759&amp;returnUrl=%2fterminalri%2f9566%2fresultado%2flistar%3fguid%3d1759924557759%26quantidadePaginas%3d1%26codigoRegistro%3d157310%23157310&amp;i=1\" target=\"_blank\" rel=\"noopener\">PDF<\/a>]<\/span><\/td>\n<\/tr>\n<tr style=\"height: 25px;\">\n<td style=\"height: 25px; width: 27.0891%; text-align: center;\"><span style=\"font-family: arial, helvetica, sans-serif; font-size: 10pt;\">Francielli Ramos Ferraz<\/span><\/td>\n<td style=\"height: 25px; width: 28.2523%; text-align: center;\"><span style=\"font-family: arial, helvetica, sans-serif; font-size: 10pt;\"> <span class=\"fontstyle0\">IMPACTO FINANCEIRO NO PASSIVO TRABALHISTA DE UMA <\/span><span class=\"fontstyle0\">TRANSPORTADORA COM A IMPLANTA\u00c7\u00c3O DO SISTEMA DE TELEMETRIA<\/span> <\/span><\/td>\n<td style=\"width: 20.1762%; height: 25px; text-align: center;\" align=\"left\" height=\"18\"><span style=\"font-family: arial, helvetica, sans-serif; font-size: 10pt;\">Prof.\u00aa Dra. Jos\u00e9lia Elvira Teixeira<\/span><\/td>\n<td style=\"height: 25px; width: 17.0836%; text-align: center;\"><span style=\"font-family: arial, helvetica, sans-serif; font-size: 10pt;\">10\/07\/2025<\/span><\/td>\n<td style=\"height: 25px; width: 29.2667%; text-align: center;\"><span style=\"color: #333333; font-family: arial, helvetica, sans-serif; font-size: 10pt;\">[<a href=\"https:\/\/biblioteca.sophia.com.br\/terminalri\/9566\/acervo\/detalhe\/157289?guid=1759779445512&amp;returnUrl=%2fterminalri%2f9566%2fresultado%2flistar%3fguid%3d1759779445512%26quantidadePaginas%3d1%26codigoRegistro%3d157289%23157289&amp;i=1\" target=\"_blank\" rel=\"noopener\">PDF<\/a>]<\/span><\/td>\n<\/tr>\n<tr style=\"height: 48px;\">\n<td style=\"width: 27.0891%; text-align: center; height: 48px;\"><span style=\"font-family: arial, helvetica, sans-serif; font-size: 10pt;\">Jaqueline Almeida de Lima<\/span><\/td>\n<td style=\"width: 28.2523%; text-align: center; height: 48px;\"><span class=\"fontstyle0\" style=\"font-family: arial, helvetica, sans-serif; font-size: 10pt;\"> INOVA\u00c7\u00c3O EM SERVI\u00c7OS P\u00daBLICOS: PERCEP\u00c7\u00c3O DE AGENTES UNIVERSIT\u00c1RIOS EM UMA INSTITUI\u00c7\u00c3O DE ENSINO SUPERIOR <\/span><\/td>\n<td style=\"width: 20.1762%; text-align: center; height: 48px;\"><span style=\"font-family: arial, helvetica, sans-serif; font-size: 10pt;\">Prof. Dr. Marcos Roberto K\u00fchl<\/span><\/td>\n<td style=\"width: 17.0836%; text-align: center; height: 48px;\"><span style=\"font-family: arial, helvetica, sans-serif; font-size: 10pt;\">11\/08\/2025<\/span><\/td>\n<td style=\"width: 29.2667%; text-align: center; height: 48px;\"><span style=\"color: #333333; font-family: arial, helvetica, sans-serif; font-size: 10pt;\">[<a href=\"https:\/\/biblioteca.sophia.com.br\/terminalri\/9566\/acervo\/detalhe\/157290?guid=1759779384690&amp;returnUrl=%2fterminalri%2f9566%2fresultado%2flistar%3fguid%3d1759779384690%26quantidadePaginas%3d1%26codigoRegistro%3d157290%23157290&amp;i=1\" target=\"_blank\" rel=\"noopener\">PDF<\/a>]<\/span><\/td>\n<\/tr>\n<tr>\n<td style=\"width: 27.0891%; text-align: center;\">\n<pre><span style=\"font-family: arial, helvetica, sans-serif; font-size: 10pt;\"><span lang=\"pt-BR\">Karina Silva Guimar\u00e3es<\/span><\/span><\/pre>\n<\/td>\n<td style=\"width: 28.2523%; text-align: center;\"><span style=\"font-family: arial, helvetica, sans-serif; font-size: 10pt;\">A APRENDIZAGEM ORGANIZACIONAL NO SETOR P\u00daBLICO: UM ESTUDO DE CASO COM O SECRETARIADO MUNICIPAL<\/span><\/td>\n<td style=\"width: 20.1762%; text-align: center;\">\n<p align=\"center\"><span style=\"font-family: arial, helvetica, sans-serif; font-size: 10pt;\"><span lang=\"pt-BR\">Prof<\/span><span lang=\"pt-BR\">\u00aa<\/span><span lang=\"pt-BR\">. <\/span><span lang=\"pt-BR\">Dr<\/span><span lang=\"pt-BR\">a<\/span><span lang=\"pt-BR\">.<\/span><span lang=\"pt-BR\"> Juliane Sachsser Angnes<\/span><\/span><\/p>\n<\/td>\n<td style=\"width: 17.0836%; text-align: center;\"><span style=\"font-family: arial, helvetica, sans-serif; font-size: 10pt;\">27\/08\/2025<\/span><\/td>\n<td style=\"width: 29.2667%; text-align: center;\"><span style=\"color: #333333; font-family: arial, helvetica, sans-serif; font-size: 10pt;\">[<a href=\"https:\/\/biblioteca.sophia.com.br\/terminalri\/9566\/acervo\/detalhe\/157948?guid=1764072415567&amp;returnUrl=%2fterminalri%2f9566%2fresultado%2flistar%3fguid%3d1764072415567%26quantidadePaginas%3d1%26codigoRegistro%3d157948%23157948&amp;i=1\" target=\"_blank\" rel=\"noopener\">PDF<\/a>]<\/span><\/td>\n<\/tr>\n<tr style=\"height: 48px;\">\n<td style=\"width: 27.0891%; text-align: center; height: 48px;\"><span style=\"font-family: arial, helvetica, sans-serif; font-size: 10pt;\">Leandro Martins<\/span><\/td>\n<td style=\"width: 28.2523%; text-align: center; height: 48px;\"><span style=\"font-family: arial, helvetica, sans-serif; font-size: 10pt;\">SUSTENTABILIDADE NA COOPERATIVA DE CR\u00c9DITO NO PINH\u00c3O: PERSPECTIVAS DOS STAKEHOLDERS<\/span><\/td>\n<td style=\"width: 20.1762%; text-align: center; height: 48px;\"><span style=\"font-family: arial, helvetica, sans-serif; font-size: 10pt;\">Prof. Dr. Silvio Roberto St\u00e9fani<\/span><\/td>\n<td style=\"width: 17.0836%; text-align: center; height: 48px;\"><span style=\"font-family: arial, helvetica, sans-serif; font-size: 10pt;\">24\/06\/2025<\/span><\/td>\n<td style=\"width: 29.2667%; text-align: center; height: 48px;\"><span style=\"color: #333333; font-family: arial, helvetica, sans-serif; font-size: 10pt;\">[<a href=\"https:\/\/biblioteca.sophia.com.br\/terminalri\/9566\/acervo\/detalhe\/157285?guid=1759779563284&amp;returnUrl=%2fterminalri%2f9566%2fresultado%2flistar%3fguid%3d1759779563284%26quantidadePaginas%3d1%26codigoRegistro%3d157285%23157285&amp;i=1\" target=\"_blank\" rel=\"noopener\">PDF<\/a>]<\/span><\/td>\n<\/tr>\n<tr style=\"height: 72px;\">\n<td style=\"width: 27.0891%; text-align: center; height: 72px;\"><span style=\"font-family: arial, helvetica, sans-serif; font-size: 10pt;\"> Maira Thatiane Pedroso de Campos<\/span><\/td>\n<td style=\"width: 28.2523%; text-align: center; height: 72px;\"><span style=\"font-family: arial, helvetica, sans-serif; font-size: 10pt;\"><span style=\"font-family: arial, helvetica, sans-serif; font-size: 10pt;\">&nbsp;<span class=\"fontstyle0\">A ATUA\u00c7\u00c3O EMPREENDEDORA DE PSIC\u00d3LOGOS: AN\u00c1LISE DOS <\/span><\/span><\/span><span style=\"font-family: arial, helvetica, sans-serif; font-size: 10pt;\"><span class=\"fontstyle0\">ELEMENTOS QUE CONFIGURAM SUAS TRAJET\u00d3RIAS PROFISSIONAIS<\/span><br \/>\n<\/span><\/td>\n<td style=\"width: 20.1762%; text-align: center; height: 72px;\"><span class=\"fontstyle0\" style=\"font-size: 10pt; font-family: arial, helvetica, sans-serif;\"> Prof. Dr. Gilmar Evandro Szczepanik <\/span><\/td>\n<td style=\"width: 17.0836%; text-align: center; height: 72px;\"><span style=\"font-family: arial, helvetica, sans-serif; font-size: 10pt;\">14\/08\/2025&nbsp;<\/span><\/td>\n<td style=\"width: 29.2667%; text-align: center; height: 72px;\"><span style=\"color: #333333; font-family: arial, helvetica, sans-serif; font-size: 10pt;\">[<a href=\"https:\/\/biblioteca.sophia.com.br\/terminalri\/9566\/acervo\/detalhe\/157890?guid=1763587454508&amp;returnUrl=%2fterminalri%2f9566%2fresultado%2flistar%3fguid%3d1763587454508%26quantidadePaginas%3d1%26codigoRegistro%3d157890%23157890&amp;i=1\" target=\"_blank\" rel=\"noopener\">PDF<\/a>]&nbsp;<\/span><\/td>\n<\/tr>\n<tr style=\"height: 48px;\">\n<td style=\"width: 27.0891%; text-align: center; height: 48px;\"><span style=\"font-family: arial, helvetica, sans-serif; font-size: 10pt;\">Silvania Scopel de Oliveira Souza<\/span><\/td>\n<td style=\"width: 28.2523%; text-align: center; height: 48px;\"><span style=\"font-size: 10pt; font-family: arial, helvetica, sans-serif;\"> <span class=\"fontstyle0\">OBJETIVOS DE DESENVOLVIMENTO SUSTENT\u00c1VEL \u2013 ESTUDO DE CASO EM UMA IES, \u00c0 LUZ DA TEORIA DOS <\/span><span class=\"fontstyle2\">STAKEHOLDERS<\/span> <\/span><\/td>\n<td style=\"width: 20.1762%; text-align: center; height: 48px;\"><span style=\"font-family: arial, helvetica, sans-serif; font-size: 10pt;\">Prof. Dr. Silvio Roberto St\u00e9fani<\/span><\/td>\n<td style=\"width: 17.0836%; text-align: center; height: 48px;\"><span style=\"font-family: arial, helvetica, sans-serif; font-size: 10pt;\">15\/05\/2025<\/span><\/td>\n<td style=\"width: 29.2667%; text-align: center; height: 48px;\"><span style=\"color: #333333; font-family: arial, helvetica, sans-serif; font-size: 10pt;\">[<a href=\"https:\/\/biblioteca.sophia.com.br\/terminalri\/9566\/acervo\/detalhe\/154335?guid=1759794059492&amp;returnUrl=%2fterminalri%2f9566%2fresultado%2flistar%3fguid%3d1759794059492%26quantidadePaginas%3d1%26codigoRegistro%3d154335%23154335&amp;i=1\" target=\"_blank\" rel=\"noopener\">PDF<\/a>]<\/span><\/td>\n<\/tr>\n<tr style=\"height: 59px;\">\n<td style=\"width: 27.0891%; text-align: center; height: 59px;\"><span style=\"font-family: arial, helvetica, sans-serif; font-size: 10pt;\">Simone Ternoski de Souza<\/span><\/td>\n<td style=\"width: 28.2523%; text-align: center; height: 59px;\"><span style=\"font-size: 10pt; font-family: arial, helvetica, sans-serif;\"><span style=\"font-size: 10pt; font-family: arial, helvetica, sans-serif;\"><span class=\"fontstyle0\"> SUSTENTABILIDADE <\/span><\/span><\/span><span style=\"font-size: 10pt; font-family: arial, helvetica, sans-serif;\"><span style=\"font-size: 10pt; font-family: arial, helvetica, sans-serif;\"><span class=\"fontstyle0\">ORGANIZACIONAL E ECOINOVA\u00c7\u00c3O EM IND\u00daSTRIAS DE CER\u00c2MICA VERMELHA <\/span><\/span><\/span><span style=\"font-size: 10pt; font-family: arial, helvetica, sans-serif;\"><span class=\"fontstyle0\">DE PRUDENT\u00d3POLIS &#8211; PR<\/span><\/span><\/td>\n<td style=\"width: 20.1762%; text-align: center; height: 59px;\"><span style=\"font-family: arial, helvetica, sans-serif; font-size: 10pt;\">Prof. Dr. Marcos Roberto K\u00fchl<\/span><\/td>\n<td style=\"width: 17.0836%; text-align: center; height: 59px;\"><span style=\"font-family: arial, helvetica, sans-serif; font-size: 10pt;\">07\/08\/2025<\/span><\/td>\n<td style=\"width: 29.2667%; text-align: center; height: 59px;\"><span style=\"color: #333333; font-family: arial, helvetica, sans-serif; font-size: 10pt;\">[<a href=\"https:\/\/biblioteca.sophia.com.br\/terminalri\/9566\/acervo\/detalhe\/157368?guid=1760034398906&amp;returnUrl=%2fterminalri%2f9566%2fresultado%2flistar%3fguid%3d1760034398906%26quantidadePaginas%3d1%26codigoRegistro%3d157368%23157368&amp;i=1\" target=\"_blank\" rel=\"noopener\">PDF<\/a>]<\/span><\/td>\n<\/tr>\n<tr style=\"height: 48px;\">\n<td style=\"width: 27.0891%; text-align: center; height: 48px;\"><span style=\"font-family: arial, helvetica, sans-serif; font-size: 10pt;\">Taiana Gomes<\/span><\/td>\n<td style=\"width: 28.2523%; text-align: center; height: 48px;\"><span class=\"fontstyle0\" style=\"font-family: arial, helvetica, sans-serif; font-size: 10pt;\"> DIGITALIZA\u00c7\u00c3O DO JUDICI\u00c1RIO PARANAENSE: UM ESTUDO DAS TECNOLOGIAS DIGITAIS NO TJPR <\/span><\/td>\n<td style=\"width: 20.1762%; text-align: center; height: 48px;\"><span style=\"font-family: arial, helvetica, sans-serif; font-size: 10pt;\">Prof.\u00aa Dra. Jos\u00e9lia Elvira Teixeira<\/span><\/td>\n<td style=\"width: 17.0836%; text-align: center; height: 48px;\"><span style=\"font-family: arial, helvetica, sans-serif; font-size: 10pt;\">16\/07\/2025<\/span><\/td>\n<td style=\"width: 29.2667%; text-align: center; height: 48px;\"><span style=\"color: #333333; font-family: arial, helvetica, sans-serif; font-size: 10pt;\">[<a href=\"https:\/\/biblioteca.sophia.com.br\/terminalri\/9566\/acervo\/detalhe\/157288?guid=1759779488589&amp;returnUrl=%2fterminalri%2f9566%2fresultado%2flistar%3fguid%3d1759779488589%26quantidadePaginas%3d1%26codigoRegistro%3d157288%23157288&amp;i=1\" target=\"_blank\" rel=\"noopener\">PDF<\/a>]<\/span><\/td>\n<\/tr>\n<tr style=\"height: 96px;\">\n<td style=\"width: 27.0891%; text-align: center; height: 96px;\"><span style=\"font-family: arial, helvetica, sans-serif; font-size: 10pt;\">Tamara Franciely de R\u00e9<\/span><\/td>\n<td style=\"width: 28.2523%; text-align: center; height: 96px;\"><span style=\"font-family: arial, helvetica, sans-serif; font-size: 10pt;\">A CONTRIBUI\u00c7\u00c3O DO PROGRAMA DE FORMA\u00c7\u00c3O DE PROFESSORES UNIVERSIT\u00c1RIOS ENTREDOCENTES PARA A ATUA\u00c7\u00c3O DOCENTE NO SETOR DE CI\u00caNCIAS SOCIAIS APLICADAS DA UNICENTRO<\/span><\/td>\n<td style=\"width: 20.1762%; text-align: center; height: 96px;\"><span style=\"font-family: arial, helvetica, sans-serif; font-size: 10pt;\">Prof.\u00aa Dra. Stella Maris Lima Alto\u00e9 Suave<\/span><\/td>\n<td style=\"width: 17.0836%; text-align: center; height: 96px;\"><span style=\"font-family: arial, helvetica, sans-serif; font-size: 10pt;\">19\/08\/2025<\/span><\/td>\n<td style=\"width: 29.2667%; text-align: center; height: 96px;\"><span style=\"color: #333333; font-family: arial, helvetica, sans-serif; font-size: 10pt;\">[<a href=\"https:\/\/biblioteca.sophia.com.br\/terminalri\/9566\/acervo\/detalhe\/157291?guid=1759779281952&amp;returnUrl=%2fterminalri%2f9566%2fresultado%2flistar%3fguid%3d1759779281952%26quantidadePaginas%3d1%26codigoRegistro%3d157291%23157291&amp;i=1\" target=\"_blank\" rel=\"noopener\">PDF<\/a>]<\/span><\/td>\n<\/tr>\n<tr style=\"height: 72px;\">\n<td style=\"width: 27.0891%; text-align: center; height: 72px;\"><span style=\"font-family: arial, helvetica, sans-serif; font-size: 10pt;\"> Thaisa Losso Gechele<\/span><\/td>\n<td style=\"width: 28.2523%; text-align: center; height: 72px;\"><span style=\"font-family: arial, helvetica, sans-serif; font-size: 10pt;\">&nbsp;<span class=\"fontstyle0\">PROPOSTA T\u00c9CNICA DE INOVA\u00c7\u00c3O NA RASTREABILIDADE DA SOJA: INTEGRA\u00c7\u00c3O DE BLOCKCHAIN, IOT E FERRAMENTAS DE CONFORMIDADE AMBIENTAL EM UMA COOPERATIVA RURA<\/span><br \/>\n<\/span><\/td>\n<td style=\"width: 20.1762%; text-align: center; height: 72px;\"><span style=\"font-family: arial, helvetica, sans-serif; font-size: 10pt;\">&nbsp;Prof. Dr. <span class=\"fontstyle0\">Jo\u00e3o Francisco Morozini<\/span>&nbsp;<\/span><\/td>\n<td style=\"width: 17.0836%; text-align: center; height: 72px;\"><span style=\"font-family: arial, helvetica, sans-serif; font-size: 10pt;\">26\/08\/2025&nbsp;<\/span><\/td>\n<td style=\"width: 29.2667%; text-align: center; height: 72px;\"><span style=\"color: #333333; font-family: arial, helvetica, sans-serif; font-size: 10pt;\">[<a href=\"https:\/\/biblioteca.sophia.com.br\/terminalri\/9566\/acervo\/detalhe\/157889?guid=1763587089524&amp;returnUrl=%2fterminalri%2f9566%2fresultado%2flistar%3fguid%3d1763587089524%26quantidadePaginas%3d1%26codigoRegistro%3d157889%23157889&amp;i=1\" target=\"_blank\" rel=\"noopener\">PDF<\/a>]&nbsp;<\/span><\/td>\n<\/tr>\n<\/tbody>\n<\/table>\n<p>[\/vc_column_text][\/vc_tta_section][\/vc_tta_accordion][\/vc_column][vc_column][vc_row_inner][vc_column_inner][\/vc_column_inner][\/vc_row_inner][\/vc_column][\/vc_row]<\/p>\n<\/div>","protected":false},"excerpt":{"rendered":"<p>[vc_row][vc_column][vc_tta_accordion style=&#8221;flat&#8221; shape=&#8221;square&#8221; color=&#8221;peacoc&#8221; spacing=&#8221;1&#8243; active_section=&#8221;50&#8243; no_fill=&#8221;true&#8221; collapsible_all=&#8221;true&#8221;][vc_tta_section title=&#8221;2016&#8243; tab_id=&#8221;1495471915836-34feb19a-94b6&#8243;][vc_column_text css=&#8221;&#8221;] AUTOR(A) T\u00cdTULO ORIENTADOR(A) DATA DA DEFESA DISSERTA\u00c7\u00c3O Caroline Monteiro O PROCESSO DE COMUNICA\u00c7\u00c3O ORGANIZACIONAL INTERNA: um estudo na associa\u00e7\u00e3o comercial e empresarial de Guarapuava\/PR Profa. Dra. Juliane Sachser Angnes 21\/03\/2016 [pdf] Gylmar Teixeira COMPET\u00caNCIAS PARA SUSTENTABILIDADE: an\u00e1lise em institui\u00e7\u00e3o financeira no Paran\u00e1 Prof. Dr. [&hellip;]<\/p>\n","protected":false},"author":3,"featured_media":0,"parent":0,"menu_order":0,"comment_status":"closed","ping_status":"closed","template":"","meta":{"_exactmetrics_skip_tracking":false,"_exactmetrics_sitenote_active":false,"_exactmetrics_sitenote_note":"","_exactmetrics_sitenote_category":0,"footnotes":"","_links_to":"","_links_to_target":""},"class_list":["post-51","page","type-page","status-publish","hentry"],"publishpress_future_action":{"enabled":false,"date":"2026-05-08 23:47:25","action":"change-status","newStatus":"draft","terms":[],"taxonomy":"","extraData":[]},"publishpress_future_workflow_manual_trigger":{"enabledWorkflows":[]},"_links":{"self":[{"href":"https:\/\/www3.unicentro.br\/ppgadm\/wp-json\/wp\/v2\/pages\/51","targetHints":{"allow":["GET"]}}],"collection":[{"href":"https:\/\/www3.unicentro.br\/ppgadm\/wp-json\/wp\/v2\/pages"}],"about":[{"href":"https:\/\/www3.unicentro.br\/ppgadm\/wp-json\/wp\/v2\/types\/page"}],"author":[{"embeddable":true,"href":"https:\/\/www3.unicentro.br\/ppgadm\/wp-json\/wp\/v2\/users\/3"}],"replies":[{"embeddable":true,"href":"https:\/\/www3.unicentro.br\/ppgadm\/wp-json\/wp\/v2\/comments?post=51"}],"version-history":[{"count":4,"href":"https:\/\/www3.unicentro.br\/ppgadm\/wp-json\/wp\/v2\/pages\/51\/revisions"}],"predecessor-version":[{"id":5471,"href":"https:\/\/www3.unicentro.br\/ppgadm\/wp-json\/wp\/v2\/pages\/51\/revisions\/5471"}],"wp:attachment":[{"href":"https:\/\/www3.unicentro.br\/ppgadm\/wp-json\/wp\/v2\/media?parent=51"}],"curies":[{"name":"wp","href":"https:\/\/api.w.org\/{rel}","templated":true}]}}