{"id":22,"date":"2017-12-18T15:36:45","date_gmt":"2017-12-18T17:36:45","guid":{"rendered":"https:\/\/www3.unicentro.br\/paranafalaingles\/?page_id=22"},"modified":"2023-04-05T14:37:56","modified_gmt":"2023-04-05T17:37:56","slug":"editais","status":"publish","type":"page","link":"https:\/\/www3.unicentro.br\/paranafalaingles\/editais\/","title":{"rendered":"Editais"},"content":{"rendered":"<p><strong><span style=\"font-family: helvetica, arial, sans-serif;font-size: 10pt\">2023<\/span><\/strong><\/p>\n<h3><span style=\"font-family: helvetica, arial, sans-serif;font-size: 10pt\"><a class=\"main-color-1-hover\" title=\"EDITAL N\u00ba 005\/2023 \u2013 PFI\/UNICENTRO \u2013 CONVOCA\u00c7\u00c3O DE ESTUDANTE DE GRADUA\u00c7\u00c3O PARA ATUA\u00c7\u00c3O COMO BOLSISTA NO PROJETO DE EXTENS\u00c3O \u201cPROGRAMA PARAN\u00c1 FALA IDIOMAS \u2013 INGL\u00caS\u201d\" href=\"https:\/\/www3.unicentro.br\/proec\/wp-content\/uploads\/sites\/73\/2023\/03\/Edital_2023_005_PFI_UNICENTRO_convocacao_estudante.docx_assinado.pdf\">EDITAL N\u00ba 005\/2023<\/a>&#8211; Convoca\u00e7\u00e3o estudante de gradua\u00e7\u00e3o<\/span><\/h3>\n<p><span style=\"font-family: helvetica, arial, sans-serif;font-size: 10pt\"><strong>2022<\/strong><\/span><\/p>\n<p><a class=\"main-color-1-hover\" title=\"EDITAL N\u00ba 05\/2022 \u2013 PFI\/UNICENTRO \u2013 ABERTURA DO PROCESSO DE SELE\u00c7\u00c3O DE PROFISSIONAL GRADUADO PARA ATUA\u00c7\u00c3O COMO BOLSISTA NO PROJETO DE EXTENS\u00c3O \u201cPROGRAMA PARAN\u00c1 FALA IDIOMAS \u2013 INGL\u00caS\u201d\" href=\"https:\/\/www3.unicentro.br\/proec\/2022\/11\/17\/edital-no-05-2022-pfi-unicentro-abertura-do-processo-de-selecao-de-profissional-graduado-para-atuacao-como-bolsista-no-projeto-de-extensao-programa-parana-fala-idiomas-ingles\/\" target=\"_blank\" rel=\"noopener\"><span style=\"font-size: 10pt;font-family: helvetica, arial, sans-serif\">Edital N\u00ba 05\/2022- <\/span><\/a><span style=\"font-size: 10pt;font-family: helvetica, arial, sans-serif\">Sele\u00e7\u00e3o de Bolsista- Profissional graduado\u00a0<\/span><\/p>\n<p><strong><span style=\"font-family: helvetica, arial, sans-serif;font-size: 10pt\">2021<\/span><\/strong><\/p>\n<p><span style=\"color: #3366ff\"><strong><span style=\"font-family: helvetica, arial, sans-serif;font-size: 10pt\"><a style=\"color: #3366ff\" href=\"https:\/\/www3.unicentro.br\/paranafalaingles\/wp-content\/uploads\/sites\/33\/2021\/08\/Edital-01_2021-Selecao-de-Bolsistas-Estudante-de-Graduacao..pdf\">Edital N\u00ba 01\/2021 &#8211;<\/a> <\/span><\/strong><\/span><span style=\"font-family: helvetica, arial, sans-serif;font-size: 10pt;color: #000000\">Sele\u00e7\u00e3o de Bolsistas &#8211; Estudante de Gradua\u00e7\u00e3o<\/span><\/p>\n<p><strong><span style=\"font-family: helvetica, arial, sans-serif;font-size: 10pt\"><a href=\"https:\/\/www3.unicentro.br\/paranafalaingles\/wp-content\/uploads\/sites\/33\/2021\/08\/Edital-02_2021-Selecao-de-Bolsistas-Profissional-Graduado..pdf\"><span style=\"color: #3366ff\">Edital N\u00ba 02\/2021 &#8211;<\/span><\/a> <\/span><\/strong><span style=\"font-family: helvetica, arial, sans-serif;font-size: 10pt;color: #000000\">Sele\u00e7\u00e3o de Bolsistas &#8211; Profissional Graduado<\/span><\/p>\n<p><span style=\"color: #3366ff\"><strong><span style=\"font-family: helvetica, arial, sans-serif;font-size: 10pt\"><a href=\"https:\/\/www3.unicentro.br\/paranafalaingles\/wp-content\/uploads\/sites\/33\/2021\/08\/Edital-03-2021-Homologac\u0327a\u0303o-Estudante-de-Graduacao.pdf\"><span style=\"color: #3366ff\">Edital N\u00ba 03\/2021 &#8211;<\/span><\/a> <\/span><\/strong><span style=\"font-family: helvetica, arial, sans-serif;font-size: 10pt;color: #000000\">Sele\u00e7\u00e3o de Bolsista &#8211; Estudante de Gradua\u00e7\u00e3o &#8211; Homologa\u00e7\u00e3o das inscri\u00e7\u00f5es e convoca\u00e7\u00e3o para o teste de profici\u00eancia e entrevista<\/span><\/span><\/p>\n<p><span style=\"color: #3366ff\"><strong><span style=\"font-family: helvetica, arial, sans-serif;font-size: 10pt\"><a href=\"https:\/\/www3.unicentro.br\/paranafalaingles\/wp-content\/uploads\/sites\/33\/2021\/08\/Edital-04-2021-Homologacao-Profissional-Graduado.pdf\"><span style=\"color: #3366ff\">Edital N\u00ba 04\/2021 &#8211;<\/span><\/a> <\/span><\/strong><\/span><span style=\"font-family: helvetica, arial, sans-serif;font-size: 10pt;color: #000000\">Sele\u00e7\u00e3o de Bolsista &#8211; Profissional Graduado &#8211; Homologa\u00e7\u00e3o das inscri\u00e7\u00f5es e convoca\u00e7\u00e3o para prova escrita<\/span><\/p>\n<p><span style=\"font-family: helvetica, arial, sans-serif;font-size: 10pt\"><span style=\"color: #3366ff\"><strong><a style=\"color: #3366ff\" href=\"https:\/\/www3.unicentro.br\/paranafalaingles\/wp-content\/uploads\/sites\/33\/2021\/09\/Edital-005-2021-PFI-Homologacao-Final-Estudante.pdf\">Edital N\u00ba 05\/2021 &#8211;<\/a><\/strong>\u00a0<span style=\"color: #000000\">Sele\u00e7\u00e3o de Bolsista &#8211; Estudante de Gradua\u00e7\u00e3o &#8211; <\/span><\/span><span style=\"color: #000000\">Homologa\u00e7\u00e3o final das inscri\u00e7\u00f5es<\/span><\/span><\/p>\n<p><span style=\"font-family: helvetica, arial, sans-serif;font-size: 10pt\"><span style=\"color: #3366ff\"><strong><a style=\"color: #3366ff\" href=\"https:\/\/www3.unicentro.br\/paranafalaingles\/wp-content\/uploads\/sites\/33\/2021\/09\/Edital-006-2021-PFI-Resultado_escrita_convocacao_didatica_Profissional.pdf\">Edital N\u00ba 06\/2021 &#8211;<\/a> <\/strong><\/span><span style=\"color: #000000\">Sele\u00e7\u00e3o de Bolsista &#8211; Profissional Graduado &#8211; Resultado da prova escrita e convoca\u00e7\u00e3o para a prova did\u00e1tica<\/span><\/span><\/p>\n<p><span style=\"font-family: helvetica, arial, sans-serif;font-size: 10pt\"><span style=\"color: #3366ff\"><span style=\"color: #000000\"><span style=\"color: #3366ff\"><strong><a style=\"color: #3366ff\" href=\"https:\/\/www3.unicentro.br\/paranafalaingles\/wp-content\/uploads\/sites\/33\/2021\/09\/Edital-007-2021-PFI-Resultado_Estudante.pdf\">Edital N\u00ba 07\/2021 &#8211;<\/a> <\/strong><\/span>Sele\u00e7\u00e3o de Bolsista &#8211; Estudante de Gradua\u00e7\u00e3o<\/span><\/span><span style=\"color: #000000\"> &#8211; Resultado final<\/span><\/span><\/p>\n<p><strong><span style=\"font-family: helvetica, arial, sans-serif;font-size: 10pt\"><a href=\"https:\/\/www3.unicentro.br\/paranafalaingles\/wp-content\/uploads\/sites\/33\/2021\/09\/Edital-008-2021-PFI-Resultado-Profissionais.pdf\"><span style=\"color: #3366ff\">Edital N\u00ba 08\/2021 &#8211;<\/span> <\/a><\/span><\/strong><span style=\"font-family: helvetica, arial, sans-serif;font-size: 10pt\"><span style=\"color: #3366ff\"><span style=\"color: #000000\">Sele\u00e7\u00e3o de Bolsista &#8211; Profissional Graduado<\/span><\/span><\/span><span style=\"font-family: helvetica, arial, sans-serif;font-size: 10pt\"><span style=\"color: #000000\">\u00a0&#8211; Resultado final<\/span><\/span><\/p>\n<hr \/>\n<p><span style=\"font-size: 10pt;font-family: helvetica, arial, sans-serif\"><strong>2020<\/strong><\/span><\/p>\n<p><span style=\"font-size: 10pt;font-family: helvetica, arial, sans-serif\"><strong><a href=\"https:\/\/www3.unicentro.br\/paranafalaingles\/wp-content\/uploads\/sites\/33\/2020\/02\/N\u00ba-001_-2020-sele\u00e7\u00e3o_bolsistas_ProfissionalGraduado-1.pdf\">Edital N\u00ba 001\/2020 &#8211;<\/a><\/strong>\u00a0Sele\u00e7\u00e3o de Bolsista &#8211; Profissional Graduado &#8211; Cadastro Reserva<\/span><\/p>\n<p><span style=\"font-size: 10pt;font-family: helvetica, arial, sans-serif\"><strong><a href=\"https:\/\/www3.unicentro.br\/paranafalaingles\/wp-content\/uploads\/sites\/33\/2020\/02\/Edital-N\u00ba-02_2020-Homologa\u00e7\u00e3o-dos-inscritos-.pdf\">Edital N\u00ba 002\/2020 &#8211; <\/a><\/strong>Sele\u00e7\u00e3o de Bolsista &#8211; Profissional Graduado &#8211; Homologa\u00e7\u00e3o das Inscri\u00e7\u00f5es<\/span><\/p>\n<p><span style=\"font-size: 10pt;font-family: helvetica, arial, sans-serif\"><strong><a href=\"https:\/\/www3.unicentro.br\/paranafalaingles\/wp-content\/uploads\/sites\/33\/2020\/03\/Edital-N\u00ba-03_2020-Homologa\u00e7\u00e3o-dos-inscritos.pdf\">Edital N\u00ba 003\/2020 &#8211; <\/a><\/strong>Sele\u00e7\u00e3o de Bolsista &#8211; Profissional Graduado &#8211; Homologa\u00e7\u00e3o das Inscri\u00e7\u00f5es e convoca\u00e7\u00e3o para prova escrita<\/span><\/p>\n<p><span style=\"font-size: 10pt;font-family: helvetica, arial, sans-serif\"><strong><a href=\"https:\/\/www3.unicentro.br\/paranafalaingles\/wp-content\/uploads\/sites\/33\/2020\/03\/Edital-004_2020-Profissional-Graduado-Resultado-da-Prova-Escrita-e-Convoca\u00e7\u00e3o-para-Prova-Did\u00e1tica.pdf\">Edital N\u00ba 004\/2020 &#8211; <\/a><\/strong>Sele\u00e7\u00e3o de Bolsista &#8211; Profissional Graduado &#8211; Resultado da Prova Escrita e Convoca\u00e7\u00e3o para Prova Did\u00e1tica<\/span><\/p>\n<p><span style=\"font-size: 10pt;font-family: helvetica, arial, sans-serif\"><strong><a href=\"https:\/\/www3.unicentro.br\/paranafalaingles\/wp-content\/uploads\/sites\/33\/2020\/03\/Edital-N\u00ba-005_2020-Retifica\u00e7\u00e3o-do-cronograma.pdf\">Edital N\u00ba 005\/2020 &#8211; <\/a><\/strong> Sele\u00e7\u00e3o de Bolsista &#8211; Profissional Graduado &#8211; Retifica\u00e7\u00e3o do cronograma<\/span><\/p>\n<p><span style=\"font-size: 10pt;font-family: helvetica, arial, sans-serif\"><a href=\"https:\/\/www3.unicentro.br\/paranafalaingles\/wp-content\/uploads\/sites\/33\/2020\/03\/Edital-N\u00ba-006_2020-Resultado-Final-Profissional-Graduado-Prova-Did\u00e1tica-e-Prova-de-T\u00edtulos-1.pdf\"><strong>Edital N\u00ba 006\/2020 &#8211;<\/strong> <\/a>Sele\u00e7\u00e3o de Bolsista &#8211; Profissional Graduado &#8211; Resultado Final &#8211; Prova Did\u00e1tica e Prova de T\u00edtulos<\/span><\/p>\n<p><span style=\"font-size: 10pt;font-family: helvetica, arial, sans-serif\"><strong><a href=\"https:\/\/www3.unicentro.br\/paranafalaingles\/wp-content\/uploads\/sites\/33\/2020\/04\/Edital-N\u00ba-007_2020-Resultado-Final-Profissional-Graduado-Prova-Did\u00e1tica-e-Prova-de-T\u00edtulos.pdf\">Edital N\u00ba 007\/2020 &#8211;<\/a><\/strong> Sele\u00e7\u00e3o de Bolsista &#8211; Profissional Graduado &#8211; Resultado final ap\u00f3s prazo de recurso &#8211; Prova Did\u00e1tica e Prova de T\u00edtulos<\/span><\/p>\n<hr \/>\n<p><span style=\"font-size: 10pt;font-family: helvetica, arial, sans-serif\"><strong>2019<\/strong><\/span><\/p>\n<p><span style=\"font-size: 10pt;font-family: helvetica, arial, sans-serif\"><strong><a href=\"https:\/\/www3.unicentro.br\/paranafalaingles\/wp-content\/uploads\/sites\/33\/2019\/02\/Edital-N\u00ba-001-_-2019-sele\u00e7\u00e3o_bolsistas_ProfissionalGraduado.pdf\">Edital N\u00ba 001\/2019 &#8211; <\/a><\/strong>Sele\u00e7\u00e3o de Bolsista &#8211; Profissional Graduado.<\/span><\/p>\n<p><span style=\"font-size: 10pt;font-family: helvetica, arial, sans-serif\"><strong><a href=\"https:\/\/www3.unicentro.br\/paranafalaingles\/wp-content\/uploads\/sites\/33\/2019\/03\/Edital-N\u00ba-002_2019-Resultado-da-sele\u00e7\u00e3o-de-estudantes-para-o-primeiro-semestre.pdf\">Edital N\u00ba 002\/2019 <\/a>&#8211;<\/strong> Resultado da sele\u00e7\u00e3o de estudantes para o primeiro semestre de 2019 e convoca\u00e7\u00e3o para a matr\u00edcula.<\/span><\/p>\n<p><span style=\"font-size: 10pt;font-family: helvetica, arial, sans-serif\"><a href=\"https:\/\/www3.unicentro.br\/paranafalaingles\/wp-content\/uploads\/sites\/33\/2019\/03\/Edital-003_2019-Vagas-remanescentes-para-o-1\u00ba-semestre.pdf\"><strong>Edital N\u00ba 003\/2019 &#8211;<\/strong> <\/a>Vagas remanescentes em Guarapuava para os cursos do 1\u00ba semestre de 2019 &#8211; Inscri\u00e7\u00f5es para o teste de nivelamento.<\/span><\/p>\n<p><span style=\"font-size: 10pt;font-family: helvetica, arial, sans-serif\"><strong><a href=\"https:\/\/www3.unicentro.br\/paranafalaingles\/wp-content\/uploads\/sites\/33\/2019\/07\/EDITAL-004_2019-SELE\u00c7\u00c3O-DE-BOLSISTA-ORIENTADOR-PEDAG\u00d3GICO-UNICENTRO.pdf\">Edital N\u00ba 004\/2019<\/a><a href=\"https:\/\/www3.unicentro.br\/paranafalaingles\/wp-content\/uploads\/sites\/33\/2019\/07\/EDITAL-004_2019-SELE\u00c7\u00c3O-DE-BOLSISTA-ORIENTADOR-PEDAG\u00d3GICO-UNICENTRO.pdf\">\u00a0&#8211;<\/a><\/strong>\u00a0 Sele\u00e7\u00e3o de Bolsista &#8211; Orientador Pedag\u00f3gico<\/span><\/p>\n<p><span style=\"font-size: 10pt;font-family: helvetica, arial, sans-serif\"><a href=\"https:\/\/www3.unicentro.br\/paranafalaingles\/wp-content\/uploads\/sites\/33\/2019\/07\/EDITAL-005_2019-SELE\u00c7\u00c3O-DE-BOLSISTA-PROFISSIONAL-GRADUADO-UNICENTRO.pdf\"><strong>Edital N\u00ba 005\/2019 &#8211;\u00a0<\/strong><\/a>\u00a0Sele\u00e7\u00e3o de Bolsista &#8211; Profissional Graduado<\/span><\/p>\n<p><span style=\"font-size: 10pt;font-family: helvetica, arial, sans-serif\"><a href=\"https:\/\/www3.unicentro.br\/paranafalaingles\/wp-content\/uploads\/sites\/33\/2019\/07\/EDITAL-006_2019-SELE\u00c7\u00c3O-DE-BOLSISTA-ESTUDANTE-DE-GRADUA\u00c7\u00c3O-UNICENTRO.pdf\"><strong>Edital N\u00ba 006\/2019 &#8211;<\/strong><\/a>\u00a0 Sele\u00e7\u00e3o de Bolsista &#8211; Estudante de Gradua\u00e7\u00e3o<\/span><\/p>\n<p><span style=\"font-size: 10pt;font-family: helvetica, arial, sans-serif\"><strong><a href=\"https:\/\/www3.unicentro.br\/paranafalaingles\/wp-content\/uploads\/sites\/33\/2019\/08\/EDITAL-007_2019-HOMOLOGA\u00c7\u00c3O-DAS-INSCRI\u00c7\u00d5ES.pdf\">Edital N\u00ba 007\/2019 &#8211;<\/a><\/strong>\u00a0Homologa\u00e7\u00e3o das inscri\u00e7\u00f5es e convoca\u00e7\u00e3o para entrevista e prova escrita<\/span><\/p>\n<p><span style=\"font-size: 10pt;font-family: helvetica, arial, sans-serif\"><a href=\"https:\/\/www3.unicentro.br\/paranafalaingles\/wp-content\/uploads\/sites\/33\/2019\/08\/Edital-N\u00ba-008_2019-Retifica\u00e7\u00e3o-Homologa\u00e7\u00e3o-das-inscri\u00e7\u00f5es.pdf\"><strong>Edital N\u00ba 008\/2019 &#8211;<\/strong><\/a>\u00a0Retifica\u00e7\u00e3o &#8211; Convoca\u00e7\u00e3o para prova escrita &#8211; Profissional Graduado<\/span><\/p>\n<p><span style=\"font-size: 10pt;font-family: helvetica, arial, sans-serif\"><strong><a href=\"https:\/\/www3.unicentro.br\/paranafalaingles\/wp-content\/uploads\/sites\/33\/2019\/08\/Edital-N\u00ba-009_2019-Profissional-Graduado-Resultado-da-prova-escrita-e-convoca\u00e7\u00e3o-para-a-prova-did\u00e1tica.docx.pdf\">Edital N\u00ba 009\/2019 &#8211; <\/a><\/strong>Resultado da prova escrita e convoca\u00e7\u00e3o para a prova did\u00e1tica &#8211; Profissional Graduado<\/span><\/p>\n<p><span style=\"font-size: 10pt;font-family: helvetica, arial, sans-serif\"><strong><a href=\"https:\/\/www3.unicentro.br\/paranafalaingles\/wp-content\/uploads\/sites\/33\/2019\/08\/Edital-N\u00ba-010_2019-Resultado-Final-Sele\u00e7\u00e3o-de-Bolsista-Orientador-Pedag\u00f3gico-e-Estudante-de-Gradua\u00e7\u00e3o-1-1.pdf\">Edital N\u00ba 010\/2019 &#8211; <\/a><\/strong>Resultado Final &#8211; Sele\u00e7\u00e3o de Bolsista &#8211; Orientador Pedag\u00f3gico e Estudante de Gradua\u00e7\u00e3o<\/span><\/p>\n<p><span style=\"font-size: 10pt;font-family: helvetica, arial, sans-serif\"><strong><a href=\"https:\/\/www3.unicentro.br\/paranafalaingles\/wp-content\/uploads\/sites\/33\/2019\/08\/Edital-N\u00ba-011_2019-Sele\u00e7\u00e3o-de-profissional-graduado-Resultado-Final.pdf\">Edital N\u00ba 011\/2019 &#8211; <\/a><\/strong>Resultado da prova did\u00e1tica, resultado final e convoca\u00e7\u00e3o para apresenta\u00e7\u00e3o de documentos &#8211; Profissional Graduado<\/span><\/p>\n<hr \/>\n<p><span style=\"font-size: 10pt;font-family: helvetica, arial, sans-serif\"><strong>2018<\/strong><\/span><\/p>\n<p><span style=\"font-size: 10pt;font-family: helvetica, arial, sans-serif\"><a href=\"https:\/\/www3.unicentro.br\/paranafalaingles\/wp-content\/uploads\/sites\/33\/2018\/03\/Edital_Nota_Frequencia_PFI_2018_2.pdf\" target=\"_blank\" rel=\"noopener noreferrer\"><strong>Edital n\u00ba 001\/2018<\/strong><\/a><strong>: <\/strong>Divulga\u00e7\u00e3o de desempenho e frequ\u00eancia dos estudantes do Paran\u00e1 Fala Ingl\u00eas dos cursos do segundo semestre de 2017.<\/span><\/p>\n<p><span style=\"font-size: 10pt;font-family: helvetica, arial, sans-serif\"><a href=\"https:\/\/www3.unicentro.br\/paranafalaingles\/wp-content\/uploads\/sites\/33\/2018\/04\/EditalMobilidade_PFI_UNICENTRO.pdf\" target=\"_blank\" rel=\"noopener noreferrer\"><strong>Edital n\u00ba 002\/2018<\/strong><\/a><strong>:\u00a0<\/strong>Mobilidade Internacional para o programa Paran\u00e1 Fala Ingl\u00eas.<\/span><\/p>\n<p><span style=\"font-size: 10pt;font-family: helvetica, arial, sans-serif\"><a href=\"https:\/\/www3.unicentro.br\/paranafalaingles\/wp-content\/uploads\/sites\/33\/2018\/05\/EditalMobilidade-003_PFI_UNICENTRO.pdf\" target=\"_blank\" rel=\"noopener noreferrer\"><strong>Edital n\u00ba 003\/2018<\/strong><\/a><strong>:\u00a0<\/strong>Retifica\u00e7\u00e3o do Edital n\u00ba 002\/2018, sobre dia\/hor\u00e1rio de realiza\u00e7\u00e3o do Teste de Profici\u00eancia para o Programa de Mobilidade Internacional.<\/span><\/p>\n<p><span style=\"font-size: 10pt;font-family: helvetica, arial, sans-serif\"><strong><a href=\"https:\/\/www3.unicentro.br\/paranafalaingles\/wp-content\/uploads\/sites\/33\/2018\/05\/EditalMobilidade-004_PFI_UNICENTRO.pdf\" target=\"_blank\" rel=\"noopener noreferrer\">Edital n\u00ba 004\/2018<\/a>: <\/strong>Instru\u00e7\u00f5es para o teste de profici\u00eancia para o programa de Mobilidade Internacional.<\/span><\/p>\n<p><span style=\"font-size: 10pt;font-family: helvetica, arial, sans-serif\"><strong><a href=\"https:\/\/www3.unicentro.br\/paranafalaingles\/wp-content\/uploads\/sites\/33\/2018\/05\/N\u00ba-005-2018-selec\u0327a\u0303o_bolsistas_ProfissionalGraduado.pdf\" target=\"_blank\" rel=\"noopener noreferrer\">Edital n\u00ba 005\/2018<\/a>:<\/strong>\u00a0Sele\u00e7\u00e3o de bolsistas para profissionais graduados &#8211; Cadastro Reserva.<\/span><\/p>\n<p><span style=\"font-size: 10pt;font-family: helvetica, arial, sans-serif\"><strong><a href=\"https:\/\/www3.unicentro.br\/paranafalaingles\/wp-content\/uploads\/sites\/33\/2018\/05\/N\u00ba-0062F2018-Resultado-para-teste-de-profici\u00eancia.pdf\" target=\"_blank\" rel=\"noopener noreferrer\">Edital n\u00ba 006\/2018<\/a><\/strong>: Resultados do teste de profici\u00eancia para o Programa de Mobilidade Internacional.<\/span><\/p>\n<p><span style=\"font-size: 10pt;font-family: helvetica, arial, sans-serif\"><strong><a href=\"https:\/\/www3.unicentro.br\/paranafalaingles\/wp-content\/uploads\/sites\/33\/2018\/05\/N\u00ba-0072F2018-Retifica\u00e7\u00e3o-dos-documentos-para-mobilidade-internacional.pdf\" target=\"_blank\" rel=\"noopener noreferrer\">Edital n\u00ba 007\/2018<\/a>:\u00a0<\/strong>Retifica\u00e7\u00e3o do Edital n\u00ba 002\/2018, sobre os documentos para o Programa de Mobilidade Internacional.<\/span><\/p>\n<p><span style=\"font-size: 10pt;font-family: helvetica, arial, sans-serif\"><a href=\"https:\/\/www3.unicentro.br\/paranafalaingles\/wp-content\/uploads\/sites\/33\/2018\/05\/N\u00ba-0082F2018-Selecionados-para-a-2\u00aa-fase.pdf\" target=\"_blank\" rel=\"noopener noreferrer\"><strong>Edital n\u00ba 008\/2018<\/strong><\/a>: Selecionados para a segunda fase do Programa de Mobilidade Internacional.<\/span><\/p>\n<p><span style=\"font-size: 10pt;font-family: helvetica, arial, sans-serif\"><a href=\"https:\/\/www3.unicentro.br\/paranafalaingles\/wp-content\/uploads\/sites\/33\/2018\/05\/N\u00ba-009-2F-2018-retifica\u00e7\u00e3o-sele\u00e7\u00e3o_bolsistas_ProfissionalGraduado-1.pdf\"><strong>Edital n\u00ba 009\/2018<\/strong><\/a>: Retifica\u00e7\u00e3o do edital n\u00ba <span style=\"text-decoration: underline\">005\/2018,<\/span> sobre sele\u00e7\u00e3o de bolsistas para profissionais graduados &#8211; Cadastro Reserva.<\/span><\/p>\n<p><span style=\"font-size: 10pt;font-family: helvetica, arial, sans-serif\"><strong><a href=\"https:\/\/www3.unicentro.br\/paranafalaingles\/wp-content\/uploads\/sites\/33\/2018\/05\/N%C2%BA-0102F2018-Homologa%C3%A7%C3%A3o-dos-inscritos-1.pdf\" target=\"_blank\" rel=\"noopener noreferrer\">Edital n\u00ba 010\/2018<\/a><\/strong>:\u00a0Homologa\u00e7\u00e3o dos inscritos para Profissionais Graduados e convoca\u00e7\u00e3o para a prova escrita.<\/span><\/p>\n<p><span style=\"font-size: 10pt;font-family: helvetica, arial, sans-serif\"><strong><a href=\"https:\/\/www3.unicentro.br\/paranafalaingles\/wp-content\/uploads\/sites\/33\/2018\/06\/N\u00ba-0112F2018-Resultado-da-prova-escrita-e-convoca\u00e7\u00e3o-para-a-3\u00aa-etapa-do-processo-de-sele\u00e7\u00e3o-para-Profissional-Graduado-1.pdf\" target=\"_blank\" rel=\"noopener noreferrer\">Edital n\u00ba 011\/2018<\/a><\/strong>: Resultado da prova escrita e convoca\u00e7\u00e3o para a 3\u00aa etapa do processo de sele\u00e7\u00e3o de Profissional Graduado.<\/span><\/p>\n<p><span style=\"font-size: 10pt;font-family: helvetica, arial, sans-serif\"><a href=\"https:\/\/www3.unicentro.br\/paranafalaingles\/wp-content\/uploads\/sites\/33\/2018\/06\/N\u00ba-0122F2018-Resultado-final-do-processo-de-sele\u00e7\u00e3o-para-Mobilidade-Internacional.pdf\" target=\"_blank\" rel=\"noopener noreferrer\"><strong>Edital n\u00ba 012\/2018<\/strong><\/a>: Resultado final do processo de sele\u00e7\u00e3o de Mobilidade Internacional.<\/span><\/p>\n<blockquote><p><span style=\"font-size: 10pt;font-family: helvetica, arial, sans-serif\"><strong>ANEXO<\/strong>: <strong><a href=\"https:\/\/www3.unicentro.br\/paranafalaingles\/wp-content\/uploads\/sites\/33\/2018\/06\/Cover-letter_PSE-Schoalrships_June-11-2018.pdf\" target=\"_blank\" rel=\"noopener noreferrer\">Acesse a <em>Cover Letter<\/em><\/a> <\/strong>com os resultados da segunda fase do processo de sele\u00e7\u00e3o para o programa de Mobilidade Internacional, emitida pela Languages Canada, respons\u00e1vel por esta etapa.<\/span><\/p><\/blockquote>\n<p><span style=\"font-size: 10pt;font-family: helvetica, arial, sans-serif\"><a href=\"https:\/\/www3.unicentro.br\/paranafalaingles\/wp-content\/uploads\/sites\/33\/2018\/06\/N\u00ba-0132F2018-Resultado-da-prova-did\u00e1tica-sele\u00e7\u00e3o-de-profissional-graduado.pdf\" target=\"_blank\" rel=\"noopener noreferrer\"><strong>Edital n\u00ba 013\/2018<\/strong><\/a>:\u00a0Resultado da prova did\u00e1tica, resultado final e convoca\u00e7\u00e3o para apresenta\u00e7\u00e3o de documentos &#8211; Sele\u00e7\u00e3o de profissionais graduados.<\/span><\/p>\n<p><span style=\"font-size: 10pt;font-family: helvetica, arial, sans-serif\"><strong><a href=\"https:\/\/www3.unicentro.br\/paranafalaingles\/wp-content\/uploads\/sites\/33\/2018\/07\/Edital-n\u00ba-0142F2018-Edital-de-lan\u00e7amento-de-inscri\u00e7\u00f5es-para-o-2\u00ba-semestre.pdf\" target=\"_blank\" rel=\"noopener noreferrer\">Edital n\u00ba 014\/2018<\/a><\/strong>: Abertura de inscri\u00e7\u00f5es para sele\u00e7\u00e3o de candidatos para cursos do 2\u00ba semestre de 2018.<\/span><\/p>\n<p><span style=\"font-size: 10pt;font-family: helvetica, arial, sans-serif\"><strong><a href=\"https:\/\/www3.unicentro.br\/paranafalaingles\/wp-content\/uploads\/sites\/33\/2018\/08\/N\u00ba-0152F2018-Edital-de-convoca\u00e7\u00e3o-para-o-2\u00ba-semestre-1.pdf\">Edital n\u00ba 015\/2018<\/a><\/strong>: Convoca\u00e7\u00e3o de candidatos aos cursos ofertados pelo PFI no segundo semestre de 2018.<\/span><\/p>\n<p><span style=\"font-size: 10pt;font-family: helvetica, arial, sans-serif\"><a href=\"https:\/\/www3.unicentro.br\/paranafalaingles\/wp-content\/uploads\/sites\/33\/2018\/09\/N\u00ba-0162F2018-sele\u00e7\u00e3o-de-alunos-de-gradua\u00e7\u00e3o-1.pdf\" target=\"_blank\" rel=\"noopener noreferrer\"><strong>Edital n\u00ba 016\/2018<\/strong><\/a>:\u00a0Sele\u00e7\u00e3o de estudantes de gradua\u00e7\u00e3o para atividades de conversa\u00e7\u00e3o &#8211; <em>Conversation Circles<\/em><\/span><\/p>\n<p><span style=\"font-size: 10pt;font-family: helvetica, arial, sans-serif\"><strong><a href=\"https:\/\/www3.unicentro.br\/paranafalaingles\/wp-content\/uploads\/sites\/33\/2018\/09\/N\u00ba-0172F2018-Sele\u00e7\u00e3o-de-alunos-de-gradua\u00e7\u00e3o-1-1.pdf\" target=\"_blank\" rel=\"noopener noreferrer\">Edital n\u00ba 0172018<\/a><\/strong>: Sele\u00e7\u00e3o de alunos de gradua\u00e7\u00e3o para atividades de conversa\u00e7\u00e3o &#8211;\u00a0<em>Conversation Circles<\/em>: homologa\u00e7\u00e3o das inscri\u00e7\u00f5es<\/span><\/p>\n<p><span style=\"font-size: 10pt;font-family: helvetica, arial, sans-serif\"><strong><a href=\"https:\/\/www3.unicentro.br\/paranafalaingles\/wp-content\/uploads\/sites\/33\/2018\/09\/N\u00ba-0182F2018-Resultado-Sele\u00e7\u00e3o-de-alunos-de-gradua\u00e7\u00e3o-1.pdf\">Edital n\u00ba 018\/2018<\/a>:<\/strong> Sele\u00e7\u00e3o de alunos de gradua\u00e7\u00e3o para atividades de conversa\u00e7\u00e3o &#8211; <em>Conversation Circles<\/em>: resultado final<\/span><\/p>\n<p><span style=\"font-size: 10pt;font-family: helvetica, arial, sans-serif\"><a href=\"https:\/\/www3.unicentro.br\/paranafalaingles\/wp-content\/uploads\/sites\/33\/2018\/11\/N\u00ba-0192F2018-Sele\u00e7\u00e3o-Bolsista-de-Gradua\u00e7\u00e3o.pdf\"><strong>Edital n\u00ba 019\/2018<\/strong><\/a>: Sele\u00e7\u00e3o de bolsista &#8211; aluno de gradua\u00e7\u00e3o<\/span><\/p>\n<p><span style=\"font-size: 10pt;font-family: helvetica, arial, sans-serif\"><a href=\"https:\/\/www3.unicentro.br\/paranafalaingles\/wp-content\/uploads\/sites\/33\/2018\/11\/N\u00ba-0202F2018-Sele\u00e7\u00e3o-Bolsista-de-Gradua\u00e7\u00e3o-1-1.pdf\"><strong>Edital n\u00ba 020\/2018<\/strong><\/a>: Sele\u00e7\u00e3o de bolsista &#8211; aluno de gradua\u00e7\u00e3o: Homologa\u00e7\u00e3o de Inscri\u00e7\u00f5es<\/span><\/p>\n<p><span style=\"font-size: 10pt;font-family: helvetica, arial, sans-serif\"><strong><a href=\"https:\/\/www3.unicentro.br\/paranafalaingles\/wp-content\/uploads\/sites\/33\/2018\/12\/Edital-N\u00ba-0212F2018-Resultado-Sele\u00e7\u00e3o-de-alunos-de-gradua\u00e7\u00e3o-1-1.pdf\">Edital N\u00ba 021\/2018<\/a><\/strong>: Sele\u00e7\u00e3o de bolsista &#8211; aluno de gradua\u00e7\u00e3o: Resultado Sele\u00e7\u00e3o<\/span><\/p>\n<p><span style=\"font-size: 10pt;font-family: helvetica, arial, sans-serif\"><strong><a href=\"https:\/\/www3.unicentro.br\/paranafalaingles\/wp-content\/uploads\/sites\/33\/2019\/03\/Edital-oficial-N\u00ba-022-2018-inscri\u00e7\u00f5es-para-o-1\u00ba-semestre.pdf\">Edital N\u00ba 022\/2018 :<\/a>\u00a0<\/strong>Inscri\u00e7\u00e3o para o processo de sele\u00e7\u00e3o de estudantes para os cursos do primeiro semestre de 2019<\/span><\/p>\n<table style=\"height: 124px\" width=\"748\">\n<tbody>\n<tr>\n<td><span style=\"font-size: 10pt;font-family: helvetica, arial, sans-serif\"><strong>EDITAIS DA COORDENADORIA ESTADUAL DO PROGRAMA PARAN\u00c1 FALA IDIOMAS<\/strong><\/span><\/p>\n<p><span style=\"font-size: 10pt;font-family: helvetica, arial, sans-serif\"><em><a href=\"http:\/\/cri.uenp.edu.br\/index.php\/editais-cri\/editais-2018\/261-edital-no-001-2018-parana-fala-idiomas-programa-de-mobilidade-internacional-pfi-edital-geral-de-convocacao-para-entrevista\/file\" target=\"_blank\" rel=\"noopener noreferrer\"><strong>Edital n\u00ba 001\/2018<\/strong><\/a>: Agendamento das entrevistas para o programa de Mobilidade Internacional.<\/em><\/span><\/p>\n<p><span style=\"font-size: 10pt;font-family: helvetica, arial, sans-serif\"><em><strong><a href=\"http:\/\/cri.uenp.edu.br\/index.php\/editais-cri\/editais-2018\/265-edital-no-003-2018-parana-fala-idiomas-programa-de-mobilidade-internacional-pfi-edital-de-retificacao-geral\/file\" target=\"_blank\" rel=\"noopener noreferrer\">Edital n\u00ba 003\/2018<\/a><\/strong>:\u00a0Retifica\u00e7\u00e3o do edital do programa de Mobilidade Internacional.<\/em><\/span><\/td>\n<\/tr>\n<\/tbody>\n<\/table>\n","protected":false},"excerpt":{"rendered":"<p>2023 EDITAL N\u00ba 005\/2023&#8211; Convoca\u00e7\u00e3o estudante de gradua\u00e7\u00e3o 2022 Edital N\u00ba 05\/2022- Sele\u00e7\u00e3o de Bolsista- Profissional graduado\u00a0 2021 Edital N\u00ba 01\/2021 &#8211; Sele\u00e7\u00e3o de Bolsistas &#8211; Estudante de Gradua\u00e7\u00e3o Edital N\u00ba 02\/2021 &#8211; Sele\u00e7\u00e3o de Bolsistas &#8211; Profissional Graduado Edital N\u00ba 03\/2021 &#8211; Sele\u00e7\u00e3o de Bolsista &#8211; Estudante de Gradua\u00e7\u00e3o &#8211; Homologa\u00e7\u00e3o das inscri\u00e7\u00f5es e [&hellip;]<\/p>\n","protected":false},"author":3,"featured_media":0,"parent":0,"menu_order":0,"comment_status":"closed","ping_status":"closed","template":"","meta":{"_exactmetrics_skip_tracking":false,"_exactmetrics_sitenote_active":false,"_exactmetrics_sitenote_note":"","_exactmetrics_sitenote_category":0,"footnotes":"","_links_to":"","_links_to_target":""},"class_list":["post-22","page","type-page","status-publish","hentry"],"_links":{"self":[{"href":"https:\/\/www3.unicentro.br\/paranafalaingles\/wp-json\/wp\/v2\/pages\/22","targetHints":{"allow":["GET"]}}],"collection":[{"href":"https:\/\/www3.unicentro.br\/paranafalaingles\/wp-json\/wp\/v2\/pages"}],"about":[{"href":"https:\/\/www3.unicentro.br\/paranafalaingles\/wp-json\/wp\/v2\/types\/page"}],"author":[{"embeddable":true,"href":"https:\/\/www3.unicentro.br\/paranafalaingles\/wp-json\/wp\/v2\/users\/3"}],"replies":[{"embeddable":true,"href":"https:\/\/www3.unicentro.br\/paranafalaingles\/wp-json\/wp\/v2\/comments?post=22"}],"version-history":[{"count":1,"href":"https:\/\/www3.unicentro.br\/paranafalaingles\/wp-json\/wp\/v2\/pages\/22\/revisions"}],"predecessor-version":[{"id":1289,"href":"https:\/\/www3.unicentro.br\/paranafalaingles\/wp-json\/wp\/v2\/pages\/22\/revisions\/1289"}],"wp:attachment":[{"href":"https:\/\/www3.unicentro.br\/paranafalaingles\/wp-json\/wp\/v2\/media?parent=22"}],"curies":[{"name":"wp","href":"https:\/\/api.w.org\/{rel}","templated":true}]}}