{"id":38,"date":"2020-04-23T17:15:16","date_gmt":"2020-04-23T20:15:16","guid":{"rendered":"https:\/\/www3.unicentro.br\/museu\/?page_id=38"},"modified":"2021-04-01T15:44:45","modified_gmt":"2021-04-01T18:44:45","slug":"fisica","status":"publish","type":"page","link":"https:\/\/www3.unicentro.br\/museu\/acervo\/fisica\/","title":{"rendered":"F\u00edsica"},"content":{"rendered":"<p><span style=\"font-family: comic sans ms, sans-serif;font-size: 14pt\">A sala da f\u00edsica nasceu de uma parceria entre o Laborat\u00f3rio de Aplica\u00e7\u00f5es Nucleares (LAN) da UNICENTRO e o <a href=\"https:\/\/inct-fna.if.uff.br\/\">Instituto Nacional de Ci\u00eancia e Tecnologia \u2013 F\u00edsica Nuclear e Aplica\u00e7\u00f5es (INCT-FNA).<\/a> Para conhecer mais sobre o INCT-FNA clique no logo do instituto.<\/span><\/p>\n<p><span style=\"font-family: comic sans ms, sans-serif;font-size: 14pt\"><a href=\"https:\/\/inct-fna.if.uff.br\/\"><img loading=\"lazy\" decoding=\"async\" class=\"wp-image-790 size-medium aligncenter\" src=\"https:\/\/www3.unicentro.br\/museu\/wp-content\/uploads\/sites\/86\/2021\/03\/INCT-logo-full-size-e1617195297988-300x102.jpg\" alt=\"\" width=\"300\" height=\"102\" srcset=\"https:\/\/www3.unicentro.br\/museu\/wp-content\/uploads\/sites\/86\/2021\/03\/INCT-logo-full-size-e1617195297988-300x102.jpg 300w, https:\/\/www3.unicentro.br\/museu\/wp-content\/uploads\/sites\/86\/2021\/03\/INCT-logo-full-size-e1617195297988-1024x350.jpg 1024w, https:\/\/www3.unicentro.br\/museu\/wp-content\/uploads\/sites\/86\/2021\/03\/INCT-logo-full-size-e1617195297988-768x262.jpg 768w, https:\/\/www3.unicentro.br\/museu\/wp-content\/uploads\/sites\/86\/2021\/03\/INCT-logo-full-size-e1617195297988-255x87.jpg 255w, https:\/\/www3.unicentro.br\/museu\/wp-content\/uploads\/sites\/86\/2021\/03\/INCT-logo-full-size-e1617195297988.jpg 1218w\" sizes=\"auto, (max-width: 300px) 100vw, 300px\" \/><\/a><\/span><\/p>\n<audio class=\"wp-audio-shortcode\" id=\"audio-38-1\" preload=\"none\" style=\"width: 100%;\" controls=\"controls\"><source type=\"audio\/mpeg\" src=\"https:\/\/www3.unicentro.br\/museu\/wp-content\/uploads\/sites\/86\/2021\/03\/Apresentacao-Sala-da-Fisica.mp3?_=1\" \/><a href=\"https:\/\/www3.unicentro.br\/museu\/wp-content\/uploads\/sites\/86\/2021\/03\/Apresentacao-Sala-da-Fisica.mp3\">https:\/\/www3.unicentro.br\/museu\/wp-content\/uploads\/sites\/86\/2021\/03\/Apresentacao-Sala-da-Fisica.mp3<\/a><\/audio>\n<p>&nbsp;<\/p>\n<p style=\"text-align: center\"><span style=\"font-family: comic sans ms, sans-serif;font-size: 14pt\">A se\u00e7\u00e3o de f\u00edsica do Museu de Ci\u00eancias Naturais contempla temas acerca de <\/span><\/p>\n<p style=\"text-align: center\"><span style=\"font-family: comic sans ms, sans-serif;font-size: 14pt\">radioatividade, radia\u00e7\u00e3o ambiental, raios c\u00f3smicos e aceleradores de part\u00edculas.<\/span><\/p>\n<p>&nbsp;<\/p>\n<p style=\"text-align: center\"><span style=\"font-family: comic sans ms, sans-serif;font-size: 14pt\">Al\u00e9m de explica\u00e7\u00f5es te\u00f3ricas, temos uma s\u00e9rie de experimentos demonstrativos, tornando os temas mais compreens\u00edveis.<\/span><\/p>\n<p style=\"text-align: center\"><span style=\"font-family: comic sans ms, sans-serif;font-size: 14pt\">Confira alguns de nossos conte\u00fados:<\/span><\/p>\n<p>&nbsp;<\/p>\n<p style=\"text-align: center\"><span style=\"font-family: comic sans ms, sans-serif;font-size: 24pt\">Experimentos<\/span><\/p>\n<div id=\"attachment_894\" style=\"width: 310px\" class=\"wp-caption aligncenter\"><a href=\"https:\/\/www3.unicentro.br\/museu\/acervo\/fisica\/acelerador-de-saladeira\/\" target=\"_blank\" rel=\"noopener\"><img loading=\"lazy\" decoding=\"async\" aria-describedby=\"caption-attachment-894\" class=\"wp-image-894 size-medium\" src=\"https:\/\/www3.unicentro.br\/museu\/wp-content\/uploads\/sites\/86\/2021\/04\/Acelerador-Saladeira-300x169.jpg\" alt=\"\" width=\"300\" height=\"169\" srcset=\"https:\/\/www3.unicentro.br\/museu\/wp-content\/uploads\/sites\/86\/2021\/04\/Acelerador-Saladeira-300x169.jpg 300w, https:\/\/www3.unicentro.br\/museu\/wp-content\/uploads\/sites\/86\/2021\/04\/Acelerador-Saladeira-1024x576.jpg 1024w, https:\/\/www3.unicentro.br\/museu\/wp-content\/uploads\/sites\/86\/2021\/04\/Acelerador-Saladeira-768x432.jpg 768w, https:\/\/www3.unicentro.br\/museu\/wp-content\/uploads\/sites\/86\/2021\/04\/Acelerador-Saladeira-1536x864.jpg 1536w, https:\/\/www3.unicentro.br\/museu\/wp-content\/uploads\/sites\/86\/2021\/04\/Acelerador-Saladeira-255x143.jpg 255w, https:\/\/www3.unicentro.br\/museu\/wp-content\/uploads\/sites\/86\/2021\/04\/Acelerador-Saladeira.jpg 1920w\" sizes=\"auto, (max-width: 300px) 100vw, 300px\" \/><\/a><p id=\"caption-attachment-894\" class=\"wp-caption-text\"><span style=\"font-family: comic sans ms, sans-serif\">Acelerador de Saladeira<\/span><\/p><\/div>\n<p>&nbsp;<\/p>\n<div id=\"attachment_895\" style=\"width: 310px\" class=\"wp-caption aligncenter\"><a href=\"https:\/\/www3.unicentro.br\/museu\/acervo\/fisica\/gerador-de-marx\/\" target=\"_blank\" rel=\"noopener\"><img loading=\"lazy\" decoding=\"async\" aria-describedby=\"caption-attachment-895\" class=\"wp-image-895 size-medium\" src=\"https:\/\/www3.unicentro.br\/museu\/wp-content\/uploads\/sites\/86\/2021\/04\/gerador-de-marx-300x169.jpg\" alt=\"\" width=\"300\" height=\"169\" srcset=\"https:\/\/www3.unicentro.br\/museu\/wp-content\/uploads\/sites\/86\/2021\/04\/gerador-de-marx-300x169.jpg 300w, https:\/\/www3.unicentro.br\/museu\/wp-content\/uploads\/sites\/86\/2021\/04\/gerador-de-marx-768x432.jpg 768w, https:\/\/www3.unicentro.br\/museu\/wp-content\/uploads\/sites\/86\/2021\/04\/gerador-de-marx-255x143.jpg 255w, https:\/\/www3.unicentro.br\/museu\/wp-content\/uploads\/sites\/86\/2021\/04\/gerador-de-marx.jpg 800w\" sizes=\"auto, (max-width: 300px) 100vw, 300px\" \/><\/a><p id=\"caption-attachment-895\" class=\"wp-caption-text\"><span style=\"font-family: comic sans ms, sans-serif\">Gerador de Marx<\/span><\/p><\/div>\n<p>&nbsp;<\/p>\n<div id=\"attachment_893\" style=\"width: 310px\" class=\"wp-caption aligncenter\"><a href=\"https:\/\/www3.unicentro.br\/museu\/acervo\/fisica\/globo-de-plasma\/\" target=\"_blank\" rel=\"noopener\"><img loading=\"lazy\" decoding=\"async\" aria-describedby=\"caption-attachment-893\" class=\"wp-image-893 size-medium\" src=\"https:\/\/www3.unicentro.br\/museu\/wp-content\/uploads\/sites\/86\/2021\/04\/Globo-de-plasma-300x169.jpg\" alt=\"\" width=\"300\" height=\"169\" srcset=\"https:\/\/www3.unicentro.br\/museu\/wp-content\/uploads\/sites\/86\/2021\/04\/Globo-de-plasma-300x169.jpg 300w, https:\/\/www3.unicentro.br\/museu\/wp-content\/uploads\/sites\/86\/2021\/04\/Globo-de-plasma-1024x576.jpg 1024w, https:\/\/www3.unicentro.br\/museu\/wp-content\/uploads\/sites\/86\/2021\/04\/Globo-de-plasma-768x432.jpg 768w, https:\/\/www3.unicentro.br\/museu\/wp-content\/uploads\/sites\/86\/2021\/04\/Globo-de-plasma-1536x864.jpg 1536w, https:\/\/www3.unicentro.br\/museu\/wp-content\/uploads\/sites\/86\/2021\/04\/Globo-de-plasma-255x143.jpg 255w, https:\/\/www3.unicentro.br\/museu\/wp-content\/uploads\/sites\/86\/2021\/04\/Globo-de-plasma.jpg 1920w\" sizes=\"auto, (max-width: 300px) 100vw, 300px\" \/><\/a><p id=\"caption-attachment-893\" class=\"wp-caption-text\"><span style=\"font-family: comic sans ms, sans-serif\">\u00a0Globo de Plasma<\/span><\/p><\/div>\n<p>&nbsp;<\/p>\n<p style=\"text-align: center\"><span style=\"font-family: comic sans ms, sans-serif;font-size: 24pt\">Radia\u00e7\u00e3o<\/span><\/p>\n<div id=\"attachment_902\" style=\"width: 252px\" class=\"wp-caption aligncenter\"><a href=\"https:\/\/www3.unicentro.br\/museu\/acervo\/fisica\/radioatividade-e-radiacao-ambiental\/\" target=\"_blank\" rel=\"noopener\"><img loading=\"lazy\" decoding=\"async\" aria-describedby=\"caption-attachment-902\" class=\"wp-image-902\" src=\"https:\/\/www3.unicentro.br\/museu\/wp-content\/uploads\/sites\/86\/2021\/04\/radioatividade-e-radiacao-300x263.png\" alt=\"\" width=\"242\" height=\"212\" srcset=\"https:\/\/www3.unicentro.br\/museu\/wp-content\/uploads\/sites\/86\/2021\/04\/radioatividade-e-radiacao-300x263.png 300w, https:\/\/www3.unicentro.br\/museu\/wp-content\/uploads\/sites\/86\/2021\/04\/radioatividade-e-radiacao-1024x896.png 1024w, https:\/\/www3.unicentro.br\/museu\/wp-content\/uploads\/sites\/86\/2021\/04\/radioatividade-e-radiacao-768x672.png 768w, https:\/\/www3.unicentro.br\/museu\/wp-content\/uploads\/sites\/86\/2021\/04\/radioatividade-e-radiacao-255x223.png 255w, https:\/\/www3.unicentro.br\/museu\/wp-content\/uploads\/sites\/86\/2021\/04\/radioatividade-e-radiacao.png 1200w\" sizes=\"auto, (max-width: 242px) 100vw, 242px\" \/><\/a><p id=\"caption-attachment-902\" class=\"wp-caption-text\"><span style=\"font-family: comic sans ms, sans-serif\">Radia\u00e7\u00e3o e Radioatividade Ambiental<\/span><\/p><\/div>\n<p>&nbsp;<\/p>\n<div id=\"attachment_903\" style=\"width: 310px\" class=\"wp-caption aligncenter\"><a href=\"https:\/\/www3.unicentro.br\/museu\/acervo\/fisica\/da-radioatividade-aos-raios-cosmicos\/\" target=\"_blank\" rel=\"noopener\"><img loading=\"lazy\" decoding=\"async\" aria-describedby=\"caption-attachment-903\" class=\"wp-image-903 size-medium\" src=\"https:\/\/www3.unicentro.br\/museu\/wp-content\/uploads\/sites\/86\/2021\/04\/raios-cosmicos-300x251.jpg\" alt=\"\" width=\"300\" height=\"251\" srcset=\"https:\/\/www3.unicentro.br\/museu\/wp-content\/uploads\/sites\/86\/2021\/04\/raios-cosmicos-300x251.jpg 300w, https:\/\/www3.unicentro.br\/museu\/wp-content\/uploads\/sites\/86\/2021\/04\/raios-cosmicos-255x214.jpg 255w, https:\/\/www3.unicentro.br\/museu\/wp-content\/uploads\/sites\/86\/2021\/04\/raios-cosmicos.jpg 599w\" sizes=\"auto, (max-width: 300px) 100vw, 300px\" \/><\/a><p id=\"caption-attachment-903\" class=\"wp-caption-text\"><span style=\"font-family: comic sans ms, sans-serif\">Da Radioa\u00e7\u00e3o aos Raios C\u00f3smicos<\/span><\/p><\/div>\n<p>&nbsp;<\/p>\n<div id=\"attachment_901\" style=\"width: 310px\" class=\"wp-caption aligncenter\"><a href=\"https:\/\/www3.unicentro.br\/museu\/acervo\/fisica\/fisica-nuclear-na-medicina\/\" target=\"_blank\" rel=\"noopener\"><img loading=\"lazy\" decoding=\"async\" aria-describedby=\"caption-attachment-901\" class=\"wp-image-901 size-medium\" src=\"https:\/\/www3.unicentro.br\/museu\/wp-content\/uploads\/sites\/86\/2021\/04\/raios-x-300x200.png\" alt=\"\" width=\"300\" height=\"200\" srcset=\"https:\/\/www3.unicentro.br\/museu\/wp-content\/uploads\/sites\/86\/2021\/04\/raios-x-300x200.png 300w, https:\/\/www3.unicentro.br\/museu\/wp-content\/uploads\/sites\/86\/2021\/04\/raios-x-255x170.png 255w, https:\/\/www3.unicentro.br\/museu\/wp-content\/uploads\/sites\/86\/2021\/04\/raios-x.png 593w\" sizes=\"auto, (max-width: 300px) 100vw, 300px\" \/><\/a><p id=\"caption-attachment-901\" class=\"wp-caption-text\"><span style=\"font-family: comic sans ms, sans-serif\">\u00a0F\u00edsica Nuclear Na Medicina<\/span><\/p><\/div>\n<p>&nbsp;<\/p>\n<div id=\"attachment_628\" style=\"width: 310px\" class=\"wp-caption aligncenter\"><a href=\"https:\/\/www3.unicentro.br\/museu\/acervo\/fisica\/rochas\/\" target=\"_blank\" rel=\"noopener\"><img loading=\"lazy\" decoding=\"async\" aria-describedby=\"caption-attachment-628\" class=\"wp-image-628 size-medium\" src=\"https:\/\/www3.unicentro.br\/museu\/wp-content\/uploads\/sites\/86\/2021\/02\/P_20210205_153441_vHDR_Auto-300x225.jpg\" alt=\"\" width=\"300\" height=\"225\" srcset=\"https:\/\/www3.unicentro.br\/museu\/wp-content\/uploads\/sites\/86\/2021\/02\/P_20210205_153441_vHDR_Auto-300x225.jpg 300w, https:\/\/www3.unicentro.br\/museu\/wp-content\/uploads\/sites\/86\/2021\/02\/P_20210205_153441_vHDR_Auto-1024x768.jpg 1024w, https:\/\/www3.unicentro.br\/museu\/wp-content\/uploads\/sites\/86\/2021\/02\/P_20210205_153441_vHDR_Auto-768x576.jpg 768w, https:\/\/www3.unicentro.br\/museu\/wp-content\/uploads\/sites\/86\/2021\/02\/P_20210205_153441_vHDR_Auto-1536x1152.jpg 1536w, https:\/\/www3.unicentro.br\/museu\/wp-content\/uploads\/sites\/86\/2021\/02\/P_20210205_153441_vHDR_Auto-400x300.jpg 400w, https:\/\/www3.unicentro.br\/museu\/wp-content\/uploads\/sites\/86\/2021\/02\/P_20210205_153441_vHDR_Auto-800x600.jpg 800w, https:\/\/www3.unicentro.br\/museu\/wp-content\/uploads\/sites\/86\/2021\/02\/P_20210205_153441_vHDR_Auto-1200x900.jpg 1200w, https:\/\/www3.unicentro.br\/museu\/wp-content\/uploads\/sites\/86\/2021\/02\/P_20210205_153441_vHDR_Auto-255x191.jpg 255w, https:\/\/www3.unicentro.br\/museu\/wp-content\/uploads\/sites\/86\/2021\/02\/P_20210205_153441_vHDR_Auto.jpg 1600w\" sizes=\"auto, (max-width: 300px) 100vw, 300px\" \/><\/a><p id=\"caption-attachment-628\" class=\"wp-caption-text\"><span style=\"font-family: comic sans ms, sans-serif\">\u00a0Rochas<\/span><\/p><\/div>\n<p>&nbsp;<\/p>\n<div id=\"attachment_606\" style=\"width: 198px\" class=\"wp-caption aligncenter\"><a href=\"https:\/\/www3.unicentro.br\/museu\/acervo\/fisica\/vidro-de-uranio\/\" target=\"_blank\" rel=\"noopener\"><img loading=\"lazy\" decoding=\"async\" aria-describedby=\"caption-attachment-606\" class=\"wp-image-606\" src=\"https:\/\/www3.unicentro.br\/museu\/wp-content\/uploads\/sites\/86\/2021\/02\/P_20210205_153713_vHDR_Auto-225x300.jpg\" alt=\"\" width=\"188\" height=\"251\" srcset=\"https:\/\/www3.unicentro.br\/museu\/wp-content\/uploads\/sites\/86\/2021\/02\/P_20210205_153713_vHDR_Auto-225x300.jpg 225w, https:\/\/www3.unicentro.br\/museu\/wp-content\/uploads\/sites\/86\/2021\/02\/P_20210205_153713_vHDR_Auto-768x1024.jpg 768w, https:\/\/www3.unicentro.br\/museu\/wp-content\/uploads\/sites\/86\/2021\/02\/P_20210205_153713_vHDR_Auto-255x340.jpg 255w, https:\/\/www3.unicentro.br\/museu\/wp-content\/uploads\/sites\/86\/2021\/02\/P_20210205_153713_vHDR_Auto.jpg 900w\" sizes=\"auto, (max-width: 188px) 100vw, 188px\" \/><\/a><p id=\"caption-attachment-606\" class=\"wp-caption-text\">Vidro de Ur\u00e2nio<\/p><\/div>\n<p>&nbsp;<\/p>\n<p style=\"text-align: center\"><span style=\"font-family: comic sans ms, sans-serif;font-size: 14pt\">A Problem\u00e1tica do Rad\u00f4nio<\/span><\/p>\n<p>&nbsp;<\/p>\n<p><span style=\"font-family: comic sans ms, sans-serif;font-size: 14pt\">Agradecimentos:<\/span><\/p>\n<p><a href=\"https:\/\/inct-fna.if.uff.br\/\"><img loading=\"lazy\" decoding=\"async\" class=\"aligncenter wp-image-790 size-medium\" src=\"https:\/\/www3.unicentro.br\/museu\/wp-content\/uploads\/sites\/86\/2021\/03\/INCT-logo-full-size-e1617195297988-300x102.jpg\" alt=\"\" width=\"300\" height=\"102\" srcset=\"https:\/\/www3.unicentro.br\/museu\/wp-content\/uploads\/sites\/86\/2021\/03\/INCT-logo-full-size-e1617195297988-300x102.jpg 300w, https:\/\/www3.unicentro.br\/museu\/wp-content\/uploads\/sites\/86\/2021\/03\/INCT-logo-full-size-e1617195297988-1024x350.jpg 1024w, https:\/\/www3.unicentro.br\/museu\/wp-content\/uploads\/sites\/86\/2021\/03\/INCT-logo-full-size-e1617195297988-768x262.jpg 768w, https:\/\/www3.unicentro.br\/museu\/wp-content\/uploads\/sites\/86\/2021\/03\/INCT-logo-full-size-e1617195297988-255x87.jpg 255w, https:\/\/www3.unicentro.br\/museu\/wp-content\/uploads\/sites\/86\/2021\/03\/INCT-logo-full-size-e1617195297988.jpg 1218w\" sizes=\"auto, (max-width: 300px) 100vw, 300px\" \/><\/a><\/p>\n<p><span style=\"font-family: comic sans ms, sans-serif;font-size: 14pt\">Os caminhos para que o projeto se concretizasse veio por meio de um interesse comum de ambas as institui\u00e7\u00f5es e seus membros: o ensino de f\u00edsica nuclear. Por meio dessa \u00e1rea torna-se poss\u00edvel a compreens\u00e3o da estrutura nuclear da mat\u00e9ria, rea\u00e7\u00f5es nucleares, radia\u00e7\u00e3o ambiental, aceleradores (e equipamentos de detec\u00e7\u00e3o) de part\u00edculas, bem como as suas aplica\u00e7\u00f5es em medicina e na gera\u00e7\u00e3o de energia, al\u00e9m de muitos outros temas.<\/span><\/p>\n<p><span style=\"font-family: comic sans ms, sans-serif;font-size: 14pt\">O ensino de f\u00edsica nuclear est\u00e1 fortemente interligado com a domina\u00e7\u00e3o de tecnologia que um pa\u00eds possui, para isso \u00e9 necess\u00e1rio uma maior intera\u00e7\u00e3o de estudantes com est\u00e1 \u00e1rea, assim como a apresenta\u00e7\u00e3o desses conhecimentos para a comunidade como divulga\u00e7\u00e3o cient\u00edfica para desmistificar alguns temas e instigar a futura gera\u00e7\u00e3o de cientistas.<\/span><\/p>\n<p><span style=\"font-family: comic sans ms, sans-serif;font-size: 14pt\">Para esse prop\u00f3sito que a sala instalou-se no Museu de Ci\u00eancias Naturais de Guarapuava, que tem um papel fundamental na divulga\u00e7\u00e3o cient\u00edfica para a comunidade de Guarapuava e regi\u00e3o e possibilita a atua\u00e7\u00e3o dos acad\u00eamicos da UNICENTRO nesse processo de intera\u00e7\u00e3o entre acad\u00eamicos e a comunidade.<\/span><\/p>\n","protected":false},"excerpt":{"rendered":"<p>A sala da f\u00edsica nasceu de uma parceria entre o Laborat\u00f3rio de Aplica\u00e7\u00f5es Nucleares (LAN) da UNICENTRO e o Instituto Nacional de Ci\u00eancia e Tecnologia \u2013 F\u00edsica Nuclear e Aplica\u00e7\u00f5es (INCT-FNA). Para conhecer mais sobre o INCT-FNA clique no logo do instituto. &nbsp; A se\u00e7\u00e3o de f\u00edsica do Museu de Ci\u00eancias Naturais contempla temas acerca [&hellip;]<\/p>\n","protected":false},"author":3,"featured_media":0,"parent":642,"menu_order":0,"comment_status":"closed","ping_status":"closed","template":"","meta":{"_exactmetrics_skip_tracking":false,"_exactmetrics_sitenote_active":false,"_exactmetrics_sitenote_note":"","_exactmetrics_sitenote_category":0,"footnotes":"","_links_to":"","_links_to_target":""},"class_list":["post-38","page","type-page","status-publish","hentry"],"_links":{"self":[{"href":"https:\/\/www3.unicentro.br\/museu\/wp-json\/wp\/v2\/pages\/38","targetHints":{"allow":["GET"]}}],"collection":[{"href":"https:\/\/www3.unicentro.br\/museu\/wp-json\/wp\/v2\/pages"}],"about":[{"href":"https:\/\/www3.unicentro.br\/museu\/wp-json\/wp\/v2\/types\/page"}],"author":[{"embeddable":true,"href":"https:\/\/www3.unicentro.br\/museu\/wp-json\/wp\/v2\/users\/3"}],"replies":[{"embeddable":true,"href":"https:\/\/www3.unicentro.br\/museu\/wp-json\/wp\/v2\/comments?post=38"}],"version-history":[{"count":0,"href":"https:\/\/www3.unicentro.br\/museu\/wp-json\/wp\/v2\/pages\/38\/revisions"}],"up":[{"embeddable":true,"href":"https:\/\/www3.unicentro.br\/museu\/wp-json\/wp\/v2\/pages\/642"}],"wp:attachment":[{"href":"https:\/\/www3.unicentro.br\/museu\/wp-json\/wp\/v2\/media?parent=38"}],"curies":[{"name":"wp","href":"https:\/\/api.w.org\/{rel}","templated":true}]}}