{"id":20,"date":"2020-04-23T17:12:37","date_gmt":"2020-04-23T20:12:37","guid":{"rendered":"https:\/\/www3.unicentro.br\/museu\/?page_id=20"},"modified":"2021-03-31T09:11:45","modified_gmt":"2021-03-31T12:11:45","slug":"apresentacao","status":"publish","type":"page","link":"https:\/\/www3.unicentro.br\/museu\/apresentacao\/","title":{"rendered":"Apresenta\u00e7\u00e3o"},"content":{"rendered":"<p class=\"western\" style=\"text-align: center\"><span style=\"font-family: comic sans ms, sans-serif;font-size: 18pt\">Situado no Parque das Arauc\u00e1rias, um dos pontos tur\u00edsticos da cidade de Guarapuava, o museu funciona desde 1998 em uma parceria entre a UNICENTRO, a Secretaria do Meio Ambiente da Prefeitura de Guarapuava (SEMAG) e a Funda\u00e7\u00e3o Professor Jo\u00e3o Jos\u00e9 Bigarella.<\/span><\/p>\n<p style=\"text-align: center\"><span style=\"font-family: comic sans ms, sans-serif;font-size: 18pt\">Conhe\u00e7a o museu atrav\u00e9s do <a href=\"https:\/\/www3.unicentro.br\/museu\/tourvirtual\"><em>tour<\/em> virtual<\/a> ou navegando pela aba <a href=\"https:\/\/www3.unicentro.br\/museu\/acervo\">Acervo<\/a>.<\/span><\/p>\n<p style=\"text-align: center\"><code><!-- ipanorama begin -->\n<div class=\"ipanorama ipnrm-6\"data-json-src=\"https:\/\/www3.unicentro.br\/museu\/wp-content\/uploads\/sites\/86\/ipanorama\/6\/config.json?ver=1643114683\" data-item-id=\"6\" style=\"display:none;\">\n<div class=\"ipnrm-store\">\n<div class=\"ipnrm-scene\" data-scene-id=\"Fora\">\n<div class=\"ipnrm-markers-data\">\n<\/div>\n<div class=\"ipnrm-tooltips-data\">\n<div class=\"ipnrm-data\" data-marker-id=\"6c235080\">\n<p style=\"text-align: center;\">Venha!<\/p>\n<p style=\"text-align: center;\">N\u00e3o fique a\u00ed fora!<\/p>\n<p style=\"text-align: center;\">Entre!<\/p><\/div>\n<div class=\"ipnrm-data\" data-marker-id=\"5917911c\">\n<p>Embuia<\/p><\/div>\n<\/div>\n<div class=\"ipnrm-popovers-data\">\n<div class=\"ipnrm-data\" data-marker-id=\"6c235080\">\n<\/div>\n<div class=\"ipnrm-data\" data-marker-id=\"5917911c\">\n<\/div>\n<\/div>\n<\/div>\n<div class=\"ipnrm-scene\" data-scene-id=\"Entrada\">\n<div class=\"ipnrm-markers-data\">\n<\/div>\n<div class=\"ipnrm-tooltips-data\">\n<div class=\"ipnrm-data\" data-marker-id=\"5107fc28\">\n<p>Do Mar<\/p><\/div>\n<div class=\"ipnrm-data\" data-marker-id=\"918b1970\">\n<p>Geologia<\/p><\/div>\n<div class=\"ipnrm-data\" data-marker-id=\"c2d2ae9f\">\n<p>Entomologia<\/p><\/div>\n<div class=\"ipnrm-data\" data-marker-id=\"239f5dea\">\n<p>F\u00edsica<\/p><\/div>\n<\/div>\n<div class=\"ipnrm-popovers-data\">\n<div class=\"ipnrm-data\" data-marker-id=\"5107fc28\">\n<\/div>\n<div class=\"ipnrm-data\" data-marker-id=\"918b1970\">\n<\/div>\n<div class=\"ipnrm-data\" data-marker-id=\"c2d2ae9f\">\n<\/div>\n<div class=\"ipnrm-data\" data-marker-id=\"239f5dea\">\n<\/div>\n<\/div>\n<\/div>\n<div class=\"ipnrm-scene\" data-scene-id=\"29075418\">\n<div class=\"ipnrm-markers-data\">\n<\/div>\n<div class=\"ipnrm-tooltips-data\">\n<div class=\"ipnrm-data\" data-marker-id=\"2849738b\">\n<p>Radioatividade e Radia\u00e7\u00e3o Ambiental<\/p><\/div>\n<div class=\"ipnrm-data\" data-marker-id=\"e3befdab\">\n<p>Da Radioatividade aos Raios C\u00f3smicos<\/p><\/div>\n<div class=\"ipnrm-data\" data-marker-id=\"e7299d40\">\n<p>F\u00edsica Nuclear na Medicina<\/p><\/div>\n<div class=\"ipnrm-data\" data-marker-id=\"225dea05\">\n<p>Voltar para o Corredor<\/p><\/div>\n<div class=\"ipnrm-data\" data-marker-id=\"d3df039e\">\n<p>Gerador de Marx<\/p><\/div>\n<div class=\"ipnrm-data\" data-marker-id=\"0e067a49\">\n<p>Globo de Plasma<\/p><\/div>\n<div class=\"ipnrm-data\" data-marker-id=\"61443160\">\n<p>Acelerador de Saladeira<\/p><\/div>\n<div class=\"ipnrm-data\" data-marker-id=\"456da23a\">\n<p>Vidro de Ur\u00e2nio<\/p><\/div>\n<div class=\"ipnrm-data\" data-marker-id=\"2fae5646\">\n<p>Rochas<\/p><\/div>\n<div class=\"ipnrm-data\" data-marker-id=\"3c397885\">\n<p>teste<\/p><\/div>\n<\/div>\n<div class=\"ipnrm-popovers-data\">\n<div class=\"ipnrm-data\" data-marker-id=\"2849738b\">\n<\/div>\n<div class=\"ipnrm-data\" data-marker-id=\"e3befdab\">\n<\/div>\n<div class=\"ipnrm-data\" data-marker-id=\"e7299d40\">\n<\/div>\n<div class=\"ipnrm-data\" data-marker-id=\"225dea05\">\n<\/div>\n<div class=\"ipnrm-data\" data-marker-id=\"d3df039e\">\n<\/div>\n<div class=\"ipnrm-data\" data-marker-id=\"0e067a49\">\n<\/div>\n<div class=\"ipnrm-data\" data-marker-id=\"61443160\">\n<\/div>\n<div class=\"ipnrm-data\" data-marker-id=\"456da23a\">\n<\/div>\n<div class=\"ipnrm-data\" data-marker-id=\"2fae5646\">\n<\/div>\n<div class=\"ipnrm-data\" data-marker-id=\"3c397885\">\n<\/div>\n<\/div>\n<\/div>\n<div class=\"ipnrm-scene\" data-scene-id=\"03ddc664\">\n<div class=\"ipnrm-markers-data\">\n<\/div>\n<div class=\"ipnrm-tooltips-data\">\n<div class=\"ipnrm-data\" data-marker-id=\"d6e7b04b\">\n<p>Quartzo - <img loading=\"lazy\" decoding=\"async\" class=\"alignnone wp-image-766 size-medium\" src=\"https:\/\/www3.unicentro.br\/museu\/wp-content\/uploads\/sites\/86\/2021\/03\/WhatsApp-Image-2021-03-08-at-4.04.24-PM-1-225x300.jpeg\" alt=\"\" width=\"225\" height=\"300\" data-wp-editing=\"1\" srcset=\"https:\/\/www3.unicentro.br\/museu\/wp-content\/uploads\/sites\/86\/2021\/03\/WhatsApp-Image-2021-03-08-at-4.04.24-PM-1-225x300.jpeg 225w, https:\/\/www3.unicentro.br\/museu\/wp-content\/uploads\/sites\/86\/2021\/03\/WhatsApp-Image-2021-03-08-at-4.04.24-PM-1-768x1024.jpeg 768w, https:\/\/www3.unicentro.br\/museu\/wp-content\/uploads\/sites\/86\/2021\/03\/WhatsApp-Image-2021-03-08-at-4.04.24-PM-1-255x340.jpeg 255w, https:\/\/www3.unicentro.br\/museu\/wp-content\/uploads\/sites\/86\/2021\/03\/WhatsApp-Image-2021-03-08-at-4.04.24-PM-1.jpeg 780w\" sizes=\"auto, (max-width: 225px) 100vw, 225px\" \/><\/p>\n<p>\u00a0<\/p><\/div>\n<div class=\"ipnrm-data\" data-marker-id=\"4d89fe47\">\n<p>Geodo-<img loading=\"lazy\" decoding=\"async\" class=\"size-medium wp-image-743 alignnone\" src=\"https:\/\/www3.unicentro.br\/museu\/wp-content\/uploads\/sites\/86\/2021\/03\/WhatsApp-Image-2021-03-08-at-4.07.42-PM-300x225.jpeg\" alt=\"\" width=\"300\" height=\"225\" srcset=\"https:\/\/www3.unicentro.br\/museu\/wp-content\/uploads\/sites\/86\/2021\/03\/WhatsApp-Image-2021-03-08-at-4.07.42-PM-300x225.jpeg 300w, https:\/\/www3.unicentro.br\/museu\/wp-content\/uploads\/sites\/86\/2021\/03\/WhatsApp-Image-2021-03-08-at-4.07.42-PM-1024x768.jpeg 1024w, https:\/\/www3.unicentro.br\/museu\/wp-content\/uploads\/sites\/86\/2021\/03\/WhatsApp-Image-2021-03-08-at-4.07.42-PM-768x576.jpeg 768w, https:\/\/www3.unicentro.br\/museu\/wp-content\/uploads\/sites\/86\/2021\/03\/WhatsApp-Image-2021-03-08-at-4.07.42-PM-400x300.jpeg 400w, https:\/\/www3.unicentro.br\/museu\/wp-content\/uploads\/sites\/86\/2021\/03\/WhatsApp-Image-2021-03-08-at-4.07.42-PM-800x600.jpeg 800w, https:\/\/www3.unicentro.br\/museu\/wp-content\/uploads\/sites\/86\/2021\/03\/WhatsApp-Image-2021-03-08-at-4.07.42-PM-255x191.jpeg 255w, https:\/\/www3.unicentro.br\/museu\/wp-content\/uploads\/sites\/86\/2021\/03\/WhatsApp-Image-2021-03-08-at-4.07.42-PM.jpeg 1040w\" sizes=\"auto, (max-width: 300px) 100vw, 300px\" \/><\/p><\/div>\n<div class=\"ipnrm-data\" data-marker-id=\"9bf721e7\">\n<p>\u00c1gata- <img loading=\"lazy\" decoding=\"async\" class=\"size-medium wp-image-744 alignnone\" src=\"https:\/\/www3.unicentro.br\/museu\/wp-content\/uploads\/sites\/86\/2021\/03\/WhatsApp-Image-2021-03-08-at-4.05.12-PM-300x225.jpeg\" alt=\"\" width=\"300\" height=\"225\" srcset=\"https:\/\/www3.unicentro.br\/museu\/wp-content\/uploads\/sites\/86\/2021\/03\/WhatsApp-Image-2021-03-08-at-4.05.12-PM-300x225.jpeg 300w, https:\/\/www3.unicentro.br\/museu\/wp-content\/uploads\/sites\/86\/2021\/03\/WhatsApp-Image-2021-03-08-at-4.05.12-PM-1024x768.jpeg 1024w, https:\/\/www3.unicentro.br\/museu\/wp-content\/uploads\/sites\/86\/2021\/03\/WhatsApp-Image-2021-03-08-at-4.05.12-PM-768x576.jpeg 768w, https:\/\/www3.unicentro.br\/museu\/wp-content\/uploads\/sites\/86\/2021\/03\/WhatsApp-Image-2021-03-08-at-4.05.12-PM-400x300.jpeg 400w, https:\/\/www3.unicentro.br\/museu\/wp-content\/uploads\/sites\/86\/2021\/03\/WhatsApp-Image-2021-03-08-at-4.05.12-PM-800x600.jpeg 800w, https:\/\/www3.unicentro.br\/museu\/wp-content\/uploads\/sites\/86\/2021\/03\/WhatsApp-Image-2021-03-08-at-4.05.12-PM-255x191.jpeg 255w, https:\/\/www3.unicentro.br\/museu\/wp-content\/uploads\/sites\/86\/2021\/03\/WhatsApp-Image-2021-03-08-at-4.05.12-PM.jpeg 1040w\" sizes=\"auto, (max-width: 300px) 100vw, 300px\" \/><\/p><\/div>\n<div class=\"ipnrm-data\" data-marker-id=\"abd7b262\">\n<p>Jaspe- <img loading=\"lazy\" decoding=\"async\" class=\"size-medium wp-image-745 alignnone\" src=\"https:\/\/www3.unicentro.br\/museu\/wp-content\/uploads\/sites\/86\/2021\/03\/WhatsApp-Image-2021-03-08-at-4.05.13-PM-300x225.jpeg\" alt=\"\" width=\"300\" height=\"225\" srcset=\"https:\/\/www3.unicentro.br\/museu\/wp-content\/uploads\/sites\/86\/2021\/03\/WhatsApp-Image-2021-03-08-at-4.05.13-PM-300x225.jpeg 300w, https:\/\/www3.unicentro.br\/museu\/wp-content\/uploads\/sites\/86\/2021\/03\/WhatsApp-Image-2021-03-08-at-4.05.13-PM-1024x768.jpeg 1024w, https:\/\/www3.unicentro.br\/museu\/wp-content\/uploads\/sites\/86\/2021\/03\/WhatsApp-Image-2021-03-08-at-4.05.13-PM-768x576.jpeg 768w, https:\/\/www3.unicentro.br\/museu\/wp-content\/uploads\/sites\/86\/2021\/03\/WhatsApp-Image-2021-03-08-at-4.05.13-PM-400x300.jpeg 400w, https:\/\/www3.unicentro.br\/museu\/wp-content\/uploads\/sites\/86\/2021\/03\/WhatsApp-Image-2021-03-08-at-4.05.13-PM-800x600.jpeg 800w, https:\/\/www3.unicentro.br\/museu\/wp-content\/uploads\/sites\/86\/2021\/03\/WhatsApp-Image-2021-03-08-at-4.05.13-PM-255x191.jpeg 255w, https:\/\/www3.unicentro.br\/museu\/wp-content\/uploads\/sites\/86\/2021\/03\/WhatsApp-Image-2021-03-08-at-4.05.13-PM.jpeg 1040w\" sizes=\"auto, (max-width: 300px) 100vw, 300px\" \/><\/p><\/div>\n<div class=\"ipnrm-data\" data-marker-id=\"76218b95\">\n<p>Estalactite<\/p><\/div>\n<div class=\"ipnrm-data\" data-marker-id=\"fc85c441\">\n<p>\u00a0<\/p>\n<p>Piromorfita - <img loading=\"lazy\" decoding=\"async\" class=\"size-medium wp-image-746 alignnone\" src=\"https:\/\/www3.unicentro.br\/museu\/wp-content\/uploads\/sites\/86\/2021\/03\/piromorfita-300x225.jpeg\" alt=\"\" width=\"300\" height=\"225\" srcset=\"https:\/\/www3.unicentro.br\/museu\/wp-content\/uploads\/sites\/86\/2021\/03\/piromorfita-300x225.jpeg 300w, https:\/\/www3.unicentro.br\/museu\/wp-content\/uploads\/sites\/86\/2021\/03\/piromorfita-1024x768.jpeg 1024w, https:\/\/www3.unicentro.br\/museu\/wp-content\/uploads\/sites\/86\/2021\/03\/piromorfita-768x576.jpeg 768w, https:\/\/www3.unicentro.br\/museu\/wp-content\/uploads\/sites\/86\/2021\/03\/piromorfita-400x300.jpeg 400w, https:\/\/www3.unicentro.br\/museu\/wp-content\/uploads\/sites\/86\/2021\/03\/piromorfita-800x600.jpeg 800w, https:\/\/www3.unicentro.br\/museu\/wp-content\/uploads\/sites\/86\/2021\/03\/piromorfita-255x191.jpeg 255w, https:\/\/www3.unicentro.br\/museu\/wp-content\/uploads\/sites\/86\/2021\/03\/piromorfita.jpeg 1040w\" sizes=\"auto, (max-width: 300px) 100vw, 300px\" \/><\/p>\n<p>\u00a0<\/p>\n<p>\u00a0<\/p><\/div>\n<div class=\"ipnrm-data\" data-marker-id=\"555efd29\">\n<p>Laterito- <img loading=\"lazy\" decoding=\"async\" class=\"size-medium wp-image-742 alignnone\" src=\"https:\/\/www3.unicentro.br\/museu\/wp-content\/uploads\/sites\/86\/2021\/03\/WhatsApp-Image-2021-03-08-at-4.07.46-PM-300x225.jpeg\" alt=\"\" width=\"300\" height=\"225\" srcset=\"https:\/\/www3.unicentro.br\/museu\/wp-content\/uploads\/sites\/86\/2021\/03\/WhatsApp-Image-2021-03-08-at-4.07.46-PM-300x225.jpeg 300w, https:\/\/www3.unicentro.br\/museu\/wp-content\/uploads\/sites\/86\/2021\/03\/WhatsApp-Image-2021-03-08-at-4.07.46-PM-1024x768.jpeg 1024w, https:\/\/www3.unicentro.br\/museu\/wp-content\/uploads\/sites\/86\/2021\/03\/WhatsApp-Image-2021-03-08-at-4.07.46-PM-768x576.jpeg 768w, https:\/\/www3.unicentro.br\/museu\/wp-content\/uploads\/sites\/86\/2021\/03\/WhatsApp-Image-2021-03-08-at-4.07.46-PM-400x300.jpeg 400w, https:\/\/www3.unicentro.br\/museu\/wp-content\/uploads\/sites\/86\/2021\/03\/WhatsApp-Image-2021-03-08-at-4.07.46-PM-800x600.jpeg 800w, https:\/\/www3.unicentro.br\/museu\/wp-content\/uploads\/sites\/86\/2021\/03\/WhatsApp-Image-2021-03-08-at-4.07.46-PM-255x191.jpeg 255w, https:\/\/www3.unicentro.br\/museu\/wp-content\/uploads\/sites\/86\/2021\/03\/WhatsApp-Image-2021-03-08-at-4.07.46-PM.jpeg 1040w\" sizes=\"auto, (max-width: 300px) 100vw, 300px\" \/><\/p><\/div>\n<div class=\"ipnrm-data\" data-marker-id=\"8c0dbc43\">\n<p>Granito- <img loading=\"lazy\" decoding=\"async\" class=\"size-medium wp-image-747 alignnone\" src=\"https:\/\/www3.unicentro.br\/museu\/wp-content\/uploads\/sites\/86\/2021\/03\/WhatsApp-Image-2021-03-08-at-4.06.06-PM-300x225.jpeg\" alt=\"\" width=\"300\" height=\"225\" srcset=\"https:\/\/www3.unicentro.br\/museu\/wp-content\/uploads\/sites\/86\/2021\/03\/WhatsApp-Image-2021-03-08-at-4.06.06-PM-300x225.jpeg 300w, https:\/\/www3.unicentro.br\/museu\/wp-content\/uploads\/sites\/86\/2021\/03\/WhatsApp-Image-2021-03-08-at-4.06.06-PM-1024x768.jpeg 1024w, https:\/\/www3.unicentro.br\/museu\/wp-content\/uploads\/sites\/86\/2021\/03\/WhatsApp-Image-2021-03-08-at-4.06.06-PM-768x576.jpeg 768w, https:\/\/www3.unicentro.br\/museu\/wp-content\/uploads\/sites\/86\/2021\/03\/WhatsApp-Image-2021-03-08-at-4.06.06-PM-400x300.jpeg 400w, https:\/\/www3.unicentro.br\/museu\/wp-content\/uploads\/sites\/86\/2021\/03\/WhatsApp-Image-2021-03-08-at-4.06.06-PM-800x600.jpeg 800w, https:\/\/www3.unicentro.br\/museu\/wp-content\/uploads\/sites\/86\/2021\/03\/WhatsApp-Image-2021-03-08-at-4.06.06-PM-255x191.jpeg 255w, https:\/\/www3.unicentro.br\/museu\/wp-content\/uploads\/sites\/86\/2021\/03\/WhatsApp-Image-2021-03-08-at-4.06.06-PM.jpeg 1040w\" sizes=\"auto, (max-width: 300px) 100vw, 300px\" \/><\/p><\/div>\n<div class=\"ipnrm-data\" data-marker-id=\"8df39123\">\n<p>Pirita- <img loading=\"lazy\" decoding=\"async\" class=\"wp-image-748 size-medium alignnone\" src=\"https:\/\/www3.unicentro.br\/museu\/wp-content\/uploads\/sites\/86\/2021\/03\/WhatsApp-Image-2021-03-08-at-4.05.11-PM-e1615474905494-300x251.jpeg\" alt=\"\" width=\"300\" height=\"251\" srcset=\"https:\/\/www3.unicentro.br\/museu\/wp-content\/uploads\/sites\/86\/2021\/03\/WhatsApp-Image-2021-03-08-at-4.05.11-PM-e1615474905494-300x251.jpeg 300w, https:\/\/www3.unicentro.br\/museu\/wp-content\/uploads\/sites\/86\/2021\/03\/WhatsApp-Image-2021-03-08-at-4.05.11-PM-e1615474905494-768x643.jpeg 768w, https:\/\/www3.unicentro.br\/museu\/wp-content\/uploads\/sites\/86\/2021\/03\/WhatsApp-Image-2021-03-08-at-4.05.11-PM-e1615474905494-255x213.jpeg 255w, https:\/\/www3.unicentro.br\/museu\/wp-content\/uploads\/sites\/86\/2021\/03\/WhatsApp-Image-2021-03-08-at-4.05.11-PM-e1615474905494.jpeg 779w\" sizes=\"auto, (max-width: 300px) 100vw, 300px\" \/><\/p><\/div>\n<div class=\"ipnrm-data\" data-marker-id=\"44192184\">\n<p>Voltar para o Corredor<\/p><\/div>\n<div class=\"ipnrm-data\" data-marker-id=\"b896835e\">\n<p style=\"text-align: center;\">Ir para a sala de<\/p>\n<p style=\"text-align: center;\">Paleontologia e Geologia<\/p><\/div>\n<div class=\"ipnrm-data\" data-marker-id=\"160e02ac\">\n<p>Galena- <img loading=\"lazy\" decoding=\"async\" class=\"size-medium wp-image-749 alignnone\" src=\"https:\/\/www3.unicentro.br\/museu\/wp-content\/uploads\/sites\/86\/2021\/03\/WhatsApp-Image-2021-03-08-at-4.06.10-PM-300x225.jpeg\" alt=\"\" width=\"300\" height=\"225\" srcset=\"https:\/\/www3.unicentro.br\/museu\/wp-content\/uploads\/sites\/86\/2021\/03\/WhatsApp-Image-2021-03-08-at-4.06.10-PM-300x225.jpeg 300w, https:\/\/www3.unicentro.br\/museu\/wp-content\/uploads\/sites\/86\/2021\/03\/WhatsApp-Image-2021-03-08-at-4.06.10-PM-1024x768.jpeg 1024w, https:\/\/www3.unicentro.br\/museu\/wp-content\/uploads\/sites\/86\/2021\/03\/WhatsApp-Image-2021-03-08-at-4.06.10-PM-768x576.jpeg 768w, https:\/\/www3.unicentro.br\/museu\/wp-content\/uploads\/sites\/86\/2021\/03\/WhatsApp-Image-2021-03-08-at-4.06.10-PM-400x300.jpeg 400w, https:\/\/www3.unicentro.br\/museu\/wp-content\/uploads\/sites\/86\/2021\/03\/WhatsApp-Image-2021-03-08-at-4.06.10-PM-800x600.jpeg 800w, https:\/\/www3.unicentro.br\/museu\/wp-content\/uploads\/sites\/86\/2021\/03\/WhatsApp-Image-2021-03-08-at-4.06.10-PM-255x191.jpeg 255w, https:\/\/www3.unicentro.br\/museu\/wp-content\/uploads\/sites\/86\/2021\/03\/WhatsApp-Image-2021-03-08-at-4.06.10-PM.jpeg 1040w\" sizes=\"auto, (max-width: 300px) 100vw, 300px\" \/><\/p><\/div>\n<div class=\"ipnrm-data\" data-marker-id=\"7a08a48f\">\n<p>Albita- <img loading=\"lazy\" decoding=\"async\" class=\"size-medium wp-image-757 alignnone\" src=\"https:\/\/www3.unicentro.br\/museu\/wp-content\/uploads\/sites\/86\/2021\/03\/WhatsApp-Image-2021-03-08-at-4.06.09-PM-2-300x225.jpeg\" alt=\"\" width=\"300\" height=\"225\" srcset=\"https:\/\/www3.unicentro.br\/museu\/wp-content\/uploads\/sites\/86\/2021\/03\/WhatsApp-Image-2021-03-08-at-4.06.09-PM-2-300x225.jpeg 300w, https:\/\/www3.unicentro.br\/museu\/wp-content\/uploads\/sites\/86\/2021\/03\/WhatsApp-Image-2021-03-08-at-4.06.09-PM-2-1024x768.jpeg 1024w, https:\/\/www3.unicentro.br\/museu\/wp-content\/uploads\/sites\/86\/2021\/03\/WhatsApp-Image-2021-03-08-at-4.06.09-PM-2-768x576.jpeg 768w, https:\/\/www3.unicentro.br\/museu\/wp-content\/uploads\/sites\/86\/2021\/03\/WhatsApp-Image-2021-03-08-at-4.06.09-PM-2-400x300.jpeg 400w, https:\/\/www3.unicentro.br\/museu\/wp-content\/uploads\/sites\/86\/2021\/03\/WhatsApp-Image-2021-03-08-at-4.06.09-PM-2-800x600.jpeg 800w, https:\/\/www3.unicentro.br\/museu\/wp-content\/uploads\/sites\/86\/2021\/03\/WhatsApp-Image-2021-03-08-at-4.06.09-PM-2-255x191.jpeg 255w, https:\/\/www3.unicentro.br\/museu\/wp-content\/uploads\/sites\/86\/2021\/03\/WhatsApp-Image-2021-03-08-at-4.06.09-PM-2.jpeg 1040w\" sizes=\"auto, (max-width: 300px) 100vw, 300px\" \/><\/p><\/div>\n<div class=\"ipnrm-data\" data-marker-id=\"ff42e2f2\">\n<p style=\"text-align: center;\">Bancada Direita<\/p><\/div>\n<div class=\"ipnrm-data\" data-marker-id=\"b51e17be\">\n<p style=\"text-align: center;\">Bancada Esquerda<\/p><\/div>\n<\/div>\n<div class=\"ipnrm-popovers-data\">\n<div class=\"ipnrm-data\" data-marker-id=\"d6e7b04b\">\n<\/div>\n<div class=\"ipnrm-data\" data-marker-id=\"4d89fe47\">\n<\/div>\n<div class=\"ipnrm-data\" data-marker-id=\"9bf721e7\">\n<\/div>\n<div class=\"ipnrm-data\" data-marker-id=\"abd7b262\">\n<\/div>\n<div class=\"ipnrm-data\" data-marker-id=\"76218b95\">\n<\/div>\n<div class=\"ipnrm-data\" data-marker-id=\"fc85c441\">\n<\/div>\n<div class=\"ipnrm-data\" data-marker-id=\"555efd29\">\n<\/div>\n<div class=\"ipnrm-data\" data-marker-id=\"8c0dbc43\">\n<\/div>\n<div class=\"ipnrm-data\" data-marker-id=\"8df39123\">\n<\/div>\n<div class=\"ipnrm-data\" data-marker-id=\"44192184\">\n<\/div>\n<div class=\"ipnrm-data\" data-marker-id=\"b896835e\">\n<\/div>\n<div class=\"ipnrm-data\" data-marker-id=\"160e02ac\">\n<\/div>\n<div class=\"ipnrm-data\" data-marker-id=\"7a08a48f\">\n<\/div>\n<div class=\"ipnrm-data\" data-marker-id=\"ff42e2f2\">\n<\/div>\n<div class=\"ipnrm-data\" data-marker-id=\"b51e17be\">\n<\/div>\n<\/div>\n<\/div>\n<div class=\"ipnrm-scene\" data-scene-id=\"5d1a2668\">\n<div class=\"ipnrm-markers-data\">\n<\/div>\n<div class=\"ipnrm-tooltips-data\">\n<div class=\"ipnrm-data\" data-marker-id=\"4a5fb98e\">\n<p>Talco- <img loading=\"lazy\" decoding=\"async\" class=\"size-medium wp-image-762 alignnone\" src=\"https:\/\/www3.unicentro.br\/museu\/wp-content\/uploads\/sites\/86\/2021\/03\/WhatsApp-Image-2021-03-08-at-4.06.07-PM-2-300x225.jpeg\" alt=\"\" width=\"300\" height=\"225\" srcset=\"https:\/\/www3.unicentro.br\/museu\/wp-content\/uploads\/sites\/86\/2021\/03\/WhatsApp-Image-2021-03-08-at-4.06.07-PM-2-300x225.jpeg 300w, https:\/\/www3.unicentro.br\/museu\/wp-content\/uploads\/sites\/86\/2021\/03\/WhatsApp-Image-2021-03-08-at-4.06.07-PM-2-1024x768.jpeg 1024w, https:\/\/www3.unicentro.br\/museu\/wp-content\/uploads\/sites\/86\/2021\/03\/WhatsApp-Image-2021-03-08-at-4.06.07-PM-2-768x576.jpeg 768w, https:\/\/www3.unicentro.br\/museu\/wp-content\/uploads\/sites\/86\/2021\/03\/WhatsApp-Image-2021-03-08-at-4.06.07-PM-2-400x300.jpeg 400w, https:\/\/www3.unicentro.br\/museu\/wp-content\/uploads\/sites\/86\/2021\/03\/WhatsApp-Image-2021-03-08-at-4.06.07-PM-2-800x600.jpeg 800w, https:\/\/www3.unicentro.br\/museu\/wp-content\/uploads\/sites\/86\/2021\/03\/WhatsApp-Image-2021-03-08-at-4.06.07-PM-2-255x191.jpeg 255w, https:\/\/www3.unicentro.br\/museu\/wp-content\/uploads\/sites\/86\/2021\/03\/WhatsApp-Image-2021-03-08-at-4.06.07-PM-2.jpeg 1040w\" sizes=\"auto, (max-width: 300px) 100vw, 300px\" \/><\/p><\/div>\n<div class=\"ipnrm-data\" data-marker-id=\"1937e760\">\n<p>Muscovita-\u00a0 <img loading=\"lazy\" decoding=\"async\" class=\"size-medium wp-image-758 alignnone\" src=\"https:\/\/www3.unicentro.br\/museu\/wp-content\/uploads\/sites\/86\/2021\/03\/WhatsApp-Image-2021-03-08-at-4.06.09-PM-300x225.jpeg\" alt=\"\" width=\"300\" height=\"225\" srcset=\"https:\/\/www3.unicentro.br\/museu\/wp-content\/uploads\/sites\/86\/2021\/03\/WhatsApp-Image-2021-03-08-at-4.06.09-PM-300x225.jpeg 300w, https:\/\/www3.unicentro.br\/museu\/wp-content\/uploads\/sites\/86\/2021\/03\/WhatsApp-Image-2021-03-08-at-4.06.09-PM-1024x768.jpeg 1024w, https:\/\/www3.unicentro.br\/museu\/wp-content\/uploads\/sites\/86\/2021\/03\/WhatsApp-Image-2021-03-08-at-4.06.09-PM-768x576.jpeg 768w, https:\/\/www3.unicentro.br\/museu\/wp-content\/uploads\/sites\/86\/2021\/03\/WhatsApp-Image-2021-03-08-at-4.06.09-PM-400x300.jpeg 400w, https:\/\/www3.unicentro.br\/museu\/wp-content\/uploads\/sites\/86\/2021\/03\/WhatsApp-Image-2021-03-08-at-4.06.09-PM-800x600.jpeg 800w, https:\/\/www3.unicentro.br\/museu\/wp-content\/uploads\/sites\/86\/2021\/03\/WhatsApp-Image-2021-03-08-at-4.06.09-PM-255x191.jpeg 255w, https:\/\/www3.unicentro.br\/museu\/wp-content\/uploads\/sites\/86\/2021\/03\/WhatsApp-Image-2021-03-08-at-4.06.09-PM.jpeg 1040w\" sizes=\"auto, (max-width: 300px) 100vw, 300px\" \/><\/p><\/div>\n<div class=\"ipnrm-data\" data-marker-id=\"da175800\">\n<p>Amianto- <img loading=\"lazy\" decoding=\"async\" class=\"size-medium wp-image-763 alignnone\" src=\"https:\/\/www3.unicentro.br\/museu\/wp-content\/uploads\/sites\/86\/2021\/03\/WhatsApp-Image-2021-03-08-at-4.06.07-PM-1-300x225.jpeg\" alt=\"\" width=\"300\" height=\"225\" srcset=\"https:\/\/www3.unicentro.br\/museu\/wp-content\/uploads\/sites\/86\/2021\/03\/WhatsApp-Image-2021-03-08-at-4.06.07-PM-1-300x225.jpeg 300w, https:\/\/www3.unicentro.br\/museu\/wp-content\/uploads\/sites\/86\/2021\/03\/WhatsApp-Image-2021-03-08-at-4.06.07-PM-1-1024x768.jpeg 1024w, https:\/\/www3.unicentro.br\/museu\/wp-content\/uploads\/sites\/86\/2021\/03\/WhatsApp-Image-2021-03-08-at-4.06.07-PM-1-768x576.jpeg 768w, https:\/\/www3.unicentro.br\/museu\/wp-content\/uploads\/sites\/86\/2021\/03\/WhatsApp-Image-2021-03-08-at-4.06.07-PM-1-400x300.jpeg 400w, https:\/\/www3.unicentro.br\/museu\/wp-content\/uploads\/sites\/86\/2021\/03\/WhatsApp-Image-2021-03-08-at-4.06.07-PM-1-800x600.jpeg 800w, https:\/\/www3.unicentro.br\/museu\/wp-content\/uploads\/sites\/86\/2021\/03\/WhatsApp-Image-2021-03-08-at-4.06.07-PM-1-255x191.jpeg 255w, https:\/\/www3.unicentro.br\/museu\/wp-content\/uploads\/sites\/86\/2021\/03\/WhatsApp-Image-2021-03-08-at-4.06.07-PM-1.jpeg 1040w\" sizes=\"auto, (max-width: 300px) 100vw, 300px\" \/><\/p><\/div>\n<div class=\"ipnrm-data\" data-marker-id=\"80acf759\">\n<p>Granito- <img loading=\"lazy\" decoding=\"async\" class=\"size-medium wp-image-747 alignnone\" src=\"https:\/\/www3.unicentro.br\/museu\/wp-content\/uploads\/sites\/86\/2021\/03\/WhatsApp-Image-2021-03-08-at-4.06.06-PM-300x225.jpeg\" alt=\"\" width=\"300\" height=\"225\" srcset=\"https:\/\/www3.unicentro.br\/museu\/wp-content\/uploads\/sites\/86\/2021\/03\/WhatsApp-Image-2021-03-08-at-4.06.06-PM-300x225.jpeg 300w, https:\/\/www3.unicentro.br\/museu\/wp-content\/uploads\/sites\/86\/2021\/03\/WhatsApp-Image-2021-03-08-at-4.06.06-PM-1024x768.jpeg 1024w, https:\/\/www3.unicentro.br\/museu\/wp-content\/uploads\/sites\/86\/2021\/03\/WhatsApp-Image-2021-03-08-at-4.06.06-PM-768x576.jpeg 768w, https:\/\/www3.unicentro.br\/museu\/wp-content\/uploads\/sites\/86\/2021\/03\/WhatsApp-Image-2021-03-08-at-4.06.06-PM-400x300.jpeg 400w, https:\/\/www3.unicentro.br\/museu\/wp-content\/uploads\/sites\/86\/2021\/03\/WhatsApp-Image-2021-03-08-at-4.06.06-PM-800x600.jpeg 800w, https:\/\/www3.unicentro.br\/museu\/wp-content\/uploads\/sites\/86\/2021\/03\/WhatsApp-Image-2021-03-08-at-4.06.06-PM-255x191.jpeg 255w, https:\/\/www3.unicentro.br\/museu\/wp-content\/uploads\/sites\/86\/2021\/03\/WhatsApp-Image-2021-03-08-at-4.06.06-PM.jpeg 1040w\" sizes=\"auto, (max-width: 300px) 100vw, 300px\" \/><\/p><\/div>\n<div class=\"ipnrm-data\" data-marker-id=\"93019786\">\n<p>Basalto<\/p><\/div>\n<div class=\"ipnrm-data\" data-marker-id=\"4aa32153\">\n<p>Lepdolita-\u00a0<\/p><\/div>\n<div class=\"ipnrm-data\" data-marker-id=\"9f796a35\">\n<p>Vermiculita-\u00a0 <img loading=\"lazy\" decoding=\"async\" class=\"size-medium wp-image-767 alignnone\" src=\"https:\/\/www3.unicentro.br\/museu\/wp-content\/uploads\/sites\/86\/2021\/03\/WhatsApp-Image-2021-03-08-at-4.06.08-PM-300x225.jpeg\" alt=\"\" width=\"300\" height=\"225\" srcset=\"https:\/\/www3.unicentro.br\/museu\/wp-content\/uploads\/sites\/86\/2021\/03\/WhatsApp-Image-2021-03-08-at-4.06.08-PM-300x225.jpeg 300w, https:\/\/www3.unicentro.br\/museu\/wp-content\/uploads\/sites\/86\/2021\/03\/WhatsApp-Image-2021-03-08-at-4.06.08-PM-1024x768.jpeg 1024w, https:\/\/www3.unicentro.br\/museu\/wp-content\/uploads\/sites\/86\/2021\/03\/WhatsApp-Image-2021-03-08-at-4.06.08-PM-768x576.jpeg 768w, https:\/\/www3.unicentro.br\/museu\/wp-content\/uploads\/sites\/86\/2021\/03\/WhatsApp-Image-2021-03-08-at-4.06.08-PM-400x300.jpeg 400w, https:\/\/www3.unicentro.br\/museu\/wp-content\/uploads\/sites\/86\/2021\/03\/WhatsApp-Image-2021-03-08-at-4.06.08-PM-800x600.jpeg 800w, https:\/\/www3.unicentro.br\/museu\/wp-content\/uploads\/sites\/86\/2021\/03\/WhatsApp-Image-2021-03-08-at-4.06.08-PM-255x191.jpeg 255w, https:\/\/www3.unicentro.br\/museu\/wp-content\/uploads\/sites\/86\/2021\/03\/WhatsApp-Image-2021-03-08-at-4.06.08-PM.jpeg 1040w\" sizes=\"auto, (max-width: 300px) 100vw, 300px\" \/><\/p><\/div>\n<div class=\"ipnrm-data\" data-marker-id=\"093c95ad\">\n<p>Diab\u00e1sio\u00a0<\/p><\/div>\n<div class=\"ipnrm-data\" data-marker-id=\"cacde8bc\">\n<p style=\"text-align: center;\">Ir para a sala de<\/p>\n<p style=\"text-align: center;\">Paleontologia e Geologia<\/p><\/div>\n<div class=\"ipnrm-data\" data-marker-id=\"2c6599ca\">\n<p style=\"text-align: center;\">Bancada Direita<\/p><\/div>\n<div class=\"ipnrm-data\" data-marker-id=\"2279ec1d\">\n<p style=\"text-align: center;\">Voltar Para o Corredor<\/p><\/div>\n<\/div>\n<div class=\"ipnrm-popovers-data\">\n<div class=\"ipnrm-data\" data-marker-id=\"4a5fb98e\">\n<\/div>\n<div class=\"ipnrm-data\" data-marker-id=\"1937e760\">\n<\/div>\n<div class=\"ipnrm-data\" data-marker-id=\"da175800\">\n<\/div>\n<div class=\"ipnrm-data\" data-marker-id=\"80acf759\">\n<\/div>\n<div class=\"ipnrm-data\" data-marker-id=\"93019786\">\n<\/div>\n<div class=\"ipnrm-data\" data-marker-id=\"4aa32153\">\n<\/div>\n<div class=\"ipnrm-data\" data-marker-id=\"9f796a35\">\n<\/div>\n<div class=\"ipnrm-data\" data-marker-id=\"093c95ad\">\n<\/div>\n<div class=\"ipnrm-data\" data-marker-id=\"cacde8bc\">\n<\/div>\n<div class=\"ipnrm-data\" data-marker-id=\"2c6599ca\">\n<\/div>\n<div class=\"ipnrm-data\" data-marker-id=\"2279ec1d\">\n<\/div>\n<\/div>\n<\/div>\n<div class=\"ipnrm-scene\" data-scene-id=\"4017f5de\">\n<div class=\"ipnrm-markers-data\">\n<\/div>\n<div class=\"ipnrm-tooltips-data\">\n<div class=\"ipnrm-data\" data-marker-id=\"13538274\">\n<p>Apatita- <img loading=\"lazy\" decoding=\"async\" class=\"size-medium wp-image-756 alignnone\" src=\"https:\/\/www3.unicentro.br\/museu\/wp-content\/uploads\/sites\/86\/2021\/03\/Apatita-300x225.jpeg\" alt=\"\" width=\"300\" height=\"225\" srcset=\"https:\/\/www3.unicentro.br\/museu\/wp-content\/uploads\/sites\/86\/2021\/03\/Apatita-300x225.jpeg 300w, https:\/\/www3.unicentro.br\/museu\/wp-content\/uploads\/sites\/86\/2021\/03\/Apatita-1024x768.jpeg 1024w, https:\/\/www3.unicentro.br\/museu\/wp-content\/uploads\/sites\/86\/2021\/03\/Apatita-768x576.jpeg 768w, https:\/\/www3.unicentro.br\/museu\/wp-content\/uploads\/sites\/86\/2021\/03\/Apatita-400x300.jpeg 400w, https:\/\/www3.unicentro.br\/museu\/wp-content\/uploads\/sites\/86\/2021\/03\/Apatita-800x600.jpeg 800w, https:\/\/www3.unicentro.br\/museu\/wp-content\/uploads\/sites\/86\/2021\/03\/Apatita-255x191.jpeg 255w, https:\/\/www3.unicentro.br\/museu\/wp-content\/uploads\/sites\/86\/2021\/03\/Apatita.jpeg 1040w\" sizes=\"auto, (max-width: 300px) 100vw, 300px\" \/><\/p><\/div>\n<div class=\"ipnrm-data\" data-marker-id=\"7db55f0f\">\n<p>Azurita\u00a0<\/p><\/div>\n<div class=\"ipnrm-data\" data-marker-id=\"0c864709\">\n<p>Dolomita- <img loading=\"lazy\" decoding=\"async\" class=\"wp-image-754 size-medium alignnone\" src=\"https:\/\/www3.unicentro.br\/museu\/wp-content\/uploads\/sites\/86\/2021\/03\/WhatsApp-Image-2021-03-08-at-4.07.45-PM-1-e1615488674256-255x300.jpeg\" alt=\"\" width=\"255\" height=\"300\" srcset=\"https:\/\/www3.unicentro.br\/museu\/wp-content\/uploads\/sites\/86\/2021\/03\/WhatsApp-Image-2021-03-08-at-4.07.45-PM-1-e1615488674256-255x300.jpeg 255w, https:\/\/www3.unicentro.br\/museu\/wp-content\/uploads\/sites\/86\/2021\/03\/WhatsApp-Image-2021-03-08-at-4.07.45-PM-1-e1615488674256.jpeg 506w\" sizes=\"auto, (max-width: 255px) 100vw, 255px\" \/><\/p><\/div>\n<div class=\"ipnrm-data\" data-marker-id=\"5118d21b\">\n<p>Cobre<\/p><\/div>\n<div class=\"ipnrm-data\" data-marker-id=\"9dd351f1\">\n<p>Magnetita-<\/p><\/div>\n<div class=\"ipnrm-data\" data-marker-id=\"e8769fdc\">\n<p style=\"text-align: center;\">Bancada Esquerda<\/p><\/div>\n<div class=\"ipnrm-data\" data-marker-id=\"1a056003\">\n<p style=\"text-align: center;\">Ir Para a Sala de<\/p>\n<p style=\"text-align: center;\">Paleontologia e Geologia<\/p><\/div>\n<div class=\"ipnrm-data\" data-marker-id=\"1e024eb0\">\n<p style=\"text-align: center;\">Voltar Para o Corredor<\/p><\/div>\n<\/div>\n<div class=\"ipnrm-popovers-data\">\n<div class=\"ipnrm-data\" data-marker-id=\"13538274\">\n<\/div>\n<div class=\"ipnrm-data\" data-marker-id=\"7db55f0f\">\n<\/div>\n<div class=\"ipnrm-data\" data-marker-id=\"0c864709\">\n<\/div>\n<div class=\"ipnrm-data\" data-marker-id=\"5118d21b\">\n<\/div>\n<div class=\"ipnrm-data\" data-marker-id=\"9dd351f1\">\n<\/div>\n<div class=\"ipnrm-data\" data-marker-id=\"e8769fdc\">\n<\/div>\n<div class=\"ipnrm-data\" data-marker-id=\"1a056003\">\n<\/div>\n<div class=\"ipnrm-data\" data-marker-id=\"1e024eb0\">\n<\/div>\n<\/div>\n<\/div>\n<div class=\"ipnrm-scene\" data-scene-id=\"cc133ac7\">\n<div class=\"ipnrm-markers-data\">\n<\/div>\n<div class=\"ipnrm-tooltips-data\">\n<div class=\"ipnrm-data\" data-marker-id=\"f52112c6\">\n<p>Tronco de \u00c1rvore Silicificada<\/p>\n<p>\u00a0<img loading=\"lazy\" decoding=\"async\" class=\"alignnone wp-image-143 size-medium\" src=\"https:\/\/www3.unicentro.br\/museu\/wp-content\/uploads\/sites\/86\/2020\/05\/bigarela-220-e1614269471438-300x153.jpg\" alt=\"\" width=\"300\" height=\"153\" srcset=\"https:\/\/www3.unicentro.br\/museu\/wp-content\/uploads\/sites\/86\/2020\/05\/bigarela-220-e1614269471438-300x153.jpg 300w, https:\/\/www3.unicentro.br\/museu\/wp-content\/uploads\/sites\/86\/2020\/05\/bigarela-220-e1614269471438-1024x521.jpg 1024w, https:\/\/www3.unicentro.br\/museu\/wp-content\/uploads\/sites\/86\/2020\/05\/bigarela-220-e1614269471438-768x391.jpg 768w, https:\/\/www3.unicentro.br\/museu\/wp-content\/uploads\/sites\/86\/2020\/05\/bigarela-220-e1614269471438-1536x781.jpg 1536w, https:\/\/www3.unicentro.br\/museu\/wp-content\/uploads\/sites\/86\/2020\/05\/bigarela-220-e1614269471438-255x130.jpg 255w, https:\/\/www3.unicentro.br\/museu\/wp-content\/uploads\/sites\/86\/2020\/05\/bigarela-220-e1614269471438.jpg 1559w\" sizes=\"auto, (max-width: 300px) 100vw, 300px\" \/><\/p><\/div>\n<div class=\"ipnrm-data\" data-marker-id=\"e8328733\">\n<p style=\"text-align: center;\">Bancada Direita<\/p><\/div>\n<div class=\"ipnrm-data\" data-marker-id=\"638f6f9d\">\n<p style=\"text-align: center;\">Bancada Esquerda<\/p><\/div>\n<div class=\"ipnrm-data\" data-marker-id=\"baee9851\">\n<p style=\"text-align: center;\">Voltar Para o Corredor<\/p><\/div>\n<div class=\"ipnrm-data\" data-marker-id=\"f224eede\">\n<p style=\"text-align: center;\">Ir para a sala de<\/p>\n<p style=\"text-align: center;\">Geologia<\/p><\/div>\n<div class=\"ipnrm-data\" data-marker-id=\"0e9a1c71\">\n<p style=\"text-align: center;\">Ir para a Sala<\/p>\n<p style=\"text-align: center;\">do Mar<\/p><\/div>\n<div class=\"ipnrm-data\" data-marker-id=\"76ab1132\">\n<p>Almofariz- <img loading=\"lazy\" decoding=\"async\" class=\"aligncenter size-medium wp-image-948\" src=\"https:\/\/www3.unicentro.br\/museu\/wp-content\/uploads\/sites\/86\/2021\/09\/WhatsApp-Image-2021-09-14-at-11.12.20-AM-e1631628833386-261x300.jpeg\" alt=\"\" width=\"261\" height=\"300\" srcset=\"https:\/\/www3.unicentro.br\/museu\/wp-content\/uploads\/sites\/86\/2021\/09\/WhatsApp-Image-2021-09-14-at-11.12.20-AM-e1631628833386-261x300.jpeg 261w, https:\/\/www3.unicentro.br\/museu\/wp-content\/uploads\/sites\/86\/2021\/09\/WhatsApp-Image-2021-09-14-at-11.12.20-AM-e1631628833386-255x293.jpeg 255w, https:\/\/www3.unicentro.br\/museu\/wp-content\/uploads\/sites\/86\/2021\/09\/WhatsApp-Image-2021-09-14-at-11.12.20-AM-e1631628833386.jpeg 720w\" sizes=\"auto, (max-width: 261px) 100vw, 261px\" \/><\/p><\/div>\n<\/div>\n<div class=\"ipnrm-popovers-data\">\n<div class=\"ipnrm-data\" data-marker-id=\"f52112c6\">\n<\/div>\n<div class=\"ipnrm-data\" data-marker-id=\"e8328733\">\n<\/div>\n<div class=\"ipnrm-data\" data-marker-id=\"638f6f9d\">\n<\/div>\n<div class=\"ipnrm-data\" data-marker-id=\"baee9851\">\n<\/div>\n<div class=\"ipnrm-data\" data-marker-id=\"f224eede\">\n<\/div>\n<div class=\"ipnrm-data\" data-marker-id=\"0e9a1c71\">\n<\/div>\n<div class=\"ipnrm-data\" data-marker-id=\"76ab1132\">\n<\/div>\n<\/div>\n<\/div>\n<div class=\"ipnrm-scene\" data-scene-id=\"ab59cc56\">\n<div class=\"ipnrm-markers-data\">\n<\/div>\n<div class=\"ipnrm-tooltips-data\">\n<div class=\"ipnrm-data\" data-marker-id=\"fc0d8687\">\n<p>Animais da Megafauna Brasileira <img loading=\"lazy\" decoding=\"async\" class=\"alignnone wp-image-146 size-medium\" src=\"https:\/\/www3.unicentro.br\/museu\/wp-content\/uploads\/sites\/86\/2020\/05\/bigarela-223-e1614269751834-300x221.jpg\" alt=\"\" width=\"300\" height=\"221\" srcset=\"https:\/\/www3.unicentro.br\/museu\/wp-content\/uploads\/sites\/86\/2020\/05\/bigarela-223-e1614269751834-300x221.jpg 300w, https:\/\/www3.unicentro.br\/museu\/wp-content\/uploads\/sites\/86\/2020\/05\/bigarela-223-e1614269751834-1024x753.jpg 1024w, https:\/\/www3.unicentro.br\/museu\/wp-content\/uploads\/sites\/86\/2020\/05\/bigarela-223-e1614269751834-768x565.jpg 768w, https:\/\/www3.unicentro.br\/museu\/wp-content\/uploads\/sites\/86\/2020\/05\/bigarela-223-e1614269751834-255x188.jpg 255w, https:\/\/www3.unicentro.br\/museu\/wp-content\/uploads\/sites\/86\/2020\/05\/bigarela-223-e1614269751834.jpg 1425w\" sizes=\"auto, (max-width: 300px) 100vw, 300px\" \/><\/p><\/div>\n<div class=\"ipnrm-data\" data-marker-id=\"a6b50d3f\">\n<p>F\u00f3ssil de Peixe do Araripe<img loading=\"lazy\" decoding=\"async\" class=\"wp-image-142 size-medium alignnone\" src=\"https:\/\/www3.unicentro.br\/museu\/wp-content\/uploads\/sites\/86\/2020\/05\/bigarela-219-e1615220812267-300x97.jpg\" alt=\"\" width=\"300\" height=\"97\" srcset=\"https:\/\/www3.unicentro.br\/museu\/wp-content\/uploads\/sites\/86\/2020\/05\/bigarela-219-e1615220812267-300x97.jpg 300w, https:\/\/www3.unicentro.br\/museu\/wp-content\/uploads\/sites\/86\/2020\/05\/bigarela-219-e1615220812267-1024x331.jpg 1024w, https:\/\/www3.unicentro.br\/museu\/wp-content\/uploads\/sites\/86\/2020\/05\/bigarela-219-e1615220812267-768x248.jpg 768w, https:\/\/www3.unicentro.br\/museu\/wp-content\/uploads\/sites\/86\/2020\/05\/bigarela-219-e1615220812267-1536x496.jpg 1536w, https:\/\/www3.unicentro.br\/museu\/wp-content\/uploads\/sites\/86\/2020\/05\/bigarela-219-e1615220812267-255x82.jpg 255w, https:\/\/www3.unicentro.br\/museu\/wp-content\/uploads\/sites\/86\/2020\/05\/bigarela-219-e1615220812267.jpg 1775w\" sizes=\"auto, (max-width: 300px) 100vw, 300px\" \/><\/p><\/div>\n<div class=\"ipnrm-data\" data-marker-id=\"3bc46682\">\n<p>Artefatos Ind\u00edgenas <img loading=\"lazy\" decoding=\"async\" class=\"wp-image-134 size-medium alignnone\" src=\"https:\/\/www3.unicentro.br\/museu\/wp-content\/uploads\/sites\/86\/2020\/05\/bigarela-201-e1615221115619-300x261.jpg\" alt=\"\" width=\"300\" height=\"261\" srcset=\"https:\/\/www3.unicentro.br\/museu\/wp-content\/uploads\/sites\/86\/2020\/05\/bigarela-201-e1615221115619-300x261.jpg 300w, https:\/\/www3.unicentro.br\/museu\/wp-content\/uploads\/sites\/86\/2020\/05\/bigarela-201-e1615221115619-1024x890.jpg 1024w, https:\/\/www3.unicentro.br\/museu\/wp-content\/uploads\/sites\/86\/2020\/05\/bigarela-201-e1615221115619-768x668.jpg 768w, https:\/\/www3.unicentro.br\/museu\/wp-content\/uploads\/sites\/86\/2020\/05\/bigarela-201-e1615221115619-255x222.jpg 255w, https:\/\/www3.unicentro.br\/museu\/wp-content\/uploads\/sites\/86\/2020\/05\/bigarela-201-e1615221115619.jpg 1093w\" sizes=\"auto, (max-width: 300px) 100vw, 300px\" \/><\/p><\/div>\n<div class=\"ipnrm-data\" data-marker-id=\"0cbb21cc\">\n<p>F\u00f3sseis<\/p><\/div>\n<div class=\"ipnrm-data\" data-marker-id=\"4b452bec\">\n<p>Trilobita- <img loading=\"lazy\" decoding=\"async\" class=\"size-medium wp-image-778 alignnone\" src=\"https:\/\/www3.unicentro.br\/museu\/wp-content\/uploads\/sites\/86\/2021\/03\/WhatsApp-Image-2021-03-12-at-10.54.42-AM-300x225.jpeg\" alt=\"\" width=\"300\" height=\"225\" srcset=\"https:\/\/www3.unicentro.br\/museu\/wp-content\/uploads\/sites\/86\/2021\/03\/WhatsApp-Image-2021-03-12-at-10.54.42-AM-300x225.jpeg 300w, https:\/\/www3.unicentro.br\/museu\/wp-content\/uploads\/sites\/86\/2021\/03\/WhatsApp-Image-2021-03-12-at-10.54.42-AM-1024x768.jpeg 1024w, https:\/\/www3.unicentro.br\/museu\/wp-content\/uploads\/sites\/86\/2021\/03\/WhatsApp-Image-2021-03-12-at-10.54.42-AM-768x576.jpeg 768w, https:\/\/www3.unicentro.br\/museu\/wp-content\/uploads\/sites\/86\/2021\/03\/WhatsApp-Image-2021-03-12-at-10.54.42-AM-400x300.jpeg 400w, https:\/\/www3.unicentro.br\/museu\/wp-content\/uploads\/sites\/86\/2021\/03\/WhatsApp-Image-2021-03-12-at-10.54.42-AM-800x600.jpeg 800w, https:\/\/www3.unicentro.br\/museu\/wp-content\/uploads\/sites\/86\/2021\/03\/WhatsApp-Image-2021-03-12-at-10.54.42-AM-255x191.jpeg 255w, https:\/\/www3.unicentro.br\/museu\/wp-content\/uploads\/sites\/86\/2021\/03\/WhatsApp-Image-2021-03-12-at-10.54.42-AM.jpeg 1040w\" sizes=\"auto, (max-width: 300px) 100vw, 300px\" \/><\/p><\/div>\n<div class=\"ipnrm-data\" data-marker-id=\"c97178dd\">\n<p><strong>Mesossaurus<\/strong> <img loading=\"lazy\" decoding=\"async\" class=\"wp-image-627 size-medium alignnone\" src=\"https:\/\/www3.unicentro.br\/museu\/wp-content\/uploads\/sites\/86\/2021\/02\/mesossaurus-e1613672624733-300x169.jpeg\" alt=\"\" width=\"300\" height=\"169\" srcset=\"https:\/\/www3.unicentro.br\/museu\/wp-content\/uploads\/sites\/86\/2021\/02\/mesossaurus-e1613672624733-300x169.jpeg 300w, https:\/\/www3.unicentro.br\/museu\/wp-content\/uploads\/sites\/86\/2021\/02\/mesossaurus-e1613672624733-768x434.jpeg 768w, https:\/\/www3.unicentro.br\/museu\/wp-content\/uploads\/sites\/86\/2021\/02\/mesossaurus-e1613672624733-255x144.jpeg 255w, https:\/\/www3.unicentro.br\/museu\/wp-content\/uploads\/sites\/86\/2021\/02\/mesossaurus-e1613672624733.jpeg 993w\" sizes=\"auto, (max-width: 300px) 100vw, 300px\" \/><\/p><\/div>\n<div class=\"ipnrm-data\" data-marker-id=\"42d0ead3\">\n<p style=\"text-align: center;\">Bancada Direita<\/p><\/div>\n<div class=\"ipnrm-data\" data-marker-id=\"f3447cb6\">\n<p style=\"text-align: center;\">Ir para a Sala de<\/p>\n<p style=\"text-align: center;\">Geologia<\/p><\/div>\n<div class=\"ipnrm-data\" data-marker-id=\"f8dd70bc\">\n<p style=\"text-align: center;\">Ir para a Sala<\/p>\n<p style=\"text-align: center;\">do Mar<\/p><\/div>\n<\/div>\n<div class=\"ipnrm-popovers-data\">\n<div class=\"ipnrm-data\" data-marker-id=\"fc0d8687\">\n<\/div>\n<div class=\"ipnrm-data\" data-marker-id=\"a6b50d3f\">\n<\/div>\n<div class=\"ipnrm-data\" data-marker-id=\"3bc46682\">\n<\/div>\n<div class=\"ipnrm-data\" data-marker-id=\"0cbb21cc\">\n<\/div>\n<div class=\"ipnrm-data\" data-marker-id=\"4b452bec\">\n<\/div>\n<div class=\"ipnrm-data\" data-marker-id=\"c97178dd\">\n<\/div>\n<div class=\"ipnrm-data\" data-marker-id=\"42d0ead3\">\n<\/div>\n<div class=\"ipnrm-data\" data-marker-id=\"f3447cb6\">\n<\/div>\n<div class=\"ipnrm-data\" data-marker-id=\"f8dd70bc\">\n<\/div>\n<\/div>\n<\/div>\n<div class=\"ipnrm-scene\" data-scene-id=\"c697fef3\">\n<div class=\"ipnrm-markers-data\">\n<\/div>\n<div class=\"ipnrm-tooltips-data\">\n<div class=\"ipnrm-data\" data-marker-id=\"a0711edf\">\n<p><strong>Folhelho<\/strong> <img loading=\"lazy\" decoding=\"async\" class=\"wp-image-621  alignnone\" src=\"https:\/\/www3.unicentro.br\/museu\/wp-content\/uploads\/sites\/86\/2021\/02\/folhelho-e1613671805571-300x225.jpeg\" alt=\"\" width=\"244\" height=\"183\" srcset=\"https:\/\/www3.unicentro.br\/museu\/wp-content\/uploads\/sites\/86\/2021\/02\/folhelho-e1613671805571-300x225.jpeg 300w, https:\/\/www3.unicentro.br\/museu\/wp-content\/uploads\/sites\/86\/2021\/02\/folhelho-e1613671805571-1024x768.jpeg 1024w, https:\/\/www3.unicentro.br\/museu\/wp-content\/uploads\/sites\/86\/2021\/02\/folhelho-e1613671805571-768x576.jpeg 768w, https:\/\/www3.unicentro.br\/museu\/wp-content\/uploads\/sites\/86\/2021\/02\/folhelho-e1613671805571-400x300.jpeg 400w, https:\/\/www3.unicentro.br\/museu\/wp-content\/uploads\/sites\/86\/2021\/02\/folhelho-e1613671805571-800x600.jpeg 800w, https:\/\/www3.unicentro.br\/museu\/wp-content\/uploads\/sites\/86\/2021\/02\/folhelho-e1613671805571-255x191.jpeg 255w, https:\/\/www3.unicentro.br\/museu\/wp-content\/uploads\/sites\/86\/2021\/02\/folhelho-e1613671805571.jpeg 1040w\" sizes=\"auto, (max-width: 244px) 100vw, 244px\" \/><\/p><\/div>\n<div class=\"ipnrm-data\" data-marker-id=\"a2a0f786\">\n<p><strong>Argilito<\/strong><img loading=\"lazy\" decoding=\"async\" class=\"wp-image-620  alignnone\" src=\"https:\/\/www3.unicentro.br\/museu\/wp-content\/uploads\/sites\/86\/2021\/02\/Argilito-e1613671458318-300x225.jpeg\" alt=\"\" width=\"221\" height=\"166\" srcset=\"https:\/\/www3.unicentro.br\/museu\/wp-content\/uploads\/sites\/86\/2021\/02\/Argilito-e1613671458318-300x225.jpeg 300w, https:\/\/www3.unicentro.br\/museu\/wp-content\/uploads\/sites\/86\/2021\/02\/Argilito-e1613671458318-1024x768.jpeg 1024w, https:\/\/www3.unicentro.br\/museu\/wp-content\/uploads\/sites\/86\/2021\/02\/Argilito-e1613671458318-768x576.jpeg 768w, https:\/\/www3.unicentro.br\/museu\/wp-content\/uploads\/sites\/86\/2021\/02\/Argilito-e1613671458318-400x300.jpeg 400w, https:\/\/www3.unicentro.br\/museu\/wp-content\/uploads\/sites\/86\/2021\/02\/Argilito-e1613671458318-800x600.jpeg 800w, https:\/\/www3.unicentro.br\/museu\/wp-content\/uploads\/sites\/86\/2021\/02\/Argilito-e1613671458318-255x191.jpeg 255w, https:\/\/www3.unicentro.br\/museu\/wp-content\/uploads\/sites\/86\/2021\/02\/Argilito-e1613671458318.jpeg 1040w\" sizes=\"auto, (max-width: 221px) 100vw, 221px\" \/><\/p>\n<p>\u00a0<\/p><\/div>\n<div class=\"ipnrm-data\" data-marker-id=\"fa4b2a80\">\n<p><strong>Siltito<\/strong><img loading=\"lazy\" decoding=\"async\" class=\"wp-image-619  alignnone\" src=\"https:\/\/www3.unicentro.br\/museu\/wp-content\/uploads\/sites\/86\/2021\/02\/Siltito-e1613670717293-300x225.jpeg\" alt=\"\" width=\"200\" height=\"150\" srcset=\"https:\/\/www3.unicentro.br\/museu\/wp-content\/uploads\/sites\/86\/2021\/02\/Siltito-e1613670717293-300x225.jpeg 300w, https:\/\/www3.unicentro.br\/museu\/wp-content\/uploads\/sites\/86\/2021\/02\/Siltito-e1613670717293-1024x768.jpeg 1024w, https:\/\/www3.unicentro.br\/museu\/wp-content\/uploads\/sites\/86\/2021\/02\/Siltito-e1613670717293-768x576.jpeg 768w, https:\/\/www3.unicentro.br\/museu\/wp-content\/uploads\/sites\/86\/2021\/02\/Siltito-e1613670717293-400x300.jpeg 400w, https:\/\/www3.unicentro.br\/museu\/wp-content\/uploads\/sites\/86\/2021\/02\/Siltito-e1613670717293-800x600.jpeg 800w, https:\/\/www3.unicentro.br\/museu\/wp-content\/uploads\/sites\/86\/2021\/02\/Siltito-e1613670717293-255x191.jpeg 255w, https:\/\/www3.unicentro.br\/museu\/wp-content\/uploads\/sites\/86\/2021\/02\/Siltito-e1613670717293.jpeg 1040w\" sizes=\"auto, (max-width: 200px) 100vw, 200px\" \/><\/p><\/div>\n<div class=\"ipnrm-data\" data-marker-id=\"ddd812f4\">\n<p>Areia-<img loading=\"lazy\" decoding=\"async\" class=\"size-medium wp-image-539 alignnone\" src=\"https:\/\/www3.unicentro.br\/museu\/wp-content\/uploads\/sites\/86\/2021\/01\/Areia3-300x225.jpg\" alt=\"\" width=\"300\" height=\"225\" srcset=\"https:\/\/www3.unicentro.br\/museu\/wp-content\/uploads\/sites\/86\/2021\/01\/Areia3-300x225.jpg 300w, https:\/\/www3.unicentro.br\/museu\/wp-content\/uploads\/sites\/86\/2021\/01\/Areia3-1024x768.jpg 1024w, https:\/\/www3.unicentro.br\/museu\/wp-content\/uploads\/sites\/86\/2021\/01\/Areia3-768x576.jpg 768w, https:\/\/www3.unicentro.br\/museu\/wp-content\/uploads\/sites\/86\/2021\/01\/Areia3-1536x1152.jpg 1536w, https:\/\/www3.unicentro.br\/museu\/wp-content\/uploads\/sites\/86\/2021\/01\/Areia3-400x300.jpg 400w, https:\/\/www3.unicentro.br\/museu\/wp-content\/uploads\/sites\/86\/2021\/01\/Areia3-800x600.jpg 800w, https:\/\/www3.unicentro.br\/museu\/wp-content\/uploads\/sites\/86\/2021\/01\/Areia3-1200x900.jpg 1200w, https:\/\/www3.unicentro.br\/museu\/wp-content\/uploads\/sites\/86\/2021\/01\/Areia3-255x191.jpg 255w, https:\/\/www3.unicentro.br\/museu\/wp-content\/uploads\/sites\/86\/2021\/01\/Areia3.jpg 1600w\" sizes=\"auto, (max-width: 300px) 100vw, 300px\" \/><\/p><\/div>\n<div class=\"ipnrm-data\" data-marker-id=\"7b98e987\">\n<p><strong>Arenito<\/strong> <img loading=\"lazy\" decoding=\"async\" class=\"wp-image-624 alignnone\" src=\"https:\/\/www3.unicentro.br\/museu\/wp-content\/uploads\/sites\/86\/2021\/02\/Arenito-Botucatu-300x225.jpeg\" alt=\"\" width=\"256\" height=\"192\" srcset=\"https:\/\/www3.unicentro.br\/museu\/wp-content\/uploads\/sites\/86\/2021\/02\/Arenito-Botucatu-300x225.jpeg 300w, https:\/\/www3.unicentro.br\/museu\/wp-content\/uploads\/sites\/86\/2021\/02\/Arenito-Botucatu-1024x768.jpeg 1024w, https:\/\/www3.unicentro.br\/museu\/wp-content\/uploads\/sites\/86\/2021\/02\/Arenito-Botucatu-768x576.jpeg 768w, https:\/\/www3.unicentro.br\/museu\/wp-content\/uploads\/sites\/86\/2021\/02\/Arenito-Botucatu-400x300.jpeg 400w, https:\/\/www3.unicentro.br\/museu\/wp-content\/uploads\/sites\/86\/2021\/02\/Arenito-Botucatu-800x600.jpeg 800w, https:\/\/www3.unicentro.br\/museu\/wp-content\/uploads\/sites\/86\/2021\/02\/Arenito-Botucatu-255x191.jpeg 255w, https:\/\/www3.unicentro.br\/museu\/wp-content\/uploads\/sites\/86\/2021\/02\/Arenito-Botucatu.jpeg 1040w\" sizes=\"auto, (max-width: 256px) 100vw, 256px\" \/><\/p><\/div>\n<div class=\"ipnrm-data\" data-marker-id=\"75b6aa58\">\n<p style=\"text-align: center;\">Ir para Sala de<\/p>\n<p style=\"text-align: center;\">Geologia<\/p><\/div>\n<div class=\"ipnrm-data\" data-marker-id=\"2718f82d\">\n<p>Bancada Direita<\/p><\/div>\n<\/div>\n<div class=\"ipnrm-popovers-data\">\n<div class=\"ipnrm-data\" data-marker-id=\"a0711edf\">\n<\/div>\n<div class=\"ipnrm-data\" data-marker-id=\"a2a0f786\">\n<\/div>\n<div class=\"ipnrm-data\" data-marker-id=\"fa4b2a80\">\n<\/div>\n<div class=\"ipnrm-data\" data-marker-id=\"ddd812f4\">\n<\/div>\n<div class=\"ipnrm-data\" data-marker-id=\"7b98e987\">\n<\/div>\n<div class=\"ipnrm-data\" data-marker-id=\"75b6aa58\">\n<\/div>\n<div class=\"ipnrm-data\" data-marker-id=\"2718f82d\">\n<\/div>\n<\/div>\n<\/div>\n<div class=\"ipnrm-scene\" data-scene-id=\"c1945d0a\">\n<div class=\"ipnrm-markers-data\">\n<\/div>\n<div class=\"ipnrm-tooltips-data\">\n<div class=\"ipnrm-data\" data-marker-id=\"f2d217ab\">\n<p style=\"text-align: center;\">Bancada Esquerda<\/p><\/div>\n<div class=\"ipnrm-data\" data-marker-id=\"5c86f11b\">\n<p style=\"text-align: center;\">Bancada Direita<\/p><\/div>\n<div class=\"ipnrm-data\" data-marker-id=\"98fb04e8\">\n<p>Voltar para o Corredor<\/p><\/div>\n<div class=\"ipnrm-data\" data-marker-id=\"b7510f0b\">\n<p style=\"text-align: center;\">Ir para a Sala de<\/p>\n<p style=\"text-align: center;\">Paleontologia e Geologia<\/p><\/div>\n<div class=\"ipnrm-data\" data-marker-id=\"05fddd98\">\n<p>Sambaqui- <img loading=\"lazy\" decoding=\"async\" class=\"size-medium wp-image-804 alignnone\" src=\"https:\/\/www3.unicentro.br\/museu\/wp-content\/uploads\/sites\/86\/2021\/03\/sambaqui-300x225.jpeg\" alt=\"\" width=\"300\" height=\"225\" srcset=\"https:\/\/www3.unicentro.br\/museu\/wp-content\/uploads\/sites\/86\/2021\/03\/sambaqui-300x225.jpeg 300w, https:\/\/www3.unicentro.br\/museu\/wp-content\/uploads\/sites\/86\/2021\/03\/sambaqui-1024x768.jpeg 1024w, https:\/\/www3.unicentro.br\/museu\/wp-content\/uploads\/sites\/86\/2021\/03\/sambaqui-768x576.jpeg 768w, https:\/\/www3.unicentro.br\/museu\/wp-content\/uploads\/sites\/86\/2021\/03\/sambaqui-400x300.jpeg 400w, https:\/\/www3.unicentro.br\/museu\/wp-content\/uploads\/sites\/86\/2021\/03\/sambaqui-800x600.jpeg 800w, https:\/\/www3.unicentro.br\/museu\/wp-content\/uploads\/sites\/86\/2021\/03\/sambaqui-255x191.jpeg 255w, https:\/\/www3.unicentro.br\/museu\/wp-content\/uploads\/sites\/86\/2021\/03\/sambaqui.jpeg 1040w\" sizes=\"auto, (max-width: 300px) 100vw, 300px\" \/><\/p><\/div>\n<div class=\"ipnrm-data\" data-marker-id=\"b026bc1a\">\n<p>Ostras\u00a0<\/p><\/div>\n<div class=\"ipnrm-data\" data-marker-id=\"aec5af89\">\n<p>N\u00e1utilos <img loading=\"lazy\" decoding=\"async\" class=\"size-medium wp-image-803 alignnone\" src=\"https:\/\/www3.unicentro.br\/museu\/wp-content\/uploads\/sites\/86\/2021\/03\/Nautilo-300x225.jpeg\" alt=\"\" width=\"300\" height=\"225\" srcset=\"https:\/\/www3.unicentro.br\/museu\/wp-content\/uploads\/sites\/86\/2021\/03\/Nautilo-300x225.jpeg 300w, https:\/\/www3.unicentro.br\/museu\/wp-content\/uploads\/sites\/86\/2021\/03\/Nautilo-1024x768.jpeg 1024w, https:\/\/www3.unicentro.br\/museu\/wp-content\/uploads\/sites\/86\/2021\/03\/Nautilo-768x576.jpeg 768w, https:\/\/www3.unicentro.br\/museu\/wp-content\/uploads\/sites\/86\/2021\/03\/Nautilo-400x300.jpeg 400w, https:\/\/www3.unicentro.br\/museu\/wp-content\/uploads\/sites\/86\/2021\/03\/Nautilo-800x600.jpeg 800w, https:\/\/www3.unicentro.br\/museu\/wp-content\/uploads\/sites\/86\/2021\/03\/Nautilo-255x191.jpeg 255w, https:\/\/www3.unicentro.br\/museu\/wp-content\/uploads\/sites\/86\/2021\/03\/Nautilo.jpeg 1040w\" sizes=\"auto, (max-width: 300px) 100vw, 300px\" \/><\/p><\/div>\n<div class=\"ipnrm-data\" data-marker-id=\"47afe6db\">\n<\/div>\n<\/div>\n<div class=\"ipnrm-popovers-data\">\n<div class=\"ipnrm-data\" data-marker-id=\"f2d217ab\">\n<\/div>\n<div class=\"ipnrm-data\" data-marker-id=\"5c86f11b\">\n<\/div>\n<div class=\"ipnrm-data\" data-marker-id=\"98fb04e8\">\n<\/div>\n<div class=\"ipnrm-data\" data-marker-id=\"b7510f0b\">\n<\/div>\n<div class=\"ipnrm-data\" data-marker-id=\"05fddd98\">\n<\/div>\n<div class=\"ipnrm-data\" data-marker-id=\"b026bc1a\">\n<\/div>\n<div class=\"ipnrm-data\" data-marker-id=\"aec5af89\">\n<\/div>\n<div class=\"ipnrm-data\" data-marker-id=\"47afe6db\">\n<\/div>\n<\/div>\n<\/div>\n<div class=\"ipnrm-scene\" data-scene-id=\"8d935913\">\n<div class=\"ipnrm-markers-data\">\n<\/div>\n<div class=\"ipnrm-tooltips-data\">\n<div class=\"ipnrm-data\" data-marker-id=\"6e0465c6\">\n<p style=\"text-align: center;\">Bancada Esquerda<\/p><\/div>\n<div class=\"ipnrm-data\" data-marker-id=\"404f2ce6\">\n<p>V\u00e9rtebras de\u00a0 baleia Jubarte-<img loading=\"lazy\" decoding=\"async\" class=\" wp-image-805 alignnone\" src=\"https:\/\/www3.unicentro.br\/museu\/wp-content\/uploads\/sites\/86\/2021\/03\/Vertebras-de-baleia-300x225.jpeg\" alt=\"\" width=\"300\" height=\"225\" srcset=\"https:\/\/www3.unicentro.br\/museu\/wp-content\/uploads\/sites\/86\/2021\/03\/Vertebras-de-baleia-300x225.jpeg 300w, https:\/\/www3.unicentro.br\/museu\/wp-content\/uploads\/sites\/86\/2021\/03\/Vertebras-de-baleia-1024x768.jpeg 1024w, https:\/\/www3.unicentro.br\/museu\/wp-content\/uploads\/sites\/86\/2021\/03\/Vertebras-de-baleia-768x576.jpeg 768w, https:\/\/www3.unicentro.br\/museu\/wp-content\/uploads\/sites\/86\/2021\/03\/Vertebras-de-baleia-400x300.jpeg 400w, https:\/\/www3.unicentro.br\/museu\/wp-content\/uploads\/sites\/86\/2021\/03\/Vertebras-de-baleia-800x600.jpeg 800w, https:\/\/www3.unicentro.br\/museu\/wp-content\/uploads\/sites\/86\/2021\/03\/Vertebras-de-baleia-255x191.jpeg 255w, https:\/\/www3.unicentro.br\/museu\/wp-content\/uploads\/sites\/86\/2021\/03\/Vertebras-de-baleia.jpeg 1040w\" sizes=\"auto, (max-width: 300px) 100vw, 300px\" \/><\/p><\/div>\n<div class=\"ipnrm-data\" data-marker-id=\"8d947639\">\n<p style=\"text-align: center;\">Voltar para o<\/p>\n<p style=\"text-align: center;\">Corredor<\/p><\/div>\n<div class=\"ipnrm-data\" data-marker-id=\"f6ba7d6b\">\n<p style=\"text-align: center;\">Ir para a Sala de<\/p>\n<p style=\"text-align: center;\">Paleontologia e Geologia<\/p><\/div>\n<div class=\"ipnrm-data\" data-marker-id=\"3e37e344\">\n<p style=\"text-align: center;\">Bancada do Meio<\/p><\/div>\n<div class=\"ipnrm-data\" data-marker-id=\"fa23a92f\">\n<p>C\u00e1gado- <img loading=\"lazy\" decoding=\"async\" class=\"wp-image-829 size-medium alignnone\" src=\"https:\/\/www3.unicentro.br\/museu\/wp-content\/uploads\/sites\/86\/2021\/03\/cascos-de-Tartaruga-2-e1616607616195-202x300.jpeg\" alt=\"\" width=\"202\" height=\"300\" srcset=\"https:\/\/www3.unicentro.br\/museu\/wp-content\/uploads\/sites\/86\/2021\/03\/cascos-de-Tartaruga-2-e1616607616195-202x300.jpeg 202w, https:\/\/www3.unicentro.br\/museu\/wp-content\/uploads\/sites\/86\/2021\/03\/cascos-de-Tartaruga-2-e1616607616195.jpeg 205w\" sizes=\"auto, (max-width: 202px) 100vw, 202px\" \/><\/p><\/div>\n<div class=\"ipnrm-data\" data-marker-id=\"c87e43ba\">\n<p>Ouri\u00e7o-do-Mar <img loading=\"lazy\" decoding=\"async\" class=\"size-medium wp-image-782 alignnone\" src=\"https:\/\/www3.unicentro.br\/museu\/wp-content\/uploads\/sites\/86\/2021\/03\/WhatsApp-Image-2021-03-12-at-10.54.43-AM-1-300x225.jpeg\" alt=\"\" width=\"300\" height=\"225\" srcset=\"https:\/\/www3.unicentro.br\/museu\/wp-content\/uploads\/sites\/86\/2021\/03\/WhatsApp-Image-2021-03-12-at-10.54.43-AM-1-300x225.jpeg 300w, https:\/\/www3.unicentro.br\/museu\/wp-content\/uploads\/sites\/86\/2021\/03\/WhatsApp-Image-2021-03-12-at-10.54.43-AM-1-1024x768.jpeg 1024w, https:\/\/www3.unicentro.br\/museu\/wp-content\/uploads\/sites\/86\/2021\/03\/WhatsApp-Image-2021-03-12-at-10.54.43-AM-1-768x576.jpeg 768w, https:\/\/www3.unicentro.br\/museu\/wp-content\/uploads\/sites\/86\/2021\/03\/WhatsApp-Image-2021-03-12-at-10.54.43-AM-1-400x300.jpeg 400w, https:\/\/www3.unicentro.br\/museu\/wp-content\/uploads\/sites\/86\/2021\/03\/WhatsApp-Image-2021-03-12-at-10.54.43-AM-1-800x600.jpeg 800w, https:\/\/www3.unicentro.br\/museu\/wp-content\/uploads\/sites\/86\/2021\/03\/WhatsApp-Image-2021-03-12-at-10.54.43-AM-1-255x191.jpeg 255w, https:\/\/www3.unicentro.br\/museu\/wp-content\/uploads\/sites\/86\/2021\/03\/WhatsApp-Image-2021-03-12-at-10.54.43-AM-1.jpeg 1040w\" sizes=\"auto, (max-width: 300px) 100vw, 300px\" \/><\/p><\/div>\n<\/div>\n<div class=\"ipnrm-popovers-data\">\n<div class=\"ipnrm-data\" data-marker-id=\"6e0465c6\">\n<\/div>\n<div class=\"ipnrm-data\" data-marker-id=\"404f2ce6\">\n<\/div>\n<div class=\"ipnrm-data\" data-marker-id=\"8d947639\">\n<\/div>\n<div class=\"ipnrm-data\" data-marker-id=\"f6ba7d6b\">\n<\/div>\n<div class=\"ipnrm-data\" data-marker-id=\"3e37e344\">\n<\/div>\n<div class=\"ipnrm-data\" data-marker-id=\"fa23a92f\">\n<\/div>\n<div class=\"ipnrm-data\" data-marker-id=\"c87e43ba\">\n<\/div>\n<\/div>\n<\/div>\n<div class=\"ipnrm-scene\" data-scene-id=\"ca139275\">\n<div class=\"ipnrm-markers-data\">\n<\/div>\n<div class=\"ipnrm-tooltips-data\">\n<div class=\"ipnrm-data\" data-marker-id=\"c818cde2\">\n<p>Bancada Direita<\/p><\/div>\n<div class=\"ipnrm-data\" data-marker-id=\"04bc4c13\">\n<p>Estrela do Mar-<img loading=\"lazy\" decoding=\"async\" class=\"size-medium wp-image-823 alignnone\" src=\"https:\/\/www3.unicentro.br\/museu\/wp-content\/uploads\/sites\/86\/2021\/03\/Estrela-do-mar-usar-300x225.jpeg\" alt=\"\" width=\"300\" height=\"225\" srcset=\"https:\/\/www3.unicentro.br\/museu\/wp-content\/uploads\/sites\/86\/2021\/03\/Estrela-do-mar-usar-300x225.jpeg 300w, https:\/\/www3.unicentro.br\/museu\/wp-content\/uploads\/sites\/86\/2021\/03\/Estrela-do-mar-usar-1024x768.jpeg 1024w, https:\/\/www3.unicentro.br\/museu\/wp-content\/uploads\/sites\/86\/2021\/03\/Estrela-do-mar-usar-768x576.jpeg 768w, https:\/\/www3.unicentro.br\/museu\/wp-content\/uploads\/sites\/86\/2021\/03\/Estrela-do-mar-usar-400x300.jpeg 400w, https:\/\/www3.unicentro.br\/museu\/wp-content\/uploads\/sites\/86\/2021\/03\/Estrela-do-mar-usar-800x600.jpeg 800w, https:\/\/www3.unicentro.br\/museu\/wp-content\/uploads\/sites\/86\/2021\/03\/Estrela-do-mar-usar-255x191.jpeg 255w, https:\/\/www3.unicentro.br\/museu\/wp-content\/uploads\/sites\/86\/2021\/03\/Estrela-do-mar-usar.jpeg 1040w\" sizes=\"auto, (max-width: 300px) 100vw, 300px\" \/><\/p><\/div>\n<div class=\"ipnrm-data\" data-marker-id=\"93cb096f\">\n<p>Bancada do Meio<\/p><\/div>\n<div class=\"ipnrm-data\" data-marker-id=\"b1e2fc86\">\n<p>Bolacha-do-Mar\u00a0 <img loading=\"lazy\" decoding=\"async\" class=\"size-medium wp-image-776 alignnone\" src=\"https:\/\/www3.unicentro.br\/museu\/wp-content\/uploads\/sites\/86\/2021\/03\/WhatsApp-Image-2021-03-12-at-10.54.43-AM-2-300x225.jpeg\" alt=\"\" width=\"300\" height=\"225\" srcset=\"https:\/\/www3.unicentro.br\/museu\/wp-content\/uploads\/sites\/86\/2021\/03\/WhatsApp-Image-2021-03-12-at-10.54.43-AM-2-300x225.jpeg 300w, https:\/\/www3.unicentro.br\/museu\/wp-content\/uploads\/sites\/86\/2021\/03\/WhatsApp-Image-2021-03-12-at-10.54.43-AM-2-1024x768.jpeg 1024w, https:\/\/www3.unicentro.br\/museu\/wp-content\/uploads\/sites\/86\/2021\/03\/WhatsApp-Image-2021-03-12-at-10.54.43-AM-2-768x576.jpeg 768w, https:\/\/www3.unicentro.br\/museu\/wp-content\/uploads\/sites\/86\/2021\/03\/WhatsApp-Image-2021-03-12-at-10.54.43-AM-2-400x300.jpeg 400w, https:\/\/www3.unicentro.br\/museu\/wp-content\/uploads\/sites\/86\/2021\/03\/WhatsApp-Image-2021-03-12-at-10.54.43-AM-2-800x600.jpeg 800w, https:\/\/www3.unicentro.br\/museu\/wp-content\/uploads\/sites\/86\/2021\/03\/WhatsApp-Image-2021-03-12-at-10.54.43-AM-2-255x191.jpeg 255w, https:\/\/www3.unicentro.br\/museu\/wp-content\/uploads\/sites\/86\/2021\/03\/WhatsApp-Image-2021-03-12-at-10.54.43-AM-2.jpeg 1040w\" sizes=\"auto, (max-width: 300px) 100vw, 300px\" \/><\/p><\/div>\n<div class=\"ipnrm-data\" data-marker-id=\"e51f1e4a\">\n<p>Caranguejo Ermit\u00e3o- <img loading=\"lazy\" decoding=\"async\" class=\"size-medium wp-image-777 alignnone\" src=\"https:\/\/www3.unicentro.br\/museu\/wp-content\/uploads\/sites\/86\/2021\/03\/WhatsApp-Image-2021-03-12-at-10.54.43-AM-3-225x300.jpeg\" alt=\"\" width=\"225\" height=\"300\" srcset=\"https:\/\/www3.unicentro.br\/museu\/wp-content\/uploads\/sites\/86\/2021\/03\/WhatsApp-Image-2021-03-12-at-10.54.43-AM-3-225x300.jpeg 225w, https:\/\/www3.unicentro.br\/museu\/wp-content\/uploads\/sites\/86\/2021\/03\/WhatsApp-Image-2021-03-12-at-10.54.43-AM-3-768x1024.jpeg 768w, https:\/\/www3.unicentro.br\/museu\/wp-content\/uploads\/sites\/86\/2021\/03\/WhatsApp-Image-2021-03-12-at-10.54.43-AM-3-255x340.jpeg 255w, https:\/\/www3.unicentro.br\/museu\/wp-content\/uploads\/sites\/86\/2021\/03\/WhatsApp-Image-2021-03-12-at-10.54.43-AM-3.jpeg 780w\" sizes=\"auto, (max-width: 225px) 100vw, 225px\" \/><\/p><\/div>\n<div class=\"ipnrm-data\" data-marker-id=\"b4614036\">\n<p>Bivalves- <img loading=\"lazy\" decoding=\"async\" class=\"alignnone wp-image-825 size-medium\" src=\"https:\/\/www3.unicentro.br\/museu\/wp-content\/uploads\/sites\/86\/2021\/03\/bivalvia-e1616520558718-225x300.jpeg\" alt=\"\" width=\"225\" height=\"300\" srcset=\"https:\/\/www3.unicentro.br\/museu\/wp-content\/uploads\/sites\/86\/2021\/03\/bivalvia-e1616520558718-225x300.jpeg 225w, https:\/\/www3.unicentro.br\/museu\/wp-content\/uploads\/sites\/86\/2021\/03\/bivalvia-e1616520558718-768x1024.jpeg 768w, https:\/\/www3.unicentro.br\/museu\/wp-content\/uploads\/sites\/86\/2021\/03\/bivalvia-e1616520558718-255x340.jpeg 255w, https:\/\/www3.unicentro.br\/museu\/wp-content\/uploads\/sites\/86\/2021\/03\/bivalvia-e1616520558718.jpeg 780w\" sizes=\"auto, (max-width: 225px) 100vw, 225px\" \/><\/p><\/div>\n<div class=\"ipnrm-data\" data-marker-id=\"73d742e4\">\n<p>Sanguinol\u00e1ria Cruenta <img loading=\"lazy\" decoding=\"async\" class=\"wp-image-953 size-medium alignnone\" src=\"https:\/\/www3.unicentro.br\/museu\/wp-content\/uploads\/sites\/86\/2021\/09\/WhatsApp-Image-2021-08-20-at-10.44.02-AM-1-1-e1631630874336-300x272.jpeg\" alt=\"\" width=\"300\" height=\"272\" srcset=\"https:\/\/www3.unicentro.br\/museu\/wp-content\/uploads\/sites\/86\/2021\/09\/WhatsApp-Image-2021-08-20-at-10.44.02-AM-1-1-e1631630874336-300x272.jpeg 300w, https:\/\/www3.unicentro.br\/museu\/wp-content\/uploads\/sites\/86\/2021\/09\/WhatsApp-Image-2021-08-20-at-10.44.02-AM-1-1-e1631630874336-255x231.jpeg 255w, https:\/\/www3.unicentro.br\/museu\/wp-content\/uploads\/sites\/86\/2021\/09\/WhatsApp-Image-2021-08-20-at-10.44.02-AM-1-1-e1631630874336.jpeg 675w\" sizes=\"auto, (max-width: 300px) 100vw, 300px\" \/><\/p><\/div>\n<div class=\"ipnrm-data\" data-marker-id=\"8dffb21f\">\n<p class=\"MsoNormal\" style=\"text-align: left;\" align=\"center\"><i style=\"mso-bidi-font-style: normal;\"><span style=\"font-size: 12.0pt; line-height: 107%; font-family: 'Arial',sans-serif;\">Pholas campechiensis<img loading=\"lazy\" decoding=\"async\" class=\"wp-image-955 size-medium alignnone\" src=\"https:\/\/www3.unicentro.br\/museu\/wp-content\/uploads\/sites\/86\/2021\/09\/WhatsApp-Image-2021-08-20-at-10.44.02-AM-1-2-e1631631077421-300x225.jpeg\" alt=\"\" width=\"300\" height=\"225\" srcset=\"https:\/\/www3.unicentro.br\/museu\/wp-content\/uploads\/sites\/86\/2021\/09\/WhatsApp-Image-2021-08-20-at-10.44.02-AM-1-2-e1631631077421-300x225.jpeg 300w, https:\/\/www3.unicentro.br\/museu\/wp-content\/uploads\/sites\/86\/2021\/09\/WhatsApp-Image-2021-08-20-at-10.44.02-AM-1-2-e1631631077421-400x300.jpeg 400w, https:\/\/www3.unicentro.br\/museu\/wp-content\/uploads\/sites\/86\/2021\/09\/WhatsApp-Image-2021-08-20-at-10.44.02-AM-1-2-e1631631077421-255x192.jpeg 255w, https:\/\/www3.unicentro.br\/museu\/wp-content\/uploads\/sites\/86\/2021\/09\/WhatsApp-Image-2021-08-20-at-10.44.02-AM-1-2-e1631631077421.jpeg 675w\" sizes=\"auto, (max-width: 300px) 100vw, 300px\" \/><\/span><\/i><\/p><\/div>\n<\/div>\n<div class=\"ipnrm-popovers-data\">\n<div class=\"ipnrm-data\" data-marker-id=\"c818cde2\">\n<\/div>\n<div class=\"ipnrm-data\" data-marker-id=\"04bc4c13\">\n<\/div>\n<div class=\"ipnrm-data\" data-marker-id=\"93cb096f\">\n<\/div>\n<div class=\"ipnrm-data\" data-marker-id=\"b1e2fc86\">\n<\/div>\n<div class=\"ipnrm-data\" data-marker-id=\"e51f1e4a\">\n<\/div>\n<div class=\"ipnrm-data\" data-marker-id=\"b4614036\">\n<\/div>\n<div class=\"ipnrm-data\" data-marker-id=\"73d742e4\">\n<\/div>\n<div class=\"ipnrm-data\" data-marker-id=\"8dffb21f\">\n<\/div>\n<\/div>\n<\/div>\n<div class=\"ipnrm-scene\" data-scene-id=\"4072e1dc\">\n<div class=\"ipnrm-markers-data\">\n<\/div>\n<div class=\"ipnrm-tooltips-data\">\n<div class=\"ipnrm-data\" data-marker-id=\"98956034\">\n<p style=\"text-align: center;\">Bancada Esquerda<\/p><\/div>\n<div class=\"ipnrm-data\" data-marker-id=\"861f996e\">\n<p>Ossos de Baleia Jubarte<\/p><\/div>\n<div class=\"ipnrm-data\" data-marker-id=\"469df692\">\n<p>Gastr\u00f3podes- <img loading=\"lazy\" decoding=\"async\" class=\"size-medium wp-image-824 alignnone\" src=\"https:\/\/www3.unicentro.br\/museu\/wp-content\/uploads\/sites\/86\/2021\/03\/gastropoda-2-225x300.jpeg\" alt=\"\" width=\"225\" height=\"300\" srcset=\"https:\/\/www3.unicentro.br\/museu\/wp-content\/uploads\/sites\/86\/2021\/03\/gastropoda-2-225x300.jpeg 225w, https:\/\/www3.unicentro.br\/museu\/wp-content\/uploads\/sites\/86\/2021\/03\/gastropoda-2-768x1024.jpeg 768w, https:\/\/www3.unicentro.br\/museu\/wp-content\/uploads\/sites\/86\/2021\/03\/gastropoda-2-255x340.jpeg 255w, https:\/\/www3.unicentro.br\/museu\/wp-content\/uploads\/sites\/86\/2021\/03\/gastropoda-2.jpeg 780w\" sizes=\"auto, (max-width: 225px) 100vw, 225px\" \/><\/p><\/div>\n<div class=\"ipnrm-data\" data-marker-id=\"9f05c8b1\">\n<p>Cavalo Marinho- <img loading=\"lazy\" decoding=\"async\" class=\"size-medium wp-image-830 alignnone\" src=\"https:\/\/www3.unicentro.br\/museu\/wp-content\/uploads\/sites\/86\/2021\/03\/cavalo-marinho-300x225.jpeg\" alt=\"\" width=\"300\" height=\"225\" srcset=\"https:\/\/www3.unicentro.br\/museu\/wp-content\/uploads\/sites\/86\/2021\/03\/cavalo-marinho-300x225.jpeg 300w, https:\/\/www3.unicentro.br\/museu\/wp-content\/uploads\/sites\/86\/2021\/03\/cavalo-marinho-1024x768.jpeg 1024w, https:\/\/www3.unicentro.br\/museu\/wp-content\/uploads\/sites\/86\/2021\/03\/cavalo-marinho-768x576.jpeg 768w, https:\/\/www3.unicentro.br\/museu\/wp-content\/uploads\/sites\/86\/2021\/03\/cavalo-marinho-400x300.jpeg 400w, https:\/\/www3.unicentro.br\/museu\/wp-content\/uploads\/sites\/86\/2021\/03\/cavalo-marinho-800x600.jpeg 800w, https:\/\/www3.unicentro.br\/museu\/wp-content\/uploads\/sites\/86\/2021\/03\/cavalo-marinho-255x191.jpeg 255w, https:\/\/www3.unicentro.br\/museu\/wp-content\/uploads\/sites\/86\/2021\/03\/cavalo-marinho.jpeg 1040w\" sizes=\"auto, (max-width: 300px) 100vw, 300px\" \/><\/p><\/div>\n<div class=\"ipnrm-data\" data-marker-id=\"bf06d641\">\n<p style=\"text-align: center;\">Bancada do Meio<\/p><\/div>\n<\/div>\n<div class=\"ipnrm-popovers-data\">\n<div class=\"ipnrm-data\" data-marker-id=\"98956034\">\n<\/div>\n<div class=\"ipnrm-data\" data-marker-id=\"861f996e\">\n<\/div>\n<div class=\"ipnrm-data\" data-marker-id=\"469df692\">\n<\/div>\n<div class=\"ipnrm-data\" data-marker-id=\"9f05c8b1\">\n<\/div>\n<div class=\"ipnrm-data\" data-marker-id=\"bf06d641\">\n<\/div>\n<\/div>\n<\/div>\n<div class=\"ipnrm-scene\" data-scene-id=\"d2c9e07a\">\n<div class=\"ipnrm-markers-data\">\n<\/div>\n<div class=\"ipnrm-tooltips-data\">\n<div class=\"ipnrm-data\" data-marker-id=\"ddae6f7e\">\n<p><strong>Couro de Sucuri<\/strong> <img loading=\"lazy\" decoding=\"async\" class=\"size-medium wp-image-630 alignnone\" src=\"https:\/\/www3.unicentro.br\/museu\/wp-content\/uploads\/sites\/86\/2021\/02\/Couro-de-Sucuri-300x225.jpeg\" alt=\"\" width=\"300\" height=\"225\" srcset=\"https:\/\/www3.unicentro.br\/museu\/wp-content\/uploads\/sites\/86\/2021\/02\/Couro-de-Sucuri-300x225.jpeg 300w, https:\/\/www3.unicentro.br\/museu\/wp-content\/uploads\/sites\/86\/2021\/02\/Couro-de-Sucuri-1024x768.jpeg 1024w, https:\/\/www3.unicentro.br\/museu\/wp-content\/uploads\/sites\/86\/2021\/02\/Couro-de-Sucuri-768x576.jpeg 768w, https:\/\/www3.unicentro.br\/museu\/wp-content\/uploads\/sites\/86\/2021\/02\/Couro-de-Sucuri-400x300.jpeg 400w, https:\/\/www3.unicentro.br\/museu\/wp-content\/uploads\/sites\/86\/2021\/02\/Couro-de-Sucuri-800x600.jpeg 800w, https:\/\/www3.unicentro.br\/museu\/wp-content\/uploads\/sites\/86\/2021\/02\/Couro-de-Sucuri-255x191.jpeg 255w, https:\/\/www3.unicentro.br\/museu\/wp-content\/uploads\/sites\/86\/2021\/02\/Couro-de-Sucuri.jpeg 1040w\" sizes=\"auto, (max-width: 300px) 100vw, 300px\" \/><\/p><\/div>\n<\/div>\n<div class=\"ipnrm-popovers-data\">\n<div class=\"ipnrm-data\" data-marker-id=\"ddae6f7e\">\n<\/div>\n<\/div>\n<\/div>\n<div class=\"ipnrm-scene\" data-scene-id=\"ffe7f8f2\">\n<div class=\"ipnrm-markers-data\">\n<\/div>\n<div class=\"ipnrm-tooltips-data\">\n<div class=\"ipnrm-data\" data-marker-id=\"06fabc5b\">\n<p>Besouro Serra-Pau- <img loading=\"lazy\" decoding=\"async\" class=\"size-medium wp-image-507 alignnone\" src=\"https:\/\/www3.unicentro.br\/museu\/wp-content\/uploads\/sites\/86\/2021\/01\/Besouro-Serra-Pau-265x300.jpg\" alt=\"\" width=\"265\" height=\"300\" srcset=\"https:\/\/www3.unicentro.br\/museu\/wp-content\/uploads\/sites\/86\/2021\/01\/Besouro-Serra-Pau-265x300.jpg 265w, https:\/\/www3.unicentro.br\/museu\/wp-content\/uploads\/sites\/86\/2021\/01\/Besouro-Serra-Pau-904x1024.jpg 904w, https:\/\/www3.unicentro.br\/museu\/wp-content\/uploads\/sites\/86\/2021\/01\/Besouro-Serra-Pau-768x870.jpg 768w, https:\/\/www3.unicentro.br\/museu\/wp-content\/uploads\/sites\/86\/2021\/01\/Besouro-Serra-Pau-255x289.jpg 255w, https:\/\/www3.unicentro.br\/museu\/wp-content\/uploads\/sites\/86\/2021\/01\/Besouro-Serra-Pau.jpg 1059w\" sizes=\"auto, (max-width: 265px) 100vw, 265px\" \/><\/p><\/div>\n<div class=\"ipnrm-data\" data-marker-id=\"f88f8c6b\">\n<p>Arlequim-da-Mata- <img loading=\"lazy\" decoding=\"async\" class=\"alignnone wp-image-462 size-thumbnail\" src=\"https:\/\/www3.unicentro.br\/museu\/wp-content\/uploads\/sites\/86\/2021\/01\/IMG-20210105-WA0010-1-150x150.jpg\" alt=\"\" width=\"150\" height=\"150\" srcset=\"https:\/\/www3.unicentro.br\/museu\/wp-content\/uploads\/sites\/86\/2021\/01\/IMG-20210105-WA0010-1-150x150.jpg 150w, https:\/\/www3.unicentro.br\/museu\/wp-content\/uploads\/sites\/86\/2021\/01\/IMG-20210105-WA0010-1-50x50.jpg 50w, https:\/\/www3.unicentro.br\/museu\/wp-content\/uploads\/sites\/86\/2021\/01\/IMG-20210105-WA0010-1-80x80.jpg 80w, https:\/\/www3.unicentro.br\/museu\/wp-content\/uploads\/sites\/86\/2021\/01\/IMG-20210105-WA0010-1-263x263.jpg 263w, https:\/\/www3.unicentro.br\/museu\/wp-content\/uploads\/sites\/86\/2021\/01\/IMG-20210105-WA0010-1-100x100.jpg 100w, https:\/\/www3.unicentro.br\/museu\/wp-content\/uploads\/sites\/86\/2021\/01\/IMG-20210105-WA0010-1-526x526.jpg 526w\" sizes=\"auto, (max-width: 150px) 100vw, 150px\" \/><\/p><\/div>\n<div class=\"ipnrm-data\" data-marker-id=\"e7cba057\">\n<p>Aranha Caranguejeira- <img loading=\"lazy\" decoding=\"async\" class=\"size-medium wp-image-504 alignnone\" src=\"https:\/\/www3.unicentro.br\/museu\/wp-content\/uploads\/sites\/86\/2021\/01\/IMG-20210105-WA0009-248x300.jpg\" alt=\"\" width=\"248\" height=\"300\" srcset=\"https:\/\/www3.unicentro.br\/museu\/wp-content\/uploads\/sites\/86\/2021\/01\/IMG-20210105-WA0009-248x300.jpg 248w, https:\/\/www3.unicentro.br\/museu\/wp-content\/uploads\/sites\/86\/2021\/01\/IMG-20210105-WA0009-847x1024.jpg 847w, https:\/\/www3.unicentro.br\/museu\/wp-content\/uploads\/sites\/86\/2021\/01\/IMG-20210105-WA0009-768x929.jpg 768w, https:\/\/www3.unicentro.br\/museu\/wp-content\/uploads\/sites\/86\/2021\/01\/IMG-20210105-WA0009-255x308.jpg 255w, https:\/\/www3.unicentro.br\/museu\/wp-content\/uploads\/sites\/86\/2021\/01\/IMG-20210105-WA0009.jpg 1017w\" sizes=\"auto, (max-width: 248px) 100vw, 248px\" \/><\/p><\/div>\n<div class=\"ipnrm-data\" data-marker-id=\"8b0df447\">\n<p>Aranha Armadeira- <img loading=\"lazy\" decoding=\"async\" class=\"size-medium wp-image-470 alignnone\" src=\"https:\/\/www3.unicentro.br\/museu\/wp-content\/uploads\/sites\/86\/2021\/01\/20210107_140006_HDR-225x300.jpg\" alt=\"\" width=\"225\" height=\"300\" srcset=\"https:\/\/www3.unicentro.br\/museu\/wp-content\/uploads\/sites\/86\/2021\/01\/20210107_140006_HDR-225x300.jpg 225w, https:\/\/www3.unicentro.br\/museu\/wp-content\/uploads\/sites\/86\/2021\/01\/20210107_140006_HDR-768x1024.jpg 768w, https:\/\/www3.unicentro.br\/museu\/wp-content\/uploads\/sites\/86\/2021\/01\/20210107_140006_HDR-255x340.jpg 255w, https:\/\/www3.unicentro.br\/museu\/wp-content\/uploads\/sites\/86\/2021\/01\/20210107_140006_HDR.jpg 900w\" sizes=\"auto, (max-width: 225px) 100vw, 225px\" \/><\/p><\/div>\n<div class=\"ipnrm-data\" data-marker-id=\"d6d26e16\">\n<p>Aranha Marrom- <img loading=\"lazy\" decoding=\"async\" class=\"size-medium wp-image-542 alignnone\" src=\"https:\/\/www3.unicentro.br\/museu\/wp-content\/uploads\/sites\/86\/2021\/01\/Aranha-Marron-300x161.jpg\" alt=\"\" width=\"300\" height=\"161\" srcset=\"https:\/\/www3.unicentro.br\/museu\/wp-content\/uploads\/sites\/86\/2021\/01\/Aranha-Marron-300x161.jpg 300w, https:\/\/www3.unicentro.br\/museu\/wp-content\/uploads\/sites\/86\/2021\/01\/Aranha-Marron-1024x551.jpg 1024w, https:\/\/www3.unicentro.br\/museu\/wp-content\/uploads\/sites\/86\/2021\/01\/Aranha-Marron-768x413.jpg 768w, https:\/\/www3.unicentro.br\/museu\/wp-content\/uploads\/sites\/86\/2021\/01\/Aranha-Marron-1536x826.jpg 1536w, https:\/\/www3.unicentro.br\/museu\/wp-content\/uploads\/sites\/86\/2021\/01\/Aranha-Marron-255x137.jpg 255w, https:\/\/www3.unicentro.br\/museu\/wp-content\/uploads\/sites\/86\/2021\/01\/Aranha-Marron.jpg 2000w\" sizes=\"auto, (max-width: 300px) 100vw, 300px\" \/><\/p><\/div>\n<div class=\"ipnrm-data\" data-marker-id=\"81c79a33\">\n<p>Voltar para o Corredor<\/p><\/div>\n<div class=\"ipnrm-data\" data-marker-id=\"a3b4b12c\">\n<\/div>\n<div class=\"ipnrm-data\" data-marker-id=\"14fab2f0\">\n<\/div>\n<div class=\"ipnrm-data\" data-marker-id=\"3fc7c0f2\">\n<p>Escorpi\u00e3o <img loading=\"lazy\" decoding=\"async\" class=\"size-medium wp-image-558 alignnone\" src=\"https:\/\/www3.unicentro.br\/museu\/wp-content\/uploads\/sites\/86\/2021\/01\/escorpioes-300x177.jpg\" alt=\"\" width=\"300\" height=\"177\" srcset=\"https:\/\/www3.unicentro.br\/museu\/wp-content\/uploads\/sites\/86\/2021\/01\/escorpioes-300x177.jpg 300w, https:\/\/www3.unicentro.br\/museu\/wp-content\/uploads\/sites\/86\/2021\/01\/escorpioes-1024x604.jpg 1024w, https:\/\/www3.unicentro.br\/museu\/wp-content\/uploads\/sites\/86\/2021\/01\/escorpioes-768x453.jpg 768w, https:\/\/www3.unicentro.br\/museu\/wp-content\/uploads\/sites\/86\/2021\/01\/escorpioes-1536x905.jpg 1536w, https:\/\/www3.unicentro.br\/museu\/wp-content\/uploads\/sites\/86\/2021\/01\/escorpioes-255x150.jpg 255w, https:\/\/www3.unicentro.br\/museu\/wp-content\/uploads\/sites\/86\/2021\/01\/escorpioes.jpg 2000w\" sizes=\"auto, (max-width: 300px) 100vw, 300px\" \/><\/p><\/div>\n<div class=\"ipnrm-data\" data-marker-id=\"d046b05f\">\n<p>Barata d'\u00e1gua- <img loading=\"lazy\" decoding=\"async\" class=\"size-medium wp-image-548 alignnone\" src=\"https:\/\/www3.unicentro.br\/museu\/wp-content\/uploads\/sites\/86\/2021\/01\/barata-dagua-248x300.jpg\" alt=\"\" width=\"248\" height=\"300\" srcset=\"https:\/\/www3.unicentro.br\/museu\/wp-content\/uploads\/sites\/86\/2021\/01\/barata-dagua-248x300.jpg 248w, https:\/\/www3.unicentro.br\/museu\/wp-content\/uploads\/sites\/86\/2021\/01\/barata-dagua-847x1024.jpg 847w, https:\/\/www3.unicentro.br\/museu\/wp-content\/uploads\/sites\/86\/2021\/01\/barata-dagua-768x929.jpg 768w, https:\/\/www3.unicentro.br\/museu\/wp-content\/uploads\/sites\/86\/2021\/01\/barata-dagua-255x308.jpg 255w, https:\/\/www3.unicentro.br\/museu\/wp-content\/uploads\/sites\/86\/2021\/01\/barata-dagua.jpg 992w\" sizes=\"auto, (max-width: 248px) 100vw, 248px\" \/><\/p><\/div>\n<div class=\"ipnrm-data\" data-marker-id=\"0672c4fe\">\n<p>Escorpi\u00e3o Vinagre <img loading=\"lazy\" decoding=\"async\" class=\"size-medium wp-image-545 alignnone\" src=\"https:\/\/www3.unicentro.br\/museu\/wp-content\/uploads\/sites\/86\/2021\/01\/escorpiao-vinagre-266x300.jpg\" alt=\"\" width=\"266\" height=\"300\" srcset=\"https:\/\/www3.unicentro.br\/museu\/wp-content\/uploads\/sites\/86\/2021\/01\/escorpiao-vinagre-266x300.jpg 266w, https:\/\/www3.unicentro.br\/museu\/wp-content\/uploads\/sites\/86\/2021\/01\/escorpiao-vinagre-909x1024.jpg 909w, https:\/\/www3.unicentro.br\/museu\/wp-content\/uploads\/sites\/86\/2021\/01\/escorpiao-vinagre-768x865.jpg 768w, https:\/\/www3.unicentro.br\/museu\/wp-content\/uploads\/sites\/86\/2021\/01\/escorpiao-vinagre-255x287.jpg 255w, https:\/\/www3.unicentro.br\/museu\/wp-content\/uploads\/sites\/86\/2021\/01\/escorpiao-vinagre.jpg 1065w\" sizes=\"auto, (max-width: 266px) 100vw, 266px\" \/><\/p><\/div>\n<\/div>\n<div class=\"ipnrm-popovers-data\">\n<div class=\"ipnrm-data\" data-marker-id=\"06fabc5b\">\n<\/div>\n<div class=\"ipnrm-data\" data-marker-id=\"f88f8c6b\">\n<\/div>\n<div class=\"ipnrm-data\" data-marker-id=\"e7cba057\">\n<\/div>\n<div class=\"ipnrm-data\" data-marker-id=\"8b0df447\">\n<\/div>\n<div class=\"ipnrm-data\" data-marker-id=\"d6d26e16\">\n<\/div>\n<div class=\"ipnrm-data\" data-marker-id=\"81c79a33\">\n<\/div>\n<div class=\"ipnrm-data\" data-marker-id=\"a3b4b12c\">\n<\/div>\n<div class=\"ipnrm-data\" data-marker-id=\"14fab2f0\">\n<\/div>\n<div class=\"ipnrm-data\" data-marker-id=\"3fc7c0f2\">\n<\/div>\n<div class=\"ipnrm-data\" data-marker-id=\"d046b05f\">\n<\/div>\n<div class=\"ipnrm-data\" data-marker-id=\"0672c4fe\">\n<\/div>\n<\/div>\n<\/div>\n<div class=\"ipnrm-scene\" data-scene-id=\"605c08aa\">\n<div class=\"ipnrm-markers-data\">\n<\/div>\n<div class=\"ipnrm-tooltips-data\">\n<div class=\"ipnrm-data\" data-marker-id=\"f353f6f1\">\n<p>Bicho-Pau- <img loading=\"lazy\" decoding=\"async\" class=\"size-medium wp-image-465 alignnone\" src=\"https:\/\/www3.unicentro.br\/museu\/wp-content\/uploads\/sites\/86\/2021\/01\/IMG-20210105-WA0008-138x300.jpg\" alt=\"\" width=\"138\" height=\"300\" srcset=\"https:\/\/www3.unicentro.br\/museu\/wp-content\/uploads\/sites\/86\/2021\/01\/IMG-20210105-WA0008-138x300.jpg 138w, https:\/\/www3.unicentro.br\/museu\/wp-content\/uploads\/sites\/86\/2021\/01\/IMG-20210105-WA0008-471x1024.jpg 471w, https:\/\/www3.unicentro.br\/museu\/wp-content\/uploads\/sites\/86\/2021\/01\/IMG-20210105-WA0008-255x554.jpg 255w, https:\/\/www3.unicentro.br\/museu\/wp-content\/uploads\/sites\/86\/2021\/01\/IMG-20210105-WA0008.jpg 589w\" sizes=\"auto, (max-width: 138px) 100vw, 138px\" \/><\/p><\/div>\n<div class=\"ipnrm-data\" data-marker-id=\"6574e857\">\n<p>Cigarra- <img loading=\"lazy\" decoding=\"async\" class=\"size-medium wp-image-474 alignnone\" src=\"https:\/\/www3.unicentro.br\/museu\/wp-content\/uploads\/sites\/86\/2021\/01\/20210107_141325_HDR-1-267x300.jpg\" alt=\"\" width=\"267\" height=\"300\" srcset=\"https:\/\/www3.unicentro.br\/museu\/wp-content\/uploads\/sites\/86\/2021\/01\/20210107_141325_HDR-1-267x300.jpg 267w, https:\/\/www3.unicentro.br\/museu\/wp-content\/uploads\/sites\/86\/2021\/01\/20210107_141325_HDR-1-911x1024.jpg 911w, https:\/\/www3.unicentro.br\/museu\/wp-content\/uploads\/sites\/86\/2021\/01\/20210107_141325_HDR-1-768x864.jpg 768w, https:\/\/www3.unicentro.br\/museu\/wp-content\/uploads\/sites\/86\/2021\/01\/20210107_141325_HDR-1-255x287.jpg 255w, https:\/\/www3.unicentro.br\/museu\/wp-content\/uploads\/sites\/86\/2021\/01\/20210107_141325_HDR-1.jpg 1067w\" sizes=\"auto, (max-width: 267px) 100vw, 267px\" \/><\/p><\/div>\n<div class=\"ipnrm-data\" data-marker-id=\"5516213c\">\n<p>Lib\u00e9lula<img loading=\"lazy\" decoding=\"async\" class=\"size-medium wp-image-481 alignnone\" src=\"https:\/\/www3.unicentro.br\/museu\/wp-content\/uploads\/sites\/86\/2021\/01\/IMG-20210105-WA0007-300x223.jpg\" alt=\"\" width=\"300\" height=\"223\" srcset=\"https:\/\/www3.unicentro.br\/museu\/wp-content\/uploads\/sites\/86\/2021\/01\/IMG-20210105-WA0007-300x223.jpg 300w, https:\/\/www3.unicentro.br\/museu\/wp-content\/uploads\/sites\/86\/2021\/01\/IMG-20210105-WA0007-1024x762.jpg 1024w, https:\/\/www3.unicentro.br\/museu\/wp-content\/uploads\/sites\/86\/2021\/01\/IMG-20210105-WA0007-768x572.jpg 768w, https:\/\/www3.unicentro.br\/museu\/wp-content\/uploads\/sites\/86\/2021\/01\/IMG-20210105-WA0007-255x190.jpg 255w, https:\/\/www3.unicentro.br\/museu\/wp-content\/uploads\/sites\/86\/2021\/01\/IMG-20210105-WA0007.jpg 1280w\" sizes=\"auto, (max-width: 300px) 100vw, 300px\" \/><\/p><\/div>\n<div class=\"ipnrm-data\" data-marker-id=\"87f57a35\">\n<\/div>\n<div class=\"ipnrm-data\" data-marker-id=\"0e9cb7ab\">\n<\/div>\n<\/div>\n<div class=\"ipnrm-popovers-data\">\n<div class=\"ipnrm-data\" data-marker-id=\"f353f6f1\">\n<\/div>\n<div class=\"ipnrm-data\" data-marker-id=\"6574e857\">\n<\/div>\n<div class=\"ipnrm-data\" data-marker-id=\"5516213c\">\n<\/div>\n<div class=\"ipnrm-data\" data-marker-id=\"87f57a35\">\n<\/div>\n<div class=\"ipnrm-data\" data-marker-id=\"0e9cb7ab\">\n<\/div>\n<\/div>\n<\/div>\n<div class=\"ipnrm-scene\" data-scene-id=\"e420386c\">\n<div class=\"ipnrm-markers-data\">\n<\/div>\n<div class=\"ipnrm-tooltips-data\">\n<div class=\"ipnrm-data\" data-marker-id=\"fab011a5\">\n<\/div>\n<div class=\"ipnrm-data\" data-marker-id=\"f05ab2a8\">\n<\/div>\n<\/div>\n<div class=\"ipnrm-popovers-data\">\n<div class=\"ipnrm-data\" data-marker-id=\"fab011a5\">\n<\/div>\n<div class=\"ipnrm-data\" data-marker-id=\"f05ab2a8\">\n<\/div>\n<\/div>\n<\/div>\n<div class=\"ipnrm-scene\" data-scene-id=\"0f4a0a64\">\n<div class=\"ipnrm-markers-data\">\n<\/div>\n<div class=\"ipnrm-tooltips-data\">\n<div class=\"ipnrm-data\" data-marker-id=\"126cd94e\">\n<p>Mariposas<img loading=\"lazy\" decoding=\"async\" class=\"size-medium wp-image-566 alignnone\" src=\"https:\/\/www3.unicentro.br\/museu\/wp-content\/uploads\/sites\/86\/2021\/01\/Mariposas-300x225.jpg\" alt=\"\" width=\"300\" height=\"225\" srcset=\"https:\/\/www3.unicentro.br\/museu\/wp-content\/uploads\/sites\/86\/2021\/01\/Mariposas-300x225.jpg 300w, https:\/\/www3.unicentro.br\/museu\/wp-content\/uploads\/sites\/86\/2021\/01\/Mariposas-1024x768.jpg 1024w, https:\/\/www3.unicentro.br\/museu\/wp-content\/uploads\/sites\/86\/2021\/01\/Mariposas-768x576.jpg 768w, https:\/\/www3.unicentro.br\/museu\/wp-content\/uploads\/sites\/86\/2021\/01\/Mariposas-1536x1152.jpg 1536w, https:\/\/www3.unicentro.br\/museu\/wp-content\/uploads\/sites\/86\/2021\/01\/Mariposas-400x300.jpg 400w, https:\/\/www3.unicentro.br\/museu\/wp-content\/uploads\/sites\/86\/2021\/01\/Mariposas-800x600.jpg 800w, https:\/\/www3.unicentro.br\/museu\/wp-content\/uploads\/sites\/86\/2021\/01\/Mariposas-1200x900.jpg 1200w, https:\/\/www3.unicentro.br\/museu\/wp-content\/uploads\/sites\/86\/2021\/01\/Mariposas-255x191.jpg 255w, https:\/\/www3.unicentro.br\/museu\/wp-content\/uploads\/sites\/86\/2021\/01\/Mariposas.jpg 1600w\" sizes=\"auto, (max-width: 300px) 100vw, 300px\" \/><\/p><\/div>\n<div class=\"ipnrm-data\" data-marker-id=\"48aa053d\">\n<\/div>\n<div class=\"ipnrm-data\" data-marker-id=\"fde26f7d\">\n<\/div>\n<\/div>\n<div class=\"ipnrm-popovers-data\">\n<div class=\"ipnrm-data\" data-marker-id=\"126cd94e\">\n<\/div>\n<div class=\"ipnrm-data\" data-marker-id=\"48aa053d\">\n<\/div>\n<div class=\"ipnrm-data\" data-marker-id=\"fde26f7d\">\n<\/div>\n<\/div>\n<\/div>\n<div class=\"ipnrm-scene\" data-scene-id=\"94fa3401\">\n<div class=\"ipnrm-markers-data\">\n<\/div>\n<div class=\"ipnrm-tooltips-data\">\n<div class=\"ipnrm-data\" data-marker-id=\"ba771703\">\n<p>Joaninha<img loading=\"lazy\" decoding=\"async\" class=\"size-medium wp-image-484 alignnone\" src=\"https:\/\/www3.unicentro.br\/museu\/wp-content\/uploads\/sites\/86\/2021\/01\/Joaninha-300x230.jpg\" alt=\"\" width=\"300\" height=\"230\" srcset=\"https:\/\/www3.unicentro.br\/museu\/wp-content\/uploads\/sites\/86\/2021\/01\/Joaninha-300x230.jpg 300w, https:\/\/www3.unicentro.br\/museu\/wp-content\/uploads\/sites\/86\/2021\/01\/Joaninha-1024x784.jpg 1024w, https:\/\/www3.unicentro.br\/museu\/wp-content\/uploads\/sites\/86\/2021\/01\/Joaninha-768x588.jpg 768w, https:\/\/www3.unicentro.br\/museu\/wp-content\/uploads\/sites\/86\/2021\/01\/Joaninha-1536x1176.jpg 1536w, https:\/\/www3.unicentro.br\/museu\/wp-content\/uploads\/sites\/86\/2021\/01\/Joaninha-255x195.jpg 255w, https:\/\/www3.unicentro.br\/museu\/wp-content\/uploads\/sites\/86\/2021\/01\/Joaninha.jpg 1567w\" sizes=\"auto, (max-width: 300px) 100vw, 300px\" \/><\/p><\/div>\n<div class=\"ipnrm-data\" data-marker-id=\"81b70dba\">\n<p>Vaga-Lume<img loading=\"lazy\" decoding=\"async\" class=\"size-medium wp-image-489 alignnone\" src=\"https:\/\/www3.unicentro.br\/museu\/wp-content\/uploads\/sites\/86\/2021\/01\/Vaga-lume-276x300.jpg\" alt=\"\" width=\"276\" height=\"300\" srcset=\"https:\/\/www3.unicentro.br\/museu\/wp-content\/uploads\/sites\/86\/2021\/01\/Vaga-lume-276x300.jpg 276w, https:\/\/www3.unicentro.br\/museu\/wp-content\/uploads\/sites\/86\/2021\/01\/Vaga-lume-940x1024.jpg 940w, https:\/\/www3.unicentro.br\/museu\/wp-content\/uploads\/sites\/86\/2021\/01\/Vaga-lume-768x836.jpg 768w, https:\/\/www3.unicentro.br\/museu\/wp-content\/uploads\/sites\/86\/2021\/01\/Vaga-lume-255x278.jpg 255w, https:\/\/www3.unicentro.br\/museu\/wp-content\/uploads\/sites\/86\/2021\/01\/Vaga-lume.jpg 1102w\" sizes=\"auto, (max-width: 276px) 100vw, 276px\" \/><\/p><\/div>\n<div class=\"ipnrm-data\" data-marker-id=\"ae0c78f3\">\n<\/div>\n<div class=\"ipnrm-data\" data-marker-id=\"30bf2d51\">\n<\/div>\n<div class=\"ipnrm-data\" data-marker-id=\"061f7742\">\n<p>Voltar Para o Corredor<\/p><\/div>\n<\/div>\n<div class=\"ipnrm-popovers-data\">\n<div class=\"ipnrm-data\" data-marker-id=\"ba771703\">\n<\/div>\n<div class=\"ipnrm-data\" data-marker-id=\"81b70dba\">\n<\/div>\n<div class=\"ipnrm-data\" data-marker-id=\"ae0c78f3\">\n<\/div>\n<div class=\"ipnrm-data\" data-marker-id=\"30bf2d51\">\n<\/div>\n<div class=\"ipnrm-data\" data-marker-id=\"061f7742\">\n<\/div>\n<\/div>\n<\/div>\n<\/div>\n<\/div>\n<!-- ipanorama end -->\n<\/code><\/p>\n","protected":false},"excerpt":{"rendered":"<p>Situado no Parque das Arauc\u00e1rias, um dos pontos tur\u00edsticos da cidade de Guarapuava, o museu funciona desde 1998 em uma parceria entre a UNICENTRO, a Secretaria do Meio Ambiente da Prefeitura de Guarapuava (SEMAG) e a Funda\u00e7\u00e3o Professor Jo\u00e3o Jos\u00e9 Bigarella. Conhe\u00e7a o museu atrav\u00e9s do tour virtual ou navegando pela aba Acervo.<\/p>\n","protected":false},"author":3,"featured_media":0,"parent":0,"menu_order":0,"comment_status":"closed","ping_status":"closed","template":"","meta":{"_exactmetrics_skip_tracking":false,"_exactmetrics_sitenote_active":false,"_exactmetrics_sitenote_note":"","_exactmetrics_sitenote_category":0,"footnotes":"","_links_to":"","_links_to_target":""},"class_list":["post-20","page","type-page","status-publish","hentry"],"_links":{"self":[{"href":"https:\/\/www3.unicentro.br\/museu\/wp-json\/wp\/v2\/pages\/20","targetHints":{"allow":["GET"]}}],"collection":[{"href":"https:\/\/www3.unicentro.br\/museu\/wp-json\/wp\/v2\/pages"}],"about":[{"href":"https:\/\/www3.unicentro.br\/museu\/wp-json\/wp\/v2\/types\/page"}],"author":[{"embeddable":true,"href":"https:\/\/www3.unicentro.br\/museu\/wp-json\/wp\/v2\/users\/3"}],"replies":[{"embeddable":true,"href":"https:\/\/www3.unicentro.br\/museu\/wp-json\/wp\/v2\/comments?post=20"}],"version-history":[{"count":1,"href":"https:\/\/www3.unicentro.br\/museu\/wp-json\/wp\/v2\/pages\/20\/revisions"}],"predecessor-version":[{"id":1398,"href":"https:\/\/www3.unicentro.br\/museu\/wp-json\/wp\/v2\/pages\/20\/revisions\/1398"}],"wp:attachment":[{"href":"https:\/\/www3.unicentro.br\/museu\/wp-json\/wp\/v2\/media?parent=20"}],"curies":[{"name":"wp","href":"https:\/\/api.w.org\/{rel}","templated":true}]}}