{"id":52,"date":"2024-08-29T16:29:28","date_gmt":"2024-08-29T19:29:28","guid":{"rendered":"https:\/\/www3.unicentro.br\/labdebentos\/?page_id=52"},"modified":"2026-04-29T11:47:35","modified_gmt":"2026-04-29T14:47:35","slug":"equipe","status":"publish","type":"page","link":"https:\/\/www3.unicentro.br\/labdebentos\/equipe\/","title":{"rendered":"Equipe"},"content":{"rendered":"<div class=\"wpb-content-wrapper\"><p>[vc_row u_row_style=&#8221;0&#8243; u_row_paralax=&#8221;0&#8243; u_row_scheme=&#8221;0&#8243; css=&#8221;.vc_custom_1724958754693{background-color: #C5BBA7 !important;}&#8221;][vc_column][vc_column_text css=&#8221;&#8221;]<\/p>\n<h2 style=\"text-align: center\"><strong>COORDENADORA<\/strong><\/h2>\n<p>[\/vc_column_text][\/vc_column][\/vc_row][vc_row equal_height=&#8221;yes&#8221; content_placement=&#8221;middle&#8221; u_row_style=&#8221;0&#8243; u_row_paralax=&#8221;0&#8243; u_row_scheme=&#8221;0&#8243; css=&#8221;.vc_custom_1724958486667{background-color: #F4EFE8 !important;border-radius: 5px !important;}&#8221;][vc_column width=&#8221;1\/6&#8243;][vc_single_image image=&#8221;53&#8243; img_size=&#8221;200&#215;200&#8243; alignment=&#8221;center&#8221; style=&#8221;vc_box_circle_2&#8243; css=&#8221;&#8221;][\/vc_column][vc_column width=&#8221;4\/6&#8243;][vc_column_text css=&#8221;&#8221;]<b>Ana Lucia Suriani Affonso<\/b><\/p>\n<p style=\"text-align: justify\"><span style=\"font-weight: 400\">Possui gradua\u00e7\u00e3o em Ci\u00eancias Biol\u00f3gicas pela Universidade Federal de S\u00e3o Carlos (2003), mestrado em Ecologia e Recursos Naturais pela Universidade Federal de S\u00e3o Carlos (2006) e doutorado em Ci\u00eancias pela Universidade Federal de S\u00e3o Carlos (2010). Atualmente \u00e9 professora Associada da Universidade Estadual do Centro-Oeste, Paran\u00e1 e atua no Programa de P\u00f3s Gradua\u00e7\u00e3o em Ensino de Ci\u00eancias Naturais e Matem\u00e1tica da Unicentro. Tem experi\u00eancia nas \u00e1reas de Ecologia, Biologia da Conserva\u00e7\u00e3o, Educa\u00e7\u00e3o Ambiental e Ensino.<\/span><\/p>\n<p>[\/vc_column_text][\/vc_column][vc_column width=&#8221;1\/6&#8243;][vc_btn title=&#8221;Lattes&#8221; style=&#8221;flat&#8221; shape=&#8221;round&#8221; color=&#8221;chino&#8221; align=&#8221;center&#8221; css=&#8221;&#8221; link=&#8221;url:http%3A%2F%2Flattes.cnpq.br%2F2830201419839855&#8243;][\/vc_column][\/vc_row][vc_row u_row_style=&#8221;0&#8243; u_row_paralax=&#8221;0&#8243; u_row_scheme=&#8221;0&#8243; css=&#8221;.vc_custom_1724958832718{margin-top: 60px !important;background-color: #C5BBA7 !important;}&#8221;][vc_column][vc_column_text css=&#8221;&#8221;]<\/p>\n<h2 style=\"text-align: center\"><strong>INTEGRANTES<\/strong><\/h2>\n<p>[\/vc_column_text][\/vc_column][\/vc_row][vc_row equal_height=&#8221;yes&#8221; content_placement=&#8221;middle&#8221; u_row_style=&#8221;0&#8243; u_row_paralax=&#8221;0&#8243; u_row_scheme=&#8221;0&#8243; css=&#8221;.vc_custom_1724959369456{margin-bottom: 15px !important;background-color: #F4EFE8 !important;border-radius: 5px !important;}&#8221;][vc_column width=&#8221;1\/6&#8243;][vc_single_image image=&#8221;148&#8243; img_size=&#8221;200&#215;200&#8243; alignment=&#8221;center&#8221; style=&#8221;vc_box_circle_2&#8243; css=&#8221;&#8221;][\/vc_column][vc_column width=&#8221;4\/6&#8243;][vc_column_text css=&#8221;&#8221;]<strong>Emanuelle da Silva Tolazzi<\/strong><\/p>\n<p>Acad\u00eamica do quarto ano de Ci\u00eancias Biol\u00f3gicas (bacharelado) na Universidade Estadual do Centro-Oeste (Unicentro). Tem experi\u00eancia na \u00e1rea de Dendrologia. Atualmente, no Laborat\u00f3rio de Ecologia de Bentos, realiza pesquisa de Inicia\u00e7\u00e3o cient\u00edfica com Assembl\u00e9ias de Chironomidae em uma nascente e c\u00f3rrego urbano e avalia no seu TCC\u00a0 macroinvertebrados associados \u00e0 macr\u00f3fitas.<\/p>\n<p><span style=\"font-weight: 400\">Per\u00edodo: 2024 &#8211; Atual<\/span>[\/vc_column_text][\/vc_column][vc_column width=&#8221;1\/6&#8243;][vc_btn title=&#8221;Lattes&#8221; style=&#8221;flat&#8221; shape=&#8221;round&#8221; color=&#8221;chino&#8221; align=&#8221;center&#8221; css=&#8221;&#8221; link=&#8221;url:http%3A%2F%2Flattes.cnpq.br%2F7384625953040071&#8243;][\/vc_column][\/vc_row][vc_row equal_height=&#8221;yes&#8221; content_placement=&#8221;middle&#8221; u_row_style=&#8221;0&#8243; u_row_paralax=&#8221;0&#8243; u_row_scheme=&#8221;0&#8243; css=&#8221;.vc_custom_1724959369456{margin-bottom: 15px !important;background-color: #F4EFE8 !important;border-radius: 5px !important;}&#8221;][vc_column width=&#8221;1\/6&#8243;][vc_single_image img_size=&#8221;200&#215;200&#8243; alignment=&#8221;center&#8221; style=&#8221;vc_box_circle_2&#8243; css=&#8221;&#8221;][\/vc_column][vc_column width=&#8221;4\/6&#8243;][vc_column_text css=&#8221;&#8221;]<strong>Enzo Henrique Andrade Uzeda<\/strong><\/p>\n<p>Acad\u00eamico do segundo ano de Ci\u00eancias Biol\u00f3gicas (bacharelado) na Universidade Estadual do Centro-Oeste (Unicentro). Atualmente, no Laborat\u00f3rio de Ecologia de Bentos, realiza o estagio obrigat\u00f3rio auxiliando nos processos de triagem e identifica\u00e7\u00e3o de macroinvertebrados bent\u00f4nicos.<\/p>\n<p><span style=\"font-weight: 400\">Per\u00edodo: 2026 &#8211; Atual<\/span>[\/vc_column_text][\/vc_column][vc_column width=&#8221;1\/6&#8243;][vc_btn title=&#8221;Lattes&#8221; style=&#8221;flat&#8221; shape=&#8221;round&#8221; color=&#8221;chino&#8221; align=&#8221;center&#8221; css=&#8221;&#8221; link=&#8221;url:http%3A%2F%2Flattes.cnpq.br%2F7384625953040071&#8243;][\/vc_column][\/vc_row][vc_row equal_height=&#8221;yes&#8221; content_placement=&#8221;middle&#8221; u_row_style=&#8221;0&#8243; u_row_paralax=&#8221;0&#8243; u_row_scheme=&#8221;0&#8243; css=&#8221;.vc_custom_1724959369456{margin-bottom: 15px !important;background-color: #F4EFE8 !important;border-radius: 5px !important;}&#8221;][vc_column width=&#8221;1\/6&#8243;][vc_single_image image=&#8221;407&#8243; img_size=&#8221;200&#215;200&#8243; alignment=&#8221;center&#8221; style=&#8221;vc_box_circle_2&#8243; css=&#8221;&#8221;][\/vc_column][vc_column width=&#8221;4\/6&#8243;][vc_column_text css=&#8221;&#8221;]<b>Erika Barbosa<\/b><\/p>\n<div class=\"acc-section\">\n<div class=\"acc-content\">\n<p>Acad\u00eamica do quarto ano de Ci\u00eancias Biol\u00f3gicas (bacharelado) na Universidade Estadual do Centro-Oeste (Unicentro). Tem experi\u00eancia na \u00e1rea de Ficologia. Atualmente, no Laborat\u00f3rio de Ecologia de Bentos, realiza pesquisa de Inicia\u00e7\u00e3o cient\u00edfica com Assembl\u00e9ias de Chironomidae em Esta\u00e7\u00f5es Ecol\u00f3gicas e avalia no seu TCC os efeitos de um lavacar na comunidade bent\u00f4nica.<\/p>\n<\/div>\n<\/div>\n<p class=\"resumo\"><span style=\"font-weight: 400\">Per\u00edodo: 2025 &#8211; Atual<\/span><\/p>\n<p>[\/vc_column_text][\/vc_column][vc_column width=&#8221;1\/6&#8243;][vc_btn title=&#8221;Lattes&#8221; style=&#8221;flat&#8221; shape=&#8221;round&#8221; color=&#8221;chino&#8221; align=&#8221;center&#8221; css=&#8221;&#8221; link=&#8221;url:https%3A%2F%2Flattes.cnpq.br%2F&#8221;][\/vc_column][\/vc_row][vc_row equal_height=&#8221;yes&#8221; content_placement=&#8221;middle&#8221; u_row_style=&#8221;0&#8243; u_row_paralax=&#8221;0&#8243; u_row_scheme=&#8221;0&#8243; css=&#8221;.vc_custom_1776170751047{margin-bottom: 15px !important;background-color: #F4EFE8 !important;border-radius: 5px !important;}&#8221;][vc_column width=&#8221;1\/6&#8243;][vc_single_image image=&#8221;422&#8243; img_size=&#8221;200&#215;200&#8243; alignment=&#8221;center&#8221; style=&#8221;vc_box_circle_2&#8243; css=&#8221;&#8221;][\/vc_column][vc_column width=&#8221;4\/6&#8243;][vc_column_text css=&#8221;&#8221;]<strong>Luciane Maciel<\/strong><\/p>\n<p>Acad\u00eamica do terceiro ano de Ci\u00eancias biol\u00f3gicas Bacharelado na Universidade Estadual do Centro-Oeste (UNICENTRO). Tem experi\u00eancia na \u00e1rea de educa\u00e7\u00e3o ambiental e atua como estagi\u00e1ria no Laborat\u00f3rio de Ecologia de Bentos, auxiliando na triagem e identifica\u00e7\u00e3o.<\/p>\n<p>Per\u00edodo: 2026 &#8211; Atual[\/vc_column_text][\/vc_column][vc_column width=&#8221;1\/6&#8243;][vc_btn title=&#8221;Lattes&#8221; shape=&#8221;round&#8221; color=&#8221;chino&#8221; align=&#8221;center&#8221; css=&#8221;&#8221; link=&#8221;url:https%3A%2F%2Fbuscatextual.cnpq.br%2Fbuscatextual%2Fvisualizacv.do%3Fid%3DK1535307U6%26tokenCaptchar%3D0cAFcWeA7kwSRagKtOTWNqfUKwggsTd8Z6nPYpgn6jfi3BWBCtPhSvIsG7rPvAPV6hecE9_1Y8V_iq0K-ukVktT-lKlD52To7RDKpfjMp-pao-vM4R4PRG1LSdFAODVMXxhiO_201fX3BswfV9jhd6tff8to_LYCTE9O8zTVO0qO4A9eQiXZTLDJLsp_XDvAUDSblyXbOJiOoXC_Rf5JLXyeNrDP8Tx6QBT165TP46oyl1_GIZTUHCwesLtQbUVax0dPkEpol6eZ6lIFb9_KueJ5tSufazEQCpr4THIsjqdQrvp2sj-l8blziWewyoOndRQJSopbY5to8ThetInjQ6F7-kxkClfbNUpfRMqbt4vR6k6mM9jjIB7SaaYZdyjrWukIYIpP9WuTNbpqnSET-xgmaKqerzt2bxSpANtxO18_UvU_vGldmpAqz-f4LQ_waIA5jCKeq3DnbjcX8WES1Ny5GNDSurC2uLEB4u78XwXsKr2vOSPbFvM4678SZ-ehhVJlOv1X0swixO5L8mY62NP8AZHW7awkoqphx0ZA1EUAfIeFjtp6LXPcSxcTft6eVkjM75W6ee1FZjiEeK_XmoQWPSCp7_VoqwR7UzyFKzXmoOf5x0cmhOM0HIaJJ9qAxvG94BijBWt4LZtiAl-LKcXpEJLpIGaRBvFGQkeSlV1f2KTrymR3JfyUjy9Wv48y51npRxon0oalnhl1mvDVupooj2PBDdFpiO4awIa6jaCcNBB6YvZJyyaru06WXhq91Ks1dqFjyUHZhSa70i1aWxe8db34XzJw9PcecC_kSyF5pei24BkhMfGVcqsc3CKyLj9-dC6n5-37lMGcCg-iR3ZIgkOWlEB262IEdo5fUw-cxlCUKxNXZ0IYfaswNHERQGRAAH-v7x7u68beYiJAfw_PYbYP7Hw4NaorPwTC5VnU82Y_fKmKMGcb0idJ0oxBEnCJrVtvnpI2l7u_BpIvfvNx0AqzBEJB7iaiLTPSE1wWom4o5P7DTbuFLaSx5ZqO4WNbONWMZFQF18-0RausEDSmc3Oz8foRWJvj3sK1qtpxz0JRecsBI9grb9MGI2SSEsiqXYq4ZyokEKBkH63pnZ0BLRu2g8nRE-qUpV3g-0tEQsXVIGSbqNo-QIauc5EsFqxioJRrV0qkMHF7YLW6_-1zL5tPsRshAUiRnJozMgnCplmIpw78AbQVPUCDmjct95K_fKH8JAMaCOHA5Rp6zFxMbO3pwAtgX2iqcvv70gYLKfyttzms606hwAnPpp-rAbfdU_rn8S-VIDNecxCMHbCPsWPbB2CVMsWXI9zSjy1UoyUio4WzVanYJe_F_uChEOxGTIMS0dI6V-cY-m-JgvJ2GlR_vxUgnWPW_xIiN0Fww9hqsVFgp58IG7g5SBRUAOyJru-WlLagk-PM3ESOVG7IjCukAitQ-7ughClfEmE6d_Sjfl6fAgCj0ofeB9KaDaYasPHid-4NWUYW2eTwJe3hwUZC5scaYcMU5jqSR8lg71L1hL9D5ROc7gW6qtskl3o7TrOtfqQfme9AQiIwm_H_IAxsArnirWmp1yJ88UvI5VMHlCi6Ii9ru7YSN1RaBFl4gcOKr-1Zot4BlFMN4Ht2ZxQtmJqJD9O36JW8BjjZgQhI_olsKCOuyVrtyLq95P7wiQD8eoKO9IJKOhlsaOabc61GKYrWyfvWfQ8LJZmmAU3-lywlaANv9zXXtBC__CHAd7-GWrvf0SoFl5ourg2grPtt7VPFvcL05NuHK2129_Wgc17bAJJU0oaIajh_tnvIvOsuy-XB6LXisnZCZlfRz817nsayQcvT5Fw7rdTegzyhRbhJn_ohN0Rwr1DvR6m3p6lKz2-R0y_oF99ZrZ1NILte9ARqKnt4DrvUgBGTRCTAqWBG_Y7GDii2IkXef0-skaHjEO-VLoMx131pE20L0gKLXVi0rb_OVuTfiBWvlFq3qAk2xM-JuyfQchBljPdG&#8211;mj_NNBRYbusYzytNMd3Sf6rViMGHBYB2STo6XRFoDkQeK5mrK9H4W_PjG-UztwdbaMHQ6V&#8211;8cLVn4gSm93U2XsiVqyBjSKiLW2DMg217tkibpnVdc3AfeV_0zEsLFACWWbagiaD7QQNTqFmCVM5_wzY_5SbAUv-rxaAoReN2ogA-1rNIqJBn9TkI7YOwNlARnkQ7iEjIuio2vboyEs6Hr3WPnErH2wBnX5fpP8W0j3ndshNhXPyvhMxZ4eV548jWAZiXvfjfEYOTbbvpufiLC0rPMdB5ByNYW6NyNGRZE3OhVIRDEDKIYWDEAoMXD3z98VDuqngoHKMjYal-CCySF1Br33XR9KgaoprXX947G6B2LXbbQJpesClbTysJt7St8G7jrDWmo-_XLsPctQE7apa5TkrZg&#8221;][\/vc_column][\/vc_row][vc_row equal_height=&#8221;yes&#8221; content_placement=&#8221;middle&#8221; u_row_style=&#8221;0&#8243; u_row_paralax=&#8221;0&#8243; u_row_scheme=&#8221;0&#8243; css=&#8221;.vc_custom_1724959369456{margin-bottom: 15px !important;background-color: #F4EFE8 !important;border-radius: 5px !important;}&#8221;][vc_column width=&#8221;1\/6&#8243;][vc_single_image image=&#8221;439&#8243; img_size=&#8221;200&#215;200&#8243; alignment=&#8221;center&#8221; style=&#8221;vc_box_circle_2&#8243; css=&#8221;&#8221;][\/vc_column][vc_column width=&#8221;4\/6&#8243;][vc_column_text css=&#8221;&#8221;]<strong>Maria Clara Telaska Perin<\/strong><\/p>\n<div class=\"acc-section\">\n<div class=\"acc-content\">\n<p>Acad\u00eamica do quarto ano de Ci\u00eancias Biol\u00f3gicas (Bacharelado) na Universidade Estadual do Centro-Oeste (Unicentro). Tem experi\u00eancia na \u00e1rea de Agrometereologia. Atualmente, no Laborat\u00f3rio de Ecologia de Bentos, realiza pesquisa de Inicia\u00e7\u00e3o cient\u00edfica com caracteriza\u00e7\u00e3o da composi\u00e7\u00e3o de Chironomidae em brom\u00e9lias, e no seu TCC, Chironomidae como bioindicadores em \u00e1reas de inunda\u00e7\u00e3o.<\/p>\n<\/div>\n<\/div>\n<p class=\"resumo\"><span style=\"font-weight: 400\">Per\u00edodo: 2025 &#8211; Atual<\/span><\/p>\n<p>[\/vc_column_text][\/vc_column][vc_column width=&#8221;1\/6&#8243;][vc_btn title=&#8221;Lattes&#8221; style=&#8221;flat&#8221; shape=&#8221;round&#8221; color=&#8221;chino&#8221; align=&#8221;center&#8221; css=&#8221;&#8221; link=&#8221;url:http%3A%2F%2Flattes.cnpq.br%2F1631628102181000&#8243;][\/vc_column][\/vc_row][vc_row equal_height=&#8221;yes&#8221; content_placement=&#8221;middle&#8221; u_row_style=&#8221;0&#8243; u_row_paralax=&#8221;0&#8243; u_row_scheme=&#8221;0&#8243; css=&#8221;.vc_custom_1724959369456{margin-bottom: 15px !important;background-color: #F4EFE8 !important;border-radius: 5px !important;}&#8221;][vc_column width=&#8221;1\/6&#8243;][vc_single_image image=&#8221;432&#8243; img_size=&#8221;200&#215;200&#8243; alignment=&#8221;center&#8221; style=&#8221;vc_box_circle_2&#8243; css=&#8221;&#8221;][\/vc_column][vc_column width=&#8221;4\/6&#8243;][vc_column_text css=&#8221;&#8221;]<b>Nathalia Antunes Godert<\/b><\/p>\n<p data-start=\"75\" data-end=\"431\">Bacharel em Ci\u00eancias Biol\u00f3gicas pela Universidade Estadual do Centro-Oeste (Unicentro), graduada em 2025. Atua como T\u00e9cnica no Laborat\u00f3rio de Ecologia de Bentos da Unicentro, integrando projetos voltados \u00e0 biodiversidade aqu\u00e1tica. Atualmente, participa do projeto \u201cBiodiversidade de Invertebrados Associada \u00e0s Brom\u00e9lias: Conhecendo e Divulgando a Ci\u00eancia\u201d.<\/p>\n<p data-start=\"75\" data-end=\"431\">Possui experi\u00eancia na identifica\u00e7\u00e3o de invertebrados aqu\u00e1ticos, com \u00eanfase em Chironomidae,\u00a0 e avalia\u00e7\u00e3o da qualidade da \u00e1gua em ecossistemas aqu\u00e1ticos.<\/p>\n<p><span style=\"font-weight: 400\">Per\u00edodo: 2023 &#8211; Atual<\/span>[\/vc_column_text][\/vc_column][vc_column width=&#8221;1\/6&#8243;][vc_btn title=&#8221;Lattes&#8221; style=&#8221;flat&#8221; shape=&#8221;round&#8221; color=&#8221;chino&#8221; align=&#8221;center&#8221; css=&#8221;&#8221; link=&#8221;url:https%3A%2F%2Flattes.cnpq.br%2F&#8221;][\/vc_column][\/vc_row][vc_row equal_height=&#8221;yes&#8221; content_placement=&#8221;middle&#8221; u_row_style=&#8221;0&#8243; u_row_paralax=&#8221;0&#8243; u_row_scheme=&#8221;0&#8243; css=&#8221;.vc_custom_1724959369456{margin-bottom: 15px !important;background-color: #F4EFE8 !important;border-radius: 5px !important;}&#8221;][vc_column width=&#8221;1\/6&#8243;][vc_single_image image=&#8221;431&#8243; img_size=&#8221;200&#215;200&#8243; alignment=&#8221;center&#8221; style=&#8221;vc_box_circle_2&#8243; css=&#8221;&#8221;][\/vc_column][vc_column width=&#8221;4\/6&#8243;][vc_column_text css=&#8221;&#8221;]<strong>Nathan Israel Rodrigues<\/strong><\/p>\n<p><span style=\"font-weight: 400\">Acad\u00eamico do quarto ano de Ci\u00eancias Biol\u00f3gicas (bacharelado) na Universidade Estadual do Centro-Oeste. Possui experi\u00eancia com educa\u00e7\u00e3o ambiental e atualmente est\u00e1 desenvolvendo sua Inicia\u00e7\u00e3o Cient\u00edfica no projeto \u201cBiodiversidade de Invertebrados Associada \u00e0s Brom\u00e9lias: Conhecendo e Divulgando a Ci\u00eancia\u201d.<\/span><\/p>\n<p><span style=\"font-weight: 400\">Per\u00edodo: 2025 &#8211; Atual<\/span>[\/vc_column_text][\/vc_column][vc_column width=&#8221;1\/6&#8243;][vc_btn title=&#8221;Lattes&#8221; style=&#8221;flat&#8221; shape=&#8221;round&#8221; color=&#8221;chino&#8221; align=&#8221;center&#8221; css=&#8221;&#8221; link=&#8221;url:http%3A%2F%2Flattes.cnpq.br%2F&#8221;][\/vc_column][\/vc_row][vc_row equal_height=&#8221;yes&#8221; content_placement=&#8221;middle&#8221; u_row_style=&#8221;0&#8243; u_row_paralax=&#8221;0&#8243; u_row_scheme=&#8221;0&#8243; css=&#8221;.vc_custom_1724959369456{margin-bottom: 15px !important;background-color: #F4EFE8 !important;border-radius: 5px !important;}&#8221;][vc_column width=&#8221;1\/6&#8243;][vc_single_image image=&#8221;367&#8243; img_size=&#8221;200&#215;200&#8243; alignment=&#8221;center&#8221; style=&#8221;vc_box_circle_2&#8243; css=&#8221;&#8221;][\/vc_column][vc_column width=&#8221;4\/6&#8243;][vc_column_text css=&#8221;&#8221;]<b>Nathan Ulian de Souza<\/b><\/p>\n<p class=\"resumo\">Mestre e Doutorando em Geografia, pela linha de Din\u00e2mica da paisagem, geomorfologia e an\u00e1lise ambiental, no Programa de P\u00f3s-Gradua\u00e7\u00e3o em Geografia &#8211; PPGG (stricto sensu) da Universidade Estadual do Centro-Oeste (Unicentro), bacharel em Geografia pela mesma institui\u00e7\u00e3o e T\u00e9cnico Ambiental pela Escola T\u00e9cnica Estadual (ETEC) Guaracy Silveira. Integrante do Grupo de Pesquisa em Hidrogeomorfologia da Unicentro, incorporando a linha de pesquisa Geobiohidrologia. Integrante do Laborat\u00f3rio de Ecologia de Bentos da Unicentro. Desenvolve pesquisas na \u00e1rea da Limnologia, utilizando macroinvertebrados bent\u00f4nicos em \u00e1reas de conflu\u00eancias fluviais. Tem experi\u00eancia nas \u00e1reas de Ci\u00eancias Ambientais, com \u00eanfase em Avalia\u00e7\u00e3o de Impactos Ambientais, Geoecologia, Hidrogeografia, Biogeografia e Ecologia de Ecossistemas Aqu\u00e1ticos.<span class=\"texto\">\u00a0<\/span><\/p>\n<p><span style=\"font-weight: 400\">Per\u00edodo: 2023 &#8211;\u00a0 Atual<\/span>[\/vc_column_text][\/vc_column][vc_column width=&#8221;1\/6&#8243;][vc_btn title=&#8221;Lattes&#8221; style=&#8221;flat&#8221; shape=&#8221;round&#8221; color=&#8221;chino&#8221; align=&#8221;center&#8221; css=&#8221;&#8221; link=&#8221;url:http%3A%2F%2Flattes.cnpq.br%2F3015914729338364&#8243;][\/vc_column][\/vc_row][vc_row u_row_style=&#8221;0&#8243; u_row_paralax=&#8221;0&#8243; u_row_scheme=&#8221;0&#8243; css=&#8221;.vc_custom_1727991269288{border-color: #CECACA !important;}&#8221;][vc_column][vc_column_text css=&#8221;&#8221;]<\/p>\n<h2 style=\"text-align: center\"><strong>EX-INTEGRANTES<\/strong><\/h2>\n<p>[\/vc_column_text][\/vc_column][\/vc_row][vc_row equal_height=&#8221;yes&#8221; content_placement=&#8221;middle&#8221; u_row_style=&#8221;0&#8243; u_row_paralax=&#8221;0&#8243; u_row_scheme=&#8221;0&#8243; css=&#8221;.vc_custom_1724959369456{margin-bottom: 15px !important;background-color: #F4EFE8 !important;border-radius: 5px !important;}&#8221;][vc_column width=&#8221;1\/6&#8243;][vc_single_image image=&#8221;142&#8243; img_size=&#8221;200&#215;200&#8243; alignment=&#8221;center&#8221; style=&#8221;vc_box_circle_2&#8243; css=&#8221;&#8221;][\/vc_column][vc_column width=&#8221;4\/6&#8243;][vc_column_text css=&#8221;&#8221;]<b>Amanda Estolaski<\/b><\/p>\n<p><span style=\"font-weight: 400\">Ensino M\u00e9dio integrado de n\u00edvel t\u00e9cnico em Agrimensura pela UTFPR, campus Pato Branco. Cursa bacharelado em Ci\u00eancias Biol\u00f3gicas na Universidade Estadual do Centro Oeste (Unicentro). Desempenhou atividades no Laborat\u00f3rio de Ecologia de Bentos, pesquisando as associa\u00e7\u00f5es entre indiv\u00edduos da fam\u00edlia Bromeliaceae e invertebrados em fragmentos da FOM, e macroinvertebrados bent\u00f4nicos como bioindicadores da qualidade d\u2019\u00e1gua. Tem experi\u00eancia na \u00e1rea de biologia vegetal e macroinvertebrados.<\/span><\/p>\n<p><span style=\"font-weight: 400\">Per\u00edodo: 2024 &#8211; 2025<\/span>[\/vc_column_text][\/vc_column][vc_column width=&#8221;1\/6&#8243;][vc_btn title=&#8221;Lattes&#8221; style=&#8221;flat&#8221; shape=&#8221;round&#8221; color=&#8221;chino&#8221; align=&#8221;center&#8221; css=&#8221;&#8221; link=&#8221;url:http%3A%2F%2Flattes.cnpq.br%2F9140940160408523&#8243;][\/vc_column][\/vc_row][vc_row equal_height=&#8221;yes&#8221; content_placement=&#8221;middle&#8221; u_row_style=&#8221;0&#8243; u_row_paralax=&#8221;0&#8243; u_row_scheme=&#8221;0&#8243; css=&#8221;.vc_custom_1724959369456{margin-bottom: 15px !important;background-color: #F4EFE8 !important;border-radius: 5px !important;}&#8221;][vc_column width=&#8221;1\/6&#8243;][vc_single_image image=&#8221;66&#8243; img_size=&#8221;200&#215;200&#8243; alignment=&#8221;center&#8221; style=&#8221;vc_box_circle_2&#8243; css=&#8221;&#8221;][\/vc_column][vc_column width=&#8221;4\/6&#8243;][vc_column_text css=&#8221;&#8221;]<b>Bruna Franciscon de Oliveira<\/b><\/p>\n<p>Bacharel em Ci\u00eancias Biol\u00f3gicas pela Universidade Estadual do Centro-Oeste (Unicentro), mestranda em Ecologia e Conserva\u00e7\u00e3o pela Universidade Federal do Paran\u00e1 (UFPR). Desenvolveu pesquisas na \u00e1rea da limnologia, utilizando macroinvertebrados bent\u00f4nicos como bioindicadores da sa\u00fade de ecossistemas aqu\u00e1ticos. Possui experi\u00eancias nas \u00e1reas de Ecologia de Ecossistemas aqu\u00e1ticos, Educa\u00e7\u00e3o Ambiental e Biologia da Conserva\u00e7\u00e3o.<\/p>\n<p><span style=\"font-weight: 400\">Per\u00edodo: 2022 &#8211; 2024<\/span>[\/vc_column_text][\/vc_column][vc_column width=&#8221;1\/6&#8243;][vc_btn title=&#8221;Lattes&#8221; style=&#8221;flat&#8221; shape=&#8221;round&#8221; color=&#8221;chino&#8221; align=&#8221;center&#8221; css=&#8221;&#8221; link=&#8221;url:https%3A%2F%2Flattes.cnpq.br%2F6085658188506659&#8243;][\/vc_column][\/vc_row][vc_row equal_height=&#8221;yes&#8221; content_placement=&#8221;middle&#8221; u_row_style=&#8221;0&#8243; u_row_paralax=&#8221;0&#8243; u_row_scheme=&#8221;0&#8243; css=&#8221;.vc_custom_1724959369456{margin-bottom: 15px !important;background-color: #F4EFE8 !important;border-radius: 5px !important;}&#8221;][vc_column width=&#8221;1\/6&#8243;][vc_single_image image=&#8221;284&#8243; img_size=&#8221;200&#215;200&#8243; alignment=&#8221;center&#8221; style=&#8221;vc_box_circle_2&#8243; css=&#8221;&#8221;][\/vc_column][vc_column width=&#8221;4\/6&#8243;][vc_column_text css=&#8221;&#8221;]<strong>Ellen Kaspchak Kovaliuk<\/strong><\/p>\n<p>Bacharel em Ci\u00eancias biol\u00f3gicas Bacharelado na Universidade Estadual do centro-Oeste (UNICENTRO). Tem experi\u00eancia na \u00e1rea de morfologia e taxonomia vegetal e atuou como estagi\u00e1ria no Laborat\u00f3rio de Ecologia de Bentos, auxiliando na triagem e identifica\u00e7\u00e3o.<\/p>\n<p><span style=\"font-weight: 400\">Per\u00edodo: 2024 &#8211; 2025<\/span>[\/vc_column_text][\/vc_column][vc_column width=&#8221;1\/6&#8243;][vc_btn title=&#8221;Lattes&#8221; style=&#8221;flat&#8221; shape=&#8221;round&#8221; color=&#8221;chino&#8221; align=&#8221;center&#8221; css=&#8221;&#8221; link=&#8221;url:https%3A%2F%2Flattes.cnpq.br%2F5092727581750709&#8243;][\/vc_column][\/vc_row][vc_row equal_height=&#8221;yes&#8221; content_placement=&#8221;middle&#8221; u_row_style=&#8221;0&#8243; u_row_paralax=&#8221;0&#8243; u_row_scheme=&#8221;0&#8243; css=&#8221;.vc_custom_1724959369456{margin-bottom: 15px !important;background-color: #F4EFE8 !important;border-radius: 5px !important;}&#8221;][vc_column width=&#8221;1\/6&#8243;][vc_single_image image=&#8221;120&#8243; img_size=&#8221;200&#215;200&#8243; alignment=&#8221;center&#8221; style=&#8221;vc_box_circle_2&#8243; css=&#8221;&#8221;][\/vc_column][vc_column width=&#8221;4\/6&#8243;][vc_column_text css=&#8221;&#8221;]<b>Nathaly Gadonski <\/b><\/p>\n<p><span style=\"font-weight: 400\">Bacharel em Ci\u00eancias Biol\u00f3gicas pela Universidade Estadual do Centro-Oeste. Atuou como pesquisadora na \u00e1rea de Ecologia de Bentos em esta\u00e7\u00f5es ecol\u00f3gicas da regi\u00e3o e comunidades bent\u00f4nicas associadas a fitotelmos de Bromeliaceae. Possui experi\u00eancia no campo de Ecologia, Educa\u00e7\u00e3o Ambiental e Biologia Aqu\u00e1tica.<\/span><\/p>\n<p><span style=\"font-weight: 400\">Per\u00edodo: 2022 &#8211; 2025<\/span>[\/vc_column_text][\/vc_column][vc_column width=&#8221;1\/6&#8243;][vc_btn title=&#8221;Lattes&#8221; style=&#8221;flat&#8221; shape=&#8221;round&#8221; color=&#8221;chino&#8221; align=&#8221;center&#8221; css=&#8221;&#8221; link=&#8221;url:http%3A%2F%2Flattes.cnpq.br%2F5109888600618130&#8243;][\/vc_column][\/vc_row][vc_row equal_height=&#8221;yes&#8221; content_placement=&#8221;middle&#8221; u_row_style=&#8221;0&#8243; u_row_paralax=&#8221;0&#8243; u_row_scheme=&#8221;0&#8243; css=&#8221;.vc_custom_1724959369456{margin-bottom: 15px !important;background-color: #F4EFE8 !important;border-radius: 5px !important;}&#8221;][vc_column width=&#8221;1\/6&#8243;][vc_single_image image=&#8221;146&#8243; img_size=&#8221;200&#215;200&#8243; alignment=&#8221;center&#8221; style=&#8221;vc_box_circle_2&#8243; css=&#8221;&#8221;][\/vc_column][vc_column width=&#8221;4\/6&#8243;][vc_column_text css=&#8221;&#8221;]<b>Sabrina Batista<\/b><\/p>\n<p><span style=\"font-weight: 400\">Bacharel em Ciencias Biol\u00f3gicas pela Universidade Estadual do Centro-Oeste e T\u00e9cnica em Agroneg\u00f3cio pelo Centro Estadual Florestal (2020). P<\/span><span style=\"font-weight: 400\">articipou do Laborat\u00f3rio de Ecologia de Bentos ajudando em coletas, triagem e identifica\u00e7\u00e3o de macroinvertebrados. Atua atualmente na pesquisa de educa\u00e7\u00e3o ambiental.<\/span><\/p>\n<p><span style=\"font-weight: 400\">Per\u00edodo: 2023 &#8211; 2024<\/span>[\/vc_column_text][\/vc_column][vc_column width=&#8221;1\/6&#8243;][vc_btn title=&#8221;Lattes&#8221; style=&#8221;flat&#8221; shape=&#8221;round&#8221; color=&#8221;chino&#8221; align=&#8221;center&#8221; css=&#8221;&#8221; link=&#8221;url:http%3A%2F%2Flattes.cnpq.br%2F&#8221;][\/vc_column][\/vc_row][vc_row equal_height=&#8221;yes&#8221; content_placement=&#8221;middle&#8221; u_row_style=&#8221;0&#8243; u_row_paralax=&#8221;0&#8243; u_row_scheme=&#8221;0&#8243; css=&#8221;.vc_custom_1724959369456{margin-bottom: 15px !important;background-color: #F4EFE8 !important;border-radius: 5px !important;}&#8221;][vc_column width=&#8221;1\/6&#8243;][vc_single_image image=&#8221;366&#8243; img_size=&#8221;200&#215;200&#8243; alignment=&#8221;center&#8221; style=&#8221;vc_box_circle_2&#8243; css=&#8221;&#8221;][\/vc_column][vc_column width=&#8221;4\/6&#8243;][vc_column_text css=&#8221;&#8221;]<b>Samuel Felipe Bueno Steimbach<\/b><\/p>\n<div class=\"acc-section\">\n<div class=\"acc-content\">\n<p>T\u00e9cnico em Meio Ambiente e servidor p\u00fablico do Instituto \u00c1gua e Terra (IAT), acad\u00eamico de Ci\u00eancias Biol\u00f3gicas (UEM) e Ci\u00eancia de Dados e Intelig\u00eancia Artificial (Instituto INFNET). Pesquisador em Ecologia Te\u00f3rica e Aplicada, Biogeografia e Ci\u00eancias Ambientais, com foco na integra\u00e7\u00e3o de m\u00e9todos de intelig\u00eancia artificial, estat\u00edstica e matem\u00e1tica computacional. No IAT, \u00e9 ponto focal de Educa\u00e7\u00e3o Ambiental e Restaura\u00e7\u00e3o Ecol\u00f3gica na regional de Foz do Igua\u00e7u e integra a equipe do Setor de Fauna e ICMS ecol\u00f3gico. Colaborou com o Laborat\u00f3rio de Ecologia de Bentos (UNICENTRO) em s\u00edntese de dados ecol\u00f3gicos e desenvolvimento tecnol\u00f3gico, tendo experi\u00eancia com limnologia e ecologia de invertebrados aqu\u00e1ticos. Tem interesse em Integridade Ecol\u00f3gica, Sistemas Adaptativos Complexos, Servi\u00e7os Ecossit\u00eamicos e Restaura\u00e7\u00e3o de Ecossistemas.<\/p>\n<\/div>\n<\/div>\n<p class=\"resumo\"><span style=\"font-weight: 400\">Per\u00edodo: 2024 &#8211; 2025<\/span><\/p>\n<p>[\/vc_column_text][\/vc_column][vc_column width=&#8221;1\/6&#8243;][vc_btn title=&#8221;Lattes&#8221; style=&#8221;flat&#8221; shape=&#8221;round&#8221; color=&#8221;chino&#8221; align=&#8221;center&#8221; css=&#8221;&#8221; link=&#8221;url:https%3A%2F%2Flattes.cnpq.br%2F5578408860837773&#8243;][\/vc_column][\/vc_row][vc_row equal_height=&#8221;yes&#8221; content_placement=&#8221;middle&#8221; u_row_style=&#8221;0&#8243; u_row_paralax=&#8221;0&#8243; u_row_scheme=&#8221;0&#8243; css=&#8221;.vc_custom_1724959369456{margin-bottom: 15px !important;background-color: #F4EFE8 !important;border-radius: 5px !important;}&#8221;][vc_column width=&#8221;1\/6&#8243;][vc_single_image image=&#8221;409&#8243; img_size=&#8221;200&#215;200&#8243; alignment=&#8221;center&#8221; style=&#8221;vc_box_circle_2&#8243; css=&#8221;&#8221;][\/vc_column][vc_column width=&#8221;4\/6&#8243;][vc_column_text css=&#8221;&#8221;]<strong>Sheila Gabriela Morais Lemes<\/strong><\/p>\n<div class=\"acc-section\">\n<div class=\"acc-content\">\n<p>T\u00e9cnica em Servi\u00e7os Jur\u00eddicos e graduanda do curso de Ci\u00eancias Biol\u00f3gicas pela Universidade estadual do Centro- Oeste (Unicentro). Possui experi\u00eancia laboratorial, tendo trabalhado com an\u00e1lises microbiol\u00f3gicas e f\u00edsico-qu\u00edmicas de \u00e1gua. Desempenhou atividades de maneira volunt\u00e1ria no Laborat\u00f3rio de Ecologia de Bentos, desenvolvendo modelos educacionais a partir de resina e auxiliando na triagem e identifica\u00e7\u00e3o de amostras.<\/p>\n<\/div>\n<\/div>\n<p class=\"resumo\"><span style=\"font-weight: 400\">Per\u00edodo: 2025 &#8211; 2025<\/span><\/p>\n<p>[\/vc_column_text][\/vc_column][vc_column width=&#8221;1\/6&#8243;][vc_btn title=&#8221;Lattes&#8221; style=&#8221;flat&#8221; shape=&#8221;round&#8221; color=&#8221;chino&#8221; align=&#8221;center&#8221; css=&#8221;&#8221; link=&#8221;url:https%3A%2F%2Flattes.cnpq.br%2F&#8221;][\/vc_column][\/vc_row][vc_row u_row_style=&#8221;0&#8243; u_row_paralax=&#8221;0&#8243; u_row_scheme=&#8221;0&#8243; css=&#8221;.vc_custom_1727991269288{border-color: #CECACA !important;}&#8221;][vc_column][vc_column_text css=&#8221;&#8221;]<\/p>\n<p style=\"text-align: center\"><strong>Aline Rukhaber<\/strong><\/p>\n<p style=\"text-align: center\"><strong>Anderson Moser<\/strong><\/p>\n<p style=\"text-align: center\"><strong>Beatriz Gurgel Matakas<\/strong><\/p>\n<p style=\"text-align: center\"><strong>Bruno Lima Santos<\/strong><\/p>\n<p style=\"text-align: center\"><strong>Catarina Trevisan Gon\u00e7alves<\/strong><\/p>\n<p style=\"text-align: center\"><strong>Celina Maria Klosovski Likes<\/strong><\/p>\n<p style=\"text-align: center\"><strong>Daniela Aparecida Peres de Macedo<\/strong><\/p>\n<p style=\"text-align: center\"><strong>Danielly de Castro Schupchek<\/strong><\/p>\n<p style=\"text-align: center\"><strong>Dieli de Paula Slompo<\/strong><\/p>\n<p style=\"text-align: center\"><strong>Erika Elias do Nascimento<\/strong><\/p>\n<p style=\"text-align: center\"><strong>Fabiana de F\u00e1tima St\u00fcrmer<\/strong><\/p>\n<p style=\"text-align: center\"><strong>Gabriela Cebulski<\/strong><\/p>\n<p style=\"text-align: center\"><strong>Gabriela Gomes Weber<\/strong><\/p>\n<p style=\"text-align: center\"><strong>Gabriela Hagemeyer<\/strong><\/p>\n<p style=\"text-align: center\"><strong>Geovana Bastos<\/strong><\/p>\n<p style=\"text-align: center\"><strong>Giseli Campos<\/strong><\/p>\n<p style=\"text-align: center\"><strong>H\u00e9rica Ros\u00e1rio<\/strong><\/p>\n<p style=\"text-align: center\"><strong>Isaque Ferreira Mazzucatto Esteves<\/strong><\/p>\n<p style=\"text-align: center\"><strong>Juliana Mara Antonio<\/strong><\/p>\n<p style=\"text-align: center\"><strong>J\u00falia Campos<\/strong><\/p>\n<p style=\"text-align: center\"><b>Kaue Welter Fontoura<\/b><\/p>\n<p style=\"text-align: center\"><strong>Larissa Dal Molin Kruger<\/strong><\/p>\n<p style=\"text-align: center\"><strong>L\u00edvia Andrade<\/strong><\/p>\n<p style=\"text-align: center\"><strong>Luiz Felipe Ribeiro<\/strong><\/p>\n<p style=\"text-align: center\"><strong>Luiz Gabriel do Prado Ludwig<\/strong><\/p>\n<p style=\"text-align: center\"><strong>Mariane Dal Comune<\/strong><\/p>\n<p style=\"text-align: center\"><strong>Maria Clara Itoh Nascimento<\/strong><\/p>\n<p style=\"text-align: center\"><strong>Mayara Perich Ziegmann<\/strong><\/p>\n<p style=\"text-align: center\"><strong>Milena Bochnia Santana<\/strong><\/p>\n<p style=\"text-align: center\"><strong>M\u00f4nica Bonanato<\/strong><\/p>\n<p style=\"text-align: center\"><strong>Natalia Valendo Pires<\/strong><\/p>\n<p style=\"text-align: center\"><strong>Raul Fernando de Paula Faria Junior<\/strong><\/p>\n<p style=\"text-align: center\"><strong>Sara Marta da Silva<\/strong><\/p>\n<p style=\"text-align: center\"><strong>Sarah Dall\u2019Agnol Triacca<\/strong><\/p>\n<p style=\"text-align: center\"><strong>Sharonn Martins Gon\u00e7alves Hartmann<\/strong><\/p>\n<p style=\"text-align: center\"><strong>Thaysa Cristina Max<\/strong><\/p>\n<p style=\"text-align: center\"><strong>Yuri Kataoka Silva<\/strong><\/p>\n<p>[\/vc_column_text][\/vc_column][vc_column][\/vc_column][\/vc_row]<\/p>\n<\/div>","protected":false},"excerpt":{"rendered":"<p>[vc_row u_row_style=&#8221;0&#8243; u_row_paralax=&#8221;0&#8243; u_row_scheme=&#8221;0&#8243; css=&#8221;.vc_custom_1724958754693{background-color: #C5BBA7 !important;}&#8221;][vc_column][vc_column_text css=&#8221;&#8221;] COORDENADORA [\/vc_column_text][\/vc_column][\/vc_row][vc_row equal_height=&#8221;yes&#8221; content_placement=&#8221;middle&#8221; u_row_style=&#8221;0&#8243; u_row_paralax=&#8221;0&#8243; u_row_scheme=&#8221;0&#8243; css=&#8221;.vc_custom_1724958486667{background-color: #F4EFE8 !important;border-radius: 5px !important;}&#8221;][vc_column width=&#8221;1\/6&#8243;][vc_single_image image=&#8221;53&#8243; img_size=&#8221;200&#215;200&#8243; alignment=&#8221;center&#8221; style=&#8221;vc_box_circle_2&#8243; css=&#8221;&#8221;][\/vc_column][vc_column width=&#8221;4\/6&#8243;][vc_column_text css=&#8221;&#8221;]Ana Lucia Suriani Affonso Possui gradua\u00e7\u00e3o em Ci\u00eancias Biol\u00f3gicas pela Universidade Federal de S\u00e3o Carlos (2003), mestrado em Ecologia e Recursos Naturais pela Universidade Federal de S\u00e3o Carlos [&hellip;]<\/p>\n","protected":false},"author":3,"featured_media":0,"parent":0,"menu_order":0,"comment_status":"closed","ping_status":"closed","template":"","meta":{"_exactmetrics_skip_tracking":false,"_exactmetrics_sitenote_active":false,"_exactmetrics_sitenote_note":"","_exactmetrics_sitenote_category":0,"footnotes":"","_links_to":"","_links_to_target":""},"class_list":["post-52","page","type-page","status-publish","hentry"],"_links":{"self":[{"href":"https:\/\/www3.unicentro.br\/labdebentos\/wp-json\/wp\/v2\/pages\/52","targetHints":{"allow":["GET"]}}],"collection":[{"href":"https:\/\/www3.unicentro.br\/labdebentos\/wp-json\/wp\/v2\/pages"}],"about":[{"href":"https:\/\/www3.unicentro.br\/labdebentos\/wp-json\/wp\/v2\/types\/page"}],"author":[{"embeddable":true,"href":"https:\/\/www3.unicentro.br\/labdebentos\/wp-json\/wp\/v2\/users\/3"}],"replies":[{"embeddable":true,"href":"https:\/\/www3.unicentro.br\/labdebentos\/wp-json\/wp\/v2\/comments?post=52"}],"version-history":[{"count":4,"href":"https:\/\/www3.unicentro.br\/labdebentos\/wp-json\/wp\/v2\/pages\/52\/revisions"}],"predecessor-version":[{"id":440,"href":"https:\/\/www3.unicentro.br\/labdebentos\/wp-json\/wp\/v2\/pages\/52\/revisions\/440"}],"wp:attachment":[{"href":"https:\/\/www3.unicentro.br\/labdebentos\/wp-json\/wp\/v2\/media?parent=52"}],"curies":[{"name":"wp","href":"https:\/\/api.w.org\/{rel}","templated":true}]}}