{"id":74,"date":"2020-06-02T00:00:00","date_gmt":"2020-06-02T03:00:00","guid":{"rendered":"https:\/\/www3.unicentro.br\/irati\/noticias\/"},"modified":"2020-06-22T16:39:53","modified_gmt":"2020-06-22T19:39:53","slug":"noticias","status":"publish","type":"page","link":"https:\/\/www3.unicentro.br\/irati\/noticias\/","title":{"rendered":"Not\u00edcias"},"content":{"rendered":"<div class=\"wpb-content-wrapper\"><p>[vc_row][vc_column]<script>if(typeof(ultimate_layouts_ajax_url)==\"undefined\"){var ultimate_layouts_ajax_url=[]};ultimate_layouts_ajax_url[\"ul25604\"]=\"https:\/\/www3.unicentro.br\/irati\/wp-admin\/admin-ajax.php\";if(typeof(ultimate_layouts_query_params)==\"undefined\"){var ultimate_layouts_query_params=[]};ultimate_layouts_query_params[\"ul25604\"]={\"post_types\":\"post\",\"i_attachment\":\"\",\"taxonomies\":\"category\",\"multi_post_types\":\"\",\"multi_taxonomies\":\"\",\"query_types\":\"0\",\"i_taxonomies\":\"2\",\"e_taxonomies\":\"\",\"i_ids\":\"\",\"cq_operator\":\"0\",\"e_ids\":\"\",\"query_author\":\"\",\"query_offset\":\"\",\"query_include_children\":\"1\",\"today_post\":\"0\",\"datetime_meta\":\"\",\"woo_query\":\"0\",\"post_count\":\"-1\",\"posts_per_page\":\"10\",\"d_i_filter\":\"\"};if(typeof(ultimate_layouts_filter)==\"undefined\"){var ultimate_layouts_filter=[]};ultimate_layouts_filter[\"ul25604\"]=\"\";if(typeof(ultimate_layouts_order)==\"undefined\"){var ultimate_layouts_order=[]};ultimate_layouts_order[\"ul25604\"]=\"DESC\";if(typeof(ultimate_layouts_orderby)==\"undefined\"){var ultimate_layouts_orderby=[]};ultimate_layouts_orderby[\"ul25604\"]=\"date\";if(typeof(ultimate_layouts_sub_opt_query)==\"undefined\"){var ultimate_layouts_sub_opt_query=[]};ultimate_layouts_sub_opt_query[\"ul25604\"]={\"meta_key_query\":\"\",\"paged\":1,\"first_query\":\"on\",\"total_pages\":105,\"items_last_page\":0};if(typeof(ultimate_layouts_options)==\"undefined\"){var ultimate_layouts_options=[]};ultimate_layouts_options[\"ul25604\"]={\"layout_style\":\"4\",\"button_gallery_name\":\"Gallery\",\"grid_style\":\"0\",\"list_style\":\"0\",\"carousel_t_style\":\"0\",\"carousel_f_style\":\"0\",\"creative_style\":\"0\",\"timeline_style\":\"0\",\"block_content_style\":\"0\",\"sync_slider_style\":\"0\",\"grid_masonry\":\"0\",\"show_arrows\":\"1\",\"arrows_outside\":\"0\",\"show_dots\":\"1\",\"infinite\":\"1\",\"autoplay\":\"1\",\"autoplayspeed\":5000,\"scrollperpage\":\"1\",\"speed\":500,\"centermode\":\"0\",\"sync_slider_height_d\":\"\",\"sync_slider_height_t\":\"\",\"sync_slider_height_m\":\"\",\"sync_slider_width_d\":\"\",\"sync_slider_width_t\":\"\",\"sync_slider_width_m\":\"\",\"show_elements\":\"0\",\"av_content\":\"0\",\"cc_mobile\":\"0\",\"cc_portrait_tablet\":\"0\",\"cc_landscape_tablet\":\"0\",\"cc_small_desktop\":\"0\",\"cc_medium_desktop\":\"0\",\"cc_large_desktop\":\"0\",\"cc_extra_large_desktop\":\"0\",\"image_size\":\"thumbnail\",\"image_size_s\":\"thumbnail\",\"s_image\":\"1\",\"s_image_link\":\"1\",\"s_image_link_target\":\"0\",\"s_icon_lightbox_video\":\"0\",\"video_url_meta\":\"0\",\"video_url_meta_key\":\"\",\"s_icon_lightbox_image\":\"1\",\"s_icon_link\":\"1\",\"s_icon_link_target\":\"0\",\"s_image_hover_effect\":\"1\",\"s_overlay_hover_effect\":\"\",\"s_overlay_settings\":\"0\",\"s_overlay_color\":\"\",\"s_image_post_format\":\"0\",\"s_image_post_format_pos\":\"ul-bottom-right\",\"s_image_avatar\":\"0\",\"s_title\":\"1\",\"s_title_limit\":\"0\",\"s_title_link\":\"1\",\"s_title_link_target\":\"0\",\"s_excerpt\":\"1\",\"s_excerpt_rbtn\":\"0\",\"s_excerpt_f\":\"get_the_excerpt\",\"s_excerpt_sc\":\"1\",\"s_excerpt_sh\":\"1\",\"s_excerpt_length\":0,\"s_categories\":\"1\",\"s_s_categories\":\"0\",\"s_s_categories_parent\":\"0\",\"ex_items_taxonomies\":\"\",\"s_c_categories\":\"0\",\"s_ct_categories\":\"\",\"s_cb_categories\":\"\",\"s_categories_target\":\"0\",\"s_metas_o\":\"1\",\"s_metas_o_author\":\"0\",\"s_metas_o_author_avatar\":\"0\",\"s_metas_o_time\":\"1\",\"time_format\":\"F j, Y\",\"s_metas_o_comment\":\"0\",\"s_metas_o_like\":\"0\",\"s_metas_o_share\":\"0\",\"custom_meta_o\":\"\",\"s_metas_t\":\"1\",\"s_metas_t_author\":\"0\",\"s_metas_t_author_avatar\":\"0\",\"s_metas_t_time\":\"0\",\"time_format_t\":\"F j, Y\",\"s_metas_t_comment\":\"0\",\"s_metas_t_like\":\"1\",\"s_metas_t_share\":\"1\",\"custom_meta_t\":\"\",\"s_metas_t_readmore\":\"1\",\"s_metas_t_readmore_link_target\":\"0\",\"share_text\":\"Compartilhar\",\"read_more_text\":\"Ler mais\",\"before_author_text\":\"\",\"pagination\":\"0\",\"loadmore_text\":\"Carregar mais not\\u00edcias\",\"prev_text\":\"\",\"next_text\":\"\",\"animate\":\"default\",\"lazyload\":\"0\",\"lazyload_p\":\"\",\"geodirectory_rating\":\"0\",\"quick_view\":\"1\",\"quick_view_mode\":\"0\",\"extra_class\":\"\",\"rnd_id\":\"ul25604\",\"s_title_small\":\"1\",\"s_title_limit_small\":\"0\",\"s_title_link_small\":\"1\",\"s_title_link_target_small\":\"0\",\"s_categories_small\":\"1\",\"s_s_categories_small\":\"0\",\"s_s_categories_parent_small\":\"0\",\"ex_items_taxonomies_small\":\"\",\"s_c_categories_small\":\"0\",\"s_ct_categories_small\":\"\",\"s_cb_categories_small\":\"\",\"s_categories_target_small\":\"0\",\"s_metas_o_small\":\"1\",\"s_metas_o_author_small\":\"1\",\"s_metas_o_author_avatar_small\":\"0\",\"s_metas_o_time_small\":\"1\",\"time_format_small\":\"F j, Y\",\"s_metas_o_comment_small\":\"1\",\"s_metas_o_like_small\":\"0\",\"s_metas_o_share_small\":\"0\",\"custom_meta_o_small\":\"\",\"woo_show_price\":\"0\",\"woo_show_rating\":\"0\",\"woo_show_cart\":\"0\",\"qv_s_title\":\"1\",\"qv_s_categories\":\"1\",\"qv_s_s_categories\":\"0\",\"qv_s_s_categories_parent\":\"0\",\"qv_ex_items_taxonomies\":\"\",\"qv_s_c_categories\":\"0\",\"qv_s_ct_categories\":\"\",\"qv_s_cb_categories\":\"\",\"qv_s_categories_target\":\"0\",\"qv_s_metas_o\":\"1\",\"qv_s_metas_o_author\":\"1\",\"qv_s_metas_o_author_avatar\":\"0\",\"qv_s_metas_o_time\":\"1\",\"qv_time_format\":\"F j, Y\",\"qv_s_metas_o_comment\":\"1\",\"qv_s_metas_o_like\":\"1\",\"qv_custom_meta_o\":\"\",\"qv_show_content\":\"1\",\"qv_content_stripsc\":\"0\",\"qv_show_share\":\"1\",\"qv_woo_show_rating\":\"1\",\"qv_s_featured_image\":\"1\",\"goo_ads_client\":\"\",\"goo_ads_id\":\"\",\"goo_ads_offset\":\"1\",\"css_class\":\"\"};<\/script><div id=\"ul25604\" class=\"ultimate-layouts-container ul-filter-gridlist-normal ultimate-layouts-wrapper-control  \"><div class=\"\r\n\t\t\t\t\t\t\t\t\t\t\t\tultimate-layouts-listing-wrap \r\n\t\t\t\t\t\t\t\t\t\t\t\tultimate-layouts-listing-list-1\r\n\t\t\t\t\t\t\t\t\t\t\t\t ultimate-layouts-effect-1\r\n\t\t\t\t\t\t\t\t\t\t\t\tultimate-layouts-effect-icon\r\n\t\t\t\t\t\t\t\t\t\t\t\"><!--post item--> \r\n<article class=\"ultimate-layouts-item hentry\">\r\n    <!--entry content-->\r\n    <div class=\"ultimate-layouts-entry-wrapper entry-content\">    \r\n        <!--picture-->\r\n                    <div class=\"ultimate-layouts-picture\">              \r\n                <div class=\"ultimate-layouts-picture-wrap ultimate-layouts-get-pic\">\r\n                    <a  data-post-id=\"11863\" href=\"https:\/\/www3.unicentro.br\/irati\/2026\/04\/24\/unicentro-promove-dia-d-de-incentivo-a-destinacao-do-imposto-de-renda-a-fundos-sociais\/\" title=\"Unicentro promove \u201cDia D\u201d de incentivo \u00e0 destina\u00e7\u00e3o do Imposto de Renda a fundos sociais\"   class=\"ultimate-layouts-picture-link\"><\/a>                \r\n                                        <div class=\"ultimate-layouts-control-pop \"><span data-type=\"image\" \r\n\t\t\t\t\t\t\t\t\t\tdata-source=\"\" \r\n\t\t\t\t\t\t\t\t\t\tdata-caption=\"Unicentro promove \u201cDia D\u201d de incentivo \u00e0 destina\u00e7\u00e3o do Imposto de Renda a fundos sociais\" \r\n\t\t\t\t\t\t\t\t\t\tclass=\"ultimate-layouts-icon-lightbox ultimate-layouts-control-lightbox-oc\"\r\n\t\t\t\t\t\t\t\t\t  ><span><span><\/span><span><\/span><\/span><\/span><a data-open-post=\"ultimate-layouts-quick-view\" data-post-id=\"11863\" href=\"javascript:;\" title=\"Unicentro promove \u201cDia D\u201d de incentivo \u00e0 destina\u00e7\u00e3o do Imposto de Renda a fundos sociais\"  class=\"ultimate-layouts-icon-link\"><i class=\"fa fa-link\"><\/i><i class=\"fa fa-chain-broken\"><\/i><\/a><\/div>                <\/div>            \r\n                <div class=\"ultimate-layouts-categories absolute-item \"><a href=\"https:\/\/www3.unicentro.br\/irati\/category\/noticias\/\" title=\"Not\u00edcias\"   class=\"ul-taxonomy category noticias\">Not\u00edcias<\/a><\/div>                            \r\n            <\/div>\r\n            \r\n        <!--picture-->        \r\n        <!--content-->\r\n        <div class=\"ultimate-layouts-content entry\">            \r\n                        \r\n            <h3 class=\"ultimate-layouts-title font-size-24 entry-title  \"><a  data-post-id=\"11863\" href=\"https:\/\/www3.unicentro.br\/irati\/2026\/04\/24\/unicentro-promove-dia-d-de-incentivo-a-destinacao-do-imposto-de-renda-a-fundos-sociais\/\" title=\"Unicentro promove \u201cDia D\u201d de incentivo \u00e0 destina\u00e7\u00e3o do Imposto de Renda a fundos sociais\"   class=\"ultimate-layouts-title-link\">Unicentro promove \u201cDia D\u201d de incentivo \u00e0 destina\u00e7\u00e3o do Imposto de Renda a fundos sociais<\/a><\/h3>            \r\n            <div class=\"ultimate-layouts-metas posted-on \"><div class=\"ultimate-layouts-metas-wrap\"><div data-class=\"ul-time-metas\"><i class=\"fa fa-calendar-check-o\" aria-hidden=\"true\"><\/i> <span>abril 24, 2026<\/span><\/div><\/div><\/div>   \r\n                      \r\n            <div class=\"ultimate-layouts-excerpt \">A\u00e7\u00e3o do Departamento de Ci\u00eancias Cont\u00e1beis acontece neste s\u00e1bado (25) em Irati e Prudent\u00f3polis.<\/div>                                                    \r\n            <div class=\"ultimate-layouts-metas-st2 posted-on \"><div class=\"ultimate-layouts-metas-wrap\"><div class=\"flt-left\" data-action=\"share\"><a href=\"javascript:;\" title=\"Compartilhar\" class=\"ultimate-layouts-social-share-btn\"><i class=\"fa fa-share-alt\" aria-hidden=\"true\"><\/i> <span>Compartilhar<\/span><\/a><div class=\"ultimate-layouts-social-share\"><div class=\"ultimate-layouts-share-item ul-facebook\"><a title=\"Share on Facebook\" href=\"javascript:;\" target=\"_blank\" rel=\"nofollow\" onclick=\"window.open('https:\/\/www.facebook.com\/sharer\/sharer.php?u=https%3A%2F%2Fwww3.unicentro.br%2Firati%2F2026%2F04%2F24%2Funicentro-promove-dia-d-de-incentivo-a-destinacao-do-imposto-de-renda-a-fundos-sociais%2F','facebook-share-dialog','width=600,height=400');return false;\"><i class=\"fa fa-facebook\"><\/i><\/a><\/div><div class=\"ultimate-layouts-share-item ul-twitter\"><a title=\"Share on Twitter\" href=\"javascript:;\" target=\"_blank\" rel=\"nofollow\" onclick=\"window.open('http:\/\/twitter.com\/share?text=Unicentro+promove+%E2%80%9CDia+D%E2%80%9D+de+incentivo+%C3%A0+destina%C3%A7%C3%A3o+do+Imposto+de+Renda+a+fundos+sociais&amp;url=https%3A%2F%2Fwww3.unicentro.br%2Firati%2F2026%2F04%2F24%2Funicentro-promove-dia-d-de-incentivo-a-destinacao-do-imposto-de-renda-a-fundos-sociais%2F','twitter-share-dialog','width=600,height=400');return false;\"><i class=\"fa fa-twitter\"><\/i><\/a><\/div><div class=\"ultimate-layouts-share-item ul-google\"><a title=\"Share on Google Plus\" href=\"javascript:;\" target=\"_blank\" rel=\"nofollow\" onclick=\"window.open('https:\/\/plus.google.com\/share?url=https%3A%2F%2Fwww3.unicentro.br%2Firati%2F2026%2F04%2F24%2Funicentro-promove-dia-d-de-incentivo-a-destinacao-do-imposto-de-renda-a-fundos-sociais%2F','googleplus-share-dialog','width=600,height=400');return false;\"><i class=\"fa fa-google-plus\"><\/i><\/a><\/div><div class=\"ultimate-layouts-share-item ul-linkedin\"><a title=\"Share on LinkedIn\" href=\"javascript:;\" target=\"_blank\" rel=\"nofollow\" onclick=\"window.open('http:\/\/www.linkedin.com\/shareArticle?mini=true&amp;url=https%3A%2F%2Fwww3.unicentro.br%2Firati%2F2026%2F04%2F24%2Funicentro-promove-dia-d-de-incentivo-a-destinacao-do-imposto-de-renda-a-fundos-sociais%2F&amp;title=Unicentro+promove+%E2%80%9CDia+D%E2%80%9D+de+incentivo+%C3%A0+destina%C3%A7%C3%A3o+do+Imposto+de+Renda+a+fundos+sociais&amp;source=Campus+de+Irati','linkedin-share-dialog','width=600,height=400');return false;\"><i class=\"fa fa-linkedin\"><\/i><\/a><\/div><div class=\"ultimate-layouts-share-item ul-tumblr\"><a title=\"Share on Tumblr\" href=\"javascript:;\" target=\"_blank\" rel=\"nofollow\" onclick=\"window.open('http:\/\/www.tumblr.com\/share\/link?url=https%3A%2F%2Fwww3.unicentro.br%2Firati%2F2026%2F04%2F24%2Funicentro-promove-dia-d-de-incentivo-a-destinacao-do-imposto-de-renda-a-fundos-sociais%2F&amp;name=Unicentro+promove+%E2%80%9CDia+D%E2%80%9D+de+incentivo+%C3%A0+destina%C3%A7%C3%A3o+do+Imposto+de+Renda+a+fundos+sociais','tumblr-share-dialog','width=600,height=400');return false;\"><i class=\"fa fa-tumblr\"><\/i><\/a><\/div><div class=\"ultimate-layouts-share-item ul-pinterest\"><a title=\"Pin this\" href=\"javascript:;\" target=\"_blank\" rel=\"nofollow\" onclick=\"window.open('\/\/pinterest.com\/pin\/create\/button\/?url=https%3A%2F%2Fwww3.unicentro.br%2Firati%2F2026%2F04%2F24%2Funicentro-promove-dia-d-de-incentivo-a-destinacao-do-imposto-de-renda-a-fundos-sociais%2F&amp;media=&amp;description=Unicentro+promove+%E2%80%9CDia+D%E2%80%9D+de+incentivo+%C3%A0+destina%C3%A7%C3%A3o+do+Imposto+de+Renda+a+fundos+sociais','pin-share-dialog','width=600,height=400');return false;\"><i class=\"fa fa-pinterest\"><\/i><\/a><\/div><div class=\"ultimate-layouts-share-item ul-vk\"><a title=\"Share on VK\" href=\"javascript:;\" target=\"_blank\" rel=\"nofollow\" onclick=\"window.open('\/\/vkontakte.ru\/share.php?url=https%3A%2F%2Fwww3.unicentro.br%2Firati%2F2026%2F04%2F24%2Funicentro-promove-dia-d-de-incentivo-a-destinacao-do-imposto-de-renda-a-fundos-sociais%2F','vk-share-dialog','width=600,height=400');return false;\"><i class=\"fa fa-vk\"><\/i><\/a><\/div><div class=\"ultimate-layouts-share-item ul-email\"><a title=\"Email this\" href=\"mailto:?subject=Unicentro+promove+%E2%80%9CDia+D%E2%80%9D+de+incentivo+%C3%A0+destina%C3%A7%C3%A3o+do+Imposto+de+Renda+a+fundos+sociais&amp;body=https%3A%2F%2Fwww3.unicentro.br%2Firati%2F2026%2F04%2F24%2Funicentro-promove-dia-d-de-incentivo-a-destinacao-do-imposto-de-renda-a-fundos-sociais%2F\"><i class=\"fa fa-envelope\"><\/i><\/a><\/div><\/div><\/div><div class=\"flt-right\">\r\n\t\t\t\t\t\t\t\t\t\t<a  data-post-id=\"11863\" href=\"https:\/\/www3.unicentro.br\/irati\/2026\/04\/24\/unicentro-promove-dia-d-de-incentivo-a-destinacao-do-imposto-de-renda-a-fundos-sociais\/\" title=\"Unicentro promove \u201cDia D\u201d de incentivo \u00e0 destina\u00e7\u00e3o do Imposto de Renda a fundos sociais\"   class=\"ultimate-layouts-readmore-link\">\r\n\t\t\t\t\t\t\t\t\t\t\t<span>Ler mais<\/span>\r\n\t\t\t\t\t\t\t\t\t\t\t<i class=\"fa fa-angle-double-right ul-readmore-icon\" aria-hidden=\"true\"><\/i>\r\n\t\t\t\t\t\t\t\t\t\t<\/a>\r\n\t\t\t\t\t\t\t\t\t  <\/div><\/div><\/div>            \r\n        <\/div><!--content-->                \r\n    <\/div><!--entry content-->            \r\n<\/article><!--post item--><!--post item--> \r\n<article class=\"ultimate-layouts-item hentry\">\r\n    <!--entry content-->\r\n    <div class=\"ultimate-layouts-entry-wrapper entry-content\">    \r\n        <!--picture-->\r\n                    <div class=\"ultimate-layouts-picture\">              \r\n                <div class=\"ultimate-layouts-picture-wrap ultimate-layouts-get-pic\">\r\n                    <a  data-post-id=\"11795\" href=\"https:\/\/www3.unicentro.br\/irati\/2026\/04\/23\/mostra-do-pet-saude-equidade-do-campus-de-irati-destaca-acoes-desenvolvidas-em-nove-municipios\/\" title=\"Mostra do PET-Sa\u00fade Equidade do C\u00e2mpus de Irati destaca a\u00e7\u00f5es desenvolvidas em nove munic\u00edpios\"   class=\"ultimate-layouts-picture-link\"><\/a>                \r\n                                        <div class=\"ultimate-layouts-control-pop \"><span data-type=\"image\" \r\n\t\t\t\t\t\t\t\t\t\tdata-source=\"\" \r\n\t\t\t\t\t\t\t\t\t\tdata-caption=\"Mostra do PET-Sa\u00fade Equidade do C\u00e2mpus de Irati destaca a\u00e7\u00f5es desenvolvidas em nove munic\u00edpios\" \r\n\t\t\t\t\t\t\t\t\t\tclass=\"ultimate-layouts-icon-lightbox ultimate-layouts-control-lightbox-oc\"\r\n\t\t\t\t\t\t\t\t\t  ><span><span><\/span><span><\/span><\/span><\/span><a data-open-post=\"ultimate-layouts-quick-view\" data-post-id=\"11795\" href=\"javascript:;\" title=\"Mostra do PET-Sa\u00fade Equidade do C\u00e2mpus de Irati destaca a\u00e7\u00f5es desenvolvidas em nove munic\u00edpios\"  class=\"ultimate-layouts-icon-link\"><i class=\"fa fa-link\"><\/i><i class=\"fa fa-chain-broken\"><\/i><\/a><\/div>                <\/div>            \r\n                <div class=\"ultimate-layouts-categories absolute-item \"><a href=\"https:\/\/www3.unicentro.br\/irati\/category\/noticias\/\" title=\"Not\u00edcias\"   class=\"ul-taxonomy category noticias\">Not\u00edcias<\/a><\/div>                            \r\n            <\/div>\r\n            \r\n        <!--picture-->        \r\n        <!--content-->\r\n        <div class=\"ultimate-layouts-content entry\">            \r\n                        \r\n            <h3 class=\"ultimate-layouts-title font-size-24 entry-title  \"><a  data-post-id=\"11795\" href=\"https:\/\/www3.unicentro.br\/irati\/2026\/04\/23\/mostra-do-pet-saude-equidade-do-campus-de-irati-destaca-acoes-desenvolvidas-em-nove-municipios\/\" title=\"Mostra do PET-Sa\u00fade Equidade do C\u00e2mpus de Irati destaca a\u00e7\u00f5es desenvolvidas em nove munic\u00edpios\"   class=\"ultimate-layouts-title-link\">Mostra do PET-Sa\u00fade Equidade do C\u00e2mpus de Irati destaca a\u00e7\u00f5es desenvolvidas em nove munic\u00edpios<\/a><\/h3>            \r\n            <div class=\"ultimate-layouts-metas posted-on \"><div class=\"ultimate-layouts-metas-wrap\"><div data-class=\"ul-time-metas\"><i class=\"fa fa-calendar-check-o\" aria-hidden=\"true\"><\/i> <span>abril 23, 2026<\/span><\/div><\/div><\/div>   \r\n                      \r\n            <div class=\"ultimate-layouts-excerpt \">Por dois anos, projeto levou debates sobre g\u00eanero, ra\u00e7a, classe, sexualidade e defici\u00eancia a trabalhadores e trabalhadoras da 4\u00aa Regional de Sa\u00fade do Paran\u00e1.<\/div>                                                    \r\n            <div class=\"ultimate-layouts-metas-st2 posted-on \"><div class=\"ultimate-layouts-metas-wrap\"><div class=\"flt-left\" data-action=\"share\"><a href=\"javascript:;\" title=\"Compartilhar\" class=\"ultimate-layouts-social-share-btn\"><i class=\"fa fa-share-alt\" aria-hidden=\"true\"><\/i> <span>Compartilhar<\/span><\/a><div class=\"ultimate-layouts-social-share\"><div class=\"ultimate-layouts-share-item ul-facebook\"><a title=\"Share on Facebook\" href=\"javascript:;\" target=\"_blank\" rel=\"nofollow\" onclick=\"window.open('https:\/\/www.facebook.com\/sharer\/sharer.php?u=https%3A%2F%2Fwww3.unicentro.br%2Firati%2F2026%2F04%2F23%2Fmostra-do-pet-saude-equidade-do-campus-de-irati-destaca-acoes-desenvolvidas-em-nove-municipios%2F','facebook-share-dialog','width=600,height=400');return false;\"><i class=\"fa fa-facebook\"><\/i><\/a><\/div><div class=\"ultimate-layouts-share-item ul-twitter\"><a title=\"Share on Twitter\" href=\"javascript:;\" target=\"_blank\" rel=\"nofollow\" onclick=\"window.open('http:\/\/twitter.com\/share?text=Mostra+do+PET-Sa%C3%BAde+Equidade+do+C%C3%A2mpus+de+Irati+destaca+a%C3%A7%C3%B5es+desenvolvidas+em+nove+munic%C3%ADpios&amp;url=https%3A%2F%2Fwww3.unicentro.br%2Firati%2F2026%2F04%2F23%2Fmostra-do-pet-saude-equidade-do-campus-de-irati-destaca-acoes-desenvolvidas-em-nove-municipios%2F','twitter-share-dialog','width=600,height=400');return false;\"><i class=\"fa fa-twitter\"><\/i><\/a><\/div><div class=\"ultimate-layouts-share-item ul-google\"><a title=\"Share on Google Plus\" href=\"javascript:;\" target=\"_blank\" rel=\"nofollow\" onclick=\"window.open('https:\/\/plus.google.com\/share?url=https%3A%2F%2Fwww3.unicentro.br%2Firati%2F2026%2F04%2F23%2Fmostra-do-pet-saude-equidade-do-campus-de-irati-destaca-acoes-desenvolvidas-em-nove-municipios%2F','googleplus-share-dialog','width=600,height=400');return false;\"><i class=\"fa fa-google-plus\"><\/i><\/a><\/div><div class=\"ultimate-layouts-share-item ul-linkedin\"><a title=\"Share on LinkedIn\" href=\"javascript:;\" target=\"_blank\" rel=\"nofollow\" onclick=\"window.open('http:\/\/www.linkedin.com\/shareArticle?mini=true&amp;url=https%3A%2F%2Fwww3.unicentro.br%2Firati%2F2026%2F04%2F23%2Fmostra-do-pet-saude-equidade-do-campus-de-irati-destaca-acoes-desenvolvidas-em-nove-municipios%2F&amp;title=Mostra+do+PET-Sa%C3%BAde+Equidade+do+C%C3%A2mpus+de+Irati+destaca+a%C3%A7%C3%B5es+desenvolvidas+em+nove+munic%C3%ADpios&amp;source=Campus+de+Irati','linkedin-share-dialog','width=600,height=400');return false;\"><i class=\"fa fa-linkedin\"><\/i><\/a><\/div><div class=\"ultimate-layouts-share-item ul-tumblr\"><a title=\"Share on Tumblr\" href=\"javascript:;\" target=\"_blank\" rel=\"nofollow\" onclick=\"window.open('http:\/\/www.tumblr.com\/share\/link?url=https%3A%2F%2Fwww3.unicentro.br%2Firati%2F2026%2F04%2F23%2Fmostra-do-pet-saude-equidade-do-campus-de-irati-destaca-acoes-desenvolvidas-em-nove-municipios%2F&amp;name=Mostra+do+PET-Sa%C3%BAde+Equidade+do+C%C3%A2mpus+de+Irati+destaca+a%C3%A7%C3%B5es+desenvolvidas+em+nove+munic%C3%ADpios','tumblr-share-dialog','width=600,height=400');return false;\"><i class=\"fa fa-tumblr\"><\/i><\/a><\/div><div class=\"ultimate-layouts-share-item ul-pinterest\"><a title=\"Pin this\" href=\"javascript:;\" target=\"_blank\" rel=\"nofollow\" onclick=\"window.open('\/\/pinterest.com\/pin\/create\/button\/?url=https%3A%2F%2Fwww3.unicentro.br%2Firati%2F2026%2F04%2F23%2Fmostra-do-pet-saude-equidade-do-campus-de-irati-destaca-acoes-desenvolvidas-em-nove-municipios%2F&amp;media=&amp;description=Mostra+do+PET-Sa%C3%BAde+Equidade+do+C%C3%A2mpus+de+Irati+destaca+a%C3%A7%C3%B5es+desenvolvidas+em+nove+munic%C3%ADpios','pin-share-dialog','width=600,height=400');return false;\"><i class=\"fa fa-pinterest\"><\/i><\/a><\/div><div class=\"ultimate-layouts-share-item ul-vk\"><a title=\"Share on VK\" href=\"javascript:;\" target=\"_blank\" rel=\"nofollow\" onclick=\"window.open('\/\/vkontakte.ru\/share.php?url=https%3A%2F%2Fwww3.unicentro.br%2Firati%2F2026%2F04%2F23%2Fmostra-do-pet-saude-equidade-do-campus-de-irati-destaca-acoes-desenvolvidas-em-nove-municipios%2F','vk-share-dialog','width=600,height=400');return false;\"><i class=\"fa fa-vk\"><\/i><\/a><\/div><div class=\"ultimate-layouts-share-item ul-email\"><a title=\"Email this\" href=\"mailto:?subject=Mostra+do+PET-Sa%C3%BAde+Equidade+do+C%C3%A2mpus+de+Irati+destaca+a%C3%A7%C3%B5es+desenvolvidas+em+nove+munic%C3%ADpios&amp;body=https%3A%2F%2Fwww3.unicentro.br%2Firati%2F2026%2F04%2F23%2Fmostra-do-pet-saude-equidade-do-campus-de-irati-destaca-acoes-desenvolvidas-em-nove-municipios%2F\"><i class=\"fa fa-envelope\"><\/i><\/a><\/div><\/div><\/div><div class=\"flt-right\">\r\n\t\t\t\t\t\t\t\t\t\t<a  data-post-id=\"11795\" href=\"https:\/\/www3.unicentro.br\/irati\/2026\/04\/23\/mostra-do-pet-saude-equidade-do-campus-de-irati-destaca-acoes-desenvolvidas-em-nove-municipios\/\" title=\"Mostra do PET-Sa\u00fade Equidade do C\u00e2mpus de Irati destaca a\u00e7\u00f5es desenvolvidas em nove munic\u00edpios\"   class=\"ultimate-layouts-readmore-link\">\r\n\t\t\t\t\t\t\t\t\t\t\t<span>Ler mais<\/span>\r\n\t\t\t\t\t\t\t\t\t\t\t<i class=\"fa fa-angle-double-right ul-readmore-icon\" aria-hidden=\"true\"><\/i>\r\n\t\t\t\t\t\t\t\t\t\t<\/a>\r\n\t\t\t\t\t\t\t\t\t  <\/div><\/div><\/div>            \r\n        <\/div><!--content-->                \r\n    <\/div><!--entry content-->            \r\n<\/article><!--post item--><!--post item--> \r\n<article class=\"ultimate-layouts-item hentry\">\r\n    <!--entry content-->\r\n    <div class=\"ultimate-layouts-entry-wrapper entry-content\">    \r\n        <!--picture-->\r\n                    <div class=\"ultimate-layouts-picture\">              \r\n                <div class=\"ultimate-layouts-picture-wrap ultimate-layouts-get-pic\">\r\n                    <a  data-post-id=\"11808\" href=\"https:\/\/www3.unicentro.br\/irati\/2026\/04\/23\/aula-inaugural-em-prudentopolis-explora-horizontes-do-mercado-de-alta-performance\/\" title=\"Aula inaugural em Prudent\u00f3polis explora horizontes do mercado de alta performance\"   class=\"ultimate-layouts-picture-link\"><\/a>                \r\n                                        <div class=\"ultimate-layouts-control-pop \"><span data-type=\"image\" \r\n\t\t\t\t\t\t\t\t\t\tdata-source=\"\" \r\n\t\t\t\t\t\t\t\t\t\tdata-caption=\"Aula inaugural em Prudent\u00f3polis explora horizontes do mercado de alta performance\" \r\n\t\t\t\t\t\t\t\t\t\tclass=\"ultimate-layouts-icon-lightbox ultimate-layouts-control-lightbox-oc\"\r\n\t\t\t\t\t\t\t\t\t  ><span><span><\/span><span><\/span><\/span><\/span><a data-open-post=\"ultimate-layouts-quick-view\" data-post-id=\"11808\" href=\"javascript:;\" title=\"Aula inaugural em Prudent\u00f3polis explora horizontes do mercado de alta performance\"  class=\"ultimate-layouts-icon-link\"><i class=\"fa fa-link\"><\/i><i class=\"fa fa-chain-broken\"><\/i><\/a><\/div>                <\/div>            \r\n                <div class=\"ultimate-layouts-categories absolute-item \"><a href=\"https:\/\/www3.unicentro.br\/irati\/category\/noticias\/\" title=\"Not\u00edcias\"   class=\"ul-taxonomy category noticias\">Not\u00edcias<\/a><\/div>                            \r\n            <\/div>\r\n            \r\n        <!--picture-->        \r\n        <!--content-->\r\n        <div class=\"ultimate-layouts-content entry\">            \r\n                        \r\n            <h3 class=\"ultimate-layouts-title font-size-24 entry-title  \"><a  data-post-id=\"11808\" href=\"https:\/\/www3.unicentro.br\/irati\/2026\/04\/23\/aula-inaugural-em-prudentopolis-explora-horizontes-do-mercado-de-alta-performance\/\" title=\"Aula inaugural em Prudent\u00f3polis explora horizontes do mercado de alta performance\"   class=\"ultimate-layouts-title-link\">Aula inaugural em Prudent\u00f3polis explora horizontes do mercado de alta performance<\/a><\/h3>            \r\n            <div class=\"ultimate-layouts-metas posted-on \"><div class=\"ultimate-layouts-metas-wrap\"><div data-class=\"ul-time-metas\"><i class=\"fa fa-calendar-check-o\" aria-hidden=\"true\"><\/i> <span>abril 23, 2026<\/span><\/div><\/div><\/div>   \r\n                      \r\n            <div class=\"ultimate-layouts-excerpt \">Evento integrou acad\u00eamicos e professores dos cursos de Administra\u00e7\u00e3o e Ci\u00eancias Cont\u00e1beis do c\u00e2mpus avan\u00e7ado da Unicentro.<\/div>                                                    \r\n            <div class=\"ultimate-layouts-metas-st2 posted-on \"><div class=\"ultimate-layouts-metas-wrap\"><div class=\"flt-left\" data-action=\"share\"><a href=\"javascript:;\" title=\"Compartilhar\" class=\"ultimate-layouts-social-share-btn\"><i class=\"fa fa-share-alt\" aria-hidden=\"true\"><\/i> <span>Compartilhar<\/span><\/a><div class=\"ultimate-layouts-social-share\"><div class=\"ultimate-layouts-share-item ul-facebook\"><a title=\"Share on Facebook\" href=\"javascript:;\" target=\"_blank\" rel=\"nofollow\" onclick=\"window.open('https:\/\/www.facebook.com\/sharer\/sharer.php?u=https%3A%2F%2Fwww3.unicentro.br%2Firati%2F2026%2F04%2F23%2Faula-inaugural-em-prudentopolis-explora-horizontes-do-mercado-de-alta-performance%2F','facebook-share-dialog','width=600,height=400');return false;\"><i class=\"fa fa-facebook\"><\/i><\/a><\/div><div class=\"ultimate-layouts-share-item ul-twitter\"><a title=\"Share on Twitter\" href=\"javascript:;\" target=\"_blank\" rel=\"nofollow\" onclick=\"window.open('http:\/\/twitter.com\/share?text=Aula+inaugural+em+Prudent%C3%B3polis+explora+horizontes+do+mercado+de+alta+performance&amp;url=https%3A%2F%2Fwww3.unicentro.br%2Firati%2F2026%2F04%2F23%2Faula-inaugural-em-prudentopolis-explora-horizontes-do-mercado-de-alta-performance%2F','twitter-share-dialog','width=600,height=400');return false;\"><i class=\"fa fa-twitter\"><\/i><\/a><\/div><div class=\"ultimate-layouts-share-item ul-google\"><a title=\"Share on Google Plus\" href=\"javascript:;\" target=\"_blank\" rel=\"nofollow\" onclick=\"window.open('https:\/\/plus.google.com\/share?url=https%3A%2F%2Fwww3.unicentro.br%2Firati%2F2026%2F04%2F23%2Faula-inaugural-em-prudentopolis-explora-horizontes-do-mercado-de-alta-performance%2F','googleplus-share-dialog','width=600,height=400');return false;\"><i class=\"fa fa-google-plus\"><\/i><\/a><\/div><div class=\"ultimate-layouts-share-item ul-linkedin\"><a title=\"Share on LinkedIn\" href=\"javascript:;\" target=\"_blank\" rel=\"nofollow\" onclick=\"window.open('http:\/\/www.linkedin.com\/shareArticle?mini=true&amp;url=https%3A%2F%2Fwww3.unicentro.br%2Firati%2F2026%2F04%2F23%2Faula-inaugural-em-prudentopolis-explora-horizontes-do-mercado-de-alta-performance%2F&amp;title=Aula+inaugural+em+Prudent%C3%B3polis+explora+horizontes+do+mercado+de+alta+performance&amp;source=Campus+de+Irati','linkedin-share-dialog','width=600,height=400');return false;\"><i class=\"fa fa-linkedin\"><\/i><\/a><\/div><div class=\"ultimate-layouts-share-item ul-tumblr\"><a title=\"Share on Tumblr\" href=\"javascript:;\" target=\"_blank\" rel=\"nofollow\" onclick=\"window.open('http:\/\/www.tumblr.com\/share\/link?url=https%3A%2F%2Fwww3.unicentro.br%2Firati%2F2026%2F04%2F23%2Faula-inaugural-em-prudentopolis-explora-horizontes-do-mercado-de-alta-performance%2F&amp;name=Aula+inaugural+em+Prudent%C3%B3polis+explora+horizontes+do+mercado+de+alta+performance','tumblr-share-dialog','width=600,height=400');return false;\"><i class=\"fa fa-tumblr\"><\/i><\/a><\/div><div class=\"ultimate-layouts-share-item ul-pinterest\"><a title=\"Pin this\" href=\"javascript:;\" target=\"_blank\" rel=\"nofollow\" onclick=\"window.open('\/\/pinterest.com\/pin\/create\/button\/?url=https%3A%2F%2Fwww3.unicentro.br%2Firati%2F2026%2F04%2F23%2Faula-inaugural-em-prudentopolis-explora-horizontes-do-mercado-de-alta-performance%2F&amp;media=&amp;description=Aula+inaugural+em+Prudent%C3%B3polis+explora+horizontes+do+mercado+de+alta+performance','pin-share-dialog','width=600,height=400');return false;\"><i class=\"fa fa-pinterest\"><\/i><\/a><\/div><div class=\"ultimate-layouts-share-item ul-vk\"><a title=\"Share on VK\" href=\"javascript:;\" target=\"_blank\" rel=\"nofollow\" onclick=\"window.open('\/\/vkontakte.ru\/share.php?url=https%3A%2F%2Fwww3.unicentro.br%2Firati%2F2026%2F04%2F23%2Faula-inaugural-em-prudentopolis-explora-horizontes-do-mercado-de-alta-performance%2F','vk-share-dialog','width=600,height=400');return false;\"><i class=\"fa fa-vk\"><\/i><\/a><\/div><div class=\"ultimate-layouts-share-item ul-email\"><a title=\"Email this\" href=\"mailto:?subject=Aula+inaugural+em+Prudent%C3%B3polis+explora+horizontes+do+mercado+de+alta+performance&amp;body=https%3A%2F%2Fwww3.unicentro.br%2Firati%2F2026%2F04%2F23%2Faula-inaugural-em-prudentopolis-explora-horizontes-do-mercado-de-alta-performance%2F\"><i class=\"fa fa-envelope\"><\/i><\/a><\/div><\/div><\/div><div class=\"flt-right\">\r\n\t\t\t\t\t\t\t\t\t\t<a  data-post-id=\"11808\" href=\"https:\/\/www3.unicentro.br\/irati\/2026\/04\/23\/aula-inaugural-em-prudentopolis-explora-horizontes-do-mercado-de-alta-performance\/\" title=\"Aula inaugural em Prudent\u00f3polis explora horizontes do mercado de alta performance\"   class=\"ultimate-layouts-readmore-link\">\r\n\t\t\t\t\t\t\t\t\t\t\t<span>Ler mais<\/span>\r\n\t\t\t\t\t\t\t\t\t\t\t<i class=\"fa fa-angle-double-right ul-readmore-icon\" aria-hidden=\"true\"><\/i>\r\n\t\t\t\t\t\t\t\t\t\t<\/a>\r\n\t\t\t\t\t\t\t\t\t  <\/div><\/div><\/div>            \r\n        <\/div><!--content-->                \r\n    <\/div><!--entry content-->            \r\n<\/article><!--post item--><!--post item--> \r\n<article class=\"ultimate-layouts-item hentry\">\r\n    <!--entry content-->\r\n    <div class=\"ultimate-layouts-entry-wrapper entry-content\">    \r\n        <!--picture-->\r\n                    <div class=\"ultimate-layouts-picture\">              \r\n                <div class=\"ultimate-layouts-picture-wrap ultimate-layouts-get-pic\">\r\n                    <a  data-post-id=\"11791\" href=\"https:\/\/www3.unicentro.br\/irati\/2026\/04\/17\/inscricoes-para-curso-de-conversacao-e-literatura-ucraniana-terminam-nesta-segunda-feira-20\/\" title=\"Inscri\u00e7\u00f5es para curso gratuito de conversa\u00e7\u00e3o e literatura ucraniana terminam nesta segunda-feira (20)\"   class=\"ultimate-layouts-picture-link\"><\/a>                \r\n                                        <div class=\"ultimate-layouts-control-pop \"><span data-type=\"image\" \r\n\t\t\t\t\t\t\t\t\t\tdata-source=\"\" \r\n\t\t\t\t\t\t\t\t\t\tdata-caption=\"Inscri\u00e7\u00f5es para curso gratuito de conversa\u00e7\u00e3o e literatura ucraniana terminam nesta segunda-feira (20)\" \r\n\t\t\t\t\t\t\t\t\t\tclass=\"ultimate-layouts-icon-lightbox ultimate-layouts-control-lightbox-oc\"\r\n\t\t\t\t\t\t\t\t\t  ><span><span><\/span><span><\/span><\/span><\/span><a data-open-post=\"ultimate-layouts-quick-view\" data-post-id=\"11791\" href=\"javascript:;\" title=\"Inscri\u00e7\u00f5es para curso gratuito de conversa\u00e7\u00e3o e literatura ucraniana terminam nesta segunda-feira (20)\"  class=\"ultimate-layouts-icon-link\"><i class=\"fa fa-link\"><\/i><i class=\"fa fa-chain-broken\"><\/i><\/a><\/div>                <\/div>            \r\n                <div class=\"ultimate-layouts-categories absolute-item \"><a href=\"https:\/\/www3.unicentro.br\/irati\/category\/noticias\/\" title=\"Not\u00edcias\"   class=\"ul-taxonomy category noticias\">Not\u00edcias<\/a><\/div>                            \r\n            <\/div>\r\n            \r\n        <!--picture-->        \r\n        <!--content-->\r\n        <div class=\"ultimate-layouts-content entry\">            \r\n                        \r\n            <h3 class=\"ultimate-layouts-title font-size-24 entry-title  \"><a  data-post-id=\"11791\" href=\"https:\/\/www3.unicentro.br\/irati\/2026\/04\/17\/inscricoes-para-curso-de-conversacao-e-literatura-ucraniana-terminam-nesta-segunda-feira-20\/\" title=\"Inscri\u00e7\u00f5es para curso gratuito de conversa\u00e7\u00e3o e literatura ucraniana terminam nesta segunda-feira (20)\"   class=\"ultimate-layouts-title-link\">Inscri\u00e7\u00f5es para curso gratuito de conversa\u00e7\u00e3o e literatura ucraniana terminam nesta segunda-feira (20)<\/a><\/h3>            \r\n            <div class=\"ultimate-layouts-metas posted-on \"><div class=\"ultimate-layouts-metas-wrap\"><div data-class=\"ul-time-metas\"><i class=\"fa fa-calendar-check-o\" aria-hidden=\"true\"><\/i> <span>abril 17, 2026<\/span><\/div><\/div><\/div>   \r\n                      \r\n            <div class=\"ultimate-layouts-excerpt \">\u201cPr\u00e1ticas de leitura em L\u00edngua Ucraniana: di\u00e1logos culturais\u201d foca em profici\u00eancia oral com debates sobre autores cl\u00e1ssicos e contempor\u00e2neos.<\/div>                                                    \r\n            <div class=\"ultimate-layouts-metas-st2 posted-on \"><div class=\"ultimate-layouts-metas-wrap\"><div class=\"flt-left\" data-action=\"share\"><a href=\"javascript:;\" title=\"Compartilhar\" class=\"ultimate-layouts-social-share-btn\"><i class=\"fa fa-share-alt\" aria-hidden=\"true\"><\/i> <span>Compartilhar<\/span><\/a><div class=\"ultimate-layouts-social-share\"><div class=\"ultimate-layouts-share-item ul-facebook\"><a title=\"Share on Facebook\" href=\"javascript:;\" target=\"_blank\" rel=\"nofollow\" onclick=\"window.open('https:\/\/www.facebook.com\/sharer\/sharer.php?u=https%3A%2F%2Fwww3.unicentro.br%2Firati%2F2026%2F04%2F17%2Finscricoes-para-curso-de-conversacao-e-literatura-ucraniana-terminam-nesta-segunda-feira-20%2F','facebook-share-dialog','width=600,height=400');return false;\"><i class=\"fa fa-facebook\"><\/i><\/a><\/div><div class=\"ultimate-layouts-share-item ul-twitter\"><a title=\"Share on Twitter\" href=\"javascript:;\" target=\"_blank\" rel=\"nofollow\" onclick=\"window.open('http:\/\/twitter.com\/share?text=Inscri%C3%A7%C3%B5es+para+curso+gratuito+de+conversa%C3%A7%C3%A3o+e+literatura+ucraniana+terminam+nesta+segunda-feira+%2820%29&amp;url=https%3A%2F%2Fwww3.unicentro.br%2Firati%2F2026%2F04%2F17%2Finscricoes-para-curso-de-conversacao-e-literatura-ucraniana-terminam-nesta-segunda-feira-20%2F','twitter-share-dialog','width=600,height=400');return false;\"><i class=\"fa fa-twitter\"><\/i><\/a><\/div><div class=\"ultimate-layouts-share-item ul-google\"><a title=\"Share on Google Plus\" href=\"javascript:;\" target=\"_blank\" rel=\"nofollow\" onclick=\"window.open('https:\/\/plus.google.com\/share?url=https%3A%2F%2Fwww3.unicentro.br%2Firati%2F2026%2F04%2F17%2Finscricoes-para-curso-de-conversacao-e-literatura-ucraniana-terminam-nesta-segunda-feira-20%2F','googleplus-share-dialog','width=600,height=400');return false;\"><i class=\"fa fa-google-plus\"><\/i><\/a><\/div><div class=\"ultimate-layouts-share-item ul-linkedin\"><a title=\"Share on LinkedIn\" href=\"javascript:;\" target=\"_blank\" rel=\"nofollow\" onclick=\"window.open('http:\/\/www.linkedin.com\/shareArticle?mini=true&amp;url=https%3A%2F%2Fwww3.unicentro.br%2Firati%2F2026%2F04%2F17%2Finscricoes-para-curso-de-conversacao-e-literatura-ucraniana-terminam-nesta-segunda-feira-20%2F&amp;title=Inscri%C3%A7%C3%B5es+para+curso+gratuito+de+conversa%C3%A7%C3%A3o+e+literatura+ucraniana+terminam+nesta+segunda-feira+%2820%29&amp;source=Campus+de+Irati','linkedin-share-dialog','width=600,height=400');return false;\"><i class=\"fa fa-linkedin\"><\/i><\/a><\/div><div class=\"ultimate-layouts-share-item ul-tumblr\"><a title=\"Share on Tumblr\" href=\"javascript:;\" target=\"_blank\" rel=\"nofollow\" onclick=\"window.open('http:\/\/www.tumblr.com\/share\/link?url=https%3A%2F%2Fwww3.unicentro.br%2Firati%2F2026%2F04%2F17%2Finscricoes-para-curso-de-conversacao-e-literatura-ucraniana-terminam-nesta-segunda-feira-20%2F&amp;name=Inscri%C3%A7%C3%B5es+para+curso+gratuito+de+conversa%C3%A7%C3%A3o+e+literatura+ucraniana+terminam+nesta+segunda-feira+%2820%29','tumblr-share-dialog','width=600,height=400');return false;\"><i class=\"fa fa-tumblr\"><\/i><\/a><\/div><div class=\"ultimate-layouts-share-item ul-pinterest\"><a title=\"Pin this\" href=\"javascript:;\" target=\"_blank\" rel=\"nofollow\" onclick=\"window.open('\/\/pinterest.com\/pin\/create\/button\/?url=https%3A%2F%2Fwww3.unicentro.br%2Firati%2F2026%2F04%2F17%2Finscricoes-para-curso-de-conversacao-e-literatura-ucraniana-terminam-nesta-segunda-feira-20%2F&amp;media=&amp;description=Inscri%C3%A7%C3%B5es+para+curso+gratuito+de+conversa%C3%A7%C3%A3o+e+literatura+ucraniana+terminam+nesta+segunda-feira+%2820%29','pin-share-dialog','width=600,height=400');return false;\"><i class=\"fa fa-pinterest\"><\/i><\/a><\/div><div class=\"ultimate-layouts-share-item ul-vk\"><a title=\"Share on VK\" href=\"javascript:;\" target=\"_blank\" rel=\"nofollow\" onclick=\"window.open('\/\/vkontakte.ru\/share.php?url=https%3A%2F%2Fwww3.unicentro.br%2Firati%2F2026%2F04%2F17%2Finscricoes-para-curso-de-conversacao-e-literatura-ucraniana-terminam-nesta-segunda-feira-20%2F','vk-share-dialog','width=600,height=400');return false;\"><i class=\"fa fa-vk\"><\/i><\/a><\/div><div class=\"ultimate-layouts-share-item ul-email\"><a title=\"Email this\" href=\"mailto:?subject=Inscri%C3%A7%C3%B5es+para+curso+gratuito+de+conversa%C3%A7%C3%A3o+e+literatura+ucraniana+terminam+nesta+segunda-feira+%2820%29&amp;body=https%3A%2F%2Fwww3.unicentro.br%2Firati%2F2026%2F04%2F17%2Finscricoes-para-curso-de-conversacao-e-literatura-ucraniana-terminam-nesta-segunda-feira-20%2F\"><i class=\"fa fa-envelope\"><\/i><\/a><\/div><\/div><\/div><div class=\"flt-right\">\r\n\t\t\t\t\t\t\t\t\t\t<a  data-post-id=\"11791\" href=\"https:\/\/www3.unicentro.br\/irati\/2026\/04\/17\/inscricoes-para-curso-de-conversacao-e-literatura-ucraniana-terminam-nesta-segunda-feira-20\/\" title=\"Inscri\u00e7\u00f5es para curso gratuito de conversa\u00e7\u00e3o e literatura ucraniana terminam nesta segunda-feira (20)\"   class=\"ultimate-layouts-readmore-link\">\r\n\t\t\t\t\t\t\t\t\t\t\t<span>Ler mais<\/span>\r\n\t\t\t\t\t\t\t\t\t\t\t<i class=\"fa fa-angle-double-right ul-readmore-icon\" aria-hidden=\"true\"><\/i>\r\n\t\t\t\t\t\t\t\t\t\t<\/a>\r\n\t\t\t\t\t\t\t\t\t  <\/div><\/div><\/div>            \r\n        <\/div><!--content-->                \r\n    <\/div><!--entry content-->            \r\n<\/article><!--post item--><!--post item--> \r\n<article class=\"ultimate-layouts-item hentry\">\r\n    <!--entry content-->\r\n    <div class=\"ultimate-layouts-entry-wrapper entry-content\">    \r\n        <!--picture-->\r\n                    <div class=\"ultimate-layouts-picture\">              \r\n                <div class=\"ultimate-layouts-picture-wrap ultimate-layouts-get-pic\">\r\n                    <a  data-post-id=\"11767\" href=\"https:\/\/www3.unicentro.br\/irati\/2026\/04\/17\/projeto-da-unicentro-vai-mapear-e-desenvolver-itinerarios-historicos-em-irati\/\" title=\"Projeto da Unicentro vai mapear e desenvolver itiner\u00e1rios hist\u00f3ricos em Irati\"   class=\"ultimate-layouts-picture-link\"><\/a>                \r\n                                        <div class=\"ultimate-layouts-control-pop \"><span data-type=\"image\" \r\n\t\t\t\t\t\t\t\t\t\tdata-source=\"\" \r\n\t\t\t\t\t\t\t\t\t\tdata-caption=\"Projeto da Unicentro vai mapear e desenvolver itiner\u00e1rios hist\u00f3ricos em Irati\" \r\n\t\t\t\t\t\t\t\t\t\tclass=\"ultimate-layouts-icon-lightbox ultimate-layouts-control-lightbox-oc\"\r\n\t\t\t\t\t\t\t\t\t  ><span><span><\/span><span><\/span><\/span><\/span><a data-open-post=\"ultimate-layouts-quick-view\" data-post-id=\"11767\" href=\"javascript:;\" title=\"Projeto da Unicentro vai mapear e desenvolver itiner\u00e1rios hist\u00f3ricos em Irati\"  class=\"ultimate-layouts-icon-link\"><i class=\"fa fa-link\"><\/i><i class=\"fa fa-chain-broken\"><\/i><\/a><\/div>                <\/div>            \r\n                <div class=\"ultimate-layouts-categories absolute-item \"><a href=\"https:\/\/www3.unicentro.br\/irati\/category\/noticias\/\" title=\"Not\u00edcias\"   class=\"ul-taxonomy category noticias\">Not\u00edcias<\/a><\/div>                            \r\n            <\/div>\r\n            \r\n        <!--picture-->        \r\n        <!--content-->\r\n        <div class=\"ultimate-layouts-content entry\">            \r\n                        \r\n            <h3 class=\"ultimate-layouts-title font-size-24 entry-title  \"><a  data-post-id=\"11767\" href=\"https:\/\/www3.unicentro.br\/irati\/2026\/04\/17\/projeto-da-unicentro-vai-mapear-e-desenvolver-itinerarios-historicos-em-irati\/\" title=\"Projeto da Unicentro vai mapear e desenvolver itiner\u00e1rios hist\u00f3ricos em Irati\"   class=\"ultimate-layouts-title-link\">Projeto da Unicentro vai mapear e desenvolver itiner\u00e1rios hist\u00f3ricos em Irati<\/a><\/h3>            \r\n            <div class=\"ultimate-layouts-metas posted-on \"><div class=\"ultimate-layouts-metas-wrap\"><div data-class=\"ul-time-metas\"><i class=\"fa fa-calendar-check-o\" aria-hidden=\"true\"><\/i> <span>abril 17, 2026<\/span><\/div><\/div><\/div>   \r\n                      \r\n            <div class=\"ultimate-layouts-excerpt \">Iniciativa \u201cPercursos de Mem\u00f3ria\u201d articula os cursos de Hist\u00f3ria e Turismo para identificar narrativas locais e elaborar roteiros educativos.<\/div>                                                    \r\n            <div class=\"ultimate-layouts-metas-st2 posted-on \"><div class=\"ultimate-layouts-metas-wrap\"><div class=\"flt-left\" data-action=\"share\"><a href=\"javascript:;\" title=\"Compartilhar\" class=\"ultimate-layouts-social-share-btn\"><i class=\"fa fa-share-alt\" aria-hidden=\"true\"><\/i> <span>Compartilhar<\/span><\/a><div class=\"ultimate-layouts-social-share\"><div class=\"ultimate-layouts-share-item ul-facebook\"><a title=\"Share on Facebook\" href=\"javascript:;\" target=\"_blank\" rel=\"nofollow\" onclick=\"window.open('https:\/\/www.facebook.com\/sharer\/sharer.php?u=https%3A%2F%2Fwww3.unicentro.br%2Firati%2F2026%2F04%2F17%2Fprojeto-da-unicentro-vai-mapear-e-desenvolver-itinerarios-historicos-em-irati%2F','facebook-share-dialog','width=600,height=400');return false;\"><i class=\"fa fa-facebook\"><\/i><\/a><\/div><div class=\"ultimate-layouts-share-item ul-twitter\"><a title=\"Share on Twitter\" href=\"javascript:;\" target=\"_blank\" rel=\"nofollow\" onclick=\"window.open('http:\/\/twitter.com\/share?text=Projeto+da+Unicentro+vai+mapear+e+desenvolver+itiner%C3%A1rios+hist%C3%B3ricos+em+Irati&amp;url=https%3A%2F%2Fwww3.unicentro.br%2Firati%2F2026%2F04%2F17%2Fprojeto-da-unicentro-vai-mapear-e-desenvolver-itinerarios-historicos-em-irati%2F','twitter-share-dialog','width=600,height=400');return false;\"><i class=\"fa fa-twitter\"><\/i><\/a><\/div><div class=\"ultimate-layouts-share-item ul-google\"><a title=\"Share on Google Plus\" href=\"javascript:;\" target=\"_blank\" rel=\"nofollow\" onclick=\"window.open('https:\/\/plus.google.com\/share?url=https%3A%2F%2Fwww3.unicentro.br%2Firati%2F2026%2F04%2F17%2Fprojeto-da-unicentro-vai-mapear-e-desenvolver-itinerarios-historicos-em-irati%2F','googleplus-share-dialog','width=600,height=400');return false;\"><i class=\"fa fa-google-plus\"><\/i><\/a><\/div><div class=\"ultimate-layouts-share-item ul-linkedin\"><a title=\"Share on LinkedIn\" href=\"javascript:;\" target=\"_blank\" rel=\"nofollow\" onclick=\"window.open('http:\/\/www.linkedin.com\/shareArticle?mini=true&amp;url=https%3A%2F%2Fwww3.unicentro.br%2Firati%2F2026%2F04%2F17%2Fprojeto-da-unicentro-vai-mapear-e-desenvolver-itinerarios-historicos-em-irati%2F&amp;title=Projeto+da+Unicentro+vai+mapear+e+desenvolver+itiner%C3%A1rios+hist%C3%B3ricos+em+Irati&amp;source=Campus+de+Irati','linkedin-share-dialog','width=600,height=400');return false;\"><i class=\"fa fa-linkedin\"><\/i><\/a><\/div><div class=\"ultimate-layouts-share-item ul-tumblr\"><a title=\"Share on Tumblr\" href=\"javascript:;\" target=\"_blank\" rel=\"nofollow\" onclick=\"window.open('http:\/\/www.tumblr.com\/share\/link?url=https%3A%2F%2Fwww3.unicentro.br%2Firati%2F2026%2F04%2F17%2Fprojeto-da-unicentro-vai-mapear-e-desenvolver-itinerarios-historicos-em-irati%2F&amp;name=Projeto+da+Unicentro+vai+mapear+e+desenvolver+itiner%C3%A1rios+hist%C3%B3ricos+em+Irati','tumblr-share-dialog','width=600,height=400');return false;\"><i class=\"fa fa-tumblr\"><\/i><\/a><\/div><div class=\"ultimate-layouts-share-item ul-pinterest\"><a title=\"Pin this\" href=\"javascript:;\" target=\"_blank\" rel=\"nofollow\" onclick=\"window.open('\/\/pinterest.com\/pin\/create\/button\/?url=https%3A%2F%2Fwww3.unicentro.br%2Firati%2F2026%2F04%2F17%2Fprojeto-da-unicentro-vai-mapear-e-desenvolver-itinerarios-historicos-em-irati%2F&amp;media=&amp;description=Projeto+da+Unicentro+vai+mapear+e+desenvolver+itiner%C3%A1rios+hist%C3%B3ricos+em+Irati','pin-share-dialog','width=600,height=400');return false;\"><i class=\"fa fa-pinterest\"><\/i><\/a><\/div><div class=\"ultimate-layouts-share-item ul-vk\"><a title=\"Share on VK\" href=\"javascript:;\" target=\"_blank\" rel=\"nofollow\" onclick=\"window.open('\/\/vkontakte.ru\/share.php?url=https%3A%2F%2Fwww3.unicentro.br%2Firati%2F2026%2F04%2F17%2Fprojeto-da-unicentro-vai-mapear-e-desenvolver-itinerarios-historicos-em-irati%2F','vk-share-dialog','width=600,height=400');return false;\"><i class=\"fa fa-vk\"><\/i><\/a><\/div><div class=\"ultimate-layouts-share-item ul-email\"><a title=\"Email this\" href=\"mailto:?subject=Projeto+da+Unicentro+vai+mapear+e+desenvolver+itiner%C3%A1rios+hist%C3%B3ricos+em+Irati&amp;body=https%3A%2F%2Fwww3.unicentro.br%2Firati%2F2026%2F04%2F17%2Fprojeto-da-unicentro-vai-mapear-e-desenvolver-itinerarios-historicos-em-irati%2F\"><i class=\"fa fa-envelope\"><\/i><\/a><\/div><\/div><\/div><div class=\"flt-right\">\r\n\t\t\t\t\t\t\t\t\t\t<a  data-post-id=\"11767\" href=\"https:\/\/www3.unicentro.br\/irati\/2026\/04\/17\/projeto-da-unicentro-vai-mapear-e-desenvolver-itinerarios-historicos-em-irati\/\" title=\"Projeto da Unicentro vai mapear e desenvolver itiner\u00e1rios hist\u00f3ricos em Irati\"   class=\"ultimate-layouts-readmore-link\">\r\n\t\t\t\t\t\t\t\t\t\t\t<span>Ler mais<\/span>\r\n\t\t\t\t\t\t\t\t\t\t\t<i class=\"fa fa-angle-double-right ul-readmore-icon\" aria-hidden=\"true\"><\/i>\r\n\t\t\t\t\t\t\t\t\t\t<\/a>\r\n\t\t\t\t\t\t\t\t\t  <\/div><\/div><\/div>            \r\n        <\/div><!--content-->                \r\n    <\/div><!--entry content-->            \r\n<\/article><!--post item--><!--post item--> \r\n<article class=\"ultimate-layouts-item hentry\">\r\n    <!--entry content-->\r\n    <div class=\"ultimate-layouts-entry-wrapper entry-content\">    \r\n        <!--picture-->\r\n                    <div class=\"ultimate-layouts-picture\">              \r\n                <div class=\"ultimate-layouts-picture-wrap ultimate-layouts-get-pic\">\r\n                    <a  data-post-id=\"11739\" href=\"https:\/\/www3.unicentro.br\/irati\/2026\/04\/16\/curso-de-fonoaudiologia-da-unicentro-realiza-campanha-no-dia-mundial-da-voz\/\" title=\"Curso de Fonoaudiologia da Unicentro realiza campanha no Dia Mundial da Voz\"   class=\"ultimate-layouts-picture-link\"><\/a>                \r\n                                        <div class=\"ultimate-layouts-control-pop \"><span data-type=\"image\" \r\n\t\t\t\t\t\t\t\t\t\tdata-source=\"\" \r\n\t\t\t\t\t\t\t\t\t\tdata-caption=\"Curso de Fonoaudiologia da Unicentro realiza campanha no Dia Mundial da Voz\" \r\n\t\t\t\t\t\t\t\t\t\tclass=\"ultimate-layouts-icon-lightbox ultimate-layouts-control-lightbox-oc\"\r\n\t\t\t\t\t\t\t\t\t  ><span><span><\/span><span><\/span><\/span><\/span><a data-open-post=\"ultimate-layouts-quick-view\" data-post-id=\"11739\" href=\"javascript:;\" title=\"Curso de Fonoaudiologia da Unicentro realiza campanha no Dia Mundial da Voz\"  class=\"ultimate-layouts-icon-link\"><i class=\"fa fa-link\"><\/i><i class=\"fa fa-chain-broken\"><\/i><\/a><\/div>                <\/div>            \r\n                <div class=\"ultimate-layouts-categories absolute-item \"><a href=\"https:\/\/www3.unicentro.br\/irati\/category\/noticias\/\" title=\"Not\u00edcias\"   class=\"ul-taxonomy category noticias\">Not\u00edcias<\/a><\/div>                            \r\n            <\/div>\r\n            \r\n        <!--picture-->        \r\n        <!--content-->\r\n        <div class=\"ultimate-layouts-content entry\">            \r\n                        \r\n            <h3 class=\"ultimate-layouts-title font-size-24 entry-title  \"><a  data-post-id=\"11739\" href=\"https:\/\/www3.unicentro.br\/irati\/2026\/04\/16\/curso-de-fonoaudiologia-da-unicentro-realiza-campanha-no-dia-mundial-da-voz\/\" title=\"Curso de Fonoaudiologia da Unicentro realiza campanha no Dia Mundial da Voz\"   class=\"ultimate-layouts-title-link\">Curso de Fonoaudiologia da Unicentro realiza campanha no Dia Mundial da Voz<\/a><\/h3>            \r\n            <div class=\"ultimate-layouts-metas posted-on \"><div class=\"ultimate-layouts-metas-wrap\"><div data-class=\"ul-time-metas\"><i class=\"fa fa-calendar-check-o\" aria-hidden=\"true\"><\/i> <span>abril 16, 2026<\/span><\/div><\/div><\/div>   \r\n                      \r\n            <div class=\"ultimate-layouts-excerpt \">Estudantes e professoras foram \u00e0s ruas de Irati para orientar a popula\u00e7\u00e3o sobre sa\u00fade vocal.<\/div>                                                    \r\n            <div class=\"ultimate-layouts-metas-st2 posted-on \"><div class=\"ultimate-layouts-metas-wrap\"><div class=\"flt-left\" data-action=\"share\"><a href=\"javascript:;\" title=\"Compartilhar\" class=\"ultimate-layouts-social-share-btn\"><i class=\"fa fa-share-alt\" aria-hidden=\"true\"><\/i> <span>Compartilhar<\/span><\/a><div class=\"ultimate-layouts-social-share\"><div class=\"ultimate-layouts-share-item ul-facebook\"><a title=\"Share on Facebook\" href=\"javascript:;\" target=\"_blank\" rel=\"nofollow\" onclick=\"window.open('https:\/\/www.facebook.com\/sharer\/sharer.php?u=https%3A%2F%2Fwww3.unicentro.br%2Firati%2F2026%2F04%2F16%2Fcurso-de-fonoaudiologia-da-unicentro-realiza-campanha-no-dia-mundial-da-voz%2F','facebook-share-dialog','width=600,height=400');return false;\"><i class=\"fa fa-facebook\"><\/i><\/a><\/div><div class=\"ultimate-layouts-share-item ul-twitter\"><a title=\"Share on Twitter\" href=\"javascript:;\" target=\"_blank\" rel=\"nofollow\" onclick=\"window.open('http:\/\/twitter.com\/share?text=Curso+de+Fonoaudiologia+da+Unicentro+realiza+campanha+no+Dia+Mundial+da+Voz&amp;url=https%3A%2F%2Fwww3.unicentro.br%2Firati%2F2026%2F04%2F16%2Fcurso-de-fonoaudiologia-da-unicentro-realiza-campanha-no-dia-mundial-da-voz%2F','twitter-share-dialog','width=600,height=400');return false;\"><i class=\"fa fa-twitter\"><\/i><\/a><\/div><div class=\"ultimate-layouts-share-item ul-google\"><a title=\"Share on Google Plus\" href=\"javascript:;\" target=\"_blank\" rel=\"nofollow\" onclick=\"window.open('https:\/\/plus.google.com\/share?url=https%3A%2F%2Fwww3.unicentro.br%2Firati%2F2026%2F04%2F16%2Fcurso-de-fonoaudiologia-da-unicentro-realiza-campanha-no-dia-mundial-da-voz%2F','googleplus-share-dialog','width=600,height=400');return false;\"><i class=\"fa fa-google-plus\"><\/i><\/a><\/div><div class=\"ultimate-layouts-share-item ul-linkedin\"><a title=\"Share on LinkedIn\" href=\"javascript:;\" target=\"_blank\" rel=\"nofollow\" onclick=\"window.open('http:\/\/www.linkedin.com\/shareArticle?mini=true&amp;url=https%3A%2F%2Fwww3.unicentro.br%2Firati%2F2026%2F04%2F16%2Fcurso-de-fonoaudiologia-da-unicentro-realiza-campanha-no-dia-mundial-da-voz%2F&amp;title=Curso+de+Fonoaudiologia+da+Unicentro+realiza+campanha+no+Dia+Mundial+da+Voz&amp;source=Campus+de+Irati','linkedin-share-dialog','width=600,height=400');return false;\"><i class=\"fa fa-linkedin\"><\/i><\/a><\/div><div class=\"ultimate-layouts-share-item ul-tumblr\"><a title=\"Share on Tumblr\" href=\"javascript:;\" target=\"_blank\" rel=\"nofollow\" onclick=\"window.open('http:\/\/www.tumblr.com\/share\/link?url=https%3A%2F%2Fwww3.unicentro.br%2Firati%2F2026%2F04%2F16%2Fcurso-de-fonoaudiologia-da-unicentro-realiza-campanha-no-dia-mundial-da-voz%2F&amp;name=Curso+de+Fonoaudiologia+da+Unicentro+realiza+campanha+no+Dia+Mundial+da+Voz','tumblr-share-dialog','width=600,height=400');return false;\"><i class=\"fa fa-tumblr\"><\/i><\/a><\/div><div class=\"ultimate-layouts-share-item ul-pinterest\"><a title=\"Pin this\" href=\"javascript:;\" target=\"_blank\" rel=\"nofollow\" onclick=\"window.open('\/\/pinterest.com\/pin\/create\/button\/?url=https%3A%2F%2Fwww3.unicentro.br%2Firati%2F2026%2F04%2F16%2Fcurso-de-fonoaudiologia-da-unicentro-realiza-campanha-no-dia-mundial-da-voz%2F&amp;media=&amp;description=Curso+de+Fonoaudiologia+da+Unicentro+realiza+campanha+no+Dia+Mundial+da+Voz','pin-share-dialog','width=600,height=400');return false;\"><i class=\"fa fa-pinterest\"><\/i><\/a><\/div><div class=\"ultimate-layouts-share-item ul-vk\"><a title=\"Share on VK\" href=\"javascript:;\" target=\"_blank\" rel=\"nofollow\" onclick=\"window.open('\/\/vkontakte.ru\/share.php?url=https%3A%2F%2Fwww3.unicentro.br%2Firati%2F2026%2F04%2F16%2Fcurso-de-fonoaudiologia-da-unicentro-realiza-campanha-no-dia-mundial-da-voz%2F','vk-share-dialog','width=600,height=400');return false;\"><i class=\"fa fa-vk\"><\/i><\/a><\/div><div class=\"ultimate-layouts-share-item ul-email\"><a title=\"Email this\" href=\"mailto:?subject=Curso+de+Fonoaudiologia+da+Unicentro+realiza+campanha+no+Dia+Mundial+da+Voz&amp;body=https%3A%2F%2Fwww3.unicentro.br%2Firati%2F2026%2F04%2F16%2Fcurso-de-fonoaudiologia-da-unicentro-realiza-campanha-no-dia-mundial-da-voz%2F\"><i class=\"fa fa-envelope\"><\/i><\/a><\/div><\/div><\/div><div class=\"flt-right\">\r\n\t\t\t\t\t\t\t\t\t\t<a  data-post-id=\"11739\" href=\"https:\/\/www3.unicentro.br\/irati\/2026\/04\/16\/curso-de-fonoaudiologia-da-unicentro-realiza-campanha-no-dia-mundial-da-voz\/\" title=\"Curso de Fonoaudiologia da Unicentro realiza campanha no Dia Mundial da Voz\"   class=\"ultimate-layouts-readmore-link\">\r\n\t\t\t\t\t\t\t\t\t\t\t<span>Ler mais<\/span>\r\n\t\t\t\t\t\t\t\t\t\t\t<i class=\"fa fa-angle-double-right ul-readmore-icon\" aria-hidden=\"true\"><\/i>\r\n\t\t\t\t\t\t\t\t\t\t<\/a>\r\n\t\t\t\t\t\t\t\t\t  <\/div><\/div><\/div>            \r\n        <\/div><!--content-->                \r\n    <\/div><!--entry content-->            \r\n<\/article><!--post item--><!--post item--> \r\n<article class=\"ultimate-layouts-item hentry\">\r\n    <!--entry content-->\r\n    <div class=\"ultimate-layouts-entry-wrapper entry-content\">    \r\n        <!--picture-->\r\n                    <div class=\"ultimate-layouts-picture\">              \r\n                <div class=\"ultimate-layouts-picture-wrap ultimate-layouts-get-pic\">\r\n                    <a  data-post-id=\"11730\" href=\"https:\/\/www3.unicentro.br\/irati\/2026\/04\/15\/campus-de-irati-promove-coletas-de-exame-preventivo-de-cancer-de-colo-de-utero\/\" title=\"C\u00e2mpus de Irati promove coletas de exame preventivo de c\u00e2ncer de colo de \u00fatero\"   class=\"ultimate-layouts-picture-link\"><\/a>                \r\n                                        <div class=\"ultimate-layouts-control-pop \"><span data-type=\"image\" \r\n\t\t\t\t\t\t\t\t\t\tdata-source=\"\" \r\n\t\t\t\t\t\t\t\t\t\tdata-caption=\"C\u00e2mpus de Irati promove coletas de exame preventivo de c\u00e2ncer de colo de \u00fatero\" \r\n\t\t\t\t\t\t\t\t\t\tclass=\"ultimate-layouts-icon-lightbox ultimate-layouts-control-lightbox-oc\"\r\n\t\t\t\t\t\t\t\t\t  ><span><span><\/span><span><\/span><\/span><\/span><a data-open-post=\"ultimate-layouts-quick-view\" data-post-id=\"11730\" href=\"javascript:;\" title=\"C\u00e2mpus de Irati promove coletas de exame preventivo de c\u00e2ncer de colo de \u00fatero\"  class=\"ultimate-layouts-icon-link\"><i class=\"fa fa-link\"><\/i><i class=\"fa fa-chain-broken\"><\/i><\/a><\/div>                <\/div>            \r\n                <div class=\"ultimate-layouts-categories absolute-item \"><a href=\"https:\/\/www3.unicentro.br\/irati\/category\/noticias\/\" title=\"Not\u00edcias\"   class=\"ul-taxonomy category noticias\">Not\u00edcias<\/a><\/div>                            \r\n            <\/div>\r\n            \r\n        <!--picture-->        \r\n        <!--content-->\r\n        <div class=\"ultimate-layouts-content entry\">            \r\n                        \r\n            <h3 class=\"ultimate-layouts-title font-size-24 entry-title  \"><a  data-post-id=\"11730\" href=\"https:\/\/www3.unicentro.br\/irati\/2026\/04\/15\/campus-de-irati-promove-coletas-de-exame-preventivo-de-cancer-de-colo-de-utero\/\" title=\"C\u00e2mpus de Irati promove coletas de exame preventivo de c\u00e2ncer de colo de \u00fatero\"   class=\"ultimate-layouts-title-link\">C\u00e2mpus de Irati promove coletas de exame preventivo de c\u00e2ncer de colo de \u00fatero<\/a><\/h3>            \r\n            <div class=\"ultimate-layouts-metas posted-on \"><div class=\"ultimate-layouts-metas-wrap\"><div data-class=\"ul-time-metas\"><i class=\"fa fa-calendar-check-o\" aria-hidden=\"true\"><\/i> <span>abril 15, 2026<\/span><\/div><\/div><\/div>   \r\n                      \r\n            <div class=\"ultimate-layouts-excerpt \">A\u00e7\u00e3o acontece novamente no dia 22 de abril. Agendamentos podem ser feitos online.<\/div>                                                    \r\n            <div class=\"ultimate-layouts-metas-st2 posted-on \"><div class=\"ultimate-layouts-metas-wrap\"><div class=\"flt-left\" data-action=\"share\"><a href=\"javascript:;\" title=\"Compartilhar\" class=\"ultimate-layouts-social-share-btn\"><i class=\"fa fa-share-alt\" aria-hidden=\"true\"><\/i> <span>Compartilhar<\/span><\/a><div class=\"ultimate-layouts-social-share\"><div class=\"ultimate-layouts-share-item ul-facebook\"><a title=\"Share on Facebook\" href=\"javascript:;\" target=\"_blank\" rel=\"nofollow\" onclick=\"window.open('https:\/\/www.facebook.com\/sharer\/sharer.php?u=https%3A%2F%2Fwww3.unicentro.br%2Firati%2F2026%2F04%2F15%2Fcampus-de-irati-promove-coletas-de-exame-preventivo-de-cancer-de-colo-de-utero%2F','facebook-share-dialog','width=600,height=400');return false;\"><i class=\"fa fa-facebook\"><\/i><\/a><\/div><div class=\"ultimate-layouts-share-item ul-twitter\"><a title=\"Share on Twitter\" href=\"javascript:;\" target=\"_blank\" rel=\"nofollow\" onclick=\"window.open('http:\/\/twitter.com\/share?text=C%C3%A2mpus+de+Irati+promove+coletas+de+exame+preventivo+de+c%C3%A2ncer+de+colo+de+%C3%BAtero&amp;url=https%3A%2F%2Fwww3.unicentro.br%2Firati%2F2026%2F04%2F15%2Fcampus-de-irati-promove-coletas-de-exame-preventivo-de-cancer-de-colo-de-utero%2F','twitter-share-dialog','width=600,height=400');return false;\"><i class=\"fa fa-twitter\"><\/i><\/a><\/div><div class=\"ultimate-layouts-share-item ul-google\"><a title=\"Share on Google Plus\" href=\"javascript:;\" target=\"_blank\" rel=\"nofollow\" onclick=\"window.open('https:\/\/plus.google.com\/share?url=https%3A%2F%2Fwww3.unicentro.br%2Firati%2F2026%2F04%2F15%2Fcampus-de-irati-promove-coletas-de-exame-preventivo-de-cancer-de-colo-de-utero%2F','googleplus-share-dialog','width=600,height=400');return false;\"><i class=\"fa fa-google-plus\"><\/i><\/a><\/div><div class=\"ultimate-layouts-share-item ul-linkedin\"><a title=\"Share on LinkedIn\" href=\"javascript:;\" target=\"_blank\" rel=\"nofollow\" onclick=\"window.open('http:\/\/www.linkedin.com\/shareArticle?mini=true&amp;url=https%3A%2F%2Fwww3.unicentro.br%2Firati%2F2026%2F04%2F15%2Fcampus-de-irati-promove-coletas-de-exame-preventivo-de-cancer-de-colo-de-utero%2F&amp;title=C%C3%A2mpus+de+Irati+promove+coletas+de+exame+preventivo+de+c%C3%A2ncer+de+colo+de+%C3%BAtero&amp;source=Campus+de+Irati','linkedin-share-dialog','width=600,height=400');return false;\"><i class=\"fa fa-linkedin\"><\/i><\/a><\/div><div class=\"ultimate-layouts-share-item ul-tumblr\"><a title=\"Share on Tumblr\" href=\"javascript:;\" target=\"_blank\" rel=\"nofollow\" onclick=\"window.open('http:\/\/www.tumblr.com\/share\/link?url=https%3A%2F%2Fwww3.unicentro.br%2Firati%2F2026%2F04%2F15%2Fcampus-de-irati-promove-coletas-de-exame-preventivo-de-cancer-de-colo-de-utero%2F&amp;name=C%C3%A2mpus+de+Irati+promove+coletas+de+exame+preventivo+de+c%C3%A2ncer+de+colo+de+%C3%BAtero','tumblr-share-dialog','width=600,height=400');return false;\"><i class=\"fa fa-tumblr\"><\/i><\/a><\/div><div class=\"ultimate-layouts-share-item ul-pinterest\"><a title=\"Pin this\" href=\"javascript:;\" target=\"_blank\" rel=\"nofollow\" onclick=\"window.open('\/\/pinterest.com\/pin\/create\/button\/?url=https%3A%2F%2Fwww3.unicentro.br%2Firati%2F2026%2F04%2F15%2Fcampus-de-irati-promove-coletas-de-exame-preventivo-de-cancer-de-colo-de-utero%2F&amp;media=&amp;description=C%C3%A2mpus+de+Irati+promove+coletas+de+exame+preventivo+de+c%C3%A2ncer+de+colo+de+%C3%BAtero','pin-share-dialog','width=600,height=400');return false;\"><i class=\"fa fa-pinterest\"><\/i><\/a><\/div><div class=\"ultimate-layouts-share-item ul-vk\"><a title=\"Share on VK\" href=\"javascript:;\" target=\"_blank\" rel=\"nofollow\" onclick=\"window.open('\/\/vkontakte.ru\/share.php?url=https%3A%2F%2Fwww3.unicentro.br%2Firati%2F2026%2F04%2F15%2Fcampus-de-irati-promove-coletas-de-exame-preventivo-de-cancer-de-colo-de-utero%2F','vk-share-dialog','width=600,height=400');return false;\"><i class=\"fa fa-vk\"><\/i><\/a><\/div><div class=\"ultimate-layouts-share-item ul-email\"><a title=\"Email this\" href=\"mailto:?subject=C%C3%A2mpus+de+Irati+promove+coletas+de+exame+preventivo+de+c%C3%A2ncer+de+colo+de+%C3%BAtero&amp;body=https%3A%2F%2Fwww3.unicentro.br%2Firati%2F2026%2F04%2F15%2Fcampus-de-irati-promove-coletas-de-exame-preventivo-de-cancer-de-colo-de-utero%2F\"><i class=\"fa fa-envelope\"><\/i><\/a><\/div><\/div><\/div><div class=\"flt-right\">\r\n\t\t\t\t\t\t\t\t\t\t<a  data-post-id=\"11730\" href=\"https:\/\/www3.unicentro.br\/irati\/2026\/04\/15\/campus-de-irati-promove-coletas-de-exame-preventivo-de-cancer-de-colo-de-utero\/\" title=\"C\u00e2mpus de Irati promove coletas de exame preventivo de c\u00e2ncer de colo de \u00fatero\"   class=\"ultimate-layouts-readmore-link\">\r\n\t\t\t\t\t\t\t\t\t\t\t<span>Ler mais<\/span>\r\n\t\t\t\t\t\t\t\t\t\t\t<i class=\"fa fa-angle-double-right ul-readmore-icon\" aria-hidden=\"true\"><\/i>\r\n\t\t\t\t\t\t\t\t\t\t<\/a>\r\n\t\t\t\t\t\t\t\t\t  <\/div><\/div><\/div>            \r\n        <\/div><!--content-->                \r\n    <\/div><!--entry content-->            \r\n<\/article><!--post item--><!--post item--> \r\n<article class=\"ultimate-layouts-item hentry\">\r\n    <!--entry content-->\r\n    <div class=\"ultimate-layouts-entry-wrapper entry-content\">    \r\n        <!--picture-->\r\n                    <div class=\"ultimate-layouts-picture\">              \r\n                <div class=\"ultimate-layouts-picture-wrap ultimate-layouts-get-pic\">\r\n                    <a  data-post-id=\"11724\" href=\"https:\/\/www3.unicentro.br\/irati\/2026\/04\/10\/campus-de-irati-esta-com-inscricoes-abertas-para-as-oficinas-de-historia\/\" title=\"C\u00e2mpus de Irati est\u00e1 com inscri\u00e7\u00f5es abertas para as \u201cOficinas de Hist\u00f3ria\u201d\"   class=\"ultimate-layouts-picture-link\"><\/a>                \r\n                                        <div class=\"ultimate-layouts-control-pop \"><span data-type=\"image\" \r\n\t\t\t\t\t\t\t\t\t\tdata-source=\"\" \r\n\t\t\t\t\t\t\t\t\t\tdata-caption=\"C\u00e2mpus de Irati est\u00e1 com inscri\u00e7\u00f5es abertas para as \u201cOficinas de Hist\u00f3ria\u201d\" \r\n\t\t\t\t\t\t\t\t\t\tclass=\"ultimate-layouts-icon-lightbox ultimate-layouts-control-lightbox-oc\"\r\n\t\t\t\t\t\t\t\t\t  ><span><span><\/span><span><\/span><\/span><\/span><a data-open-post=\"ultimate-layouts-quick-view\" data-post-id=\"11724\" href=\"javascript:;\" title=\"C\u00e2mpus de Irati est\u00e1 com inscri\u00e7\u00f5es abertas para as \u201cOficinas de Hist\u00f3ria\u201d\"  class=\"ultimate-layouts-icon-link\"><i class=\"fa fa-link\"><\/i><i class=\"fa fa-chain-broken\"><\/i><\/a><\/div>                <\/div>            \r\n                <div class=\"ultimate-layouts-categories absolute-item \"><a href=\"https:\/\/www3.unicentro.br\/irati\/category\/noticias\/\" title=\"Not\u00edcias\"   class=\"ul-taxonomy category noticias\">Not\u00edcias<\/a><\/div>                            \r\n            <\/div>\r\n            \r\n        <!--picture-->        \r\n        <!--content-->\r\n        <div class=\"ultimate-layouts-content entry\">            \r\n                        \r\n            <h3 class=\"ultimate-layouts-title font-size-24 entry-title  \"><a  data-post-id=\"11724\" href=\"https:\/\/www3.unicentro.br\/irati\/2026\/04\/10\/campus-de-irati-esta-com-inscricoes-abertas-para-as-oficinas-de-historia\/\" title=\"C\u00e2mpus de Irati est\u00e1 com inscri\u00e7\u00f5es abertas para as \u201cOficinas de Hist\u00f3ria\u201d\"   class=\"ultimate-layouts-title-link\">C\u00e2mpus de Irati est\u00e1 com inscri\u00e7\u00f5es abertas para as \u201cOficinas de Hist\u00f3ria\u201d<\/a><\/h3>            \r\n            <div class=\"ultimate-layouts-metas posted-on \"><div class=\"ultimate-layouts-metas-wrap\"><div data-class=\"ul-time-metas\"><i class=\"fa fa-calendar-check-o\" aria-hidden=\"true\"><\/i> <span>abril 10, 2026<\/span><\/div><\/div><\/div>   \r\n                      \r\n            <div class=\"ultimate-layouts-excerpt \">Primeira atividade acontece no dia 15 de abril.<\/div>                                                    \r\n            <div class=\"ultimate-layouts-metas-st2 posted-on \"><div class=\"ultimate-layouts-metas-wrap\"><div class=\"flt-left\" data-action=\"share\"><a href=\"javascript:;\" title=\"Compartilhar\" class=\"ultimate-layouts-social-share-btn\"><i class=\"fa fa-share-alt\" aria-hidden=\"true\"><\/i> <span>Compartilhar<\/span><\/a><div class=\"ultimate-layouts-social-share\"><div class=\"ultimate-layouts-share-item ul-facebook\"><a title=\"Share on Facebook\" href=\"javascript:;\" target=\"_blank\" rel=\"nofollow\" onclick=\"window.open('https:\/\/www.facebook.com\/sharer\/sharer.php?u=https%3A%2F%2Fwww3.unicentro.br%2Firati%2F2026%2F04%2F10%2Fcampus-de-irati-esta-com-inscricoes-abertas-para-as-oficinas-de-historia%2F','facebook-share-dialog','width=600,height=400');return false;\"><i class=\"fa fa-facebook\"><\/i><\/a><\/div><div class=\"ultimate-layouts-share-item ul-twitter\"><a title=\"Share on Twitter\" href=\"javascript:;\" target=\"_blank\" rel=\"nofollow\" onclick=\"window.open('http:\/\/twitter.com\/share?text=C%C3%A2mpus+de+Irati+est%C3%A1+com+inscri%C3%A7%C3%B5es+abertas+para+as+%E2%80%9COficinas+de+Hist%C3%B3ria%E2%80%9D&amp;url=https%3A%2F%2Fwww3.unicentro.br%2Firati%2F2026%2F04%2F10%2Fcampus-de-irati-esta-com-inscricoes-abertas-para-as-oficinas-de-historia%2F','twitter-share-dialog','width=600,height=400');return false;\"><i class=\"fa fa-twitter\"><\/i><\/a><\/div><div class=\"ultimate-layouts-share-item ul-google\"><a title=\"Share on Google Plus\" href=\"javascript:;\" target=\"_blank\" rel=\"nofollow\" onclick=\"window.open('https:\/\/plus.google.com\/share?url=https%3A%2F%2Fwww3.unicentro.br%2Firati%2F2026%2F04%2F10%2Fcampus-de-irati-esta-com-inscricoes-abertas-para-as-oficinas-de-historia%2F','googleplus-share-dialog','width=600,height=400');return false;\"><i class=\"fa fa-google-plus\"><\/i><\/a><\/div><div class=\"ultimate-layouts-share-item ul-linkedin\"><a title=\"Share on LinkedIn\" href=\"javascript:;\" target=\"_blank\" rel=\"nofollow\" onclick=\"window.open('http:\/\/www.linkedin.com\/shareArticle?mini=true&amp;url=https%3A%2F%2Fwww3.unicentro.br%2Firati%2F2026%2F04%2F10%2Fcampus-de-irati-esta-com-inscricoes-abertas-para-as-oficinas-de-historia%2F&amp;title=C%C3%A2mpus+de+Irati+est%C3%A1+com+inscri%C3%A7%C3%B5es+abertas+para+as+%E2%80%9COficinas+de+Hist%C3%B3ria%E2%80%9D&amp;source=Campus+de+Irati','linkedin-share-dialog','width=600,height=400');return false;\"><i class=\"fa fa-linkedin\"><\/i><\/a><\/div><div class=\"ultimate-layouts-share-item ul-tumblr\"><a title=\"Share on Tumblr\" href=\"javascript:;\" target=\"_blank\" rel=\"nofollow\" onclick=\"window.open('http:\/\/www.tumblr.com\/share\/link?url=https%3A%2F%2Fwww3.unicentro.br%2Firati%2F2026%2F04%2F10%2Fcampus-de-irati-esta-com-inscricoes-abertas-para-as-oficinas-de-historia%2F&amp;name=C%C3%A2mpus+de+Irati+est%C3%A1+com+inscri%C3%A7%C3%B5es+abertas+para+as+%E2%80%9COficinas+de+Hist%C3%B3ria%E2%80%9D','tumblr-share-dialog','width=600,height=400');return false;\"><i class=\"fa fa-tumblr\"><\/i><\/a><\/div><div class=\"ultimate-layouts-share-item ul-pinterest\"><a title=\"Pin this\" href=\"javascript:;\" target=\"_blank\" rel=\"nofollow\" onclick=\"window.open('\/\/pinterest.com\/pin\/create\/button\/?url=https%3A%2F%2Fwww3.unicentro.br%2Firati%2F2026%2F04%2F10%2Fcampus-de-irati-esta-com-inscricoes-abertas-para-as-oficinas-de-historia%2F&amp;media=&amp;description=C%C3%A2mpus+de+Irati+est%C3%A1+com+inscri%C3%A7%C3%B5es+abertas+para+as+%E2%80%9COficinas+de+Hist%C3%B3ria%E2%80%9D','pin-share-dialog','width=600,height=400');return false;\"><i class=\"fa fa-pinterest\"><\/i><\/a><\/div><div class=\"ultimate-layouts-share-item ul-vk\"><a title=\"Share on VK\" href=\"javascript:;\" target=\"_blank\" rel=\"nofollow\" onclick=\"window.open('\/\/vkontakte.ru\/share.php?url=https%3A%2F%2Fwww3.unicentro.br%2Firati%2F2026%2F04%2F10%2Fcampus-de-irati-esta-com-inscricoes-abertas-para-as-oficinas-de-historia%2F','vk-share-dialog','width=600,height=400');return false;\"><i class=\"fa fa-vk\"><\/i><\/a><\/div><div class=\"ultimate-layouts-share-item ul-email\"><a title=\"Email this\" href=\"mailto:?subject=C%C3%A2mpus+de+Irati+est%C3%A1+com+inscri%C3%A7%C3%B5es+abertas+para+as+%E2%80%9COficinas+de+Hist%C3%B3ria%E2%80%9D&amp;body=https%3A%2F%2Fwww3.unicentro.br%2Firati%2F2026%2F04%2F10%2Fcampus-de-irati-esta-com-inscricoes-abertas-para-as-oficinas-de-historia%2F\"><i class=\"fa fa-envelope\"><\/i><\/a><\/div><\/div><\/div><div class=\"flt-right\">\r\n\t\t\t\t\t\t\t\t\t\t<a  data-post-id=\"11724\" href=\"https:\/\/www3.unicentro.br\/irati\/2026\/04\/10\/campus-de-irati-esta-com-inscricoes-abertas-para-as-oficinas-de-historia\/\" title=\"C\u00e2mpus de Irati est\u00e1 com inscri\u00e7\u00f5es abertas para as \u201cOficinas de Hist\u00f3ria\u201d\"   class=\"ultimate-layouts-readmore-link\">\r\n\t\t\t\t\t\t\t\t\t\t\t<span>Ler mais<\/span>\r\n\t\t\t\t\t\t\t\t\t\t\t<i class=\"fa fa-angle-double-right ul-readmore-icon\" aria-hidden=\"true\"><\/i>\r\n\t\t\t\t\t\t\t\t\t\t<\/a>\r\n\t\t\t\t\t\t\t\t\t  <\/div><\/div><\/div>            \r\n        <\/div><!--content-->                \r\n    <\/div><!--entry content-->            \r\n<\/article><!--post item--><!--post item--> \r\n<article class=\"ultimate-layouts-item hentry\">\r\n    <!--entry content-->\r\n    <div class=\"ultimate-layouts-entry-wrapper entry-content\">    \r\n        <!--picture-->\r\n            \r\n        <!--picture-->        \r\n        <!--content-->\r\n        <div class=\"ultimate-layouts-content entry\">            \r\n            <div class=\"ultimate-layouts-categories \"><a href=\"https:\/\/www3.unicentro.br\/irati\/category\/noticias\/\" title=\"Not\u00edcias\"   class=\"ul-taxonomy category noticias\">Not\u00edcias<\/a><\/div>            \r\n            <h3 class=\"ultimate-layouts-title font-size-24 entry-title  \"><a  data-post-id=\"11709\" href=\"https:\/\/www3.unicentro.br\/irati\/2026\/04\/09\/aula-magna-do-programa-de-pos-graduacao-em-educacao-discute-aspectos-metodologicos-do-materialismo-historico-dialetico\/\" title=\"Aula Magna do Programa de P\u00f3s-Gradua\u00e7\u00e3o em Educa\u00e7\u00e3o discute aspectos metodol\u00f3gicos do materialismo hist\u00f3rico dial\u00e9tico\"   class=\"ultimate-layouts-title-link\">Aula Magna do Programa de P\u00f3s-Gradua\u00e7\u00e3o em Educa\u00e7\u00e3o discute aspectos metodol\u00f3gicos do materialismo hist\u00f3rico dial\u00e9tico<\/a><\/h3>            \r\n            <div class=\"ultimate-layouts-metas posted-on \"><div class=\"ultimate-layouts-metas-wrap\"><div data-class=\"ul-time-metas\"><i class=\"fa fa-calendar-check-o\" aria-hidden=\"true\"><\/i> <span>abril 9, 2026<\/span><\/div><\/div><\/div>   \r\n                      \r\n            <div class=\"ultimate-layouts-excerpt \">Palestra foi ministrada pelo professor Pedro Le\u00e3o da Costa Neto, da Universidade Tuiuti do Paran\u00e1 (UTP).<\/div>                                                    \r\n            <div class=\"ultimate-layouts-metas-st2 posted-on \"><div class=\"ultimate-layouts-metas-wrap\"><div class=\"flt-left\" data-action=\"share\"><a href=\"javascript:;\" title=\"Compartilhar\" class=\"ultimate-layouts-social-share-btn\"><i class=\"fa fa-share-alt\" aria-hidden=\"true\"><\/i> <span>Compartilhar<\/span><\/a><div class=\"ultimate-layouts-social-share\"><div class=\"ultimate-layouts-share-item ul-facebook\"><a title=\"Share on Facebook\" href=\"javascript:;\" target=\"_blank\" rel=\"nofollow\" onclick=\"window.open('https:\/\/www.facebook.com\/sharer\/sharer.php?u=https%3A%2F%2Fwww3.unicentro.br%2Firati%2F2026%2F04%2F09%2Faula-magna-do-programa-de-pos-graduacao-em-educacao-discute-aspectos-metodologicos-do-materialismo-historico-dialetico%2F','facebook-share-dialog','width=600,height=400');return false;\"><i class=\"fa fa-facebook\"><\/i><\/a><\/div><div class=\"ultimate-layouts-share-item ul-twitter\"><a title=\"Share on Twitter\" href=\"javascript:;\" target=\"_blank\" rel=\"nofollow\" onclick=\"window.open('http:\/\/twitter.com\/share?text=Aula+Magna+do+Programa+de+P%C3%B3s-Gradua%C3%A7%C3%A3o+em+Educa%C3%A7%C3%A3o+discute+aspectos+metodol%C3%B3gicos+do+materialismo+hist%C3%B3rico+dial%C3%A9tico&amp;url=https%3A%2F%2Fwww3.unicentro.br%2Firati%2F2026%2F04%2F09%2Faula-magna-do-programa-de-pos-graduacao-em-educacao-discute-aspectos-metodologicos-do-materialismo-historico-dialetico%2F','twitter-share-dialog','width=600,height=400');return false;\"><i class=\"fa fa-twitter\"><\/i><\/a><\/div><div class=\"ultimate-layouts-share-item ul-google\"><a title=\"Share on Google Plus\" href=\"javascript:;\" target=\"_blank\" rel=\"nofollow\" onclick=\"window.open('https:\/\/plus.google.com\/share?url=https%3A%2F%2Fwww3.unicentro.br%2Firati%2F2026%2F04%2F09%2Faula-magna-do-programa-de-pos-graduacao-em-educacao-discute-aspectos-metodologicos-do-materialismo-historico-dialetico%2F','googleplus-share-dialog','width=600,height=400');return false;\"><i class=\"fa fa-google-plus\"><\/i><\/a><\/div><div class=\"ultimate-layouts-share-item ul-linkedin\"><a title=\"Share on LinkedIn\" href=\"javascript:;\" target=\"_blank\" rel=\"nofollow\" onclick=\"window.open('http:\/\/www.linkedin.com\/shareArticle?mini=true&amp;url=https%3A%2F%2Fwww3.unicentro.br%2Firati%2F2026%2F04%2F09%2Faula-magna-do-programa-de-pos-graduacao-em-educacao-discute-aspectos-metodologicos-do-materialismo-historico-dialetico%2F&amp;title=Aula+Magna+do+Programa+de+P%C3%B3s-Gradua%C3%A7%C3%A3o+em+Educa%C3%A7%C3%A3o+discute+aspectos+metodol%C3%B3gicos+do+materialismo+hist%C3%B3rico+dial%C3%A9tico&amp;source=Campus+de+Irati','linkedin-share-dialog','width=600,height=400');return false;\"><i class=\"fa fa-linkedin\"><\/i><\/a><\/div><div class=\"ultimate-layouts-share-item ul-tumblr\"><a title=\"Share on Tumblr\" href=\"javascript:;\" target=\"_blank\" rel=\"nofollow\" onclick=\"window.open('http:\/\/www.tumblr.com\/share\/link?url=https%3A%2F%2Fwww3.unicentro.br%2Firati%2F2026%2F04%2F09%2Faula-magna-do-programa-de-pos-graduacao-em-educacao-discute-aspectos-metodologicos-do-materialismo-historico-dialetico%2F&amp;name=Aula+Magna+do+Programa+de+P%C3%B3s-Gradua%C3%A7%C3%A3o+em+Educa%C3%A7%C3%A3o+discute+aspectos+metodol%C3%B3gicos+do+materialismo+hist%C3%B3rico+dial%C3%A9tico','tumblr-share-dialog','width=600,height=400');return false;\"><i class=\"fa fa-tumblr\"><\/i><\/a><\/div><div class=\"ultimate-layouts-share-item ul-pinterest\"><a title=\"Pin this\" href=\"javascript:;\" target=\"_blank\" rel=\"nofollow\" onclick=\"window.open('\/\/pinterest.com\/pin\/create\/button\/?url=https%3A%2F%2Fwww3.unicentro.br%2Firati%2F2026%2F04%2F09%2Faula-magna-do-programa-de-pos-graduacao-em-educacao-discute-aspectos-metodologicos-do-materialismo-historico-dialetico%2F&amp;media=&amp;description=Aula+Magna+do+Programa+de+P%C3%B3s-Gradua%C3%A7%C3%A3o+em+Educa%C3%A7%C3%A3o+discute+aspectos+metodol%C3%B3gicos+do+materialismo+hist%C3%B3rico+dial%C3%A9tico','pin-share-dialog','width=600,height=400');return false;\"><i class=\"fa fa-pinterest\"><\/i><\/a><\/div><div class=\"ultimate-layouts-share-item ul-vk\"><a title=\"Share on VK\" href=\"javascript:;\" target=\"_blank\" rel=\"nofollow\" onclick=\"window.open('\/\/vkontakte.ru\/share.php?url=https%3A%2F%2Fwww3.unicentro.br%2Firati%2F2026%2F04%2F09%2Faula-magna-do-programa-de-pos-graduacao-em-educacao-discute-aspectos-metodologicos-do-materialismo-historico-dialetico%2F','vk-share-dialog','width=600,height=400');return false;\"><i class=\"fa fa-vk\"><\/i><\/a><\/div><div class=\"ultimate-layouts-share-item ul-email\"><a title=\"Email this\" href=\"mailto:?subject=Aula+Magna+do+Programa+de+P%C3%B3s-Gradua%C3%A7%C3%A3o+em+Educa%C3%A7%C3%A3o+discute+aspectos+metodol%C3%B3gicos+do+materialismo+hist%C3%B3rico+dial%C3%A9tico&amp;body=https%3A%2F%2Fwww3.unicentro.br%2Firati%2F2026%2F04%2F09%2Faula-magna-do-programa-de-pos-graduacao-em-educacao-discute-aspectos-metodologicos-do-materialismo-historico-dialetico%2F\"><i class=\"fa fa-envelope\"><\/i><\/a><\/div><\/div><\/div><div class=\"flt-right\">\r\n\t\t\t\t\t\t\t\t\t\t<a  data-post-id=\"11709\" href=\"https:\/\/www3.unicentro.br\/irati\/2026\/04\/09\/aula-magna-do-programa-de-pos-graduacao-em-educacao-discute-aspectos-metodologicos-do-materialismo-historico-dialetico\/\" title=\"Aula Magna do Programa de P\u00f3s-Gradua\u00e7\u00e3o em Educa\u00e7\u00e3o discute aspectos metodol\u00f3gicos do materialismo hist\u00f3rico dial\u00e9tico\"   class=\"ultimate-layouts-readmore-link\">\r\n\t\t\t\t\t\t\t\t\t\t\t<span>Ler mais<\/span>\r\n\t\t\t\t\t\t\t\t\t\t\t<i class=\"fa fa-angle-double-right ul-readmore-icon\" aria-hidden=\"true\"><\/i>\r\n\t\t\t\t\t\t\t\t\t\t<\/a>\r\n\t\t\t\t\t\t\t\t\t  <\/div><\/div><\/div>            \r\n        <\/div><!--content-->                \r\n    <\/div><!--entry content-->            \r\n<\/article><!--post item--><!--post item--> \r\n<article class=\"ultimate-layouts-item hentry\">\r\n    <!--entry content-->\r\n    <div class=\"ultimate-layouts-entry-wrapper entry-content\">    \r\n        <!--picture-->\r\n            \r\n        <!--picture-->        \r\n        <!--content-->\r\n        <div class=\"ultimate-layouts-content entry\">            \r\n            <div class=\"ultimate-layouts-categories \"><a href=\"https:\/\/www3.unicentro.br\/irati\/category\/noticias\/\" title=\"Not\u00edcias\"   class=\"ul-taxonomy category noticias\">Not\u00edcias<\/a><\/div>            \r\n            <h3 class=\"ultimate-layouts-title font-size-24 entry-title  \"><a  data-post-id=\"11691\" href=\"https:\/\/www3.unicentro.br\/irati\/2026\/04\/08\/aula-inaugural-do-sehla-em-prudentopolis-destaca-o-papel-da-literatura-infantil-e-juvenil\/\" title=\"Aula inaugural do Sehla em Prudent\u00f3polis destaca o papel da literatura infantil e juvenil\"   class=\"ultimate-layouts-title-link\">Aula inaugural do Sehla em Prudent\u00f3polis destaca o papel da literatura infantil e juvenil<\/a><\/h3>            \r\n            <div class=\"ultimate-layouts-metas posted-on \"><div class=\"ultimate-layouts-metas-wrap\"><div data-class=\"ul-time-metas\"><i class=\"fa fa-calendar-check-o\" aria-hidden=\"true\"><\/i> <span>abril 8, 2026<\/span><\/div><\/div><\/div>   \r\n                      \r\n            <div class=\"ultimate-layouts-excerpt \">Evento reuniu acad\u00eamicos de Pedagogia e professores para debater a import\u00e2ncia da sensibilidade art\u00edstica e da forma\u00e7\u00e3o do p\u00fablico leitor na educa\u00e7\u00e3o b\u00e1sica.<\/div>                                                    \r\n            <div class=\"ultimate-layouts-metas-st2 posted-on \"><div class=\"ultimate-layouts-metas-wrap\"><div class=\"flt-left\" data-action=\"share\"><a href=\"javascript:;\" title=\"Compartilhar\" class=\"ultimate-layouts-social-share-btn\"><i class=\"fa fa-share-alt\" aria-hidden=\"true\"><\/i> <span>Compartilhar<\/span><\/a><div class=\"ultimate-layouts-social-share\"><div class=\"ultimate-layouts-share-item ul-facebook\"><a title=\"Share on Facebook\" href=\"javascript:;\" target=\"_blank\" rel=\"nofollow\" onclick=\"window.open('https:\/\/www.facebook.com\/sharer\/sharer.php?u=https%3A%2F%2Fwww3.unicentro.br%2Firati%2F2026%2F04%2F08%2Faula-inaugural-do-sehla-em-prudentopolis-destaca-o-papel-da-literatura-infantil-e-juvenil%2F','facebook-share-dialog','width=600,height=400');return false;\"><i class=\"fa fa-facebook\"><\/i><\/a><\/div><div class=\"ultimate-layouts-share-item ul-twitter\"><a title=\"Share on Twitter\" href=\"javascript:;\" target=\"_blank\" rel=\"nofollow\" onclick=\"window.open('http:\/\/twitter.com\/share?text=Aula+inaugural+do+Sehla+em+Prudent%C3%B3polis+destaca+o+papel+da+literatura+infantil+e+juvenil&amp;url=https%3A%2F%2Fwww3.unicentro.br%2Firati%2F2026%2F04%2F08%2Faula-inaugural-do-sehla-em-prudentopolis-destaca-o-papel-da-literatura-infantil-e-juvenil%2F','twitter-share-dialog','width=600,height=400');return false;\"><i class=\"fa fa-twitter\"><\/i><\/a><\/div><div class=\"ultimate-layouts-share-item ul-google\"><a title=\"Share on Google Plus\" href=\"javascript:;\" target=\"_blank\" rel=\"nofollow\" onclick=\"window.open('https:\/\/plus.google.com\/share?url=https%3A%2F%2Fwww3.unicentro.br%2Firati%2F2026%2F04%2F08%2Faula-inaugural-do-sehla-em-prudentopolis-destaca-o-papel-da-literatura-infantil-e-juvenil%2F','googleplus-share-dialog','width=600,height=400');return false;\"><i class=\"fa fa-google-plus\"><\/i><\/a><\/div><div class=\"ultimate-layouts-share-item ul-linkedin\"><a title=\"Share on LinkedIn\" href=\"javascript:;\" target=\"_blank\" rel=\"nofollow\" onclick=\"window.open('http:\/\/www.linkedin.com\/shareArticle?mini=true&amp;url=https%3A%2F%2Fwww3.unicentro.br%2Firati%2F2026%2F04%2F08%2Faula-inaugural-do-sehla-em-prudentopolis-destaca-o-papel-da-literatura-infantil-e-juvenil%2F&amp;title=Aula+inaugural+do+Sehla+em+Prudent%C3%B3polis+destaca+o+papel+da+literatura+infantil+e+juvenil&amp;source=Campus+de+Irati','linkedin-share-dialog','width=600,height=400');return false;\"><i class=\"fa fa-linkedin\"><\/i><\/a><\/div><div class=\"ultimate-layouts-share-item ul-tumblr\"><a title=\"Share on Tumblr\" href=\"javascript:;\" target=\"_blank\" rel=\"nofollow\" onclick=\"window.open('http:\/\/www.tumblr.com\/share\/link?url=https%3A%2F%2Fwww3.unicentro.br%2Firati%2F2026%2F04%2F08%2Faula-inaugural-do-sehla-em-prudentopolis-destaca-o-papel-da-literatura-infantil-e-juvenil%2F&amp;name=Aula+inaugural+do+Sehla+em+Prudent%C3%B3polis+destaca+o+papel+da+literatura+infantil+e+juvenil','tumblr-share-dialog','width=600,height=400');return false;\"><i class=\"fa fa-tumblr\"><\/i><\/a><\/div><div class=\"ultimate-layouts-share-item ul-pinterest\"><a title=\"Pin this\" href=\"javascript:;\" target=\"_blank\" rel=\"nofollow\" onclick=\"window.open('\/\/pinterest.com\/pin\/create\/button\/?url=https%3A%2F%2Fwww3.unicentro.br%2Firati%2F2026%2F04%2F08%2Faula-inaugural-do-sehla-em-prudentopolis-destaca-o-papel-da-literatura-infantil-e-juvenil%2F&amp;media=&amp;description=Aula+inaugural+do+Sehla+em+Prudent%C3%B3polis+destaca+o+papel+da+literatura+infantil+e+juvenil','pin-share-dialog','width=600,height=400');return false;\"><i class=\"fa fa-pinterest\"><\/i><\/a><\/div><div class=\"ultimate-layouts-share-item ul-vk\"><a title=\"Share on VK\" href=\"javascript:;\" target=\"_blank\" rel=\"nofollow\" onclick=\"window.open('\/\/vkontakte.ru\/share.php?url=https%3A%2F%2Fwww3.unicentro.br%2Firati%2F2026%2F04%2F08%2Faula-inaugural-do-sehla-em-prudentopolis-destaca-o-papel-da-literatura-infantil-e-juvenil%2F','vk-share-dialog','width=600,height=400');return false;\"><i class=\"fa fa-vk\"><\/i><\/a><\/div><div class=\"ultimate-layouts-share-item ul-email\"><a title=\"Email this\" href=\"mailto:?subject=Aula+inaugural+do+Sehla+em+Prudent%C3%B3polis+destaca+o+papel+da+literatura+infantil+e+juvenil&amp;body=https%3A%2F%2Fwww3.unicentro.br%2Firati%2F2026%2F04%2F08%2Faula-inaugural-do-sehla-em-prudentopolis-destaca-o-papel-da-literatura-infantil-e-juvenil%2F\"><i class=\"fa fa-envelope\"><\/i><\/a><\/div><\/div><\/div><div class=\"flt-right\">\r\n\t\t\t\t\t\t\t\t\t\t<a  data-post-id=\"11691\" href=\"https:\/\/www3.unicentro.br\/irati\/2026\/04\/08\/aula-inaugural-do-sehla-em-prudentopolis-destaca-o-papel-da-literatura-infantil-e-juvenil\/\" title=\"Aula inaugural do Sehla em Prudent\u00f3polis destaca o papel da literatura infantil e juvenil\"   class=\"ultimate-layouts-readmore-link\">\r\n\t\t\t\t\t\t\t\t\t\t\t<span>Ler mais<\/span>\r\n\t\t\t\t\t\t\t\t\t\t\t<i class=\"fa fa-angle-double-right ul-readmore-icon\" aria-hidden=\"true\"><\/i>\r\n\t\t\t\t\t\t\t\t\t\t<\/a>\r\n\t\t\t\t\t\t\t\t\t  <\/div><\/div><\/div>            \r\n        <\/div><!--content-->                \r\n    <\/div><!--entry content-->            \r\n<\/article><!--post item--><\/div><div class=\"ul-pagination-wrap\">\r\n\t\t\t\t\t\t\t\t\t\t\t\t<div class=\"ultimate-layouts-readmore-btn ul-loadmore-style ul-loadmore-action\">\r\n\t\t\t\t\t\t\t\t\t\t\t\t\t<span class=\"ul-loadmore-text\">Carregar mais not\u00edcias<\/span>\t\t\t\t\t\t\t\t\t\t\t\t\t\r\n\t\t\t\t\t\t\t\t\t\t\t\t\t<div class=\"ul-loadmore-loading la-ball-scale-multiple la-2x\">\r\n\t\t\t\t\t\t\t\t\t\t\t\t\t\t<div><\/div>\r\n\t\t\t\t\t\t\t\t\t\t\t\t\t\t<div><\/div>\r\n\t\t\t\t\t\t\t\t\t\t\t\t\t\t<div><\/div>\r\n\t\t\t\t\t\t\t\t\t\t\t\t\t<\/div>\r\n\t\t\t\t\t\t\t\t\t\t\t\t<\/div>\r\n\t\t\t\t\t\t\t\t\t\t\t<\/div><\/div>[\/vc_column][\/vc_row]<\/p>\n<\/div>","protected":false},"excerpt":{"rendered":"<p>[vc_row][vc_column][\/vc_column][\/vc_row]<\/p>\n","protected":false},"author":3,"featured_media":0,"parent":0,"menu_order":0,"comment_status":"closed","ping_status":"closed","template":"","meta":{"_exactmetrics_skip_tracking":false,"_exactmetrics_sitenote_active":false,"_exactmetrics_sitenote_note":"","_exactmetrics_sitenote_category":0,"footnotes":"","_links_to":"","_links_to_target":""},"class_list":["post-74","page","type-page","status-publish","hentry"],"_links":{"self":[{"href":"https:\/\/www3.unicentro.br\/irati\/wp-json\/wp\/v2\/pages\/74","targetHints":{"allow":["GET"]}}],"collection":[{"href":"https:\/\/www3.unicentro.br\/irati\/wp-json\/wp\/v2\/pages"}],"about":[{"href":"https:\/\/www3.unicentro.br\/irati\/wp-json\/wp\/v2\/types\/page"}],"author":[{"embeddable":true,"href":"https:\/\/www3.unicentro.br\/irati\/wp-json\/wp\/v2\/users\/3"}],"replies":[{"embeddable":true,"href":"https:\/\/www3.unicentro.br\/irati\/wp-json\/wp\/v2\/comments?post=74"}],"version-history":[{"count":0,"href":"https:\/\/www3.unicentro.br\/irati\/wp-json\/wp\/v2\/pages\/74\/revisions"}],"wp:attachment":[{"href":"https:\/\/www3.unicentro.br\/irati\/wp-json\/wp\/v2\/media?parent=74"}],"curies":[{"name":"wp","href":"https:\/\/api.w.org\/{rel}","templated":true}]}}