{"id":77,"date":"2020-05-27T17:23:59","date_gmt":"2020-05-27T20:23:59","guid":{"rendered":"https:\/\/www3.unicentro.br\/florescer\/?page_id=77"},"modified":"2025-05-20T15:46:32","modified_gmt":"2025-05-20T18:46:32","slug":"na-imprensa","status":"publish","type":"page","link":"https:\/\/www3.unicentro.br\/florescer\/na-imprensa\/","title":{"rendered":"Na Imprensa"},"content":{"rendered":"<div class=\"wpb-content-wrapper\"><p>[vc_row u_row_style=&#8221;0&#8243; u_row_paralax=&#8221;0&#8243; u_row_scheme=&#8221;0&#8243; css=&#8221;.vc_custom_1591817894222{background-color: rgba(221,188,188,0.72) !important;*background-color: rgb(221,188,188) !important;}&#8221;][vc_column width=&#8221;5\/6&#8243;][vc_column_text css=&#8221;&#8221;]<span style=\"font-family: georgia, palatino, serif;font-size: 14pt\"><strong>Jornal Extra Guarapuava 2024 &#8211;<\/strong> &#8220;Projetos da Unicentro promovem autonomia feminina e combate \u00e0 viol\u00eancia de g\u00eanero&#8221;\u00a0<\/span>[\/vc_column_text][\/vc_column][vc_column width=&#8221;1\/6&#8243;][vc_btn title=&#8221;Ir para o site&#8221; color=&#8221;white&#8221; css=&#8221;&#8221; link=&#8221;url:https%3A%2F%2Fwww.extraguarapuava.com.br%2Fgeral%2Fprojetos-da-unicentro-promovem-autonomia-feminina-e-combate-a-violencia-de-genero%2F|target:_blank&#8221;][\/vc_column][\/vc_row][vc_row][vc_column][vc_separator color=&#8221;custom&#8221; accent_color=&#8221;rgba(221,188,188,0.7)&#8221;][\/vc_column][\/vc_row][vc_row][vc_column][vc_row_inner css=&#8221;.vc_custom_1747744263687{background-color: #DDBCBCB8 !important;}&#8221;][vc_column_inner width=&#8221;5\/6&#8243;][vc_column_text css=&#8221;&#8221;]<span style=\"font-family: georgia, palatino, serif;font-size: 14pt\"><strong>RPC TV &#8211;<\/strong> &#8220;Lei Maria da Penha completa 13 anos&#8221;<\/span>[\/vc_column_text][\/vc_column_inner][vc_column_inner width=&#8221;1\/6&#8243;][vc_btn title=&#8221;Ir para o site&#8221; color=&#8221;white&#8221; css=&#8221;&#8221; link=&#8221;url:https%3A%2F%2Fgloboplay.globo.com%2Fv%2F7826273%2F|target:_blank&#8221;][\/vc_column_inner][\/vc_row_inner][\/vc_column][\/vc_row][vc_row][vc_column][vc_separator color=&#8221;custom&#8221; accent_color=&#8221;rgba(221,188,188,0.7)&#8221;][\/vc_column][\/vc_row][vc_row u_row_style=&#8221;0&#8243; u_row_paralax=&#8221;0&#8243; u_row_scheme=&#8221;0&#8243; css=&#8221;.vc_custom_1591817894222{background-color: rgba(221,188,188,0.72) !important;*background-color: rgb(221,188,188) !important;}&#8221;][vc_column width=&#8221;5\/6&#8243;][vc_column_text]<span style=\"font-family: georgia, palatino, serif;font-size: 14pt\"><strong>RedeSul de Not\u00edcias<\/strong> &#8211; &#8220;Projeto Florescer rende pr\u00eamio \u00e0 professora&#8221;<\/span>[\/vc_column_text][\/vc_column][vc_column width=&#8221;1\/6&#8243;][vc_btn title=&#8221;Ir para o site&#8221; color=&#8221;white&#8221; link=&#8221;url:https%3A%2F%2Fredesuldenoticias.com.br%2Fnoticias%2Fflorescer-da-premio-a-professora%2F||target:%20_blank|&#8221;][\/vc_column][\/vc_row][vc_row][vc_column][vc_separator color=&#8221;custom&#8221; accent_color=&#8221;rgba(221,188,188,0.7)&#8221;][\/vc_column][\/vc_row][vc_row u_row_style=&#8221;0&#8243; u_row_paralax=&#8221;0&#8243; u_row_scheme=&#8221;0&#8243; css=&#8221;.vc_custom_1591817894222{background-color: rgba(221,188,188,0.72) !important;*background-color: rgb(221,188,188) !important;}&#8221;][vc_column width=&#8221;5\/6&#8243;][vc_column_text]<span style=\"font-family: georgia, palatino, serif;font-size: 14pt\"><strong>Gmais Not\u00edcias<\/strong> &#8211; \u201cAssedi\u00f4metros, desenvolvidos na Unicentro, foram usados para combater o ass\u00e9dio no Carnaval\u201d<br \/>\n<\/span>[\/vc_column_text][\/vc_column][vc_column width=&#8221;1\/6&#8243;][vc_btn title=&#8221;Ir para o site&#8221; color=&#8221;white&#8221; link=&#8221;url:https%3A%2F%2Fwww.correiodocidadao.com.br%2Fnoticia%2Fmaria-da-penha-nas-escolas-pode-se-tornar-lei-em-guarapuava||target:%20_blank|&#8221;][\/vc_column][\/vc_row][vc_row][vc_column][vc_separator color=&#8221;custom&#8221; accent_color=&#8221;rgba(221,188,188,0.7)&#8221;][\/vc_column][\/vc_row][vc_row u_row_style=&#8221;0&#8243; u_row_paralax=&#8221;0&#8243; u_row_scheme=&#8221;0&#8243; css=&#8221;.vc_custom_1591817894222{background-color: rgba(221,188,188,0.72) !important;*background-color: rgb(221,188,188) !important;}&#8221;][vc_column width=&#8221;5\/6&#8243;][vc_column_text]<span style=\"font-family: georgia, palatino, serif;font-size: 14pt\"><strong>Correio do Cidad\u00e3o<\/strong> &#8211; &#8220;Maria da Penha nas Escolas\u2019 pode se tornar lei em Guarapuava&#8221;<\/span>[\/vc_column_text][\/vc_column][vc_column width=&#8221;1\/6&#8243;][vc_btn title=&#8221;Ir para o site&#8221; color=&#8221;white&#8221; link=&#8221;url:https%3A%2F%2Fredesuldenoticias.com.br%2Fnoticias%2Fflorescer-da-premio-a-professora%2F||target:%20_blank|&#8221;][\/vc_column][\/vc_row][vc_row][vc_column][vc_separator color=&#8221;custom&#8221; accent_color=&#8221;rgba(221,188,188,0.7)&#8221;][\/vc_column][\/vc_row][vc_row u_row_style=&#8221;0&#8243; u_row_paralax=&#8221;0&#8243; u_row_scheme=&#8221;0&#8243; css=&#8221;.vc_custom_1591817894222{background-color: rgba(221,188,188,0.72) !important;*background-color: rgb(221,188,188) !important;}&#8221;][vc_column width=&#8221;5\/6&#8243;][vc_column_text]<span style=\"font-family: georgia, palatino, serif;font-size: 14pt\"><strong>Unicentro Entre Rios FM<\/strong> &#8211; \u201cCinema do Florescer tem entrega de projeto que transforma Maria da Penha nas Escolas em lei\u201d<\/span>[\/vc_column_text][\/vc_column][vc_column width=&#8221;1\/6&#8243;][vc_btn title=&#8221;Ir para o site&#8221; color=&#8221;white&#8221; link=&#8221;url:https%3A%2F%2Fwww.unicentrofm.com.br%2Funicentro-tv%2Fcinema-do-florescer-tem-entrega-de-projeto-que-transforma-maria-da-penha-nas-escolas-em-lei%2F||target:%20_blank|&#8221;][\/vc_column][\/vc_row][vc_row][vc_column][vc_separator color=&#8221;custom&#8221; accent_color=&#8221;rgba(221,188,188,0.7)&#8221;][\/vc_column][\/vc_row][vc_row u_row_style=&#8221;0&#8243; u_row_paralax=&#8221;0&#8243; u_row_scheme=&#8221;0&#8243; css=&#8221;.vc_custom_1591817894222{background-color: rgba(221,188,188,0.72) !important;*background-color: rgb(221,188,188) !important;}&#8221;][vc_column width=&#8221;5\/6&#8243;][vc_column_text]<span style=\"font-family: georgia, palatino, serif;font-size: 14pt\"><strong>Paran\u00e1 Central<\/strong> &#8211; \u201cGuarapuava vai ampliar combate \u00e0 viol\u00eancia contra a mulher\u201d<\/span>[\/vc_column_text][\/vc_column][vc_column width=&#8221;1\/6&#8243;][vc_btn title=&#8221;Ir para o site&#8221; color=&#8221;white&#8221; link=&#8221;url:https%3A%2F%2Fwww.paranacentral.com.br%2Fguarapuava-vai-ampliar-combate-a-violencia-contra-a-mulher||target:%20_blank|&#8221;][\/vc_column][\/vc_row][vc_row][vc_column][vc_separator color=&#8221;custom&#8221; accent_color=&#8221;rgba(221,188,188,0.7)&#8221;][\/vc_column][\/vc_row][vc_row u_row_style=&#8221;0&#8243; u_row_paralax=&#8221;0&#8243; u_row_scheme=&#8221;0&#8243; css=&#8221;.vc_custom_1591817894222{background-color: rgba(221,188,188,0.72) !important;*background-color: rgb(221,188,188) !important;}&#8221;][vc_column width=&#8221;5\/6&#8243;][vc_column_text]<span style=\"font-family: georgia, palatino, serif;font-size: 14pt\"><strong>CATVE<\/strong> &#8211; \u201cGuarapuava sediar\u00e1 encontro internacional com perspectiva de equidade de g\u00eanero\u201d<\/span>[\/vc_column_text][\/vc_column][vc_column width=&#8221;1\/6&#8243;][vc_btn title=&#8221;Ir para o site&#8221; color=&#8221;white&#8221; link=&#8221;url:https%3A%2F%2Fcatve.com%2Fnoticia%2F6%2F234240%2Fguarapuava-sediara-encontro-internacional-com-perspectiva-de-equidade-de-genero||target:%20_blank|&#8221;][\/vc_column][\/vc_row][vc_row][vc_column][vc_separator color=&#8221;custom&#8221; accent_color=&#8221;rgba(221,188,188,0.7)&#8221;][\/vc_column][\/vc_row][vc_row u_row_style=&#8221;0&#8243; u_row_paralax=&#8221;0&#8243; u_row_scheme=&#8221;0&#8243; css=&#8221;.vc_custom_1591817894222{background-color: rgba(221,188,188,0.72) !important;*background-color: rgb(221,188,188) !important;}&#8221;][vc_column width=&#8221;5\/6&#8243;][vc_column_text]<span style=\"font-family: georgia, palatino, serif;font-size: 14pt\"><strong>Folha de Londrina<\/strong> &#8211; \u201cPrograma Mulher Alerta \u00e9 desenvolvido em Guarapuava\u201d <\/span>[\/vc_column_text][\/vc_column][vc_column width=&#8221;1\/6&#8243;][vc_btn title=&#8221;Ir para o site&#8221; color=&#8221;white&#8221; link=&#8221;url:https%3A%2F%2Fwww.folhadelondrina.com.br%2Fcidades%2Fprograma-mulher-alerta-e-desenvolvido-em-guarapuava-2936386e.html||target:%20_blank|&#8221;][\/vc_column][\/vc_row][vc_row][vc_column][vc_separator color=&#8221;custom&#8221; accent_color=&#8221;rgba(221,188,188,0.7)&#8221;][\/vc_column][\/vc_row][vc_row u_row_style=&#8221;0&#8243; u_row_paralax=&#8221;0&#8243; u_row_scheme=&#8221;0&#8243; css=&#8221;.vc_custom_1591817894222{background-color: rgba(221,188,188,0.72) !important;*background-color: rgb(221,188,188) !important;}&#8221;][vc_column width=&#8221;5\/6&#8243;][vc_column_text]<span style=\"font-family: georgia, palatino, serif;font-size: 14pt\"><strong>Folha de Irati<\/strong> &#8211; \u201cEstado amplia atendimento humanizado a v\u00edtimas de viol\u00eancia sexual\u201d <\/span>[\/vc_column_text][\/vc_column][vc_column width=&#8221;1\/6&#8243;][vc_btn title=&#8221;Ir para o site&#8221; color=&#8221;white&#8221; link=&#8221;url:https%3A%2F%2Fwww.folhadeirati.com.br%2Fnoticia%2Festado-amplia-atendimento-humanizado-a-vitimas-de-violencia-sexual||target:%20_blank|&#8221;][\/vc_column][\/vc_row][vc_row][vc_column][vc_separator color=&#8221;custom&#8221; accent_color=&#8221;rgba(221,188,188,0.7)&#8221;][\/vc_column][\/vc_row][vc_row u_row_style=&#8221;0&#8243; u_row_paralax=&#8221;0&#8243; u_row_scheme=&#8221;0&#8243; css=&#8221;.vc_custom_1591817894222{background-color: rgba(221,188,188,0.72) !important;*background-color: rgb(221,188,188) !important;}&#8221;][vc_column width=&#8221;5\/6&#8243;][vc_column_text]<span style=\"font-family: georgia, palatino, serif;font-size: 14pt\"><strong>C\u00e2mara Municial de Guarapuava<\/strong> &#8211; \u201c1 Encontro Regional de Pol\u00edticas P\u00fablicas para as Mulheres\u201d <\/span>[\/vc_column_text][\/vc_column][vc_column width=&#8221;1\/6&#8243;][vc_btn title=&#8221;Ir para o site&#8221; color=&#8221;white&#8221; link=&#8221;url:https%3A%2F%2Fwww.guarapuava.pr.leg.br%2Fimprensa%2Fnoticias%2F1deg-encontro-regional-de-politicas-publicas-para-as-mulheres||target:%20_blank|&#8221;][\/vc_column][\/vc_row][vc_row][vc_column][vc_separator color=&#8221;custom&#8221; accent_color=&#8221;rgba(221,188,188,0.7)&#8221;][\/vc_column][\/vc_row][vc_row u_row_style=&#8221;0&#8243; u_row_paralax=&#8221;0&#8243; u_row_scheme=&#8221;0&#8243; css=&#8221;.vc_custom_1591817894222{background-color: rgba(221,188,188,0.72) !important;*background-color: rgb(221,188,188) !important;}&#8221;][vc_column width=&#8221;5\/6&#8243;][vc_column_text]<span style=\"font-family: georgia, palatino, serif;font-size: 14pt\"><strong>ANADEP<\/strong> &#8211; \u201cPR: Projeto Lei Maria da Penha na Escola encerra em Guarapuava\u201d<\/span>[\/vc_column_text][\/vc_column][vc_column width=&#8221;1\/6&#8243;][vc_btn title=&#8221;Ir para o site&#8221; color=&#8221;white&#8221; link=&#8221;url:https%3A%2F%2Fwww.anadep.org.br%2Fwtk%2Fpagina%2Fmateria%3Fid%3D39519||target:%20_blank|&#8221;][\/vc_column][\/vc_row][vc_row][vc_column][vc_separator color=&#8221;custom&#8221; accent_color=&#8221;rgba(221,188,188,0.7)&#8221;][\/vc_column][\/vc_row][vc_row u_row_style=&#8221;0&#8243; u_row_paralax=&#8221;0&#8243; u_row_scheme=&#8221;0&#8243; css=&#8221;.vc_custom_1591817894222{background-color: rgba(221,188,188,0.72) !important;*background-color: rgb(221,188,188) !important;}&#8221;][vc_column width=&#8221;5\/6&#8243;][vc_column_text]<span style=\"font-family: georgia, palatino, serif;font-size: 14pt\"><strong> Jornal Fatos do Igua\u00e7u<\/strong> &#8211; \u201cCombate a viol\u00eancia feminina: Fatos do Igua\u00e7u faz parceria com Numape\/Unicentro\u201d<\/span>[\/vc_column_text][\/vc_column][vc_column width=&#8221;1\/6&#8243;][vc_btn title=&#8221;Ir para o site&#8221; color=&#8221;white&#8221; link=&#8221;url:https%3A%2F%2Fjornalfatos.com.br%2Fcombate-violencia-feminina-fatos-do-iguacu-faz-parceria-com-numapeunicentro%2F||target:%20_blank|&#8221;][\/vc_column][\/vc_row][vc_row][vc_column][vc_separator color=&#8221;custom&#8221; accent_color=&#8221;rgba(221,188,188,0.7)&#8221;][\/vc_column][\/vc_row][vc_row u_row_style=&#8221;0&#8243; u_row_paralax=&#8221;0&#8243; u_row_scheme=&#8221;0&#8243; css=&#8221;.vc_custom_1591817894222{background-color: rgba(221,188,188,0.72) !important;*background-color: rgb(221,188,188) !important;}&#8221;][vc_column width=&#8221;5\/6&#8243;][vc_column_text]<span style=\"font-family: georgia, palatino, serif;font-size: 14pt\"><strong> Correio do Cidad\u00e3o<\/strong> &#8211; &#8220;Comunica\u00e7\u00e3o como arma no combate \u00e0 viol\u00eancia contra a mulher&#8221;<\/span>[\/vc_column_text][\/vc_column][vc_column width=&#8221;1\/6&#8243;][vc_btn title=&#8221;Ir para o site&#8221; color=&#8221;white&#8221; link=&#8221;url:https%3A%2F%2Fwww.correiodocidadao.com.br%2Fnoticia%2Fcomunicacao-como-arma-no-combate-a-violencia-contra-a-mulher||target:%20_blank|&#8221;][\/vc_column][\/vc_row][vc_row][vc_column][vc_separator color=&#8221;custom&#8221; accent_color=&#8221;rgba(221,188,188,0.7)&#8221;][\/vc_column][\/vc_row][vc_row u_row_style=&#8221;0&#8243; u_row_paralax=&#8221;0&#8243; u_row_scheme=&#8221;0&#8243; css=&#8221;.vc_custom_1591817894222{background-color: rgba(221,188,188,0.72) !important;*background-color: rgb(221,188,188) !important;}&#8221;][vc_column width=&#8221;5\/6&#8243;][vc_column_text]<span style=\"font-family: georgia, palatino, serif;font-size: 14pt\"><strong> Redesul de not\u00edcias<\/strong> &#8211; &#8220;Projeto Lei Maria da Penha nas Escolas inicia capacita\u00e7\u00e3o de alunos, em Guarapuava&#8221;<\/span>[\/vc_column_text][\/vc_column][vc_column width=&#8221;1\/6&#8243;][vc_btn title=&#8221;Ir para o site&#8221; color=&#8221;white&#8221; link=&#8221;url:https%3A%2F%2Fredesuldenoticias.com.br%2Fnoticias%2Fprojeto-lei-maria-da-penha-nas-escolas-inicia-capacitacao-de-alunos-em-guarapuava%2F||target:%20_blank|&#8221;][\/vc_column][\/vc_row][vc_row][vc_column][vc_separator color=&#8221;custom&#8221; accent_color=&#8221;rgba(221,188,188,0.7)&#8221;][\/vc_column][\/vc_row][vc_row u_row_style=&#8221;0&#8243; u_row_paralax=&#8221;0&#8243; u_row_scheme=&#8221;0&#8243; css=&#8221;.vc_custom_1591817894222{background-color: rgba(221,188,188,0.72) !important;*background-color: rgb(221,188,188) !important;}&#8221;][vc_column width=&#8221;5\/6&#8243;][vc_column_text]<span style=\"font-family: georgia, palatino, serif;font-size: 14pt\"><strong> Gmais not\u00edcias<\/strong> &#8211; Alunos da Escola Hip\u00f3lita Nunes participam do encerramento do projeto Maria da Penha nas Escolas<\/span>[\/vc_column_text][\/vc_column][vc_column width=&#8221;1\/6&#8243;][vc_btn title=&#8221;Ir para o site&#8221; color=&#8221;white&#8221; link=&#8221;url:https%3A%2F%2Fgmaisnoticias.com%2Falunos-da-escola-hipolita-nunes-participam-do-encerramento-do-projeto-maria-da-penha-nas-escolas||target:%20_blank|&#8221;][\/vc_column][\/vc_row][vc_row][vc_column][vc_separator color=&#8221;custom&#8221; accent_color=&#8221;rgba(221,188,188,0.7)&#8221;][\/vc_column][\/vc_row][vc_row u_row_style=&#8221;0&#8243; u_row_paralax=&#8221;0&#8243; u_row_scheme=&#8221;0&#8243; css=&#8221;.vc_custom_1591817894222{background-color: rgba(221,188,188,0.72) !important;*background-color: rgb(221,188,188) !important;}&#8221;][vc_column width=&#8221;5\/6&#8243;][vc_column_text]<span style=\"font-family: georgia, palatino, serif;font-size: 14pt\"><strong> Unicentro Entre Rios FM<\/strong> &#8211; \u201cCom apoio do Universidade Sem Fronteiras, Florescer inicia oficinas nas escolas municipais\u201d<\/span>[\/vc_column_text][\/vc_column][vc_column width=&#8221;1\/6&#8243;][vc_btn title=&#8221;Ir para o site&#8221; color=&#8221;white&#8221; link=&#8221;url:https%3A%2F%2Fwww.unicentrofm.com.br%2Fnoticias%2Funicentro-noticias%2Fcom-apoio-do-universidade-sem-fronteiras-florescer-inicia-oficinas-nas-escolas-municipais%2F||target:%20_blank|&#8221;][\/vc_column][\/vc_row][vc_row][vc_column][vc_separator color=&#8221;custom&#8221; accent_color=&#8221;rgba(221,188,188,0.7)&#8221;][\/vc_column][\/vc_row][vc_row u_row_style=&#8221;0&#8243; u_row_paralax=&#8221;0&#8243; u_row_scheme=&#8221;0&#8243; css=&#8221;.vc_custom_1591817894222{background-color: rgba(221,188,188,0.72) !important;*background-color: rgb(221,188,188) !important;}&#8221;][vc_column width=&#8221;5\/6&#8243;][vc_column_text]<span style=\"font-family: georgia, palatino, serif;font-size: 14pt\"><strong> SETI<\/strong> &#8211; \u201cUnicentro \u00e9 parceira da Secretaria de Pol\u00edticas P\u00fablicas para Mulheres no programa Mulher Alerta\u201d<\/span>[\/vc_column_text][\/vc_column][vc_column width=&#8221;1\/6&#8243;][vc_btn title=&#8221;Ir para o site&#8221; color=&#8221;white&#8221; link=&#8221;url:http%3A%2F%2Fwww.seti.pr.gov.br%2FNoticia%2FUnicentro-e-parceira-da-Secretaria-de-Politicas-Publicas-para-Mulheres-no-programa-Mulher||target:%20_blank|&#8221;][\/vc_column][\/vc_row][vc_row][vc_column][vc_separator color=&#8221;custom&#8221; accent_color=&#8221;rgba(221,188,188,0.7)&#8221;][\/vc_column][\/vc_row][vc_row u_row_style=&#8221;0&#8243; u_row_paralax=&#8221;0&#8243; u_row_scheme=&#8221;0&#8243; css=&#8221;.vc_custom_1591817894222{background-color: rgba(221,188,188,0.72) !important;*background-color: rgb(221,188,188) !important;}&#8221;][vc_column width=&#8221;5\/6&#8243;][vc_column_text]<span style=\"font-family: georgia, palatino, serif;font-size: 14pt\"><strong> Blog Alencar Souza<\/strong> &#8211; \u201cUnicentro promove a\u00e7\u00e3o de combate a viol\u00eancia contra mulher\u201d<\/span>[\/vc_column_text][\/vc_column][vc_column width=&#8221;1\/6&#8243;][vc_btn title=&#8221;Ir para o site&#8221; color=&#8221;white&#8221; link=&#8221;url:http%3A%2F%2Fwww.alencarsouza.com%2F2018%2F08%2Funicentro-promove-acao-de-combate.html||target:%20_blank|&#8221;][\/vc_column][\/vc_row][vc_row][vc_column][vc_separator color=&#8221;custom&#8221; accent_color=&#8221;rgba(221,188,188,0.7)&#8221;][\/vc_column][\/vc_row][vc_row u_row_style=&#8221;0&#8243; u_row_paralax=&#8221;0&#8243; u_row_scheme=&#8221;0&#8243; css=&#8221;.vc_custom_1591817894222{background-color: rgba(221,188,188,0.72) !important;*background-color: rgb(221,188,188) !important;}&#8221;][vc_column width=&#8221;5\/6&#8243;][vc_column_text]<span style=\"font-family: georgia, palatino, serif;font-size: 14pt\"><strong> Conselho Estadual dos Direitos da Mulheres<\/strong> &#8211; \u201c6 anos de pol\u00edticas p\u00fablicas municipais para as mulheres: instaura\u00e7\u00e3o, consolida\u00e7\u00e3o e avan\u00e7os\u201d<\/span>[\/vc_column_text][\/vc_column][vc_column width=&#8221;1\/6&#8243;][vc_btn title=&#8221;Ir para o site&#8221; color=&#8221;white&#8221; link=&#8221;url:http%3A%2F%2Fwww.alencarsouza.com%2F2018%2F08%2Funicentro-promove-acao-de-combate.html||target:%20_blank|&#8221;][\/vc_column][\/vc_row][vc_row][vc_column][vc_separator color=&#8221;custom&#8221; accent_color=&#8221;rgba(221,188,188,0.7)&#8221;][\/vc_column][\/vc_row][vc_row u_row_style=&#8221;0&#8243; u_row_paralax=&#8221;0&#8243; u_row_scheme=&#8221;0&#8243; css=&#8221;.vc_custom_1591817894222{background-color: rgba(221,188,188,0.72) !important;*background-color: rgb(221,188,188) !important;}&#8221;][vc_column width=&#8221;5\/6&#8243;][vc_column_text]<span style=\"font-family: georgia, palatino, serif;font-size: 14pt\"><strong> Departamento de Atendimento Socioeducativo (DEASE)<\/strong> &#8211; &#8220;Sejuf promove em Guarapuava a 1\u00aa reuni\u00e3o ampliada e descentralizada do Conselho Estadual dos Direitos da Mulher&#8221;<\/span>[\/vc_column_text][\/vc_column][vc_column width=&#8221;1\/6&#8243;][vc_btn title=&#8221;Ir para o site&#8221; color=&#8221;white&#8221; link=&#8221;url:http%3A%2F%2Fwww.dease.pr.gov.br%2F2019%2F06%2F2934%2C11%2FSejuf-promove-em-Guarapuava-a-1a-reuniao-ampliada-e-descentralizada-do-Conselho-Estadual-dos-Direitos-da-Mulher-.html||target:%20_blank|&#8221;][\/vc_column][\/vc_row][vc_row][vc_column][vc_separator color=&#8221;custom&#8221; accent_color=&#8221;rgba(221,188,188,0.7)&#8221;][\/vc_column][\/vc_row][vc_row u_row_style=&#8221;0&#8243; u_row_paralax=&#8221;0&#8243; u_row_scheme=&#8221;0&#8243; css=&#8221;.vc_custom_1591817894222{background-color: rgba(221,188,188,0.72) !important;*background-color: rgb(221,188,188) !important;}&#8221;][vc_column width=&#8221;5\/6&#8243;][vc_column_text]<span style=\"font-family: georgia, palatino, serif;font-size: 14pt\"><b><br \/>\nUnicentro TV<\/b>\u00a0&#8211; &#8220;Numape Florescer lan\u00e7a produtos educomunicatiovos de combate \u00e0 viol\u00eancia contra a mulher&#8221;<\/span>[\/vc_column_text][\/vc_column][vc_column width=&#8221;1\/6&#8243;][vc_btn title=&#8221;Ir para o site&#8221; color=&#8221;white&#8221; link=&#8221;url:https%3A%2F%2Fwww.youtube.com%2Fwatch%3Fv%3DDb40N7Am6pI||target:%20_blank|&#8221;][\/vc_column][\/vc_row][vc_row][vc_column][vc_separator color=&#8221;custom&#8221; accent_color=&#8221;rgba(221,188,188,0.7)&#8221;][\/vc_column][\/vc_row][vc_row u_row_style=&#8221;0&#8243; u_row_paralax=&#8221;0&#8243; u_row_scheme=&#8221;0&#8243; css=&#8221;.vc_custom_1591817894222{background-color: rgba(221,188,188,0.72) !important;*background-color: rgb(221,188,188) !important;}&#8221;][vc_column width=&#8221;5\/6&#8243;][vc_column_text]<span style=\"font-family: georgia, palatino, serif;font-size: 14pt\"><b>Unicentro TV<\/b>\u00a0&#8211; &#8220;Numape Florescer: Assedi\u00f4metro&#8221;<\/span>[\/vc_column_text][\/vc_column][vc_column width=&#8221;1\/6&#8243;][vc_btn title=&#8221;Ir para o site&#8221; color=&#8221;white&#8221; link=&#8221;url:https%3A%2F%2Fwww.youtube.com%2Fwatch%3Fv%3DFGACtppQskM||target:%20_blank|&#8221;][\/vc_column][\/vc_row][vc_row][vc_column][vc_separator color=&#8221;custom&#8221; accent_color=&#8221;rgba(221,188,188,0.7)&#8221;][\/vc_column][\/vc_row][vc_row u_row_style=&#8221;0&#8243; u_row_paralax=&#8221;0&#8243; u_row_scheme=&#8221;0&#8243; css=&#8221;.vc_custom_1591817894222{background-color: rgba(221,188,188,0.72) !important;*background-color: rgb(221,188,188) !important;}&#8221;][vc_column width=&#8221;5\/6&#8243;][vc_column_text]<span style=\"font-family: georgia, palatino, serif;font-size: 14pt\"><b>Unicentro TV<\/b>\u00a0&#8211; &#8220;Numape Florescer: a viol\u00eancia acaba quando h\u00e1 respeito pela mulher&#8221;<\/span>[\/vc_column_text][\/vc_column][vc_column width=&#8221;1\/6&#8243;][vc_btn title=&#8221;Ir para o site&#8221; color=&#8221;white&#8221; link=&#8221;url:https%3A%2F%2Fwww.youtube.com%2Fwatch%3Fv%3DimFpMtMkqKE||target:%20_blank|&#8221;][\/vc_column][\/vc_row][vc_row][vc_column][vc_separator color=&#8221;custom&#8221; accent_color=&#8221;rgba(221,188,188,0.7)&#8221;][\/vc_column][\/vc_row][vc_row u_row_style=&#8221;0&#8243; u_row_paralax=&#8221;0&#8243; u_row_scheme=&#8221;0&#8243; css=&#8221;.vc_custom_1591817894222{background-color: rgba(221,188,188,0.72) !important;*background-color: rgb(221,188,188) !important;}&#8221;][vc_column width=&#8221;5\/6&#8243;][vc_column_text]<span style=\"font-family: georgia, palatino, serif;font-size: 14pt\"><b>Unicentro TV<\/b>\u00a0&#8211; &#8220;Florescer inicia oficinas de combate a viol\u00eancia dom\u00e9stica nas escolas municipais&#8221;<\/span>[\/vc_column_text][\/vc_column][vc_column width=&#8221;1\/6&#8243;][vc_btn title=&#8221;Ir para o site&#8221; color=&#8221;white&#8221; link=&#8221;url:https%3A%2F%2Fwww.youtube.com%2Fwatch%3Fv%3DBLFQ_ePJL58||target:%20_blank|&#8221;][\/vc_column][\/vc_row][vc_row][vc_column][vc_separator color=&#8221;custom&#8221; accent_color=&#8221;rgba(221,188,188,0.7)&#8221;][\/vc_column][\/vc_row][vc_row u_row_style=&#8221;0&#8243; u_row_paralax=&#8221;0&#8243; u_row_scheme=&#8221;0&#8243; css=&#8221;.vc_custom_1591817894222{background-color: rgba(221,188,188,0.72) !important;*background-color: rgb(221,188,188) !important;}&#8221;][vc_column width=&#8221;5\/6&#8243;][vc_column_text]<span style=\"font-family: georgia, palatino, serif;font-size: 14pt\"><b>Unicentro TV<\/b>\u00a0&#8211; &#8220;Cinema do Florescer tem entrega de projeto que transforma Maria da Penha nas Escolas em lei&#8221;<\/span>[\/vc_column_text][\/vc_column][vc_column width=&#8221;1\/6&#8243;][vc_btn title=&#8221;Ir para o site&#8221; color=&#8221;white&#8221; link=&#8221;url:https%3A%2F%2Fwww.youtube.com%2Fwatch%3Fv%3DVXUFu8iSn2w||target:%20_blank|&#8221;][\/vc_column][\/vc_row][vc_row][vc_column][vc_separator color=&#8221;custom&#8221; accent_color=&#8221;rgba(221,188,188,0.7)&#8221;][\/vc_column][\/vc_row][vc_row u_row_style=&#8221;0&#8243; u_row_paralax=&#8221;0&#8243; u_row_scheme=&#8221;0&#8243; css=&#8221;.vc_custom_1747744342842{background-color: #DDBCBCB8 !important;}&#8221;][vc_column width=&#8221;5\/6&#8243;][vc_column_text css=&#8221;&#8221;]<span style=\"font-family: georgia, palatino, serif;font-size: 14pt\"><strong>g1<\/strong> &#8211; Pela extens\u00e3o, alunos da Unicentro atuam na transforma\u00e7\u00e3o social<\/span>[\/vc_column_text][\/vc_column][vc_column width=&#8221;1\/6&#8243;][vc_btn title=&#8221;Ir para o site&#8221; color=&#8221;white&#8221; css=&#8221;&#8221; link=&#8221;url:https%3A%2F%2Fg1.globo.com%2Fpr%2Fparana%2Fespecial-publicitario%2Funiversidade-estadual-do-centro-oeste%2Fensino-superior-publico-gratuito-e-de-qualidade%2Fnoticia%2F2022%2F01%2F03%2Fpela-extensao-alunos-da-unicentro-atuam-na-transformacao-social.ghtml|target:_blank&#8221;][\/vc_column][\/vc_row][vc_row][vc_column][vc_separator color=&#8221;custom&#8221; accent_color=&#8221;rgba(221,188,188,0.7)&#8221;][\/vc_column][\/vc_row][vc_row u_row_style=&#8221;0&#8243; u_row_paralax=&#8221;0&#8243; u_row_scheme=&#8221;0&#8243; css=&#8221;.vc_custom_1747744342842{background-color: #DDBCBCB8 !important;}&#8221;][vc_column width=&#8221;5\/6&#8243;][vc_column_text css=&#8221;&#8221;]<span style=\"font-family: georgia, palatino, serif;font-size: 14pt\"><strong>Unicentro<\/strong> &#8211; Trabalho do projeto Florescer \u00e9 destacado no anivers\u00e1rio de 14 anos da Lei Maria da Penha<\/span>[\/vc_column_text][\/vc_column][vc_column width=&#8221;1\/6&#8243;][vc_btn title=&#8221;Ir para o site&#8221; color=&#8221;white&#8221; css=&#8221;&#8221; link=&#8221;url:https%3A%2F%2Fwww3.unicentro.br%2Fnoticias%2F2020%2F08%2F07%2Ftrabalho-do-projeto-florescer-e-destacado-no-aniversario-de-14-anos-da-lei-maria-da-penha%2F|target:_blank&#8221;][\/vc_column][\/vc_row][vc_row][vc_column][vc_separator color=&#8221;custom&#8221; accent_color=&#8221;rgba(221,188,188,0.7)&#8221;][\/vc_column][\/vc_row][vc_row u_row_style=&#8221;0&#8243; u_row_paralax=&#8221;0&#8243; u_row_scheme=&#8221;0&#8243; css=&#8221;.vc_custom_1747744342842{background-color: #DDBCBCB8 !important;}&#8221;][vc_column width=&#8221;5\/6&#8243;][vc_column_text css=&#8221;&#8221;]<span style=\"font-family: georgia, palatino, serif;font-size: 14pt\"><strong>Unicentro<\/strong> &#8211; Superintend\u00eancia Estadual de Cultura destina livros do Profice para o projeto Florescer<\/span>[\/vc_column_text][\/vc_column][vc_column width=&#8221;1\/6&#8243;][vc_btn title=&#8221;Ir para o site&#8221; color=&#8221;white&#8221; css=&#8221;&#8221; link=&#8221;url:https%3A%2F%2Fwww3.unicentro.br%2Fnoticias%2F2019%2F06%2F11%2Fsuperintendencia-estadual-de-cultura-destina-livros-do-profice-para-o-projeto-florescer%2F|target:_blank&#8221;][\/vc_column][\/vc_row][vc_row][vc_column][vc_separator color=&#8221;custom&#8221; accent_color=&#8221;rgba(221,188,188,0.7)&#8221;][\/vc_column][\/vc_row][vc_row u_row_style=&#8221;0&#8243; u_row_paralax=&#8221;0&#8243; u_row_scheme=&#8221;0&#8243; css=&#8221;.vc_custom_1747744342842{background-color: #DDBCBCB8 !important;}&#8221;][vc_column width=&#8221;5\/6&#8243;][vc_column_text css=&#8221;&#8221;]<span style=\"font-family: georgia, palatino, serif;font-size: 14pt\"><strong>RPC<\/strong> &#8211; Crian\u00e7as aprendem sobre respeito e igualdade <\/span>[\/vc_column_text][\/vc_column][vc_column width=&#8221;1\/6&#8243;][vc_btn title=&#8221;Ir para o site&#8221; color=&#8221;white&#8221; css=&#8221;&#8221; link=&#8221;url:https%3A%2F%2Fwww.instagram.com%2Frpcparana%2Freel%2FDHYuJUSMbtz%2F|target:_blank&#8221;][\/vc_column][\/vc_row][vc_row][vc_column][vc_separator color=&#8221;custom&#8221; accent_color=&#8221;rgba(221,188,188,0.7)&#8221;][\/vc_column][\/vc_row][vc_row u_row_style=&#8221;0&#8243; u_row_paralax=&#8221;0&#8243; u_row_scheme=&#8221;0&#8243; css=&#8221;.vc_custom_1747744342842{background-color: #DDBCBCB8 !important;}&#8221;][vc_column width=&#8221;5\/6&#8243;][vc_column_text css=&#8221;&#8221;]<span style=\"font-family: georgia, palatino, serif;font-size: 14pt\"><strong>Unicentro<\/strong> &#8211; Professoras da Unicentro palestram no maior evento cient\u00edfico da Am\u00e9rica Latina<\/span>[\/vc_column_text][\/vc_column][vc_column width=&#8221;1\/6&#8243;][vc_btn title=&#8221;Ir para o site&#8221; color=&#8221;white&#8221; css=&#8221;&#8221; link=&#8221;url:https%3A%2F%2Fwww3.unicentro.br%2Fnoticias%2F2023%2F07%2F27%2Fprofessoras-da-unicentro-palestram-no-maior-evento-cientifico-da-america-latina%2F|target:_blank&#8221;][\/vc_column][\/vc_row][vc_row][vc_column][vc_separator color=&#8221;custom&#8221; accent_color=&#8221;rgba(221,188,188,0.7)&#8221;][\/vc_column][\/vc_row][vc_row u_row_style=&#8221;0&#8243; u_row_paralax=&#8221;0&#8243; u_row_scheme=&#8221;0&#8243; css=&#8221;.vc_custom_1747744342842{background-color: #DDBCBCB8 !important;}&#8221;][vc_column width=&#8221;5\/6&#8243;][vc_column_text css=&#8221;&#8221;]<span style=\"font-family: georgia, palatino, serif;font-size: 14pt\"><strong>Unicentro<\/strong> <strong>TV<\/strong> &#8211; Florescer<\/span>[\/vc_column_text][\/vc_column][vc_column width=&#8221;1\/6&#8243;][vc_separator color=&#8221;custom&#8221; accent_color=&#8221;rgba(221,188,188,0.7)&#8221;][vc_btn title=&#8221;Ir para o site&#8221; color=&#8221;white&#8221; css=&#8221;&#8221; link=&#8221;url:https%3A%2F%2Fwww.youtube.com%2Fwatch%3Fv%3D7_sXi5cAq7Y|target:_blank&#8221;][\/vc_column][\/vc_row][vc_row][vc_column][vc_separator color=&#8221;custom&#8221; accent_color=&#8221;rgba(221,188,188,0.7)&#8221;][\/vc_column][\/vc_row][vc_row u_row_style=&#8221;0&#8243; u_row_paralax=&#8221;0&#8243; u_row_scheme=&#8221;0&#8243; css=&#8221;.vc_custom_1747744342842{background-color: #DDBCBCB8 !important;}&#8221;][vc_column width=&#8221;5\/6&#8243;][vc_column_text css=&#8221;&#8221;]<span style=\"font-family: georgia, palatino, serif;font-size: 14pt\"><strong>GMAIS<\/strong> &#8211; Crian\u00e7as das escolas municipais de Guarapuava participam de projeto sobre equidade de g\u00eanero e Lei Maria da Penha<\/span>[\/vc_column_text][\/vc_column][vc_column width=&#8221;1\/6&#8243;][vc_btn title=&#8221;Ir para o site&#8221; color=&#8221;white&#8221; css=&#8221;&#8221; link=&#8221;url:https%3A%2F%2Fgmaisnoticias.com%2Fcriancas-das-escolas-municipais-de-guarapuava-participam-de-projeto-sobre-equidade-de-genero-e-lei-maria-da-penha|target:_blank&#8221;][\/vc_column][\/vc_row][vc_row][vc_column][vc_separator color=&#8221;custom&#8221; accent_color=&#8221;rgba(221,188,188,0.7)&#8221;][\/vc_column][\/vc_row][vc_row u_row_style=&#8221;0&#8243; u_row_paralax=&#8221;0&#8243; u_row_scheme=&#8221;0&#8243; css=&#8221;.vc_custom_1747744342842{background-color: #DDBCBCB8 !important;}&#8221;][vc_column width=&#8221;5\/6&#8243;][vc_column_text css=&#8221;&#8221;]<span style=\"font-family: georgia, palatino, serif;font-size: 14pt\"><b>Unicentro <\/b>-Tr\u00eas trabalhos da Unicentro s\u00e3o ganhadores em maior pr\u00eamio da Comunica\u00e7\u00e3o da regi\u00e3o sul<\/span>[\/vc_column_text][\/vc_column][vc_column width=&#8221;1\/6&#8243;][vc_btn title=&#8221;Ir para o site&#8221; color=&#8221;white&#8221; css=&#8221;&#8221; link=&#8221;url:https%3A%2F%2Fwww3.unicentro.br%2Fnoticias%2F2020%2F10%2F14%2Ftres-trabalhos-da-unicentro-sao-ganhadores-em-maior-premio-da-comunicacao-da-regiao-sul%2F|target:_blank&#8221;][\/vc_column][\/vc_row][vc_row][vc_column][vc_separator color=&#8221;custom&#8221; accent_color=&#8221;rgba(221,188,188,0.7)&#8221;][\/vc_column][\/vc_row][vc_row u_row_style=&#8221;0&#8243; u_row_paralax=&#8221;0&#8243; u_row_scheme=&#8221;0&#8243; css=&#8221;.vc_custom_1747744342842{background-color: #DDBCBCB8 !important;}&#8221;][vc_column width=&#8221;5\/6&#8243;][vc_column_text css=&#8221;&#8221;]<span style=\"font-family: georgia, palatino, serif;font-size: 14pt\"><b>Unicentro <\/b>-Tr\u00eas trabalhos da Unicentro s\u00e3o ganhadores em maior pr\u00eamio da Comunica\u00e7\u00e3o da regi\u00e3o sul<\/span>[\/vc_column_text][\/vc_column][vc_column width=&#8221;1\/6&#8243;][vc_btn title=&#8221;Ir para o site&#8221; color=&#8221;white&#8221; css=&#8221;&#8221; link=&#8221;url:https%3A%2F%2Fwww3.unicentro.br%2Fnoticias%2F2020%2F10%2F14%2Ftres-trabalhos-da-unicentro-sao-ganhadores-em-maior-premio-da-comunicacao-da-regiao-sul%2F|target:_blank&#8221;][\/vc_column][\/vc_row][vc_row][vc_column][vc_separator color=&#8221;custom&#8221; accent_color=&#8221;rgba(221,188,188,0.7)&#8221;][\/vc_column][\/vc_row][vc_row u_row_style=&#8221;0&#8243; u_row_paralax=&#8221;0&#8243; u_row_scheme=&#8221;0&#8243; css=&#8221;.vc_custom_1747744342842{background-color: #DDBCBCB8 !important;}&#8221;][vc_column width=&#8221;5\/6&#8243;][vc_column_text css=&#8221;&#8221;]<span style=\"font-family: georgia, palatino, serif;font-size: 14pt\"><b>Paran\u00e1 Central <\/b>-Tr\u00eas trabalhos da Unicentro s\u00e3o ganhadores em maior pr\u00eamio da Comunica\u00e7\u00e3o da regi\u00e3o sul<\/span>[\/vc_column_text][\/vc_column][vc_column width=&#8221;1\/6&#8243;][vc_btn title=&#8221;Ir para o site&#8221; color=&#8221;white&#8221; css=&#8221;&#8221; link=&#8221;url:https%3A%2F%2Fwww.paranacentral.com.br%2Falunos-da-unicentro-recebem-nove-premios-em-congressos-de-comunicacao|target:_blank&#8221;][\/vc_column][\/vc_row][vc_row][vc_column][vc_separator color=&#8221;custom&#8221; accent_color=&#8221;rgba(221,188,188,0.7)&#8221;][\/vc_column][\/vc_row][vc_row u_row_style=&#8221;0&#8243; u_row_paralax=&#8221;0&#8243; u_row_scheme=&#8221;0&#8243; css=&#8221;.vc_custom_1747744342842{background-color: #DDBCBCB8 !important;}&#8221;][vc_column width=&#8221;5\/6&#8243;][vc_column_text css=&#8221;&#8221;]<span style=\"font-family: georgia, palatino, serif;font-size: 14pt\"><b>Prefeitura de Guarapuava <\/b>&#8211; Projetos da Unicentro em parceria com a Secretaria da Mulher ganham pr\u00eamios nacionais do Expocom<\/span>[\/vc_column_text][\/vc_column][vc_column width=&#8221;1\/6&#8243;][vc_btn title=&#8221;Ir para o site&#8221; color=&#8221;white&#8221; css=&#8221;&#8221; link=&#8221;url:https%3A%2F%2Fguarapuava.pr.gov.br%2Fnoticias%2Fprojetos-da-unicentro-em-parceria-com-a-secretaria-da-mulher-ganham-premios-nacionais-do-expocom%2F|target:_blank&#8221;][\/vc_column][\/vc_row]<\/p>\n<\/div>","protected":false},"excerpt":{"rendered":"<p>[vc_row u_row_style=&#8221;0&#8243; u_row_paralax=&#8221;0&#8243; u_row_scheme=&#8221;0&#8243; css=&#8221;.vc_custom_1591817894222{background-color: rgba(221,188,188,0.72) !important;*background-color: rgb(221,188,188) !important;}&#8221;][vc_column width=&#8221;5\/6&#8243;][vc_column_text css=&#8221;&#8221;]Jornal Extra Guarapuava 2024 &#8211; &#8220;Projetos da Unicentro promovem autonomia feminina e combate \u00e0 viol\u00eancia de g\u00eanero&#8221;\u00a0[\/vc_column_text][\/vc_column][vc_column width=&#8221;1\/6&#8243;][vc_btn title=&#8221;Ir para o site&#8221; color=&#8221;white&#8221; css=&#8221;&#8221; link=&#8221;url:https%3A%2F%2Fwww.extraguarapuava.com.br%2Fgeral%2Fprojetos-da-unicentro-promovem-autonomia-feminina-e-combate-a-violencia-de-genero%2F|target:_blank&#8221;][\/vc_column][\/vc_row][vc_row][vc_column][vc_separator color=&#8221;custom&#8221; accent_color=&#8221;rgba(221,188,188,0.7)&#8221;][\/vc_column][\/vc_row][vc_row][vc_column][vc_row_inner css=&#8221;.vc_custom_1747744263687{background-color: #DDBCBCB8 !important;}&#8221;][vc_column_inner width=&#8221;5\/6&#8243;][vc_column_text css=&#8221;&#8221;]RPC TV &#8211; &#8220;Lei Maria da Penha completa 13 anos&#8221;[\/vc_column_text][\/vc_column_inner][vc_column_inner width=&#8221;1\/6&#8243;][vc_btn title=&#8221;Ir para o [&hellip;]<\/p>\n","protected":false},"author":268,"featured_media":0,"parent":0,"menu_order":0,"comment_status":"closed","ping_status":"closed","template":"","meta":{"_exactmetrics_skip_tracking":false,"_exactmetrics_sitenote_active":false,"_exactmetrics_sitenote_note":"","_exactmetrics_sitenote_category":0,"footnotes":"","_links_to":"","_links_to_target":""},"class_list":["post-77","page","type-page","status-publish","hentry"],"_links":{"self":[{"href":"https:\/\/www3.unicentro.br\/florescer\/wp-json\/wp\/v2\/pages\/77","targetHints":{"allow":["GET"]}}],"collection":[{"href":"https:\/\/www3.unicentro.br\/florescer\/wp-json\/wp\/v2\/pages"}],"about":[{"href":"https:\/\/www3.unicentro.br\/florescer\/wp-json\/wp\/v2\/types\/page"}],"author":[{"embeddable":true,"href":"https:\/\/www3.unicentro.br\/florescer\/wp-json\/wp\/v2\/users\/268"}],"replies":[{"embeddable":true,"href":"https:\/\/www3.unicentro.br\/florescer\/wp-json\/wp\/v2\/comments?post=77"}],"version-history":[{"count":2,"href":"https:\/\/www3.unicentro.br\/florescer\/wp-json\/wp\/v2\/pages\/77\/revisions"}],"predecessor-version":[{"id":1881,"href":"https:\/\/www3.unicentro.br\/florescer\/wp-json\/wp\/v2\/pages\/77\/revisions\/1881"}],"wp:attachment":[{"href":"https:\/\/www3.unicentro.br\/florescer\/wp-json\/wp\/v2\/media?parent=77"}],"curies":[{"name":"wp","href":"https:\/\/api.w.org\/{rel}","templated":true}]}}