{"id":331,"date":"2023-05-04T09:18:53","date_gmt":"2023-05-04T12:18:53","guid":{"rendered":"https:\/\/www3.unicentro.br\/dirc\/?page_id=331"},"modified":"2023-05-04T14:10:13","modified_gmt":"2023-05-04T17:10:13","slug":"realizadas","status":"publish","type":"page","link":"https:\/\/www3.unicentro.br\/dirc\/agenda-cultural\/realizadas\/","title":{"rendered":"Realizadas"},"content":{"rendered":"<div class=\"wpb-content-wrapper\"><p>[vc_row][vc_column]<script>if(typeof(ultimate_layouts_ajax_url)==\"undefined\"){var ultimate_layouts_ajax_url=[]};ultimate_layouts_ajax_url[\"ul2710\"]=\"https:\/\/www3.unicentro.br\/dirc\/wp-admin\/admin-ajax.php\";if(typeof(ultimate_layouts_query_params)==\"undefined\"){var ultimate_layouts_query_params=[]};ultimate_layouts_query_params[\"ul2710\"]={\"post_types\":\"post\",\"i_attachment\":\"\",\"taxonomies\":\"category\",\"multi_post_types\":\"\",\"multi_taxonomies\":\"\",\"query_types\":\"0\",\"i_taxonomies\":\"7\",\"e_taxonomies\":\"\",\"i_ids\":\"\",\"cq_operator\":\"0\",\"e_ids\":\"\",\"query_author\":\"\",\"query_offset\":\"\",\"query_include_children\":\"1\",\"today_post\":\"0\",\"datetime_meta\":\"\",\"woo_query\":\"0\",\"post_count\":50,\"posts_per_page\":10,\"d_i_filter\":\"\"};if(typeof(ultimate_layouts_filter)==\"undefined\"){var ultimate_layouts_filter=[]};ultimate_layouts_filter[\"ul2710\"]=\"\";if(typeof(ultimate_layouts_order)==\"undefined\"){var ultimate_layouts_order=[]};ultimate_layouts_order[\"ul2710\"]=\"DESC\";if(typeof(ultimate_layouts_orderby)==\"undefined\"){var ultimate_layouts_orderby=[]};ultimate_layouts_orderby[\"ul2710\"]=\"date\";if(typeof(ultimate_layouts_sub_opt_query)==\"undefined\"){var ultimate_layouts_sub_opt_query=[]};ultimate_layouts_sub_opt_query[\"ul2710\"]={\"meta_key_query\":\"\",\"paged\":1,\"first_query\":\"on\",\"total_pages\":5,\"items_last_page\":0};if(typeof(ultimate_layouts_options)==\"undefined\"){var ultimate_layouts_options=[]};ultimate_layouts_options[\"ul2710\"]={\"layout_style\":\"0\",\"button_gallery_name\":\"Gallery\",\"grid_style\":\"7\",\"list_style\":\"0\",\"carousel_t_style\":\"0\",\"carousel_f_style\":\"0\",\"creative_style\":\"0\",\"timeline_style\":\"0\",\"block_content_style\":\"0\",\"sync_slider_style\":\"0\",\"grid_masonry\":\"0\",\"show_arrows\":\"1\",\"arrows_outside\":\"0\",\"show_dots\":\"1\",\"infinite\":\"1\",\"autoplay\":\"1\",\"autoplayspeed\":5000,\"scrollperpage\":\"1\",\"speed\":500,\"centermode\":\"0\",\"sync_slider_height_d\":\"\",\"sync_slider_height_t\":\"\",\"sync_slider_height_m\":\"\",\"sync_slider_width_d\":\"\",\"sync_slider_width_t\":\"\",\"sync_slider_width_m\":\"\",\"show_elements\":\"0\",\"av_content\":\"0\",\"cc_mobile\":\"1\",\"cc_portrait_tablet\":\"1\",\"cc_landscape_tablet\":\"2\",\"cc_small_desktop\":\"3\",\"cc_medium_desktop\":\"3\",\"cc_large_desktop\":\"3\",\"cc_extra_large_desktop\":\"3\",\"image_size\":\"medium_large\",\"image_size_s\":\"thumbnail\",\"s_image\":\"1\",\"s_image_link\":\"0\",\"s_image_link_target\":\"0\",\"s_icon_lightbox_video\":\"0\",\"video_url_meta\":\"0\",\"video_url_meta_key\":\"\",\"s_icon_lightbox_image\":\"1\",\"s_icon_link\":\"1\",\"s_icon_link_target\":\"0\",\"s_image_hover_effect\":\"4\",\"s_overlay_hover_effect\":\"ultimate-layouts-hover-css-fade\",\"s_overlay_settings\":\"0\",\"s_overlay_color\":\"rgba(48,48,48,0.75)\",\"s_image_post_format\":\"0\",\"s_image_post_format_pos\":\"ul-bottom-right\",\"s_image_avatar\":\"0\",\"s_title\":\"1\",\"s_title_limit\":\"0\",\"s_title_link\":\"1\",\"s_title_link_target\":\"0\",\"s_excerpt\":\"1\",\"s_excerpt_rbtn\":\"0\",\"s_excerpt_f\":\"get_the_excerpt\",\"s_excerpt_sc\":\"1\",\"s_excerpt_sh\":\"1\",\"s_excerpt_length\":0,\"s_categories\":\"1\",\"s_s_categories\":\"0\",\"s_s_categories_parent\":\"0\",\"ex_items_taxonomies\":\"\",\"s_c_categories\":\"0\",\"s_ct_categories\":\"\",\"s_cb_categories\":\"\",\"s_categories_target\":\"0\",\"s_metas_o\":\"0\",\"s_metas_o_author\":\"1\",\"s_metas_o_author_avatar\":\"0\",\"s_metas_o_time\":\"1\",\"time_format\":\"F j, Y\",\"s_metas_o_comment\":\"1\",\"s_metas_o_like\":\"0\",\"s_metas_o_share\":\"0\",\"custom_meta_o\":\"\",\"s_metas_t\":\"1\",\"s_metas_t_author\":\"0\",\"s_metas_t_author_avatar\":\"0\",\"s_metas_t_time\":\"0\",\"time_format_t\":\"F j, Y\",\"s_metas_t_comment\":\"0\",\"s_metas_t_like\":\"1\",\"s_metas_t_share\":\"1\",\"custom_meta_t\":\"\",\"s_metas_t_readmore\":\"1\",\"s_metas_t_readmore_link_target\":\"0\",\"share_text\":\"Compartilhe\",\"read_more_text\":\"Leia mais\",\"before_author_text\":\"\",\"pagination\":\"3\",\"loadmore_text\":\"\",\"prev_text\":\"\",\"next_text\":\"\",\"animate\":\"default\",\"lazyload\":\"1\",\"lazyload_p\":\"\",\"geodirectory_rating\":\"0\",\"quick_view\":\"1\",\"quick_view_mode\":\"0\",\"extra_class\":\"\",\"rnd_id\":\"ul2710\",\"s_title_small\":\"1\",\"s_title_limit_small\":\"0\",\"s_title_link_small\":\"1\",\"s_title_link_target_small\":\"0\",\"s_categories_small\":\"1\",\"s_s_categories_small\":\"0\",\"s_s_categories_parent_small\":\"0\",\"ex_items_taxonomies_small\":\"\",\"s_c_categories_small\":\"0\",\"s_ct_categories_small\":\"\",\"s_cb_categories_small\":\"\",\"s_categories_target_small\":\"0\",\"s_metas_o_small\":\"1\",\"s_metas_o_author_small\":\"1\",\"s_metas_o_author_avatar_small\":\"0\",\"s_metas_o_time_small\":\"1\",\"time_format_small\":\"F j, Y\",\"s_metas_o_comment_small\":\"1\",\"s_metas_o_like_small\":\"0\",\"s_metas_o_share_small\":\"0\",\"custom_meta_o_small\":\"\",\"woo_show_price\":\"0\",\"woo_show_rating\":\"0\",\"woo_show_cart\":\"0\",\"qv_s_title\":\"1\",\"qv_s_categories\":\"1\",\"qv_s_s_categories\":\"0\",\"qv_s_s_categories_parent\":\"0\",\"qv_ex_items_taxonomies\":\"\",\"qv_s_c_categories\":\"0\",\"qv_s_ct_categories\":\"\",\"qv_s_cb_categories\":\"\",\"qv_s_categories_target\":\"0\",\"qv_s_metas_o\":\"1\",\"qv_s_metas_o_author\":\"1\",\"qv_s_metas_o_author_avatar\":\"0\",\"qv_s_metas_o_time\":\"1\",\"qv_time_format\":\"F j, Y\",\"qv_s_metas_o_comment\":\"1\",\"qv_s_metas_o_like\":\"1\",\"qv_custom_meta_o\":\"\",\"qv_show_content\":\"1\",\"qv_content_stripsc\":\"0\",\"qv_show_share\":\"1\",\"qv_woo_show_rating\":\"1\",\"qv_s_featured_image\":\"1\",\"goo_ads_client\":\"\",\"goo_ads_id\":\"\",\"goo_ads_offset\":\"1\",\"css_class\":\"\"};<\/script><div id=\"ul2710\" class=\"ultimate-layouts-container ul-filter-gridlist-normal ultimate-layouts-wrapper-control   \"><div class=\"\r\n\t\t\t\t\t\t\t\t\t\t\t\tultimate-layouts-listing-wrap\t\t\t\t\t\t\t\t\t\t\t\t\r\n\t\t\t\t\t\t\t\t\t\t\t\tultimate-layouts-listing-grid-8\r\n\t\t\t\t\t\t\t\t\t\t\t\t ultimate-layouts-picture-no-link ultimate-layouts-effect-4\r\n\t\t\t\t\t\t\t\t\t\t\t\tultimate-layouts-effect-icon\t\t\t\t\t\t\t\t\t\t\t\t\r\n\t\t\t\t\t\t\t\t\t\t\t\t ultimate-layouts-col-1 ultimate-layouts-col-pt-1 ultimate-layouts-col-lt-2 ultimate-layouts-col-sm-3 ultimate-layouts-col-md-3 ultimate-layouts-col-lg-3 ultimate-layouts-col-el-3\r\n\t\t\t\t\t\t\t\t\t\t\t\"><!--post item--> \r\n<article class=\"ultimate-layouts-item hentry\">\r\n    <!--entry content-->\r\n    <div class=\"ultimate-layouts-entry-wrapper entry-content\">    \r\n        <!--picture-->\r\n                    <div class=\"ultimate-layouts-picture\">               \r\n                <div class=\"ultimate-layouts-picture-wrap ultimate-layouts-get-pic\">\r\n                    <a  data-post-id=\"1751\" href=\"https:\/\/www3.unicentro.br\/dirc\/2025\/12\/03\/moc-artes-visuais-2025\/\" title=\"MOC Artes Visuais 2025\"   class=\"ultimate-layouts-picture-link\"><img decoding=\"async\" class=\"ultimate-layouts-img  ul-lazysizes-effect ul-lazysizes-load\" src=\"https:\/\/www3.unicentro.br\/dirc\/wp-content\/plugins\/ultimate-layouts-vc\/assets\/front-end\/images\/placeholder.png\" data-src=\"https:\/\/www3.unicentro.br\/dirc\/wp-content\/uploads\/sites\/83\/2025\/12\/WhatsApp-Image-2025-11-27-at-16.34.21-768x960.jpeg\" data-srcset=\"https:\/\/www3.unicentro.br\/dirc\/wp-content\/uploads\/sites\/83\/2025\/12\/WhatsApp-Image-2025-11-27-at-16.34.21-768x960.jpeg 768w, https:\/\/www3.unicentro.br\/dirc\/wp-content\/uploads\/sites\/83\/2025\/12\/WhatsApp-Image-2025-11-27-at-16.34.21-240x300.jpeg 240w, https:\/\/www3.unicentro.br\/dirc\/wp-content\/uploads\/sites\/83\/2025\/12\/WhatsApp-Image-2025-11-27-at-16.34.21-819x1024.jpeg 819w, https:\/\/www3.unicentro.br\/dirc\/wp-content\/uploads\/sites\/83\/2025\/12\/WhatsApp-Image-2025-11-27-at-16.34.21-205x256.jpeg 205w, https:\/\/www3.unicentro.br\/dirc\/wp-content\/uploads\/sites\/83\/2025\/12\/WhatsApp-Image-2025-11-27-at-16.34.21-480x600.jpeg 480w, https:\/\/www3.unicentro.br\/dirc\/wp-content\/uploads\/sites\/83\/2025\/12\/WhatsApp-Image-2025-11-27-at-16.34.21-255x319.jpeg 255w, https:\/\/www3.unicentro.br\/dirc\/wp-content\/uploads\/sites\/83\/2025\/12\/WhatsApp-Image-2025-11-27-at-16.34.21.jpeg 960w\" data-sizes=\"(max-width: 768px) 100vw, 768px\" alt=\"WhatsApp Image 2025-11-27 at 16.34.21\"\/><span class=\"ul-placeholder-bg\" style=\"padding-top:125%\"><\/span><\/a>                \r\n                    <div class=\"ultimate-layouts-overlay  ultimate-layouts-hover-css-fade\"><div style=\"background-color:rgba(48,48,48,0.75) !important;\"><\/div><\/div>                    <div class=\"ultimate-layouts-control-pop \"><span data-type=\"image\" \r\n\t\t\t\t\t\t\t\t\t\tdata-source=\"https:\/\/www3.unicentro.br\/dirc\/wp-content\/uploads\/sites\/83\/2025\/12\/WhatsApp-Image-2025-11-27-at-16.34.21.jpeg\" \r\n\t\t\t\t\t\t\t\t\t\tdata-caption=\"MOC Artes Visuais 2025\" \r\n\t\t\t\t\t\t\t\t\t\tclass=\"ultimate-layouts-icon-lightbox ultimate-layouts-control-lightbox-oc\"\r\n\t\t\t\t\t\t\t\t\t  ><span><span><\/span><span><\/span><\/span><\/span><a data-open-post=\"ultimate-layouts-quick-view\" data-post-id=\"1751\" href=\"javascript:;\" title=\"MOC Artes Visuais 2025\"  class=\"ultimate-layouts-icon-link\"><i class=\"fa fa-link\"><\/i><i class=\"fa fa-chain-broken\"><\/i><\/a><\/div>                <\/div>                            \r\n            <\/div>\r\n                <!--picture-->        \r\n        <!--content-->\r\n        <div class=\"ultimate-layouts-content entry\">            \r\n            <div class=\"ultimate-layouts-categories absolute-item \"><a href=\"https:\/\/www3.unicentro.br\/dirc\/category\/agenda-cultural\/\" title=\"Agenda Cultural\"   class=\"ul-taxonomy category agenda-cultural\">Agenda Cultural<\/a><a href=\"https:\/\/www3.unicentro.br\/dirc\/category\/noticias\/\" title=\"Not\u00edcias\"   class=\"ul-taxonomy category noticias\">Not\u00edcias<\/a><a href=\"https:\/\/www3.unicentro.br\/dirc\/category\/agenda-cultural\/realizadas\/\" title=\"Realizadas\"   class=\"ul-taxonomy category realizadas\">Realizadas<\/a><\/div>        \r\n            <h3 class=\"ultimate-layouts-title entry-title  \"><a  data-post-id=\"1751\" href=\"https:\/\/www3.unicentro.br\/dirc\/2025\/12\/03\/moc-artes-visuais-2025\/\" title=\"MOC Artes Visuais 2025\"   class=\"ultimate-layouts-title-link\">MOC Artes Visuais 2025<\/a><\/h3>             \r\n              \r\n                      \r\n            <div class=\"ultimate-layouts-excerpt \">A exposi\u00e7\u00e3o MOC Artes Visuais 2025 re\u00fane os trabalhos dos alunos das oficinas de Pintura a \u00f3leo da professora Celine Boava e de Desenho e Quadrinhos do professor Glaucio Karam e permanecer\u00e1 aberta para visita\u00e7\u00e3o at\u00e9 o dia 12 de dezembro no hall do audit\u00f3rio Francisco Contini.<\/div>                                                     \r\n            <div class=\"ultimate-layouts-metas-st2 posted-on \"><div class=\"ultimate-layouts-metas-wrap\"><div class=\"flt-left\" data-action=\"share\"><a href=\"javascript:;\" title=\"Compartilhe\" class=\"ultimate-layouts-social-share-btn\"><i class=\"fa fa-share-alt\" aria-hidden=\"true\"><\/i> <span>Compartilhe<\/span><\/a><div class=\"ultimate-layouts-social-share\"><div class=\"ultimate-layouts-share-item ul-facebook\"><a title=\"Share on Facebook\" href=\"javascript:;\" target=\"_blank\" rel=\"nofollow\" onclick=\"window.open('https:\/\/www.facebook.com\/sharer\/sharer.php?u=https%3A%2F%2Fwww3.unicentro.br%2Fdirc%2F2025%2F12%2F03%2Fmoc-artes-visuais-2025%2F','facebook-share-dialog','width=600,height=400');return false;\"><i class=\"fa fa-facebook\"><\/i><\/a><\/div><div class=\"ultimate-layouts-share-item ul-twitter\"><a title=\"Share on Twitter\" href=\"javascript:;\" target=\"_blank\" rel=\"nofollow\" onclick=\"window.open('http:\/\/twitter.com\/share?text=MOC+Artes+Visuais+2025&amp;url=https%3A%2F%2Fwww3.unicentro.br%2Fdirc%2F2025%2F12%2F03%2Fmoc-artes-visuais-2025%2F','twitter-share-dialog','width=600,height=400');return false;\"><i class=\"fa fa-twitter\"><\/i><\/a><\/div><div class=\"ultimate-layouts-share-item ul-google\"><a title=\"Share on Google Plus\" href=\"javascript:;\" target=\"_blank\" rel=\"nofollow\" onclick=\"window.open('https:\/\/plus.google.com\/share?url=https%3A%2F%2Fwww3.unicentro.br%2Fdirc%2F2025%2F12%2F03%2Fmoc-artes-visuais-2025%2F','googleplus-share-dialog','width=600,height=400');return false;\"><i class=\"fa fa-google-plus\"><\/i><\/a><\/div><div class=\"ultimate-layouts-share-item ul-linkedin\"><a title=\"Share on LinkedIn\" href=\"javascript:;\" target=\"_blank\" rel=\"nofollow\" onclick=\"window.open('http:\/\/www.linkedin.com\/shareArticle?mini=true&amp;url=https%3A%2F%2Fwww3.unicentro.br%2Fdirc%2F2025%2F12%2F03%2Fmoc-artes-visuais-2025%2F&amp;title=MOC+Artes+Visuais+2025&amp;source=Diretoria+de+Cultura','linkedin-share-dialog','width=600,height=400');return false;\"><i class=\"fa fa-linkedin\"><\/i><\/a><\/div><div class=\"ultimate-layouts-share-item ul-tumblr\"><a title=\"Share on Tumblr\" href=\"javascript:;\" target=\"_blank\" rel=\"nofollow\" onclick=\"window.open('http:\/\/www.tumblr.com\/share\/link?url=https%3A%2F%2Fwww3.unicentro.br%2Fdirc%2F2025%2F12%2F03%2Fmoc-artes-visuais-2025%2F&amp;name=MOC+Artes+Visuais+2025','tumblr-share-dialog','width=600,height=400');return false;\"><i class=\"fa fa-tumblr\"><\/i><\/a><\/div><div class=\"ultimate-layouts-share-item ul-pinterest\"><a title=\"Pin this\" href=\"javascript:;\" target=\"_blank\" rel=\"nofollow\" onclick=\"window.open('\/\/pinterest.com\/pin\/create\/button\/?url=https%3A%2F%2Fwww3.unicentro.br%2Fdirc%2F2025%2F12%2F03%2Fmoc-artes-visuais-2025%2F&amp;media=https%3A%2F%2Fwww3.unicentro.br%2Fdirc%2Fwp-content%2Fuploads%2Fsites%2F83%2F2025%2F12%2FWhatsApp-Image-2025-11-27-at-16.34.21.jpeg&amp;description=MOC+Artes+Visuais+2025','pin-share-dialog','width=600,height=400');return false;\"><i class=\"fa fa-pinterest\"><\/i><\/a><\/div><div class=\"ultimate-layouts-share-item ul-vk\"><a title=\"Share on VK\" href=\"javascript:;\" target=\"_blank\" rel=\"nofollow\" onclick=\"window.open('\/\/vkontakte.ru\/share.php?url=https%3A%2F%2Fwww3.unicentro.br%2Fdirc%2F2025%2F12%2F03%2Fmoc-artes-visuais-2025%2F','vk-share-dialog','width=600,height=400');return false;\"><i class=\"fa fa-vk\"><\/i><\/a><\/div><div class=\"ultimate-layouts-share-item ul-email\"><a title=\"Email this\" href=\"mailto:?subject=MOC+Artes+Visuais+2025&amp;body=https%3A%2F%2Fwww3.unicentro.br%2Fdirc%2F2025%2F12%2F03%2Fmoc-artes-visuais-2025%2F\"><i class=\"fa fa-envelope\"><\/i><\/a><\/div><\/div><\/div><div class=\"flt-right\">\r\n\t\t\t\t\t\t\t\t\t\t<a  data-post-id=\"1751\" href=\"https:\/\/www3.unicentro.br\/dirc\/2025\/12\/03\/moc-artes-visuais-2025\/\" title=\"MOC Artes Visuais 2025\"   class=\"ultimate-layouts-readmore-link\">\r\n\t\t\t\t\t\t\t\t\t\t\t<span>Leia mais<\/span>\r\n\t\t\t\t\t\t\t\t\t\t\t<i class=\"fa fa-angle-double-right ul-readmore-icon\" aria-hidden=\"true\"><\/i>\r\n\t\t\t\t\t\t\t\t\t\t<\/a>\r\n\t\t\t\t\t\t\t\t\t  <\/div><\/div><\/div>            \r\n        <\/div><!--content-->               \r\n    <\/div><!--entry content-->            \r\n<\/article><!--post item--><!--post item--> \r\n<article class=\"ultimate-layouts-item hentry\">\r\n    <!--entry content-->\r\n    <div class=\"ultimate-layouts-entry-wrapper entry-content\">    \r\n        <!--picture-->\r\n                    <div class=\"ultimate-layouts-picture\">               \r\n                <div class=\"ultimate-layouts-picture-wrap ultimate-layouts-get-pic\">\r\n                    <a  data-post-id=\"1742\" href=\"https:\/\/www3.unicentro.br\/dirc\/2025\/11\/17\/1742\/\" title=\"MOC 2025\"   class=\"ultimate-layouts-picture-link\"><img decoding=\"async\" class=\"ultimate-layouts-img  ul-lazysizes-effect ul-lazysizes-load\" src=\"https:\/\/www3.unicentro.br\/dirc\/wp-content\/plugins\/ultimate-layouts-vc\/assets\/front-end\/images\/placeholder.png\" data-src=\"https:\/\/www3.unicentro.br\/dirc\/wp-content\/uploads\/sites\/83\/2025\/11\/WhatsApp-Image-2025-11-13-at-13.28.48-768x1057.jpeg\" data-srcset=\"https:\/\/www3.unicentro.br\/dirc\/wp-content\/uploads\/sites\/83\/2025\/11\/WhatsApp-Image-2025-11-13-at-13.28.48-768x1057.jpeg 768w, https:\/\/www3.unicentro.br\/dirc\/wp-content\/uploads\/sites\/83\/2025\/11\/WhatsApp-Image-2025-11-13-at-13.28.48-218x300.jpeg 218w, https:\/\/www3.unicentro.br\/dirc\/wp-content\/uploads\/sites\/83\/2025\/11\/WhatsApp-Image-2025-11-13-at-13.28.48-744x1024.jpeg 744w, https:\/\/www3.unicentro.br\/dirc\/wp-content\/uploads\/sites\/83\/2025\/11\/WhatsApp-Image-2025-11-13-at-13.28.48-205x282.jpeg 205w, https:\/\/www3.unicentro.br\/dirc\/wp-content\/uploads\/sites\/83\/2025\/11\/WhatsApp-Image-2025-11-13-at-13.28.48-480x661.jpeg 480w, https:\/\/www3.unicentro.br\/dirc\/wp-content\/uploads\/sites\/83\/2025\/11\/WhatsApp-Image-2025-11-13-at-13.28.48-255x351.jpeg 255w, https:\/\/www3.unicentro.br\/dirc\/wp-content\/uploads\/sites\/83\/2025\/11\/WhatsApp-Image-2025-11-13-at-13.28.48.jpeg 872w\" data-sizes=\"(max-width: 768px) 100vw, 768px\" alt=\"WhatsApp Image 2025-11-13 at 13.28.48\"\/><span class=\"ul-placeholder-bg\" style=\"padding-top:137.63020833333%\"><\/span><\/a>                \r\n                    <div class=\"ultimate-layouts-overlay  ultimate-layouts-hover-css-fade\"><div style=\"background-color:rgba(48,48,48,0.75) !important;\"><\/div><\/div>                    <div class=\"ultimate-layouts-control-pop \"><span data-type=\"image\" \r\n\t\t\t\t\t\t\t\t\t\tdata-source=\"https:\/\/www3.unicentro.br\/dirc\/wp-content\/uploads\/sites\/83\/2025\/11\/WhatsApp-Image-2025-11-13-at-13.28.48.jpeg\" \r\n\t\t\t\t\t\t\t\t\t\tdata-caption=\"MOC 2025\" \r\n\t\t\t\t\t\t\t\t\t\tclass=\"ultimate-layouts-icon-lightbox ultimate-layouts-control-lightbox-oc\"\r\n\t\t\t\t\t\t\t\t\t  ><span><span><\/span><span><\/span><\/span><\/span><a data-open-post=\"ultimate-layouts-quick-view\" data-post-id=\"1742\" href=\"javascript:;\" title=\"MOC 2025\"  class=\"ultimate-layouts-icon-link\"><i class=\"fa fa-link\"><\/i><i class=\"fa fa-chain-broken\"><\/i><\/a><\/div>                <\/div>                            \r\n            <\/div>\r\n                <!--picture-->        \r\n        <!--content-->\r\n        <div class=\"ultimate-layouts-content entry\">            \r\n            <div class=\"ultimate-layouts-categories absolute-item \"><a href=\"https:\/\/www3.unicentro.br\/dirc\/category\/agenda-cultural\/\" title=\"Agenda Cultural\"   class=\"ul-taxonomy category agenda-cultural\">Agenda Cultural<\/a><a href=\"https:\/\/www3.unicentro.br\/dirc\/category\/noticias\/\" title=\"Not\u00edcias\"   class=\"ul-taxonomy category noticias\">Not\u00edcias<\/a><a href=\"https:\/\/www3.unicentro.br\/dirc\/category\/agenda-cultural\/realizadas\/\" title=\"Realizadas\"   class=\"ul-taxonomy category realizadas\">Realizadas<\/a><\/div>        \r\n            <h3 class=\"ultimate-layouts-title entry-title  \"><a  data-post-id=\"1742\" href=\"https:\/\/www3.unicentro.br\/dirc\/2025\/11\/17\/1742\/\" title=\"MOC 2025\"   class=\"ultimate-layouts-title-link\">MOC 2025<\/a><\/h3>             \r\n              \r\n                      \r\n            <div class=\"ultimate-layouts-excerpt \">A Mostra de Oficinas Culturais (MOC) de 2025, promovida pela Diretoria de Cultura, exibe os frutos das oficinas conduzidas ao longo do ano. Ao oferecer oficinas de m\u00fasica, dan\u00e7a, pintura, teatro, canto e desenho para os acad\u00eamicos e o p\u00fablico externo, as apresenta\u00e7\u00f5es incentivam suas habilidades art\u00edsticas e proporcionam uma variedade de experi\u00eancias. Na primeira [&hellip;]<\/div>                                                     \r\n            <div class=\"ultimate-layouts-metas-st2 posted-on \"><div class=\"ultimate-layouts-metas-wrap\"><div class=\"flt-left\" data-action=\"share\"><a href=\"javascript:;\" title=\"Compartilhe\" class=\"ultimate-layouts-social-share-btn\"><i class=\"fa fa-share-alt\" aria-hidden=\"true\"><\/i> <span>Compartilhe<\/span><\/a><div class=\"ultimate-layouts-social-share\"><div class=\"ultimate-layouts-share-item ul-facebook\"><a title=\"Share on Facebook\" href=\"javascript:;\" target=\"_blank\" rel=\"nofollow\" onclick=\"window.open('https:\/\/www.facebook.com\/sharer\/sharer.php?u=https%3A%2F%2Fwww3.unicentro.br%2Fdirc%2F2025%2F11%2F17%2F1742%2F','facebook-share-dialog','width=600,height=400');return false;\"><i class=\"fa fa-facebook\"><\/i><\/a><\/div><div class=\"ultimate-layouts-share-item ul-twitter\"><a title=\"Share on Twitter\" href=\"javascript:;\" target=\"_blank\" rel=\"nofollow\" onclick=\"window.open('http:\/\/twitter.com\/share?text=MOC+2025&amp;url=https%3A%2F%2Fwww3.unicentro.br%2Fdirc%2F2025%2F11%2F17%2F1742%2F','twitter-share-dialog','width=600,height=400');return false;\"><i class=\"fa fa-twitter\"><\/i><\/a><\/div><div class=\"ultimate-layouts-share-item ul-google\"><a title=\"Share on Google Plus\" href=\"javascript:;\" target=\"_blank\" rel=\"nofollow\" onclick=\"window.open('https:\/\/plus.google.com\/share?url=https%3A%2F%2Fwww3.unicentro.br%2Fdirc%2F2025%2F11%2F17%2F1742%2F','googleplus-share-dialog','width=600,height=400');return false;\"><i class=\"fa fa-google-plus\"><\/i><\/a><\/div><div class=\"ultimate-layouts-share-item ul-linkedin\"><a title=\"Share on LinkedIn\" href=\"javascript:;\" target=\"_blank\" rel=\"nofollow\" onclick=\"window.open('http:\/\/www.linkedin.com\/shareArticle?mini=true&amp;url=https%3A%2F%2Fwww3.unicentro.br%2Fdirc%2F2025%2F11%2F17%2F1742%2F&amp;title=MOC+2025&amp;source=Diretoria+de+Cultura','linkedin-share-dialog','width=600,height=400');return false;\"><i class=\"fa fa-linkedin\"><\/i><\/a><\/div><div class=\"ultimate-layouts-share-item ul-tumblr\"><a title=\"Share on Tumblr\" href=\"javascript:;\" target=\"_blank\" rel=\"nofollow\" onclick=\"window.open('http:\/\/www.tumblr.com\/share\/link?url=https%3A%2F%2Fwww3.unicentro.br%2Fdirc%2F2025%2F11%2F17%2F1742%2F&amp;name=MOC+2025','tumblr-share-dialog','width=600,height=400');return false;\"><i class=\"fa fa-tumblr\"><\/i><\/a><\/div><div class=\"ultimate-layouts-share-item ul-pinterest\"><a title=\"Pin this\" href=\"javascript:;\" target=\"_blank\" rel=\"nofollow\" onclick=\"window.open('\/\/pinterest.com\/pin\/create\/button\/?url=https%3A%2F%2Fwww3.unicentro.br%2Fdirc%2F2025%2F11%2F17%2F1742%2F&amp;media=https%3A%2F%2Fwww3.unicentro.br%2Fdirc%2Fwp-content%2Fuploads%2Fsites%2F83%2F2025%2F11%2FWhatsApp-Image-2025-11-13-at-13.28.48.jpeg&amp;description=MOC+2025','pin-share-dialog','width=600,height=400');return false;\"><i class=\"fa fa-pinterest\"><\/i><\/a><\/div><div class=\"ultimate-layouts-share-item ul-vk\"><a title=\"Share on VK\" href=\"javascript:;\" target=\"_blank\" rel=\"nofollow\" onclick=\"window.open('\/\/vkontakte.ru\/share.php?url=https%3A%2F%2Fwww3.unicentro.br%2Fdirc%2F2025%2F11%2F17%2F1742%2F','vk-share-dialog','width=600,height=400');return false;\"><i class=\"fa fa-vk\"><\/i><\/a><\/div><div class=\"ultimate-layouts-share-item ul-email\"><a title=\"Email this\" href=\"mailto:?subject=MOC+2025&amp;body=https%3A%2F%2Fwww3.unicentro.br%2Fdirc%2F2025%2F11%2F17%2F1742%2F\"><i class=\"fa fa-envelope\"><\/i><\/a><\/div><\/div><\/div><div class=\"flt-right\">\r\n\t\t\t\t\t\t\t\t\t\t<a  data-post-id=\"1742\" href=\"https:\/\/www3.unicentro.br\/dirc\/2025\/11\/17\/1742\/\" title=\"MOC 2025\"   class=\"ultimate-layouts-readmore-link\">\r\n\t\t\t\t\t\t\t\t\t\t\t<span>Leia mais<\/span>\r\n\t\t\t\t\t\t\t\t\t\t\t<i class=\"fa fa-angle-double-right ul-readmore-icon\" aria-hidden=\"true\"><\/i>\r\n\t\t\t\t\t\t\t\t\t\t<\/a>\r\n\t\t\t\t\t\t\t\t\t  <\/div><\/div><\/div>            \r\n        <\/div><!--content-->               \r\n    <\/div><!--entry content-->            \r\n<\/article><!--post item--><!--post item--> \r\n<article class=\"ultimate-layouts-item hentry\">\r\n    <!--entry content-->\r\n    <div class=\"ultimate-layouts-entry-wrapper entry-content\">    \r\n        <!--picture-->\r\n                    <div class=\"ultimate-layouts-picture\">               \r\n                <div class=\"ultimate-layouts-picture-wrap ultimate-layouts-get-pic\">\r\n                    <a  data-post-id=\"1734\" href=\"https:\/\/www3.unicentro.br\/dirc\/2025\/10\/10\/mulheridades-enlaces-poeticos-apresenta-exposicao-e-acoes-culturais\/\" title=\"\u201cMulheridades: enlaces po\u00e9ticos\u201d apresenta exposi\u00e7\u00e3o e a\u00e7\u00f5es culturais\"   class=\"ultimate-layouts-picture-link\"><img decoding=\"async\" class=\"ultimate-layouts-img  ul-lazysizes-effect ul-lazysizes-load\" src=\"https:\/\/www3.unicentro.br\/dirc\/wp-content\/plugins\/ultimate-layouts-vc\/assets\/front-end\/images\/placeholder.png\" data-src=\"https:\/\/www3.unicentro.br\/dirc\/wp-content\/uploads\/sites\/83\/2025\/10\/redes-sociais-768x768.jpeg\" data-srcset=\"https:\/\/www3.unicentro.br\/dirc\/wp-content\/uploads\/sites\/83\/2025\/10\/redes-sociais-768x768.jpeg 768w, https:\/\/www3.unicentro.br\/dirc\/wp-content\/uploads\/sites\/83\/2025\/10\/redes-sociais-300x300.jpeg 300w, https:\/\/www3.unicentro.br\/dirc\/wp-content\/uploads\/sites\/83\/2025\/10\/redes-sociais-1024x1024.jpeg 1024w, https:\/\/www3.unicentro.br\/dirc\/wp-content\/uploads\/sites\/83\/2025\/10\/redes-sociais-150x150.jpeg 150w, https:\/\/www3.unicentro.br\/dirc\/wp-content\/uploads\/sites\/83\/2025\/10\/redes-sociais-1536x1536.jpeg 1536w, https:\/\/www3.unicentro.br\/dirc\/wp-content\/uploads\/sites\/83\/2025\/10\/redes-sociais-50x50.jpeg 50w, https:\/\/www3.unicentro.br\/dirc\/wp-content\/uploads\/sites\/83\/2025\/10\/redes-sociais-80x80.jpeg 80w, https:\/\/www3.unicentro.br\/dirc\/wp-content\/uploads\/sites\/83\/2025\/10\/redes-sociais-263x263.jpeg 263w, https:\/\/www3.unicentro.br\/dirc\/wp-content\/uploads\/sites\/83\/2025\/10\/redes-sociais-100x100.jpeg 100w, https:\/\/www3.unicentro.br\/dirc\/wp-content\/uploads\/sites\/83\/2025\/10\/redes-sociais-526x526.jpeg 526w, https:\/\/www3.unicentro.br\/dirc\/wp-content\/uploads\/sites\/83\/2025\/10\/redes-sociais-40x40.jpeg 40w, https:\/\/www3.unicentro.br\/dirc\/wp-content\/uploads\/sites\/83\/2025\/10\/redes-sociais-275x275.jpeg 275w, https:\/\/www3.unicentro.br\/dirc\/wp-content\/uploads\/sites\/83\/2025\/10\/redes-sociais-205x205.jpeg 205w, https:\/\/www3.unicentro.br\/dirc\/wp-content\/uploads\/sites\/83\/2025\/10\/redes-sociais-480x480.jpeg 480w, https:\/\/www3.unicentro.br\/dirc\/wp-content\/uploads\/sites\/83\/2025\/10\/redes-sociais-255x255.jpeg 255w, https:\/\/www3.unicentro.br\/dirc\/wp-content\/uploads\/sites\/83\/2025\/10\/redes-sociais.jpeg 1600w\" data-sizes=\"(max-width: 768px) 100vw, 768px\" alt=\"redes sociais\"\/><span class=\"ul-placeholder-bg\" style=\"padding-top:100%\"><\/span><\/a>                \r\n                    <div class=\"ultimate-layouts-overlay  ultimate-layouts-hover-css-fade\"><div style=\"background-color:rgba(48,48,48,0.75) !important;\"><\/div><\/div>                    <div class=\"ultimate-layouts-control-pop \"><span data-type=\"image\" \r\n\t\t\t\t\t\t\t\t\t\tdata-source=\"https:\/\/www3.unicentro.br\/dirc\/wp-content\/uploads\/sites\/83\/2025\/10\/redes-sociais.jpeg\" \r\n\t\t\t\t\t\t\t\t\t\tdata-caption=\"\u201cMulheridades: enlaces po\u00e9ticos\u201d apresenta exposi\u00e7\u00e3o e a\u00e7\u00f5es culturais\" \r\n\t\t\t\t\t\t\t\t\t\tclass=\"ultimate-layouts-icon-lightbox ultimate-layouts-control-lightbox-oc\"\r\n\t\t\t\t\t\t\t\t\t  ><span><span><\/span><span><\/span><\/span><\/span><a data-open-post=\"ultimate-layouts-quick-view\" data-post-id=\"1734\" href=\"javascript:;\" title=\"\u201cMulheridades: enlaces po\u00e9ticos\u201d apresenta exposi\u00e7\u00e3o e a\u00e7\u00f5es culturais\"  class=\"ultimate-layouts-icon-link\"><i class=\"fa fa-link\"><\/i><i class=\"fa fa-chain-broken\"><\/i><\/a><\/div>                <\/div>                            \r\n            <\/div>\r\n                <!--picture-->        \r\n        <!--content-->\r\n        <div class=\"ultimate-layouts-content entry\">            \r\n            <div class=\"ultimate-layouts-categories absolute-item \"><a href=\"https:\/\/www3.unicentro.br\/dirc\/category\/agenda-cultural\/\" title=\"Agenda Cultural\"   class=\"ul-taxonomy category agenda-cultural\">Agenda Cultural<\/a><a href=\"https:\/\/www3.unicentro.br\/dirc\/category\/noticias\/\" title=\"Not\u00edcias\"   class=\"ul-taxonomy category noticias\">Not\u00edcias<\/a><a href=\"https:\/\/www3.unicentro.br\/dirc\/category\/agenda-cultural\/realizadas\/\" title=\"Realizadas\"   class=\"ul-taxonomy category realizadas\">Realizadas<\/a><\/div>        \r\n            <h3 class=\"ultimate-layouts-title entry-title  \"><a  data-post-id=\"1734\" href=\"https:\/\/www3.unicentro.br\/dirc\/2025\/10\/10\/mulheridades-enlaces-poeticos-apresenta-exposicao-e-acoes-culturais\/\" title=\"\u201cMulheridades: enlaces po\u00e9ticos\u201d apresenta exposi\u00e7\u00e3o e a\u00e7\u00f5es culturais\"   class=\"ultimate-layouts-title-link\">\u201cMulheridades: enlaces po\u00e9ticos\u201d apresenta exposi\u00e7\u00e3o e a\u00e7\u00f5es culturais<\/a><\/h3>             \r\n              \r\n                      \r\n            <div class=\"ultimate-layouts-excerpt \">Os enlaces entre quinze mulheres com viv\u00eancias diversas e diferentes perspectivas sobre suas mulheridades constituem o projeto art\u00edstico-cultural Entre os dias 8 e 30 de outubro ocorre a exposi\u00e7\u00e3o art\u00edstica \u201cMulheridades: enlaces po\u00e9ticos\u201d no Centro de Exposi\u00e7\u00f5es da Unicentro, campus Santa Cruz. A exposi\u00e7\u00e3o \u00e9 resultado do projeto cultural viabilizado pela Pol\u00edtica Nacional Aldir Blanc, [&hellip;]<\/div>                                                     \r\n            <div class=\"ultimate-layouts-metas-st2 posted-on \"><div class=\"ultimate-layouts-metas-wrap\"><div class=\"flt-left\" data-action=\"share\"><a href=\"javascript:;\" title=\"Compartilhe\" class=\"ultimate-layouts-social-share-btn\"><i class=\"fa fa-share-alt\" aria-hidden=\"true\"><\/i> <span>Compartilhe<\/span><\/a><div class=\"ultimate-layouts-social-share\"><div class=\"ultimate-layouts-share-item ul-facebook\"><a title=\"Share on Facebook\" href=\"javascript:;\" target=\"_blank\" rel=\"nofollow\" onclick=\"window.open('https:\/\/www.facebook.com\/sharer\/sharer.php?u=https%3A%2F%2Fwww3.unicentro.br%2Fdirc%2F2025%2F10%2F10%2Fmulheridades-enlaces-poeticos-apresenta-exposicao-e-acoes-culturais%2F','facebook-share-dialog','width=600,height=400');return false;\"><i class=\"fa fa-facebook\"><\/i><\/a><\/div><div class=\"ultimate-layouts-share-item ul-twitter\"><a title=\"Share on Twitter\" href=\"javascript:;\" target=\"_blank\" rel=\"nofollow\" onclick=\"window.open('http:\/\/twitter.com\/share?text=%E2%80%9CMulheridades%3A+enlaces+po%C3%A9ticos%E2%80%9D+apresenta+exposi%C3%A7%C3%A3o+e+a%C3%A7%C3%B5es+culturais&amp;url=https%3A%2F%2Fwww3.unicentro.br%2Fdirc%2F2025%2F10%2F10%2Fmulheridades-enlaces-poeticos-apresenta-exposicao-e-acoes-culturais%2F','twitter-share-dialog','width=600,height=400');return false;\"><i class=\"fa fa-twitter\"><\/i><\/a><\/div><div class=\"ultimate-layouts-share-item ul-google\"><a title=\"Share on Google Plus\" href=\"javascript:;\" target=\"_blank\" rel=\"nofollow\" onclick=\"window.open('https:\/\/plus.google.com\/share?url=https%3A%2F%2Fwww3.unicentro.br%2Fdirc%2F2025%2F10%2F10%2Fmulheridades-enlaces-poeticos-apresenta-exposicao-e-acoes-culturais%2F','googleplus-share-dialog','width=600,height=400');return false;\"><i class=\"fa fa-google-plus\"><\/i><\/a><\/div><div class=\"ultimate-layouts-share-item ul-linkedin\"><a title=\"Share on LinkedIn\" href=\"javascript:;\" target=\"_blank\" rel=\"nofollow\" onclick=\"window.open('http:\/\/www.linkedin.com\/shareArticle?mini=true&amp;url=https%3A%2F%2Fwww3.unicentro.br%2Fdirc%2F2025%2F10%2F10%2Fmulheridades-enlaces-poeticos-apresenta-exposicao-e-acoes-culturais%2F&amp;title=%E2%80%9CMulheridades%3A+enlaces+po%C3%A9ticos%E2%80%9D+apresenta+exposi%C3%A7%C3%A3o+e+a%C3%A7%C3%B5es+culturais&amp;source=Diretoria+de+Cultura','linkedin-share-dialog','width=600,height=400');return false;\"><i class=\"fa fa-linkedin\"><\/i><\/a><\/div><div class=\"ultimate-layouts-share-item ul-tumblr\"><a title=\"Share on Tumblr\" href=\"javascript:;\" target=\"_blank\" rel=\"nofollow\" onclick=\"window.open('http:\/\/www.tumblr.com\/share\/link?url=https%3A%2F%2Fwww3.unicentro.br%2Fdirc%2F2025%2F10%2F10%2Fmulheridades-enlaces-poeticos-apresenta-exposicao-e-acoes-culturais%2F&amp;name=%E2%80%9CMulheridades%3A+enlaces+po%C3%A9ticos%E2%80%9D+apresenta+exposi%C3%A7%C3%A3o+e+a%C3%A7%C3%B5es+culturais','tumblr-share-dialog','width=600,height=400');return false;\"><i class=\"fa fa-tumblr\"><\/i><\/a><\/div><div class=\"ultimate-layouts-share-item ul-pinterest\"><a title=\"Pin this\" href=\"javascript:;\" target=\"_blank\" rel=\"nofollow\" onclick=\"window.open('\/\/pinterest.com\/pin\/create\/button\/?url=https%3A%2F%2Fwww3.unicentro.br%2Fdirc%2F2025%2F10%2F10%2Fmulheridades-enlaces-poeticos-apresenta-exposicao-e-acoes-culturais%2F&amp;media=https%3A%2F%2Fwww3.unicentro.br%2Fdirc%2Fwp-content%2Fuploads%2Fsites%2F83%2F2025%2F10%2Fredes-sociais.jpeg&amp;description=%E2%80%9CMulheridades%3A+enlaces+po%C3%A9ticos%E2%80%9D+apresenta+exposi%C3%A7%C3%A3o+e+a%C3%A7%C3%B5es+culturais','pin-share-dialog','width=600,height=400');return false;\"><i class=\"fa fa-pinterest\"><\/i><\/a><\/div><div class=\"ultimate-layouts-share-item ul-vk\"><a title=\"Share on VK\" href=\"javascript:;\" target=\"_blank\" rel=\"nofollow\" onclick=\"window.open('\/\/vkontakte.ru\/share.php?url=https%3A%2F%2Fwww3.unicentro.br%2Fdirc%2F2025%2F10%2F10%2Fmulheridades-enlaces-poeticos-apresenta-exposicao-e-acoes-culturais%2F','vk-share-dialog','width=600,height=400');return false;\"><i class=\"fa fa-vk\"><\/i><\/a><\/div><div class=\"ultimate-layouts-share-item ul-email\"><a title=\"Email this\" href=\"mailto:?subject=%E2%80%9CMulheridades%3A+enlaces+po%C3%A9ticos%E2%80%9D+apresenta+exposi%C3%A7%C3%A3o+e+a%C3%A7%C3%B5es+culturais&amp;body=https%3A%2F%2Fwww3.unicentro.br%2Fdirc%2F2025%2F10%2F10%2Fmulheridades-enlaces-poeticos-apresenta-exposicao-e-acoes-culturais%2F\"><i class=\"fa fa-envelope\"><\/i><\/a><\/div><\/div><\/div><div class=\"flt-right\">\r\n\t\t\t\t\t\t\t\t\t\t<a  data-post-id=\"1734\" href=\"https:\/\/www3.unicentro.br\/dirc\/2025\/10\/10\/mulheridades-enlaces-poeticos-apresenta-exposicao-e-acoes-culturais\/\" title=\"\u201cMulheridades: enlaces po\u00e9ticos\u201d apresenta exposi\u00e7\u00e3o e a\u00e7\u00f5es culturais\"   class=\"ultimate-layouts-readmore-link\">\r\n\t\t\t\t\t\t\t\t\t\t\t<span>Leia mais<\/span>\r\n\t\t\t\t\t\t\t\t\t\t\t<i class=\"fa fa-angle-double-right ul-readmore-icon\" aria-hidden=\"true\"><\/i>\r\n\t\t\t\t\t\t\t\t\t\t<\/a>\r\n\t\t\t\t\t\t\t\t\t  <\/div><\/div><\/div>            \r\n        <\/div><!--content-->               \r\n    <\/div><!--entry content-->            \r\n<\/article><!--post item--><!--post item--> \r\n<article class=\"ultimate-layouts-item hentry\">\r\n    <!--entry content-->\r\n    <div class=\"ultimate-layouts-entry-wrapper entry-content\">    \r\n        <!--picture-->\r\n                    <div class=\"ultimate-layouts-picture\">               \r\n                <div class=\"ultimate-layouts-picture-wrap ultimate-layouts-get-pic\">\r\n                    <a  data-post-id=\"1692\" href=\"https:\/\/www3.unicentro.br\/dirc\/2025\/09\/26\/1692\/\" title=\"Arte e Cultura no Paran\u00e1 faz Ci\u00eancia 2025\"   class=\"ultimate-layouts-picture-link\"><img decoding=\"async\" class=\"ultimate-layouts-img  ul-lazysizes-effect ul-lazysizes-load\" src=\"https:\/\/www3.unicentro.br\/dirc\/wp-content\/plugins\/ultimate-layouts-vc\/assets\/front-end\/images\/placeholder.png\" data-src=\"https:\/\/www3.unicentro.br\/dirc\/wp-content\/uploads\/sites\/83\/2025\/09\/2-768x960.png\" data-srcset=\"https:\/\/www3.unicentro.br\/dirc\/wp-content\/uploads\/sites\/83\/2025\/09\/2-768x960.png 768w, https:\/\/www3.unicentro.br\/dirc\/wp-content\/uploads\/sites\/83\/2025\/09\/2-240x300.png 240w, https:\/\/www3.unicentro.br\/dirc\/wp-content\/uploads\/sites\/83\/2025\/09\/2-819x1024.png 819w, https:\/\/www3.unicentro.br\/dirc\/wp-content\/uploads\/sites\/83\/2025\/09\/2-205x256.png 205w, https:\/\/www3.unicentro.br\/dirc\/wp-content\/uploads\/sites\/83\/2025\/09\/2-480x600.png 480w, https:\/\/www3.unicentro.br\/dirc\/wp-content\/uploads\/sites\/83\/2025\/09\/2-255x319.png 255w, https:\/\/www3.unicentro.br\/dirc\/wp-content\/uploads\/sites\/83\/2025\/09\/2.png 1080w\" data-sizes=\"(max-width: 768px) 100vw, 768px\" alt=\"1\"\/><span class=\"ul-placeholder-bg\" style=\"padding-top:125%\"><\/span><\/a>                \r\n                    <div class=\"ultimate-layouts-overlay  ultimate-layouts-hover-css-fade\"><div style=\"background-color:rgba(48,48,48,0.75) !important;\"><\/div><\/div>                    <div class=\"ultimate-layouts-control-pop \"><span data-type=\"image\" \r\n\t\t\t\t\t\t\t\t\t\tdata-source=\"https:\/\/www3.unicentro.br\/dirc\/wp-content\/uploads\/sites\/83\/2025\/09\/2.png\" \r\n\t\t\t\t\t\t\t\t\t\tdata-caption=\"Arte e Cultura no Paran\u00e1 faz Ci\u00eancia 2025\" \r\n\t\t\t\t\t\t\t\t\t\tclass=\"ultimate-layouts-icon-lightbox ultimate-layouts-control-lightbox-oc\"\r\n\t\t\t\t\t\t\t\t\t  ><span><span><\/span><span><\/span><\/span><\/span><a data-open-post=\"ultimate-layouts-quick-view\" data-post-id=\"1692\" href=\"javascript:;\" title=\"Arte e Cultura no Paran\u00e1 faz Ci\u00eancia 2025\"  class=\"ultimate-layouts-icon-link\"><i class=\"fa fa-link\"><\/i><i class=\"fa fa-chain-broken\"><\/i><\/a><\/div>                <\/div>                            \r\n            <\/div>\r\n                <!--picture-->        \r\n        <!--content-->\r\n        <div class=\"ultimate-layouts-content entry\">            \r\n            <div class=\"ultimate-layouts-categories absolute-item \"><a href=\"https:\/\/www3.unicentro.br\/dirc\/category\/agenda-cultural\/\" title=\"Agenda Cultural\"   class=\"ul-taxonomy category agenda-cultural\">Agenda Cultural<\/a><a href=\"https:\/\/www3.unicentro.br\/dirc\/category\/noticias\/\" title=\"Not\u00edcias\"   class=\"ul-taxonomy category noticias\">Not\u00edcias<\/a><a href=\"https:\/\/www3.unicentro.br\/dirc\/category\/agenda-cultural\/realizadas\/\" title=\"Realizadas\"   class=\"ul-taxonomy category realizadas\">Realizadas<\/a><\/div>        \r\n            <h3 class=\"ultimate-layouts-title entry-title  \"><a  data-post-id=\"1692\" href=\"https:\/\/www3.unicentro.br\/dirc\/2025\/09\/26\/1692\/\" title=\"Arte e Cultura no Paran\u00e1 faz Ci\u00eancia 2025\"   class=\"ultimate-layouts-title-link\">Arte e Cultura no Paran\u00e1 faz Ci\u00eancia 2025<\/a><\/h3>             \r\n              \r\n                      \r\n            <div class=\"ultimate-layouts-excerpt \">Unicentro: palco de diversidade, arte e identidade A Universidade Estadual do Centro-Oeste (Unicentro) reconhece na arte e na cultura pilares essenciais de sua miss\u00e3o acad\u00eamica e comunit\u00e1ria. Por meio de projetos de eventos e a\u00e7\u00f5es formativas, a institui\u00e7\u00e3o promove a circula\u00e7\u00e3o de saberes, a valoriza\u00e7\u00e3o das identidades regionais e o di\u00e1logo com diferentes manifesta\u00e7\u00f5es art\u00edsticas. [&hellip;]<\/div>                                                     \r\n            <div class=\"ultimate-layouts-metas-st2 posted-on \"><div class=\"ultimate-layouts-metas-wrap\"><div class=\"flt-left\" data-action=\"share\"><a href=\"javascript:;\" title=\"Compartilhe\" class=\"ultimate-layouts-social-share-btn\"><i class=\"fa fa-share-alt\" aria-hidden=\"true\"><\/i> <span>Compartilhe<\/span><\/a><div class=\"ultimate-layouts-social-share\"><div class=\"ultimate-layouts-share-item ul-facebook\"><a title=\"Share on Facebook\" href=\"javascript:;\" target=\"_blank\" rel=\"nofollow\" onclick=\"window.open('https:\/\/www.facebook.com\/sharer\/sharer.php?u=https%3A%2F%2Fwww3.unicentro.br%2Fdirc%2F2025%2F09%2F26%2F1692%2F','facebook-share-dialog','width=600,height=400');return false;\"><i class=\"fa fa-facebook\"><\/i><\/a><\/div><div class=\"ultimate-layouts-share-item ul-twitter\"><a title=\"Share on Twitter\" href=\"javascript:;\" target=\"_blank\" rel=\"nofollow\" onclick=\"window.open('http:\/\/twitter.com\/share?text=Arte+e+Cultura+no+Paran%C3%A1+faz+Ci%C3%AAncia+2025&amp;url=https%3A%2F%2Fwww3.unicentro.br%2Fdirc%2F2025%2F09%2F26%2F1692%2F','twitter-share-dialog','width=600,height=400');return false;\"><i class=\"fa fa-twitter\"><\/i><\/a><\/div><div class=\"ultimate-layouts-share-item ul-google\"><a title=\"Share on Google Plus\" href=\"javascript:;\" target=\"_blank\" rel=\"nofollow\" onclick=\"window.open('https:\/\/plus.google.com\/share?url=https%3A%2F%2Fwww3.unicentro.br%2Fdirc%2F2025%2F09%2F26%2F1692%2F','googleplus-share-dialog','width=600,height=400');return false;\"><i class=\"fa fa-google-plus\"><\/i><\/a><\/div><div class=\"ultimate-layouts-share-item ul-linkedin\"><a title=\"Share on LinkedIn\" href=\"javascript:;\" target=\"_blank\" rel=\"nofollow\" onclick=\"window.open('http:\/\/www.linkedin.com\/shareArticle?mini=true&amp;url=https%3A%2F%2Fwww3.unicentro.br%2Fdirc%2F2025%2F09%2F26%2F1692%2F&amp;title=Arte+e+Cultura+no+Paran%C3%A1+faz+Ci%C3%AAncia+2025&amp;source=Diretoria+de+Cultura','linkedin-share-dialog','width=600,height=400');return false;\"><i class=\"fa fa-linkedin\"><\/i><\/a><\/div><div class=\"ultimate-layouts-share-item ul-tumblr\"><a title=\"Share on Tumblr\" href=\"javascript:;\" target=\"_blank\" rel=\"nofollow\" onclick=\"window.open('http:\/\/www.tumblr.com\/share\/link?url=https%3A%2F%2Fwww3.unicentro.br%2Fdirc%2F2025%2F09%2F26%2F1692%2F&amp;name=Arte+e+Cultura+no+Paran%C3%A1+faz+Ci%C3%AAncia+2025','tumblr-share-dialog','width=600,height=400');return false;\"><i class=\"fa fa-tumblr\"><\/i><\/a><\/div><div class=\"ultimate-layouts-share-item ul-pinterest\"><a title=\"Pin this\" href=\"javascript:;\" target=\"_blank\" rel=\"nofollow\" onclick=\"window.open('\/\/pinterest.com\/pin\/create\/button\/?url=https%3A%2F%2Fwww3.unicentro.br%2Fdirc%2F2025%2F09%2F26%2F1692%2F&amp;media=https%3A%2F%2Fwww3.unicentro.br%2Fdirc%2Fwp-content%2Fuploads%2Fsites%2F83%2F2025%2F09%2F2.png&amp;description=Arte+e+Cultura+no+Paran%C3%A1+faz+Ci%C3%AAncia+2025','pin-share-dialog','width=600,height=400');return false;\"><i class=\"fa fa-pinterest\"><\/i><\/a><\/div><div class=\"ultimate-layouts-share-item ul-vk\"><a title=\"Share on VK\" href=\"javascript:;\" target=\"_blank\" rel=\"nofollow\" onclick=\"window.open('\/\/vkontakte.ru\/share.php?url=https%3A%2F%2Fwww3.unicentro.br%2Fdirc%2F2025%2F09%2F26%2F1692%2F','vk-share-dialog','width=600,height=400');return false;\"><i class=\"fa fa-vk\"><\/i><\/a><\/div><div class=\"ultimate-layouts-share-item ul-email\"><a title=\"Email this\" href=\"mailto:?subject=Arte+e+Cultura+no+Paran%C3%A1+faz+Ci%C3%AAncia+2025&amp;body=https%3A%2F%2Fwww3.unicentro.br%2Fdirc%2F2025%2F09%2F26%2F1692%2F\"><i class=\"fa fa-envelope\"><\/i><\/a><\/div><\/div><\/div><div class=\"flt-right\">\r\n\t\t\t\t\t\t\t\t\t\t<a  data-post-id=\"1692\" href=\"https:\/\/www3.unicentro.br\/dirc\/2025\/09\/26\/1692\/\" title=\"Arte e Cultura no Paran\u00e1 faz Ci\u00eancia 2025\"   class=\"ultimate-layouts-readmore-link\">\r\n\t\t\t\t\t\t\t\t\t\t\t<span>Leia mais<\/span>\r\n\t\t\t\t\t\t\t\t\t\t\t<i class=\"fa fa-angle-double-right ul-readmore-icon\" aria-hidden=\"true\"><\/i>\r\n\t\t\t\t\t\t\t\t\t\t<\/a>\r\n\t\t\t\t\t\t\t\t\t  <\/div><\/div><\/div>            \r\n        <\/div><!--content-->               \r\n    <\/div><!--entry content-->            \r\n<\/article><!--post item--><!--post item--> \r\n<article class=\"ultimate-layouts-item hentry\">\r\n    <!--entry content-->\r\n    <div class=\"ultimate-layouts-entry-wrapper entry-content\">    \r\n        <!--picture-->\r\n                    <div class=\"ultimate-layouts-picture\">               \r\n                <div class=\"ultimate-layouts-picture-wrap ultimate-layouts-get-pic\">\r\n                    <a  data-post-id=\"1657\" href=\"https:\/\/www3.unicentro.br\/dirc\/2025\/09\/18\/primavera-musical\/\" title=\"Primavera Musical\"   class=\"ultimate-layouts-picture-link\"><img decoding=\"async\" class=\"ultimate-layouts-img  ul-lazysizes-effect ul-lazysizes-load\" src=\"https:\/\/www3.unicentro.br\/dirc\/wp-content\/plugins\/ultimate-layouts-vc\/assets\/front-end\/images\/placeholder.png\" data-src=\"https:\/\/www3.unicentro.br\/dirc\/wp-content\/uploads\/sites\/83\/2025\/09\/WhatsApp-Image-2025-09-16-at-15.08.19-768x960.jpeg\" data-srcset=\"https:\/\/www3.unicentro.br\/dirc\/wp-content\/uploads\/sites\/83\/2025\/09\/WhatsApp-Image-2025-09-16-at-15.08.19-768x960.jpeg 768w, https:\/\/www3.unicentro.br\/dirc\/wp-content\/uploads\/sites\/83\/2025\/09\/WhatsApp-Image-2025-09-16-at-15.08.19-240x300.jpeg 240w, https:\/\/www3.unicentro.br\/dirc\/wp-content\/uploads\/sites\/83\/2025\/09\/WhatsApp-Image-2025-09-16-at-15.08.19-819x1024.jpeg 819w, https:\/\/www3.unicentro.br\/dirc\/wp-content\/uploads\/sites\/83\/2025\/09\/WhatsApp-Image-2025-09-16-at-15.08.19-1229x1536.jpeg 1229w, https:\/\/www3.unicentro.br\/dirc\/wp-content\/uploads\/sites\/83\/2025\/09\/WhatsApp-Image-2025-09-16-at-15.08.19-205x256.jpeg 205w, https:\/\/www3.unicentro.br\/dirc\/wp-content\/uploads\/sites\/83\/2025\/09\/WhatsApp-Image-2025-09-16-at-15.08.19-480x600.jpeg 480w, https:\/\/www3.unicentro.br\/dirc\/wp-content\/uploads\/sites\/83\/2025\/09\/WhatsApp-Image-2025-09-16-at-15.08.19-255x319.jpeg 255w, https:\/\/www3.unicentro.br\/dirc\/wp-content\/uploads\/sites\/83\/2025\/09\/WhatsApp-Image-2025-09-16-at-15.08.19.jpeg 1280w\" data-sizes=\"(max-width: 768px) 100vw, 768px\" alt=\"WhatsApp Image 2025-09-16 at 15.08.19\"\/><span class=\"ul-placeholder-bg\" style=\"padding-top:125%\"><\/span><\/a>                \r\n                    <div class=\"ultimate-layouts-overlay  ultimate-layouts-hover-css-fade\"><div style=\"background-color:rgba(48,48,48,0.75) !important;\"><\/div><\/div>                    <div class=\"ultimate-layouts-control-pop \"><span data-type=\"image\" \r\n\t\t\t\t\t\t\t\t\t\tdata-source=\"https:\/\/www3.unicentro.br\/dirc\/wp-content\/uploads\/sites\/83\/2025\/09\/WhatsApp-Image-2025-09-16-at-15.08.19.jpeg\" \r\n\t\t\t\t\t\t\t\t\t\tdata-caption=\"Primavera Musical\" \r\n\t\t\t\t\t\t\t\t\t\tclass=\"ultimate-layouts-icon-lightbox ultimate-layouts-control-lightbox-oc\"\r\n\t\t\t\t\t\t\t\t\t  ><span><span><\/span><span><\/span><\/span><\/span><a data-open-post=\"ultimate-layouts-quick-view\" data-post-id=\"1657\" href=\"javascript:;\" title=\"Primavera Musical\"  class=\"ultimate-layouts-icon-link\"><i class=\"fa fa-link\"><\/i><i class=\"fa fa-chain-broken\"><\/i><\/a><\/div>                <\/div>                            \r\n            <\/div>\r\n                <!--picture-->        \r\n        <!--content-->\r\n        <div class=\"ultimate-layouts-content entry\">            \r\n            <div class=\"ultimate-layouts-categories absolute-item \"><a href=\"https:\/\/www3.unicentro.br\/dirc\/category\/agenda-cultural\/\" title=\"Agenda Cultural\"   class=\"ul-taxonomy category agenda-cultural\">Agenda Cultural<\/a><a href=\"https:\/\/www3.unicentro.br\/dirc\/category\/noticias\/\" title=\"Not\u00edcias\"   class=\"ul-taxonomy category noticias\">Not\u00edcias<\/a><a href=\"https:\/\/www3.unicentro.br\/dirc\/category\/agenda-cultural\/realizadas\/\" title=\"Realizadas\"   class=\"ul-taxonomy category realizadas\">Realizadas<\/a><\/div>        \r\n            <h3 class=\"ultimate-layouts-title entry-title  \"><a  data-post-id=\"1657\" href=\"https:\/\/www3.unicentro.br\/dirc\/2025\/09\/18\/primavera-musical\/\" title=\"Primavera Musical\"   class=\"ultimate-layouts-title-link\">Primavera Musical<\/a><\/h3>             \r\n              \r\n                      \r\n            <div class=\"ultimate-layouts-excerpt \">A Primavera Musical da Unicentro celebra a arte e a cultura em sintonia com a esta\u00e7\u00e3o das flores. O evento re\u00fane talentos locais em apresenta\u00e7\u00f5es que unem m\u00fasica, diversidade e sensibilidade art\u00edstica, aproximando a comunidade da universidade e transformando o campus em um espa\u00e7o vivo de sons, encontros e celebra\u00e7\u00e3o da criatividade. Em 2025,\u00a0 evento [&hellip;]<\/div>                                                     \r\n            <div class=\"ultimate-layouts-metas-st2 posted-on \"><div class=\"ultimate-layouts-metas-wrap\"><div class=\"flt-left\" data-action=\"share\"><a href=\"javascript:;\" title=\"Compartilhe\" class=\"ultimate-layouts-social-share-btn\"><i class=\"fa fa-share-alt\" aria-hidden=\"true\"><\/i> <span>Compartilhe<\/span><\/a><div class=\"ultimate-layouts-social-share\"><div class=\"ultimate-layouts-share-item ul-facebook\"><a title=\"Share on Facebook\" href=\"javascript:;\" target=\"_blank\" rel=\"nofollow\" onclick=\"window.open('https:\/\/www.facebook.com\/sharer\/sharer.php?u=https%3A%2F%2Fwww3.unicentro.br%2Fdirc%2F2025%2F09%2F18%2Fprimavera-musical%2F','facebook-share-dialog','width=600,height=400');return false;\"><i class=\"fa fa-facebook\"><\/i><\/a><\/div><div class=\"ultimate-layouts-share-item ul-twitter\"><a title=\"Share on Twitter\" href=\"javascript:;\" target=\"_blank\" rel=\"nofollow\" onclick=\"window.open('http:\/\/twitter.com\/share?text=Primavera+Musical&amp;url=https%3A%2F%2Fwww3.unicentro.br%2Fdirc%2F2025%2F09%2F18%2Fprimavera-musical%2F','twitter-share-dialog','width=600,height=400');return false;\"><i class=\"fa fa-twitter\"><\/i><\/a><\/div><div class=\"ultimate-layouts-share-item ul-google\"><a title=\"Share on Google Plus\" href=\"javascript:;\" target=\"_blank\" rel=\"nofollow\" onclick=\"window.open('https:\/\/plus.google.com\/share?url=https%3A%2F%2Fwww3.unicentro.br%2Fdirc%2F2025%2F09%2F18%2Fprimavera-musical%2F','googleplus-share-dialog','width=600,height=400');return false;\"><i class=\"fa fa-google-plus\"><\/i><\/a><\/div><div class=\"ultimate-layouts-share-item ul-linkedin\"><a title=\"Share on LinkedIn\" href=\"javascript:;\" target=\"_blank\" rel=\"nofollow\" onclick=\"window.open('http:\/\/www.linkedin.com\/shareArticle?mini=true&amp;url=https%3A%2F%2Fwww3.unicentro.br%2Fdirc%2F2025%2F09%2F18%2Fprimavera-musical%2F&amp;title=Primavera+Musical&amp;source=Diretoria+de+Cultura','linkedin-share-dialog','width=600,height=400');return false;\"><i class=\"fa fa-linkedin\"><\/i><\/a><\/div><div class=\"ultimate-layouts-share-item ul-tumblr\"><a title=\"Share on Tumblr\" href=\"javascript:;\" target=\"_blank\" rel=\"nofollow\" onclick=\"window.open('http:\/\/www.tumblr.com\/share\/link?url=https%3A%2F%2Fwww3.unicentro.br%2Fdirc%2F2025%2F09%2F18%2Fprimavera-musical%2F&amp;name=Primavera+Musical','tumblr-share-dialog','width=600,height=400');return false;\"><i class=\"fa fa-tumblr\"><\/i><\/a><\/div><div class=\"ultimate-layouts-share-item ul-pinterest\"><a title=\"Pin this\" href=\"javascript:;\" target=\"_blank\" rel=\"nofollow\" onclick=\"window.open('\/\/pinterest.com\/pin\/create\/button\/?url=https%3A%2F%2Fwww3.unicentro.br%2Fdirc%2F2025%2F09%2F18%2Fprimavera-musical%2F&amp;media=https%3A%2F%2Fwww3.unicentro.br%2Fdirc%2Fwp-content%2Fuploads%2Fsites%2F83%2F2025%2F09%2FWhatsApp-Image-2025-09-16-at-15.08.19.jpeg&amp;description=Primavera+Musical','pin-share-dialog','width=600,height=400');return false;\"><i class=\"fa fa-pinterest\"><\/i><\/a><\/div><div class=\"ultimate-layouts-share-item ul-vk\"><a title=\"Share on VK\" href=\"javascript:;\" target=\"_blank\" rel=\"nofollow\" onclick=\"window.open('\/\/vkontakte.ru\/share.php?url=https%3A%2F%2Fwww3.unicentro.br%2Fdirc%2F2025%2F09%2F18%2Fprimavera-musical%2F','vk-share-dialog','width=600,height=400');return false;\"><i class=\"fa fa-vk\"><\/i><\/a><\/div><div class=\"ultimate-layouts-share-item ul-email\"><a title=\"Email this\" href=\"mailto:?subject=Primavera+Musical&amp;body=https%3A%2F%2Fwww3.unicentro.br%2Fdirc%2F2025%2F09%2F18%2Fprimavera-musical%2F\"><i class=\"fa fa-envelope\"><\/i><\/a><\/div><\/div><\/div><div class=\"flt-right\">\r\n\t\t\t\t\t\t\t\t\t\t<a  data-post-id=\"1657\" href=\"https:\/\/www3.unicentro.br\/dirc\/2025\/09\/18\/primavera-musical\/\" title=\"Primavera Musical\"   class=\"ultimate-layouts-readmore-link\">\r\n\t\t\t\t\t\t\t\t\t\t\t<span>Leia mais<\/span>\r\n\t\t\t\t\t\t\t\t\t\t\t<i class=\"fa fa-angle-double-right ul-readmore-icon\" aria-hidden=\"true\"><\/i>\r\n\t\t\t\t\t\t\t\t\t\t<\/a>\r\n\t\t\t\t\t\t\t\t\t  <\/div><\/div><\/div>            \r\n        <\/div><!--content-->               \r\n    <\/div><!--entry content-->            \r\n<\/article><!--post item--><!--post item--> \r\n<article class=\"ultimate-layouts-item hentry\">\r\n    <!--entry content-->\r\n    <div class=\"ultimate-layouts-entry-wrapper entry-content\">    \r\n        <!--picture-->\r\n                    <div class=\"ultimate-layouts-picture\">               \r\n                <div class=\"ultimate-layouts-picture-wrap ultimate-layouts-get-pic\">\r\n                    <a  data-post-id=\"1648\" href=\"https:\/\/www3.unicentro.br\/dirc\/2025\/09\/15\/exposicao-artes-visuais-e-cultura-em-guarapuava-territorios-diversidade-e-memorias\/\" title=\"Exposi\u00e7\u00e3o &#8220;Artes Visuais e Cultura em Guarapuava: Territ\u00f3rios, Diversidade e Mem\u00f3rias&#8221;\"   class=\"ultimate-layouts-picture-link\"><img decoding=\"async\" class=\"ultimate-layouts-img  ul-lazysizes-effect ul-lazysizes-load\" src=\"https:\/\/www3.unicentro.br\/dirc\/wp-content\/plugins\/ultimate-layouts-vc\/assets\/front-end\/images\/placeholder.png\" data-src=\"https:\/\/www3.unicentro.br\/dirc\/wp-content\/uploads\/sites\/83\/2025\/09\/WhatsApp-Image-2025-09-09-at-14.36.43-768x960.jpeg\" data-srcset=\"https:\/\/www3.unicentro.br\/dirc\/wp-content\/uploads\/sites\/83\/2025\/09\/WhatsApp-Image-2025-09-09-at-14.36.43-768x960.jpeg 768w, https:\/\/www3.unicentro.br\/dirc\/wp-content\/uploads\/sites\/83\/2025\/09\/WhatsApp-Image-2025-09-09-at-14.36.43-240x300.jpeg 240w, https:\/\/www3.unicentro.br\/dirc\/wp-content\/uploads\/sites\/83\/2025\/09\/WhatsApp-Image-2025-09-09-at-14.36.43-819x1024.jpeg 819w, https:\/\/www3.unicentro.br\/dirc\/wp-content\/uploads\/sites\/83\/2025\/09\/WhatsApp-Image-2025-09-09-at-14.36.43-1229x1536.jpeg 1229w, https:\/\/www3.unicentro.br\/dirc\/wp-content\/uploads\/sites\/83\/2025\/09\/WhatsApp-Image-2025-09-09-at-14.36.43-205x256.jpeg 205w, https:\/\/www3.unicentro.br\/dirc\/wp-content\/uploads\/sites\/83\/2025\/09\/WhatsApp-Image-2025-09-09-at-14.36.43-480x600.jpeg 480w, https:\/\/www3.unicentro.br\/dirc\/wp-content\/uploads\/sites\/83\/2025\/09\/WhatsApp-Image-2025-09-09-at-14.36.43-255x319.jpeg 255w, https:\/\/www3.unicentro.br\/dirc\/wp-content\/uploads\/sites\/83\/2025\/09\/WhatsApp-Image-2025-09-09-at-14.36.43.jpeg 1280w\" data-sizes=\"(max-width: 768px) 100vw, 768px\" alt=\"WhatsApp Image 2025-09-09 at 14.36.43\"\/><span class=\"ul-placeholder-bg\" style=\"padding-top:125%\"><\/span><\/a>                \r\n                    <div class=\"ultimate-layouts-overlay  ultimate-layouts-hover-css-fade\"><div style=\"background-color:rgba(48,48,48,0.75) !important;\"><\/div><\/div>                    <div class=\"ultimate-layouts-control-pop \"><span data-type=\"image\" \r\n\t\t\t\t\t\t\t\t\t\tdata-source=\"https:\/\/www3.unicentro.br\/dirc\/wp-content\/uploads\/sites\/83\/2025\/09\/WhatsApp-Image-2025-09-09-at-14.36.43.jpeg\" \r\n\t\t\t\t\t\t\t\t\t\tdata-caption=\"Exposi\u00e7\u00e3o &#8220;Artes Visuais e Cultura em Guarapuava: Territ\u00f3rios, Diversidade e Mem\u00f3rias&#8221;\" \r\n\t\t\t\t\t\t\t\t\t\tclass=\"ultimate-layouts-icon-lightbox ultimate-layouts-control-lightbox-oc\"\r\n\t\t\t\t\t\t\t\t\t  ><span><span><\/span><span><\/span><\/span><\/span><a data-open-post=\"ultimate-layouts-quick-view\" data-post-id=\"1648\" href=\"javascript:;\" title=\"Exposi\u00e7\u00e3o &#8220;Artes Visuais e Cultura em Guarapuava: Territ\u00f3rios, Diversidade e Mem\u00f3rias&#8221;\"  class=\"ultimate-layouts-icon-link\"><i class=\"fa fa-link\"><\/i><i class=\"fa fa-chain-broken\"><\/i><\/a><\/div>                <\/div>                            \r\n            <\/div>\r\n                <!--picture-->        \r\n        <!--content-->\r\n        <div class=\"ultimate-layouts-content entry\">            \r\n            <div class=\"ultimate-layouts-categories absolute-item \"><a href=\"https:\/\/www3.unicentro.br\/dirc\/category\/agenda-cultural\/\" title=\"Agenda Cultural\"   class=\"ul-taxonomy category agenda-cultural\">Agenda Cultural<\/a><a href=\"https:\/\/www3.unicentro.br\/dirc\/category\/noticias\/\" title=\"Not\u00edcias\"   class=\"ul-taxonomy category noticias\">Not\u00edcias<\/a><a href=\"https:\/\/www3.unicentro.br\/dirc\/category\/agenda-cultural\/realizadas\/\" title=\"Realizadas\"   class=\"ul-taxonomy category realizadas\">Realizadas<\/a><\/div>        \r\n            <h3 class=\"ultimate-layouts-title entry-title  \"><a  data-post-id=\"1648\" href=\"https:\/\/www3.unicentro.br\/dirc\/2025\/09\/15\/exposicao-artes-visuais-e-cultura-em-guarapuava-territorios-diversidade-e-memorias\/\" title=\"Exposi\u00e7\u00e3o &#8220;Artes Visuais e Cultura em Guarapuava: Territ\u00f3rios, Diversidade e Mem\u00f3rias&#8221;\"   class=\"ultimate-layouts-title-link\">Exposi\u00e7\u00e3o &#8220;Artes Visuais e Cultura em Guarapuava: Territ\u00f3rios, Diversidade e Mem\u00f3rias&#8221;<\/a><\/h3>             \r\n              \r\n                      \r\n            <div class=\"ultimate-layouts-excerpt \">A Universidade Estadual do Centro-Oeste (Unicentro), por meio da Diretoria de Cultura, realiza a exposi\u00e7\u00e3o &#8220;Artes Visuais e Cultura em Guarapuava: Territ\u00f3rios, Diversidade e Mem\u00f3rias&#8221;, que ir\u00e1 integrar a programa\u00e7\u00e3o do Paran\u00e1 Faz Ci\u00eancia 2025. A exposi\u00e7\u00e3o prop\u00f5e um di\u00e1logo art\u00edstico e sens\u00edvel sobre como a cultura e as artes visuais expressam e reinterpretam territ\u00f3rios, [&hellip;]<\/div>                                                     \r\n            <div class=\"ultimate-layouts-metas-st2 posted-on \"><div class=\"ultimate-layouts-metas-wrap\"><div class=\"flt-left\" data-action=\"share\"><a href=\"javascript:;\" title=\"Compartilhe\" class=\"ultimate-layouts-social-share-btn\"><i class=\"fa fa-share-alt\" aria-hidden=\"true\"><\/i> <span>Compartilhe<\/span><\/a><div class=\"ultimate-layouts-social-share\"><div class=\"ultimate-layouts-share-item ul-facebook\"><a title=\"Share on Facebook\" href=\"javascript:;\" target=\"_blank\" rel=\"nofollow\" onclick=\"window.open('https:\/\/www.facebook.com\/sharer\/sharer.php?u=https%3A%2F%2Fwww3.unicentro.br%2Fdirc%2F2025%2F09%2F15%2Fexposicao-artes-visuais-e-cultura-em-guarapuava-territorios-diversidade-e-memorias%2F','facebook-share-dialog','width=600,height=400');return false;\"><i class=\"fa fa-facebook\"><\/i><\/a><\/div><div class=\"ultimate-layouts-share-item ul-twitter\"><a title=\"Share on Twitter\" href=\"javascript:;\" target=\"_blank\" rel=\"nofollow\" onclick=\"window.open('http:\/\/twitter.com\/share?text=Exposi%C3%A7%C3%A3o+%E2%80%9CArtes+Visuais+e+Cultura+em+Guarapuava%3A+Territ%C3%B3rios%2C+Diversidade+e+Mem%C3%B3rias%E2%80%9D&amp;url=https%3A%2F%2Fwww3.unicentro.br%2Fdirc%2F2025%2F09%2F15%2Fexposicao-artes-visuais-e-cultura-em-guarapuava-territorios-diversidade-e-memorias%2F','twitter-share-dialog','width=600,height=400');return false;\"><i class=\"fa fa-twitter\"><\/i><\/a><\/div><div class=\"ultimate-layouts-share-item ul-google\"><a title=\"Share on Google Plus\" href=\"javascript:;\" target=\"_blank\" rel=\"nofollow\" onclick=\"window.open('https:\/\/plus.google.com\/share?url=https%3A%2F%2Fwww3.unicentro.br%2Fdirc%2F2025%2F09%2F15%2Fexposicao-artes-visuais-e-cultura-em-guarapuava-territorios-diversidade-e-memorias%2F','googleplus-share-dialog','width=600,height=400');return false;\"><i class=\"fa fa-google-plus\"><\/i><\/a><\/div><div class=\"ultimate-layouts-share-item ul-linkedin\"><a title=\"Share on LinkedIn\" href=\"javascript:;\" target=\"_blank\" rel=\"nofollow\" onclick=\"window.open('http:\/\/www.linkedin.com\/shareArticle?mini=true&amp;url=https%3A%2F%2Fwww3.unicentro.br%2Fdirc%2F2025%2F09%2F15%2Fexposicao-artes-visuais-e-cultura-em-guarapuava-territorios-diversidade-e-memorias%2F&amp;title=Exposi%C3%A7%C3%A3o+%E2%80%9CArtes+Visuais+e+Cultura+em+Guarapuava%3A+Territ%C3%B3rios%2C+Diversidade+e+Mem%C3%B3rias%E2%80%9D&amp;source=Diretoria+de+Cultura','linkedin-share-dialog','width=600,height=400');return false;\"><i class=\"fa fa-linkedin\"><\/i><\/a><\/div><div class=\"ultimate-layouts-share-item ul-tumblr\"><a title=\"Share on Tumblr\" href=\"javascript:;\" target=\"_blank\" rel=\"nofollow\" onclick=\"window.open('http:\/\/www.tumblr.com\/share\/link?url=https%3A%2F%2Fwww3.unicentro.br%2Fdirc%2F2025%2F09%2F15%2Fexposicao-artes-visuais-e-cultura-em-guarapuava-territorios-diversidade-e-memorias%2F&amp;name=Exposi%C3%A7%C3%A3o+%E2%80%9CArtes+Visuais+e+Cultura+em+Guarapuava%3A+Territ%C3%B3rios%2C+Diversidade+e+Mem%C3%B3rias%E2%80%9D','tumblr-share-dialog','width=600,height=400');return false;\"><i class=\"fa fa-tumblr\"><\/i><\/a><\/div><div class=\"ultimate-layouts-share-item ul-pinterest\"><a title=\"Pin this\" href=\"javascript:;\" target=\"_blank\" rel=\"nofollow\" onclick=\"window.open('\/\/pinterest.com\/pin\/create\/button\/?url=https%3A%2F%2Fwww3.unicentro.br%2Fdirc%2F2025%2F09%2F15%2Fexposicao-artes-visuais-e-cultura-em-guarapuava-territorios-diversidade-e-memorias%2F&amp;media=https%3A%2F%2Fwww3.unicentro.br%2Fdirc%2Fwp-content%2Fuploads%2Fsites%2F83%2F2025%2F09%2FWhatsApp-Image-2025-09-09-at-14.36.43.jpeg&amp;description=Exposi%C3%A7%C3%A3o+%E2%80%9CArtes+Visuais+e+Cultura+em+Guarapuava%3A+Territ%C3%B3rios%2C+Diversidade+e+Mem%C3%B3rias%E2%80%9D','pin-share-dialog','width=600,height=400');return false;\"><i class=\"fa fa-pinterest\"><\/i><\/a><\/div><div class=\"ultimate-layouts-share-item ul-vk\"><a title=\"Share on VK\" href=\"javascript:;\" target=\"_blank\" rel=\"nofollow\" onclick=\"window.open('\/\/vkontakte.ru\/share.php?url=https%3A%2F%2Fwww3.unicentro.br%2Fdirc%2F2025%2F09%2F15%2Fexposicao-artes-visuais-e-cultura-em-guarapuava-territorios-diversidade-e-memorias%2F','vk-share-dialog','width=600,height=400');return false;\"><i class=\"fa fa-vk\"><\/i><\/a><\/div><div class=\"ultimate-layouts-share-item ul-email\"><a title=\"Email this\" href=\"mailto:?subject=Exposi%C3%A7%C3%A3o+%E2%80%9CArtes+Visuais+e+Cultura+em+Guarapuava%3A+Territ%C3%B3rios%2C+Diversidade+e+Mem%C3%B3rias%E2%80%9D&amp;body=https%3A%2F%2Fwww3.unicentro.br%2Fdirc%2F2025%2F09%2F15%2Fexposicao-artes-visuais-e-cultura-em-guarapuava-territorios-diversidade-e-memorias%2F\"><i class=\"fa fa-envelope\"><\/i><\/a><\/div><\/div><\/div><div class=\"flt-right\">\r\n\t\t\t\t\t\t\t\t\t\t<a  data-post-id=\"1648\" href=\"https:\/\/www3.unicentro.br\/dirc\/2025\/09\/15\/exposicao-artes-visuais-e-cultura-em-guarapuava-territorios-diversidade-e-memorias\/\" title=\"Exposi\u00e7\u00e3o &#8220;Artes Visuais e Cultura em Guarapuava: Territ\u00f3rios, Diversidade e Mem\u00f3rias&#8221;\"   class=\"ultimate-layouts-readmore-link\">\r\n\t\t\t\t\t\t\t\t\t\t\t<span>Leia mais<\/span>\r\n\t\t\t\t\t\t\t\t\t\t\t<i class=\"fa fa-angle-double-right ul-readmore-icon\" aria-hidden=\"true\"><\/i>\r\n\t\t\t\t\t\t\t\t\t\t<\/a>\r\n\t\t\t\t\t\t\t\t\t  <\/div><\/div><\/div>            \r\n        <\/div><!--content-->               \r\n    <\/div><!--entry content-->            \r\n<\/article><!--post item--><!--post item--> \r\n<article class=\"ultimate-layouts-item hentry\">\r\n    <!--entry content-->\r\n    <div class=\"ultimate-layouts-entry-wrapper entry-content\">    \r\n        <!--picture-->\r\n                    <div class=\"ultimate-layouts-picture\">               \r\n                <div class=\"ultimate-layouts-picture-wrap ultimate-layouts-get-pic\">\r\n                    <a  data-post-id=\"1614\" href=\"https:\/\/www3.unicentro.br\/dirc\/2025\/08\/08\/encontro-da-arte-folclorica-2025-2\/\" title=\"Encontro da Arte Folcl\u00f3rica 2025\"   class=\"ultimate-layouts-picture-link\"><img decoding=\"async\" class=\"ultimate-layouts-img  ul-lazysizes-effect ul-lazysizes-load\" src=\"https:\/\/www3.unicentro.br\/dirc\/wp-content\/plugins\/ultimate-layouts-vc\/assets\/front-end\/images\/placeholder.png\" data-src=\"https:\/\/www3.unicentro.br\/dirc\/wp-content\/uploads\/sites\/83\/2025\/08\/WhatsApp-Image-2025-08-08-at-16.37.02-1-768x960.jpeg\" data-srcset=\"https:\/\/www3.unicentro.br\/dirc\/wp-content\/uploads\/sites\/83\/2025\/08\/WhatsApp-Image-2025-08-08-at-16.37.02-1-768x960.jpeg 768w, https:\/\/www3.unicentro.br\/dirc\/wp-content\/uploads\/sites\/83\/2025\/08\/WhatsApp-Image-2025-08-08-at-16.37.02-1-240x300.jpeg 240w, https:\/\/www3.unicentro.br\/dirc\/wp-content\/uploads\/sites\/83\/2025\/08\/WhatsApp-Image-2025-08-08-at-16.37.02-1-819x1024.jpeg 819w, https:\/\/www3.unicentro.br\/dirc\/wp-content\/uploads\/sites\/83\/2025\/08\/WhatsApp-Image-2025-08-08-at-16.37.02-1-205x256.jpeg 205w, https:\/\/www3.unicentro.br\/dirc\/wp-content\/uploads\/sites\/83\/2025\/08\/WhatsApp-Image-2025-08-08-at-16.37.02-1-480x600.jpeg 480w, https:\/\/www3.unicentro.br\/dirc\/wp-content\/uploads\/sites\/83\/2025\/08\/WhatsApp-Image-2025-08-08-at-16.37.02-1-255x319.jpeg 255w, https:\/\/www3.unicentro.br\/dirc\/wp-content\/uploads\/sites\/83\/2025\/08\/WhatsApp-Image-2025-08-08-at-16.37.02-1.jpeg 1080w\" data-sizes=\"(max-width: 768px) 100vw, 768px\" alt=\"WhatsApp Image 2025-08-08 at 16.37.02\"\/><span class=\"ul-placeholder-bg\" style=\"padding-top:125%\"><\/span><\/a>                \r\n                    <div class=\"ultimate-layouts-overlay  ultimate-layouts-hover-css-fade\"><div style=\"background-color:rgba(48,48,48,0.75) !important;\"><\/div><\/div>                    <div class=\"ultimate-layouts-control-pop \"><span data-type=\"image\" \r\n\t\t\t\t\t\t\t\t\t\tdata-source=\"https:\/\/www3.unicentro.br\/dirc\/wp-content\/uploads\/sites\/83\/2025\/08\/WhatsApp-Image-2025-08-08-at-16.37.02-1.jpeg\" \r\n\t\t\t\t\t\t\t\t\t\tdata-caption=\"Encontro da Arte Folcl\u00f3rica 2025\" \r\n\t\t\t\t\t\t\t\t\t\tclass=\"ultimate-layouts-icon-lightbox ultimate-layouts-control-lightbox-oc\"\r\n\t\t\t\t\t\t\t\t\t  ><span><span><\/span><span><\/span><\/span><\/span><a data-open-post=\"ultimate-layouts-quick-view\" data-post-id=\"1614\" href=\"javascript:;\" title=\"Encontro da Arte Folcl\u00f3rica 2025\"  class=\"ultimate-layouts-icon-link\"><i class=\"fa fa-link\"><\/i><i class=\"fa fa-chain-broken\"><\/i><\/a><\/div>                <\/div>                            \r\n            <\/div>\r\n                <!--picture-->        \r\n        <!--content-->\r\n        <div class=\"ultimate-layouts-content entry\">            \r\n            <div class=\"ultimate-layouts-categories absolute-item \"><a href=\"https:\/\/www3.unicentro.br\/dirc\/category\/agenda-cultural\/\" title=\"Agenda Cultural\"   class=\"ul-taxonomy category agenda-cultural\">Agenda Cultural<\/a><a href=\"https:\/\/www3.unicentro.br\/dirc\/category\/noticias\/\" title=\"Not\u00edcias\"   class=\"ul-taxonomy category noticias\">Not\u00edcias<\/a><a href=\"https:\/\/www3.unicentro.br\/dirc\/category\/agenda-cultural\/realizadas\/\" title=\"Realizadas\"   class=\"ul-taxonomy category realizadas\">Realizadas<\/a><\/div>        \r\n            <h3 class=\"ultimate-layouts-title entry-title  \"><a  data-post-id=\"1614\" href=\"https:\/\/www3.unicentro.br\/dirc\/2025\/08\/08\/encontro-da-arte-folclorica-2025-2\/\" title=\"Encontro da Arte Folcl\u00f3rica 2025\"   class=\"ultimate-layouts-title-link\">Encontro da Arte Folcl\u00f3rica 2025<\/a><\/h3>             \r\n              \r\n                      \r\n            <div class=\"ultimate-layouts-excerpt \">O &#8220;Encontro da Arte Folcl\u00f3rica &#8211; Saberes da Terra, Vozes Ancestrais&#8221; inicia sua viagem pelos saberes populares, tradi\u00e7\u00f5es e express\u00f5es art\u00edsticas. O evento acontece de 5 a 29 de agosto de 2025, no Campus Santa Cruz da Unicentro e em v\u00e1rios pontos da cidade. O Encontro da Arte Folcl\u00f3rica acontece de forma descentralizada, levando apresenta\u00e7\u00f5es [&hellip;]<\/div>                                                     \r\n            <div class=\"ultimate-layouts-metas-st2 posted-on \"><div class=\"ultimate-layouts-metas-wrap\"><div class=\"flt-left\" data-action=\"share\"><a href=\"javascript:;\" title=\"Compartilhe\" class=\"ultimate-layouts-social-share-btn\"><i class=\"fa fa-share-alt\" aria-hidden=\"true\"><\/i> <span>Compartilhe<\/span><\/a><div class=\"ultimate-layouts-social-share\"><div class=\"ultimate-layouts-share-item ul-facebook\"><a title=\"Share on Facebook\" href=\"javascript:;\" target=\"_blank\" rel=\"nofollow\" onclick=\"window.open('https:\/\/www.facebook.com\/sharer\/sharer.php?u=https%3A%2F%2Fwww3.unicentro.br%2Fdirc%2F2025%2F08%2F08%2Fencontro-da-arte-folclorica-2025-2%2F','facebook-share-dialog','width=600,height=400');return false;\"><i class=\"fa fa-facebook\"><\/i><\/a><\/div><div class=\"ultimate-layouts-share-item ul-twitter\"><a title=\"Share on Twitter\" href=\"javascript:;\" target=\"_blank\" rel=\"nofollow\" onclick=\"window.open('http:\/\/twitter.com\/share?text=Encontro+da+Arte+Folcl%C3%B3rica+2025&amp;url=https%3A%2F%2Fwww3.unicentro.br%2Fdirc%2F2025%2F08%2F08%2Fencontro-da-arte-folclorica-2025-2%2F','twitter-share-dialog','width=600,height=400');return false;\"><i class=\"fa fa-twitter\"><\/i><\/a><\/div><div class=\"ultimate-layouts-share-item ul-google\"><a title=\"Share on Google Plus\" href=\"javascript:;\" target=\"_blank\" rel=\"nofollow\" onclick=\"window.open('https:\/\/plus.google.com\/share?url=https%3A%2F%2Fwww3.unicentro.br%2Fdirc%2F2025%2F08%2F08%2Fencontro-da-arte-folclorica-2025-2%2F','googleplus-share-dialog','width=600,height=400');return false;\"><i class=\"fa fa-google-plus\"><\/i><\/a><\/div><div class=\"ultimate-layouts-share-item ul-linkedin\"><a title=\"Share on LinkedIn\" href=\"javascript:;\" target=\"_blank\" rel=\"nofollow\" onclick=\"window.open('http:\/\/www.linkedin.com\/shareArticle?mini=true&amp;url=https%3A%2F%2Fwww3.unicentro.br%2Fdirc%2F2025%2F08%2F08%2Fencontro-da-arte-folclorica-2025-2%2F&amp;title=Encontro+da+Arte+Folcl%C3%B3rica+2025&amp;source=Diretoria+de+Cultura','linkedin-share-dialog','width=600,height=400');return false;\"><i class=\"fa fa-linkedin\"><\/i><\/a><\/div><div class=\"ultimate-layouts-share-item ul-tumblr\"><a title=\"Share on Tumblr\" href=\"javascript:;\" target=\"_blank\" rel=\"nofollow\" onclick=\"window.open('http:\/\/www.tumblr.com\/share\/link?url=https%3A%2F%2Fwww3.unicentro.br%2Fdirc%2F2025%2F08%2F08%2Fencontro-da-arte-folclorica-2025-2%2F&amp;name=Encontro+da+Arte+Folcl%C3%B3rica+2025','tumblr-share-dialog','width=600,height=400');return false;\"><i class=\"fa fa-tumblr\"><\/i><\/a><\/div><div class=\"ultimate-layouts-share-item ul-pinterest\"><a title=\"Pin this\" href=\"javascript:;\" target=\"_blank\" rel=\"nofollow\" onclick=\"window.open('\/\/pinterest.com\/pin\/create\/button\/?url=https%3A%2F%2Fwww3.unicentro.br%2Fdirc%2F2025%2F08%2F08%2Fencontro-da-arte-folclorica-2025-2%2F&amp;media=https%3A%2F%2Fwww3.unicentro.br%2Fdirc%2Fwp-content%2Fuploads%2Fsites%2F83%2F2025%2F08%2FWhatsApp-Image-2025-08-08-at-16.37.02-1.jpeg&amp;description=Encontro+da+Arte+Folcl%C3%B3rica+2025','pin-share-dialog','width=600,height=400');return false;\"><i class=\"fa fa-pinterest\"><\/i><\/a><\/div><div class=\"ultimate-layouts-share-item ul-vk\"><a title=\"Share on VK\" href=\"javascript:;\" target=\"_blank\" rel=\"nofollow\" onclick=\"window.open('\/\/vkontakte.ru\/share.php?url=https%3A%2F%2Fwww3.unicentro.br%2Fdirc%2F2025%2F08%2F08%2Fencontro-da-arte-folclorica-2025-2%2F','vk-share-dialog','width=600,height=400');return false;\"><i class=\"fa fa-vk\"><\/i><\/a><\/div><div class=\"ultimate-layouts-share-item ul-email\"><a title=\"Email this\" href=\"mailto:?subject=Encontro+da+Arte+Folcl%C3%B3rica+2025&amp;body=https%3A%2F%2Fwww3.unicentro.br%2Fdirc%2F2025%2F08%2F08%2Fencontro-da-arte-folclorica-2025-2%2F\"><i class=\"fa fa-envelope\"><\/i><\/a><\/div><\/div><\/div><div class=\"flt-right\">\r\n\t\t\t\t\t\t\t\t\t\t<a  data-post-id=\"1614\" href=\"https:\/\/www3.unicentro.br\/dirc\/2025\/08\/08\/encontro-da-arte-folclorica-2025-2\/\" title=\"Encontro da Arte Folcl\u00f3rica 2025\"   class=\"ultimate-layouts-readmore-link\">\r\n\t\t\t\t\t\t\t\t\t\t\t<span>Leia mais<\/span>\r\n\t\t\t\t\t\t\t\t\t\t\t<i class=\"fa fa-angle-double-right ul-readmore-icon\" aria-hidden=\"true\"><\/i>\r\n\t\t\t\t\t\t\t\t\t\t<\/a>\r\n\t\t\t\t\t\t\t\t\t  <\/div><\/div><\/div>            \r\n        <\/div><!--content-->               \r\n    <\/div><!--entry content-->            \r\n<\/article><!--post item--><!--post item--> \r\n<article class=\"ultimate-layouts-item hentry\">\r\n    <!--entry content-->\r\n    <div class=\"ultimate-layouts-entry-wrapper entry-content\">    \r\n        <!--picture-->\r\n                    <div class=\"ultimate-layouts-picture\">               \r\n                <div class=\"ultimate-layouts-picture-wrap ultimate-layouts-get-pic\">\r\n                    <a  data-post-id=\"1608\" href=\"https:\/\/www3.unicentro.br\/dirc\/2025\/07\/15\/lealdade-ao-proposito-por-marine-zinsly-carboni\/\" title=\"Lealdade ao Prop\u00f3sito por Marine Zinsly Carboni\"   class=\"ultimate-layouts-picture-link\"><img decoding=\"async\" class=\"ultimate-layouts-img  ul-lazysizes-effect ul-lazysizes-load\" src=\"https:\/\/www3.unicentro.br\/dirc\/wp-content\/plugins\/ultimate-layouts-vc\/assets\/front-end\/images\/placeholder.png\" data-src=\"https:\/\/www3.unicentro.br\/dirc\/wp-content\/uploads\/sites\/83\/2025\/07\/WhatsApp-Image-2025-07-03-at-17.13.28-768x768.jpeg\" data-srcset=\"https:\/\/www3.unicentro.br\/dirc\/wp-content\/uploads\/sites\/83\/2025\/07\/WhatsApp-Image-2025-07-03-at-17.13.28-768x768.jpeg 768w, https:\/\/www3.unicentro.br\/dirc\/wp-content\/uploads\/sites\/83\/2025\/07\/WhatsApp-Image-2025-07-03-at-17.13.28-300x300.jpeg 300w, https:\/\/www3.unicentro.br\/dirc\/wp-content\/uploads\/sites\/83\/2025\/07\/WhatsApp-Image-2025-07-03-at-17.13.28-1024x1024.jpeg 1024w, https:\/\/www3.unicentro.br\/dirc\/wp-content\/uploads\/sites\/83\/2025\/07\/WhatsApp-Image-2025-07-03-at-17.13.28-150x150.jpeg 150w, https:\/\/www3.unicentro.br\/dirc\/wp-content\/uploads\/sites\/83\/2025\/07\/WhatsApp-Image-2025-07-03-at-17.13.28-50x50.jpeg 50w, https:\/\/www3.unicentro.br\/dirc\/wp-content\/uploads\/sites\/83\/2025\/07\/WhatsApp-Image-2025-07-03-at-17.13.28-80x80.jpeg 80w, https:\/\/www3.unicentro.br\/dirc\/wp-content\/uploads\/sites\/83\/2025\/07\/WhatsApp-Image-2025-07-03-at-17.13.28-263x263.jpeg 263w, https:\/\/www3.unicentro.br\/dirc\/wp-content\/uploads\/sites\/83\/2025\/07\/WhatsApp-Image-2025-07-03-at-17.13.28-100x100.jpeg 100w, https:\/\/www3.unicentro.br\/dirc\/wp-content\/uploads\/sites\/83\/2025\/07\/WhatsApp-Image-2025-07-03-at-17.13.28-526x526.jpeg 526w, https:\/\/www3.unicentro.br\/dirc\/wp-content\/uploads\/sites\/83\/2025\/07\/WhatsApp-Image-2025-07-03-at-17.13.28-40x40.jpeg 40w, https:\/\/www3.unicentro.br\/dirc\/wp-content\/uploads\/sites\/83\/2025\/07\/WhatsApp-Image-2025-07-03-at-17.13.28-275x275.jpeg 275w, https:\/\/www3.unicentro.br\/dirc\/wp-content\/uploads\/sites\/83\/2025\/07\/WhatsApp-Image-2025-07-03-at-17.13.28-205x205.jpeg 205w, https:\/\/www3.unicentro.br\/dirc\/wp-content\/uploads\/sites\/83\/2025\/07\/WhatsApp-Image-2025-07-03-at-17.13.28-480x480.jpeg 480w, https:\/\/www3.unicentro.br\/dirc\/wp-content\/uploads\/sites\/83\/2025\/07\/WhatsApp-Image-2025-07-03-at-17.13.28-255x255.jpeg 255w, https:\/\/www3.unicentro.br\/dirc\/wp-content\/uploads\/sites\/83\/2025\/07\/WhatsApp-Image-2025-07-03-at-17.13.28.jpeg 1081w\" data-sizes=\"(max-width: 768px) 100vw, 768px\" alt=\"WhatsApp Image 2025-07-03 at 17.13.28\"\/><span class=\"ul-placeholder-bg\" style=\"padding-top:100%\"><\/span><\/a>                \r\n                    <div class=\"ultimate-layouts-overlay  ultimate-layouts-hover-css-fade\"><div style=\"background-color:rgba(48,48,48,0.75) !important;\"><\/div><\/div>                    <div class=\"ultimate-layouts-control-pop \"><span data-type=\"image\" \r\n\t\t\t\t\t\t\t\t\t\tdata-source=\"https:\/\/www3.unicentro.br\/dirc\/wp-content\/uploads\/sites\/83\/2025\/07\/WhatsApp-Image-2025-07-03-at-17.13.28.jpeg\" \r\n\t\t\t\t\t\t\t\t\t\tdata-caption=\"Lealdade ao Prop\u00f3sito por Marine Zinsly Carboni\" \r\n\t\t\t\t\t\t\t\t\t\tclass=\"ultimate-layouts-icon-lightbox ultimate-layouts-control-lightbox-oc\"\r\n\t\t\t\t\t\t\t\t\t  ><span><span><\/span><span><\/span><\/span><\/span><a data-open-post=\"ultimate-layouts-quick-view\" data-post-id=\"1608\" href=\"javascript:;\" title=\"Lealdade ao Prop\u00f3sito por Marine Zinsly Carboni\"  class=\"ultimate-layouts-icon-link\"><i class=\"fa fa-link\"><\/i><i class=\"fa fa-chain-broken\"><\/i><\/a><\/div>                <\/div>                            \r\n            <\/div>\r\n                <!--picture-->        \r\n        <!--content-->\r\n        <div class=\"ultimate-layouts-content entry\">            \r\n            <div class=\"ultimate-layouts-categories absolute-item \"><a href=\"https:\/\/www3.unicentro.br\/dirc\/category\/agenda-cultural\/\" title=\"Agenda Cultural\"   class=\"ul-taxonomy category agenda-cultural\">Agenda Cultural<\/a><a href=\"https:\/\/www3.unicentro.br\/dirc\/category\/noticias\/\" title=\"Not\u00edcias\"   class=\"ul-taxonomy category noticias\">Not\u00edcias<\/a><a href=\"https:\/\/www3.unicentro.br\/dirc\/category\/agenda-cultural\/realizadas\/\" title=\"Realizadas\"   class=\"ul-taxonomy category realizadas\">Realizadas<\/a><\/div>        \r\n            <h3 class=\"ultimate-layouts-title entry-title  \"><a  data-post-id=\"1608\" href=\"https:\/\/www3.unicentro.br\/dirc\/2025\/07\/15\/lealdade-ao-proposito-por-marine-zinsly-carboni\/\" title=\"Lealdade ao Prop\u00f3sito por Marine Zinsly Carboni\"   class=\"ultimate-layouts-title-link\">Lealdade ao Prop\u00f3sito por Marine Zinsly Carboni<\/a><\/h3>             \r\n              \r\n                      \r\n            <div class=\"ultimate-layouts-excerpt \">A abertura da exposi\u00e7\u00e3o Lealdade ao Prop\u00f3sito de Marine Zinsly Carboni ocorreu no dia 10 de julho, \u00e0s 19h e ficar\u00e1 aberta para visita\u00e7\u00e3o at\u00e9 o dia 31 de julho, no Centro de Exposi\u00e7\u00f5es do C\u00e2mpus Santa Cruz da Unicentro. Na singularidade de sua exist\u00eancia, as \u00e1rvores apresentam sua ess\u00eancia ao mundo pelos seus mist\u00e9rios, [&hellip;]<\/div>                                                     \r\n            <div class=\"ultimate-layouts-metas-st2 posted-on \"><div class=\"ultimate-layouts-metas-wrap\"><div class=\"flt-left\" data-action=\"share\"><a href=\"javascript:;\" title=\"Compartilhe\" class=\"ultimate-layouts-social-share-btn\"><i class=\"fa fa-share-alt\" aria-hidden=\"true\"><\/i> <span>Compartilhe<\/span><\/a><div class=\"ultimate-layouts-social-share\"><div class=\"ultimate-layouts-share-item ul-facebook\"><a title=\"Share on Facebook\" href=\"javascript:;\" target=\"_blank\" rel=\"nofollow\" onclick=\"window.open('https:\/\/www.facebook.com\/sharer\/sharer.php?u=https%3A%2F%2Fwww3.unicentro.br%2Fdirc%2F2025%2F07%2F15%2Flealdade-ao-proposito-por-marine-zinsly-carboni%2F','facebook-share-dialog','width=600,height=400');return false;\"><i class=\"fa fa-facebook\"><\/i><\/a><\/div><div class=\"ultimate-layouts-share-item ul-twitter\"><a title=\"Share on Twitter\" href=\"javascript:;\" target=\"_blank\" rel=\"nofollow\" onclick=\"window.open('http:\/\/twitter.com\/share?text=Lealdade+ao+Prop%C3%B3sito+por+Marine+Zinsly+Carboni&amp;url=https%3A%2F%2Fwww3.unicentro.br%2Fdirc%2F2025%2F07%2F15%2Flealdade-ao-proposito-por-marine-zinsly-carboni%2F','twitter-share-dialog','width=600,height=400');return false;\"><i class=\"fa fa-twitter\"><\/i><\/a><\/div><div class=\"ultimate-layouts-share-item ul-google\"><a title=\"Share on Google Plus\" href=\"javascript:;\" target=\"_blank\" rel=\"nofollow\" onclick=\"window.open('https:\/\/plus.google.com\/share?url=https%3A%2F%2Fwww3.unicentro.br%2Fdirc%2F2025%2F07%2F15%2Flealdade-ao-proposito-por-marine-zinsly-carboni%2F','googleplus-share-dialog','width=600,height=400');return false;\"><i class=\"fa fa-google-plus\"><\/i><\/a><\/div><div class=\"ultimate-layouts-share-item ul-linkedin\"><a title=\"Share on LinkedIn\" href=\"javascript:;\" target=\"_blank\" rel=\"nofollow\" onclick=\"window.open('http:\/\/www.linkedin.com\/shareArticle?mini=true&amp;url=https%3A%2F%2Fwww3.unicentro.br%2Fdirc%2F2025%2F07%2F15%2Flealdade-ao-proposito-por-marine-zinsly-carboni%2F&amp;title=Lealdade+ao+Prop%C3%B3sito+por+Marine+Zinsly+Carboni&amp;source=Diretoria+de+Cultura','linkedin-share-dialog','width=600,height=400');return false;\"><i class=\"fa fa-linkedin\"><\/i><\/a><\/div><div class=\"ultimate-layouts-share-item ul-tumblr\"><a title=\"Share on Tumblr\" href=\"javascript:;\" target=\"_blank\" rel=\"nofollow\" onclick=\"window.open('http:\/\/www.tumblr.com\/share\/link?url=https%3A%2F%2Fwww3.unicentro.br%2Fdirc%2F2025%2F07%2F15%2Flealdade-ao-proposito-por-marine-zinsly-carboni%2F&amp;name=Lealdade+ao+Prop%C3%B3sito+por+Marine+Zinsly+Carboni','tumblr-share-dialog','width=600,height=400');return false;\"><i class=\"fa fa-tumblr\"><\/i><\/a><\/div><div class=\"ultimate-layouts-share-item ul-pinterest\"><a title=\"Pin this\" href=\"javascript:;\" target=\"_blank\" rel=\"nofollow\" onclick=\"window.open('\/\/pinterest.com\/pin\/create\/button\/?url=https%3A%2F%2Fwww3.unicentro.br%2Fdirc%2F2025%2F07%2F15%2Flealdade-ao-proposito-por-marine-zinsly-carboni%2F&amp;media=https%3A%2F%2Fwww3.unicentro.br%2Fdirc%2Fwp-content%2Fuploads%2Fsites%2F83%2F2025%2F07%2FWhatsApp-Image-2025-07-03-at-17.13.28.jpeg&amp;description=Lealdade+ao+Prop%C3%B3sito+por+Marine+Zinsly+Carboni','pin-share-dialog','width=600,height=400');return false;\"><i class=\"fa fa-pinterest\"><\/i><\/a><\/div><div class=\"ultimate-layouts-share-item ul-vk\"><a title=\"Share on VK\" href=\"javascript:;\" target=\"_blank\" rel=\"nofollow\" onclick=\"window.open('\/\/vkontakte.ru\/share.php?url=https%3A%2F%2Fwww3.unicentro.br%2Fdirc%2F2025%2F07%2F15%2Flealdade-ao-proposito-por-marine-zinsly-carboni%2F','vk-share-dialog','width=600,height=400');return false;\"><i class=\"fa fa-vk\"><\/i><\/a><\/div><div class=\"ultimate-layouts-share-item ul-email\"><a title=\"Email this\" href=\"mailto:?subject=Lealdade+ao+Prop%C3%B3sito+por+Marine+Zinsly+Carboni&amp;body=https%3A%2F%2Fwww3.unicentro.br%2Fdirc%2F2025%2F07%2F15%2Flealdade-ao-proposito-por-marine-zinsly-carboni%2F\"><i class=\"fa fa-envelope\"><\/i><\/a><\/div><\/div><\/div><div class=\"flt-right\">\r\n\t\t\t\t\t\t\t\t\t\t<a  data-post-id=\"1608\" href=\"https:\/\/www3.unicentro.br\/dirc\/2025\/07\/15\/lealdade-ao-proposito-por-marine-zinsly-carboni\/\" title=\"Lealdade ao Prop\u00f3sito por Marine Zinsly Carboni\"   class=\"ultimate-layouts-readmore-link\">\r\n\t\t\t\t\t\t\t\t\t\t\t<span>Leia mais<\/span>\r\n\t\t\t\t\t\t\t\t\t\t\t<i class=\"fa fa-angle-double-right ul-readmore-icon\" aria-hidden=\"true\"><\/i>\r\n\t\t\t\t\t\t\t\t\t\t<\/a>\r\n\t\t\t\t\t\t\t\t\t  <\/div><\/div><\/div>            \r\n        <\/div><!--content-->               \r\n    <\/div><!--entry content-->            \r\n<\/article><!--post item--><!--post item--> \r\n<article class=\"ultimate-layouts-item hentry\">\r\n    <!--entry content-->\r\n    <div class=\"ultimate-layouts-entry-wrapper entry-content\">    \r\n        <!--picture-->\r\n                    <div class=\"ultimate-layouts-picture\">               \r\n                <div class=\"ultimate-layouts-picture-wrap ultimate-layouts-get-pic\">\r\n                    <a  data-post-id=\"1568\" href=\"https:\/\/www3.unicentro.br\/dirc\/2025\/05\/06\/1568\/\" title=\"Arte\u00b2 2025 \u201cPerspectivas do Real: Miradas Po\u00e9ticas\u201d\"   class=\"ultimate-layouts-picture-link\"><img decoding=\"async\" class=\"ultimate-layouts-img  ul-lazysizes-effect ul-lazysizes-load\" src=\"https:\/\/www3.unicentro.br\/dirc\/wp-content\/plugins\/ultimate-layouts-vc\/assets\/front-end\/images\/placeholder.png\" data-src=\"https:\/\/www3.unicentro.br\/dirc\/wp-content\/uploads\/sites\/83\/2025\/05\/WhatsApp-Image-2025-05-06-at-13.23.15-768x922.jpeg\" data-srcset=\"https:\/\/www3.unicentro.br\/dirc\/wp-content\/uploads\/sites\/83\/2025\/05\/WhatsApp-Image-2025-05-06-at-13.23.15-768x922.jpeg 768w, https:\/\/www3.unicentro.br\/dirc\/wp-content\/uploads\/sites\/83\/2025\/05\/WhatsApp-Image-2025-05-06-at-13.23.15-250x300.jpeg 250w, https:\/\/www3.unicentro.br\/dirc\/wp-content\/uploads\/sites\/83\/2025\/05\/WhatsApp-Image-2025-05-06-at-13.23.15-853x1024.jpeg 853w, https:\/\/www3.unicentro.br\/dirc\/wp-content\/uploads\/sites\/83\/2025\/05\/WhatsApp-Image-2025-05-06-at-13.23.15-205x246.jpeg 205w, https:\/\/www3.unicentro.br\/dirc\/wp-content\/uploads\/sites\/83\/2025\/05\/WhatsApp-Image-2025-05-06-at-13.23.15-480x576.jpeg 480w, https:\/\/www3.unicentro.br\/dirc\/wp-content\/uploads\/sites\/83\/2025\/05\/WhatsApp-Image-2025-05-06-at-13.23.15-255x306.jpeg 255w, https:\/\/www3.unicentro.br\/dirc\/wp-content\/uploads\/sites\/83\/2025\/05\/WhatsApp-Image-2025-05-06-at-13.23.15.jpeg 970w\" data-sizes=\"(max-width: 768px) 100vw, 768px\" alt=\"WhatsApp Image 2025-05-06 at 13.23.15\"\/><span class=\"ul-placeholder-bg\" style=\"padding-top:120.05208333333%\"><\/span><\/a>                \r\n                    <div class=\"ultimate-layouts-overlay  ultimate-layouts-hover-css-fade\"><div style=\"background-color:rgba(48,48,48,0.75) !important;\"><\/div><\/div>                    <div class=\"ultimate-layouts-control-pop \"><span data-type=\"image\" \r\n\t\t\t\t\t\t\t\t\t\tdata-source=\"https:\/\/www3.unicentro.br\/dirc\/wp-content\/uploads\/sites\/83\/2025\/05\/WhatsApp-Image-2025-05-06-at-13.23.15.jpeg\" \r\n\t\t\t\t\t\t\t\t\t\tdata-caption=\"Arte\u00b2 2025 \u201cPerspectivas do Real: Miradas Po\u00e9ticas\u201d\" \r\n\t\t\t\t\t\t\t\t\t\tclass=\"ultimate-layouts-icon-lightbox ultimate-layouts-control-lightbox-oc\"\r\n\t\t\t\t\t\t\t\t\t  ><span><span><\/span><span><\/span><\/span><\/span><a data-open-post=\"ultimate-layouts-quick-view\" data-post-id=\"1568\" href=\"javascript:;\" title=\"Arte\u00b2 2025 \u201cPerspectivas do Real: Miradas Po\u00e9ticas\u201d\"  class=\"ultimate-layouts-icon-link\"><i class=\"fa fa-link\"><\/i><i class=\"fa fa-chain-broken\"><\/i><\/a><\/div>                <\/div>                            \r\n            <\/div>\r\n                <!--picture-->        \r\n        <!--content-->\r\n        <div class=\"ultimate-layouts-content entry\">            \r\n            <div class=\"ultimate-layouts-categories absolute-item \"><a href=\"https:\/\/www3.unicentro.br\/dirc\/category\/agenda-cultural\/\" title=\"Agenda Cultural\"   class=\"ul-taxonomy category agenda-cultural\">Agenda Cultural<\/a><a href=\"https:\/\/www3.unicentro.br\/dirc\/category\/noticias\/\" title=\"Not\u00edcias\"   class=\"ul-taxonomy category noticias\">Not\u00edcias<\/a><a href=\"https:\/\/www3.unicentro.br\/dirc\/category\/agenda-cultural\/realizadas\/\" title=\"Realizadas\"   class=\"ul-taxonomy category realizadas\">Realizadas<\/a><\/div>        \r\n            <h3 class=\"ultimate-layouts-title entry-title  \"><a  data-post-id=\"1568\" href=\"https:\/\/www3.unicentro.br\/dirc\/2025\/05\/06\/1568\/\" title=\"Arte\u00b2 2025 \u201cPerspectivas do Real: Miradas Po\u00e9ticas\u201d\"   class=\"ultimate-layouts-title-link\">Arte\u00b2 2025 \u201cPerspectivas do Real: Miradas Po\u00e9ticas\u201d<\/a><\/h3>             \r\n              \r\n                      \r\n            <div class=\"ultimate-layouts-excerpt \">A edi\u00e7\u00e3o Arte\u00b2 2025 \u201cPerspectivas do Real: Miradas Po\u00e9ticas\u201d bateu recorde de participa\u00e7\u00e3o, reunindo mais de 100 artistas e obras. Nesta edi\u00e7\u00e3o, al\u00e9m de artistas de v\u00e1rias cidades do Paran\u00e1, est\u00e3o participando artistas dos estados de S\u00e3o Paulo, Rio de Janeiro, Minas Gerais, Mato Grosso, Goi\u00e1s, Bahia e Rio Grande do Sul. A abertura do [&hellip;]<\/div>                                                     \r\n            <div class=\"ultimate-layouts-metas-st2 posted-on \"><div class=\"ultimate-layouts-metas-wrap\"><div class=\"flt-left\" data-action=\"share\"><a href=\"javascript:;\" title=\"Compartilhe\" class=\"ultimate-layouts-social-share-btn\"><i class=\"fa fa-share-alt\" aria-hidden=\"true\"><\/i> <span>Compartilhe<\/span><\/a><div class=\"ultimate-layouts-social-share\"><div class=\"ultimate-layouts-share-item ul-facebook\"><a title=\"Share on Facebook\" href=\"javascript:;\" target=\"_blank\" rel=\"nofollow\" onclick=\"window.open('https:\/\/www.facebook.com\/sharer\/sharer.php?u=https%3A%2F%2Fwww3.unicentro.br%2Fdirc%2F2025%2F05%2F06%2F1568%2F','facebook-share-dialog','width=600,height=400');return false;\"><i class=\"fa fa-facebook\"><\/i><\/a><\/div><div class=\"ultimate-layouts-share-item ul-twitter\"><a title=\"Share on Twitter\" href=\"javascript:;\" target=\"_blank\" rel=\"nofollow\" onclick=\"window.open('http:\/\/twitter.com\/share?text=Arte%C2%B2+2025+%E2%80%9CPerspectivas+do+Real%3A+Miradas+Po%C3%A9ticas%E2%80%9D&amp;url=https%3A%2F%2Fwww3.unicentro.br%2Fdirc%2F2025%2F05%2F06%2F1568%2F','twitter-share-dialog','width=600,height=400');return false;\"><i class=\"fa fa-twitter\"><\/i><\/a><\/div><div class=\"ultimate-layouts-share-item ul-google\"><a title=\"Share on Google Plus\" href=\"javascript:;\" target=\"_blank\" rel=\"nofollow\" onclick=\"window.open('https:\/\/plus.google.com\/share?url=https%3A%2F%2Fwww3.unicentro.br%2Fdirc%2F2025%2F05%2F06%2F1568%2F','googleplus-share-dialog','width=600,height=400');return false;\"><i class=\"fa fa-google-plus\"><\/i><\/a><\/div><div class=\"ultimate-layouts-share-item ul-linkedin\"><a title=\"Share on LinkedIn\" href=\"javascript:;\" target=\"_blank\" rel=\"nofollow\" onclick=\"window.open('http:\/\/www.linkedin.com\/shareArticle?mini=true&amp;url=https%3A%2F%2Fwww3.unicentro.br%2Fdirc%2F2025%2F05%2F06%2F1568%2F&amp;title=Arte%C2%B2+2025+%E2%80%9CPerspectivas+do+Real%3A+Miradas+Po%C3%A9ticas%E2%80%9D&amp;source=Diretoria+de+Cultura','linkedin-share-dialog','width=600,height=400');return false;\"><i class=\"fa fa-linkedin\"><\/i><\/a><\/div><div class=\"ultimate-layouts-share-item ul-tumblr\"><a title=\"Share on Tumblr\" href=\"javascript:;\" target=\"_blank\" rel=\"nofollow\" onclick=\"window.open('http:\/\/www.tumblr.com\/share\/link?url=https%3A%2F%2Fwww3.unicentro.br%2Fdirc%2F2025%2F05%2F06%2F1568%2F&amp;name=Arte%C2%B2+2025+%E2%80%9CPerspectivas+do+Real%3A+Miradas+Po%C3%A9ticas%E2%80%9D','tumblr-share-dialog','width=600,height=400');return false;\"><i class=\"fa fa-tumblr\"><\/i><\/a><\/div><div class=\"ultimate-layouts-share-item ul-pinterest\"><a title=\"Pin this\" href=\"javascript:;\" target=\"_blank\" rel=\"nofollow\" onclick=\"window.open('\/\/pinterest.com\/pin\/create\/button\/?url=https%3A%2F%2Fwww3.unicentro.br%2Fdirc%2F2025%2F05%2F06%2F1568%2F&amp;media=https%3A%2F%2Fwww3.unicentro.br%2Fdirc%2Fwp-content%2Fuploads%2Fsites%2F83%2F2025%2F05%2FWhatsApp-Image-2025-05-06-at-13.23.15.jpeg&amp;description=Arte%C2%B2+2025+%E2%80%9CPerspectivas+do+Real%3A+Miradas+Po%C3%A9ticas%E2%80%9D','pin-share-dialog','width=600,height=400');return false;\"><i class=\"fa fa-pinterest\"><\/i><\/a><\/div><div class=\"ultimate-layouts-share-item ul-vk\"><a title=\"Share on VK\" href=\"javascript:;\" target=\"_blank\" rel=\"nofollow\" onclick=\"window.open('\/\/vkontakte.ru\/share.php?url=https%3A%2F%2Fwww3.unicentro.br%2Fdirc%2F2025%2F05%2F06%2F1568%2F','vk-share-dialog','width=600,height=400');return false;\"><i class=\"fa fa-vk\"><\/i><\/a><\/div><div class=\"ultimate-layouts-share-item ul-email\"><a title=\"Email this\" href=\"mailto:?subject=Arte%C2%B2+2025+%E2%80%9CPerspectivas+do+Real%3A+Miradas+Po%C3%A9ticas%E2%80%9D&amp;body=https%3A%2F%2Fwww3.unicentro.br%2Fdirc%2F2025%2F05%2F06%2F1568%2F\"><i class=\"fa fa-envelope\"><\/i><\/a><\/div><\/div><\/div><div class=\"flt-right\">\r\n\t\t\t\t\t\t\t\t\t\t<a  data-post-id=\"1568\" href=\"https:\/\/www3.unicentro.br\/dirc\/2025\/05\/06\/1568\/\" title=\"Arte\u00b2 2025 \u201cPerspectivas do Real: Miradas Po\u00e9ticas\u201d\"   class=\"ultimate-layouts-readmore-link\">\r\n\t\t\t\t\t\t\t\t\t\t\t<span>Leia mais<\/span>\r\n\t\t\t\t\t\t\t\t\t\t\t<i class=\"fa fa-angle-double-right ul-readmore-icon\" aria-hidden=\"true\"><\/i>\r\n\t\t\t\t\t\t\t\t\t\t<\/a>\r\n\t\t\t\t\t\t\t\t\t  <\/div><\/div><\/div>            \r\n        <\/div><!--content-->               \r\n    <\/div><!--entry content-->            \r\n<\/article><!--post item--><!--post item--> \r\n<article class=\"ultimate-layouts-item hentry\">\r\n    <!--entry content-->\r\n    <div class=\"ultimate-layouts-entry-wrapper entry-content\">    \r\n        <!--picture-->\r\n                    <div class=\"ultimate-layouts-picture\">               \r\n                <div class=\"ultimate-layouts-picture-wrap ultimate-layouts-get-pic\">\r\n                    <a  data-post-id=\"1547\" href=\"https:\/\/www3.unicentro.br\/dirc\/2025\/03\/27\/alquimia-das-rosas-por-marcia-carazzai\/\" title=\"&#8220;Alquimia das Rosas&#8221; por M\u00e1rcia Carazzai\"   class=\"ultimate-layouts-picture-link\"><img decoding=\"async\" class=\"ultimate-layouts-img  ul-lazysizes-effect ul-lazysizes-load\" src=\"https:\/\/www3.unicentro.br\/dirc\/wp-content\/plugins\/ultimate-layouts-vc\/assets\/front-end\/images\/placeholder.png\" data-src=\"https:\/\/www3.unicentro.br\/dirc\/wp-content\/uploads\/sites\/83\/2025\/03\/WhatsApp-Image-2025-03-27-at-15.54.20-768x768.jpeg\" data-srcset=\"https:\/\/www3.unicentro.br\/dirc\/wp-content\/uploads\/sites\/83\/2025\/03\/WhatsApp-Image-2025-03-27-at-15.54.20-768x768.jpeg 768w, https:\/\/www3.unicentro.br\/dirc\/wp-content\/uploads\/sites\/83\/2025\/03\/WhatsApp-Image-2025-03-27-at-15.54.20-300x300.jpeg 300w, https:\/\/www3.unicentro.br\/dirc\/wp-content\/uploads\/sites\/83\/2025\/03\/WhatsApp-Image-2025-03-27-at-15.54.20-150x150.jpeg 150w, https:\/\/www3.unicentro.br\/dirc\/wp-content\/uploads\/sites\/83\/2025\/03\/WhatsApp-Image-2025-03-27-at-15.54.20-50x50.jpeg 50w, https:\/\/www3.unicentro.br\/dirc\/wp-content\/uploads\/sites\/83\/2025\/03\/WhatsApp-Image-2025-03-27-at-15.54.20-80x80.jpeg 80w, https:\/\/www3.unicentro.br\/dirc\/wp-content\/uploads\/sites\/83\/2025\/03\/WhatsApp-Image-2025-03-27-at-15.54.20-263x263.jpeg 263w, https:\/\/www3.unicentro.br\/dirc\/wp-content\/uploads\/sites\/83\/2025\/03\/WhatsApp-Image-2025-03-27-at-15.54.20-100x100.jpeg 100w, https:\/\/www3.unicentro.br\/dirc\/wp-content\/uploads\/sites\/83\/2025\/03\/WhatsApp-Image-2025-03-27-at-15.54.20-526x526.jpeg 526w, https:\/\/www3.unicentro.br\/dirc\/wp-content\/uploads\/sites\/83\/2025\/03\/WhatsApp-Image-2025-03-27-at-15.54.20-40x40.jpeg 40w, https:\/\/www3.unicentro.br\/dirc\/wp-content\/uploads\/sites\/83\/2025\/03\/WhatsApp-Image-2025-03-27-at-15.54.20-275x275.jpeg 275w, https:\/\/www3.unicentro.br\/dirc\/wp-content\/uploads\/sites\/83\/2025\/03\/WhatsApp-Image-2025-03-27-at-15.54.20-205x205.jpeg 205w, https:\/\/www3.unicentro.br\/dirc\/wp-content\/uploads\/sites\/83\/2025\/03\/WhatsApp-Image-2025-03-27-at-15.54.20-480x480.jpeg 480w, https:\/\/www3.unicentro.br\/dirc\/wp-content\/uploads\/sites\/83\/2025\/03\/WhatsApp-Image-2025-03-27-at-15.54.20-255x255.jpeg 255w, https:\/\/www3.unicentro.br\/dirc\/wp-content\/uploads\/sites\/83\/2025\/03\/WhatsApp-Image-2025-03-27-at-15.54.20.jpeg 901w\" data-sizes=\"(max-width: 768px) 100vw, 768px\" alt=\"WhatsApp Image 2025-03-27 at 15.54.20\"\/><span class=\"ul-placeholder-bg\" style=\"padding-top:100%\"><\/span><\/a>                \r\n                    <div class=\"ultimate-layouts-overlay  ultimate-layouts-hover-css-fade\"><div style=\"background-color:rgba(48,48,48,0.75) !important;\"><\/div><\/div>                    <div class=\"ultimate-layouts-control-pop \"><span data-type=\"image\" \r\n\t\t\t\t\t\t\t\t\t\tdata-source=\"https:\/\/www3.unicentro.br\/dirc\/wp-content\/uploads\/sites\/83\/2025\/03\/WhatsApp-Image-2025-03-27-at-15.54.20.jpeg\" \r\n\t\t\t\t\t\t\t\t\t\tdata-caption=\"&#8220;Alquimia das Rosas&#8221; por M\u00e1rcia Carazzai\" \r\n\t\t\t\t\t\t\t\t\t\tclass=\"ultimate-layouts-icon-lightbox ultimate-layouts-control-lightbox-oc\"\r\n\t\t\t\t\t\t\t\t\t  ><span><span><\/span><span><\/span><\/span><\/span><a data-open-post=\"ultimate-layouts-quick-view\" data-post-id=\"1547\" href=\"javascript:;\" title=\"&#8220;Alquimia das Rosas&#8221; por M\u00e1rcia Carazzai\"  class=\"ultimate-layouts-icon-link\"><i class=\"fa fa-link\"><\/i><i class=\"fa fa-chain-broken\"><\/i><\/a><\/div>                <\/div>                            \r\n            <\/div>\r\n                <!--picture-->        \r\n        <!--content-->\r\n        <div class=\"ultimate-layouts-content entry\">            \r\n            <div class=\"ultimate-layouts-categories absolute-item \"><a href=\"https:\/\/www3.unicentro.br\/dirc\/category\/agenda-cultural\/\" title=\"Agenda Cultural\"   class=\"ul-taxonomy category agenda-cultural\">Agenda Cultural<\/a><a href=\"https:\/\/www3.unicentro.br\/dirc\/category\/noticias\/\" title=\"Not\u00edcias\"   class=\"ul-taxonomy category noticias\">Not\u00edcias<\/a><a href=\"https:\/\/www3.unicentro.br\/dirc\/category\/agenda-cultural\/realizadas\/\" title=\"Realizadas\"   class=\"ul-taxonomy category realizadas\">Realizadas<\/a><\/div>        \r\n            <h3 class=\"ultimate-layouts-title entry-title  \"><a  data-post-id=\"1547\" href=\"https:\/\/www3.unicentro.br\/dirc\/2025\/03\/27\/alquimia-das-rosas-por-marcia-carazzai\/\" title=\"&#8220;Alquimia das Rosas&#8221; por M\u00e1rcia Carazzai\"   class=\"ultimate-layouts-title-link\">&#8220;Alquimia das Rosas&#8221; por M\u00e1rcia Carazzai<\/a><\/h3>             \r\n              \r\n                      \r\n            <div class=\"ultimate-layouts-excerpt \">&nbsp; Em abril, o Centro de Exposi\u00e7\u00f5es recebe a exposi\u00e7\u00e3o &#8220;Alquimia das Rosas&#8221; de Marcia Regina Pawlas Carazzai, professora do Departamento de Letras da UNICENTRO\/Guarapuava, fot\u00f3grafa e bailarina. Marcia produziu diversas exposi\u00e7\u00f5es fotogr\u00e1ficas e participou de v\u00e1rias coletivas. Suas fotos s\u00e3o principalmente da natureza, e em especial das flores. Para a fot\u00f3grafa: A rosa \u00e9 [&hellip;]<\/div>                                                     \r\n            <div class=\"ultimate-layouts-metas-st2 posted-on \"><div class=\"ultimate-layouts-metas-wrap\"><div class=\"flt-left\" data-action=\"share\"><a href=\"javascript:;\" title=\"Compartilhe\" class=\"ultimate-layouts-social-share-btn\"><i class=\"fa fa-share-alt\" aria-hidden=\"true\"><\/i> <span>Compartilhe<\/span><\/a><div class=\"ultimate-layouts-social-share\"><div class=\"ultimate-layouts-share-item ul-facebook\"><a title=\"Share on Facebook\" href=\"javascript:;\" target=\"_blank\" rel=\"nofollow\" onclick=\"window.open('https:\/\/www.facebook.com\/sharer\/sharer.php?u=https%3A%2F%2Fwww3.unicentro.br%2Fdirc%2F2025%2F03%2F27%2Falquimia-das-rosas-por-marcia-carazzai%2F','facebook-share-dialog','width=600,height=400');return false;\"><i class=\"fa fa-facebook\"><\/i><\/a><\/div><div class=\"ultimate-layouts-share-item ul-twitter\"><a title=\"Share on Twitter\" href=\"javascript:;\" target=\"_blank\" rel=\"nofollow\" onclick=\"window.open('http:\/\/twitter.com\/share?text=%E2%80%9CAlquimia+das+Rosas%E2%80%9D+por+M%C3%A1rcia+Carazzai&amp;url=https%3A%2F%2Fwww3.unicentro.br%2Fdirc%2F2025%2F03%2F27%2Falquimia-das-rosas-por-marcia-carazzai%2F','twitter-share-dialog','width=600,height=400');return false;\"><i class=\"fa fa-twitter\"><\/i><\/a><\/div><div class=\"ultimate-layouts-share-item ul-google\"><a title=\"Share on Google Plus\" href=\"javascript:;\" target=\"_blank\" rel=\"nofollow\" onclick=\"window.open('https:\/\/plus.google.com\/share?url=https%3A%2F%2Fwww3.unicentro.br%2Fdirc%2F2025%2F03%2F27%2Falquimia-das-rosas-por-marcia-carazzai%2F','googleplus-share-dialog','width=600,height=400');return false;\"><i class=\"fa fa-google-plus\"><\/i><\/a><\/div><div class=\"ultimate-layouts-share-item ul-linkedin\"><a title=\"Share on LinkedIn\" href=\"javascript:;\" target=\"_blank\" rel=\"nofollow\" onclick=\"window.open('http:\/\/www.linkedin.com\/shareArticle?mini=true&amp;url=https%3A%2F%2Fwww3.unicentro.br%2Fdirc%2F2025%2F03%2F27%2Falquimia-das-rosas-por-marcia-carazzai%2F&amp;title=%E2%80%9CAlquimia+das+Rosas%E2%80%9D+por+M%C3%A1rcia+Carazzai&amp;source=Diretoria+de+Cultura','linkedin-share-dialog','width=600,height=400');return false;\"><i class=\"fa fa-linkedin\"><\/i><\/a><\/div><div class=\"ultimate-layouts-share-item ul-tumblr\"><a title=\"Share on Tumblr\" href=\"javascript:;\" target=\"_blank\" rel=\"nofollow\" onclick=\"window.open('http:\/\/www.tumblr.com\/share\/link?url=https%3A%2F%2Fwww3.unicentro.br%2Fdirc%2F2025%2F03%2F27%2Falquimia-das-rosas-por-marcia-carazzai%2F&amp;name=%E2%80%9CAlquimia+das+Rosas%E2%80%9D+por+M%C3%A1rcia+Carazzai','tumblr-share-dialog','width=600,height=400');return false;\"><i class=\"fa fa-tumblr\"><\/i><\/a><\/div><div class=\"ultimate-layouts-share-item ul-pinterest\"><a title=\"Pin this\" href=\"javascript:;\" target=\"_blank\" rel=\"nofollow\" onclick=\"window.open('\/\/pinterest.com\/pin\/create\/button\/?url=https%3A%2F%2Fwww3.unicentro.br%2Fdirc%2F2025%2F03%2F27%2Falquimia-das-rosas-por-marcia-carazzai%2F&amp;media=https%3A%2F%2Fwww3.unicentro.br%2Fdirc%2Fwp-content%2Fuploads%2Fsites%2F83%2F2025%2F03%2FWhatsApp-Image-2025-03-27-at-15.54.20.jpeg&amp;description=%E2%80%9CAlquimia+das+Rosas%E2%80%9D+por+M%C3%A1rcia+Carazzai','pin-share-dialog','width=600,height=400');return false;\"><i class=\"fa fa-pinterest\"><\/i><\/a><\/div><div class=\"ultimate-layouts-share-item ul-vk\"><a title=\"Share on VK\" href=\"javascript:;\" target=\"_blank\" rel=\"nofollow\" onclick=\"window.open('\/\/vkontakte.ru\/share.php?url=https%3A%2F%2Fwww3.unicentro.br%2Fdirc%2F2025%2F03%2F27%2Falquimia-das-rosas-por-marcia-carazzai%2F','vk-share-dialog','width=600,height=400');return false;\"><i class=\"fa fa-vk\"><\/i><\/a><\/div><div class=\"ultimate-layouts-share-item ul-email\"><a title=\"Email this\" href=\"mailto:?subject=%E2%80%9CAlquimia+das+Rosas%E2%80%9D+por+M%C3%A1rcia+Carazzai&amp;body=https%3A%2F%2Fwww3.unicentro.br%2Fdirc%2F2025%2F03%2F27%2Falquimia-das-rosas-por-marcia-carazzai%2F\"><i class=\"fa fa-envelope\"><\/i><\/a><\/div><\/div><\/div><div class=\"flt-right\">\r\n\t\t\t\t\t\t\t\t\t\t<a  data-post-id=\"1547\" href=\"https:\/\/www3.unicentro.br\/dirc\/2025\/03\/27\/alquimia-das-rosas-por-marcia-carazzai\/\" title=\"&#8220;Alquimia das Rosas&#8221; por M\u00e1rcia Carazzai\"   class=\"ultimate-layouts-readmore-link\">\r\n\t\t\t\t\t\t\t\t\t\t\t<span>Leia mais<\/span>\r\n\t\t\t\t\t\t\t\t\t\t\t<i class=\"fa fa-angle-double-right ul-readmore-icon\" aria-hidden=\"true\"><\/i>\r\n\t\t\t\t\t\t\t\t\t\t<\/a>\r\n\t\t\t\t\t\t\t\t\t  <\/div><\/div><\/div>            \r\n        <\/div><!--content-->               \r\n    <\/div><!--entry content-->            \r\n<\/article><!--post item--><\/div><div class=\"ul-pagination-wrap\">\r\n\t\t\t\t\t\t\t\t\t\t\t\t<div class=\"ul-infinite-action\">\t\r\n\t\t\t\t\t\t\t\t\t\t\t\t\t<div class=\"ul-infinite-loading la-fire la-2x\">\r\n\t\t\t\t\t\t\t\t\t\t\t\t\t\t<div><\/div>\r\n\t\t\t\t\t\t\t\t\t\t\t\t\t\t<div><\/div>\r\n\t\t\t\t\t\t\t\t\t\t\t\t\t\t<div><\/div>\r\n\t\t\t\t\t\t\t\t\t\t\t\t\t<\/div>\r\n\t\t\t\t\t\t\t\t\t\t\t\t<\/div>\r\n\t\t\t\t\t\t\t\t\t\t\t<\/div><\/div>[\/vc_column][\/vc_row]<\/p>\n<\/div>","protected":false},"excerpt":{"rendered":"<p>[vc_row][vc_column][\/vc_column][\/vc_row]<\/p>\n","protected":false},"author":3,"featured_media":0,"parent":19,"menu_order":0,"comment_status":"closed","ping_status":"closed","template":"","meta":{"_exactmetrics_skip_tracking":false,"_exactmetrics_sitenote_active":false,"_exactmetrics_sitenote_note":"","_exactmetrics_sitenote_category":0,"footnotes":"","_links_to":"","_links_to_target":""},"class_list":["post-331","page","type-page","status-publish","hentry"],"publishpress_future_action":{"enabled":false,"date":"2026-05-04 01:32:34","action":"change-status","newStatus":"draft","terms":[],"taxonomy":"","extraData":[]},"publishpress_future_workflow_manual_trigger":{"enabledWorkflows":[]},"_links":{"self":[{"href":"https:\/\/www3.unicentro.br\/dirc\/wp-json\/wp\/v2\/pages\/331","targetHints":{"allow":["GET"]}}],"collection":[{"href":"https:\/\/www3.unicentro.br\/dirc\/wp-json\/wp\/v2\/pages"}],"about":[{"href":"https:\/\/www3.unicentro.br\/dirc\/wp-json\/wp\/v2\/types\/page"}],"author":[{"embeddable":true,"href":"https:\/\/www3.unicentro.br\/dirc\/wp-json\/wp\/v2\/users\/3"}],"replies":[{"embeddable":true,"href":"https:\/\/www3.unicentro.br\/dirc\/wp-json\/wp\/v2\/comments?post=331"}],"version-history":[{"count":0,"href":"https:\/\/www3.unicentro.br\/dirc\/wp-json\/wp\/v2\/pages\/331\/revisions"}],"up":[{"embeddable":true,"href":"https:\/\/www3.unicentro.br\/dirc\/wp-json\/wp\/v2\/pages\/19"}],"wp:attachment":[{"href":"https:\/\/www3.unicentro.br\/dirc\/wp-json\/wp\/v2\/media?parent=331"}],"curies":[{"name":"wp","href":"https:\/\/api.w.org\/{rel}","templated":true}]}}