{"id":23,"date":"2020-04-14T17:32:17","date_gmt":"2020-04-14T20:32:17","guid":{"rendered":"https:\/\/www3.unicentro.br\/dirc\/?page_id=23"},"modified":"2024-04-01T14:46:27","modified_gmt":"2024-04-01T17:46:27","slug":"projetos-culturais","status":"publish","type":"page","link":"https:\/\/www3.unicentro.br\/dirc\/projetos-culturais\/","title":{"rendered":"Projetos Culturais"},"content":{"rendered":"<p>&nbsp;<\/p>\n<table style=\"border-collapse: collapse;width: 100%\">\n<tbody>\n<tr>\n<td style=\"width: 100%;text-align: left\"><span style=\"font-size: 18pt;color: #000000;font-family: georgia, palatino, serif\"><strong>Atividades e eventos em diversas linguagens art\u00edsticas<\/strong><\/span><\/td>\n<\/tr>\n<\/tbody>\n<\/table>\n<p>&nbsp;<\/p>\n<p style=\"text-align: left\"><span style=\"font-size: 14pt;font-family: georgia, palatino, serif;color: #000000\">As atividades culturais desenvolvidas pela Unicentro promovem um espa\u00e7o de valoriza\u00e7\u00e3o da cultura, integrando a comunidade universit\u00e1ria e a sociedade atrav\u00e9s da promo\u00e7\u00e3o de eventos culturais, bem como oportunizar para a sociedade acesso \u00e0 arte e \u00e0 cultura.\u00a0\u00a0A seguir s\u00e3o apresentadas as descri\u00e7\u00f5es de algumas atividades previstas em calend\u00e1rio universit\u00e1rio.<\/span><\/p>\n<p style=\"text-align: left\"><span style=\"font-size: 14pt;font-family: georgia, palatino, serif;color: #000000\">Os eventos s\u00e3o realizados conforme demanda da comunidade e t\u00eam objetivo de integrar a universidade e a sociedade pelo interc\u00e2mbio de conhecimentos a partir da troca de experi\u00eancias e das discuss\u00f5es sobre o papel social, art\u00edstico e cultural da dan\u00e7a, m\u00fasica, teatro, arte de rua, artes visuais, literatura, fotografia, cinema, cultura popular e outras manifesta\u00e7\u00f5es art\u00edsticas, promovendo oficinas t\u00e9cnicas, palestras e apresenta\u00e7\u00f5es com convidados externos e valorizando os artistas da regi\u00e3o.<\/span><\/p>\n<p>&nbsp;<\/p>\n<table style=\"border-collapse: collapse;width: 100%\">\n<tbody>\n<tr>\n<td style=\"width: 100%\"><span style=\"color: #000000\"><strong><span style=\"font-family: georgia, palatino, serif;font-size: 18pt\">MOBI &#8211; Mostra Bienal de Arte da Unicentro<\/span><\/strong><\/span><\/td>\n<\/tr>\n<\/tbody>\n<\/table>\n<p>&nbsp;<\/p>\n<p><img loading=\"lazy\" decoding=\"async\" class=\"wpa-warning wpa-image-missing-alt alignnone wp-image-1090\" src=\"https:\/\/www3.unicentro.br\/dirc\/wp-content\/uploads\/sites\/83\/2024\/04\/DSC_6387-300x200.jpg\" alt=\"\" width=\"647\" height=\"431\" data-warning=\"Missing alt text\" srcset=\"https:\/\/www3.unicentro.br\/dirc\/wp-content\/uploads\/sites\/83\/2024\/04\/DSC_6387-300x200.jpg 300w, https:\/\/www3.unicentro.br\/dirc\/wp-content\/uploads\/sites\/83\/2024\/04\/DSC_6387-1024x683.jpg 1024w, https:\/\/www3.unicentro.br\/dirc\/wp-content\/uploads\/sites\/83\/2024\/04\/DSC_6387-768x512.jpg 768w, https:\/\/www3.unicentro.br\/dirc\/wp-content\/uploads\/sites\/83\/2024\/04\/DSC_6387-1536x1024.jpg 1536w, https:\/\/www3.unicentro.br\/dirc\/wp-content\/uploads\/sites\/83\/2024\/04\/DSC_6387-205x137.jpg 205w, https:\/\/www3.unicentro.br\/dirc\/wp-content\/uploads\/sites\/83\/2024\/04\/DSC_6387-480x320.jpg 480w, https:\/\/www3.unicentro.br\/dirc\/wp-content\/uploads\/sites\/83\/2024\/04\/DSC_6387-255x170.jpg 255w, https:\/\/www3.unicentro.br\/dirc\/wp-content\/uploads\/sites\/83\/2024\/04\/DSC_6387.jpg 1800w\" sizes=\"auto, (max-width: 647px) 100vw, 647px\" \/><\/p>\n<p style=\"text-align: left\"><span style=\"font-size: 14pt;color: #000000;font-family: georgia, palatino, serif\">A Mostra Bienal de Arte da UNICENTRO oferece, no contexto da universidade, discuss\u00f5es, por meio do pensamento art\u00edstico, sobre acontecimentos do cotidiano da sociedade. O Objetivo da mostra \u00e9 interpretar fatos sociais de forma simb\u00f3lica e po\u00e9tica, possibilitando aos artistas guarapuavanos expressarem essas quest\u00f5es, enfim, proporcionar experi\u00eancias art\u00edsticas e educacionais que sensibilizem as rela\u00e7\u00f5es humana e o \u2018estar&#8217; no mundo.<\/span><\/p>\n<p>&nbsp;<\/p>\n<table style=\"border-collapse: collapse;width: 100%\">\n<tbody>\n<tr>\n<td style=\"width: 100%\"><span style=\"color: #000000;font-family: georgia, palatino, serif\"><strong><span style=\"font-size: 18pt\">Arte\u00b2<\/span><\/strong><\/span><\/td>\n<\/tr>\n<\/tbody>\n<\/table>\n<div><\/div>\n<div class=\"wp-block-image\"><img loading=\"lazy\" decoding=\"async\" class=\"wpa-warning wpa-image-missing-alt alignnone wp-image-1095\" src=\"https:\/\/www3.unicentro.br\/dirc\/wp-content\/uploads\/sites\/83\/2024\/04\/IMG_5382-300x200.jpg\" alt=\"\" width=\"647\" height=\"431\" data-warning=\"Missing alt text\" srcset=\"https:\/\/www3.unicentro.br\/dirc\/wp-content\/uploads\/sites\/83\/2024\/04\/IMG_5382-300x200.jpg 300w, https:\/\/www3.unicentro.br\/dirc\/wp-content\/uploads\/sites\/83\/2024\/04\/IMG_5382-1024x683.jpg 1024w, https:\/\/www3.unicentro.br\/dirc\/wp-content\/uploads\/sites\/83\/2024\/04\/IMG_5382-768x512.jpg 768w, https:\/\/www3.unicentro.br\/dirc\/wp-content\/uploads\/sites\/83\/2024\/04\/IMG_5382-1536x1024.jpg 1536w, https:\/\/www3.unicentro.br\/dirc\/wp-content\/uploads\/sites\/83\/2024\/04\/IMG_5382-205x137.jpg 205w, https:\/\/www3.unicentro.br\/dirc\/wp-content\/uploads\/sites\/83\/2024\/04\/IMG_5382-480x320.jpg 480w, https:\/\/www3.unicentro.br\/dirc\/wp-content\/uploads\/sites\/83\/2024\/04\/IMG_5382-255x170.jpg 255w, https:\/\/www3.unicentro.br\/dirc\/wp-content\/uploads\/sites\/83\/2024\/04\/IMG_5382.jpg 1800w\" sizes=\"auto, (max-width: 647px) 100vw, 647px\" \/><\/div>\n<p style=\"text-align: left\" align=\"justify\"><span style=\"font-size: 14pt;color: #000000;font-family: georgia, palatino, serif\">O Arte\u00b2 \u00e9 promovido pela Diretoria de Cultura \/ PROEC desde 2016, com a finalidade de\u00a0<u>democratizar o espa\u00e7o expositivo e promover a produ\u00e7\u00e3o art\u00edstica<\/u><u>.\u00a0<\/u>A exposi\u00e7\u00e3o re\u00fane trabalhos art\u00edsticos das mais variadas\u00a0<u>linguagens<\/u>\u00a0\u2013 como as artes visuais, a literatura, a m\u00fasica, a dan\u00e7a e o audiovisual \u2013 e\u00a0<u>t\u00e9cnicas<\/u>\u00a0art\u00edsticas, sejam elas manuais ou digitais, bidimensionais ou tridimensionais.<\/span><\/p>\n<p>&nbsp;<\/p>\n<table style=\"border-collapse: collapse;width: 100%;height: 28px\">\n<tbody>\n<tr style=\"height: 28px\">\n<td style=\"width: 100%;height: 28px\"><span style=\"font-size: 18pt;color: #000000;font-family: georgia, palatino, serif\"><strong>Encontro da Arte Folcl\u00f3rica<\/strong><\/span><\/td>\n<\/tr>\n<\/tbody>\n<\/table>\n<p><span style=\"font-size: 14pt;font-family: georgia, palatino, serif;color: #000000\"><img loading=\"lazy\" decoding=\"async\" class=\"wp-image-64 alignnone\" src=\"https:\/\/www3.unicentro.br\/dirc\/wp-content\/uploads\/sites\/83\/2020\/06\/12627-5b75b2a1e7f9b-7849138622-1113c8d3b9-h.jpg\" alt=\"\" width=\"647\" height=\"424\" srcset=\"https:\/\/www3.unicentro.br\/dirc\/wp-content\/uploads\/sites\/83\/2020\/06\/12627-5b75b2a1e7f9b-7849138622-1113c8d3b9-h.jpg 1219w, https:\/\/www3.unicentro.br\/dirc\/wp-content\/uploads\/sites\/83\/2020\/06\/12627-5b75b2a1e7f9b-7849138622-1113c8d3b9-h-300x196.jpg 300w, https:\/\/www3.unicentro.br\/dirc\/wp-content\/uploads\/sites\/83\/2020\/06\/12627-5b75b2a1e7f9b-7849138622-1113c8d3b9-h-1024x670.jpg 1024w, https:\/\/www3.unicentro.br\/dirc\/wp-content\/uploads\/sites\/83\/2020\/06\/12627-5b75b2a1e7f9b-7849138622-1113c8d3b9-h-768x502.jpg 768w, https:\/\/www3.unicentro.br\/dirc\/wp-content\/uploads\/sites\/83\/2020\/06\/12627-5b75b2a1e7f9b-7849138622-1113c8d3b9-h-255x167.jpg 255w\" sizes=\"auto, (max-width: 647px) 100vw, 647px\" \/><\/span><\/p>\n<p style=\"text-align: left\"><span style=\"font-size: 14pt;font-family: georgia, palatino, serif;color: #000000\">O Encontro da Arte Folcl\u00f3rica \u00e9 um evento tradicional no munic\u00edpio de Guarapuava e de Irati e \u00e9 realizado nos dois munic\u00edpios, no m\u00eas de agosto em comemora\u00e7\u00e3o \u00e0 data alusiva do dia do Folclore. O objetivo do evento \u00e9 preservar e valorizar as express\u00f5es populares, com apresenta\u00e7\u00f5es de dan\u00e7as e m\u00fasicas t\u00edpicas, exposi\u00e7\u00e3o de artes e de gastronomia \u00e9tnica. O evento \u00e9 realizado em parceria com diversas entidades, grupos folcl\u00f3ricos e escolas p\u00fablicas.<\/span><\/p>\n<p>&nbsp;<\/p>\n<table style=\"border-collapse: collapse;width: 100%\">\n<tbody>\n<tr>\n<td style=\"width: 100%\"><span style=\"font-size: 18pt;font-family: georgia, palatino, serif;color: #000000\"><strong>Primavera Musical<\/strong><\/span><\/td>\n<\/tr>\n<\/tbody>\n<\/table>\n<p>&nbsp;<\/p>\n<div class=\"wp-block-image\"><span style=\"font-family: georgia, palatino, serif;font-size: 14pt;color: #000000\"><img loading=\"lazy\" decoding=\"async\" class=\"wp-image-285 alignnone\" src=\"https:\/\/www3.unicentro.br\/dirc\/wp-content\/uploads\/sites\/83\/2023\/04\/DSC_1510-300x200.jpg\" alt=\"\" width=\"560\" height=\"374\" srcset=\"https:\/\/www3.unicentro.br\/dirc\/wp-content\/uploads\/sites\/83\/2023\/04\/DSC_1510-300x200.jpg 300w, https:\/\/www3.unicentro.br\/dirc\/wp-content\/uploads\/sites\/83\/2023\/04\/DSC_1510-1024x683.jpg 1024w, https:\/\/www3.unicentro.br\/dirc\/wp-content\/uploads\/sites\/83\/2023\/04\/DSC_1510-768x513.jpg 768w, https:\/\/www3.unicentro.br\/dirc\/wp-content\/uploads\/sites\/83\/2023\/04\/DSC_1510-1536x1025.jpg 1536w, https:\/\/www3.unicentro.br\/dirc\/wp-content\/uploads\/sites\/83\/2023\/04\/DSC_1510-255x170.jpg 255w, https:\/\/www3.unicentro.br\/dirc\/wp-content\/uploads\/sites\/83\/2023\/04\/DSC_1510.jpg 1798w\" sizes=\"auto, (max-width: 560px) 100vw, 560px\" \/><\/span><\/div>\n<p>&nbsp;<\/p>\n<p><span style=\"font-family: georgia, palatino, serif;font-size: 14pt;color: #000000\">A Primavera est\u00e1 presente em belas composi\u00e7\u00f5es musicais, desde as cl\u00e1ssicas at\u00e9 as contempor\u00e2neas. M\u00fasicos como Vivaldi, Strauss e Tchaikovsky inclu\u00edram a beleza da esta\u00e7\u00e3o em seu repert\u00f3rio. A Primavera Musical \u00e9 uma forma de homenagear a esta\u00e7\u00e3o das flores, uma \u00e9poca de alegria e renova\u00e7\u00e3o, em dois dias de espet\u00e1culos art\u00edsticos.<\/span><\/p>\n<p>&nbsp;<\/p>\n<table style=\"border-collapse: collapse;width: 100%\">\n<tbody>\n<tr>\n<td style=\"width: 100%\"><strong><span style=\"font-size: 18pt;font-family: georgia, palatino, serif;color: #000000\">FUCA &#8211; Festival Universit\u00e1rio da Can\u00e7\u00e3o e Festival de M\u00fasica Canta A\u00ed<\/span><\/strong><\/td>\n<\/tr>\n<\/tbody>\n<\/table>\n<p><span style=\"font-size: 14pt;font-family: georgia, palatino, serif;color: #000000\"><img loading=\"lazy\" decoding=\"async\" class=\"wp-image-158 alignnone\" src=\"https:\/\/www3.unicentro.br\/dirc\/wp-content\/uploads\/sites\/83\/2020\/06\/36668023104_5ec02ff08c_o.jpg\" alt=\"\" width=\"288\" height=\"431\" srcset=\"https:\/\/www3.unicentro.br\/dirc\/wp-content\/uploads\/sites\/83\/2020\/06\/36668023104_5ec02ff08c_o.jpg 801w, https:\/\/www3.unicentro.br\/dirc\/wp-content\/uploads\/sites\/83\/2020\/06\/36668023104_5ec02ff08c_o-200x300.jpg 200w, https:\/\/www3.unicentro.br\/dirc\/wp-content\/uploads\/sites\/83\/2020\/06\/36668023104_5ec02ff08c_o-684x1024.jpg 684w, https:\/\/www3.unicentro.br\/dirc\/wp-content\/uploads\/sites\/83\/2020\/06\/36668023104_5ec02ff08c_o-768x1151.jpg 768w, https:\/\/www3.unicentro.br\/dirc\/wp-content\/uploads\/sites\/83\/2020\/06\/36668023104_5ec02ff08c_o-255x382.jpg 255w\" sizes=\"auto, (max-width: 288px) 100vw, 288px\" \/><\/span><\/p>\n<p>&nbsp;<\/p>\n<p><span style=\"font-size: 14pt;font-family: georgia, palatino, serif;color: #000000\">O Festival de M\u00fasica Canta A\u00ed \u00e9\u00a0 realizado no munic\u00edpio de Irati e o Festival Universit\u00e1rio da Can\u00e7\u00e3o \u00e9 realizado em Guarapuava (FUCA), s\u00e3o festivais\u00a0 competitivos nas modalidades interpreta\u00e7\u00e3o e composi\u00e7\u00e3o que envolvem a comunidade acad\u00eamica e a comunidade em geral. O objetivo do festival \u00e9 promover o compartilhamento, a valoriza\u00e7\u00e3o da arte musical, revelar e oportunizar a divulga\u00e7\u00e3o de novos talentos e fortalecer o relacionamento entre a universidade e a sociedade.<\/span><\/p>\n<p>&nbsp;<\/p>\n<table style=\"border-collapse: collapse;width: 100%\">\n<tbody>\n<tr>\n<td style=\"width: 100%\"><span style=\"font-size: 18pt;color: #000000;font-family: georgia, palatino, serif\"><strong>Festival de Teatro \u2013 FETECO<\/strong><\/span><\/td>\n<\/tr>\n<\/tbody>\n<\/table>\n<p><span style=\"font-size: 14pt;font-family: georgia, palatino, serif;color: #000000\"><img loading=\"lazy\" decoding=\"async\" class=\"wp-image-184 alignnone\" src=\"https:\/\/www3.unicentro.br\/dirc\/wp-content\/uploads\/sites\/83\/2020\/08\/DSC00329.jpg\" alt=\"\" width=\"318\" height=\"424\" srcset=\"https:\/\/www3.unicentro.br\/dirc\/wp-content\/uploads\/sites\/83\/2020\/08\/DSC00329.jpg 900w, https:\/\/www3.unicentro.br\/dirc\/wp-content\/uploads\/sites\/83\/2020\/08\/DSC00329-225x300.jpg 225w, https:\/\/www3.unicentro.br\/dirc\/wp-content\/uploads\/sites\/83\/2020\/08\/DSC00329-768x1024.jpg 768w, https:\/\/www3.unicentro.br\/dirc\/wp-content\/uploads\/sites\/83\/2020\/08\/DSC00329-255x340.jpg 255w\" sizes=\"auto, (max-width: 318px) 100vw, 318px\" \/><\/span><\/p>\n<p>&nbsp;<\/p>\n<p><span style=\"font-size: 14pt;font-family: georgia, palatino, serif;color: #000000\">O Festival do Teatro da Unicentro tem objetivo de contribuir para a democratiza\u00e7\u00e3o do acesso ao teatro e promover as discuss\u00f5es sobre o papel social das Artes C\u00eanicas. O evento tem o prop\u00f3sito de articular junto \u00e0s apresenta\u00e7\u00f5es dos espet\u00e1culos de diversos grupos teatrais, um momento de di\u00e1logo e troca de experi\u00eancias.<\/span><\/p>\n<p>&nbsp;<\/p>\n<table style=\"border-collapse: collapse;width: 100%\">\n<tbody>\n<tr>\n<td style=\"width: 100%\"><span style=\"font-size: 18pt;color: #000000;font-family: georgia, palatino, serif\"><strong>Centro de Exposi\u00e7\u00f5es de Artes Visuais<\/strong><\/span><\/td>\n<\/tr>\n<\/tbody>\n<\/table>\n<div class=\"wp-block-image\"><span style=\"font-family: georgia, palatino, serif;font-size: 14pt;color: #000000\"><img loading=\"lazy\" decoding=\"async\" class=\"alignnone wp-image-297\" src=\"https:\/\/www3.unicentro.br\/dirc\/wp-content\/uploads\/sites\/83\/2023\/04\/DSC_1597-300x200.jpg\" alt=\"\" width=\"561\" height=\"374\" srcset=\"https:\/\/www3.unicentro.br\/dirc\/wp-content\/uploads\/sites\/83\/2023\/04\/DSC_1597-300x200.jpg 300w, https:\/\/www3.unicentro.br\/dirc\/wp-content\/uploads\/sites\/83\/2023\/04\/DSC_1597-1024x683.jpg 1024w, https:\/\/www3.unicentro.br\/dirc\/wp-content\/uploads\/sites\/83\/2023\/04\/DSC_1597-768x512.jpg 768w, https:\/\/www3.unicentro.br\/dirc\/wp-content\/uploads\/sites\/83\/2023\/04\/DSC_1597-1536x1024.jpg 1536w, https:\/\/www3.unicentro.br\/dirc\/wp-content\/uploads\/sites\/83\/2023\/04\/DSC_1597-255x170.jpg 255w, https:\/\/www3.unicentro.br\/dirc\/wp-content\/uploads\/sites\/83\/2023\/04\/DSC_1597.jpg 1800w\" sizes=\"auto, (max-width: 561px) 100vw, 561px\" \/><\/span><\/div>\n<p>&nbsp;<\/p>\n<p><span style=\"font-size: 14pt;font-family: georgia, palatino, serif;color: #000000\">O Centro de Exposi\u00e7\u00f5es de Artes Visuais considera o compromisso da universidade de estabelecer caminhos para acesso \u00e0 cultura visual, num mundo estimulado por visualidades. O objetivo \u00e9 promover um espa\u00e7o para a express\u00e3o art\u00edstico-cultural para o est\u00edmulo da viv\u00eancia estica, com enfoque para as artes visuais de diferentes categorias. As obras das exposi\u00e7\u00f5es s\u00e3o atualizadas mensalmente com artistas e h\u00e1 edi\u00e7\u00f5es de exposi\u00e7\u00e3o coletiva, por meio de chamada p\u00fablica. A atividade prev\u00ea visita\u00e7\u00e3o monitorada e a\u00e7\u00f5es educativas, que s\u00e3o realizadas nos dois campi universit\u00e1rios de Guarapuava.<\/span><\/p>\n","protected":false},"excerpt":{"rendered":"<p>&nbsp; Atividades e eventos em diversas linguagens art\u00edsticas &nbsp; As atividades culturais desenvolvidas pela Unicentro promovem um espa\u00e7o de valoriza\u00e7\u00e3o da cultura, integrando a comunidade universit\u00e1ria e a sociedade atrav\u00e9s da promo\u00e7\u00e3o de eventos culturais, bem como oportunizar para a sociedade acesso \u00e0 arte e \u00e0 cultura.\u00a0\u00a0A seguir s\u00e3o apresentadas as descri\u00e7\u00f5es de algumas atividades [&hellip;]<\/p>\n","protected":false},"author":3,"featured_media":0,"parent":0,"menu_order":0,"comment_status":"closed","ping_status":"closed","template":"","meta":{"_exactmetrics_skip_tracking":false,"_exactmetrics_sitenote_active":false,"_exactmetrics_sitenote_note":"","_exactmetrics_sitenote_category":0,"footnotes":"","_links_to":"","_links_to_target":""},"class_list":["post-23","page","type-page","status-publish","hentry"],"publishpress_future_action":{"enabled":false,"date":"2026-05-04 02:44:04","action":"change-status","newStatus":"draft","terms":[],"taxonomy":"","extraData":[]},"publishpress_future_workflow_manual_trigger":{"enabledWorkflows":[]},"_links":{"self":[{"href":"https:\/\/www3.unicentro.br\/dirc\/wp-json\/wp\/v2\/pages\/23","targetHints":{"allow":["GET"]}}],"collection":[{"href":"https:\/\/www3.unicentro.br\/dirc\/wp-json\/wp\/v2\/pages"}],"about":[{"href":"https:\/\/www3.unicentro.br\/dirc\/wp-json\/wp\/v2\/types\/page"}],"author":[{"embeddable":true,"href":"https:\/\/www3.unicentro.br\/dirc\/wp-json\/wp\/v2\/users\/3"}],"replies":[{"embeddable":true,"href":"https:\/\/www3.unicentro.br\/dirc\/wp-json\/wp\/v2\/comments?post=23"}],"version-history":[{"count":1,"href":"https:\/\/www3.unicentro.br\/dirc\/wp-json\/wp\/v2\/pages\/23\/revisions"}],"predecessor-version":[{"id":1105,"href":"https:\/\/www3.unicentro.br\/dirc\/wp-json\/wp\/v2\/pages\/23\/revisions\/1105"}],"wp:attachment":[{"href":"https:\/\/www3.unicentro.br\/dirc\/wp-json\/wp\/v2\/media?parent=23"}],"curies":[{"name":"wp","href":"https:\/\/api.w.org\/{rel}","templated":true}]}}