{"id":17,"date":"2020-04-14T17:31:43","date_gmt":"2020-04-14T20:31:43","guid":{"rendered":"https:\/\/www3.unicentro.br\/dirc\/?page_id=17"},"modified":"2026-03-27T08:48:50","modified_gmt":"2026-03-27T11:48:50","slug":"sobre","status":"publish","type":"page","link":"https:\/\/www3.unicentro.br\/dirc\/sobre\/","title":{"rendered":"Sobre"},"content":{"rendered":"<p style=\"text-align: left\" align=\"justify\"><span style=\"font-size: 14pt;font-family: georgia, palatino, serif\"><span lang=\"pt-BR\" xml:lang=\"pt-BR\"><strong>Diretoria de Cultura<\/strong><\/span><\/span><\/p>\n<p align=\"justify\"><span style=\"font-size: 14pt;font-family: georgia, palatino, serif\"><span lang=\"pt-BR\" xml:lang=\"pt-BR\"><img loading=\"lazy\" decoding=\"async\" class=\"alignright wp-image-162 \" src=\"https:\/\/www3.unicentro.br\/dirc\/wp-content\/uploads\/sites\/83\/2020\/06\/DIRC-COLORIDO-PNG-1.png\" alt=\"\" width=\"490\" height=\"463\" srcset=\"https:\/\/www3.unicentro.br\/dirc\/wp-content\/uploads\/sites\/83\/2020\/06\/DIRC-COLORIDO-PNG-1.png 1271w, https:\/\/www3.unicentro.br\/dirc\/wp-content\/uploads\/sites\/83\/2020\/06\/DIRC-COLORIDO-PNG-1-300x283.png 300w, https:\/\/www3.unicentro.br\/dirc\/wp-content\/uploads\/sites\/83\/2020\/06\/DIRC-COLORIDO-PNG-1-1024x967.png 1024w, https:\/\/www3.unicentro.br\/dirc\/wp-content\/uploads\/sites\/83\/2020\/06\/DIRC-COLORIDO-PNG-1-768x725.png 768w, https:\/\/www3.unicentro.br\/dirc\/wp-content\/uploads\/sites\/83\/2020\/06\/DIRC-COLORIDO-PNG-1-255x241.png 255w\" sizes=\"auto, (max-width: 490px) 100vw, 490px\" \/><\/span><\/span><\/p>\n<p align=\"justify\"><span style=\"font-size: 14pt;font-family: georgia, palatino, serif\"><span lang=\"pt-BR\" xml:lang=\"pt-BR\">A DIRC (Diretoria de Cultura- UNICENTRO) <\/span><span lang=\"pt-BR\" xml:lang=\"pt-BR\">\u00e9 uma estrutura administrativa que tem como objetivo valorizar a diversidade cultural presente na universidade e na comunidade regional, bem como materializar as demandas produzidas pelo Plano Nacional de Cultura (PNC). Busca inserir junto \u00e0 comunidade os saberes produzidos atrav\u00e9s das diversas linguagens art\u00edsticas.<\/span> <\/span><\/p>\n<p align=\"justify\"><span style=\"font-size: 14pt;font-family: georgia, palatino, serif\">Dentre suas atribui\u00e7\u00f5es, destacam-se:<\/span><\/p>\n<p align=\"justify\"><span style=\"font-size: 14pt;font-family: georgia, palatino, serif\">a) coordenar a\u00e7\u00f5es voltadas \u00e0 consolida\u00e7\u00e3o de uma pol\u00edtica de cultura na Universidade;<\/span><\/p>\n<p align=\"justify\"><span style=\"font-size: 14pt;font-family: georgia, palatino, serif\">b) organizar de atividades e eventos culturais;<\/span><\/p>\n<p align=\"justify\"><span style=\"font-size: 14pt;font-family: georgia, palatino, serif\">c) promover a\u00e7\u00f5es voltadas \u00e0 divulga\u00e7\u00e3o dos programas, projetos e atividades de cultura dentro e fora do ambiente universit\u00e1rio;<\/span><\/p>\n<p align=\"justify\"><span style=\"font-size: 14pt;font-family: georgia, palatino, serif\">d) gerenciar o calend\u00e1rio de eventos da UNICENTRO;<\/span><\/p>\n<p align=\"justify\"><span style=\"font-size: 14pt;font-family: georgia, palatino, serif\">e) executar demais atividades delegadas pela Pr\u00f3-Reitoria de Extens\u00e3o e Cultura;<\/span><\/p>\n<p align=\"justify\"><span style=\"font-size: 14pt;font-family: georgia, palatino, serif\">f) estabelecer rela\u00e7\u00f5es com entidades de promo\u00e7\u00e3o cultural.<\/span><\/p>\n<p align=\"justify\"><span style=\"font-size: 14pt;font-family: georgia, palatino, serif\"><strong>Diretora de Cultura:<\/strong><\/span><\/p>\n<p align=\"justify\"><span style=\"font-size: 14pt;font-family: georgia, palatino, serif\">\u00a0Profa. Dra. Nincia Cecilia Ribas Borges Teixeira<\/span><\/p>\n<p align=\"justify\"><span style=\"font-size: 14pt;font-family: georgia, palatino, serif\">e-mail: nincia@unicentro.br<\/span><\/p>\n<p align=\"justify\"><span style=\"font-family: georgia, palatino, serif;font-size: 14pt\"><strong>Chefe da divis\u00e3o de assuntos culturais:<\/strong><\/span><\/p>\n<p align=\"justify\"><span style=\"font-size: 14pt;font-family: georgia, palatino, serif\">\u00a0Elizabete A. Ribas Lustoza<\/span><\/p>\n<p align=\"justify\"><span style=\"font-size: 14pt;font-family: georgia, palatino, serif\">e-mail: betinha@unicentro.br<\/span><\/p>\n<p align=\"justify\"><span style=\"font-family: georgia, palatino, serif;font-size: 14pt\"><strong>T\u00e9cnica Administrativa:<\/strong><\/span><\/p>\n<p align=\"justify\"><span style=\"font-size: 14pt;font-family: georgia, palatino, serif\">\u00a0Andressa Rodrigues dos Santos<\/span><\/p>\n<p align=\"justify\"><span style=\"font-size: 14pt;font-family: georgia, palatino, serif\">e-mail: arodrigues@unicentro.br<\/span><\/p>\n<p align=\"justify\"><span style=\"font-family: georgia, palatino, serif;font-size: 14pt\"><strong>Instrumentista Musical:<\/strong><\/span><\/p>\n<p align=\"justify\"><span style=\"font-size: 14pt;font-family: georgia, palatino, serif\">\u00a0Pedro de Milano Tumelero<\/span><\/p>\n<p align=\"justify\"><span style=\"font-size: 14pt;font-family: georgia, palatino, serif\">e-mail: pedrotumelero@unicentro.br<\/span><\/p>\n<p align=\"justify\"><span style=\"font-size: 14pt;font-family: georgia, palatino, serif\"><strong>Instrumentista Musical:<\/strong><\/span><\/p>\n<p align=\"justify\"><span style=\"font-size: 14pt;font-family: georgia, palatino, serif\">Lucas Emannuel Portella<\/span><\/p>\n<p align=\"justify\"><span style=\"font-family: georgia, palatino, serif;font-size: 14pt\">e-mail: lucasportella@unicentro.br<\/span><\/p>\n<p align=\"justify\"><span style=\"font-size: 14pt;font-family: georgia, palatino, serif\"><strong>Assessor T\u00e9cnico:<\/strong><br \/>\n<\/span><\/p>\n<p align=\"justify\"><span style=\"font-size: 14pt;font-family: georgia, palatino, serif\">Cesar Henrique de Quadros Fiquer Ribeiro<\/span><\/p>\n<p align=\"justify\"><span style=\"font-family: georgia, palatino, serif;font-size: 14pt\">e-mail: cesarquadros@unicentro.br<\/span><\/p>\n<p align=\"justify\"><span style=\"font-family: georgia, palatino, serif;font-size: 14pt\"><strong>Estagi\u00e1ria:<\/strong><\/span><\/p>\n<p align=\"justify\"><span style=\"font-size: 14pt;font-family: georgia, palatino, serif\">Stefany Kerninski<\/span><\/p>\n<p align=\"justify\"><span style=\"font-size: 14pt;font-family: georgia, palatino, serif\">e-mail: stefany@unicentro.br<\/span><\/p>\n<p align=\"justify\"><span style=\"font-family: georgia, palatino, serif;font-size: 14pt\"><strong>Bolsista Cultura:<\/strong><\/span><\/p>\n<p align=\"justify\"><span style=\"font-family: georgia, palatino, serif;font-size: 14pt\">Maria Lu\u00edsa Costa<\/span><\/p>\n<p align=\"justify\">\n","protected":false},"excerpt":{"rendered":"<p>Diretoria de Cultura A DIRC (Diretoria de Cultura- UNICENTRO) \u00e9 uma estrutura administrativa que tem como objetivo valorizar a diversidade cultural presente na universidade e na comunidade regional, bem como materializar as demandas produzidas pelo Plano Nacional de Cultura (PNC). Busca inserir junto \u00e0 comunidade os saberes produzidos atrav\u00e9s das diversas linguagens art\u00edsticas. Dentre suas [&hellip;]<\/p>\n","protected":false},"author":3,"featured_media":0,"parent":0,"menu_order":0,"comment_status":"closed","ping_status":"closed","template":"","meta":{"_exactmetrics_skip_tracking":false,"_exactmetrics_sitenote_active":false,"_exactmetrics_sitenote_note":"","_exactmetrics_sitenote_category":0,"footnotes":"","_links_to":"","_links_to_target":""},"class_list":["post-17","page","type-page","status-publish","hentry"],"publishpress_future_action":{"enabled":false,"date":"2026-05-04 01:25:20","action":"change-status","newStatus":"draft","terms":[],"taxonomy":"","extraData":[]},"publishpress_future_workflow_manual_trigger":{"enabledWorkflows":[]},"_links":{"self":[{"href":"https:\/\/www3.unicentro.br\/dirc\/wp-json\/wp\/v2\/pages\/17","targetHints":{"allow":["GET"]}}],"collection":[{"href":"https:\/\/www3.unicentro.br\/dirc\/wp-json\/wp\/v2\/pages"}],"about":[{"href":"https:\/\/www3.unicentro.br\/dirc\/wp-json\/wp\/v2\/types\/page"}],"author":[{"embeddable":true,"href":"https:\/\/www3.unicentro.br\/dirc\/wp-json\/wp\/v2\/users\/3"}],"replies":[{"embeddable":true,"href":"https:\/\/www3.unicentro.br\/dirc\/wp-json\/wp\/v2\/comments?post=17"}],"version-history":[{"count":3,"href":"https:\/\/www3.unicentro.br\/dirc\/wp-json\/wp\/v2\/pages\/17\/revisions"}],"predecessor-version":[{"id":1779,"href":"https:\/\/www3.unicentro.br\/dirc\/wp-json\/wp\/v2\/pages\/17\/revisions\/1779"}],"wp:attachment":[{"href":"https:\/\/www3.unicentro.br\/dirc\/wp-json\/wp\/v2\/media?parent=17"}],"curies":[{"name":"wp","href":"https:\/\/api.w.org\/{rel}","templated":true}]}}