{"id":22,"date":"2014-09-15T00:00:00","date_gmt":"2014-09-15T03:00:00","guid":{"rendered":"https:\/\/www3.unicentro.br\/detur\/noticias\/"},"modified":"2014-09-15T00:00:00","modified_gmt":"2014-09-15T03:00:00","slug":"noticias","status":"publish","type":"page","link":"https:\/\/www3.unicentro.br\/detur\/noticias\/","title":{"rendered":"Not\u00edcias"},"content":{"rendered":"<p><span style=\"color: #003366;font-size: 14pt;font-family: 'andale mono', times\"><strong>NOT\u00cdCIAS DO SETOR TUR\u00cdSTICO<\/strong><\/span><\/p>\n<hr \/>\n<p style=\"text-align: center\"><img loading=\"lazy\" decoding=\"async\" class=\"aligncenter size-full wp-image-855\" src=\"https:\/\/www2.unicentro.br\/detur\/files\/2019\/08\/67643129_654246465056274_6257456368869965824_n.jpg\" alt=\"\" width=\"940\" height=\"788\" \/><\/p>\n<p>&#8212;&#8212;&#8212;&#8212;&#8212;&#8212;&#8212;&#8212;&#8212;&#8212;&#8212;&#8212;&#8212;&#8212;&#8212;&#8212;&#8212;&#8212;&#8212;&#8212;&#8212;&#8212;&#8212;&#8212;&#8212;&#8212;&#8212;&#8212;&#8212;&#8212;&#8212;&#8212;&#8212;&#8212;&#8212;&#8212;&#8212;&#8212;&#8212;&#8212;&#8212;&#8212;&#8212;&#8212;&#8212;&#8212;&#8212;&#8212;&#8212;&#8212;&#8212;&#8212;&#8211;<\/p>\n<p style=\"text-align: center\">XIII JORNADA ACAD\u00caMICA DE TURISMO.<\/p>\n<p style=\"text-align: center\">Dias 22, 23 e 24 de agosto de 2018.<\/p>\n<p style=\"text-align: center\">Participe.<\/p>\n<p><img loading=\"lazy\" decoding=\"async\" class=\"aligncenter wp-image-842\" src=\"https:\/\/www2.unicentro.br\/detur\/files\/2018\/07\/Logo-FITUR-2018.jpg\" alt=\"\" width=\"651\" height=\"440\" \/><\/p>\n<hr \/>\n<p><strong>Irati \u00e9 not\u00edcia na RPC TV<\/strong><\/p>\n<p>12 de maio de 2018<\/p>\n<p>Foi ao ar neste s\u00e1bado, v\u00e9spera do Dia das M\u00e3es, um programa especial divulgando algumas riquezas do munic\u00edpio de Irati. O programa PLUG, apresentado pela simp\u00e1tica Michelly Correa, experimentou atividades do segmento de Turismo de Aventura, como o rapel guiado na Cachoeira Pinho de Baixo e o espeleoturismo na Caverna do Canhad\u00e3o. O programa abordou tamb\u00e9m elementos hist\u00f3ricos, culturais, religiosos e gastron\u00f4micos do nosso munic\u00edpio, muitas vezes desvalorizados pela comunidade local.<\/p>\n<p>Embora o programa seja de curta dura\u00e7\u00e3o, foi poss\u00edvel apreciar um pouquinho do que Irati tem a oferecer ao visitante.<\/p>\n<p>Fica o convite: assista o programa que foi ao ar e se aventure, descobrindo e apreciando as belezas de nosso munic\u00edpio.<\/p>\n<p><a href=\"https:\/\/gshow.globo.com\/RPC\/Plug\/playlist\/assista-ao-plug-deste-sabado-12.ghtml\">https:\/\/gshow.globo.com\/RPC\/Plug\/playlist\/assista-ao-plug-deste-sabado-12.ghtml<\/a><\/p>\n<p>&nbsp;<\/p>\n<hr \/>\n<h1 class=\"postheader\"><span style=\"font-size: 12pt\">Professora de Turismo participa de evento internacional de hotelaria<\/span><\/h1>\n<p>14 de julho de 2017<\/p>\n<p lang=\"zxx\" style=\"text-align: justify\">Um curso din\u00e2mico, atualizado e antenado com as pr\u00e1ticas profissionais e culturais da atualidade. Isso \u00e9 o que buscam construir, dia a dia, os professores do Departamento de Turismo da Unicentro. Por isso, novas refer\u00eancias e pr\u00e1ticas s\u00e3o regularmente incorporadas \u00e0s atividades de ensino, pesquisa e extens\u00e3o desenvolvidas junto aos alunos do curso. Recentemente, por exemplo, a docente Vanessa de Oliveira Menezes esteve em Londres, na Inglaterra, participando do Boutique + Lifestyle Hotel Summit.<\/p>\n<p lang=\"zxx\" style=\"text-align: justify\">A professora conta que o interesse em participar do evento surgiu devido a grande import\u00e2ncia do encontro no cen\u00e1rio internacional. \u201cEsse evento \u00e9 um dos mais importantes do mercado hoteleiro mundial, pois trata sobre v\u00e1rios temas relacionados \u00e0 hotelaria boutique, como qualidade de servi\u00e7os e \u00a0tecnologia\u201d.<\/p>\n<p lang=\"zxx\" style=\"text-align: justify\">Todas as informa\u00e7\u00f5es discutidas e as pr\u00e1ticas apresentadas no evento foram repassadas para o estudantes do curso de Turismo. Com isso, al\u00e9m da forma\u00e7\u00e3o proposta pela grade, eles t\u00eam acesso ao que \u00e9 feito, mundialmente, pelo mercado do Turismo. \u201cTrazer esse tipo de informa\u00e7\u00e3o para o aluno faz com que a gente forme um estudante atualizado, antenado e que saiba trabalhar no mercado competitivo vigente. Ent\u00e3o, todo conte\u00fado que eu trouxe foi revertido em conte\u00fado para sala de aula\u201d, relata a professora.<\/p>\n<p lang=\"zxx\" style=\"text-align: justify\"><img loading=\"lazy\" decoding=\"async\" class=\"aligncenter wp-image-772\" src=\"http:\/\/www2.unicentro.br\/detur\/files\/2014\/09\/IMG_5498-2-1024x768.jpg\" alt=\"\" width=\"801\" height=\"601\" \/><\/p>\n<p lang=\"zxx\">Fonte:\u00a0http:\/\/sites.unicentro.br\/irati\/noticias\/professora-de-turismo-participa-de-evento-internacional-de-hotelaria\/.<\/p>\n<hr \/>\n<p><span style=\"color: #000000\"><strong>Curso de Turismo lan\u00e7a aplicativo e materiais de apoio em Prudent\u00f3polis<\/strong><\/span><\/p>\n<p style=\"text-align: justify\"><span style=\"font-family: 'times new roman', times, serif;font-size: 12pt\"><span style=\"color: #000000\">O\u00a0Departamento de Turismo do campus Irati, atrav\u00e9s do professor Ronaldo Ferreira Maganhotto e de uma equipe multidisciplinar, desenvolveu no munic\u00edpio o projeto de extens\u00e3o\u00a0vinculado ao Programa Universidade Sem Fronteiras (USF), da Secretaria Estadual de Ci\u00eancia, Tecnologia e Ensino Superior (SETI). Intitulado \u201cRoteiro Tur\u00edstico no Meio Rural: uma alternativa n\u00e3o agr\u00edcola para complementa\u00e7\u00e3o de renda das pequenas propriedades do Munic\u00edpio de Prudent\u00f3polis\u201d, possibilitou a realiza\u00e7\u00e3o de oficinas tem\u00e1ticas que resultaram em cartilhas e manuais para propriet\u00e1rios de empreendimentos tur\u00edsticos e, tamb\u00e9m, no desenvolvimento de um site, material impresso e aplicativo para celular para orienta\u00e7\u00e3o tur\u00edstica no munic\u00edpio.<\/span><\/span><\/p>\n<p style=\"text-align: justify\"><span style=\"font-family: 'times new roman', times, serif;font-size: 12pt\"><span style=\"color: #000000\">Os materiais de apoio foram lan\u00e7ados durante uma <\/span><span style=\"color: #000000\">cerim\u00f4nia realizada na C\u00e2mara Municipal de Prudent\u00f3polis, no m\u00eas de mar\u00e7o de 2017, conforme v\u00eddeo abaixo.<\/span><\/span><\/p>\n<p><iframe loading=\"lazy\" title=\"Curso de Turismo lan\u00e7a aplicativo sobre os atrativos de Prudent\u00f3polis\" width=\"900\" height=\"506\" src=\"https:\/\/www.youtube.com\/embed\/ckR00jpFtyc?feature=oembed\" frameborder=\"0\" allow=\"accelerometer; autoplay; clipboard-write; encrypted-media; gyroscope; picture-in-picture\" allowfullscreen><\/iframe><\/p>\n<hr \/>\n<p><span style=\"color: #000000;font-size: 12pt;font-family: 'times new roman', times, serif\"><strong>Escolas, organizem seus grupos e venham conhecer a Unicentro<\/strong><\/span><\/p>\n<p>O Projeto Turismo Receptivo e Pedag\u00f3gico, coordenado pela professora Paula Grechinski Demczuk, realiza agendamentos para grupos de estudantes virem conhecer a hist\u00f3ria e a estrutura da UNICENTRO.<\/p>\n<p><iframe loading=\"lazy\" title=\"Turismo receptivo-pedag\u00f3gico no campus de Irati\" width=\"900\" height=\"506\" src=\"https:\/\/www.youtube.com\/embed\/gwXdaFYq5-I?feature=oembed\" frameborder=\"0\" allow=\"accelerometer; autoplay; clipboard-write; encrypted-media; gyroscope; picture-in-picture\" allowfullscreen><\/iframe><\/p>\n<hr \/>\n<p><span style=\"color: #000000;font-family: georgia, palatino, serif\"><strong><span style=\"font-size: 12pt;color: #000000\">Durante o FITUR,<\/span><span style=\"color: #000000\">\u00a0nossas Calouras mandaram ver na Gincana e conquistaram o 3\u00ba Lugar.<\/span>\u00a0<\/strong><\/span><\/p>\n<p><span style=\"font-family: 'times new roman', times, serif;font-size: 12pt\">S\u00f3 orgulho desses futuras Turism\u00f3logas.\u00a0<\/span><\/p>\n<p><iframe loading=\"lazy\" title=\"10 COISAS QUE VOC\u00ca PRECISA SABER SOBRE O CURSO DE TURISMO\" width=\"900\" height=\"506\" src=\"https:\/\/www.youtube.com\/embed\/kFSs2rizI24?feature=oembed\" frameborder=\"0\" allow=\"accelerometer; autoplay; clipboard-write; encrypted-media; gyroscope; picture-in-picture\" allowfullscreen><\/iframe><\/p>\n<hr \/>\n<p><span style=\"font-family: 'times new roman', times, serif;color: #000000\"><strong>FITUR E CONGRETUR 2017<\/strong><\/span><\/p>\n<p><span style=\"font-family: 'times new roman', times, serif;font-size: 12pt\">Parte da programa\u00e7\u00e3o do XXI FITUR e IV CONGRETUR, \u00a0a Gincana Acad\u00eamica Cultural de Cursos de Turismo promoveu uma festa e tanto. Confira no v\u00eddeo um pouquinho desse momento de alegria, descontra\u00e7\u00e3o e intera\u00e7\u00e3o&#8230;<\/span><\/p>\n<p><iframe loading=\"lazy\" title=\"Cursos de Turismo do Paran\u00e1 participam de Gincana em Irati\" width=\"900\" height=\"506\" src=\"https:\/\/www.youtube.com\/embed\/12xW2nfkzMw?feature=oembed\" frameborder=\"0\" allow=\"accelerometer; autoplay; clipboard-write; encrypted-media; gyroscope; picture-in-picture\" allowfullscreen><\/iframe><\/p>\n<p>&nbsp;<\/p>\n<hr \/>\n<p><span style=\"font-family: 'times new roman', times, serif;font-size: 12pt\"><strong>06 de setembro de 2016 &#8211; Curso de Turismo da UNICENTRO recebe o Selo de Qualidade do Guia do Estudante<\/strong><\/span><\/p>\n<p style=\"text-align: justify\"><span style=\"font-size: 12pt;font-family: 'times new roman', times, serif\">O Curso de <b>Tu<\/b><b>rismo<\/b>\u00a0da\u00a0<b>Universidade Estadual do Centro-Oeste &#8211; Irati<\/b> foi classificado\u00a0com 4 estrelas na avalia\u00e7\u00e3o de cursos superiores realizada pelo <b>Guia do Estudante (GE)<\/b> no ano de 2016 e constar\u00e1 da publica\u00e7\u00e3o <i>GE Profiss\u00f5es Vestibular 2017<\/i>, que passa a circular nas bancas a partir do dia <b>14 de outubro<\/b>.<\/span><\/p>\n<p style=\"text-align: justify\"><span style=\"color: #000000;font-size: 12pt;font-family: 'times new roman', times, serif\">Para o chefe do Departamento, professor Diogo L\u00fcders Fernandes, o Guia \u00e9 um reconhecimento nacional. \u201c\u00c9 o segundo ano consecutivo que conseguimos estas quatro estrelas, e \u00e9 fruto do nosso trabalho aqui na universidade, de uma dedica\u00e7\u00e3o que a conversamos sempre com os alunos que n\u00e3o \u00e9 s\u00f3 dos professores, mas tamb\u00e9m do envolvimento deles nas atividades que propomos\u201d, complementa.<\/span><\/p>\n<p style=\"text-align: justify\"><span style=\"color: #000000\"><span style=\"font-size: 12pt\"><span style=\"font-family: 'times new roman', times, serif\">Projetos que unem pesquisa e exte<\/span>ns<\/span>\u00e3o vem estim<\/span><span style=\"color: #000000;font-family: 'times new roman', times, serif;font-size: 12pt\">ulando a produ\u00e7\u00e3o cient\u00edfica de alunos e professores. Al\u00e9m disso, o corpo docente busca qualifica\u00e7\u00e3o e experi\u00eancias internacionais ampliando as redes de conhecimento e de contatos. \u201cNossos professores s\u00e3o altamente capacitados, a maioria dos nossos efetivos passou pela experi\u00eancia de estudar fora do pa\u00eds e tem produ\u00e7\u00e3o cient\u00edfica no exterior. Mas tamb\u00e9m temos que destacar o m\u00e9rito dos nossos alunos, muitos participam de projetos de extens\u00e3o ligados a diferentes \u00e1reas do Turismo, e temos um grande n\u00famero de acad\u00eamicos com inicia\u00e7\u00e3o cient\u00edfica, e com isso s\u00e3o v\u00e1rias produ\u00e7\u00f5es apresentadas em eventos por todo o Brasil\u201d, salienta a vice-chefe do Departamento, professora Vanessa de Oliveira Menezes.<\/span><\/p>\n<p style=\"text-align: justify\"><span style=\"color: #000000;font-family: 'times new roman', times, serif;font-size: 12pt\">A acad\u00eamica do segundo ano de Turismo, Viviane Schoab afirma que as possibilidades do curso v\u00e3o muito al\u00e9m do que ela imaginava quando prestou o vestibular. \u201cEu aproveito tudo o que a universidade oferece. Tem os projetos de extens\u00e3o, a inicia\u00e7\u00e3o cient\u00edfica, e muitas outras coisas. Acredito que cada aluno aproveita o curso da forma que ele acha melhor, eu aproveito tudo o que posso\u201d, conclui Viviane.<\/span><\/p>\n<p><img loading=\"lazy\" decoding=\"async\" class=\"aligncenter wp-image-649\" src=\"http:\/\/www2.unicentro.br\/detur\/files\/2014\/09\/Guia-do-Estudante-1024x603.jpg\" alt=\"guia-do-estudante\" width=\"745\" height=\"439\" \/><\/p>\n<p style=\"text-align: right\"><em><span style=\"font-family: 'times new roman', times, serif;font-size: 12pt\">Por:\u00a0Divis\u00e3o de Comunica\u00e7\u00e3o Social \u2013 Unicentro, campus Irati<\/span><\/em><\/p>\n<hr \/>\n<p><span style=\"font-family: 'times new roman', times, serif;font-size: 12pt\"><b>Turismo da Unicentro participa e \u00e9 premiado no Festival de Turismo das Cataratas<\/b><\/span><\/p>\n<p style=\"text-align: justify\"><span style=\"font-family: 'times new roman', times, serif;font-size: 12pt\">Os acad\u00eamicos e professores do Curso de Turismo da Unicentro participaram entre os dias 15 a 17 de junho de 2016 da 11\u00aa edi\u00e7\u00e3o do Festival de Turismo das Cataratas, o maior evento do <i>trade<\/i> tur\u00edstico de Foz do Igua\u00e7u e o segundo maior de turismo da regi\u00e3o sul do Brasil. Durante o evento, acad\u00eamicos e professores foram agraciados com pr\u00eamios de melhor trabalho. O artigo \u201cParque dos Imigrantes em Mallet\/PR e sua potencialidade para o uso tur\u00edstico\u201d, confeccionado pelo Prof. Diogo L\u00fcders Fernandes em conjunto com as acad\u00eamicas Bruna Gallo, Vera Maria Gabardo e Mariane Batista , estiveram entre os 10 melhores trabalhos cient\u00edficos apresentados no Evento e na pr\u00f3xima edi\u00e7\u00e3o, o estudo far\u00e1 parte de um cap\u00edtulo de livro. Essa n\u00e3o \u00e9 a primeira vez que o Curso de Turismo \u00e9 premiado no Festival; na edi\u00e7\u00e3o anterior, em 2015, o artigo \u201cPerfil da demanda: um estudo na ag\u00eancia de viagem FAG Viagens e Turismo do munic\u00edpio de Irati\/PR\u201d, elaborado pela egressa Andreia Ferreira e pela Profa. Elieti F\u00e1tima de Goveia tamb\u00e9m foi agraciado com o mesmo pr\u00eamio, e, este ano, o trabalho fez parte do livro \u201cTurismo e Desenvolvimento Econ\u00f4mico\u201d, organizado por Francisco Antonio dos Anjos e Newton Paula Angeli. \u00c9 o Curso de Turismo mostrando a qualidade de seus trabalhos cient\u00edficos e obtendo destaque em eventos nacionais.<\/span><\/p>\n<p style=\"text-align: justify\"><a href=\"http:\/\/www2.unicentro.br\/detur\/files\/2014\/09\/FIT-Fiz-Elieti.jpg\"><img loading=\"lazy\" decoding=\"async\" class=\"aligncenter size-full wp-image-626\" src=\"http:\/\/www2.unicentro.br\/detur\/files\/2014\/09\/FIT-Fiz-Elieti.jpg\" alt=\"\" width=\"749\" height=\"500\" \/><\/a><\/p>\n<p style=\"text-align: justify\"><a href=\"http:\/\/www2.unicentro.br\/detur\/files\/2014\/09\/GeralForum_JeanPavao-1.jpg\"><img loading=\"lazy\" decoding=\"async\" class=\"aligncenter size-full wp-image-627\" src=\"http:\/\/www2.unicentro.br\/detur\/files\/2014\/09\/GeralForum_JeanPavao-1.jpg\" alt=\"Professora Ms. Paula Grechinski participando da composi\u00e7\u00e3o de mesa de encerramento.\" width=\"750\" height=\"500\" \/><\/a><\/p>\n<hr \/>\n<div class=\"title\">\n<div class=\"post_header_wrapper\">\n<p><span style=\"font-size: 12pt\"><strong><span style=\"font-family: 'times new roman', times, serif\">31 de maio de 2016 &#8211; Acad\u00eamicos tur\u00edsticos conhecem meio de hospedagem<\/span><\/strong><\/span><\/p>\n<p class=\"post_header single_post\" style=\"text-align: justify\"><span style=\"font-family: 'times new roman', times, serif;font-size: 12pt\">Os acad\u00eamicos do 2\u00ba e 3\u00ba ano do Curso de Turismo realizaram no final do m\u00eas de maio uma visita t\u00e9cnica ao Hotel Sollievo em Irati. Acompanhados pelo gerente do empreendimento, os estudantes tiveram a oportunidade de conhecer a estrutura do empreendimento e identificar na pr\u00e1tica os conte\u00fados estudados em sala de aula.<\/span><\/p>\n<p class=\"post_header single_post\" style=\"text-align: justify\"><a href=\"http:\/\/www2.unicentro.br\/detur\/files\/2014\/09\/IMG_4283.jpg\"><img loading=\"lazy\" decoding=\"async\" class=\"aligncenter wp-image-590 \" src=\"http:\/\/www2.unicentro.br\/detur\/files\/2014\/09\/IMG_4283-1024x768.jpg\" alt=\"IMG_4283\" width=\"722\" height=\"542\" \/><\/a><\/p>\n<hr \/>\n<p class=\"post_header single_post\" style=\"text-align: justify\"><span style=\"font-size: 12pt;font-family: 'times new roman', times, serif\"><strong>08 de outubro de 2015 &#8211; Projeto idealizado por acad\u00eamicos do 1\u00ba ano do Curso de Turismo da UNICENTRO recebe pr\u00eamio de inova\u00e7\u00e3o<\/strong><\/span><\/p>\n<p class=\"post_header single_post\" style=\"text-align: justify\"><span style=\"font-size: 12pt;font-family: 'times new roman', times, serif\">Os alunos do 1o. ano do Curso de Turismo, orientados pela Prof\u00aa Paula Grechinski, docente respons\u00e1vel pela disciplina de Pr\u00e1tica e \u00c9tica no Turismo, ficaram em segundo lugar no Concurso PUC J<span class=\"text_exposed_show\">ovens Ideias.\u00a0<\/span><span class=\"text_exposed_show\">O concurso fez parte do XXIII Semin\u00e1rio de Inicia\u00e7\u00e3o Cient\u00edfica da PUC, com mais de 1.200 trabalhos apresentados. <\/span><\/span><\/p>\n<p class=\"post_header single_post\" style=\"text-align: justify\"><span class=\"text_exposed_show\" style=\"font-size: 12pt;font-family: 'times new roman', times, serif\">Esse pr\u00eamio mostra a criatividade e a iniciativa dos acad\u00eamicos do Curso e o apoio, comprometimento e incentivos dos professores do Departamento de Turismo.<\/span><\/p>\n<p><span style=\"font-size: 12pt\">\u00a0<\/span><\/p>\n<p class=\"post_header single_post\" style=\"text-align: justify\"><span style=\"font-size: 12pt;font-family: 'times new roman', times, serif\"><strong>GO DETUR!<\/strong><\/span><\/p>\n<\/div>\n<\/div>\n<p class=\"post_header single_post\" style=\"text-align: justify\"><a href=\"http:\/\/www2.unicentro.br\/detur\/files\/2014\/09\/12079153_1625939751015070_950607401790174760_n.jpg\"><img loading=\"lazy\" decoding=\"async\" class=\"aligncenter wp-image-527\" src=\"http:\/\/www2.unicentro.br\/detur\/files\/2014\/09\/12079153_1625939751015070_950607401790174760_n.jpg\" alt=\"12079153_1625939751015070_950607401790174760_n\" width=\"741\" height=\"417\" \/><\/a><\/p>\n<div class=\"title\">\n<div class=\"post_header_wrapper\">\n<div class=\"post_header single_post\">\n<hr \/>\n<\/div>\n<div class=\"post_header single_post\"><\/div>\n<div class=\"post_header single_post\"><strong><span style=\"font-family: 'times new roman', times, serif;font-size: 12pt\">24 de agosto de 2015 &#8211; N\u00famero de turistas alem\u00e3es cresce 12% no Brasil<br \/>\n<\/span><\/strong><span style=\"font-family: 'times new roman', times, serif\"><br \/>\n<\/span><\/div>\n<\/div>\n<\/div>\n<p style=\"text-align: justify\"><span style=\"font-family: 'times new roman', times, serif;font-size: 12pt\">O n\u00famero de alem\u00e3es que vieram visitar o Brasil cresceu em 12%, segundo o \u00faltimo Anu\u00e1rio Estat\u00edstico do Minist\u00e9rio do Turismo, que mediu a evolu\u00e7\u00e3o das visitas entre 2013 e 2014. O n\u00famero de visitantes saltou de 236 mil para 265 mil. O percentual de crescimento foi maior que o do total de n\u00fameros estrangeiros no pa\u00eds, que cresceu 10%, de 5,8 milh\u00f5es para 6,4 milh\u00f5es.<\/span><\/p>\n<p style=\"text-align: justify\"><span style=\"font-family: 'times new roman', times, serif;font-size: 12pt\">Os alem\u00e3es est\u00e3o entre os turistas europeus que mais visitam o Brasil, entre\u00a0os franceses, em primeiro lugar; e os italianos, em terceiro. Um ter\u00e7o dos alem\u00e3es vem a lazer; um ter\u00e7o a neg\u00f3cios; e o restante menciona outras atividades. Metade deles visita o pa\u00eds sozinho.<\/span><\/p>\n<p style=\"text-align: justify\"><span style=\"font-family: 'times new roman', times, serif;font-size: 12pt\">O Minist\u00e9rio do Turismo participa todos os anos da International Hotel Investment Conference (IHIF), um dos encontros mais importantes da ind\u00fastria de hot\u00e9is, que acontece em Berlim. A confer\u00eancia \u00e9 um dos grandes f\u00f3runs de investimento da ind\u00fastria hoteleira e re\u00fane os principais representantes do setor. O Brasil apoia a apresenta\u00e7\u00e3o de projetos a investidores por parte de empres\u00e1rios brasileiros.<\/span><\/p>\n<p style=\"text-align: justify\"><span style=\"font-family: 'times new roman', times, serif;font-size: 12pt\"><strong>Heran\u00e7a colonial \u2013<\/strong> No Brasil, os alem\u00e3es se instalaram especialmente em Santa Catarina. A cidade de Blumenau \u00e9 uma grande col\u00f4nia alem\u00e3, conhecida pela produ\u00e7\u00e3o de cristais, malhas e cerveja artesanal. A festa mais famosa da cidade, a Oktoberfest, acontece todos os anos no m\u00eas de outubro, tendo na cerveja seu principal atrativo. A influ\u00eancia alem\u00e3 tamb\u00e9m se reflete na arquitetura da cidade com v\u00e1rias constru\u00e7\u00f5es em estilo enxaimel, com alvenaria e hastes de madeira na estrutura.<\/span><\/p>\n<p style=\"text-align: justify\"><span style=\"font-family: 'times new roman', times, serif;font-size: 12pt\">Fonte: Minist\u00e9rio do Turismo. Dispon\u00edvel em:\u00a0http:\/\/www.turismo.gov.br\/ultimas-noticias\/5399-n%C3%BAmero-de-turistas-alem%C3%A3es-cresce-12-no-brasil.html<\/span><\/p>\n<div class=\"post_header single_post\">\n<hr \/>\n<pre class=\"secondaryHeading\"><span style=\"font-family: 'times new roman', times, serif\">\n\u00a01<\/span><strong><span style=\"font-family: 'times new roman', times, serif;font-size: 12pt\">7 de agosto de 2015 -\u00a0<\/span><span style=\"font-family: 'times new roman', times, serif;font-size: 12pt\">Inten\u00e7\u00e3o de viajar pelo Brasil registra o maior \u00edndice dos \u00faltimos cinco anos<\/span><\/strong><\/pre>\n<p style=\"text-align: justify\"><span style=\"font-family: 'times new roman', times, serif;font-size: 12pt\">A maior parte dos brasileiros que deseja viajar pelos pr\u00f3ximos seis meses escolheu um destino nacional, revela boletim de julho do Minist\u00e9rio do Turismo. O \u00edndice atingiu 73,3%, o maior registrado para o m\u00eas nos \u00faltimos cinco anos.<\/span><\/p>\n<p style=\"text-align: justify\"><span style=\"font-family: 'times new roman', times, serif;font-size: 12pt\">\u201cO Brasil se coloca como um destino de in\u00fameras possibilidades, capaz de agradar a todo tipo de viajante\u201d, afirma o ministro do Turismo, Henrique Eduardo Alves. \u201cH\u00e1 desde destinos de aventura e ecoturismo at\u00e9 aqueles que privilegiam a cultura\u201d, disse.<\/span><\/p>\n<p style=\"text-align: justify\"><span style=\"font-family: 'times new roman', times, serif;font-size: 12pt\">A regi\u00e3o Sudeste tamb\u00e9m cresceu na prefer\u00eancia dos entrevistados pelo segundo ano consecutivo. Estima-se que 29,5% dos brasileiros tenham escolhido um destino da regi\u00e3o mais populosa do pa\u00eds para os pr\u00f3ximos seis meses. Em compara\u00e7\u00e3o com o m\u00eas de julho de 2014, houve um crescimento de 35,3%. O Nordeste, no entanto, ainda aparece como regi\u00e3o preferida dos brasileiros (43,5%).<\/span><\/p>\n<p style=\"text-align: justify\"><span style=\"font-family: 'times new roman', times, serif;font-size: 12pt\">O Boletim de inten\u00e7\u00e3o de viagem do Minist\u00e9rio do Turismo tamb\u00e9m revelou uma eleva\u00e7\u00e3o consider\u00e1vel de inten\u00e7\u00e3o de viagem por destinos brasileiros entre os jovens com menos de 35 anos. A maioria (73,3%) tem prefer\u00eancia por destinos tur\u00edsticos nacionais. Em compara\u00e7\u00e3o com o mesmo per\u00edodo do ano anterior, houve um crescimento de 38,5%.\u00a0<\/span><\/p>\n<p style=\"text-align: justify\"><span style=\"font-family: 'times new roman', times, serif;font-size: 12pt\">A pesquisa foi feita em sete capitais com cerca de duas mil pessoas, que representam 70% do fluxo tur\u00edstico do pa\u00eds.<\/span><\/p>\n<p style=\"text-align: justify\"><span style=\"font-family: 'times new roman', times, serif;font-size: 12pt\">Fonte: Minist\u00e9rio do Turismo. Dispon\u00edvel em:\u00a0http:\/\/www.turismo.gov.br\/ultimas-noticias\/5358-inten%C3%A7%C3%A3o-de-viajar-pelo-brasil-registra-o-maior-%C3%ADndice-dos-%C3%BAltimos-cinco-anos.html<\/span><\/p>\n<hr \/>\n<pre style=\"text-align: justify\"><span style=\"font-family: 'times new roman', times, serif;font-size: 12pt\"><strong>\n14 de agosto de 2015 - Turismo em alta ajuda Portugal a superar a crise econ\u00f4mica<\/strong><\/span><\/pre>\n<p style=\"text-align: justify\"><span style=\"font-size: 12pt;font-family: 'times new roman', times, serif\">[&#8230;] O Instituto Nacional de Estat\u00edsticas (INE) do pa\u00eds divulgou [&#8230;] que a receita dos hot\u00e9is de l\u00e1 cresceu 17% em junho \u2013 in\u00edcio da temporada do ver\u00e3o europeu -, chegando a US$ 1,1 bilh\u00e3o (R$ 3,5 bilh\u00f5es). O n\u00famero de estrangeiros aumentou 10% em rela\u00e7\u00e3o ao ano anterior, sendo mais de 1 milh\u00e3o s\u00f3 em junho. Os portugueses tamb\u00e9m viajaram mais. O turismo representa 10% do Produto Interno Bruto (PIB) portugu\u00eas, com crescimento desde 2011, o que ajuda a superar a crise econ\u00f4mica. Se seguir nesse ritmo, Portugal vai alcan\u00e7ar a maior receita de todos os tempos com o turismo.<b><br \/>\n<\/b><b><br \/>\n<\/b><\/span><\/p>\n<p style=\"text-align: justify\"><span style=\"font-family: 'times new roman', times, serif;font-size: 12pt\">Fonte: Glamurama. Dispon\u00edvel em:\u00a0http:\/\/glamurama.uol.com.br\/turismo-em-alta-ajuda-portugal-a-superar-crise-economica\/<\/span><\/p>\n<hr \/>\n<pre><span style=\"font-family: 'times new roman', times, serif;font-size: 12pt\"><b>\n\n08 de julho de 2015 - Mais de 6,4 milh\u00f5es de turistas estrangeiros visitaram o Brasil em 2014<\/b><\/span><\/pre>\n<p><span style=\"font-size: 12pt;color: #808080;font-family: 'times new roman', times, serif\">O n\u00famero representa um recorde hist\u00f3rico e um crescimento de 10,6% em rela\u00e7\u00e3o a 2013. A Copa do Mundo foi a principal respons\u00e1vel pelo salto<\/span><\/p>\n<p style=\"text-align: justify\"><span style=\"font-family: 'times new roman', times, serif;font-size: 12pt\">No ano da Copa do Mundo, o Brasil registrou a entrada de 6.429.852 turistas internacionais. Pela primeira vez, o pa\u00eds superou a marca dos 6 milh\u00f5es de estrangeiros. A Argentina continua em primeiro lugar na lista de principais pa\u00edses emissores, com 1.743.930 turistas, seguida dos Estado Unidos (656.801). O Chile (336.950) ultrapassou o Paraguai e assumiu a terceira coloca\u00e7\u00e3o.<\/span><\/p>\n<p style=\"text-align: justify\"><span style=\"font-family: 'times new roman', times, serif;font-size: 12pt\">S\u00e3o Paulo, por onde entraram 2.219.917 visitantes, permanece como a principal porta de entrada do pa\u00eds. O Rio de Janeiro, 2\u00ba lugar na lista de receptores (1.597.153), registrou o maior aumento absoluto na entrada de estrangeiros, com 389.353 pessoas a mais que 2013. Um incremento de 32,2% para o per\u00edodo. J\u00e1 o Rio Grande do Sul passou da 4\u00aa para 3\u00aa coloca\u00e7\u00e3o no ranking de entradas, ultrapassando o Paran\u00e1. Um total de 907.668 turistas internacionais entram no Brasil pelo estado ga\u00facho.<\/span><\/p>\n<p style=\"text-align: justify\"><span style=\"font-family: 'times new roman', times, serif;font-size: 12pt\">Os dados fazem parte do Anu\u00e1rio Estat\u00edstico de Turismo 2015 do MTur, elaborado com base nos n\u00fameros da Pol\u00edcia Federal. O levantamento revela que 70,6% dos turistas internacionais usaram o avi\u00e3o como meio de transporte para chegar ao Brasil. Quatro em cada dez (27,3%) vieram pelas estradas. O restante usou a via mar\u00edtima ou fluvial para se deslocar.<\/span><\/p>\n<p style=\"text-align: justify\"><span style=\"font-family: 'times new roman', times, serif;font-size: 12pt\">A entrada de turistas m\u00eas a m\u00eas deixa claro que o impacto do mundial de futebol foi decisivo para o aumento registrado em 2014. Em junho, m\u00eas da Copa do Mundo, a chegada de turistas internacionais praticamente triplicou. Saltou de 350.025 em 2013 para 1.018.876 em 2014.<\/span><\/p>\n<p style=\"text-align: justify\"><span style=\"font-size: 12pt;font-family: 'times new roman', times, serif\">\u201cOs n\u00fameros mostram que a Copa do Mundo foi um grande neg\u00f3cio para o turismo. Agora o desafio \u00e9 garantir condi\u00e7\u00f5es para o setor crescer de forma continuada\u201d, defendeu o ministro do Turismo, Henrique Alves. \u201cOs megaeventos s\u00e3o excelentes catalisadores do aumento no fluxo tur\u00edstico dos destinos, mas, para mantermos um crescimento consistente, temos de atacar quest\u00f5es estruturais e encarar o turismo com profissionalismo no Brasil\u201d, completou.<\/span><\/p>\n<p style=\"text-align: justify\"><span style=\"font-family: 'times new roman', times, serif;font-size: 12pt\">[&#8230;] <\/span><\/p>\n<p style=\"text-align: justify\"><span style=\"font-family: 'times new roman', times, serif;font-size: 12pt\">Elaborado por Darse J\u00fanior. Fonte: Minist\u00e9rio do Turismo. Dispon\u00edvel em:\u00a0http:\/\/www.turismo.gov.br\/ultimas-noticias\/5227-mais-de-6,4-milh%C3%B5es-de-turistas-estrangeiros-visitaram-o-brasil-em-2014.html.<\/span><\/p>\n<p>&nbsp;<\/p>\n<\/div>\n","protected":false},"excerpt":{"rendered":"<p>NOT\u00cdCIAS DO SETOR TUR\u00cdSTICO &#8212;&#8212;&#8212;&#8212;&#8212;&#8212;&#8212;&#8212;&#8212;&#8212;&#8212;&#8212;&#8212;&#8212;&#8212;&#8212;&#8212;&#8212;&#8212;&#8212;&#8212;&#8212;&#8212;&#8212;&#8212;&#8212;&#8212;&#8212;&#8212;&#8212;&#8212;&#8212;&#8212;&#8212;&#8212;&#8212;&#8212;&#8212;&#8212;&#8212;&#8212;&#8212;&#8212;&#8212;&#8212;&#8212;&#8212;&#8212;&#8212;&#8212;&#8212;&#8212;&#8211; XIII JORNADA ACAD\u00caMICA DE TURISMO. Dias 22, 23 e 24 de agosto de 2018. Participe. Irati \u00e9 not\u00edcia na RPC TV 12 de maio de 2018 Foi ao ar neste s\u00e1bado, v\u00e9spera do Dia das M\u00e3es, um programa especial divulgando algumas riquezas do munic\u00edpio de Irati. O programa PLUG, apresentado [&hellip;]<\/p>\n","protected":false},"author":3,"featured_media":0,"parent":0,"menu_order":0,"comment_status":"closed","ping_status":"closed","template":"","meta":{"_exactmetrics_skip_tracking":false,"_exactmetrics_sitenote_active":false,"_exactmetrics_sitenote_note":"","_exactmetrics_sitenote_category":0,"footnotes":"","_links_to":"","_links_to_target":""},"class_list":["post-22","page","type-page","status-publish","hentry"],"_links":{"self":[{"href":"https:\/\/www3.unicentro.br\/detur\/wp-json\/wp\/v2\/pages\/22","targetHints":{"allow":["GET"]}}],"collection":[{"href":"https:\/\/www3.unicentro.br\/detur\/wp-json\/wp\/v2\/pages"}],"about":[{"href":"https:\/\/www3.unicentro.br\/detur\/wp-json\/wp\/v2\/types\/page"}],"author":[{"embeddable":true,"href":"https:\/\/www3.unicentro.br\/detur\/wp-json\/wp\/v2\/users\/3"}],"replies":[{"embeddable":true,"href":"https:\/\/www3.unicentro.br\/detur\/wp-json\/wp\/v2\/comments?post=22"}],"version-history":[{"count":0,"href":"https:\/\/www3.unicentro.br\/detur\/wp-json\/wp\/v2\/pages\/22\/revisions"}],"wp:attachment":[{"href":"https:\/\/www3.unicentro.br\/detur\/wp-json\/wp\/v2\/media?parent=22"}],"curies":[{"name":"wp","href":"https:\/\/api.w.org\/{rel}","templated":true}]}}