{"id":21,"date":"2014-09-15T00:00:00","date_gmt":"2014-09-15T03:00:00","guid":{"rendered":"https:\/\/www3.unicentro.br\/detur\/producao-cientifica\/"},"modified":"2014-09-15T00:00:00","modified_gmt":"2014-09-15T03:00:00","slug":"producao-cientifica","status":"publish","type":"page","link":"https:\/\/www3.unicentro.br\/detur\/producao-cientifica\/","title":{"rendered":"Produ\u00e7\u00e3o Cient\u00edfica"},"content":{"rendered":"<p>&nbsp;<\/p>\n<hr \/>\n<p><span style=\"font-family: 'andale mono', monospace\"><strong><span style=\"font-size: 14pt\">2020<\/span><\/strong><\/span><\/p>\n<hr \/>\n<p><span style=\"font-size: 10pt;color: #000000;font-family: georgia, palatino, serif\">DAMBROSKI, Cleiciane <a style=\"color: #000000\" href=\"https:\/\/www2.unicentro.br\/detur\/files\/2021\/07\/TCCCleiciane-Dambroski.pdf\">Satisfa\u00e7\u00e3o e Servi\u00e7os: Estudo de Caso do Hotel Anila\/Fernandes Pinheiro \u2013 Pr<\/a><\/span><\/p>\n<p><span style=\"font-size: 10pt;color: #000000;font-family: georgia, palatino, serif\">GEMPKA, Mayara de Souza &#8211; <a style=\"color: #000000\" href=\"https:\/\/www2.unicentro.br\/detur\/files\/2021\/07\/Versa\u0303o-Final-de-TCC-Mayara-de-Souza-Gempka.pdf\">O P\u00f3s-evento e sua Relev\u00e2ncia no Planejamento da Festa do P\u00eassego em Irati\/Pr<\/a><\/span><\/p>\n<p><span style=\"font-size: 10pt;color: #000000;font-family: georgia, palatino, serif\">HALILA, Halanna &#8211;\u00a0 <a style=\"color: #000000\" href=\"https:\/\/www2.unicentro.br\/detur\/files\/2021\/07\/TCC-Halanna-Halila-Costume-Roleplay.pdf\">Costume Roleplay: A Experi\u00eancia de Consumo na Feira Medieval de Carambe\u00ed\/Pr<\/a><\/span><\/p>\n<p><span style=\"font-size: 10pt;color: #000000;font-family: georgia, palatino, serif\">KR\u00d3L, <span style=\"font-weight: 400\">Evellyn Carolini Lisboa <\/span>&#8211; <a style=\"color: #000000\" href=\"https:\/\/www2.unicentro.br\/detur\/files\/2021\/07\/TCC-Final-Evellyn-Carolini.pdf\">Uma An\u00e1lise da Promo\u00e7\u00e3o Tur\u00edstica por Meio da Rede Social Facebook na Casa Noturna Park Dance Irati\/Pr<\/a><\/span><\/p>\n<p><span style=\"font-family: georgia, palatino, serif;font-size: 10pt;color: #000000\">MOLINA, Mariana Luzes &#8211; <a style=\"color: #000000\" href=\"https:\/\/www2.unicentro.br\/detur\/files\/2021\/06\/TCC-Mariana-Molina-Turismo-e-Educacao-ao-Longo-da-Vida.pdf\">Turismo e educa\u00e7\u00e3o ao longo da vida: Reflex\u00f5es a partir do projeto de turismo pedag\u00f3gico e receptivo<\/a><\/span><\/p>\n<p><span style=\"font-size: 10pt;color: #000000;font-family: georgia, palatino, serif\">VINNE, Melanie Van Der &#8211; <a style=\"color: #000000\" href=\"https:\/\/www2.unicentro.br\/detur\/files\/2021\/07\/TCC-Melanie-Versao-final.pdf\">O Souvenir Holand\u00eas na Experi\u00eancia Tur\u00edstica e Cultural na Col\u00f4nia Castrolanda, Castro\/Pr<\/a><\/span><\/p>\n<hr \/>\n<p><span style=\"font-family: 'andale mono', monospace\"><strong><span style=\"font-size: 14pt\">2018<\/span><\/strong><\/span><\/p>\n<hr \/>\n<p><span style=\"color: #000000;font-family: georgia, palatino, serif;font-size: 10pt\">ANDREKOWICZ,\u00a0Daniele &#8211;\u00a0<a style=\"color: #000000\" href=\"https:\/\/www2.unicentro.br\/detur\/files\/2018\/07\/DANIELE-ANDREKOWICZ-Analise-de-trilhas-ecotur\u00edsticas-estudo-de-caso-propriedade-Nogara-Uniao-da-Vitoria-PR.pdf\">An\u00e1lise de trilhas ecotur\u00edsticas &#8211; estudo de caso propriedade Nogara &#8211; Uni\u00e3o da Vit\u00f3ria &#8211; PR<\/a><\/span><\/p>\n<p><span style=\"color: #000000;font-family: georgia, palatino, serif;font-size: 10pt\">BELO, Luiz V\u00e1gner &#8211;\u00a0<a style=\"color: #000000\" href=\"https:\/\/www2.unicentro.br\/detur\/files\/2018\/07\/LUIZ-VAGNER-BELO-Tecnologia-e-cultura-a-interpreta\u00e7\u00e3o-do-patrim\u00f4nio-cultural-de-Irati-PR-por-meio-de-recursos-tecnol\u00f3gicos.pdf\">Tecnologia e cultura &#8211; a interpreta\u00e7\u00e3o do patrim\u00f4nio cultural de Irati (PR) por meio de recursos tecnol\u00f3gicos<\/a><\/span><\/p>\n<p><span style=\"color: #000000;font-family: georgia, palatino, serif;font-size: 10pt\">FERNANDES, Julio Henrique &#8211;\u00a0<a style=\"color: #000000\" href=\"https:\/\/www2.unicentro.br\/detur\/files\/2018\/07\/JULIO-HENRIQUE-FERNANDES-Infraestrutura-e-servi\u00e7os-em-eventos-de-neg\u00f3cios-estudo-na-Feira-de-Malhas-de-Imbituva-PR.pdf\"> Infraestrutura e servi\u00e7os em eventos de neg\u00f3cios &#8211; estudo na Feira de Malhas de Imbituva &#8211; PR<\/a><\/span><\/p>\n<p><span style=\"color: #000000;font-family: georgia, palatino, serif;font-size: 10pt\">FRONCZAK, Adeline &#8211;\u00a0<a style=\"color: #000000\" href=\"https:\/\/www2.unicentro.br\/detur\/files\/2018\/07\/ADELINE-FRONCZAK-Cardapios-tematicos-em-meios-de-hospedagem-estudo-de-caso-do-Hotel-Fazenda-Hidrotermal-Dorizzon-em-Mallet-PR.pdf\">Card\u00e1pios tem\u00e1ticos em meios de hospedagem &#8211; estudo de caso do Hotel Fazenda Hidrotermal Dorizzon em Mallet &#8211; PR<\/a><\/span><\/p>\n<p><span style=\"color: #000000;font-family: georgia, palatino, serif;font-size: 10pt\">HAMULAK, Cl\u00e1udio &#8211;\u00a0<a style=\"color: #000000\" href=\"https:\/\/www2.unicentro.br\/detur\/files\/2018\/07\/CLAUDIO-HAMULAK-Analise-das-possibilidades-de-uso-turistico-do-Faxinal-Agua-Quente-dos-Meiras-Rio-Azul-PR.pdf\">An\u00e1lise das possibilidades de uso tur\u00edstico do Faxinal \u00c1gua Quente dos Meiras, Rio Azul &#8211; PR<\/a><\/span><\/p>\n<p><span style=\"color: #000000;font-family: georgia, palatino, serif;font-size: 10pt\">MANGRICH, Jenniffer dos Santos &#8211;\u00a0<a style=\"color: #000000\" href=\"https:\/\/www2.unicentro.br\/detur\/files\/2018\/07\/JENNIFFER-DOS-SANTOS-MANGRICH-Estudo-de-caso-da-Expotexas-em-Teixeira-Soares-PR-Trajetoria-e-mudancas.pdf\">Estudo de caso da Expotexas em Teixeira Soares &#8211; PR &#8211; Trajet\u00f3ria e mudan\u00e7as<\/a><\/span><\/p>\n<p><span style=\"color: #000000;font-family: georgia, palatino, serif;font-size: 10pt\">MUZIKA, Thaila Marina &#8211;\u00a0<a style=\"color: #000000\" href=\"https:\/\/www2.unicentro.br\/detur\/files\/2018\/07\/THAILA-MARINA-MUZIKA-O-turismo-brasileiro-sob-o-ponto-de-vista-estrangeiro-a-percep\u00e7\u00e3o-de-turistas-estrangeiros-de-Hostels-em-Foz-do-Igua\u00e7u-PR-acerca-do-produto-turistico-no-Brasil.pdf\">O turismo brasileiro sob o ponto de vista estrangeiro &#8211; a percep\u00e7\u00e3o de turistas estrangeiros de Hostels em Foz do Igua\u00e7u-PR acerca do produto tur\u00edstico no Brasil<\/a><\/span><\/p>\n<p><span style=\"color: #000000;font-family: georgia, palatino, serif;font-size: 10pt\">SCHOAB, Viviane Aparecida &#8211;\u00a0<a style=\"color: #000000\" href=\"https:\/\/www2.unicentro.br\/detur\/files\/2018\/07\/VIVIANE-APARECIDA-SCHOAB-O-perfil-dos-usuarios-de-um-parque-de-aventura-um-estudo-de-caso-RPPN-Ninho-do-Corvo.pdf\"> O perfil dos usu\u00e1rios de um parque de aventura &#8211; um estudo de caso RPPN Ninho do Corvo<\/a><\/span><\/p>\n<p>&nbsp;<\/p>\n<hr \/>\n<p><span style=\"font-size: 14pt;font-family: 'andale mono', monospace\"><strong>2017<\/strong><\/span><\/p>\n<hr \/>\n<p><span style=\"color: #000000;font-family: georgia, palatino, serif;font-size: 10pt\">BATISTA, Mariane &#8211;\u00a0<a style=\"color: #000000\" href=\"http:\/\/www2.unicentro.br\/detur\/files\/2014\/09\/MARIANE-BATISTA-An\u00e1lise-do-Potencial-tur\u00edstico-e-da-infraestruturado-Parque-Aquatico-e-de-Exposi\u00e7\u00f5es-Santa-Terezinha-Irati-PR.pdf\"> An\u00e1lise do potencial tur\u00edstico e da infraestrutura do Parque Aqu\u00e1tico e de Exposi\u00e7\u00f5es Santa Terezinha, Irati &#8211; PR<\/a><\/span><\/p>\n<p><span style=\"color: #000000;font-family: georgia, palatino, serif;font-size: 10pt\">DOTTI, Alessandro &#8211;\u00a0<a style=\"color: #000000\" href=\"http:\/\/www2.unicentro.br\/detur\/files\/2014\/09\/ALESSANDRO-DOTI-COntribui\u00e7\u00e3o-dos-Eventos-para-a-Hotelaria-na-cidade-de-Irati-PR.pdf\">\u00a0Contribui\u00e7\u00e3o dos eventos para a hotelaria na cidade de Irati, PR<\/a><\/span><\/p>\n<p><span style=\"color: #000000;font-family: georgia, palatino, serif;font-size: 10pt\">FERNANDES, Fernanda &#8211;\u00a0<a style=\"color: #000000\" href=\"http:\/\/www2.unicentro.br\/detur\/files\/2014\/09\/FERNANDA-FERNANDES-An\u00e1lise-da-promo\u00e7\u00e3o-tur\u00edstica-do-patrim\u00f4nio-cultural-por-meio-da-rede-social-Instagram-na-cidade-de-Foz-do-Igua\u00e7u.pdf\"> An\u00e1lise da promo\u00e7\u00e3o tur\u00edstica do patrim\u00f4nio cultural por meio da rede social Instagram na cidade de Foz do Igua\u00e7u<\/a><\/span><\/p>\n<p><span style=\"color: #000000;font-family: georgia, palatino, serif;font-size: 10pt\">GABARDO, Vera Maria &#8211;\u00a0<a style=\"color: #000000\" href=\"http:\/\/www2.unicentro.br\/detur\/files\/2014\/09\/VERA-GABARDO-An\u00e1lise-Swot-do-espa\u00e7o-do-Campo-do-Sanha\u00e7o-na-Vila-S\u00e3o-Jo\u00e3o-para-implanta\u00e7\u00e3o-de-um-Parque-Urbano.pdf\"> An\u00e1lise SWOT do espa\u00e7o Campo do Sanha\u00e7o, na Vila S\u00e3o Jo\u00e3o, para implanta\u00e7\u00e3o de um Parque Urbano<\/a><\/span><\/p>\n<p><span style=\"color: #000000;font-family: georgia, palatino, serif;font-size: 10pt\">WENDRECHOWSKI, Ros\u00e2ngela &#8211;\u00a0<a style=\"color: #000000\" href=\"http:\/\/www2.unicentro.br\/detur\/files\/2014\/09\/ROSANGELA-WENDRECHOWSKI-Caracterizacao-das-atividades-de-visitacao-da-Casa-da-Cultura-de-Irati-de-2014-a-2015.-1.pdf\"> Caracteriza\u00e7\u00e3o das atividades de visita\u00e7\u00e3o da Casa da Cultura de Irati, de 2014 a 2015<\/a><\/span><\/p>\n<hr \/>\n<p><span style=\"font-family: 'andale mono', monospace\"><strong><span style=\"font-size: 14pt\">2016<\/span><\/strong><\/span><\/p>\n<hr \/>\n<p><span style=\"color: #000000;font-family: georgia, palatino, serif;font-size: 10pt\">AMARANTE, J\u00e9ssica &#8211;\u00a0<a style=\"color: #000000\" href=\"http:\/\/www2.unicentro.br\/detur\/files\/2014\/09\/O-UNIVERSO-DOS-RESTAURANTES-TEM\u00c1TICOS-UM-ESTUDO-DE-CASO-DO.pdf\">O universo dos restaurantes tem\u00e1ticos: Um estudo de caso\u00a0do Hard Rock Caf\u00e9 &#8211; Curitiba<\/a><\/span><\/p>\n<p><span style=\"color: #000000;font-family: georgia, palatino, serif;font-size: 10pt\">DA SILVA, Victor A. Cordeiro &#8211;\u00a0<a style=\"color: #000000\" href=\"http:\/\/www2.unicentro.br\/detur\/files\/2014\/09\/TCC-VICTOR-ANTONIO-CORDEIRO-DA-SILVA.pdf\">Trajet\u00f3ria na organiza\u00e7\u00e3o dos eventos na danceteria Park Dance em Irati\/PR, entre os anos de 1993 a 2016<\/a><\/span><\/p>\n<p><span style=\"color: #000000;font-family: georgia, palatino, serif;font-size: 10pt\">DOMINGUES, Gisele A. &#8211;\u00a0<a style=\"color: #000000\" href=\"http:\/\/www2.unicentro.br\/detur\/files\/2014\/09\/POSSIBILIDADE-DE-USO-TUR\u00cdSTICO-NO-FAXINAL-DO-MARMELEIRO-DE-BAIXO-REBOU\u00c7AS-\u2013-PR.-Gisele.pdf\">Possibilidade de uso tur\u00edstico no Faxinal do Marmeleiro de Baixo, Rebou\u00e7as \u2013 PR<\/a><\/span><\/p>\n<p><span style=\"color: #000000;font-family: georgia, palatino, serif;font-size: 10pt\">HARMATIUK, Adriane &#8211;\u00a0<a style=\"color: #000000\" href=\"http:\/\/www2.unicentro.br\/detur\/files\/2014\/09\/AN\u00c1LISE-DA-SINALIZA\u00c7\u00c3O-TUR\u00cdSTICA-DO-SALTO-SETE-ECOTURISMO-E-AVENTURA-PRUDENT\u00d3POLIS-PR.pdf\">An\u00e1lise da sinaliza\u00e7\u00e3o tur\u00edstica do Salto Sete Ecoturismo e Aventura, Prudent\u00f3polis-PR<\/a><\/span><\/p>\n<p><span style=\"color: #000000;font-family: georgia, palatino, serif;font-size: 10pt\">INOC\u00caNCIO, Mirian Keiko &#8211;\u00a0<a style=\"color: #000000\" href=\"http:\/\/www2.unicentro.br\/detur\/files\/2014\/09\/TCC-Mirian-Keiko-Inocencio-comprimido.pdf\">Interpreta\u00e7\u00e3o patrimonial e turismo pedag\u00f3gico na Universidade Estadual do Centro-oeste, Irati (PR)<\/a><\/span><\/p>\n<p><span style=\"color: #000000;font-family: georgia, palatino, serif;font-size: 10pt\">KOZAR, Vanderleia &#8211;\u00a0<a style=\"color: #000000\" href=\"http:\/\/www2.unicentro.br\/detur\/files\/2014\/09\/O-USO-DO-GRAFFITI-PELA-ATIVIDADE-TUR\u00cdSTICA.pdf\">O uso do graffiti pela atividade tur\u00edstica:\u00a0Possibilidade de visita\u00e7\u00e3o em locais de Curitiba-PR<\/a><\/span><\/p>\n<p><span style=\"color: #000000;font-family: georgia, palatino, serif;font-size: 10pt\">KRYNSKI, Samanta &#8211;\u00a0<a style=\"color: #000000\" href=\"http:\/\/www2.unicentro.br\/detur\/files\/2014\/09\/SAZONALIDADE-NA-HOTELARIA-estudo-das-iniciativas-do-Cost\u00e3o-do-Santinho-Resort-Golf-SPA-em-Florian\u00f3polis-SC.pdf\">Sazonalidade na hotelaria: Estudo das iniciativas do Cost\u00e3o do Santinho Resort, Golf &amp; SPA em Florian\u00f3polis &#8211; SC<\/a><\/span><\/p>\n<p><span style=\"color: #000000;font-family: georgia, palatino, serif;font-size: 10pt\">LAROCA, Lucieli F. G. &#8211;\u00a0<a style=\"color: #000000\" href=\"http:\/\/www2.unicentro.br\/detur\/files\/2014\/09\/TURISMO-E-F\u00c9RIAS-um-estudo-de-caso-com-os-agentes-universit\u00e1rios-Unicentro-Campus-de-Irati-PR.pdf\">Turismo e f\u00e9rias: Um estudo de caso com os agentes universit\u00e1rios UNICENTRO, Campus de Irati-PR<\/a><\/span><\/p>\n<p><span style=\"color: #000000;font-family: georgia, palatino, serif;font-size: 10pt\">LEMES, Evandro &#8211;\u00a0<a style=\"color: #000000\" href=\"http:\/\/www2.unicentro.br\/detur\/files\/2014\/09\/TCC-VERS\u00c3O-FINAL-Evandro.pdf\">Mudan\u00e7as da M\u00fcnchen Fest de Ponta Grossa-PR entre os anos de 1990 \u2013 2015<\/a><\/span><\/p>\n<p><span style=\"color: #000000;font-family: georgia, palatino, serif;font-size: 10pt\">NASCIMENTO, Renan L. do &#8211;\u00a0<a style=\"color: #000000\" href=\"http:\/\/www2.unicentro.br\/detur\/files\/2014\/09\/TURISMO-E-ACESSIBILIDADE-um-estudo-de-caso-nos-atrativos-tur\u00edsticos-urbanos-de-Irati-PR.-1.pdf\">Turismo e acessibilidade: Um estudo de caso nos atrativos tur\u00edsticos urbanos de Irati &#8211; PR<\/a><\/span><\/p>\n<p><span style=\"color: #000000;font-family: georgia, palatino, serif;font-size: 10pt\">PARTEKA, Suzane &#8211;\u00a0<a style=\"color: #000000\" href=\"http:\/\/www2.unicentro.br\/detur\/files\/2014\/09\/O-POSICIONAMENTO-DOS-FREQUENTADORES-DO-PARQUE-AQU\u00c1TICO-DE-EXPOSI\u00c7\u00d5ES-SANTA-TEREZINHA-FRENTE-A-SUA-UTILIZA\u00c7\u00c3O-E-INFRA-ESTRUTURA.pdf\">O posicionamento dos frequentadores do Parque Aqu\u00e1tico de Exposi\u00e7\u00f5es Santa Terezinha frente a sua utiliza\u00e7\u00e3o e infraestrutura<\/a><\/span><\/p>\n<p><span style=\"color: #000000;font-family: georgia, palatino, serif;font-size: 10pt\">RODRIGUES, Rafael Gustavo &#8211;\u00a0<a style=\"color: #000000\" href=\"http:\/\/www2.unicentro.br\/detur\/files\/2014\/09\/TCC-RAFAEL-GUSTAVO-RODRIGUES.pdf\">Estudo da possibilidade de implanta\u00e7\u00e3o da atividade de arvorismo na Floresta Nacional de Irati<\/a><\/span><\/p>\n<p><span style=\"color: #000000;font-family: georgia, palatino, serif;font-size: 10pt\">SALVATI, Luiz Henrique &#8211;\u00a0<a style=\"color: #000000\" href=\"http:\/\/www2.unicentro.br\/detur\/files\/2014\/09\/MEU-SANGUE-\u00c9-VERMELHO-FUNAI-versus-Reserva-Patax\u00f3-da-Jaqueira-em-Porto-Seguro-BA.pdf\">Meu sangue \u00e9 vermelho: FUNAI versus Reserva Patax\u00f3 da Jaqueira em Porto Seguro &#8211; BA<\/a><\/span><\/p>\n<p><span style=\"color: #000000;font-family: georgia, palatino, serif;font-size: 10pt\">SILVA, Jean Carlo da &#8211;\u00a0<a style=\"color: #000000\" href=\"http:\/\/www2.unicentro.br\/detur\/files\/2014\/09\/TCC-Jean-Carlo-comprimido.pdf\">Inser\u00e7\u00e3o de meios interpretativos: estudo de caso Cachoeira da Mariquinha, Ponta Grossa, PR<\/a><\/span><\/p>\n<p><span style=\"color: #000000;font-family: georgia, palatino, serif;font-size: 10pt\">SIONA, Danieli &#8211; R<a style=\"color: #000000\" href=\"http:\/\/www2.unicentro.br\/detur\/files\/2014\/09\/TCC-VERS\u00c3O-FINAL-DANIELI-SIONA.pdf\">eputa\u00e7\u00e3o online \u2013 restaurante Nova Polska em Campo Magro-PR.<\/a><\/span><\/p>\n<p><span style=\"color: #000000;font-family: georgia, palatino, serif;font-size: 10pt\">\u00a0ZARPELLON, Marcos A. &#8211;\u00a0<a style=\"color: #000000\" href=\"http:\/\/www2.unicentro.br\/detur\/files\/2014\/09\/GEST\u00c3O-AMBIENTAL-NA-HOTELARIA-Um-estudo-sobre-a-aplica\u00e7\u00e3o-do-Programa-Planet-21-nos-Hot\u00e9is-Ibis-Londrina-e-Ibis-Budget-Curitiba.pdf\">Gest\u00e3o ambiental na hotelaria: Um estudo sobre a aplica\u00e7\u00e3o do Programa Planet 21 nos Hot\u00e9is Ibis Londrina e Ibis Budget Curitiba<\/a><\/span><\/p>\n<hr \/>\n<p><span style=\"font-family: 'andale mono', monospace\"><strong><span style=\"font-size: 14pt;color: #000000\">2015<\/span><\/strong><\/span><\/p>\n<hr \/>\n<p><span style=\"color: #000000;font-family: georgia, palatino, serif;font-size: 10pt\">BLANSKI, Elton &#8211;<a style=\"color: #000000\" href=\"http:\/\/www2.unicentro.br\/detur\/files\/2014\/09\/TCC-\u00c9LTON-BLANSKI-14-03-2016.pdf\"> O turismo e a paisagem urbana do Parque Aqu\u00e1tico de Irati \u2013 PR: uma an\u00e1lise de uso e da potencialidade tur\u00edstica, por meio de seus usu\u00e1rios<\/a><\/span><\/p>\n<p><span style=\"color: #000000;font-family: georgia, palatino, serif;font-size: 10pt\">COCHINSKI, Viviane &#8211;<a style=\"color: #000000\" href=\"http:\/\/www2.unicentro.br\/detur\/files\/2014\/09\/TCC-CD-Viviane.pdf\"> An\u00e1lise do perfil e da satisfa\u00e7\u00e3o dos participantes do evento cicloturismo no munic\u00edpio de Irati (PR)<\/a><\/span><\/p>\n<p><span style=\"color: #000000;font-family: georgia, palatino, serif;font-size: 10pt\">COELHO, Mariele de Andrade &#8211;<a style=\"color: #000000\" href=\"http:\/\/www2.unicentro.br\/detur\/files\/2014\/09\/TCC-Final-Imprimir-1.pdf\">Reflex\u00f5es, possibilidades e limita\u00e7\u00f5es da atividade tur\u00edstica na comunidade faxinalense de Taquari dos Ribeiros de Rio Azul &#8211; PR<\/a><\/span><\/p>\n<p><span style=\"color: #000000;font-family: georgia, palatino, serif;font-size: 10pt\">DE CARVALHO, Ishrael Rickli &#8211;<a style=\"color: #000000\" href=\"http:\/\/www2.unicentro.br\/detur\/files\/2014\/09\/TCC-Ishrael-Capacitacao_dos_Condutores_de_Rafting.pdf\">A capacita\u00e7\u00e3o dos condutores de rafting: estudo de caso Ag\u00eancia de Turismo APUAMA Rafting<\/a><\/span><\/p>\n<p><span style=\"color: #000000;font-family: georgia, palatino, serif;font-size: 10pt\">DE OLIVEIRA, Amanda Guarnieri &#8211;<a style=\"color: #000000\" href=\"http:\/\/www2.unicentro.br\/detur\/files\/2014\/09\/Vers\u00e3o-final-Amanda-cd.pdf\">Cruzeiros Mar\u00edtimos no Brasil: a atua\u00e7\u00e3o da empresa MSC Cruzeiros.<\/a><\/span><\/p>\n<p><span style=\"color: #000000;font-family: georgia, palatino, serif;font-size: 10pt\">DOS REIS, Diego Geovan &#8211;<a style=\"color: #000000\" href=\"http:\/\/www2.unicentro.br\/detur\/files\/2014\/09\/A-IMPORT\u00c2NCIA-DA-RESTAURA\u00c7\u00c3O-E-DA-INTERPRETA\u00c7\u00c3O-PATRIMONIAL-PARA-A-VALORIZA\u00c7\u00c3O-DE-EDIF\u00cdCIOS-HIST\u00d3.pdf\">A import\u00e2ncia da restaura\u00e7\u00e3o e da interpreta\u00e7\u00e3o patrimonial para a valoriza\u00e7\u00e3o de edif\u00edcios hist\u00f3ricos: a casa sede da fazenda Florestal e a Casa da Cultura de Irati-PR<\/a><\/span><\/p>\n<p><span style=\"color: #000000;font-family: georgia, palatino, serif;font-size: 10pt\">DOS SANTOS, Ridek Antonio &#8211;<a style=\"color: #000000\" href=\"http:\/\/www2.unicentro.br\/detur\/files\/2014\/09\/VERS\u00c3O-CD-TCC-Ridek-13-03-16.pdf\">Turismo cervejeiro em Curitiba\/PR: experi\u00eancias agregadas a um segmento \u2018especial\u2019<\/a><\/span><\/p>\n<p><span style=\"color: #000000;font-family: georgia, palatino, serif;font-size: 10pt\">GALO, Bruna Elissa &#8211;<a style=\"color: #000000\" href=\"http:\/\/www2.unicentro.br\/detur\/files\/2014\/09\/CD-TCC.pdf\">O estudo da potencialidade tur\u00edstica do Parque dos Imigrantes de Mallet-PR e a integra\u00e7\u00e3o com os espa\u00e7os p\u00fablicos em seu entorno<\/a><\/span><\/p>\n<p><span style=\"color: #000000;font-family: georgia, palatino, serif;font-size: 10pt\"><a style=\"color: #000000\" href=\"https:\/\/www2.unicentro.br\/detur\/files\/2018\/07\/Cristiane-Gordia-EVENTOS-UM-ESTUDO-DE-CASO-DO-FESTIVAL-NACIONAL-DE-TEATRO-FENATA-EM-PONTA-GROSSA.pdf\">GORDIA, Cristiane &#8211; Eventos &#8211; um estudo de caso do Festival Nacional de Teatro (FENATA) em Ponta Grossa<\/a><\/span><\/p>\n<p><span style=\"color: #000000;font-family: georgia, palatino, serif;font-size: 10pt\">GUIMAR\u00c3ES, Marize &#8211;<a style=\"color: #000000\" href=\"http:\/\/www2.unicentro.br\/detur\/files\/2014\/09\/TCC-Rela\u00e7\u00f5es-de-Mercado-entre-as-Ag\u00eancias-de-Turismo-2.pdf\">Rela\u00e7\u00f5es de mercado entre as ag\u00eancias de turismo: An\u00e1lise do posicionamento das ag\u00eancias de turismo tradicionais de Ponta Grossa &#8211; PR a respeito das ag\u00eancias de viagem online (OTA\u00b4s)<\/a><\/span><\/p>\n<p><span style=\"color: #000000;font-family: georgia, palatino, serif;font-size: 10pt\">KRUG, J\u00e9ssica Aline &#8211;<a style=\"color: #000000\" href=\"http:\/\/www2.unicentro.br\/detur\/files\/2014\/09\/tcc-completo-Jessica.pdf\"> A pr\u00e1tica da caminhada em unidades de conserva\u00e7\u00e3o \u2013 estudo de caso Floresta Nacional de Irati \u2013 PR<\/a><\/span><\/p>\n<p><span style=\"color: #000000;font-family: georgia, palatino, serif;font-size: 10pt\">MACHADO, Hamilton Lucas &#8211;<a style=\"color: #000000\" href=\"http:\/\/www2.unicentro.br\/detur\/files\/2014\/09\/Vers\u00e3o-final-TCC-Hamilton.pdf\">SKOLTA PAN TOUR 2015: An\u00e1lise das etapas de planejamento, execu\u00e7\u00e3o e avalia\u00e7\u00e3o do evento<\/a><\/span><\/p>\n<p><span style=\"color: #000000;font-family: georgia, palatino, serif;font-size: 10pt\">MENDES, Leticia &#8211;<a style=\"color: #000000\" href=\"http:\/\/www2.unicentro.br\/detur\/files\/2014\/09\/TCC-Completo_CD.pdf\"> \u201cPrudent\u00f3polis Cachoeiras Gigantes\u201d \u2013 proposta de um roteiro ecotur\u00edstico no munic\u00edpio<\/a><\/span><\/p>\n<p><span style=\"color: #000000;font-family: georgia, palatino, serif;font-size: 10pt\">MUDREI, Andr\u00e9 Felipe &#8211;<a style=\"color: #000000\" href=\"http:\/\/www2.unicentro.br\/detur\/files\/2014\/09\/Monografia-TCC-Andr\u00e9-Felipe-Mudrei.pdf\">Reflex\u00f5es acerca do Turismo Overland sob a \u00f3tica e a experi\u00eancia de seus praticantes<\/a><\/span><\/p>\n<p><span style=\"color: #000000;font-family: georgia, palatino, serif;font-size: 10pt\">PASSONI, Cleisson &#8211;<a style=\"color: #000000\" href=\"http:\/\/www2.unicentro.br\/detur\/files\/2014\/09\/TCC-Cleisson-Passoni-CD.pdf\">Empreendimentos tur\u00edsticos em Palmeira-PR: diagn\u00f3stico das pousadas rurais a partir da matriz SWOT<\/a><\/span><\/p>\n<p><span style=\"color: #000000;font-family: georgia, palatino, serif;font-size: 10pt\">PERUSSELI, Elis\u00e2ngela Aparecida &#8211;<a style=\"color: #000000\" href=\"http:\/\/www2.unicentro.br\/detur\/files\/2014\/09\/TCC-Eliz\u00e2ngela-vers\u00e3o-final-CD-PDF.pdf\"> Turismo religioso e cultural: um olhar para o resgate da tradi\u00e7\u00e3o da Romaria de S\u00e3o Gon\u00e7alo do Amarante, na comunidade de Marumbi dos Elias, em Rio Azul &#8211; PR e sua poss\u00edvel rela\u00e7\u00e3o com o turismo<\/a><\/span><\/p>\n<p><span style=\"color: #000000;font-family: georgia, palatino, serif;font-size: 10pt\">RUDNIAK, Daiane &#8211;<a style=\"color: #000000\" href=\"http:\/\/www2.unicentro.br\/detur\/files\/2014\/09\/TCC-CD.pdf\">Sazonalidade na hotelaria: um estudo dos meios de hospedagem de Matinhos, litoral paranaense<\/a><\/span><\/p>\n<p><span style=\"color: #000000;font-family: georgia, palatino, serif;font-size: 10pt\">SERPE, Eliane &#8211;<a style=\"color: #000000\" href=\"http:\/\/www2.unicentro.br\/detur\/files\/2014\/09\/TCC-Eliane-Serpe.pdf\">Iniciativas para a sustentabilidade ambiental em meios de hospedagem: Estudo de caso do Tetris Container Hostel em Foz do Igua\u00e7u &#8211; PR<\/a><\/span><\/p>\n<p><span style=\"color: #000000;font-family: georgia, palatino, serif;font-size: 10pt\">VANTROBA, Roberta &#8211;\u00a0<a style=\"color: #000000\" href=\"http:\/\/www2.unicentro.br\/detur\/files\/2016\/06\/TCC-Roberta-Vantroba.pdf\">A contribui\u00e7\u00e3o dos museus para a popula\u00e7\u00e3o e para a atividade tur\u00edstica do munic\u00edpio de Palmeira &#8211; PR<\/a><\/span><\/p>\n<hr \/>\n<p><span style=\"color: #000000;font-family: 'andale mono', times\"><strong><span style=\"font-size: 14pt\">2014<\/span><\/strong><\/span><\/p>\n<hr \/>\n<p><span style=\"color: #000000;font-family: georgia, palatino, serif;font-size: 10pt\">BACH, Adriane Maria &#8211;<a style=\"color: #000000\" href=\"http:\/\/www2.unicentro.br\/detur\/files\/2014\/09\/O-PROCESSO-DE-CONSTRU\u00c7\u00c3O-DA-PRA\u00c7A-MEMORIAL-COL\u00d4NIA-CEC\u00cdLIA.1.pdf\">O processo de constru\u00e7\u00e3o da Pra\u00e7a Memorial Col\u00f4nia Cec\u00edlia no Munic\u00edpio de Palmeira\/PR<\/a><\/span><\/p>\n<p><span style=\"color: #000000;font-family: georgia, palatino, serif;font-size: 10pt\">BLANSKI, \u00c9liton &#8211;<a style=\"color: #000000\" href=\"http:\/\/www2.unicentro.br\/detur\/files\/2014\/09\/ESTUDO-DE-CASO-SOBRE-O-PAGUE-PESQUE-DUDA-EM-IRATI-PR-situa\u00e7\u00e3o-atual-e-possibilidades-para-seu-desenvolvimento-econ\u00f4mico.pdf\">Estudo de caso sobre o Pague &amp; Pesque Duda em Irati\/PR: situa\u00e7\u00e3o atual e possibilidades para seu desenvolvimento econ\u00f4mico<\/a><\/span><\/p>\n<p style=\"text-align: justify\"><span style=\"color: #000000;font-family: georgia, palatino, serif;font-size: 10pt\">CEZ\u00c1REO, Jo\u00e3o Henrique de Almeida &#8211; <a style=\"color: #000000\" href=\"http:\/\/www2.unicentro.br\/detur\/files\/2014\/09\/AVALIAR-A-ADEQUA\u00c7\u00c3O-DA-PROPRIEDADE-RECANTO-DANELIV-\u00c0-ATIVIDADE-TUR\u00cdSTICA-NO-MEIO-RURAL.pdf\">Avaliar a adequa\u00e7\u00e3o da Propriedade Recanto Daneliv \u00e0 atividade tur\u00edstica no meio rural<\/a><\/span><\/p>\n<p><span style=\"color: #000000;font-family: georgia, palatino, serif;font-size: 10pt\">DE TOLEDO, J\u00e9ssica Mustefaga &#8211; <a style=\"color: #000000\" href=\"http:\/\/www2.unicentro.br\/detur\/files\/2014\/09\/POSSIBILIDADES-QUE-O-PATRIM\u00d4NIO-\u00c9TNICO-UCRANIANO-OFERECE-PARA-A-ATIVIDADE-TUR\u00cdSTICA-NO-MUNIC\u00cdPIO-DE-PRUDENT\u00d3POLIS-\u2013-PR.pdf\">Possibilidades que o Patrim\u00f4nio \u00c9tnico Ucraniano oferece para atividade tur\u00edstica no munic\u00edpio de Prudent\u00f3polis\/PR<\/a><\/span><\/p>\n<p><span style=\"color: #000000;font-family: georgia, palatino, serif;font-size: 10pt\">DE SOUZA, Saulo Coelho &#8211; <a style=\"color: #000000\" href=\"http:\/\/www2.unicentro.br\/detur\/files\/2014\/09\/TCC-SAULO-CD.pdf\">Agenciamento corporativo na Irati Viagens e Turismo<\/a><\/span><\/p>\n<p style=\"text-align: justify\"><span style=\"color: #000000;font-family: georgia, palatino, serif;font-size: 10pt\">DOS SANTOS, Tiago Borges &#8211; <a style=\"color: #000000\" href=\"http:\/\/www2.unicentro.br\/detur\/files\/2014\/09\/A-INFLU\u00caNCIA-DOS-MEGA-EVENTOS-NA-FORMA\u00c7\u00c3O-DA-IMAGEM-DE-DESTINOS-TUR\u00cdSTICOS-Uma-an\u00e1lise-do-imagin\u00e1rio-projetado-pelos-websites-oficiais-da-Copa-do-Mundo-FIFA-2014-de-Curitiba1.pdf\">A influ\u00eancia dos mega eventos na forma\u00e7\u00e3o da imagem de destinos tur\u00edsticos &#8211; Uma an\u00e1lise do imagin\u00e1rio projetado pelos websites oficiais da Copa do Mundo FIFA 2014 de Curitiba<\/a><\/span><\/p>\n<p><span style=\"color: #000000;font-family: georgia, palatino, serif;font-size: 10pt\">FERREIRA, Andreia &#8211;<a style=\"color: #000000\" href=\"http:\/\/www2.unicentro.br\/detur\/files\/2014\/09\/ESTUDO-DO-PERFIL-DA-DEMANDA-DA-AG\u00caNCIA-DE-VIAGEM-FAG-VIAGENS-E-TURISMO-DO-MUNIC\u00cdPIO-DE-IRATI-PR.pdf\">Estudo do perfil da demanda da Ag\u00eancia de Viagem FAG viagens e Turismo do Munic\u00edpio de Irati\/PR<\/a><\/span><\/p>\n<p><span style=\"color: #000000;font-family: georgia, palatino, serif;font-size: 10pt\">FERREIRA, Michael Alex &#8211; <a style=\"color: #000000\" href=\"http:\/\/www2.unicentro.br\/detur\/files\/2014\/09\/OS-CLIENTES-DA-POUSADA-FAZENDA-VIR\u00c1-E-SUAS-MOTIVA\u00c7\u00d5ES-DE-VIAGEM-PRE-E-P\u00d3S-ESTADA.pdf\">Os clientes da Pousada Fazenda Vir\u00e1 e suas motiva\u00e7\u00f5es de vagem pr\u00e9 e p\u00f3s estada<\/a><\/span><\/p>\n<p><span style=\"color: #000000;font-family: georgia, palatino, serif;font-size: 10pt\">GABARDO, Michael Gildo &#8211; <a style=\"color: #000000\" href=\"http:\/\/www2.unicentro.br\/detur\/files\/2014\/09\/SINALIZA\u00c7\u00c3O-DA-ZONA-DE-USO-P\u00daBLICO-DA-FLORESTA-NACIONAL-DE-IRATI-PR.pdf\">Sinaliza\u00e7\u00e3o da zona de uso p\u00fablico da Floresta Nacional de Irati\/PR<\/a><\/span><\/p>\n<p><span style=\"color: #000000;font-family: georgia, palatino, serif;font-size: 10pt\">GON\u00c7ALVES, Tiago &#8211; <a style=\"color: #000000\" href=\"http:\/\/www2.unicentro.br\/detur\/files\/2014\/09\/A-UTILIZA\u00c7\u00c3O-DE-CICLOVIAS-EM-IRATI-\u00c9-POSS\u00cdVEL.pdf\">A utiliza\u00e7\u00e3o de ciclovias em Irati \u00e9 poss\u00edvel? Um estudo de caso sobre a situa\u00e7\u00e3o da malha ciclovi\u00e1ria no munic\u00edpio<\/a><\/span><\/p>\n<p><span style=\"color: #000000;font-family: georgia, palatino, serif;font-size: 10pt\">LOPES, Priscila &#8211; <a style=\"color: #000000\" href=\"http:\/\/www2.unicentro.br\/detur\/files\/2014\/09\/Trabalho-de-Conslus\u00e3o-de-Curso-Priscila-Lopes.pdf\">An\u00e1lise do setor de A&amp;B: Estudo de caso do Hotel Pousada Tambayba em S\u00e3o Sebasti\u00e3o &#8211; SP<\/a><\/span><\/p>\n<p style=\"text-align: justify\"><span style=\"color: #000000;font-family: georgia, palatino, serif;font-size: 10pt\">MENDES, Gilmar Jos\u00e9 &#8211;\u00a0<a style=\"color: #000000\" href=\"http:\/\/www2.unicentro.br\/detur\/files\/2014\/09\/Vers\u00e3o-Final-do-TCC-para-o-CD-Gilmar.pdf\">An\u00e1lise da potencialidade da Comunidade Rural Bituva dos Machados em Fernandes Pinheiro para o desenvolvimento de a\u00e7\u00f5es refentes ao turismo rural<\/a><\/span><\/p>\n<p><span style=\"color: #000000;font-family: georgia, palatino, serif;font-size: 10pt\">NICOLAIO, Pamela Janaina &#8211; <a style=\"color: #000000\" href=\"http:\/\/www2.unicentro.br\/detur\/files\/2014\/09\/QUALIDADE-EM-ATENDIMENTO-NAS-AG\u00caNCIAS-DE-VIAGENS-UM-ESTUDO-DE-CASO-NA-AG\u00caNCIA-IRATI-VIAGENS-E-TURISMO-EM-IRATI-PR.pdf\">Qualidade em atendimento nas ag\u00eancias de viagem &#8211; Um estudo de caso na ag\u00eancia Irati Viagens e Turismo em Irati-PR<\/a><\/span><\/p>\n<p><span style=\"color: #000000;font-family: georgia, palatino, serif;font-size: 10pt\">PEREIRA FILHO, Dirceu Oliveira &#8211;<a style=\"color: #000000\" href=\"http:\/\/www2.unicentro.br\/detur\/files\/2014\/09\/A-IMPORT\u00c2NCIA-DA-OFERTA-GASTRON\u00d4MICA-COMO-ATRATIVO-E-SERVI\u00c7O-DE-APOIO-AO-TURISMO-UM-ESTUDO-DO-MUNIC\u00cdPIO-DE-IRATI-PR.pdf\">A import\u00e2ncia da oferta gastron\u00f4mica como atrativo e servi\u00e7o de apoio ao turismo: Um estudo do Munic\u00edpio de Irati<\/a><\/span><\/p>\n<p style=\"text-align: justify\"><span style=\"color: #000000;font-family: georgia, palatino, serif;font-size: 10pt\">PIANARO, Vanessa de F\u00e1tima &#8211; <a style=\"color: #000000\" href=\"http:\/\/www2.unicentro.br\/detur\/files\/2014\/09\/UMA-AN\u00c1LISE-DA-FESTA-RELIGIOSA-UCRANIANA-HAILKA-DO-MUNIC\u00cdPIO-DE.pdf\">Uma an\u00e1lise da festa religiosa ucraniana Hailka do Munic\u00edpio de Mallet &#8211; PR como atrativo tur\u00edstico cultural<\/a><\/span><\/p>\n<p><span style=\"color: #000000;font-family: georgia, palatino, serif;font-size: 10pt\">PIATZCHAKI, Val\u00e9ria &#8211; <a style=\"color: #000000\" href=\"http:\/\/www2.unicentro.br\/detur\/files\/2014\/09\/AN\u00c1LISE-DA-POTENCIALIDADE-TUR\u00cdSTICA-DO-MUNIC\u00cdPIO-DE-IRATI-PR.pdf\">An\u00e1lise da potencialidade tur\u00edstica do Munic\u00edpi<\/a><a style=\"color: #000000\" href=\"http:\/\/www2.unicentro.br\/detur\/files\/2014\/09\/AN\u00c1LISE-DA-POTENCIALIDADE-TUR\u00cdSTICA-DO-MUNIC\u00cdPIO-DE-IRATI-PR.pdf\">o de Irati-PR<\/a><\/span><\/p>\n<p style=\"text-align: justify\"><span style=\"color: #000000;font-family: georgia, palatino, serif;font-size: 10pt\">ROSSETO, Edgar &#8211;<a style=\"color: #000000\" href=\"http:\/\/www2.unicentro.br\/detur\/files\/2014\/09\/ESTUDO-DA-QUALIDADE-DO-SERVI\u00c7O-HOSPITALAR-DO-HOSPITAL-UNIVERSIT\u00c1RIO-REGIONAL-DOS-CAMPOS-GERAIS-POR-MEIO-DO-CONCEITO-DA-HOSPITALIDADE-E-HUMANIZA\u00c7\u00c3O.pdf\">Estudo da qualidade do servi\u00e7o hospitalar do Hospital Universit\u00e1rio Regional dos Campos Gerais por meio do conceito da hospitalidade e humaniza\u00e7\u00e3o<\/a><\/span><\/p>\n<p><span style=\"color: #000000;font-family: georgia, palatino, serif;font-size: 10pt\">SAKOWICZ, Janaina &#8211; <a style=\"color: #000000\" href=\"http:\/\/www2.unicentro.br\/detur\/files\/2014\/09\/TCC-Janaina-Sakowicz.pdf\">Reestrutura\u00e7\u00e3o do circuito de trilhas e implanta\u00e7\u00e3o de mais um tra\u00e7ado de trilha no Parque Municipal Salto da Pedreira no munic\u00edpio de Rio Azul-PR<\/a><\/span><\/p>\n<p style=\"text-align: justify\"><span style=\"color: #000000;font-family: georgia, palatino, serif;font-size: 12pt\"><span style=\"font-size: 10pt\">SIDOSKI, Eliane &#8211;<\/span><a style=\"color: #000000\" href=\"http:\/\/www2.unicentro.br\/detur\/files\/2014\/09\/ESTUDO-DA-DEMANDA-POR-PROFISSIONAIS-BIL\u00cdNGUES-NO-MERCADO-TUR\u00cdSTICO-DO-MUNIC\u00cdPIO-DE-FERNANDES-PINHEIRO-\u2013-PR.pdf\"><span style=\"font-size: 10pt\">Estudo da demanda por profissionais bil\u00edngues no mercado tur\u00edstico no Munic\u00edpio de Fernandes Pinheiro &#8211; P<\/span>R<\/a><\/span><\/p>\n<hr \/>\n<p><span style=\"color: #000000\"><strong><span style=\"font-family: 'andale mono', times;font-size: 14pt\">2013<\/span><\/strong><\/span><\/p>\n<hr \/>\n<p><span style=\"color: #000000;font-family: georgia, palatino, serif;font-size: 10pt\">ALBERTON, Vanessa &#8211;\u00a0<a style=\"color: #000000\" href=\"http:\/\/www2.unicentro.br\/detur\/files\/2014\/09\/AN\u00c1LISE-DA-VIABILIDADE-DE-IMPLANTA\u00c7\u00c3O-DE-UMA-\u201cROTA-DAS-CACHOEIRAS\u201d-ENTRE-OS-MUNIC\u00cdPIOS-DE-IRATI-PRUDENT\u00d3POLIS-E-RIO-AZUL-PR.pdf\">An\u00e1lise da viabilidade de implanta\u00e7\u00e3o de uma &#8220;Rota das Cachoeiras&#8221; entre os Munic\u00edpios de Irati, Prudent\u00f3polis e Rio Azul &#8211; PR<\/a><\/span><\/p>\n<p><span style=\"color: #000000;font-family: georgia, palatino, serif;font-size: 10pt\">ALVES, Rafael Henrique &#8211;\u00a0<a style=\"color: #000000\" href=\"http:\/\/www2.unicentro.br\/detur\/files\/2014\/09\/AN\u00c1LISE-DOS-EVENTOS-REALIZADOS-PELO-MUNIC\u00cdPIO-DE-ILHA-COMPRIDASP-NA-BAIXA-TEMPORADA-COMO-INSTRUMENTOS-PARA-MINIMIZA\u00c7\u00c3O-DA1.pdf\">An\u00e1lise dos eventos realizados pelo Munic\u00edpio de Ilha comprida\/SP na baixa temporada como instrumento para minimiza\u00e7\u00e3o da sazonalidade da atividade tur\u00edstica<\/a><\/span><\/p>\n<p style=\"text-align: justify\"><span style=\"color: #000000;font-family: georgia, palatino, serif;font-size: 10pt\">BRUNO, Cleverson Lucas &#8211;\u00a0<a style=\"color: #000000\" href=\"http:\/\/www2.unicentro.br\/detur\/files\/2014\/09\/PLANEJAMENTO-DA-EXPOSI\u00c7\u00c3O-FEIRA-AGROPECU\u00c1RIA-E-INDUSTRIAL-DE-GUARAPUAVA-PR-EXPOGU\u00c1-MUDAN\u00c7AS-NA-ORGANIZA\u00c7\u00c3O-DO-EVENTO-EM-FUN\u00c7\u00c3O-DAS-CONDI\u00c7\u00d5ES-METEOROL\u00d3GICAS.pdf\">Planejamento da Exposi\u00e7\u00e3o Feira Agropecu\u00e1ria e Industrial de Guarapuava &#8211; PR (EXPOGU\u00c1): Mudan\u00e7as na organiza\u00e7\u00e3o do evento em fun\u00e7\u00e3o das condi\u00e7\u00f5es meteorol\u00f3gicas<\/a><\/span><\/p>\n<p><span style=\"color: #000000;font-family: georgia, palatino, serif;font-size: 10pt\">BORCATH, Leonora de Jesus &#8211;\u00a0<a style=\"color: #000000\" href=\"http:\/\/www2.unicentro.br\/detur\/files\/2014\/09\/A-ATIVIDADE-TUR\u00cdSTICA-NO-MEIO-RURAL-O-CASO-DA-COL\u00d4NIA-MERGULH\u00c3O-NO-MUN\u00cdCIPIO-DE-S\u00c3O-JOS\u00c9-DOS-PINHAIS-PR.pdf\">A atividade tur\u00edstica no meio rural: O caso da Col\u00f4nia Mergulh\u00e3o no Munic\u00edpio de S\u00e3o Jos\u00e9 dos Pinhais &#8211; PR<\/a><\/span><\/p>\n<p style=\"text-align: justify\"><span style=\"color: #000000;font-family: georgia, palatino, serif;font-size: 10pt\">BENTO, Haran Nunes &#8211;\u00a0<a style=\"color: #000000\" href=\"http:\/\/www2.unicentro.br\/detur\/files\/2014\/09\/Potencialidade-do-Turismo-em-\u00e1reas-Naturais-Na-Comunidade-do-Itapar\u00e1-em-Irati-PR.pdf\">Potencialidade do turismo em \u00e1reas naturais na Comunidade do Itapar\u00e1 em Irati, PR<\/a><\/span><\/p>\n<p><span style=\"color: #000000;font-family: georgia, palatino, serif;font-size: 10pt\">CHOIDA, Vitor Lucas &#8211; <a style=\"color: #000000\" href=\"http:\/\/www2.unicentro.br\/detur\/files\/2014\/09\/AN\u00c1LISE-COMPARATIVA-DA-SITUA\u00c7\u00c3O-ATUAL-E-DAS-POTENCIALIDADES-DOS-PARQUES-ESTADUAIS-DE-VILHA-VELHA-.pdf\">Estudo comparativo da situa\u00e7\u00e3o das possibilidades tur\u00edsticas dos Parques Estaduais de Vila-Velha e do Guartel\u00e1-PR<\/a><\/span><\/p>\n<p><span style=\"color: #000000;font-family: georgia, palatino, serif;font-size: 10pt\">FARIAS, Ana Paula Perardt &#8211; <a style=\"color: #000000\" href=\"http:\/\/www2.unicentro.br\/detur\/files\/2014\/09\/TCC-PRONTO-04.12.pdf\">Viagens de formatura: um estudo do segmento nas ag\u00eancias de turismo de Curitiba-PR<\/a><\/span><\/p>\n<p style=\"text-align: justify\"><span style=\"color: #000000;font-family: georgia, palatino, serif;font-size: 10pt\">KAMINSKI, Rodrigo Kiatkoski &#8211;\u00a0<a style=\"color: #000000\" href=\"http:\/\/www2.unicentro.br\/detur\/files\/2014\/09\/PROPOSTA-DE-PERCURSO-PARA-EXPEDI\u00c7\u00c3O-DE-CICLOTURISMO-NA.pdf\">Proposta de percurso para expedi\u00e7\u00e3o de cicloturismo na regi\u00e3o das cachoeiras em Prudent\u00f3polis &#8211; PR<\/a><\/span><\/p>\n<p style=\"text-align: justify\"><span style=\"color: #000000;font-family: georgia, palatino, serif;font-size: 10pt\">LUBCZYK, Darieli da Silva Gryczak &#8211; <a style=\"color: #000000\" href=\"http:\/\/www2.unicentro.br\/detur\/files\/2014\/09\/SUSTENTABILIDADE-AMBIENTAL-E-ESTRATEGIA-COMPETITIVA-NA-HOTELARIA.pdf\">Sustentabilidade ambiental e estrat\u00e9gia competitiva na hotelaria: Um estudo de caso da Roteiros de Charme<\/a><\/span><\/p>\n<p><span style=\"color: #000000;font-family: georgia, palatino, serif;font-size: 10pt\">PACHECO, Isabela Bernardis &#8211; <a style=\"color: #000000\" href=\"http:\/\/www2.unicentro.br\/detur\/files\/2014\/09\/O-DESEJO-DE-VIAJAR-NO-ESTILO-DE-VIDA-HARLEY-DAVIDSON-UM-ESTUDO-SOBRE-O-CHAPTER-HOG-THE-ONE-CURITIBA-PR.pdf\">O desejo de viajar no estilo de vida Harley Davidson: Um estudo sobre o Chapter Hog &#8211; The One Curitiba (PR)<\/a><\/span><\/p>\n<p><span style=\"color: #000000;font-family: georgia, palatino, serif;font-size: 10pt\">POPOVICZ, Michelly Karoline &#8211;\u00a0<a style=\"color: #000000\" href=\"http:\/\/www2.unicentro.br\/detur\/files\/2014\/09\/TURISMO-RURAL-A-IMPORT\u00c2NCIA-DA-GASTRONOMIA-NA-PROPRIEDADE-FAXINAL-D\u00c9REVO-EM-PRUDENT\u00d3POLIS-PR.pdf\">Turismo rural: A import\u00e2ncia da gastronomia na Propriedade Faxinal D\u00e9revo em Prudent\u00f3polis- PR<\/a><\/span><\/p>\n<p><span style=\"color: #000000;font-family: georgia, palatino, serif;font-size: 10pt\">RIBEIRO, Carolina Farinazzo &#8211;\u00a0<a style=\"color: #000000\" href=\"http:\/\/www2.unicentro.br\/detur\/files\/2014\/09\/HOTELARIA-DE-LUXO-UM-ESTUDO-DAS-ADEQUA\u00c7\u00d5ES-DA-REDE.pdf\">Hotelaria de luxo: Um estudo das adequa\u00e7\u00f5es da rede Orient-Express no Hotel das Cataratas, Foz do Igua\u00e7u &#8211; PR<\/a><\/span><\/p>\n<p><span style=\"color: #000000;font-family: georgia, palatino, serif;font-size: 10pt\">RIBEIRO, Jonas Roberto &#8211;\u00a0<a style=\"color: #000000\" href=\"http:\/\/www2.unicentro.br\/detur\/files\/2014\/09\/MUSEU-PARANAENSE-E-SUA-RELA\u00c7\u00c3O-COM-O-TURISMO.pdf\">Museu paranaense e sua rela\u00e7\u00e3o com o turismo<\/a><\/span><\/p>\n<p style=\"text-align: justify\"><span style=\"color: #000000;font-family: georgia, palatino, serif;font-size: 10pt\">ROCETIM, S\u00e2mela Cristina &#8211;\u00a0<a style=\"color: #000000\" href=\"http:\/\/www2.unicentro.br\/detur\/files\/2014\/09\/TURISMO-NA-COL\u00d4NIA-WITMARSUM-\u2013-PALMEIRA-PR.pdf\">Turismo na Col\u00f4nia Witmarsum &#8211; Palmeira &#8211; PR: Estudo de caso sobre a situa\u00e7\u00e3o da atividade tur\u00edstica<\/a><\/span><\/p>\n<p style=\"text-align: justify\"><span style=\"color: #000000;font-family: georgia, palatino, serif;font-size: 10pt\">TROG, Shaiane Fernanda &#8211;\u00a0<a style=\"color: #000000\" href=\"http:\/\/www2.unicentro.br\/detur\/files\/2014\/09\/ATIVIDADE-DO-TURISMO-RURAL-UM-ESTUDO-DA-DEMANDA-TUR\u00cdSTICA-DA-PRO.pdf\">Atividade do Turismo Rural: Um estudo da demanda tur\u00edstica da Propriedade Ch\u00e1cara Sant&#8217;ana no munic\u00edpio de Campo Magro\/PR<\/a><\/span><\/p>\n<p style=\"text-align: justify\"><span style=\"color: #000000;font-family: georgia, palatino, serif;font-size: 10pt\">ULIACH, Marcia Moreli &#8211; <a style=\"color: #000000\" href=\"http:\/\/www2.unicentro.br\/detur\/files\/2014\/09\/Estrat\u00e9gias-de-Vendas-em-Eventos-na-Rede-Slaviero-de-Hot\u00e9is.pdf\">Estrat\u00e9gias de Vendas em Eventos na Rede Slaviero de Hot\u00e9is<\/a><\/span><\/p>\n<p style=\"text-align: justify\"><span style=\"color: #000000;font-family: georgia, palatino, serif;font-size: 10pt\">VIANNA, Thaisa Emanuelli-<a style=\"color: #000000\" href=\"http:\/\/www2.unicentro.br\/detur\/files\/2014\/09\/TURISMO-RURAL-PEDAG\u00d3GICO-COM-FOCO-NA-EDUCA\u00c7\u00c3O-AMBIENTAL-ESTUDO-DE-CASO-DA-PROPRIEDADE-AGR\u00cdCOLA-FRAMORA-RIO-AZUL-PR.pdf\">Turismo rural pedag\u00f3gico com foco na educa\u00e7\u00e3o ambiental: estudo de caso da propriedade agr\u00edcola Framora, Rio Azul (PR)<\/a><\/span><\/p>\n<hr \/>\n<p style=\"text-align: justify\"><span style=\"color: #000000\"><strong><span style=\"font-family: 'andale mono', times;font-size: 14pt\">2012<\/span><\/strong><\/span><\/p>\n<hr \/>\n<p><span style=\"color: #000000;font-family: georgia, palatino, serif;font-size: 10pt\">BARBOSA, Karem Priscilla &#8211; <a style=\"color: #000000\" href=\"http:\/\/www2.unicentro.br\/detur\/files\/2014\/09\/TCC-Karem-Priscilla-Barbosa.pdf\">Turismo rural no Recanto P\u00e9 da Serra em Prudent\u00f3polis-PR<\/a><\/span><\/p>\n<p style=\"text-align: justify\"><span style=\"color: #000000;font-family: georgia, palatino, serif;font-size: 10pt\">CAETANO, Jeferson Machado &#8211; <a style=\"color: #000000\" href=\"http:\/\/www2.unicentro.br\/detur\/files\/2014\/09\/AS-CONDI\u00c7\u00d5ES-DE-USO-TUR\u00cdSTICO-DAS-\u00c1REAS-NATURAIS-NOS-MUNIC\u00cdPIOS.pdf\">As condi\u00e7\u00f5es de uso tur\u00edstico das \u00e1reas naturais nos munic\u00edpios de Prudent\u00f3polis e Uni\u00e3o da Vit\u00f3ria<\/a><\/span><\/p>\n<p><span style=\"color: #000000;font-family: georgia, palatino, serif;font-size: 10pt\">CARDOSO, Thyciane &#8211; <a style=\"color: #000000\" href=\"http:\/\/www2.unicentro.br\/detur\/files\/2014\/09\/O-TURISMO-N\u00c1UTICO-EM-BALNE\u00c1RIO-CAMBORI\u00da-SC-E-OS-EFEITOS-DA-SAZONALIDADE.pdf\">O turismo n\u00e1utico em Balne\u00e1rio Cambori\u00fa (SC) e os efeitos da sazonalidade<\/a><\/span><\/p>\n<p style=\"text-align: justify\"><span style=\"color: #000000;font-family: georgia, palatino, serif;font-size: 10pt\">DA COSTA, Let\u00edcia de Amorim &#8211; <a style=\"color: #000000\" href=\"http:\/\/www2.unicentro.br\/detur\/files\/2014\/09\/TCC-Let\u00edcia-de-Amorim-da-Costa.pdf\">Turismo adaptado: acessibilidade tur\u00edstica para cadeirantes nos cinco principais atrativos tur\u00edsticos da cidade de Curitiba- PR<\/a><\/span><\/p>\n<p style=\"text-align: justify\"><span style=\"color: #000000;font-family: georgia, palatino, serif;font-size: 10pt\">DA SILVA, J\u00e9ssica Luiza &#8211;\u00a0<a style=\"color: #000000\" href=\"http:\/\/www2.unicentro.br\/detur\/files\/2014\/09\/TCC-Jessica-Silva.pdf\">Hotelaria e terceira idade: estudo de caso no Hotel Caldas da Imperatriz, Santo Amaro da Imperatriz\/SC<\/a><\/span><\/p>\n<p style=\"text-align: justify\"><span style=\"color: #000000;font-family: georgia, palatino, serif;font-size: 10pt\">DENKEWICZ, Patricia &#8211; <a style=\"color: #000000\" href=\"http:\/\/www2.unicentro.br\/detur\/files\/2014\/09\/TCC-Patr\u00edcia-Denkewicz.pdf\">Infraestrutura Tur\u00edstica e fatores limitantes na Ilha do Mel-PR<\/a><\/span><\/p>\n<p style=\"text-align: justify\"><span style=\"color: #000000;font-family: georgia, palatino, serif;font-size: 10pt\">GODOI, Adriano Pinto de &#8211;<a style=\"color: #000000\" href=\"http:\/\/www2.unicentro.br\/detur\/files\/2014\/09\/TCC1.pdf\">Turismo e identidade cultural: um olhar sobre o conjunto arquitet\u00f4nico em Treze T\u00edlias-SC<\/a><\/span><\/p>\n<p><span style=\"color: #000000;font-family: georgia, palatino, serif;font-size: 10pt\">LUSSARI, Mariana Duarte &#8211; <a style=\"color: #000000\" href=\"http:\/\/www2.unicentro.br\/detur\/files\/2014\/09\/TCC-04-DE-DEZEMBRO.pdf\">Interc\u00e2mbio de estudos: motiva\u00e7\u00e3o e escolha dos clientes da ag\u00eancia To Be em Araras (SP)<\/a><\/span><\/p>\n<p style=\"text-align: justify\"><span style=\"color: #000000;font-family: georgia, palatino, serif;font-size: 10pt\">MARTINS, Mariana Bueno Premoli &#8211;\u00a0<a style=\"color: #000000\" href=\"http:\/\/www2.unicentro.br\/detur\/files\/2014\/09\/Eventos-na-hotelaria-os-centros-de-conven\u00e7\u00f5es-dos-meios-de-hospedagem-de-Foz-do-Igua\u00e7u-PR.pdf\">Eventos na hotelaria: os centros de conven\u00e7\u00f5es dos meios de hospedagem de Foz do Igua\u00e7u &#8211; PR<\/a><\/span><\/p>\n<p style=\"text-align: justify\"><span style=\"color: #000000;font-family: georgia, palatino, serif;font-size: 10pt\">OPUSKEWICZ JR, Sebasti\u00e3o Eloi &#8211; <a style=\"color: #000000\" href=\"http:\/\/www2.unicentro.br\/detur\/files\/2014\/09\/TCC.pdf\">An\u00e1lise das condi\u00e7\u00f5es de uso do Parque das Arauc\u00e1rias e Parque Recreativo do Jord\u00e3o<\/a><\/span><\/p>\n<p><span style=\"color: #000000;font-family: georgia, palatino, serif;font-size: 10pt\">SEGUNDA, Edin\u00e9ia &#8211; <a style=\"color: #000000\" href=\"http:\/\/www2.unicentro.br\/detur\/files\/2014\/09\/TCC-FINAL-04-12.pdf\">Transporte a\u00e9reo e rodovi\u00e1rio no turismo: um estudo de caso sobre a satisfa\u00e7\u00e3o dos usu\u00e1rios<\/a><\/span><\/p>\n<p style=\"text-align: justify\"><span style=\"color: #000000;font-family: georgia, palatino, serif;font-size: 10pt\">SILVA, Mozart Martins &#8211; <a style=\"color: #000000\" href=\"http:\/\/www2.unicentro.br\/detur\/files\/2014\/09\/DIAGN\u00d3STICO-DA-POTENCIALIDADE-TUR\u00cdSTICA-DA-PROPRIEDADE-FAXINAL-D\u00c9REVO-NA-COMUNIDADE-PAPANDUVA-DE-BAIXO-DO-MUNIC\u00cdPIO-DE-PRUDENT\u00d3POLIS-PR.1.pdf\">Diagn\u00f3stico da potencialidade tur\u00edstica da Propriedade Faxinal D\u00e9revo, na comunidade Papanduva de Baixo do Munic\u00edpio de Prudent\u00f3polis\/PR.<\/a><\/span><\/p>\n<p style=\"text-align: justify\"><span style=\"color: #000000;font-family: georgia, palatino, serif;font-size: 10pt\">SOBOTKA, Adrieli &#8211; <a style=\"color: #000000\" href=\"http:\/\/www2.unicentro.br\/detur\/files\/2014\/09\/VIABILIDADE-DE-IMPLANTA\u00c7\u00c3O-DE-UM-BAR-TEM\u00c1TICO-COUNTRY-NO-MUNIC\u00cdPIO-DE-IRATI-PR.pdf\">Viabilidade de implanta\u00e7\u00e3o de um bar tem\u00e1tico country no Munic\u00edpio de Irati-PR<\/a><\/span><\/p>\n<p><span style=\"color: #000000;font-family: georgia, palatino, serif;font-size: 10pt\">TOFFOLO, Regina &#8211; <a style=\"color: #000000\" href=\"http:\/\/www2.unicentro.br\/detur\/files\/2014\/09\/TCC-REGINA-TOFFOLO.pdf\">Interpreta\u00e7\u00e3o patrimonial como forma de valoriza\u00e7\u00e3o das edifica\u00e7\u00f5es e desenvolvimento tur\u00edstico do munic\u00edpio de Lapa-PR<\/a><\/span><\/p>\n<p><span style=\"color: #000000;font-family: georgia, palatino, serif;font-size: 10pt\">VICENTE, Lilian Aline &#8211; <a style=\"color: #000000\" href=\"http:\/\/www2.unicentro.br\/detur\/files\/2014\/09\/TCC-FINAL.pdf\">Roteiro tur\u00edstico na hotelaria: um estudo de caso do Hotel Fazenda Hidromineral Dorizzon em Mallet-PR<\/a><\/span><\/p>\n<p><span style=\"color: #000000;font-family: georgia, palatino, serif;font-size: 10pt\">WACELYCZEM, Vin\u00edcius &#8211; <a style=\"color: #000000\" href=\"http:\/\/www2.unicentro.br\/detur\/files\/2014\/09\/MONOGRAFIA-VINICIUS-WACELYCZEM.pdf\">A festa da polenta como instrumento para preserva\u00e7\u00e3o da identidade cultural do Pinho de Baixo-PR<\/a><\/span><\/p>\n<hr \/>\n<p><span style=\"font-size: 14pt;font-family: 'andale mono', times;color: #000000\"><strong>2010<\/strong><\/span><\/p>\n<hr \/>\n<p><span style=\"color: #000000;font-size: 10pt\">HOLM, Carla Caroline &#8211; <a style=\"color: #000000\" href=\"http:\/\/www2.unicentro.br\/detur\/files\/2014\/09\/TURISMO-EM-IRATI-PR-UMA-REALIDADE-POSS\u00cdVEL.pdf\">Turismo em Irati\/PR: Uma realidade poss\u00edvel?<\/a><\/span><\/p>\n<p><span style=\"color: #000000;font-size: 10pt\">OLIVEIRA, Alan de &#8211;\u00a0<a style=\"color: #000000\" href=\"http:\/\/www2.unicentro.br\/detur\/files\/2014\/09\/TCC-FINAL-EM-PDF.pdf\">O turismo em Irati-PR, da \u00f3tica da C\u00e2mara Municipal dos Vereadores<\/a><\/span><\/p>\n<hr \/>\n<p><span style=\"font-size: 14pt;font-family: 'andale mono', times;color: #000000\"><strong>2009<\/strong><\/span><\/p>\n<hr \/>\n<p><span style=\"color: #000000;font-size: 10pt\">BACHENDORF, Cassiana Ferreira &#8211; <a style=\"color: #000000\" href=\"http:\/\/www2.unicentro.br\/detur\/files\/2014\/09\/tcc_Cassiana_versaofinal.pdf\">Turismo e higiene alimentar: uma an\u00e1lise em estabelecimentos de alimenta\u00e7\u00e3o de Irati-PR<\/a><\/span><\/p>\n<p><span style=\"color: #000000;font-size: 10pt\">FERRONATO, Mel\u00e2nia Zampronho &#8211; <a style=\"color: #000000\" href=\"http:\/\/www2.unicentro.br\/detur\/files\/2014\/09\/Compara\u00e7\u00e3o-de-duas-metodologias-de-hierarquiza\u00e7\u00e3o-e-avalia\u00e7\u00e3o-de-atrativos.pdf\">Compara\u00e7\u00e3o de duas metodologias de hierarquiza\u00e7\u00e3o e avalia\u00e7\u00e3o de atrativos tur\u00edsticos urbanos no Munic\u00edpio de Irati, a saber: a da SETU (Secret\u00e1ria do Estado de Turismo do Paran\u00e1); e a da CICATUR (Centro Interamericano de Capacita\u00e7\u00e3o Tur\u00edstica)<\/a><\/span><\/p>\n<p><span style=\"font-size: 10pt\">FORMANKEVSKI JUNIOR, Jo\u00e3o Maria &#8211;\u00a0<span style=\"color: #000000\"><a style=\"color: #000000\" href=\"http:\/\/www2.unicentro.br\/detur\/files\/2014\/09\/TCC-final.pdf\">Marketing tur\u00edstico: a\u00e7\u00f5es para promo\u00e7\u00e3o e fideliza\u00e7\u00e3o dos clientes do John Bar em Irati (PR)<\/a><\/span><\/span><\/p>\n<p><span style=\"color: #000000;font-size: 10pt\">SOARES, Jo\u00e9lcio Gon\u00e7alves &#8211; <a style=\"color: #000000\" href=\"http:\/\/www2.unicentro.br\/detur\/files\/2014\/09\/Avalia\u00e7\u00e3o-de-potencial-tur\u00edstico-do-Munic\u00edpio-de-Rio-Azul.pdf\">Avalia\u00e7\u00e3o de potencial tur\u00edstico do Munic\u00edpio de Rio Azul<\/a><\/span><\/p>\n<p style=\"text-align: justify\"><span style=\"color: #000000;font-size: 10pt\">TCHMOLO, Maycon Luiz &#8211; <a style=\"color: #000000\" href=\"http:\/\/www2.unicentro.br\/detur\/files\/2014\/09\/Marketing-na-Hotelaria-Uma-an\u00e1lise-das-a\u00e7\u00f5es-empreendidas-pelos-estabelecimentos-hoteleiros-localizados-no-Munic\u00edpio-de-Fernandes-Pinheiro-PR.pdf\">Marketing na Hotelaria &#8211; Uma an\u00e1lise das a\u00e7\u00f5es empreendidas pelos estabelecimentos hoteleiros localizados no Munic\u00edpio de Fernandes Pinheiro-PR<\/a><\/span><\/p>\n<hr \/>\n<p><span style=\"font-size: 14pt;font-family: 'andale mono', times;color: #000000\"><strong>2007<\/strong><\/span><\/p>\n<hr \/>\n<p><span style=\"color: #000000;font-size: 10pt\">DA SILVA, Jocilene Alves &#8211;\u00a0<a style=\"color: #000000\" href=\"http:\/\/www2.unicentro.br\/detur\/files\/2014\/09\/TCC_JOCILENE.pdf\">O setor de governan\u00e7a em um empreendimento de pequeno porte no munic\u00edpio de Irati-PR<\/a><\/span><\/p>\n<p><span style=\"color: #000000;font-size: 10pt\">GRECHINSKI, Paula Demczuk &#8211;\u00a0<a style=\"color: #000000\" href=\"http:\/\/www2.unicentro.br\/detur\/files\/2014\/09\/A-gastronomia-eslava-como-atrativo-tur\u00edstico-em-Irati.pdf\">A gastronomia eslava como atrativo tur\u00edstico em Irati<\/a><\/span><\/p>\n<p><span style=\"font-size: 10pt\">VERETA, Karen &#8211;\u00a0<span style=\"color: #000000;font-family: arial, helvetica, sans-serif\"><a style=\"color: #000000\" href=\"http:\/\/www2.unicentro.br\/detur\/files\/2014\/09\/TCC-Karen-Vereta.pdf\">Sinaliza\u00e7\u00e3o tur\u00edstica da cidade de Irati-PR<\/a><\/span><\/span><\/p>\n<hr \/>\n<p><span style=\"color: #000000\"><strong><span style=\"font-family: 'andale mono', times;font-size: 14pt\">2006<\/span><\/strong><\/span><\/p>\n<hr \/>\n<p><span style=\"color: #000000;font-size: 10pt\">DE LIMA, Mary\u00e9len Barby &#8211; <a style=\"color: #000000\" href=\"http:\/\/www2.unicentro.br\/detur\/files\/2014\/09\/ESTRAT\u00c9GIAS-DE-MARKETING.pdf\">Estrat\u00e9gias de mark<\/a><a style=\"color: #000000\" href=\"http:\/\/www2.unicentro.br\/detur\/files\/2014\/09\/ESTRAT\u00c9GIAS-DE-MARKETING.pdf\">eting para um empreendimento extra-hoteleiro em estrutura\u00e7\u00e3o<\/a><\/span><\/p>\n<p style=\"text-align: justify\"><span style=\"font-size: 10pt\">MACHADO, Patricia Yumi Corr\u00eaa &#8211;\u00a0<span style=\"color: #000000\"><a style=\"color: #000000\" href=\"http:\/\/www2.unicentro.br\/detur\/files\/2014\/09\/Ecoturismo-e-Educa\u00e7\u00e3o-Ambiental.pdf\">Ecoturismo e Educa\u00e7\u00e3o Ambiental: Uma proposta de Programa de Educa\u00e7\u00e3o Ambiental para a Floresta Nacional de Irati &#8211; Fernandes Pinheiro, PR<\/a><\/span><\/span><\/p>\n<p><span style=\"color: #000000;font-size: 10pt\">ROSA, Estela Mara &#8211; <a style=\"color: #000000\" href=\"http:\/\/www2.unicentro.br\/detur\/files\/2014\/09\/TURISMO-RELIGIOSO-VINCULADO-\u00c0S-PR\u00c1TICAS.pdf\">Turismo religioso vinculado \u00e0s praticas m\u00edsticas e religiosas no contexto das Apari\u00e7\u00f5es Marianas<\/a><\/span><\/p>\n<p><span style=\"font-size: 10pt\">SCHWAB, Suelen &#8211;<span style=\"color: #000000\"><a style=\"color: #000000\" href=\"http:\/\/www2.unicentro.br\/detur\/files\/2014\/09\/A-IMPORT\u00c2NCIA-DO-TRABALHO-EM-EQUIPE-NA-HOTELARIA-O-CASO-DO.pdf\">A import\u00e2ncia do trabalho em equipe na hotelaria: O caso do Hotel Fazenda das 100 \u00c1rvores &#8211; Castro \/PR<\/a><\/span><\/span><\/p>\n","protected":false},"excerpt":{"rendered":"<p>&nbsp; 2020 DAMBROSKI, Cleiciane Satisfa\u00e7\u00e3o e Servi\u00e7os: Estudo de Caso do Hotel Anila\/Fernandes Pinheiro \u2013 Pr GEMPKA, Mayara de Souza &#8211; O P\u00f3s-evento e sua Relev\u00e2ncia no Planejamento da Festa do P\u00eassego em Irati\/Pr HALILA, Halanna &#8211;\u00a0 Costume Roleplay: A Experi\u00eancia de Consumo na Feira Medieval de Carambe\u00ed\/Pr KR\u00d3L, Evellyn Carolini Lisboa &#8211; Uma An\u00e1lise [&hellip;]<\/p>\n","protected":false},"author":3,"featured_media":0,"parent":0,"menu_order":0,"comment_status":"closed","ping_status":"closed","template":"","meta":{"_exactmetrics_skip_tracking":false,"_exactmetrics_sitenote_active":false,"_exactmetrics_sitenote_note":"","_exactmetrics_sitenote_category":0,"footnotes":"","_links_to":"","_links_to_target":""},"class_list":["post-21","page","type-page","status-publish","hentry"],"_links":{"self":[{"href":"https:\/\/www3.unicentro.br\/detur\/wp-json\/wp\/v2\/pages\/21","targetHints":{"allow":["GET"]}}],"collection":[{"href":"https:\/\/www3.unicentro.br\/detur\/wp-json\/wp\/v2\/pages"}],"about":[{"href":"https:\/\/www3.unicentro.br\/detur\/wp-json\/wp\/v2\/types\/page"}],"author":[{"embeddable":true,"href":"https:\/\/www3.unicentro.br\/detur\/wp-json\/wp\/v2\/users\/3"}],"replies":[{"embeddable":true,"href":"https:\/\/www3.unicentro.br\/detur\/wp-json\/wp\/v2\/comments?post=21"}],"version-history":[{"count":0,"href":"https:\/\/www3.unicentro.br\/detur\/wp-json\/wp\/v2\/pages\/21\/revisions"}],"wp:attachment":[{"href":"https:\/\/www3.unicentro.br\/detur\/wp-json\/wp\/v2\/media?parent=21"}],"curies":[{"name":"wp","href":"https:\/\/api.w.org\/{rel}","templated":true}]}}