{"id":20,"date":"2014-09-15T00:00:00","date_gmt":"2014-09-15T03:00:00","guid":{"rendered":"https:\/\/www3.unicentro.br\/detur\/atividades-de-ensino\/"},"modified":"2014-09-15T00:00:00","modified_gmt":"2014-09-15T03:00:00","slug":"atividades-de-ensino","status":"publish","type":"page","link":"https:\/\/www3.unicentro.br\/detur\/atividades-de-ensino\/","title":{"rendered":"Atividades de Ensino"},"content":{"rendered":"<p><strong>Acad\u00eamicos do curso de Turismo da UNICENTRO t\u00eam trabalhos cient\u00edficos aprovados no Festival das Cataratas 2018<\/strong><\/p>\n<p>E mais um ano os acad\u00eamicos do curso de Bacharelado em Turismo da UNICENTRO possuem artigos aprovados para apresentar no 12\u00ba F\u00f3rum Internacional de Turismo do Iguassu, que neste ano ter\u00e1 como tema &#8220;Turismo e Gest\u00e3o de Crises&#8221;.<\/p>\n<p>Fa\u00e7a j\u00e1 sua inscri\u00e7\u00e3o e participe desse grande evento. Ser\u00e1 nos dias 20, 21 e 22 de junho, em Foz do Igua\u00e7u<\/p>\n<p><span style=\"color: #000080\"><a style=\"color: #000080\" href=\"http:\/\/festivaldeturismodascataratas.com\/wp-content\/uploads\/2018\/06\/resultado-trabalhos-aprovados-2018-v2.pdf\">http:\/\/festivaldeturismodascataratas.com\/wp-content\/uploads\/2018\/06\/resultado-trabalhos-aprovados-2018-v2.pdf<\/a><\/span><\/p>\n<p>&nbsp;<\/p>\n<p>&nbsp;<\/p>\n<hr \/>\n<p style=\"text-align: justify\"><span style=\"font-family: 'times new roman', times, serif;font-size: 12pt\"><strong>Segmenta\u00e7\u00e3o e Tend\u00eancia do Turismo em destaque no Curso de Turismo<\/strong><\/span><\/p>\n<p style=\"text-align: justify\"><span style=\"font-family: 'times new roman', times, serif;font-size: 12pt\">No dia 10 de outubro de 2016, Ana Paula Perardt Farias, egressa do Curso de Turismo da Unicentro,\u00a0ministrou a palestra \u00a0&#8220;Turismo: Segmenta\u00e7\u00e3o e Tend\u00eancias&#8221;, aos alunos do curso do Turismo. A palestra teve como objetivo trazer novas informa\u00e7\u00f5es aos estudantes do Curso.<\/span><\/p>\n<p style=\"text-align: justify\"><span style=\"font-family: 'times new roman', times, serif;font-size: 12pt\"><img loading=\"lazy\" decoding=\"async\" class=\"aligncenter wp-image-670\" src=\"http:\/\/www2.unicentro.br\/detur\/files\/2014\/09\/ana.jpg\" alt=\"ana\" width=\"631\" height=\"355\" \/>\u00a0<\/span><\/p>\n<hr \/>\n<p><span style=\"font-size: 12pt;font-family: 'times new roman', times, serif\"><strong>Acad\u00eamicos de Turismo assistem palestra sobre desenvolvimento comunit\u00e1rio<\/strong><\/span><\/p>\n<p style=\"text-align: justify\"><span style=\"font-size: 12pt;font-family: 'times new roman', times, serif\">No dia 19 de\u00a0 maio de 2016 a egressa Patr\u00edcia Denkewicz, do Curso de Turismo, ministrou a palestra \u201cD<strong>esenvolvimento comunit\u00e1rio como resultado da atividade tur\u00edstica&#8221;.<\/strong> A palestra, destinada aos acad\u00eamicos dos alunos do 4\u00ba ano do Curso de Turismo tinha como objetivo trazer novos conhecimentos aos estudantes.<\/span><\/p>\n<p style=\"text-align: justify\"><img loading=\"lazy\" decoding=\"async\" class=\"aligncenter wp-image-669\" src=\"http:\/\/www2.unicentro.br\/detur\/files\/2014\/09\/patr\u00edcia.jpg\" alt=\"patricia\" width=\"655\" height=\"498\" \/><\/p>\n<hr \/>\n<p><strong><span style=\"font-family: 'times new roman', times, serif;font-size: 12pt\">Acad\u00eamicos do Curso de Turismo s\u00e3o contemplados com bolsas de Inicia\u00e7\u00e3o Cient\u00edfica<\/span><\/strong><\/p>\n<p style=\"text-align: justify\"><span style=\"font-family: 'times new roman', times, serif;font-size: 12pt\">Ao todo, foram 4 acad\u00eamicos contemplados no Programa de Bolsas de Inicia\u00e7\u00e3o Cient\u00edfica \u2013 PIBIC\/Funda\u00e7\u00e3o Arauc\u00e1ria. As bolsas foram distribu\u00eddas de acordo com os crit\u00e9rios previstos no Edital n\u00ba 003\/2016 &#8211; DIRPES\/PROIC. O valor da bolsa \u00e9 R$ 400,00 e se estender\u00e1 por 12 meses. Uma acad\u00eamica do 3\u00ba ano e tr\u00eas do 2\u00ba ano ter\u00e3o a oportunidade de fazer parte do Programa Institucional de Inicia\u00e7\u00e3o Cient\u00edfica (PROIC), que tem como objetivos:<\/span><\/p>\n<ul>\n<li style=\"text-align: justify\"><span style=\"font-family: 'times new roman', times, serif;font-size: 12pt\">Contribuir para a forma\u00e7\u00e3o de recursos humanos para a pesquisa;<\/span><\/li>\n<li style=\"text-align: justify\"><span style=\"font-family: 'times new roman', times, serif\">Incen<\/span><span style=\"font-family: 'times new roman', times, serif;font-size: 12pt\">tivar a participa\u00e7\u00e3o de alunos dos cursos de gradua\u00e7\u00e3o em Projetos de Pesquisa de Inicia\u00e7\u00e3o Cient\u00edfica.<\/span><\/li>\n<li><span style=\"font-family: 'times new roman', times, serif;font-size: 12pt\">Desenvolver em alunos de Ensino Superior, o pensamento e a pr\u00e1tica cient\u00edfica, com a orienta\u00e7\u00e3o de pesquisadores qualificados.<\/span><\/li>\n<li><span style=\"font-family: 'times new roman', times, serif;font-size: 12pt\">Assegurar maior coopera\u00e7\u00e3o entre corpo discente e docente nas atividades de pesquisa, desenvolvimento tecnol\u00f3gico e inova\u00e7\u00e3o. <\/span><\/li>\n<li><span style=\"font-family: 'times new roman', times, serif;font-size: 12pt\">Propiciar a melhoria da qualidade de ensino.<\/span><\/li>\n<li><span style=\"font-family: 'times new roman', times, serif;font-size: 12pt\"> Qualificar recursos humanos para posterior inser\u00e7\u00e3o em programas de p\u00f3s-gradua\u00e7\u00e3o e aprimorar o processo de forma\u00e7\u00e3o de profissionais.<\/span><\/li>\n<li><span style=\"font-family: 'times new roman', times, serif;font-size: 12pt\">Contribuir para o incremento da produ\u00e7\u00e3o cient\u00edfica e tecnol\u00f3gica, e para a dissemina\u00e7\u00e3o dos resultados das pesquisas.<\/span><\/li>\n<li><span style=\"font-family: 'times new roman', times, serif;font-size: 12pt\">Favorecer a consolida\u00e7\u00e3o dos grupos e linhas de pesquisa institucionais.<\/span><\/li>\n<\/ul>\n<p style=\"text-align: justify\"><span style=\"font-family: 'times new roman', times, serif;font-size: 12pt\">Os acad\u00eamicos t\u00eam a oportunidade de participar de um evento espec\u00edfico que ocorrer\u00e1 no m\u00eas de novembro e divulgar suas pesquisas.<\/span><\/p>\n<p style=\"text-align: justify\"><span style=\"font-family: 'times new roman', times, serif;font-size: 12pt\">Maiores informa\u00e7\u00f5es sobre o XXV Encontro Anual de Inicia\u00e7\u00e3o Cient\u00edfica (EAIC) no site:\u00a0<a href=\"http:\/\/eaic.unicentro.br\/eaic2016\/portal\/\">http:\/\/eaic.unicentro.br\/eaic2016\/portal\/<\/a><\/span><\/p>\n<hr \/>\n<p style=\"text-align: justify\"><span style=\"color: #000000;font-family: 'times new roman', times, serif;font-size: 12pt\"><b>Fitur e Congretur integram acad\u00eamicos de Turismo<\/b><\/span><\/p>\n<p style=\"text-align: justify\"><span style=\"color: #000000;font-family: 'times new roman', times, serif;font-size: 12pt\">Com o tema \u201cTurismo e Tecnologias\u201d, a Unicentro e a Universidade Estadual de Ponta Grossa, a UEPG, realizaram em parceria a XII Jornada Acad\u00eamica de Turismo (Fitur), e o IV Congresso de Turismo dos Campos Gerais (Congretur). Al\u00e9m da apresenta\u00e7\u00e3o de trabalhos, palestras, minicursos, oficinas e mesas-redondas, a programa\u00e7\u00e3o tamb\u00e9m incluiu a II Gincana Acad\u00eamica Cultural de Cursos de Turismo.<\/span><\/p>\n<p style=\"text-align: justify\"><span style=\"color: #000000;font-family: 'times new roman', times, serif;font-size: 12pt\">\u201cComo \u00e9 um tema atual nas discuss\u00f5es sobre o Turismo, era um assunto que a UEPG queria trabalhar em seu evento e n\u00f3s da Unicentro tamb\u00e9m. Ent\u00e3o por que n\u00e3o unir for\u00e7as e fazer o evento juntos?\u201d, afirma a professora do Departamento de Turismo da Unicentro, Paula Grechinski.<\/span><\/p>\n<p style=\"text-align: justify\"><span style=\"color: #000000;font-family: 'times new roman', times, serif;font-size: 12pt\">A professora do curso de Turismo da UEPG, Val\u00e9ria Albach lembra que para trabalhar o tema Turismo e Tecnologias, durante os dias do congresso, foram apresentadas t\u00e9cnicas, experi\u00eancias e relatos que envolvem o tema, o conceito de economia colaborativa, aplicativos, dentre outros pontos que envolvem a \u00e1rea. Para a professora, os profissionais de Turismo n\u00e3o precisam necessariamente ter o conhecimento t\u00e9cnico, mas saber onde buscar esses recursos.<\/span><\/p>\n<p style=\"text-align: justify\"><span style=\"color: #000000;font-family: 'times new roman', times, serif;font-size: 12pt\">\u201c\u00c9 um tema que nas nossas disciplinas curricularmente ainda n\u00e3o conseguimos contemplar toda a evolu\u00e7\u00e3o. \u00c9 bem importante que ele seja discutido paralelamente e que a\u00ed tenhamos mais subs\u00eddios para os nossos curr\u00edculos. A quest\u00e3o da rede mundial de computadores, as m\u00eddias sociais, e os relacionamentos que os alunos constroem nos eventos, tudo isso faz parte deste objetivo\u201d, ressalta Val\u00e9ria.<\/span><\/p>\n<p style=\"text-align: justify\"><span style=\"color: #000000;font-family: 'times new roman', times, serif;font-size: 12pt\">Al\u00e9m dos acad\u00eamicos da Unicentro e da UEPG, participaram do encontro, alunos do curso de Turismo e Meio Ambiente da Universidade Estadual do Paran\u00e1, a Unespar, de Campo Mour\u00e3o. \u201cOs cursos de Turismo aqui do Paran\u00e1 precisam ter mais for\u00e7a, conhecer as outras faculdades e n\u00f3s, os nossos futuros colegas de trabalho. Como profissionais ou estudantes, estas iniciativas permitem que possamos interagir e fazer novas amizades\u201d, destaca o acad\u00eamico da Unespar, Fernando Ferrari.<\/span><\/p>\n<p style=\"text-align: justify\"><span style=\"color: #000000;font-family: 'times new roman', times, serif;font-size: 12pt\">Com os conceitos de tecnologia e turismo, a gincana prop\u00f4s uma imers\u00e3o nas redes sociais. Os alunos criaram perfis, produziram v\u00eddeos e compartilharam informa\u00e7\u00f5es. Para cumprir as provas, as equipes tiveram que usar a criatividade para criar gritos de guerra e cosplays. Mas tamb\u00e9m usaram o conhecimento te\u00f3rico para simular a venda de um roteiro tur\u00edstico e criar um v\u00eddeo para apresentar o curso.<\/span><\/p>\n<p style=\"text-align: justify\"><span style=\"color: #000000;font-family: 'times new roman', times, serif;font-size: 12pt\">\u201cVemos a Gincana como uma possibilidade de integra\u00e7\u00e3o entre os alunos e de n\u00f3s professores estarmos tamb\u00e9m integrando num momento festivo realmente, de confraterniza\u00e7\u00e3o. S\u00e3o disputadas provas que trabalham tanto a quest\u00e3o te\u00f3rica e pr\u00e1tica, quanto de anima\u00e7\u00e3o e criatividade, favorecendo que os nossos alunos, primeiro, integrem entre eles, que as equipes devem ser formadas pelos pr\u00f3prios acad\u00eamicos do curso, e ao final acaba havendo uma confraterniza\u00e7\u00e3o entre os alunos das pr\u00f3prias universidades\u201d, salienta o chefe do Departamento de Turismo, professor Diogo L\u00fcders Fernandes.<\/span><\/p>\n<p style=\"text-align: justify\"><span style=\"color: #000000;font-family: 'times new roman', times, serif;font-size: 12pt\">Ao final da Gincana, a expectativa para saber a equipe vencedora era grande. E foram as meninas da equipe Highlander&#8217;s, da UEPG, que conquistaram mais pontos e venceram a gincana. \u201cN\u00f3s somos uma equipe um pouquinho mais experiente, a maioria de n\u00f3s tem mais de 40 anos. \u00c9 uma experi\u00eancia \u00fanica, porque voltar para a universidade depois de anos que sa\u00edmos, voltamos com outro pique, com outra experi\u00eancia realmente, e \u00e9 uma forma de aprender de novo de outra maneira\u201d, afirma a acad\u00eamica Ros\u00e2ngela Grigol, integrante da Highlander&#8217;s.<\/span><\/p>\n<p style=\"text-align: right\"><em><span style=\"font-family: 'times new roman', times, serif\"><span style=\"color: #000000\">Div<\/span>is\u00e3o de Comunica\u00e7\u00e3o Social \u2013 Unicentro campus Irati<\/span><\/em><\/p>\n<p style=\"text-align: justify\"><img loading=\"lazy\" decoding=\"async\" class=\"aligncenter wp-image-654\" src=\"http:\/\/www2.unicentro.br\/detur\/files\/2014\/09\/banner-internet-1024x426.jpg\" alt=\"XII FITUR e IV CONGRETUR\" width=\"767\" height=\"319\" \/><\/p>\n<hr \/>\n<p style=\"text-align: justify\"><span style=\"font-size: 12pt\"><strong><span style=\"font-family: 'times new roman', times, serif\">Acad\u00eamicos de Turismo visitam meios de hospedagem em Curitiba<\/span><\/strong><\/span><\/p>\n<p style=\"text-align: justify\"><span style=\"font-family: 'times new roman', times, serif;font-size: 12pt\">Os acad\u00eamicos do 2\u00ba, 3\u00ba e 4\u00ba anos do Curso de Turismo realizaram no dia 07 de novembro visita t\u00e9cnica a dois meios de hospedagem da capital paranaense; o Bourbon Batel Express Hotel e o Pestana Curitiba City Center &amp; Conference Hotel. Coordenada pela Profa. Vanessa de Oliveira Menezes, a bem sucedida atividade tinha como objetivo conhecer dois diferentes meios de hospedagem a fim de propiciar aos acad\u00eamicos maior conhecimento sobre as pr\u00e1ticas do mercado de hospedagem.<\/span><\/p>\n<p style=\"text-align: justify\"><a href=\"http:\/\/www2.unicentro.br\/detur\/files\/2014\/09\/12243865_10153148949157201_390433551_n-2.jpg\"><img loading=\"lazy\" decoding=\"async\" class=\" wp-image-532 aligncenter\" src=\"http:\/\/www2.unicentro.br\/detur\/files\/2014\/09\/12243865_10153148949157201_390433551_n-2.jpg\" alt=\"12243865_10153148949157201_390433551_n (2)\" width=\"821\" height=\"616\" \/><\/a><\/p>\n<hr \/>\n<p style=\"text-align: justify\"><strong><span style=\"font-family: 'times new roman', times, serif;font-size: 12pt\">Rio Negro, Mafra e Lapa<\/span><\/strong><\/p>\n<p style=\"text-align: justify\"><span style=\"font-family: 'times new roman', times, serif;font-size: 12pt\">Entre os dias\u00a012 e 13 de setembro de 2015\u00a0os acad\u00eamicos do Curso de Turismo, supervisionados pelos professores Leandro Baptista, Maycon Luiz Tchmolo e Paula Grechinski visitaram as cidades de Rio Negro (PR), Mafra (SC) e Lapa (PR). A atividade tinha como objetivo mostrar na pr\u00e1tica a formata\u00e7\u00e3o de novos produtos tur\u00edsticos, aproveitando potenciais culturais e gastron\u00f4micos, al\u00e9m de entender o patrim\u00f4nio hist\u00f3rico material como produto tur\u00edstico. Todas as visitas foram acompanhadas por profissionais especializados que transmitiram ainda mais conhecimento aos acad\u00eamicos.<\/span><\/p>\n<p style=\"text-align: justify\"><a href=\"http:\/\/www2.unicentro.br\/detur\/files\/2014\/09\/12004916_933058326767838_2291898743432631360_n.jpg\"><img loading=\"lazy\" decoding=\"async\" class=\" wp-image-524 aligncenter\" src=\"http:\/\/www2.unicentro.br\/detur\/files\/2014\/09\/12004916_933058326767838_2291898743432631360_n.jpg\" alt=\"12004916_933058326767838_2291898743432631360_n\" width=\"823\" height=\"617\" \/><\/a><\/p>\n<hr \/>\n<p style=\"text-align: justify\"><strong><span style=\"font-family: 'times new roman', times, serif;font-size: 12pt\">Serra da Esperan\u00e7a, Salto S\u00e3o Francisco e Canyon Guartel\u00e1<\/span><\/strong><\/p>\n<p style=\"text-align: justify\"><span style=\"font-family: 'times new roman', times, serif;font-size: 12pt\">Entre os dias\u00a015 e 16 de agosto\u00a0de 2015\u00a0os acad\u00eamicos do primeiro ano de Turismo, supervisionados pelos professores Jo\u00e3o An\u00e9sio e Elieti Goveia percorreram \u00e1reas naturais de quatro munic\u00edpios da regi\u00e3o. O roteiro inclu\u00eda a\u00a0Serra da Esperan\u00e7a e o Salto S\u00e3o Francisco, em Guarapuava; o Canyon Guartel\u00e1, em Tibagi; al\u00e9m das paisagens dos munic\u00edpios de Imbituva e Castro. Durante o passeio, os alunos pernoitaram na Pousada Oosterhuis em Castrolanda, cuja propriet\u00e1ria, Willemien Strijker Mikulis, \u00e9 egressa do curso.<\/span><\/p>\n<p style=\"text-align: justify\"><a href=\"http:\/\/www2.unicentro.br\/detur\/files\/2014\/09\/11231684_916547501752254_5134285073154023390_n.jpg\"><img loading=\"lazy\" decoding=\"async\" class=\" wp-image-474 aligncenter\" src=\"http:\/\/www2.unicentro.br\/detur\/files\/2014\/09\/11231684_916547501752254_5134285073154023390_n.jpg\" alt=\"11231684_916547501752254_5134285073154023390_n\" width=\"822\" height=\"617\" \/><\/a><\/p>\n<hr \/>\n<p>&nbsp;<\/p>\n<p>&nbsp;<\/p>\n<p><span style=\"font-family: 'andale mono', times;font-size: 12pt\"><strong>Cruzeiro Mar\u00edtimo pelo Mercosul<\/strong><\/span><\/p>\n<p style=\"text-align: justify\"><span style=\"font-family: 'andale mono', times;font-size: 12pt\">Entre os dias 06 e 13 de dezembro de 2014, acad\u00eamicos e professores do curso de Turismo realizaram um cruzeiro internacional a bordo do navio MSC Poesia, passando pelo Uruguai e pela Argentina. Durante o per\u00edodo no navio, o grupo participou de uma reuni\u00e3o exclusiva com o comandante Marco Massa, que na ocasi\u00e3o explicou sobre o navio MSC Poesia, cruzeiros em geral, e respondeu a diversas perguntas e curiosidades dos acad\u00eamicos.<\/span><\/p>\n<p style=\"text-align: justify\"><span style=\"font-family: 'andale mono', times\"><a href=\"http:\/\/www2.unicentro.br\/detur\/files\/2014\/09\/navio-2.jpg\"><img loading=\"lazy\" decoding=\"async\" class=\" wp-image-164 aligncenter\" src=\"http:\/\/www2.unicentro.br\/detur\/files\/2014\/09\/navio-2.jpg\" alt=\"navio (2)\" width=\"830\" height=\"622\" \/><\/a><\/span><\/p>\n<p>&nbsp;<\/p>\n<p><a href=\"http:\/\/www2.unicentro.br\/detur\/files\/2014\/09\/montevideu-2.jpg\"><img loading=\"lazy\" decoding=\"async\" class=\" wp-image-166 aligncenter\" src=\"http:\/\/www2.unicentro.br\/detur\/files\/2014\/09\/montevideu-2.jpg\" alt=\"montevideu (2)\" width=\"831\" height=\"623\" \/><\/a><\/p>\n<p><a href=\"http:\/\/www2.unicentro.br\/detur\/files\/2014\/09\/buenos-aires-2.jpg\"><img loading=\"lazy\" decoding=\"async\" class=\" wp-image-165 aligncenter\" src=\"http:\/\/www2.unicentro.br\/detur\/files\/2014\/09\/buenos-aires-2.jpg\" alt=\"buenos aires (2)\" width=\"831\" height=\"623\" \/><\/a><\/p>\n<p style=\"text-align: justify\"><span style=\"font-family: 'times new roman', times, serif;font-size: 12pt\">O roteiro contou com paradas em Buenos Aires, Punta del Este e Montevid\u00e9u. Esta sa\u00edda a campo envolveu conte\u00fados estudados nas disciplinas de Introdu\u00e7\u00e3o ao Estudo do Turismo, Transportes Tur\u00edsticos e Aspectos Econ\u00f4micos, cujos professores acompanharam as atividades realizadas.<\/span><\/p>\n<hr \/>\n<p style=\"text-align: justify\"><span style=\"font-size: 12pt;font-family: 'times new roman', times, serif\"><strong>Viagem de Estudos ao Chile<\/strong><\/span><\/p>\n<p style=\"text-align: justify\"><span style=\"font-family: 'andale mono', times;font-size: 12pt\">Em outubro de 2013, professores e estudantes do curso de Turismo realizaram uma viagem de estudos para o Chile. Durante as atividades, fomos recebidos pela Profa. Katrina Tachibana, docente do curso de Turismo da Universidad de Playa Ancha. Em 2012 a Prof\u00aa Katrina participou do IX FITUR, Jornada organizada pelo Curso de Turismo da UNICENTRO, na qual explanou sobre a forma\u00e7\u00e3o superior em Turismo na Am\u00e9rica Latina, e tamb\u00e9m sobre turismo cultural.<\/span><\/p>\n<p style=\"text-align: justify\"><a href=\"http:\/\/www2.unicentro.br\/detur\/files\/2014\/09\/Viagem-Chile.jpg\"><img loading=\"lazy\" decoding=\"async\" class=\" wp-image-376 aligncenter\" src=\"http:\/\/www2.unicentro.br\/detur\/files\/2014\/09\/Viagem-Chile.jpg\" alt=\"Viagem Chile\" width=\"830\" height=\"467\" \/><\/a><\/p>\n<p style=\"text-align: justify\"><span style=\"font-family: 'times new roman', times, serif;font-size: 12pt\">O grupo nas montanhas geladas do Chile.<\/span><\/p>\n<p style=\"text-align: justify\"><a href=\"http:\/\/www2.unicentro.br\/detur\/files\/2014\/09\/Viagem-Chile-2.jpg\"><img loading=\"lazy\" decoding=\"async\" class=\" wp-image-377 aligncenter\" src=\"http:\/\/www2.unicentro.br\/detur\/files\/2014\/09\/Viagem-Chile-2.jpg\" alt=\"Viagem Chile 2\" width=\"830\" height=\"467\" \/><\/a><\/p>\n","protected":false},"excerpt":{"rendered":"<p>Acad\u00eamicos do curso de Turismo da UNICENTRO t\u00eam trabalhos cient\u00edficos aprovados no Festival das Cataratas 2018 E mais um ano os acad\u00eamicos do curso de Bacharelado em Turismo da UNICENTRO possuem artigos aprovados para apresentar no 12\u00ba F\u00f3rum Internacional de Turismo do Iguassu, que neste ano ter\u00e1 como tema &#8220;Turismo e Gest\u00e3o de Crises&#8221;. Fa\u00e7a [&hellip;]<\/p>\n","protected":false},"author":3,"featured_media":0,"parent":0,"menu_order":0,"comment_status":"closed","ping_status":"closed","template":"","meta":{"_exactmetrics_skip_tracking":false,"_exactmetrics_sitenote_active":false,"_exactmetrics_sitenote_note":"","_exactmetrics_sitenote_category":0,"footnotes":"","_links_to":"","_links_to_target":""},"class_list":["post-20","page","type-page","status-publish","hentry"],"_links":{"self":[{"href":"https:\/\/www3.unicentro.br\/detur\/wp-json\/wp\/v2\/pages\/20","targetHints":{"allow":["GET"]}}],"collection":[{"href":"https:\/\/www3.unicentro.br\/detur\/wp-json\/wp\/v2\/pages"}],"about":[{"href":"https:\/\/www3.unicentro.br\/detur\/wp-json\/wp\/v2\/types\/page"}],"author":[{"embeddable":true,"href":"https:\/\/www3.unicentro.br\/detur\/wp-json\/wp\/v2\/users\/3"}],"replies":[{"embeddable":true,"href":"https:\/\/www3.unicentro.br\/detur\/wp-json\/wp\/v2\/comments?post=20"}],"version-history":[{"count":0,"href":"https:\/\/www3.unicentro.br\/detur\/wp-json\/wp\/v2\/pages\/20\/revisions"}],"wp:attachment":[{"href":"https:\/\/www3.unicentro.br\/detur\/wp-json\/wp\/v2\/media?parent=20"}],"curies":[{"name":"wp","href":"https:\/\/api.w.org\/{rel}","templated":true}]}}