{"id":19,"date":"2014-09-15T00:00:00","date_gmt":"2014-09-15T03:00:00","guid":{"rendered":"https:\/\/www3.unicentro.br\/detur\/extensao\/"},"modified":"2021-07-20T16:29:40","modified_gmt":"2021-07-20T19:29:40","slug":"extensao","status":"publish","type":"page","link":"https:\/\/www3.unicentro.br\/detur\/projetos\/extensao\/","title":{"rendered":"Projetos de Extens\u00e3o"},"content":{"rendered":"<h3>\u00a0<span style=\"font-size: 14pt;font-family: 'andale mono', times;color: #003366\"><strong>PROJETOS VIGENTES<\/strong><\/span><\/h3>\n<hr \/>\n<p class=\"ecxMsoNormal\"><strong>2017 (atual) Programa Especial de Est\u00e1gio Volunt\u00e1rio<\/strong><\/p>\n<p class=\"ecxMsoNormal\">Consiste em envolver os acad\u00eamicos do curso de Turismo na realidade do trade municipal, proporcionando, em forma de rod\u00edzios mensais, a inser\u00e7\u00e3o dos mesmos em empreendimentos do setor hoteleiro, agenciamento, poder p\u00fablico e eventos.<\/p>\n<p class=\"ecxMsoNormal\">Situa\u00e7\u00e3o: Em andamento; Natureza: Extens\u00e3o.<\/p>\n<p class=\"ecxMsoNormal\"><strong>Coordenador:<\/strong> Poliana Fab\u00edula Cardozo<\/p>\n<hr \/>\n<p><span style=\"color: #003366;font-size: 14pt;font-family: 'andale mono', times\"><strong>PROJETOS\u00a0ANTERIORES<\/strong><strong>\u00a0<\/strong><\/span><\/p>\n<hr \/>\n<p><strong>1997 &#8211; 2018 Museu de Geoci\u00eancias\u00a0<\/strong><\/p>\n<p style=\"text-align: justify\">O Projeto de Extens\u00e3o Permanente Museu de Geoci\u00eancias foi aprovado pela Resolu\u00e7\u00e3o N\u00ba. 088 DP\/UNICENTRO, em 22 se maio de 1997. Desde ent\u00e3o vem colaborando para o ensino, pesquisa e extens\u00e3o, atrav\u00e9s de exposi\u00e7\u00f5es, palestras, mini-cursos e empr\u00e9stimos de seu acervo. O Museu de Geoci\u00eancias tem importante papel na divulga\u00e7\u00e3o da exist\u00eancia de patrim\u00f4nios naturais e culturais de Irati e regi\u00e3o, possibilitando \u00e0 comunidade a conscientiza\u00e7\u00e3o do valor destes patrim\u00f4nios, o que favorece a preserva\u00e7\u00e3o dos mesmos. Este projeto permanente tem por objetivo informar a comunidade em geral, acad\u00eamicos e alunos da rede p\u00fablica e particular de ensino sobre a exist\u00eancia e import\u00e2ncia do patrim\u00f4nio natural e social e tamb\u00e9m para a manuten\u00e7\u00e3o da biodiversidade. Desde sua implanta\u00e7\u00e3o, o projeto atende escolas da regi\u00e3o de Irati, al\u00e9m de outros 14 munic\u00edpios vizinhos, cumprindo assim seu papel como espa\u00e7o de educa\u00e7\u00e3o informal. http:\/\/museudegeocienciasunicentro.webnode.com.br\/ .<\/p>\n<p style=\"text-align: justify\">Situa\u00e7\u00e3o: Conclu\u00eddo; Natureza: Extens\u00e3o.<\/p>\n<p style=\"text-align: justify\"><strong>Coordenadora: <\/strong>Paula Grechinski<\/p>\n<hr \/>\n<p style=\"text-align: justify\"><strong>2011 &#8211; 2018 Turismo Receptivo e Pedag\u00f3gico na Unicentro campus de Irati\u00a0<\/strong><\/p>\n<p style=\"text-align: justify\">Este projeto consiste\u00a0em visitas monitoradas aos laborat\u00f3rios e estrutura f\u00edsica da Unicentro campus de Irati. Trata-se de uma iniciativa do Departamento de Turismo com o objetivo de incluir os acad\u00eamicos do curso em atividades pr\u00e1ticas relacionadas ao planejamento, execu\u00e7\u00e3o e avalia\u00e7\u00e3o de atividades tur\u00edsticas de cunho pedag\u00f3gico e receptivo; al\u00e9m de demonstrar a import\u00e2ncia da Universidade como local de interesse tur\u00edstico na regi\u00e3o; e aproximar a comunidade externa do conhecimento que pode ser obtido em uma visita \u00e0 Universidade, de modo planejado e organizado.<\/p>\n<p style=\"text-align: justify\">Situa\u00e7\u00e3o: Conclu\u00eddo; Natureza: Extens\u00e3o.<\/p>\n<p><strong>Coordenadora: <\/strong>Paula Grechinski<\/p>\n<hr \/>\n<p class=\"ecxMsoNormal\" style=\"text-align: justify\"><strong>2016 &#8211; 2018\u00a0 Orienta\u00e7\u00e3o e capacita\u00e7\u00e3o do jovem prudentopolitano<\/strong><\/p>\n<p class=\"ecxMsoNormal\" style=\"text-align: justify\">Este projeto se prop\u00f4s a capacitar jovens para manuten\u00e7\u00e3o e elabora\u00e7\u00e3o de materiais de promo\u00e7\u00e3o tur\u00edstica (folders, sites e aplicativos) e proporcionar a orienta\u00e7\u00e3o e capacita\u00e7\u00e3o de jovens quanto \u00e0 atividade tur\u00edstica, atrativos, equipamentos.<\/p>\n<p class=\"ecxMsoNormal\" style=\"text-align: justify\">Situa\u00e7\u00e3o: Conclu\u00eddo; Natureza: Extens\u00e3o.<\/p>\n<p class=\"ecxMsoNormal\" style=\"text-align: justify\"><strong>Coordenador:<\/strong> Ronaldo Ferreira Maganhotto<\/p>\n<hr \/>\n<p class=\"ecxMsoNormal\"><strong>2015 &#8211; 2017 \u00a0Embarque na Cultura<\/strong><\/p>\n<p class=\"ecxMsoNormal\">Com o objetivo de difundir conhecimentos relacionados ao turismo e cultura, o Departamento de Turismo em parceria com a R\u00e1dio Cultura FM de Irati (87.9), utilizou-se deste ve\u00edculo de comunica\u00e7\u00e3o para gravar e transmitir programas semanais com dura\u00e7\u00e3o de 30 minutos. Dessa forma, foi divulgado \u00e0 comunidade projetos que a beneficiam, e informa\u00e7\u00f5es em gerais sobre a atividade tur\u00edstica. Para os acad\u00eamicos, o projeto representou um incentivo e interesse \u00e0s pesquisas relacionadas \u00e0 profiss\u00e3o.<\/p>\n<p class=\"ecxMsoNormal\">Situa\u00e7\u00e3o: Conclu\u00eddo; Natureza: Extens\u00e3o.<\/p>\n<p class=\"ecxMsoNormal\"><strong>Coordenadora :<\/strong> Paula Grechinski Demczuk<\/p>\n<hr \/>\n<p class=\"ecxMsoNormal\"><strong>2015-2017 \u00a0Viajando na melhor idade: oficina de turismo para a UATI<br \/>\n<\/strong><\/p>\n<p class=\"ecxMsoNormal\">Este projeto consistiu em oficinas de Turismo para os integrantes da Universidade Aberta para a Terceira Idade (UATI\/UNICENTRO campus Irati), com o objetivo de desenvolver a\u00e7\u00f5es e discutir o envelhecimento sob a \u00f3tica do turismo. Os acad\u00eamicos do curso de Turismo foram envolvidos nestas atividades, de modo a promover a integra\u00e7\u00e3o destes com o segmento da terceira idade.<\/p>\n<p class=\"ecxMsoNormal\">Situa\u00e7\u00e3o: Conclu\u00eddo; Natureza: Extens\u00e3o.<\/p>\n<p class=\"ecxMsoNormal\"><strong>Coordenadora:<\/strong> Paula Grechinski\u00a0Demczuk<\/p>\n<hr \/>\n<p><strong>2015 &#8211; 2016 Roteiro Tur\u00edstico no Meio Rural: Uma Alternativa N\u00e3o Agr\u00edcola para Complementa\u00e7\u00e3o de Renda das Pequenas Propriedades do Munic\u00edpio de Prudent\u00f3polis<\/strong><\/p>\n<p>O projeto, vinculado ao Programa Universidade Sem Fronteiras (USF), <span class=\"ecxtext_exposed_show\">visou elaborar um roteiro tur\u00edstico com conota\u00e7\u00e3o rural utilizando-se dos recursos naturais e culturais presentes nos faxinais da regi\u00e3o.<\/span><\/p>\n<p>Situa\u00e7\u00e3o: Conclu\u00eddo; Natureza: Extens\u00e3o.<\/p>\n<p><strong>Coordenador<\/strong>: Ronaldo Ferreira Maganhotto<\/p>\n<hr \/>\n<p><strong>2002 -2014\u00a0<\/strong><strong>Gerenciamento de res\u00edduos s\u00f3lidos &#8211; lixo recicl\u00e1vel na Unicentro\u00a0<\/strong><\/p>\n<p>Projeto interdisciplinar envolvendo alunos do curso de Engenharia Florestal. O projeto foi de responsabilidade da Comiss\u00e3o Ambiental da UNICENTRO. O lucro da venda do lixo recicl\u00e1vel foi revertido para a manuten\u00e7\u00e3o das atividades do Museu de Geoci\u00eancias.<\/p>\n<p>Situa\u00e7\u00e3o: Conclu\u00eddo; Natureza: Extens\u00e3o.<\/p>\n<p><strong>Coordenadora<\/strong>: Angela Guedes Moreira Lara<\/p>\n","protected":false},"excerpt":{"rendered":"<p>\u00a0PROJETOS VIGENTES 2017 (atual) Programa Especial de Est\u00e1gio Volunt\u00e1rio Consiste em envolver os acad\u00eamicos do curso de Turismo na realidade do trade municipal, proporcionando, em forma de rod\u00edzios mensais, a inser\u00e7\u00e3o dos mesmos em empreendimentos do setor hoteleiro, agenciamento, poder p\u00fablico e eventos. Situa\u00e7\u00e3o: Em andamento; Natureza: Extens\u00e3o. Coordenador: Poliana Fab\u00edula Cardozo PROJETOS\u00a0ANTERIORES\u00a0 1997 &#8211; [&hellip;]<\/p>\n","protected":false},"author":3,"featured_media":0,"parent":46,"menu_order":0,"comment_status":"closed","ping_status":"closed","template":"","meta":{"_exactmetrics_skip_tracking":false,"_exactmetrics_sitenote_active":false,"_exactmetrics_sitenote_note":"","_exactmetrics_sitenote_category":0,"footnotes":"","_links_to":"","_links_to_target":""},"class_list":["post-19","page","type-page","status-publish","hentry"],"_links":{"self":[{"href":"https:\/\/www3.unicentro.br\/detur\/wp-json\/wp\/v2\/pages\/19","targetHints":{"allow":["GET"]}}],"collection":[{"href":"https:\/\/www3.unicentro.br\/detur\/wp-json\/wp\/v2\/pages"}],"about":[{"href":"https:\/\/www3.unicentro.br\/detur\/wp-json\/wp\/v2\/types\/page"}],"author":[{"embeddable":true,"href":"https:\/\/www3.unicentro.br\/detur\/wp-json\/wp\/v2\/users\/3"}],"replies":[{"embeddable":true,"href":"https:\/\/www3.unicentro.br\/detur\/wp-json\/wp\/v2\/comments?post=19"}],"version-history":[{"count":0,"href":"https:\/\/www3.unicentro.br\/detur\/wp-json\/wp\/v2\/pages\/19\/revisions"}],"up":[{"embeddable":true,"href":"https:\/\/www3.unicentro.br\/detur\/wp-json\/wp\/v2\/pages\/46"}],"wp:attachment":[{"href":"https:\/\/www3.unicentro.br\/detur\/wp-json\/wp\/v2\/media?parent=19"}],"curies":[{"name":"wp","href":"https:\/\/api.w.org\/{rel}","templated":true}]}}