{"id":18,"date":"2014-09-15T00:00:00","date_gmt":"2014-09-15T03:00:00","guid":{"rendered":"https:\/\/www3.unicentro.br\/detur\/pesquisa\/"},"modified":"2026-03-06T14:29:27","modified_gmt":"2026-03-06T17:29:27","slug":"pesquisa","status":"publish","type":"page","link":"https:\/\/www3.unicentro.br\/detur\/projetos\/pesquisa\/","title":{"rendered":"Projetos de Pesquisa"},"content":{"rendered":"<div class=\"wpb-content-wrapper\"><p>[vc_row][vc_column][vc_column_text css=&#8221;&#8221;]<\/p>\n<h3><\/h3>\n<h3><span style=\"color: #003366;font-size: 14pt;font-family: 'andale mono', times\"><strong>PROJETOS VIGENTES<\/strong><\/span><\/h3>\n<hr \/>\n<p><span style=\"color: #000000\"><strong>2017 An\u00e1lise da promo\u00e7\u00e3o tur\u00edstica do patrim\u00f4nio cultural de Curitiba e Foz do Igua\u00e7u atrav\u00e9s de seus websites e redes sociais<\/strong><\/span><\/p>\n<p>Situa\u00e7\u00e3o: Em andamento; Natureza: Pesquisa.<\/p>\n<p>Alunos envolvidos: Gradua\u00e7\u00e3o: ( \u00a0) \/ Mestrado acad\u00eamico: ( \u00a0) \/ Doutorado: ( \u00a0) .<\/p>\n<p>Integrantes: Poliana Fab\u00edula Cardozo &#8211; Coordenador<\/p>\n<p>Financiador(es):\u00a0Minist\u00e9rio da Ci\u00eancia e da Tecnologia &#8211; Aux\u00edlio financeiro.<\/p>\n<p>&nbsp;<\/p>\n<hr \/>\n<p><strong>2014 Desenvolvimento de metodologia de planejamento tur\u00edstico em comunidades rurais\u00a0<\/strong><\/p>\n<p style=\"text-align: justify\">O recorte espacial que envolve a proposta de estudo aqui apresentada se refere a comunidades de imigrantes situadas no Estado do Paran\u00e1, sendo estas: Witmarsum, no munic\u00edpio de Palmeira; Castrolanda, no munic\u00edpio de Castro; e Entre Rios, no munic\u00edpio de Guarapuava. Estas comunidades apresentam particulares entre si, uma vez que elas s\u00e3o criadas ap\u00f3s o primeiro grande ciclo migrat\u00f3rio que ocorre no Paran\u00e1. Como esta proposta tem como principal objetivo entender como se d\u00e1 o desenvolvimento do turismo, uma atividade social e econ\u00f4mica, por meio do cooperativismo envolvendo o planejamento participativo, formas de organiza\u00e7\u00e3o que dependem de uma a\u00e7\u00e3o coletiva tanto para sua exist\u00eancia como para a afirma\u00e7\u00e3o destas por meio de institui\u00e7\u00f5es, para esta proposta \u00e9 tomada como principal refer\u00eancia a obra de Elinor Ostrom (2011).<\/p>\n<p>Situa\u00e7\u00e3o: Em andamento; Natureza: Pesquisa.<\/p>\n<p>Alunos envolvidos: Gradua\u00e7\u00e3o: (1) \/ Mestrado acad\u00eamico: (2) \/ Doutorado: (1) .<\/p>\n<p>Integrantes: Poliana Fab\u00edula Cardozo &#8211; Coordenador \/ Ms. Alessandro de Melo &#8211; Integrante \/ Diogo Luders Fernandes &#8211; Integrante \/ Joelcio &#8211; Integrante \/ Carla Caroline Holm &#8211; Integrante \/ Rafael Siqueira de Guimar\u00e3es &#8211; Integrante \/ Ana Paula Farias &#8211; Integrante \/ Luiz Henrique Salvatti &#8211; Integrante.<\/p>\n<p>Financiador(es): Conselho Nacional de Desenvolvimento Cient\u00edfico e Tecnol\u00f3gico &#8211; Aux\u00edlio financeiro.<\/p>\n<p>&nbsp;<\/p>\n<hr \/>\n<p><strong>2014 A determina\u00e7\u00e3o dos \u00edndices de representa\u00e7\u00e3o do relevo como suporte ao plano de manejo de unidades de conserva\u00e7\u00e3o \u2013 estudo de caso da Reserva Biol\u00f3gica das Arauc\u00e1rias \/Pr.<\/strong><\/p>\n<p style=\"text-align: justify\">Os problemas ambientais relacionados \u00e0 utiliza\u00e7\u00e3o indiscriminada dos recursos naturais resultaram em medidas e a\u00e7\u00f5es em prol da conserva\u00e7\u00e3o ambiental, como a cria\u00e7\u00e3o e implementa\u00e7\u00e3o das unidades de conserva\u00e7\u00e3o. Estas \u00e1reas t\u00eam como linha mestra para o desenvolvimento de suas atividades o Plano de Manejo, o qual apresenta por meio do Zoneamento Ambiental \u00e0 divis\u00e3o da unidade em por\u00e7\u00f5es territoriais homog\u00eaneas, conforme seu grau de conserva\u00e7\u00e3o, biodiversidade e fragilidade ambiental. Apesar de existirem roteiros para elabora\u00e7\u00e3o deste documento, mencionando os crit\u00e9rios a serem considerados no estabelecimento do zoneamento, sente-se a necessidade do delineamento de vari\u00e1veis, par\u00e2metros e m\u00e9todos \u00e0 obten\u00e7\u00e3o dos seus crit\u00e9rios. Neste contexto, a presente pesquisa tem como objetivo verificar a utiliza\u00e7\u00e3o dos \u00cdndices de Representa\u00e7\u00e3o do Relevo como suporte ao Plano de Manejo, tendo como \u00e1rea de estudo a Reserva Biol\u00f3gica das Arauc\u00e1rias. As informa\u00e7\u00f5es relacionadas \u00e0 geomorfologia, a drenagem e suas rela\u00e7\u00f5es com a distribui\u00e7\u00e3o dos solos, levantadas por meio do processamento de atributos derivados do modelo num\u00e9rico do terreno, MNT, como: a altitude em rela\u00e7\u00e3o ao canal de drenagem (Altitude Above Channel Network), o potencial de eros\u00e3o e sedimenta\u00e7\u00e3o (Multiresolution Index of Valley Bottom Flatness), a declividade (Slope), a rela\u00e7\u00e3o do comprimento de rampa e declividade (LS \u2013 Factor) e o \u00edndice de umidade (Wetness Index), contemplam a Variabilidade e Suscetibilidade Ambiental, presentes nesses roteiros como alguns dos crit\u00e9rios de zoneamento. O processamento dos \u00edndices auxiliar\u00e1 no detalhamento das informa\u00e7\u00f5es pedol\u00f3gicas e no estabelecimento de Classes Limitantes que, associadas ao uso do solo da reserva, permitir\u00e1 uma orienta\u00e7\u00e3o para o zoneamento, fundamentada na limita\u00e7\u00e3o e aptid\u00e3o de uso das terras.<\/p>\n<p style=\"text-align: justify\">O Projeto \u00e9 financiado pela Funda\u00e7\u00e3o Arauc\u00e1ria\/Botic\u00e1rio.<\/p>\n<p style=\"text-align: justify\"><strong>Coordenador: <\/strong>Ronaldo Ferreira Maganhotto<\/p>\n<hr \/>\n<p><strong>2014 <\/strong><strong>Inova\u00e7\u00e3o para a sustentabilidade ambiental e estrat\u00e9gia competitiva em redes hoteleiras: elabora\u00e7\u00e3o de um modelo de rela\u00e7\u00e3o<\/strong><\/p>\n<p style=\"text-align: justify\">O projeto \u00e9 uma continua\u00e7\u00e3o da pesquisa a respeito da inova\u00e7\u00e3o sustent\u00e1vel na hotelaria, realizada nos per\u00edodos de 2012 a 2014. A partir de um aprofundamento e discuss\u00e3o te\u00f3rica realizada na pesquisa anterior, este projeto visa apresentar um vi\u00e9s mais pr\u00e1tico, dispondo-se a entender a rela\u00e7\u00e3o entre as inova\u00e7\u00f5es para a sustentabilidade ambiental e as estrat\u00e9gias competitivas organizacionais das redes hoteleiras.<\/p>\n<p style=\"text-align: justify\">Situa\u00e7\u00e3o: Em andamento; Natureza: Pesquisa.<\/p>\n<p style=\"text-align: justify\"><strong>Coordenadora<\/strong>: Vanessa de Oliveira Menezes<\/p>\n<hr \/>\n<p><strong>2013\u00a0 <\/strong><strong>Utiliza\u00e7\u00e3o dos \u00cdndices de Representa\u00e7\u00e3o do Relevo como ferramenta de suporte no Zoneamento Ambiental de Unidades de Conserva\u00e7\u00e3o \u2013 Estudo de Caso Floresta Nacional de Irati\u00a0<\/strong><\/p>\n<p style=\"text-align: justify\">A problem\u00e1tica ambiental, resultante da utiliza\u00e7\u00e3o indiscriminada dos recursos e do lan\u00e7amento inadequado de diferentes tipos de res\u00edduos no ambiente, \u00a0demonstrou a necessidade de a\u00e7\u00f5es conservacionistas, como a cria\u00e7\u00e3o de \u00e1reas protegidas. No entanto, faz se \u00a0necess\u00e1rio um planejamento efetivo para assegurar o prop\u00f3sito destas \u00e1reas, elencando em \u00a0suas an\u00e1lises vari\u00e1veis biof\u00edsicas que favore\u00e7am o entendimento de sua din\u00e2mica natural. Neste contexto, a presente pesquisa tem como objetivo identificar a aplica\u00e7\u00e3o dos \u00cdndices de Representa\u00e7\u00e3o do Relevo neste processo. Os \u00a0atributos processados \u00a0reportam-se a informa\u00e7\u00f5es relacionadas a geomorfologia, as caracter\u00edsticas das \u00a0vertentes e par\u00e2metros pedol\u00f3gicos. Assim, constatou-se por meio do processamento da Altitude em Rela\u00e7\u00e3o ao Canal de Drenagem (Altitude Above Channel Network), do Potencial de Eros\u00e3o e Sedimenta\u00e7\u00e3o (Multiresolution Index of Valley Bottom \u00a0Flatness), da Declividade(Slope), da Rela\u00e7\u00e3o do Comprimento de Rampa e Declividade (LS \u2013 Factor) edo\u00cdndice de Umidade (Wetness Index) a possibilidade de se obter dados relacionados a vulnerabilidade ambiental e \u00e0 pedologia, contribuindo tanto no processo de zoneamento da unidade quanto no refinamento de informa\u00e7\u00f5es pedol\u00f3gicas e na classifica\u00e7\u00e3o dos solos. Esta pesquisa realizou-se na Floresta Nacional, FLONA, de Irati, unidade de conserva\u00e7\u00e3o de uso sustent\u00e1vel, a qual se encontra desprovida de Plano de Manejo. Desta feita, estas informa\u00e7\u00f5es mostram-se relevantes \u00e0s tomadas de decis\u00e3o relacionadas ao seu planejamento e manejo.<\/p>\n<p><strong>Coordenador: <\/strong>Ronaldo Ferreira Maganhotto<\/p>\n<p>&nbsp;<\/p>\n<hr \/>\n<p><span style=\"font-family: 'andale mono', times;font-size: 14pt\"><span style=\"color: #003366\"><strong>PROJETOS\u00a0ANTERIORES<\/strong><\/span><\/span><\/p>\n<hr \/>\n<p><strong>2012-xxxx\u00a0<\/strong><strong> Interpreta\u00e7\u00e3o do patrim\u00f4nio<\/strong><\/p>\n<p>A pesquisa estudou as possibilidades e impactos da interpreta\u00e7\u00e3o do patrim\u00f4nio como forma de educa\u00e7\u00e3o patrimonial.<\/p>\n<p>Situa\u00e7\u00e3o: Em andamento; Natureza: Pesquisa.<\/p>\n<p>Alunos envolvidos: Mestrado acad\u00eamico: (1) Doutorado: (1) .<\/p>\n<p><strong>Coordenadora<\/strong>: Poliana Fab\u00edula Cardozo<\/p>\n<p>Equipe executora: Joelcio dos Santos Gon\u00e7alves \u00a0e Carla Caroline Holm<\/p>\n<p><strong>\u00a0<\/strong><strong>\u00a0<\/strong><\/p>\n<hr \/>\n<p><strong>2013- 2015 Bachar\u00e9is do Curso de Turismo do <em>Campus<\/em> Universit\u00e1rio de Irati- UNICENTRO, dos anos de 2011 a 2014 no mercado de trabalho<\/strong><\/p>\n<p>A pesquisa em foco tem como premissa buscar informa\u00e7\u00f5es quanto a coloca\u00e7\u00e3o dos egressos do Curso de Turismo da UNICENTRO, nos anos de 2011 a 2014, no mercado de trabalho em Turismo. Deste modo, esta pesquisa tem como meta verificar se os egressos est\u00e3o atuando na \u00e1rea de forma\u00e7\u00e3o, pois falar de profiss\u00f5es no mercado de trabalho, na economia brasileira, \u00e9 algo peculiar, pois se sabe que muitas \u00e1reas de trabalho est\u00e3o em ascens\u00e3o, assim como outras, em decl\u00ednio. Neste sentido entende-se que o profissional em Turismo no Brasil, est\u00e1 come\u00e7ando ocupar seu espa\u00e7o no mercado de trabalho, nos setores p\u00fablicos e privados. Investigar a atua\u00e7\u00e3o dos egressos no mercado de trabalho na \u00e1rea de turismo nos anos de 2011 a\u00a02014.<\/p>\n<p>O trabalho para a cria\u00e7\u00e3o do projeto do curso de Turismo, deu-se in\u00edcio no ano de 2002 e no ano de 2003 foi colocado em pr\u00e1tica o curso com a primeira turma de 40 alunos. O curso teve o reconhecimento no ano de 2006 pelo Decreto n\u00ba. 7711, do Governo do Estado do Paran\u00e1. De acordo com o Projeto Pedag\u00f3gico do curso, a cria\u00e7\u00e3o no\u00a0<em>Campus<\/em>\u00a0Universit\u00e1rio de Irati- UNICENTRO teve como justificativa pelas caracter\u00edsticas regionais pr\u00f3prias ao desenvolvimento do turismo ecol\u00f3gico, rural, cultural e pela necessidade de incentivos ao desenvolvimento sustent\u00e1vel dos munic\u00edpios que integram a regi\u00e3o de abrang\u00eancia da Universidade.<\/p>\n<p><strong>Coordenadora: <\/strong>Elieti Fatima de Goveia<\/p>\n<p>&nbsp;<\/p>\n<hr \/>\n<p><strong>2012 \u2013 2014 Inova\u00e7\u00f5es sustent\u00e1veis na hotelaria<\/strong><\/p>\n<p style=\"text-align: justify\">O projeto teve como objetivo compreender, por meio de uma pesquisa te\u00f3rica, de que forma as inova\u00e7\u00f5es sustent\u00e1veis podem ser aplicadas ao setor tur\u00edstico. J\u00e1 os objetivos espec\u00edficos s\u00e3o: definir, a partir dos diversos conceitos existentes o que s\u00e3o inova\u00e7\u00f5es sustent\u00e1veis; verificar de que forma essas inova\u00e7\u00f5es podem ser aplicadas em uma empresa ligada ao setor de servi\u00e7os; e levantar quais inova\u00e7\u00f5es sustent\u00e1veis j\u00e1 tem sido implementadas dentro do contexto hoteleiro.<\/p>\n<p><strong>Coordenadora: <\/strong>Vanessa de Oliveira Menezes<\/p>\n<p><strong>\u00a0<\/strong><\/p>\n<hr \/>\n<p style=\"text-align: justify\"><strong>2011 \u2013 2013<\/strong><strong> &#8211; A aplica\u00e7\u00e3o dos \u00cdndices de Representa\u00e7\u00e3o do Relevo como vari\u00e1vel no planejamento ambiental de unidades de conserva\u00e7\u00e3o: estudo de caso Floresta Nacional de Irati.<\/strong><\/p>\n<p style=\"text-align: justify\">A problem\u00e1tica ambiental, resultante da utiliza\u00e7\u00e3o indiscriminada dos recursos e do lan\u00e7amento inadequado de diferentes tipos de res\u00edduos no ambiente,\u00a0 demonstrou a necessidade de a\u00e7\u00f5es conservacionistas,\u00a0 como a cria\u00e7\u00e3o de \u00e1reas protegidas. No entanto,\u00a0 faz-se\u00a0 necess\u00e1rio\u00a0 um\u00a0 planejamento\u00a0 efetivo\u00a0 para\u00a0 assegurar\u00a0 o\u00a0 prop\u00f3sito destas\u00a0 \u00e1reas,\u00a0 elencando\u00a0 em\u00a0 suas\u00a0 an\u00e1lises\u00a0 vari\u00e1veis\u00a0 biof\u00edsicas\u00a0 que\u00a0 favore\u00e7am\u00a0 o entendimento\u00a0 de\u00a0 sua\u00a0 din\u00e2mica\u00a0 natural.\u00a0 Neste\u00a0 contexto,\u00a0 a\u00a0 presente\u00a0 pesquisa\u00a0 tem como objetivo identificar a aplica\u00e7\u00e3o dos \u00cdndices de Representa\u00e7\u00e3o do Relevo neste processo.\u00a0 Os\u00a0 atributos\u00a0 processados\u00a0 reportam-se\u00a0 a\u00a0 informa\u00e7\u00f5es\u00a0 relacionadas\u00a0 a geomorfologia,\u00a0 as\u00a0 caracter\u00edsticas\u00a0 das\u00a0 vertentes\u00a0 e\u00a0 par\u00e2metros\u00a0 pedol\u00f3gicos.\u00a0 Assim, constatou-se\u00a0 por\u00a0 meio\u00a0 do\u00a0 processamento\u00a0 da\u00a0 Altitude\u00a0 em\u00a0 Rela\u00e7\u00e3o\u00a0 ao\u00a0 Canal\u00a0 de Drenagem\u00a0 (Altitude\u00a0 Above\u00a0 Channel\u00a0 Network),\u00a0 do\u00a0 Potencial\u00a0 de\u00a0 Eros\u00e3o\u00a0 e Sedimenta\u00e7\u00e3o\u00a0 (Multiresolution\u00a0 Index\u00a0 of\u00a0 Valley\u00a0 Bottom\u00a0 Flatness),\u00a0 da Declividade(Slope),\u00a0 da\u00a0 Rela\u00e7\u00e3o\u00a0 do\u00a0 Comprimento\u00a0 de\u00a0 Rampa\u00a0 e\u00a0 Declividade\u00a0 (LS\u00a0 \u2013 Factor)\u00a0 e do \u00cdndice\u00a0 de\u00a0 Umidade\u00a0 (Wetness Index)\u00a0 a\u00a0 possibilidade\u00a0 de\u00a0 se\u00a0 obter dados relacionados\u00a0 a\u00a0 vulnerabilidade\u00a0 ambiental\u00a0 e\u00a0 \u00e0\u00a0 pedologia,\u00a0 contribuindo\u00a0 tanto\u00a0 no processo\u00a0 de\u00a0 zoneamento\u00a0 da\u00a0 unidade\u00a0 quanto\u00a0 no\u00a0 refinamento\u00a0 de\u00a0 informa\u00e7\u00f5es pedol\u00f3gicas\u00a0 e\u00a0 na\u00a0 classifica\u00e7\u00e3o\u00a0 dos\u00a0 solos.\u00a0 Esta\u00a0 pesquisa\u00a0 realizou-se\u00a0 na\u00a0 Floresta Nacional,\u00a0 FLONA,\u00a0 de Irati,\u00a0 unidade\u00a0 de\u00a0 conserva\u00e7\u00e3o\u00a0 de\u00a0 uso\u00a0 sustent\u00e1vel,\u00a0 a \u00a0qual\u00a0 se encontra desprovida de Plano de Manejo. Desta feita, estas informa\u00e7\u00f5es mostram-se relevantes \u00e0s tomadas de decis\u00e3o relacionadas ao seu planejamento e manejo.<\/p>\n<p><strong>Coordenador: <\/strong>Ronaldo Ferreira Maganhotto<\/p>\n<p><strong>\u00a0<\/strong><\/p>\n<hr \/>\n<p><strong>2009 \u2013 2011<\/strong><strong> &#8211; A identifica\u00e7\u00e3o do potencial tur\u00edstico em unidades de conserva\u00e7\u00e3o tendo como base sua fragilidade f\u00edsica ambiental &#8211; estudo de caso Floresta Nacional de Irati\u00a0<\/strong><\/p>\n<p style=\"text-align: justify\">Diante da demanda tur\u00edstica por \u00e1reas naturais evidencia-se a necessidade de medidas integradas de planejamento. Assim, o planejamento tur\u00edstico em unidades de conserva\u00e7\u00e3o deve estar pautado nas caracter\u00edsticas biof\u00edsicas. Neste sentido, esta pesquisa teve como objetivo identificar a potencialidade tur\u00edstica da FLONA de Irati baseando-se em sua Fragilidade F\u00edsica Ambiental. Desta feita, verificou-se que em torno de 60% da FLONA de Irati apresentou uma Fragilidade Baixa n\u00e3o apresentando nenhuma restri\u00e7\u00e3o ao uso tur\u00edstico, pois estas atividades devem priorizar a preserva\u00e7\u00e3o e conserva\u00e7\u00e3o ambiental.<\/p>\n<p style=\"text-align: justify\"><strong>Coordenador: <\/strong>Ronaldo Ferreira Maganhotto<\/p>\n<p><strong>\u00a0<\/strong><\/p>\n<hr \/>\n<p><strong>2008-2011 Planejamento tur\u00edstico municipal em Irati e Prudent\u00f3polis: cultura como atrativo\u00a0<\/strong><\/p>\n<p>A pesquisa tratou do planejamento tur\u00edstico municipal em Irati\/Pr e em Prudent\u00f3polis\/Pr, especialmente no que diz respeito \u00e0s especificidades da cultura como atrativo tur\u00edstico dessas duas cidades.<\/p>\n<p>Situa\u00e7\u00e3o: Conclu\u00eddo; Natureza: Pesquisa.<\/p>\n<p><strong>Coordenador: <\/strong>Poliana Fab\u00edula Cardozo<\/p>\n<p>N\u00famero de produ\u00e7\u00f5es C, T &amp; A: 7 \/ N\u00famero de orienta\u00e7\u00f5es: 4<\/p>\n<p>&nbsp;<\/p>\n<hr \/>\n<p><strong>2008-2009 Avalia\u00e7\u00e3o de potencial tur\u00edstico do Parque Ambiental da Pedreira, Rio Azul-PR\u00a0<\/strong><\/p>\n<p style=\"text-align: justify\">Planejar \u00e9 imprescind\u00edvel, mas antes de atentar para a elabora\u00e7\u00e3o de documentos do planejamento, faz-se necess\u00e1rio o conhecimento em profundidade da realidade (diagnostica\u00e7\u00e3o) sob a qual se debru\u00e7a o planejador e sua equipe. Para tal a realiza\u00e7\u00e3o de invent\u00e1rio da oferta, sua avalia\u00e7\u00e3o e hierarquiza\u00e7\u00e3o, bem com conhecimento da demanda s\u00e3o passos importantes e imprescind\u00edveis para o diagn\u00f3stico de sucesso. Assim sendo, avaliar e hierarquizar atrativos, para melhor ordenar as a\u00e7\u00f5es de planejamento (tanto em n\u00edvel estrat\u00e9gico, como t\u00e1tico e operacional), torna-se imperativo para seguir com metodologias eficientes do planejamento. O que se pretende neste projeto \u00e9 a hierarquiza\u00e7\u00e3o dos atrativos tur\u00edsticos da cidade de Irati, Pr, da seguinte forma: Objetivo geral: realizar a avalia\u00e7\u00e3o de potencial tur\u00edstico do Parque Ambiental Municipal Salto da Pedreira, Rio Azul Pr. Objetivos espec\u00edficos: An\u00e1lise do Invent\u00e1rio Tur\u00edstico Municipal (ITM); e Aplica\u00e7\u00e3o de metodologia de avalia\u00e7\u00e3o de potencial da Secretaria de Estado de Turismo do Paran\u00e1..<\/p>\n<p style=\"text-align: justify\">Situa\u00e7\u00e3o: Conclu\u00eddo; Natureza: Pesquisa.<\/p>\n<p style=\"text-align: justify\">Alunos envolvidos: Gradua\u00e7\u00e3o: (1) .<\/p>\n<p style=\"text-align: justify\"><strong>Coordenadora<\/strong>: Poliana Fab\u00edula Cardozo<\/p>\n<p><strong>\u00a0<\/strong><\/p>\n<hr \/>\n<p><strong>2007 \u2013 2009<\/strong><strong> &#8211; An\u00e1lise da Fragilidade F\u00edsica Ambiental Como Suporte ao Planejamento do Ecoturismo em Unidades de Conserva\u00e7\u00e3o: Estudo de Caso Floresta Nacional de Irati<\/strong><\/p>\n<p style=\"text-align: justify\">Uma s\u00e9rie de fatores, como o crescimento demogr\u00e1fico desordenado, a industrializa\u00e7\u00e3o e a explora\u00e7\u00e3o dos recursos naturais, entre outros, t\u00eam influenciado negativamente na salubridade ambiental. As unidades de conserva\u00e7\u00e3o est\u00e3o inseridas nesse cen\u00e1rio como agentes reguladores da utiliza\u00e7\u00e3o irracional da natureza e como instrumento de educa\u00e7\u00e3o ambiental a partir de atividades recreativas. No entanto, grande parte dessas \u00e1reas apresenta aus\u00eancia ou defici\u00eancias quanto ao seu plano de manejo. Nesse contexto, o levantamento da fragilidade f\u00edsica ambiental da Floresta Nacional (FLONA) de Irati, PR, objetivo deste trabalho, poder\u00e1 auxiliar na atualiza\u00e7\u00e3o do plano de manejo, assim como no planejamento e gest\u00e3o da unidade. A metodologia de Ross (1994)\u00a0 orientou o desenvolvimento da pesquisa e identificou quatro classes de fragilidade, sendo predominante a classe de fragilidade baixa, que ocupa cerca de 60% da \u00e1rea. No\u00a0 entanto, as classes de fragilidade alta e muito alta requerem uma maior aten\u00e7\u00e3o, j\u00e1 que a unidade configura-se como de uso sustent\u00e1vel, fato que regulamenta a utiliza\u00e7\u00e3o direta da natureza. Al\u00e9m disso, tais informa\u00e7\u00f5es poder\u00e3o auxiliar no planejamento tur\u00edstico, dando subs\u00eddio \u00e0 implanta\u00e7\u00e3o do ecoturismo, de trilhas e de demais a\u00e7\u00f5es que dever\u00e3o ser direcionadas para as classes de menor fragilidade.<\/p>\n<p style=\"text-align: justify\"><strong>Coordenador: <\/strong>Ronaldo Ferreira Maganhotto<\/p>\n<p>[\/vc_column_text][\/vc_column][\/vc_row]<\/p>\n<\/div>","protected":false},"excerpt":{"rendered":"<p>[vc_row][vc_column][vc_column_text css=&#8221;&#8221;] PROJETOS VIGENTES 2017 An\u00e1lise da promo\u00e7\u00e3o tur\u00edstica do patrim\u00f4nio cultural de Curitiba e Foz do Igua\u00e7u atrav\u00e9s de seus websites e redes sociais Situa\u00e7\u00e3o: Em andamento; Natureza: Pesquisa. Alunos envolvidos: Gradua\u00e7\u00e3o: ( \u00a0) \/ Mestrado acad\u00eamico: ( \u00a0) \/ Doutorado: ( \u00a0) . Integrantes: Poliana Fab\u00edula Cardozo &#8211; Coordenador Financiador(es):\u00a0Minist\u00e9rio da Ci\u00eancia e [&hellip;]<\/p>\n","protected":false},"author":3,"featured_media":0,"parent":46,"menu_order":0,"comment_status":"closed","ping_status":"closed","template":"","meta":{"_exactmetrics_skip_tracking":false,"_exactmetrics_sitenote_active":false,"_exactmetrics_sitenote_note":"","_exactmetrics_sitenote_category":0,"footnotes":"","_links_to":"","_links_to_target":""},"class_list":["post-18","page","type-page","status-publish","hentry"],"_links":{"self":[{"href":"https:\/\/www3.unicentro.br\/detur\/wp-json\/wp\/v2\/pages\/18","targetHints":{"allow":["GET"]}}],"collection":[{"href":"https:\/\/www3.unicentro.br\/detur\/wp-json\/wp\/v2\/pages"}],"about":[{"href":"https:\/\/www3.unicentro.br\/detur\/wp-json\/wp\/v2\/types\/page"}],"author":[{"embeddable":true,"href":"https:\/\/www3.unicentro.br\/detur\/wp-json\/wp\/v2\/users\/3"}],"replies":[{"embeddable":true,"href":"https:\/\/www3.unicentro.br\/detur\/wp-json\/wp\/v2\/comments?post=18"}],"version-history":[{"count":2,"href":"https:\/\/www3.unicentro.br\/detur\/wp-json\/wp\/v2\/pages\/18\/revisions"}],"predecessor-version":[{"id":124,"href":"https:\/\/www3.unicentro.br\/detur\/wp-json\/wp\/v2\/pages\/18\/revisions\/124"}],"up":[{"embeddable":true,"href":"https:\/\/www3.unicentro.br\/detur\/wp-json\/wp\/v2\/pages\/46"}],"wp:attachment":[{"href":"https:\/\/www3.unicentro.br\/detur\/wp-json\/wp\/v2\/media?parent=18"}],"curies":[{"name":"wp","href":"https:\/\/api.w.org\/{rel}","templated":true}]}}