{"id":17,"date":"2014-09-15T00:00:00","date_gmt":"2014-09-15T03:00:00","guid":{"rendered":"https:\/\/www3.unicentro.br\/detur\/professores\/"},"modified":"2025-08-25T08:46:52","modified_gmt":"2025-08-25T11:46:52","slug":"professores","status":"publish","type":"page","link":"https:\/\/www3.unicentro.br\/detur\/o-curso\/professores\/","title":{"rendered":"Corpo Docente"},"content":{"rendered":"<div class=\"wpb-content-wrapper\"><p>[vc_row][vc_column][vc_column_text css=&#8221;&#8221;]<\/p>\n<table style=\"height: 1551px;width: 1000%\" width=\"1000%\">\n<tbody>\n<tr>\n<td style=\"text-align: left;width: 52.7293%\"><strong><span style=\"font-size: 14pt\"><span style=\"font-family: 'andale mono', times;color: #000080\">\u00a0<span style=\"color: #003366\">NOME<\/span><\/span><\/span><\/strong><\/td>\n<td style=\"text-align: left;width: 25.4367%\"><strong><span style=\"font-size: 14pt\"><span style=\"color: #003366\"><span style=\"font-family: 'andale mono', times\">CONTATO\u00a0<\/span><\/span><\/span><\/strong><\/td>\n<td style=\"text-align: center;width: 20.6332%\"><\/td>\n<\/tr>\n<tr>\n<td style=\"width: 52.7293%\"><strong>Diego Geovan dos Reis\u00a0<\/strong><\/p>\n<p><strong>Doutorado em Geografia &#8211; Interpreta\u00e7\u00e3o do Patrim\u00f4nio Geol\u00f3gico e o ensino de Geoci\u00eancias<\/strong><\/p>\n<p><strong><span style=\"font-size: 10pt\"><a href=\"http:\/\/lattes.cnpq.br\/3056063844056442\"><span style=\"color: #0000ff\"><em>http:\/\/lattes.cnpq.br\/3056063844056442<\/em><\/span><\/a><\/span><\/strong><\/td>\n<td style=\"width: 25.4367%\"><strong>diego.gdosreis@gmail.com<\/strong><\/td>\n<td style=\"width: 20.6332%\"><strong><img loading=\"lazy\" decoding=\"async\" class=\"alignnone size-full\" src=\"https:\/\/www3.unicentro.br\/detur\/wp-content\/uploads\/sites\/130\/2025\/04\/Diego-Geovan-dos-Reis.jpg\" width=\"262\" height=\"345\" \/><\/strong><\/td>\n<\/tr>\n<tr>\n<td style=\"width: 52.7293%\"><strong>Diogo L\u00fcders Fernandes\u00a0<\/strong><\/p>\n<p><strong>Interpreta\u00e7\u00e3o do Patrim\u00f4nio Geol\u00f3gico e o ensino de Geoci\u00eancias<\/strong><\/p>\n<p><strong><span style=\"font-size: 10pt\"><a href=\"http:\/\/lattes.cnpq.br\/7468055592844265\"><span style=\"color: #0000ff\"><em>http:\/\/lattes.cnpq.br\/7468055592844265<\/em><\/span><\/a><\/span><\/strong><\/td>\n<td style=\"width: 25.4367%\"><strong>diggtur@yahoo.com.br<\/strong><\/td>\n<td style=\"width: 20.6332%\"><strong><img loading=\"lazy\" decoding=\"async\" class=\"alignnone size-full\" src=\"https:\/\/www.unicentro.br\/docentes\/detur\/02598.jpg\" width=\"262\" height=\"345\" \/><\/strong><\/td>\n<\/tr>\n<tr>\n<td style=\"width: 52.7293%\"><strong>Elieti F\u00e1tima de Goveia<\/strong><\/p>\n<p><strong>Economia<\/strong><\/p>\n<p><strong><span style=\"font-size: 10pt\"><a href=\"http:\/\/lattes.cnpq.br\/4636495649124472\"><span style=\"color: #0000ff\"><em>http:\/\/lattes.cnpq.br\/4636495649124472<\/em><\/span><\/a><\/span><\/strong><\/td>\n<td style=\"width: 25.4367%\"><strong>elietigoveia27@hotmail.com<\/strong><\/td>\n<td style=\"width: 20.6332%\"><strong><img loading=\"lazy\" decoding=\"async\" class=\"alignnone size-full\" src=\"https:\/\/www3.unicentro.br\/wp-content\/uploads\/2016\/12\/ELIETI-FATIMA-DE-GOVEIA.jpg\" width=\"262\" height=\"345\" \/><\/strong><\/td>\n<\/tr>\n<tr>\n<td style=\"width: 52.7293%\"><strong>Lucas Antoszczyszyn<\/strong><\/p>\n<p>Doutorando em Educa\u00e7\u00e3o \u2013 PPGE Unicentro;<\/p>\n<p><span style=\"font-size: 10pt\"><em><a href=\"http:\/\/lattes.cnpq.br\/0965714633742241\">http:\/\/lattes.cnpq.br\/0965714633742241<\/a><\/em><\/span><\/td>\n<td style=\"width: 25.4367%\">maycon@unicentro.br<\/td>\n<td style=\"text-align: center;width: 20.6332%\">\n<div class=\"wp-block-image\"><img loading=\"lazy\" decoding=\"async\" class=\"wpa-warning wpa-image-missing-alt alignnone wp-image-91 \" src=\"https:\/\/www3.unicentro.br\/detur\/wp-content\/uploads\/sites\/130\/2025\/08\/lucas.jpg\" alt=\"Maycon Luiz Tchmolo\" width=\"213\" height=\"280\" data-warning=\"Missing alt text\" \/><\/div>\n<\/td>\n<\/tr>\n<tr>\n<td style=\"width: 52.7293%\"><strong>Maycon Luiz Tchmolo<\/strong><\/p>\n<p>Doutorando no Programa de P\u00f3s-Gradua\u00e7\u00e3o Interdisciplinar em Desenvolvimento Comunit\u00e1rio<\/p>\n<p><span style=\"font-size: 10pt\"><em><a href=\"http:\/\/lattes.cnpq.br\/5978650135981957\">http:\/\/lattes.cnpq.br\/5978650135981957<\/a><\/em><\/span><\/td>\n<td style=\"width: 25.4367%\">maycon@unicentro.br<\/td>\n<td style=\"text-align: center;width: 20.6332%\">\n<div class=\"wp-block-image\"><img loading=\"lazy\" decoding=\"async\" class=\"wpa-warning wpa-image-missing-alt alignnone wp-image-91 \" src=\"https:\/\/www3.unicentro.br\/detur\/wp-content\/uploads\/sites\/130\/2024\/05\/WhatsApp-Image-2024-05-21-at-15.42.13.jpeg\" alt=\"Maycon Luiz Tchmolo\" width=\"213\" height=\"280\" data-warning=\"Missing alt text\" srcset=\"https:\/\/www3.unicentro.br\/detur\/wp-content\/uploads\/sites\/130\/2024\/05\/WhatsApp-Image-2024-05-21-at-15.42.13.jpeg 911w, https:\/\/www3.unicentro.br\/detur\/wp-content\/uploads\/sites\/130\/2024\/05\/WhatsApp-Image-2024-05-21-at-15.42.13-768x1012.jpeg 768w, https:\/\/www3.unicentro.br\/detur\/wp-content\/uploads\/sites\/130\/2024\/05\/WhatsApp-Image-2024-05-21-at-15.42.13-255x336.jpeg 255w\" sizes=\"auto, (max-width: 213px) 100vw, 213px\" \/><\/div>\n<\/td>\n<\/tr>\n<tr>\n<td style=\"width: 52.7293%\"><strong>Paula Turra Grechinski<\/strong><\/p>\n<p>Doutorado em Meio Ambiente e Desenvolvimento<\/p>\n<p><span style=\"font-size: 10pt;color: #0000ff\"><em><strong>\u00a0<\/strong><a href=\"http:\/\/lattes.cnpq.br\/7505469478431744\"><span style=\"color: #0000ff\">http:\/\/lattes.cnpq.br\/7505469478431744<\/span><\/a><\/em><\/span><\/td>\n<td style=\"width: 25.4367%\">paula.turismo@unicentro.br<\/td>\n<td style=\"text-align: center;width: 20.6332%\"><img loading=\"lazy\" decoding=\"async\" class=\"alignnone size-full\" src=\"https:\/\/www.unicentro.br\/docentes\/detur\/04199.jpg\" width=\"262\" height=\"345\" \/><\/td>\n<\/tr>\n<tr>\n<td style=\"width: 52.7293%\"><strong>Patrycia Fonseca<\/strong><\/p>\n<p>Especializa\u00e7\u00e3o em Comunica\u00e7\u00e3o Empresarial e Institucional<\/p>\n<p><a href=\"http:\/\/lattes.cnpq.br\/7643830943756102\"><span style=\"font-size: 10pt\">http:\/\/lattes.cnpq.br\/7643830943756102<\/span><\/a><\/td>\n<td style=\"width: 25.4367%\">patryciafonseca@unicentro.br<\/td>\n<td style=\"text-align: center;width: 20.6332%\">\n<div class=\"wp-block-image\"><img loading=\"lazy\" decoding=\"async\" class=\"wpa-warning wpa-image-missing-alt aligncenter wp-image-102\" src=\"https:\/\/www3.unicentro.br\/detur\/wp-content\/uploads\/sites\/130\/2024\/08\/1669222993925.jpeg\" alt=\"\" width=\"345\" height=\"345\" data-warning=\"Missing alt text\" srcset=\"https:\/\/www3.unicentro.br\/detur\/wp-content\/uploads\/sites\/130\/2024\/08\/1669222993925.jpeg 800w, https:\/\/www3.unicentro.br\/detur\/wp-content\/uploads\/sites\/130\/2024\/08\/1669222993925-768x768.jpeg 768w, https:\/\/www3.unicentro.br\/detur\/wp-content\/uploads\/sites\/130\/2024\/08\/1669222993925-50x50.jpeg 50w, https:\/\/www3.unicentro.br\/detur\/wp-content\/uploads\/sites\/130\/2024\/08\/1669222993925-80x80.jpeg 80w, https:\/\/www3.unicentro.br\/detur\/wp-content\/uploads\/sites\/130\/2024\/08\/1669222993925-263x263.jpeg 263w, https:\/\/www3.unicentro.br\/detur\/wp-content\/uploads\/sites\/130\/2024\/08\/1669222993925-100x100.jpeg 100w, https:\/\/www3.unicentro.br\/detur\/wp-content\/uploads\/sites\/130\/2024\/08\/1669222993925-526x526.jpeg 526w, https:\/\/www3.unicentro.br\/detur\/wp-content\/uploads\/sites\/130\/2024\/08\/1669222993925-255x255.jpeg 255w\" sizes=\"auto, (max-width: 345px) 100vw, 345px\" \/><\/div>\n<\/td>\n<\/tr>\n<tr>\n<td style=\"width: 52.7293%\"><strong style=\"font-family: inherit;font-size: inherit\">Ronaldo Ferreira Maganhotto<\/strong><\/p>\n<p>Turismo em \u00e1reas naturais; Planejamento ambiental e geoprocessamento<\/p>\n<p><span style=\"font-size: 10pt\"><a href=\"http:\/\/lattes.cnpq.br\/4031550783871062\"><span style=\"color: #0000ff\"><em>http:\/\/lattes.cnpq.br\/4031550783871062<\/em><\/span><\/a><\/span><\/td>\n<td style=\"width: 25.4367%\">ronaldomaganhotto@gmail.com<\/td>\n<td style=\"text-align: center;width: 20.6332%\"><img loading=\"lazy\" decoding=\"async\" class=\"alignnone size-full\" src=\"https:\/\/www.unicentro.br\/docentes\/detur\/02616.jpg\" width=\"262\" height=\"345\" \/><\/td>\n<\/tr>\n<\/tbody>\n<\/table>\n<p>[\/vc_column_text][\/vc_column][\/vc_row]<\/p>\n<\/div>","protected":false},"excerpt":{"rendered":"<p>[vc_row][vc_column][vc_column_text css=&#8221;&#8221;] \u00a0NOME CONTATO\u00a0 Diego Geovan dos Reis\u00a0 Doutorado em Geografia &#8211; Interpreta\u00e7\u00e3o do Patrim\u00f4nio Geol\u00f3gico e o ensino de Geoci\u00eancias http:\/\/lattes.cnpq.br\/3056063844056442 diego.gdosreis@gmail.com Diogo L\u00fcders Fernandes\u00a0 Interpreta\u00e7\u00e3o do Patrim\u00f4nio Geol\u00f3gico e o ensino de Geoci\u00eancias http:\/\/lattes.cnpq.br\/7468055592844265 diggtur@yahoo.com.br Elieti F\u00e1tima de Goveia Economia http:\/\/lattes.cnpq.br\/4636495649124472 elietigoveia27@hotmail.com Lucas Antoszczyszyn Doutorando em Educa\u00e7\u00e3o \u2013 PPGE Unicentro; http:\/\/lattes.cnpq.br\/0965714633742241 maycon@unicentro.br Maycon [&hellip;]<\/p>\n","protected":false},"author":3,"featured_media":0,"parent":45,"menu_order":0,"comment_status":"closed","ping_status":"closed","template":"","meta":{"_exactmetrics_skip_tracking":false,"_exactmetrics_sitenote_active":false,"_exactmetrics_sitenote_note":"","_exactmetrics_sitenote_category":0,"footnotes":"","_links_to":"","_links_to_target":""},"class_list":["post-17","page","type-page","status-publish","hentry"],"_links":{"self":[{"href":"https:\/\/www3.unicentro.br\/detur\/wp-json\/wp\/v2\/pages\/17","targetHints":{"allow":["GET"]}}],"collection":[{"href":"https:\/\/www3.unicentro.br\/detur\/wp-json\/wp\/v2\/pages"}],"about":[{"href":"https:\/\/www3.unicentro.br\/detur\/wp-json\/wp\/v2\/types\/page"}],"author":[{"embeddable":true,"href":"https:\/\/www3.unicentro.br\/detur\/wp-json\/wp\/v2\/users\/3"}],"replies":[{"embeddable":true,"href":"https:\/\/www3.unicentro.br\/detur\/wp-json\/wp\/v2\/comments?post=17"}],"version-history":[{"count":3,"href":"https:\/\/www3.unicentro.br\/detur\/wp-json\/wp\/v2\/pages\/17\/revisions"}],"predecessor-version":[{"id":116,"href":"https:\/\/www3.unicentro.br\/detur\/wp-json\/wp\/v2\/pages\/17\/revisions\/116"}],"up":[{"embeddable":true,"href":"https:\/\/www3.unicentro.br\/detur\/wp-json\/wp\/v2\/pages\/45"}],"wp:attachment":[{"href":"https:\/\/www3.unicentro.br\/detur\/wp-json\/wp\/v2\/media?parent=17"}],"curies":[{"name":"wp","href":"https:\/\/api.w.org\/{rel}","templated":true}]}}