{"id":231,"date":"2020-11-02T14:31:43","date_gmt":"2020-11-02T17:31:43","guid":{"rendered":"https:\/\/www3.unicentro.br\/deart\/?page_id=231"},"modified":"2021-06-02T20:54:51","modified_gmt":"2021-06-02T23:54:51","slug":"licenciatura-em-arte-ead","status":"publish","type":"page","link":"https:\/\/www3.unicentro.br\/deart\/licenciatura-em-arte-ead\/","title":{"rendered":"Licenciatura em Arte EAD"},"content":{"rendered":"<p style=\"text-align: justify\"><b>O curso de Licenciatura em Arte tem por objetivo formar profissionais da educa\u00e7\u00e3o para atuar na doc\u00eancia da Educa\u00e7\u00e3o Infantil, nos Anos Iniciais do Ensino Fundamental, nos Cursos de Ensino M\u00e9dio, na modalidade Normal, e em cursos de Educa\u00e7\u00e3o Profissional e da Gest\u00e3o Educacional, bem como na produ\u00e7\u00e3o e difus\u00e3o do conhecimento em educa\u00e7\u00e3o.\u00a0<\/b><\/p>\n<p>&nbsp;<\/p>\n<p><a href=\"https:\/\/ead.unicentro.br\/graduacao\/arte\/\"><b>https:\/\/ead.unicentro.br\/graduacao\/arte<\/b><\/a><\/p>\n","protected":false},"excerpt":{"rendered":"<p>O curso de Licenciatura em Arte tem por objetivo formar profissionais da educa\u00e7\u00e3o para atuar na doc\u00eancia da Educa\u00e7\u00e3o Infantil, nos Anos Iniciais do Ensino Fundamental, nos Cursos de Ensino M\u00e9dio, na modalidade Normal, e em cursos de Educa\u00e7\u00e3o Profissional e da Gest\u00e3o Educacional, bem como na produ\u00e7\u00e3o e difus\u00e3o do conhecimento em educa\u00e7\u00e3o.\u00a0 &nbsp; [&hellip;]<\/p>\n","protected":false},"author":266,"featured_media":0,"parent":0,"menu_order":0,"comment_status":"closed","ping_status":"closed","template":"","meta":{"_exactmetrics_skip_tracking":false,"_exactmetrics_sitenote_active":false,"_exactmetrics_sitenote_note":"","_exactmetrics_sitenote_category":0,"footnotes":"","_links_to":"","_links_to_target":""},"class_list":["post-231","page","type-page","status-publish","hentry"],"_links":{"self":[{"href":"https:\/\/www3.unicentro.br\/deart\/wp-json\/wp\/v2\/pages\/231","targetHints":{"allow":["GET"]}}],"collection":[{"href":"https:\/\/www3.unicentro.br\/deart\/wp-json\/wp\/v2\/pages"}],"about":[{"href":"https:\/\/www3.unicentro.br\/deart\/wp-json\/wp\/v2\/types\/page"}],"author":[{"embeddable":true,"href":"https:\/\/www3.unicentro.br\/deart\/wp-json\/wp\/v2\/users\/266"}],"replies":[{"embeddable":true,"href":"https:\/\/www3.unicentro.br\/deart\/wp-json\/wp\/v2\/comments?post=231"}],"version-history":[{"count":0,"href":"https:\/\/www3.unicentro.br\/deart\/wp-json\/wp\/v2\/pages\/231\/revisions"}],"wp:attachment":[{"href":"https:\/\/www3.unicentro.br\/deart\/wp-json\/wp\/v2\/media?parent=231"}],"curies":[{"name":"wp","href":"https:\/\/api.w.org\/{rel}","templated":true}]}}